{"id":4082,"date":"2020-10-21T16:04:42","date_gmt":"2020-10-21T14:04:42","guid":{"rendered":"https:\/\/hijascaridad.sjdigitaldemo.ovh\/familia\/blogoslawiony-piotr-jerzy-frassati\/"},"modified":"2025-09-10T18:11:20","modified_gmt":"2025-09-10T16:11:20","slug":"swiety-piotr-jerzy-frassati","status":"publish","type":"familia","link":"https:\/\/filles-de-la-charite.org\/pl\/rodzina\/swiety-piotr-jerzy-frassati\/","title":{"rendered":"\u015awi\u0119ty Piotr Jerzy Frassati"},"content":{"rendered":"\n<p><strong>Piotr Jerzy (Pier Giorgio) Frassati by\u0142 m\u0142odym cz\u0142onkiem Stowarzyszenia \u015bw. Wincentego a Paulo. Zmar\u0142 w wieku 24 lat, zaraziwszy si\u0119 chorob\u0105 Heinego-Medina podczas s\u0142u\u017cenia Ubogim.<\/strong><\/p>\n\n\n\n<figure class=\"wp-block-table\"><table><tbody><tr><td><strong>1901, 6 kwietnia<\/strong><\/td><td>Narodziny w Turynie<\/td><\/tr><tr><td><strong>1918<\/strong><\/td><td>Wst\u0105pienie do Konferencji \u015bw. Wincentego a Paulo<\/td><\/tr><tr><td><strong>1922<\/strong><\/td><td>Porzucenie my\u015bli o kap\u0142a\u0144stwie<\/td><\/tr><tr><td><strong>1925<\/strong><\/td><td>Niedoko\u0144czone egzaminy na in\u017cyniera g\u00f3rnictwa<\/td><\/tr><tr><td><strong>1925, 29 czerwca<\/strong><\/td><td>Zara\u017cenie si\u0119 wirusem choroby Heinego-Medina<\/td><\/tr><tr><td><strong>1925, 4 lipca<\/strong><\/td><td>\u015amier\u0107<\/td><\/tr><tr><td><strong>1990, 20 maja<\/strong><\/td><td>Beatyfikowany przez papie\u017ca Jana Paw\u0142a II jako \u201ecz\u0142owiek B\u0142ogos\u0142awie\u0144stw\u201d<\/td><\/tr><tr><td><strong>2025, 7 sierpnia<\/strong><\/td><td>Kanonizowany przez Ojca \u015awi\u0119tego Leona XIV<\/td><\/tr><tr><td><strong>4 lipca<\/strong><\/td><td>Wspomnienie liturgiczne<\/td><\/tr><\/tbody><\/table><\/figure>\n\n\n\n<p>Piotr Jerzy Frassati urodzi\u0142 si\u0119 w Turynie 6 kwietnia 1901 w wysoko sytuowanej rodzinie Alfredo Frassatiego i Adelajdy Ametis, od kt\u00f3rych otrzyma\u0142 surowe wychowanie. Od wczesnych lat wykazywa\u0142 wielk\u0105 wra\u017cliwo\u015b\u0107 na ludzi ubogich i rozwija\u0142 wyj\u0105tkow\u0105 relacj\u0119 z Bogiem. <em>\u201eKa\u017cdego dnia Jezus nawiedza mnie w Komunii \u015bw., a ja id\u0119 do Niego ze skromn\u0105 rewizyt\u0105, odwiedzaj\u0105c Ubogich\u201d, <\/em>m\u00f3wi\u0142.<\/p>\n\n\n\n<p>W 1920 r. jego ojciec zosta\u0142 w\u0142oskim ambasadorem w Berlinie. W tamtym czasie Piotr Jerzy my\u015bla\u0142 o kap\u0142a\u0144stwie, jednak matka, kt\u00f3rej ambicje w stosunku do syna sz\u0142y w innym kierunku, przeciwstawi\u0142a si\u0119 jego planom. Tak wi\u0119c m\u0142odzieniec prze\u017cywa\u0142 swoj\u0105 wiar\u0119 w\u015br\u00f3d oboj\u0119tnych wobec niej najbli\u017cszych mu os\u00f3b. Zapisa\u0142 si\u0119 na politechnik\u0119 w Turynie, aby zosta\u0107 in\u017cynierem g\u00f3rnictwa. Zdecydowa\u0142 si\u0119 na te studia, by m\u00f3c by\u0107 w kontakcie z robotnikami, a jednocze\u015bnie aktywnie dzia\u0142a\u0142 w Federacji W\u0142oskich Uniwersytet\u00f3w Katolickich (FUCI: Federazione Universitaria Cattolica Italiana).<\/p>\n\n\n\n<p>W 1918 r. przy\u0142\u0105czy\u0142 si\u0119 do Konferencji \u015bw. Wincentego a Paulo, stowarzyszenia za\u0142o\u017conego przez Fryderyka Ozanama. Po rozmowie z Karlem Rahnerem ostatecznie porzuci\u0142 my\u015bl o kap\u0142a\u0144stwie. <em>\u201eMog\u0119 lepiej pom\u00f3c obywatelom mojego kraju za pomoc\u0105 wszelkich dost\u0119pnych \u015brodk\u00f3w i jako \u015bwiecki mog\u0119 do nich dotrze\u0107 bardziej, ni\u017c gdybym by\u0142 ksi\u0119dzem, gdy\u017c u nas \u2013 w przeciwie\u0144stwie do Niemiec \u2013 ksi\u0119\u017ca nie maja kontakt\u00f3w z ludem. Dobry przyk\u0142ad in\u017cyniera g\u00f3rnictwa mo\u017ce da\u0107 lepsze efekty\u201d.<\/em><\/p>\n\n\n\n<p>Piotr Jerzy wraz z grup\u0105 przyjaci\u00f3\u0142, utworzyli grup\u0119, kt\u00f3r\u0105 \u017cartobliwie nazywali \u201eTowarzystwo Ciemnych Typ\u00f3w\u201d. Organizowali wycieczki na szczyty Alp i na wy\u017cyny \u017cycia duchowego. Ide\u0119 przy\u015bwiecaj\u0105c\u0105 grupie stre\u015bci\u0142 w s\u0142owach: <em>\u201eNie wolno nam jako\u015b sobie radzi\u0107; my musimy \u017cy\u0107\u201d<\/em>. Zach\u0119ca\u0142 przyjaci\u00f3\u0142 do radosnego prze\u017cywania wiary. Do jednego z nich powiedzia\u0142 kiedy\u015b: <em>\u201eJedynie mi\u0142o\u015b\u0107 mo\u017ce by\u0107 celem ca\u0142ego \u017cycia. Mi\u0142o\u015b\u0107 jest celem, do kt\u00f3rego za \u0142ask\u0105 Bo\u017c\u0105 pragn\u0119 doj\u015b\u0107\u201d<\/em>. Szuka\u0142 sposob\u00f3w pokonywania swoich s\u0142abo\u015bci: <em>\u201eWalcz\u0119 o to, aby st\u0142umi\u0107 przesz\u0142o\u015b\u0107 i wszystko to, co by\u0142o w niej niew\u0142a\u015bciwe, by w ten spos\u00f3b osi\u0105gn\u0105\u0107 lepsze \u017cycie\u201d<\/em>. W 1925 r., w wieku 24 lat zostawi\u0142 wszystkie inne zaanga\u017cowania poza cz\u0142onkostwem w Konferencji \u015bw. Wincentego a Paulo.<\/p>\n\n\n\n<p>Dnia 29 czerwca 1925 r. wyst\u0105pi\u0142y u niego pierwsze objawy choroby Heinego-Medina. Okaza\u0142o si\u0119, \u017ce zarazi\u0142 si\u0119 wirusem polio odwiedzaj\u0105c pewnego Ubogiego w jego domu. W tym samym czasie babcia Piotra Jerzego by\u0142a w agonii, jednak on sam, cho\u0107 ju\u017c bardzo \u017ale si\u0119 czu\u0142, nie przypuszcza\u0142, \u017ce w\u0142a\u015bnie zarazi\u0142 si\u0119 chorob\u0105, kt\u00f3ra mia\u0142a odebra\u0107 mu \u017cycie w przeci\u0105gu kilku dni. Piotr Jerzy nie skar\u017cy\u0142 si\u0119.<\/p>\n\n\n\n<p>Nadszed\u0142 pi\u0105tek, 3 lipca, w pi\u0105tki zazwyczaj odwiedza\u0142 biednych. Pami\u0119ta\u0142 o nich i tym razem: <em>\u201eTo s\u0105 zastrzyki dla Sappy i pokwitowania z lombardu dla C., odn\u00f3w je na m\u00f3j rachunek\u201d<\/em> \u2013 napisa\u0142 z trudem na kartce i wr\u0119czy\u0142 siostrze z pro\u015bb\u0105, by przekaza\u0142a je koledze. Tego samego dnia postawiono diagnoz\u0119: zaawansowana choroba Heinego-Medina.<\/p>\n\n\n\n<p>Zmar\u0142 nazajutrz, w sobot\u0119 4 lipca 1925 r., sparali\u017cowany przez wirusa. Dopiero po jego \u015bmierci rodzina dowiedzia\u0142a si\u0119 o dzie\u0142ach mi\u0142osierdzia, kt\u00f3re pe\u0142ni\u0142. Nawet jego znajomi \u2013 poza \u015bcis\u0142ym gronem nale\u017c\u0105cym do Konferencji \u2013 nie byli \u015bwiadomi, jak wiele czyni\u0142 dla Ubogich. W\u015br\u00f3d tysi\u0119cy uczestnik\u00f3w pogrzebu Frassatiego by\u0142o wielu Ubogich Turynu, odprowadzaj\u0105cych go w procesji do ko\u015bcio\u0142a.<\/p>\n\n\n\n<p>\u015aw. Jan Pawe\u0142 II, ustanawiaj\u0105c \u015awiatowe Dni M\u0142odzie\u017cy w 1983 r., da\u0142 Piotra Jerzego Frassatiego m\u0142odym ludziom za wz\u00f3r \u015bwi\u0119to\u015bci.<\/p>\n\n\n\n<p>W dniu 7 wrze\u015bnia 2025, podczas Mszy \u015awi\u0119tej na Placu \u015awi\u0119tego Piotra w Rzymie Ojciec \u015awi\u0119ty Leon XIV w\u0142\u0105czy\u0142 do grona \u015bwi\u0119tych Pierre Giorgio Frassatiego<br>Podczas homilii Papie\u017c powiedzia\u0142: \u201ePierre Giorgio spotka\u0142 Pana poprzez szko\u0142\u0119 i grupy ko\u015bcielne i dawa\u0142 o Nim \u015bwiadectwo swoj\u0105 rado\u015bci\u0105 \u017cycia i bycia chrze\u015bcijaninem przez modlitw\u0119, przyja\u017a\u0144 i mi\u0142o\u015b\u0107. Do tego stopnia, \u017ce widz\u0105c Pier Giorgia kr\u0105\u017c\u0105cego po ulicach Turynu z w\u00f3zkami, pe\u0142nymi pomocy dla ubogich, przyjaciele nazwali go \u201eFrassati \u2013 Przedsi\u0119biorstwo Transportowe\u201d! Tak\u017ce dzisiaj \u017cycie Pier Giorgia jest \u015bwiat\u0142em dla duchowo\u015bci \u015bwieckiej. Dla niego wiara nie by\u0142a prywatn\u0105 pobo\u017cno\u015bci\u0105: pobudzany moc\u0105 Ewangelii i przynale\u017cno\u015bci\u0105 do stowarzysze\u0144 ko\u015bcielnych, wielkodusznie zaanga\u017cowa\u0142 si\u0119 w \u017cycie spo\u0142eczne, wni\u00f3s\u0142 sw\u00f3j wk\u0142ad w \u017cycie polityczne, z zapa\u0142em po\u015bwi\u0119ci\u0142 si\u0119 s\u0142u\u017cbie ubogim.\u201d<\/p>\n","protected":false},"featured_media":1104,"template":"","meta":{"_acf_changed":false,"_et_pb_use_builder":"","_et_pb_old_content":"","_et_gb_content_width":"","_links_to":"","_links_to_target":""},"origen":[],"class_list":["post-4082","familia","type-familia","status-publish","has-post-thumbnail","hentry"],"acf":[],"yoast_head":"<!-- This site is optimized with the Yoast SEO plugin v27.5 - https:\/\/yoast.com\/product\/yoast-seo-wordpress\/ -->\n<title>\u015awi\u0119ty Piotr Jerzy Frassati - Filles de la Charit\u00e9<\/title>\n<meta name=\"robots\" content=\"index, follow, max-snippet:-1, max-image-preview:large, max-video-preview:-1\" \/>\n<link rel=\"canonical\" href=\"https:\/\/filles-de-la-charite.org\/pl\/rodzina\/swiety-piotr-jerzy-frassati\/\" \/>\n<meta property=\"og:locale\" content=\"pl_PL\" \/>\n<meta property=\"og:type\" content=\"article\" \/>\n<meta property=\"og:title\" content=\"\u015awi\u0119ty Piotr Jerzy Frassati - Filles de la Charit\u00e9\" \/>\n<meta property=\"og:description\" content=\"Piotr Jerzy (Pier Giorgio) Frassati by\u0142 m\u0142odym cz\u0142onkiem Stowarzyszenia \u015bw. Wincentego a Paulo. Zmar\u0142 w wieku 24 lat, zaraziwszy si\u0119 chorob\u0105 Heinego-Medina podczas s\u0142u\u017cenia Ubogim. 1901, 6 kwietnia Narodziny w Turynie 1918 Wst\u0105pienie do Konferencji \u015bw. Wincentego a Paulo 1922 Porzucenie my\u015bli o kap\u0142a\u0144stwie 1925 Niedoko\u0144czone egzaminy na in\u017cyniera g\u00f3rnictwa 1925, 29 czerwca Zara\u017cenie si\u0119 [&hellip;]\" \/>\n<meta property=\"og:url\" content=\"https:\/\/filles-de-la-charite.org\/pl\/rodzina\/swiety-piotr-jerzy-frassati\/\" \/>\n<meta property=\"og:site_name\" content=\"Filles de la Charit\u00e9\" \/>\n<meta property=\"article:modified_time\" content=\"2025-09-10T16:11:20+00:00\" \/>\n<meta property=\"og:image\" content=\"https:\/\/filles-de-la-charite.org\/wp-content\/uploads\/2023\/04\/Pier-Giorgio-Frassati-1.png\" \/>\n\t<meta property=\"og:image:width\" content=\"285\" \/>\n\t<meta property=\"og:image:height\" content=\"333\" \/>\n\t<meta property=\"og:image:type\" content=\"image\/png\" \/>\n<meta name=\"twitter:card\" content=\"summary_large_image\" \/>\n<meta name=\"twitter:label1\" content=\"Szacowany czas czytania\" \/>\n\t<meta name=\"twitter:data1\" content=\"4 minuty\" \/>\n<script type=\"application\/ld+json\" class=\"yoast-schema-graph\">{\"@context\":\"https:\\\/\\\/schema.org\",\"@graph\":[{\"@type\":\"WebPage\",\"@id\":\"https:\\\/\\\/filles-de-la-charite.org\\\/pl\\\/rodzina\\\/swiety-piotr-jerzy-frassati\\\/\",\"url\":\"https:\\\/\\\/filles-de-la-charite.org\\\/pl\\\/rodzina\\\/swiety-piotr-jerzy-frassati\\\/\",\"name\":\"\u015awi\u0119ty Piotr Jerzy Frassati - Filles de la Charit\u00e9\",\"isPartOf\":{\"@id\":\"https:\\\/\\\/filles-de-la-charite.org\\\/pl\\\/#website\"},\"primaryImageOfPage\":{\"@id\":\"https:\\\/\\\/filles-de-la-charite.org\\\/pl\\\/rodzina\\\/swiety-piotr-jerzy-frassati\\\/#primaryimage\"},\"image\":{\"@id\":\"https:\\\/\\\/filles-de-la-charite.org\\\/pl\\\/rodzina\\\/swiety-piotr-jerzy-frassati\\\/#primaryimage\"},\"thumbnailUrl\":\"https:\\\/\\\/filles-de-la-charite.org\\\/wp-content\\\/uploads\\\/2023\\\/04\\\/Pier-Giorgio-Frassati-1.png\",\"datePublished\":\"2020-10-21T14:04:42+00:00\",\"dateModified\":\"2025-09-10T16:11:20+00:00\",\"breadcrumb\":{\"@id\":\"https:\\\/\\\/filles-de-la-charite.org\\\/pl\\\/rodzina\\\/swiety-piotr-jerzy-frassati\\\/#breadcrumb\"},\"inLanguage\":\"pl-PL\",\"potentialAction\":[{\"@type\":\"ReadAction\",\"target\":[\"https:\\\/\\\/filles-de-la-charite.org\\\/pl\\\/rodzina\\\/swiety-piotr-jerzy-frassati\\\/\"]}]},{\"@type\":\"ImageObject\",\"inLanguage\":\"pl-PL\",\"@id\":\"https:\\\/\\\/filles-de-la-charite.org\\\/pl\\\/rodzina\\\/swiety-piotr-jerzy-frassati\\\/#primaryimage\",\"url\":\"https:\\\/\\\/filles-de-la-charite.org\\\/wp-content\\\/uploads\\\/2023\\\/04\\\/Pier-Giorgio-Frassati-1.png\",\"contentUrl\":\"https:\\\/\\\/filles-de-la-charite.org\\\/wp-content\\\/uploads\\\/2023\\\/04\\\/Pier-Giorgio-Frassati-1.png\",\"width\":285,\"height\":333},{\"@type\":\"BreadcrumbList\",\"@id\":\"https:\\\/\\\/filles-de-la-charite.org\\\/pl\\\/rodzina\\\/swiety-piotr-jerzy-frassati\\\/#breadcrumb\",\"itemListElement\":[{\"@type\":\"ListItem\",\"position\":1,\"name\":\"Nasza rodzina\",\"item\":\"https:\\\/\\\/filles-de-la-charite.org\\\/pl\\\/rodzina\\\/\"},{\"@type\":\"ListItem\",\"position\":2,\"name\":\"\u015awi\u0119ty Piotr Jerzy Frassati\"}]},{\"@type\":\"WebSite\",\"@id\":\"https:\\\/\\\/filles-de-la-charite.org\\\/pl\\\/#website\",\"url\":\"https:\\\/\\\/filles-de-la-charite.org\\\/pl\\\/\",\"name\":\"Hijas de la Caridad\",\"description\":\"L\u2019amour de J\u00e9sus nous presse \u00e0 prendre soin des personnes les plus d\u00e9munies\",\"publisher\":{\"@id\":\"https:\\\/\\\/filles-de-la-charite.org\\\/pl\\\/#organization\"},\"potentialAction\":[{\"@type\":\"SearchAction\",\"target\":{\"@type\":\"EntryPoint\",\"urlTemplate\":\"https:\\\/\\\/filles-de-la-charite.org\\\/pl\\\/?s={search_term_string}\"},\"query-input\":{\"@type\":\"PropertyValueSpecification\",\"valueRequired\":true,\"valueName\":\"search_term_string\"}}],\"inLanguage\":\"pl-PL\"},{\"@type\":\"Organization\",\"@id\":\"https:\\\/\\\/filles-de-la-charite.org\\\/pl\\\/#organization\",\"name\":\"Hijas de la Caridad\",\"url\":\"https:\\\/\\\/filles-de-la-charite.org\\\/pl\\\/\",\"logo\":{\"@type\":\"ImageObject\",\"inLanguage\":\"pl-PL\",\"@id\":\"https:\\\/\\\/filles-de-la-charite.org\\\/pl\\\/#\\\/schema\\\/logo\\\/image\\\/\",\"url\":\"https:\\\/\\\/filles-de-la-charite.org\\\/wp-content\\\/uploads\\\/2023\\\/03\\\/isotipo-Hijas-de-la-Caridad.png\",\"contentUrl\":\"https:\\\/\\\/filles-de-la-charite.org\\\/wp-content\\\/uploads\\\/2023\\\/03\\\/isotipo-Hijas-de-la-Caridad.png\",\"width\":1417,\"height\":1417,\"caption\":\"Hijas de la Caridad\"},\"image\":{\"@id\":\"https:\\\/\\\/filles-de-la-charite.org\\\/pl\\\/#\\\/schema\\\/logo\\\/image\\\/\"}}]}<\/script>\n<!-- \/ Yoast SEO plugin. -->","yoast_head_json":{"title":"\u015awi\u0119ty Piotr Jerzy Frassati - Filles de la Charit\u00e9","robots":{"index":"index","follow":"follow","max-snippet":"max-snippet:-1","max-image-preview":"max-image-preview:large","max-video-preview":"max-video-preview:-1"},"canonical":"https:\/\/filles-de-la-charite.org\/pl\/rodzina\/swiety-piotr-jerzy-frassati\/","og_locale":"pl_PL","og_type":"article","og_title":"\u015awi\u0119ty Piotr Jerzy Frassati - Filles de la Charit\u00e9","og_description":"Piotr Jerzy (Pier Giorgio) Frassati by\u0142 m\u0142odym cz\u0142onkiem Stowarzyszenia \u015bw. Wincentego a Paulo. Zmar\u0142 w wieku 24 lat, zaraziwszy si\u0119 chorob\u0105 Heinego-Medina podczas s\u0142u\u017cenia Ubogim. 1901, 6 kwietnia Narodziny w Turynie 1918 Wst\u0105pienie do Konferencji \u015bw. Wincentego a Paulo 1922 Porzucenie my\u015bli o kap\u0142a\u0144stwie 1925 Niedoko\u0144czone egzaminy na in\u017cyniera g\u00f3rnictwa 1925, 29 czerwca Zara\u017cenie si\u0119 [&hellip;]","og_url":"https:\/\/filles-de-la-charite.org\/pl\/rodzina\/swiety-piotr-jerzy-frassati\/","og_site_name":"Filles de la Charit\u00e9","article_modified_time":"2025-09-10T16:11:20+00:00","og_image":[{"width":285,"height":333,"url":"https:\/\/filles-de-la-charite.org\/wp-content\/uploads\/2023\/04\/Pier-Giorgio-Frassati-1.png","type":"image\/png"}],"twitter_card":"summary_large_image","twitter_misc":{"Szacowany czas czytania":"4 minuty"},"schema":{"@context":"https:\/\/schema.org","@graph":[{"@type":"WebPage","@id":"https:\/\/filles-de-la-charite.org\/pl\/rodzina\/swiety-piotr-jerzy-frassati\/","url":"https:\/\/filles-de-la-charite.org\/pl\/rodzina\/swiety-piotr-jerzy-frassati\/","name":"\u015awi\u0119ty Piotr Jerzy Frassati - Filles de la Charit\u00e9","isPartOf":{"@id":"https:\/\/filles-de-la-charite.org\/pl\/#website"},"primaryImageOfPage":{"@id":"https:\/\/filles-de-la-charite.org\/pl\/rodzina\/swiety-piotr-jerzy-frassati\/#primaryimage"},"image":{"@id":"https:\/\/filles-de-la-charite.org\/pl\/rodzina\/swiety-piotr-jerzy-frassati\/#primaryimage"},"thumbnailUrl":"https:\/\/filles-de-la-charite.org\/wp-content\/uploads\/2023\/04\/Pier-Giorgio-Frassati-1.png","datePublished":"2020-10-21T14:04:42+00:00","dateModified":"2025-09-10T16:11:20+00:00","breadcrumb":{"@id":"https:\/\/filles-de-la-charite.org\/pl\/rodzina\/swiety-piotr-jerzy-frassati\/#breadcrumb"},"inLanguage":"pl-PL","potentialAction":[{"@type":"ReadAction","target":["https:\/\/filles-de-la-charite.org\/pl\/rodzina\/swiety-piotr-jerzy-frassati\/"]}]},{"@type":"ImageObject","inLanguage":"pl-PL","@id":"https:\/\/filles-de-la-charite.org\/pl\/rodzina\/swiety-piotr-jerzy-frassati\/#primaryimage","url":"https:\/\/filles-de-la-charite.org\/wp-content\/uploads\/2023\/04\/Pier-Giorgio-Frassati-1.png","contentUrl":"https:\/\/filles-de-la-charite.org\/wp-content\/uploads\/2023\/04\/Pier-Giorgio-Frassati-1.png","width":285,"height":333},{"@type":"BreadcrumbList","@id":"https:\/\/filles-de-la-charite.org\/pl\/rodzina\/swiety-piotr-jerzy-frassati\/#breadcrumb","itemListElement":[{"@type":"ListItem","position":1,"name":"Nasza rodzina","item":"https:\/\/filles-de-la-charite.org\/pl\/rodzina\/"},{"@type":"ListItem","position":2,"name":"\u015awi\u0119ty Piotr Jerzy Frassati"}]},{"@type":"WebSite","@id":"https:\/\/filles-de-la-charite.org\/pl\/#website","url":"https:\/\/filles-de-la-charite.org\/pl\/","name":"Hijas de la Caridad","description":"L\u2019amour de J\u00e9sus nous presse \u00e0 prendre soin des personnes les plus d\u00e9munies","publisher":{"@id":"https:\/\/filles-de-la-charite.org\/pl\/#organization"},"potentialAction":[{"@type":"SearchAction","target":{"@type":"EntryPoint","urlTemplate":"https:\/\/filles-de-la-charite.org\/pl\/?s={search_term_string}"},"query-input":{"@type":"PropertyValueSpecification","valueRequired":true,"valueName":"search_term_string"}}],"inLanguage":"pl-PL"},{"@type":"Organization","@id":"https:\/\/filles-de-la-charite.org\/pl\/#organization","name":"Hijas de la Caridad","url":"https:\/\/filles-de-la-charite.org\/pl\/","logo":{"@type":"ImageObject","inLanguage":"pl-PL","@id":"https:\/\/filles-de-la-charite.org\/pl\/#\/schema\/logo\/image\/","url":"https:\/\/filles-de-la-charite.org\/wp-content\/uploads\/2023\/03\/isotipo-Hijas-de-la-Caridad.png","contentUrl":"https:\/\/filles-de-la-charite.org\/wp-content\/uploads\/2023\/03\/isotipo-Hijas-de-la-Caridad.png","width":1417,"height":1417,"caption":"Hijas de la Caridad"},"image":{"@id":"https:\/\/filles-de-la-charite.org\/pl\/#\/schema\/logo\/image\/"}}]}},"_links":{"self":[{"href":"https:\/\/filles-de-la-charite.org\/pl\/wp-json\/wp\/v2\/familia\/4082","targetHints":{"allow":["GET"]}}],"collection":[{"href":"https:\/\/filles-de-la-charite.org\/pl\/wp-json\/wp\/v2\/familia"}],"about":[{"href":"https:\/\/filles-de-la-charite.org\/pl\/wp-json\/wp\/v2\/types\/familia"}],"wp:featuredmedia":[{"embeddable":true,"href":"https:\/\/filles-de-la-charite.org\/pl\/wp-json\/wp\/v2\/media\/1104"}],"wp:attachment":[{"href":"https:\/\/filles-de-la-charite.org\/pl\/wp-json\/wp\/v2\/media?parent=4082"}],"wp:term":[{"taxonomy":"origen","embeddable":true,"href":"https:\/\/filles-de-la-charite.org\/pl\/wp-json\/wp\/v2\/origen?post=4082"}],"curies":[{"name":"wp","href":"https:\/\/api.w.org\/{rel}","templated":true}]}}