{"id":4083,"date":"2020-10-30T12:00:15","date_gmt":"2020-10-30T11:00:15","guid":{"rendered":"https:\/\/hijascaridad.sjdigitaldemo.ovh\/familia\/zdecydowani-i-odwazni-swiadkowie-wiary-hiszpania\/"},"modified":"2024-05-23T17:38:51","modified_gmt":"2024-05-23T15:38:51","slug":"zdecydowani-i-odwazni-swiadkowie-wiary-hiszpania","status":"publish","type":"familia","link":"https:\/\/filles-de-la-charite.org\/pl\/rodzina\/zdecydowani-i-odwazni-swiadkowie-wiary-hiszpania\/","title":{"rendered":"Zdecydowani i odwa\u017cni \u015bwiadkowie wiary (Hiszpania)"},"content":{"rendered":"\n<figure class=\"wp-block-image alignleft size-medium\"><img decoding=\"async\" src=\"https:\/\/filles-de-la-charite.org\/wp-content\/uploads\/2023\/04\/martires-2.jpg\" alt=\"\" class=\"wp-image-49894\"\/><\/figure>\n\n\n\n<p>Dwadzie\u015bcia siedem Si\u00f3str Mi\u0142osierdzia i ich \u015bwiecka towarzyszka w m\u0119cze\u0144stwie, cz\u0142onkini Stowarzyszenia Dzieci Maryi, s\u0105 \u015bwiadkami \u015bwiat\u0142a Chrystusa Zmartwychwsta\u0142ego. Nale\u017c\u0105 one do grupy 522 os\u00f3b, kt\u00f3re by\u0142y beatyfikowane w Tarragonie 13 pa\u017adziernika 2013 roku. W tej grupie znalaz\u0142o si\u0119 r\u00f3wnie\u017c czternastu Ksi\u0119\u017cy Misjonarzy, w\u015br\u00f3d kt\u00f3rych by\u0142 Ks. Fortunato Velasco Tobar.<\/p>\n\n\n\n<p>M\u0119czennicy s\u0105 gwiazdami wiary, poniewa\u017c oddali swoje \u017cycie wskazuj\u0105c na prawdziwe \u015awiat\u0142o, Jezusa Chrystusa, kt\u00f3ry powiedzia\u0142 o sobie:<em>&nbsp;\u201cJa jestem \u015bwiat\u0142o\u015bci\u0105 \u015bwiata. Kto idzie za Mn\u0105, nie b\u0119dzie chodzi\u0142 w ciemno\u015bci, lecz b\u0119dzie mia\u0142 \u015bwiat\u0142o \u017cycia\u201d&nbsp;<\/em>(J 8,12).<\/p>\n\n\n\n<p>Id\u0105c \u015bladami autora Apokalipsy (por. Ap 7, 13-14), kt\u00f3ry m\u00f3wi o m\u0119cze\u0144stwie pierwszych chrze\u015bcijan, odpowiemy na cztery wa\u017cne pytania: Kim one s\u0105? Sk\u0105d pochodz\u0105? Z jakiego powodu i w jaki spos\u00f3b odda\u0142y \u017cycie? Jakie wyzwania stawiaj\u0105 przed nami?<\/p>\n\n\n\n<figure class=\"wp-block-image alignright size-large\"><img decoding=\"async\" src=\"https:\/\/filles-de-la-charite.org\/wp-content\/uploads\/2023\/04\/martires_valencia-1.jpg\" alt=\"\" class=\"wp-image-60596\"\/><\/figure>\n\n\n\n<p><strong>1) Kim s\u0105 Siostry Mi\u0142osierdzia beatyfikowane w Roku Wiary?&nbsp;<\/strong><\/p>\n\n\n\n<p>a)&nbsp;<strong>S\u0105 to proste kobiety swoich czas\u00f3w.<\/strong> S\u0105 zwyczajne przez pochodzenie spo\u0142eczne, korzenie rodzinne, wykszta\u0142cenie, funkcjonowanie w miejscu zamieszkania, spos\u00f3b \u017cycia wiar\u0105. Wszystkie otrzyma\u0142y dobre wyposa\u017cenie intelektualne, posiada\u0142y odpowiednie kwalifikacje do pe\u0142nienia r\u00f3\u017cnych rodzaj\u00f3w s\u0142u\u017cby i odbycia studiach specjalistycznych . Na og\u00f3\u0142 by\u0142y kobietami radosnymi i pe\u0142nymi nadziei.<\/p>\n\n\n\n<p>b)&nbsp;<strong>S\u0105 to kobiety WIARY mocnej.<\/strong> \u017badna z Si\u00f3str nie uko\u0144czy\u0142a studi\u00f3w teologicznych, ale ich serca by\u0142y pe\u0142ne pokory i wielkoduszno\u015bci. Wiar\u0119 otrzyma\u0142y w rodzinach, a jej rozw\u00f3j m\u00f3g\u0142 si\u0119 dokonywa\u0107 w szkole, poprzez udzia\u0142 w katechezie w parafii, przez osobist\u0105 modlitw\u0119 i codzienne nawiedzanie Naj\u015bwi\u0119tszego Sakramentu. Z prostot\u0105 szuka\u0142y \u015bwiat\u0142a woli Bo\u017cej dotycz\u0105cej ich przysz\u0142o\u015bci. Trwa\u0142y mocno w wierze, nawet po\u015br\u00f3d prze\u015bladowa\u0144.<\/p>\n\n\n\n<p>c)&nbsp;<strong>S\u0105 to kobiety WIARY zakorzenionej w modlitwie i lekturze.<\/strong> Od chwili wst\u0105pienia do Zgromadzenia pog\u0142\u0119bia\u0142y swoj\u0105 wiar\u0119 z prostot\u0105, osobist\u0105 odpowiedzialno\u015bci\u0105 i trosk\u0105. S\u0142u\u017cy\u0142 temu plan formacji w Seminarium: modlitwa, studium Pisma \u015awi\u0119tego, Katechizmu Ko\u015bcio\u0142a, Regu\u0142 Zgromadzenia i biografii Za\u0142o\u017cycieli.<\/p>\n\n\n\n<p>d)&nbsp;<strong>S\u0105 to Siostry Mi\u0142osierdzia WIARY promieniuj\u0105cej<\/strong>, kt\u00f3ra komunikowa\u0142a i wyra\u017ca\u0142a rado\u015b\u0107 i prostot\u0119, poniewa\u017c ich serca trwa\u0142y w Jezusie Chrystusie. Przejawia\u0142o si\u0119 to w ich spontanicznej modlitwie, w tre\u015bci ich list\u00f3w do rodziny oraz w ich codziennych zaanga\u017cowaniach: w trosce, pracy, modlitwie, relacjach we wsp\u00f3lnocie\u2026 Potwierdzaj\u0105 to \u015bwiadectwa os\u00f3b, kt\u00f3re je zna\u0142y.<\/p>\n\n\n\n<p>e)&nbsp;<strong>S\u0105 to Siostry Mi\u0142osierdzia WIARY wypr\u00f3bowanej<\/strong>. Je\u017celi przyjrzymy si\u0119 dok\u0142adnie ich \u017cyciu, w historii ka\u017cdej z Si\u00f3str dostrze\u017cemy pr\u00f3by wiary, kt\u00f3re doprowadz\u0105 je a\u017c do m\u0119cze\u0144stwa. Ka\u017cda osobi\u015bcie do\u015bwiadczy\u0142a prze\u015bladowa\u0144, pom\u00f3wie\u0144, oszczerstw, nadu\u017cy\u0107\u2026 Sta\u0142y si\u0119 przedmiotem czystki religijnej, maj\u0105cej na celu wyrzucenie Boga z opieki spo\u0142ecznej, s\u0142u\u017cby zdrowia i edukacji.<\/p>\n\n\n\n<p>f)<strong>&nbsp;Niekt\u00f3re wypowiedzi \u015bwiadcz\u0105ce o ich wypr\u00f3bowanej wierze:<\/strong>&nbsp;\u201e<em>Modl\u0119 si\u0119 do Boga, aby da\u0142 mi si\u0142\u0119 do wype\u0142nienia wszystkiego, czego za\u017c\u0105da ode mnie i do zniesienia cierpie\u0144, jak On tego pragnie, a\u017c upodobni\u0119 si\u0119 do Niego\u2026 i, je\u017celi taka jest wola Bo\u017ca, nie b\u0119d\u0119 waha\u0142a si\u0119 odda\u0107 swego \u017cycia\u2026&nbsp;<\/em>(S. Estefania Saldana Mayoral). <\/p>\n\n\n\n<p><em>\u201eBy\u0142a bardzo poruszona tymi informacjami\u2026 Kt\u00f3\u017cby przypuszcza\u0142, \u017ce moj\u0105 mam\u0119 wkr\u00f3tce dotknie choroba?\u2026 Nic nie mo\u017cemy uczyni\u0107 poza zwr\u00f3ceniem si\u0119 do Boga z pro\u015bb\u0105 o cierpliwo\u015b\u0107 dla siebie. Chocia\u017c bowiem nawiedzi\u0142 nas w tych wyj\u0105tkowo ci\u0119\u017ckich zmartwieniach, to ostatecznie sta\u0142y si\u0119 one bardzo chwalebne\u2026\u201d<\/em> (S. Maria Pardo Diaz)<\/p>\n\n\n\n<p><em>\u201eS. Maria Asunci\u00f3n Mayoral by\u0142a gotowa na m\u0119cze\u0144stwo i wyzna\u0142a to otwarcie, bez zwracania uwagi na gro\u017aby i drwiny milicji. Zach\u0119ca\u0142a Siostry do przyj\u0119cia cierpie\u0144 ze wzrokiem zwr\u00f3conym na krzy\u017c Chrystusa. Z wielkim zapa\u0142em prowadzi\u0142a dusze do Boga\u201d<\/em> (\u015bwiadectwo wsp\u00f3\u0142siostry ze Wsp\u00f3lnoty)<\/p>\n\n\n\n<p><strong>2) Sk\u0105d pochodz\u0105 ci \u015bwiadkowie WIARY? &nbsp;&nbsp;<\/strong><\/p>\n\n\n\n<p>a)<strong>&nbsp;Pochodz\u0105 z konkretnych miejsc, kt\u00f3re mo\u017cna odnale\u017a\u0107 na mapie:&nbsp;<\/strong>trzy Siostry z Galicji, trzy z kraju Bask\u00f3w, inne trzy z Nawarry, dwie z Aragonii, siedem z Kastylii-Leon, trzy z Madrytu, jedna z La Mancha, jedna z Plasencia (Caceres), dwie z Walencji, dwie z Andaluzji i jedna z Wysp Kanaryjskich.<\/p>\n\n\n\n<p>b)&nbsp;<strong>Pochodz\u0105 z Hiszpanii znajduj\u0105cej si\u0119 w historycznym momencie konfliktu<\/strong>: sytuacja og\u00f3lnego kryzysu, bezrobocie i ub\u00f3stwo, nieludzkie warunki pracy w przemy\u015ble i na roli, analfabetyzm, ignorancja kulturowa i religijna, manifestacje uliczne, strajki\u2026<\/p>\n\n\n\n<p>&nbsp;c)&nbsp;<strong>S\u0142u\u017c\u0105 Bogu w Ko\u015bciele oskar\u017conym o bycie obcym dla ludzi:<\/strong> Ko\u015bci\u00f3\u0142 obarczono odpowiedzialno\u015bci\u0105 za niesprawiedliwo\u015b\u0107 spo\u0142eczn\u0105, kt\u00f3rej faktycznym \u017ar\u00f3d\u0142em by\u0142 \u015bwiatowy kryzys finansowy z 1929 r. i jego nast\u0119pstwa. Dlatego Ko\u015bci\u00f3\u0142 prze\u015bladowano, odnosz\u0105c si\u0119 do niego z niech\u0119ci\u0105, za\u015b instytucje religijne dzia\u0142aj\u0105ce na polu edukacji, mi\u0142osierdzia, opieki zdrowotnej i spo\u0142ecznej poddawano \u201eoczyszczeniu\u201d. Ateistyczny komunizm stara\u0142 si\u0119 wykre\u015bli\u0107 imi\u0119 Boga ze spo\u0142ecze\u0144stwa.<\/p>\n\n\n\n<p>d)&nbsp;<strong>Ka\u017cda z nich pe\u0142ni misj\u0119 na polu s\u0142u\u017cenia Ubogim: <\/strong>pi\u0119\u0107 z nich by\u0142o Siostrami S\u0142u\u017cebnymi (Prze\u0142o\u017conymi Wsp\u00f3lnot): Siostra Asunci\u00f3n Mayoral Pena w Schronisku dla Niewidomych w Madrycie, Siostra Maria Dolores Ursula Caro Martin w Domu Mi\u0142osierdzia w Albacete, Siostra Martina Vazquez Gordo w szpitalu i szko\u0142ach z Segorbe (Castell\u00f3n), Siostra Josefa Laborra Goyeneche i Siostra Carmen Rodr\u00edguez Barazal w szkole w Betera (Walencja). Wszystkie zach\u0119ca\u0142y Siostry ze swoich Wsp\u00f3lnot do wytrwania w wierze w czasach prze\u015bladowa\u0144 i zabiega\u0142y, by znale\u017a\u0107 kap\u0142ana, kt\u00f3ry potajemnie odprawi\u0142by Msz\u0119 \u015bw. w domu. Spo\u015br\u00f3d wszystkich m\u0119czenniczek szesna\u015bcie by\u0142o nauczycielkami, siedem \u2013 piel\u0119gniarkami, a pi\u0119\u0107 opiekunkami spo\u0142ecznymi.<\/p>\n\n\n\n<p><strong>3) Z jakiego powodu i w jaki spos\u00f3b Siostry Mi\u0142osierdzia z Hiszpanii odda\u0142y \u017cycie?<\/strong><\/p>\n\n\n\n<p>a)<strong>&nbsp;Zgin\u0119\u0142y, potwierdzaj\u0105c swoj\u0105 to\u017csamo\u015b\u0107 i daj\u0105c \u015bwiadectwo WIERZE:<\/strong><\/p>\n\n\n\n<p>Poprzez \u017cycie i \u015bmier\u0107 g\u0142osi\u0142y z odwag\u0105 Jezusa Chrystusa, wybaczaj\u0105c prze\u015bladowcom i powierzaj\u0105c siebie w r\u0119ce Boga Ojca. Swoim \u017cyciem i uczynkami da\u0142y czynne \u015bwiadectwo o Chrystusie i&nbsp;o warto\u015bci pozostawionego przez Niego nauczania. Wola\u0142y zgin\u0105\u0107 ni\u017c zaprze\u0107 si\u0119 wiary i powo\u0142ania po\u015bwi\u0119conego mi\u0142osierdziu. Kiedy&nbsp;Siostra&nbsp;Martina Vazquez Gordo zosta\u0142a&nbsp;zatrzymana, wstawi\u0142a si\u0119 za swymi Wsp\u00f3\u0142siostrami s\u0142owami Jezusa z Getsemani: \u201eJe\u017celi mnie szukacie, zostawcie pozosta\u0142e w spokoju. One&nbsp;mog\u0105 wam pom\u00f3c&nbsp;w szpitalach\u201d.&nbsp;I pos\u0142uchano jej.<\/p>\n\n\n\n<p>b)<strong>&nbsp;Zgin\u0119\u0142y, poniewa\u017c by\u0142y uczennicami Chrystusa &nbsp;&nbsp;&nbsp;<\/strong><\/p>\n\n\n\n<p>Jedynym przest\u0119pstwem, z powodu kt\u00f3rego je przes\u0142uchiwano i do kt\u00f3rego zwyczajnie si\u0119 przyznawa\u0142y, by\u0142o to, \u017ce <em>\u201eby\u0142y Siostrami Mi\u0142osierdzia\u201d<\/em>. Zgin\u0119\u0142y jedynie dlatego, \u017ce by\u0142y Siostrami Mi\u0142osierdzia, a ich prze\u015bladowcy chcieli zatrze\u0107 Imi\u0119 Boga w dzie\u0142ach charytatywnych, edukacji i zdrowia. Jednak\u017ce swoim m\u0119cze\u0144stwem, Siostry uczyni\u0142y to imi\u0119 na zawsze \u017cywym.<\/p>\n\n\n\n<p><strong>4) Jakie wyzwania stawiaj\u0105 nam m\u0119czennicy? Wymie\u0144my niekt\u00f3re z nich:&nbsp;<\/strong><\/p>\n\n\n\n<p>M\u0119czennicy za wiar\u0119 XX wieku w Hiszpanii, a w szczeg\u00f3lno\u015bci nasze Siostry, wyznawa\u0142y swoj\u0105 wiar\u0119 po\u015br\u00f3d silnego laicyzmu, propagandy komunistycznego ateizmu i we wrogim sobie klimacie. Z tego powodu by\u0142y wyp\u0119dzane z ich wsp\u00f3lnot, z ich miejsc s\u0142u\u017cby i misji, gro\u017cono im i prze\u015bladowano. Pr\u00f3bowa\u0142y u\u017cy\u0107 wszelkich dost\u0119pnych im \u015brodk\u00f3w, aby uratowa\u0107 \u017cycie. Ale przebieg\u0142o\u015b\u0107 prze\u015bladowc\u00f3w by\u0142a wi\u0119ksza ni\u017c dobra wola Si\u00f3str, poszukiwali je, a nast\u0119pnie zatrzymywali. Obecnie \u017cyjemy w okoliczno\u015bciach podobnych do tych, w kt\u00f3rych one \u017cy\u0142y. Ich \u017cycie jest dla nas wyzwaniem i zaprasza nas do budowania historii przysz\u0142o\u015bci:<\/p>\n\n\n\n<ul class=\"wp-block-list\">\n<li>Powierzchowno\u015b\u0107 i komfort dzisiejszej kultury zapraszaj\u0105 nas do piel\u0119gnowania naszej wiary, aby wyznawa\u0107 j\u0105 z odwag\u0105 i \u017cy\u0107 radykalnie Ewangeli\u0105, \u015bci\u015ble \u0142\u0105cz\u0105c wiar\u0119 z mi\u0142osierdziem.<\/li>\n\n\n\n<li>Egoizm i komercjalizacja spo\u0142ecze\u0144stwa s\u0105 dla nas wyzwaniem do \u017cycia powo\u0142aniem w ewangelicznej wolno\u015bci, by da\u0107 to, co mamy i czym jeste\u015bmy, z mi\u0142o\u015bci\u0105 i w wolno\u015bci oraz by objawia\u0107 mi\u0142o\u015b\u0107 Jezusa Chrystusa potrzebuj\u0105cym.<\/li>\n\n\n\n<li>Odczucie pozornej \u201enieobecno\u015bci\u201d Boga i brak sensu \u017cycia u wielu ludzi zmuszaj\u0105 nas do zaanga\u017cowania w ewangelizacj\u0119 naszego otoczenia, do dbania o tych, kt\u00f3rzy s\u0105 zepchni\u0119ci na margines i zubo\u017cali; w centrum naszej dzia\u0142alno\u015bci duszpasterskiej powinni by\u0107 wszyscy cierpi\u0105cy.<\/li>\n\n\n\n<li>Zwi\u0105zany z globalizacj\u0105 brak wra\u017cliwo\u015bci na konkretnego cz\u0142owieka, indywidualizm, kryzysy gospodarcze oraz kryzys warto\u015bci, wzywaj\u0105 nas \u2013 \u015bwiadk\u00f3w mi\u0142osierdzia \u2013 do bycia bardziej wra\u017cliwymi na potrzebuj\u0105cych, do okazywania wi\u0119kszej empatii oraz do pod\u0105\u017cania z pomoc\u0105 ofiarom niesprawiedliwo\u015bci.<\/li>\n\n\n\n<li>W atmosferze napi\u0119cia i przemocy mo\u017cemy, podobnie jak Siostry z Hiszpanii, by\u0107 \u015bwiadkami mi\u0142osierdzia, dobroci, przebaczenia i pojednania, wcielaj\u0105c w \u017cycie B\u0142ogos\u0142awie\u0144stwa jako spos\u00f3b na\u015bladowania Jezusa Chrystusa.<\/li>\n\n\n\n<li>W obliczu cierpienia i strachu przed gwa\u0142town\u0105 \u015bmierci\u0105, Siostry powierza\u0142y si\u0119 Bogu, wzmacnia\u0142y jedno\u015b\u0107 mi\u0119dzy sob\u0105, modli\u0142y si\u0119 i uczestniczy\u0142y w Eucharystii, aby nabra\u0107 si\u0142, przebaczy\u0107 i wyj\u015b\u0107 na spotkanie czekaj\u0105cej je \u015bmierci z wiar\u0105 i spokojem. Jest to program \u017cycia chrze\u015bcija\u0144skiego, dost\u0119pny w ka\u017cdym momencie, a szczeg\u00f3lnie w sytuacjach trudnych.<\/li>\n<\/ul>\n\n\n\n<p>Si\u0142a i spok\u00f3j w ostatniej godzinie nie by\u0142y zas\u0142ug\u0105 samych Si\u00f3str m\u0119czenniczek. By\u0142 to dar Ducha \u015awi\u0119tego, o kt\u00f3ry modli\u0142y si\u0119 i kt\u00f3ry potrafi\u0142y przyj\u0105\u0107. Otwieraj\u0105c si\u0119 na Niego jako Siostry Mi\u0142osierdzia, czyni\u0142y to, co dotychczas, b\u0119d\u0105c pielgrzymami wiary, prorokami nadziei i \u015bwiadkami mi\u0142o\u015bci. Tak jak \u017cy\u0142y, tak te\u017c zgin\u0119\u0142y, pozostawiaj\u0105c Ko\u015bcio\u0142owi wz\u00f3r post\u0119powania, dla budowania \u015bwiata bardziej ludzkiego, wezwanego do mi\u0142o\u015bci. Jest to ich najlepsz\u0105 spu\u015bcizn\u0105 i lekcj\u0105 dla nas.<\/p>\n\n\n\n<p class=\"has-text-align-right\">&nbsp;<em>S. Maria Angeles Infante SM<\/em><\/p>\n\n\n\n<figure class=\"wp-block-image aligncenter size-large\"><img decoding=\"async\" src=\"https:\/\/filles-de-la-charite.org\/wp-content\/uploads\/2023\/04\/vindc-martyrs-2.jpeg\" alt=\"vindc martyrs\"\/><\/figure>\n","protected":false},"featured_media":1123,"template":"","meta":{"_acf_changed":false,"_links_to":"","_links_to_target":""},"origen":[],"class_list":["post-4083","familia","type-familia","status-publish","has-post-thumbnail","hentry"],"acf":[],"yoast_head":"<!-- This site is optimized with the Yoast SEO plugin v27.5 - https:\/\/yoast.com\/product\/yoast-seo-wordpress\/ -->\n<title>Zdecydowani i odwa\u017cni \u015bwiadkowie wiary (Hiszpania) - Filles de la Charit\u00e9<\/title>\n<meta name=\"robots\" content=\"index, follow, max-snippet:-1, max-image-preview:large, max-video-preview:-1\" \/>\n<link rel=\"canonical\" href=\"https:\/\/filles-de-la-charite.org\/pl\/rodzina\/zdecydowani-i-odwazni-swiadkowie-wiary-hiszpania\/\" \/>\n<meta property=\"og:locale\" content=\"pl_PL\" \/>\n<meta property=\"og:type\" content=\"article\" \/>\n<meta property=\"og:title\" content=\"Zdecydowani i odwa\u017cni \u015bwiadkowie wiary (Hiszpania) - Filles de la Charit\u00e9\" \/>\n<meta property=\"og:description\" content=\"Dwadzie\u015bcia siedem Si\u00f3str Mi\u0142osierdzia i ich \u015bwiecka towarzyszka w m\u0119cze\u0144stwie, cz\u0142onkini Stowarzyszenia Dzieci Maryi, s\u0105 \u015bwiadkami \u015bwiat\u0142a Chrystusa Zmartwychwsta\u0142ego. Nale\u017c\u0105 one do grupy 522 os\u00f3b, kt\u00f3re by\u0142y beatyfikowane w Tarragonie 13 pa\u017adziernika 2013 roku. W tej grupie znalaz\u0142o si\u0119 r\u00f3wnie\u017c czternastu Ksi\u0119\u017cy Misjonarzy, w\u015br\u00f3d kt\u00f3rych by\u0142 Ks. Fortunato Velasco Tobar. M\u0119czennicy s\u0105 gwiazdami wiary, poniewa\u017c [&hellip;]\" \/>\n<meta property=\"og:url\" content=\"https:\/\/filles-de-la-charite.org\/pl\/rodzina\/zdecydowani-i-odwazni-swiadkowie-wiary-hiszpania\/\" \/>\n<meta property=\"og:site_name\" content=\"Filles de la Charit\u00e9\" \/>\n<meta property=\"article:modified_time\" content=\"2024-05-23T15:38:51+00:00\" \/>\n<meta property=\"og:image\" content=\"https:\/\/filles-de-la-charite.org\/wp-content\/uploads\/2023\/04\/martires-2.jpg\" \/>\n\t<meta property=\"og:image:width\" content=\"481\" \/>\n\t<meta property=\"og:image:height\" content=\"563\" \/>\n\t<meta property=\"og:image:type\" content=\"image\/jpeg\" \/>\n<meta name=\"twitter:card\" content=\"summary_large_image\" \/>\n<meta name=\"twitter:label1\" content=\"Szacowany czas czytania\" \/>\n\t<meta name=\"twitter:data1\" content=\"7 minut\" \/>\n<script type=\"application\/ld+json\" class=\"yoast-schema-graph\">{\"@context\":\"https:\\\/\\\/schema.org\",\"@graph\":[{\"@type\":\"WebPage\",\"@id\":\"https:\\\/\\\/filles-de-la-charite.org\\\/pl\\\/rodzina\\\/zdecydowani-i-odwazni-swiadkowie-wiary-hiszpania\\\/\",\"url\":\"https:\\\/\\\/filles-de-la-charite.org\\\/pl\\\/rodzina\\\/zdecydowani-i-odwazni-swiadkowie-wiary-hiszpania\\\/\",\"name\":\"Zdecydowani i odwa\u017cni \u015bwiadkowie wiary (Hiszpania) - Filles de la Charit\u00e9\",\"isPartOf\":{\"@id\":\"https:\\\/\\\/filles-de-la-charite.org\\\/pl\\\/#website\"},\"primaryImageOfPage\":{\"@id\":\"https:\\\/\\\/filles-de-la-charite.org\\\/pl\\\/rodzina\\\/zdecydowani-i-odwazni-swiadkowie-wiary-hiszpania\\\/#primaryimage\"},\"image\":{\"@id\":\"https:\\\/\\\/filles-de-la-charite.org\\\/pl\\\/rodzina\\\/zdecydowani-i-odwazni-swiadkowie-wiary-hiszpania\\\/#primaryimage\"},\"thumbnailUrl\":\"https:\\\/\\\/filles-de-la-charite.org\\\/wp-content\\\/uploads\\\/2023\\\/04\\\/martires-2.jpg\",\"datePublished\":\"2020-10-30T11:00:15+00:00\",\"dateModified\":\"2024-05-23T15:38:51+00:00\",\"breadcrumb\":{\"@id\":\"https:\\\/\\\/filles-de-la-charite.org\\\/pl\\\/rodzina\\\/zdecydowani-i-odwazni-swiadkowie-wiary-hiszpania\\\/#breadcrumb\"},\"inLanguage\":\"pl-PL\",\"potentialAction\":[{\"@type\":\"ReadAction\",\"target\":[\"https:\\\/\\\/filles-de-la-charite.org\\\/pl\\\/rodzina\\\/zdecydowani-i-odwazni-swiadkowie-wiary-hiszpania\\\/\"]}]},{\"@type\":\"ImageObject\",\"inLanguage\":\"pl-PL\",\"@id\":\"https:\\\/\\\/filles-de-la-charite.org\\\/pl\\\/rodzina\\\/zdecydowani-i-odwazni-swiadkowie-wiary-hiszpania\\\/#primaryimage\",\"url\":\"https:\\\/\\\/filles-de-la-charite.org\\\/wp-content\\\/uploads\\\/2023\\\/04\\\/martires-2.jpg\",\"contentUrl\":\"https:\\\/\\\/filles-de-la-charite.org\\\/wp-content\\\/uploads\\\/2023\\\/04\\\/martires-2.jpg\",\"width\":481,\"height\":563},{\"@type\":\"BreadcrumbList\",\"@id\":\"https:\\\/\\\/filles-de-la-charite.org\\\/pl\\\/rodzina\\\/zdecydowani-i-odwazni-swiadkowie-wiary-hiszpania\\\/#breadcrumb\",\"itemListElement\":[{\"@type\":\"ListItem\",\"position\":1,\"name\":\"Nasza rodzina\",\"item\":\"https:\\\/\\\/filles-de-la-charite.org\\\/pl\\\/rodzina\\\/\"},{\"@type\":\"ListItem\",\"position\":2,\"name\":\"Zdecydowani i odwa\u017cni \u015bwiadkowie wiary (Hiszpania)\"}]},{\"@type\":\"WebSite\",\"@id\":\"https:\\\/\\\/filles-de-la-charite.org\\\/pl\\\/#website\",\"url\":\"https:\\\/\\\/filles-de-la-charite.org\\\/pl\\\/\",\"name\":\"Hijas de la Caridad\",\"description\":\"L\u2019amour de J\u00e9sus nous presse \u00e0 prendre soin des personnes les plus d\u00e9munies\",\"publisher\":{\"@id\":\"https:\\\/\\\/filles-de-la-charite.org\\\/pl\\\/#organization\"},\"potentialAction\":[{\"@type\":\"SearchAction\",\"target\":{\"@type\":\"EntryPoint\",\"urlTemplate\":\"https:\\\/\\\/filles-de-la-charite.org\\\/pl\\\/?s={search_term_string}\"},\"query-input\":{\"@type\":\"PropertyValueSpecification\",\"valueRequired\":true,\"valueName\":\"search_term_string\"}}],\"inLanguage\":\"pl-PL\"},{\"@type\":\"Organization\",\"@id\":\"https:\\\/\\\/filles-de-la-charite.org\\\/pl\\\/#organization\",\"name\":\"Hijas de la Caridad\",\"url\":\"https:\\\/\\\/filles-de-la-charite.org\\\/pl\\\/\",\"logo\":{\"@type\":\"ImageObject\",\"inLanguage\":\"pl-PL\",\"@id\":\"https:\\\/\\\/filles-de-la-charite.org\\\/pl\\\/#\\\/schema\\\/logo\\\/image\\\/\",\"url\":\"https:\\\/\\\/filles-de-la-charite.org\\\/wp-content\\\/uploads\\\/2023\\\/03\\\/isotipo-Hijas-de-la-Caridad.png\",\"contentUrl\":\"https:\\\/\\\/filles-de-la-charite.org\\\/wp-content\\\/uploads\\\/2023\\\/03\\\/isotipo-Hijas-de-la-Caridad.png\",\"width\":1417,\"height\":1417,\"caption\":\"Hijas de la Caridad\"},\"image\":{\"@id\":\"https:\\\/\\\/filles-de-la-charite.org\\\/pl\\\/#\\\/schema\\\/logo\\\/image\\\/\"}}]}<\/script>\n<!-- \/ Yoast SEO plugin. -->","yoast_head_json":{"title":"Zdecydowani i odwa\u017cni \u015bwiadkowie wiary (Hiszpania) - Filles de la Charit\u00e9","robots":{"index":"index","follow":"follow","max-snippet":"max-snippet:-1","max-image-preview":"max-image-preview:large","max-video-preview":"max-video-preview:-1"},"canonical":"https:\/\/filles-de-la-charite.org\/pl\/rodzina\/zdecydowani-i-odwazni-swiadkowie-wiary-hiszpania\/","og_locale":"pl_PL","og_type":"article","og_title":"Zdecydowani i odwa\u017cni \u015bwiadkowie wiary (Hiszpania) - Filles de la Charit\u00e9","og_description":"Dwadzie\u015bcia siedem Si\u00f3str Mi\u0142osierdzia i ich \u015bwiecka towarzyszka w m\u0119cze\u0144stwie, cz\u0142onkini Stowarzyszenia Dzieci Maryi, s\u0105 \u015bwiadkami \u015bwiat\u0142a Chrystusa Zmartwychwsta\u0142ego. Nale\u017c\u0105 one do grupy 522 os\u00f3b, kt\u00f3re by\u0142y beatyfikowane w Tarragonie 13 pa\u017adziernika 2013 roku. W tej grupie znalaz\u0142o si\u0119 r\u00f3wnie\u017c czternastu Ksi\u0119\u017cy Misjonarzy, w\u015br\u00f3d kt\u00f3rych by\u0142 Ks. Fortunato Velasco Tobar. M\u0119czennicy s\u0105 gwiazdami wiary, poniewa\u017c [&hellip;]","og_url":"https:\/\/filles-de-la-charite.org\/pl\/rodzina\/zdecydowani-i-odwazni-swiadkowie-wiary-hiszpania\/","og_site_name":"Filles de la Charit\u00e9","article_modified_time":"2024-05-23T15:38:51+00:00","og_image":[{"width":481,"height":563,"url":"https:\/\/filles-de-la-charite.org\/wp-content\/uploads\/2023\/04\/martires-2.jpg","type":"image\/jpeg"}],"twitter_card":"summary_large_image","twitter_misc":{"Szacowany czas czytania":"7 minut"},"schema":{"@context":"https:\/\/schema.org","@graph":[{"@type":"WebPage","@id":"https:\/\/filles-de-la-charite.org\/pl\/rodzina\/zdecydowani-i-odwazni-swiadkowie-wiary-hiszpania\/","url":"https:\/\/filles-de-la-charite.org\/pl\/rodzina\/zdecydowani-i-odwazni-swiadkowie-wiary-hiszpania\/","name":"Zdecydowani i odwa\u017cni \u015bwiadkowie wiary (Hiszpania) - Filles de la Charit\u00e9","isPartOf":{"@id":"https:\/\/filles-de-la-charite.org\/pl\/#website"},"primaryImageOfPage":{"@id":"https:\/\/filles-de-la-charite.org\/pl\/rodzina\/zdecydowani-i-odwazni-swiadkowie-wiary-hiszpania\/#primaryimage"},"image":{"@id":"https:\/\/filles-de-la-charite.org\/pl\/rodzina\/zdecydowani-i-odwazni-swiadkowie-wiary-hiszpania\/#primaryimage"},"thumbnailUrl":"https:\/\/filles-de-la-charite.org\/wp-content\/uploads\/2023\/04\/martires-2.jpg","datePublished":"2020-10-30T11:00:15+00:00","dateModified":"2024-05-23T15:38:51+00:00","breadcrumb":{"@id":"https:\/\/filles-de-la-charite.org\/pl\/rodzina\/zdecydowani-i-odwazni-swiadkowie-wiary-hiszpania\/#breadcrumb"},"inLanguage":"pl-PL","potentialAction":[{"@type":"ReadAction","target":["https:\/\/filles-de-la-charite.org\/pl\/rodzina\/zdecydowani-i-odwazni-swiadkowie-wiary-hiszpania\/"]}]},{"@type":"ImageObject","inLanguage":"pl-PL","@id":"https:\/\/filles-de-la-charite.org\/pl\/rodzina\/zdecydowani-i-odwazni-swiadkowie-wiary-hiszpania\/#primaryimage","url":"https:\/\/filles-de-la-charite.org\/wp-content\/uploads\/2023\/04\/martires-2.jpg","contentUrl":"https:\/\/filles-de-la-charite.org\/wp-content\/uploads\/2023\/04\/martires-2.jpg","width":481,"height":563},{"@type":"BreadcrumbList","@id":"https:\/\/filles-de-la-charite.org\/pl\/rodzina\/zdecydowani-i-odwazni-swiadkowie-wiary-hiszpania\/#breadcrumb","itemListElement":[{"@type":"ListItem","position":1,"name":"Nasza rodzina","item":"https:\/\/filles-de-la-charite.org\/pl\/rodzina\/"},{"@type":"ListItem","position":2,"name":"Zdecydowani i odwa\u017cni \u015bwiadkowie wiary (Hiszpania)"}]},{"@type":"WebSite","@id":"https:\/\/filles-de-la-charite.org\/pl\/#website","url":"https:\/\/filles-de-la-charite.org\/pl\/","name":"Hijas de la Caridad","description":"L\u2019amour de J\u00e9sus nous presse \u00e0 prendre soin des personnes les plus d\u00e9munies","publisher":{"@id":"https:\/\/filles-de-la-charite.org\/pl\/#organization"},"potentialAction":[{"@type":"SearchAction","target":{"@type":"EntryPoint","urlTemplate":"https:\/\/filles-de-la-charite.org\/pl\/?s={search_term_string}"},"query-input":{"@type":"PropertyValueSpecification","valueRequired":true,"valueName":"search_term_string"}}],"inLanguage":"pl-PL"},{"@type":"Organization","@id":"https:\/\/filles-de-la-charite.org\/pl\/#organization","name":"Hijas de la Caridad","url":"https:\/\/filles-de-la-charite.org\/pl\/","logo":{"@type":"ImageObject","inLanguage":"pl-PL","@id":"https:\/\/filles-de-la-charite.org\/pl\/#\/schema\/logo\/image\/","url":"https:\/\/filles-de-la-charite.org\/wp-content\/uploads\/2023\/03\/isotipo-Hijas-de-la-Caridad.png","contentUrl":"https:\/\/filles-de-la-charite.org\/wp-content\/uploads\/2023\/03\/isotipo-Hijas-de-la-Caridad.png","width":1417,"height":1417,"caption":"Hijas de la Caridad"},"image":{"@id":"https:\/\/filles-de-la-charite.org\/pl\/#\/schema\/logo\/image\/"}}]}},"_links":{"self":[{"href":"https:\/\/filles-de-la-charite.org\/pl\/wp-json\/wp\/v2\/familia\/4083","targetHints":{"allow":["GET"]}}],"collection":[{"href":"https:\/\/filles-de-la-charite.org\/pl\/wp-json\/wp\/v2\/familia"}],"about":[{"href":"https:\/\/filles-de-la-charite.org\/pl\/wp-json\/wp\/v2\/types\/familia"}],"wp:featuredmedia":[{"embeddable":true,"href":"https:\/\/filles-de-la-charite.org\/pl\/wp-json\/wp\/v2\/media\/1123"}],"wp:attachment":[{"href":"https:\/\/filles-de-la-charite.org\/pl\/wp-json\/wp\/v2\/media?parent=4083"}],"wp:term":[{"taxonomy":"origen","embeddable":true,"href":"https:\/\/filles-de-la-charite.org\/pl\/wp-json\/wp\/v2\/origen?post=4083"}],"curies":[{"name":"wp","href":"https:\/\/api.w.org\/{rel}","templated":true}]}}