{"id":4084,"date":"2020-10-30T11:44:48","date_gmt":"2020-10-30T10:44:48","guid":{"rendered":"https:\/\/hijascaridad.sjdigitaldemo.ovh\/familia\/siostry-meczenniczki-xx-wieku\/"},"modified":"2024-05-23T17:37:25","modified_gmt":"2024-05-23T15:37:25","slug":"siostry-meczenniczki-xx-wieku","status":"publish","type":"familia","link":"https:\/\/filles-de-la-charite.org\/pl\/rodzina\/siostry-meczenniczki-xx-wieku\/","title":{"rendered":"Siostry M\u0119czenniczki XX wieku"},"content":{"rendered":"\n<p>Wed\u0142ug setek bada\u0144 po\u015bwi\u0119conych bratob\u00f3jczej walce, kt\u00f3ra ogarn\u0119\u0142a Hiszpani\u0119 w 1936 r., zamordowanych zosta\u0142o co najmniej 7 500 kap\u0142an\u00f3w i zakonnic oraz 13 biskup\u00f3w.<\/p>\n\n\n\n<p>Setki z nich s\u0105 ju\u017c beatyfikowani, inni kanonizowani. A oficjalne uznanie ich m\u0119cze\u0144stwa by\u0142o bardzo wyczekiwane. W niedziel\u0119 13 pa\u017adziernika 2013 r., w mie\u015bcie Tarragona (Hiszpania), odby\u0142a si\u0119 beatyfikacja blisko 522 hiszpa\u0144skich \u015bwiadk\u00f3w wiary. Jest w\u015br\u00f3d nich 27 Si\u00f3str Mi\u0142osierdzia i jedna \u015bwiecka cz\u0142onkini Stowarzyszenia Dzieci Maryi. Wszystkie ca\u0142kowicie po\u015bwi\u0119ci\u0142y swoje \u017cycie Bogu w s\u0142u\u017cbie Ubogim, wierne Ewangelii i charyzmatowi Zgromadzenia. Zdawa\u0142y sobie spraw\u0119, \u017ce pewnego dnia mo\u017ce si\u0119 spe\u0142ni\u0107 przepowiednia Jezusa:<\/p>\n\n\n\n<figure class=\"wp-block-image aligncenter size-large is-resized is-style-default\"><a href=\"https:\/\/filles-de-la-charite.org\/wp-content\/uploads\/2023\/04\/martires_1-1.jpg\" data-rel=\"lightbox-image-0\" data-rl_title=\"\" data-rl_caption=\"\" title=\"\"><img decoding=\"async\" src=\"https:\/\/filles-de-la-charite.org\/wp-content\/uploads\/2023\/04\/martires_1-1.jpg\" alt=\"\" class=\"wp-image-49901\"\/><\/a><\/figure>\n\n\n\n<blockquote class=\"wp-block-quote is-layout-flow wp-block-quote-is-layout-flow\">\n<p><em>\u201cPami\u0119tajcie na s\u0142owo, kt\u00f3re do was powiedzia\u0142em: S\u0142uga nie jest wi\u0119kszy od swego pana. Je\u017celi Mnie prze\u015bladowali, to i was b\u0119d\u0105 prze\u015bladowa\u0107.<em><em>\u201d<\/em><\/em>&nbsp;<\/em><\/p>\n<cite>(J 15,20)<\/cite><\/blockquote>\n\n\n\n<h2 class=\"wp-block-heading\">M\u0119czenniczki za wiar\u0119<\/h2>\n\n\n\n<p>Przeczuwaj\u0105c zbli\u017caj\u0105ce si\u0119 m\u0119cze\u0144stwo, z wiar\u0105 modli\u0142y si\u0119 o moc Ducha \u015awi\u0119tego. Karmi\u0142y si\u0119 i umacnia\u0142y Eucharysti\u0105, kt\u00f3ra przygotowa\u0142a&nbsp;je&nbsp;do dania \u015bwiadectwa Wierze, Nadziei i Mi\u0142o\u015bci. Ich \u201eprzest\u0119pstwo\u201d polega\u0142o na byciu Siostrami Mi\u0142osierdzia oddaj\u0105cymi si\u0119 pos\u0142udze chorym, wychowywaniu, otaczaniu opiek\u0105 i czynieniu dobra na wz\u00f3r Jezusa z Nazaretu. Nie anga\u017cowa\u0142y si\u0119 w \u017cadne dzia\u0142ania polityczne; prze\u015bladowano je tylko za to, \u017ce by\u0142y kobietami po\u015bwi\u0119conymi Bogu, Siostrami Mi\u0142osierdzia.<\/p>\n\n\n\n<p>Ich krew sta\u0142a si\u0119 nasieniem wielu powo\u0142a\u0144, kt\u00f3re Pan B\u00f3g wzbudza\u0142 przez nast\u0119pne trzydzie\u015bci lat. Mamy nadziej\u0119, \u017ce tak\u017ce obecnie, dzi\u0119ki przybli\u017ceniu \u015bwiatu ich \u015bwiadectwa wiary, zakie\u0142kuj\u0105 nowe nasiona Wiary i Mi\u0142osierdzia. Chodzi o to, aby&nbsp;przekierowa\u0107&nbsp;drog\u0119 materializmu i komfortu na drog\u0119 wiary i szcz\u0119\u015bcia, kt\u00f3rego \u017ar\u00f3d\u0142o le\u017cy w \u201eopuszczeniu wszystkiego\u201d, aby by\u0107 aposto\u0142ami Mi\u0142osierdzia.<\/p>\n\n\n\n<figure class=\"wp-block-image aligncenter size-large is-resized is-style-default\"><a href=\"https:\/\/www.filles-de-la-charite.org\/wp-content\/uploads\/OLD\/2012\/02\/martires.jpg\" data-rel=\"lightbox-image-1\" data-rl_title=\"\" data-rl_caption=\"\" title=\"\"><img decoding=\"async\" src=\"https:\/\/filles-de-la-charite.org\/wp-content\/uploads\/2023\/04\/martires-1-1.jpg\" alt=\"\" class=\"wp-image-49911\"\/><\/a><\/figure>\n\n\n\n<p><strong>Oto lista nazwisk, pe\u0142nionej misji i jej miejsca oraz daty m\u0119cze\u0144stwa:<\/strong><\/p>\n\n\n\n<p>\u2013\u00a0<strong>Leganes (Madryt)\u00a0Szko\u0142a \u201eLa Immaculada\u201d (\u2020 12.08.1936)<\/strong>:<em>\u00a0<\/em>Siostra M. Adoration Cort\u00e9s, Siostra Maria Diaz-Pardo i Siostra Stefanie Salda\u00f1a.\u00a0<\/p>\n\n\n\n<p>\u2013&nbsp;<strong>Szpital Psychiatryczny Santa Izabel:&nbsp;<\/strong>Siostra M. Dolores Barroso i Siostra Asunci\u00f3n Mayoral (ostatnia znalaz\u0142a tutaj schronienie, chocia\u017c pochodzi\u0142a ze Wsp\u00f3lnoty przy&nbsp;<strong>Domu dla Niewidomych w Madrycie<\/strong>).<\/p>\n\n\n\n<p>\u2013&nbsp;<strong>Szpital Gru\u017aliczy<\/strong>&nbsp;<strong>El Neveral (Jaen)<\/strong>: Siostry zosta\u0142y stracone w \u201epoci\u0105gu \u015bmierci\u201d w mie\u015bcie Vallecas&nbsp;<strong>(\u2020 12.08.1936).&nbsp;<\/strong>By\u0142y to: Siostra Ramona Cao Fernandez i Siostra Juana Perez Abascal.<\/p>\n\n\n\n<p>\u2013&nbsp;<strong>Przytu\u0142ek<\/strong>&nbsp;<strong>San Eugenio (Walencja)<\/strong>: Siostry schroni\u0142y si\u0119 w Puzol (Walencja) w domu rodzinnym jednej z nich i tam uczestniczy\u0142y we Mszy \u015bw. odprawianej przez ukrywaj\u0105cego si\u0119 wraz z nimi franciszkanina. To by\u0142o bezpo\u015brednim powodem skazania ich na \u015bmier\u0107&nbsp;<strong>(\u2020 18.08.1936):<\/strong>&nbsp;Siostra Rosario Ciercoles, Siostra M\u00aa Luisa Bermudez i Siostra Micaela Herman.<\/p>\n\n\n\n<p>\u2013&nbsp;<strong>Dom Mi\u0142osierdzia<\/strong>&nbsp;(<strong>Albacete)<\/strong>:<strong>&nbsp;<\/strong>Siostry wydalone przez w\u0142adze, w obliczu gro\u017aby \u015bmierci, schroni\u0142y si\u0119 w Madrycie w domu krewnych Siostry Prze\u0142o\u017conej. Trzy z nich uda\u0142y si\u0119 na poszukiwanie pomocy u rodziny innej z Si\u00f3str. Nie dotar\u0142y tam jednak i zosta\u0142y brutalnie zamordowane&nbsp;<strong>(\u2020 03.09.1936).&nbsp;<\/strong>By\u0142y to:<strong>&nbsp;<\/strong>Siostra Dolores Caro, Siostra Andrea Calle i Siostra Concepci\u00f3n Perez Giral.<\/p>\n\n\n\n<p>\u2013&nbsp;<strong>Szpital i Szko\u0142y w Segorbe&nbsp;(Castellon)<\/strong>:<strong>&nbsp;<\/strong>Wsp\u00f3lnota wyrzucona ze swego domu, znalaz\u0142a schronienie w domu jednego z by\u0142ych uczni\u00f3w. Gdy Siostra Martina Vazquez, Prze\u0142o\u017cona, zosta\u0142a aresztowana, poprosi\u0142a ona o darowanie wolno\u015bci pozosta\u0142ym Siostrom. Pozwolono im odej\u015b\u0107 i w ten spos\u00f3b tylko ona ponios\u0142a m\u0119cze\u0144stwo&nbsp;<strong>(\u2020 04.10.1936).<\/strong><\/p>\n\n\n\n<p>\u2013&nbsp;<strong>Szpital G\u0142\u00f3wny (Walencja)<\/strong>:<strong>&nbsp;<\/strong>Wsp\u00f3lnota zosta\u0142a rozwi\u0105zana i wyp\u0119dzona z domu. Siostra Josefa Martinez P\u00e9rez schroni\u0142a si\u0119 w swoim rodzinnym domu w Alberique (Walencja), jednak jej bliskich r\u00f3wnie\u017c prze\u015bladowano. Siostra Josefa ofiarowa\u0142a si\u0119 ponie\u015b\u0107 \u015bmier\u0107 za rodzon\u0105 siostr\u0119, kt\u00f3rej m\u0105\u017c zosta\u0142 niedawno zamordowany, a ona sama oczekiwa\u0142a dziecka. Prze\u015bladowcy zgodzili si\u0119 na tak\u0105 zamian\u0119 i Siostra Josefa ponios\u0142a \u015bmier\u0107 m\u0119cze\u0144sk\u0105 za Wiar\u0119 i Mi\u0142osierdzie&nbsp;<strong>(\u2020 15.10.1936).<\/strong><\/p>\n\n\n\n<p>\u2013&nbsp;<strong>Dom Mi\u0142osierdzia (Walencja)<\/strong>: Siostry zosta\u0142y wyrzucone z domu. Kilka z nich znalaz\u0142o schronienie w domu rodzinnym jednej z Si\u00f3str, gdzie ukrywali si\u0119 tak\u017ce dwaj ksi\u0119\u017ca, kt\u00f3rzy potajemnie sprawowali Eucharysti\u0119, co uznano za przest\u0119pstwo i wystarczaj\u0105cy pow\u00f3d do wykonania wyroku \u015bmierci w Gilet (Walencja) na Siostrze Joaquinie Rey i Siostrze Victorii Arregui&nbsp;<strong>(\u2020 29.10.1936).<\/strong><\/p>\n\n\n\n<p>\u2013&nbsp;<strong>Szpital Matki z Dzieckiem<\/strong>&nbsp;<strong>Santa Cristina (Madryt)<\/strong>: M\u0119cze\u0144stwo ponios\u0142y tutaj Siostra Modesta Moro Briz i Siostra Pilar Isabel Sanchez Suarez. Mieszka\u0142y one w akademiku w centrum Madrytu. Gdy opu\u015bci\u0142y schronienie, aby uczestniczy\u0107 we Mszy \u015bw. z okazji Uroczysto\u015bci Wszystkich \u015awi\u0119tych, zosta\u0142y aresztowane i skazane na \u015bmier\u0107 przez Trybuna\u0142 Ludowy&nbsp;<strong>(31.10.1936).<\/strong><\/p>\n\n\n\n<p>\u2013&nbsp;<strong>Szpitale Atocha&nbsp;and Carabanchel (Madryt)<\/strong>:<strong>&nbsp;<\/strong>Siostra Josefa Girones Arteta i Siostra Lorenza Diaz Bola\u00f1os musia\u0142y przeciwstawi\u0107 si\u0119 niemoralnym propozycjom swych oprawc\u00f3w i zosta\u0142y zamordowane za wierno\u015b\u0107 wyznawanej wierze i powo\u0142aniu&nbsp;<strong>(\u2020 22.11.1936).<\/strong><\/p>\n\n\n\n<p>\u2013&nbsp;<strong>Szko\u0142a El Carmen w Betera (Walencja)<\/strong>: Tamtejsza Wsp\u00f3lnota ukry\u0142a si\u0119 w akademiku w Walencji. Dolores Broseta, nale\u017c\u0105ca do Dzieci Maryi, przynosi\u0142a Siostrom codziennie jedzenie przygotowywane przez by\u0142ych uczni\u00f3w Si\u00f3str. Pewnego dnia, prze\u015bladowcy poszukuj\u0105cy Si\u00f3str, \u015bledz\u0105c Dolores, dotarli do kryj\u00f3wki i wymordowali ca\u0142\u0105 Wsp\u00f3lnot\u0119.&nbsp;By\u0142y to: Siostra Josefa Laborra, Siostra Carmen Rodr\u00edguez Barazal, Siostra Estefan\u00eda Irisarri, Siostra Pilar Nalda i Siostra Isidora Izquierdo.&nbsp;\u015amier\u0107 ponios\u0142a r\u00f3wnie\u017c M\u00aa Dolores Broseta, kt\u00f3ra&nbsp;dostarcza\u0142a im posi\u0142ki&nbsp;<strong>(09.12.1936).<\/strong><\/p>\n\n\n\n<p><strong>\u2013 Z Portoryko do Madrytu i z Madrytu do Nieba<\/strong>: Siostra Gaudencia Benavidaes Herrero, przez d\u0142ugie lata by\u0142a na misjach w Portoryko. Przyjecha\u0142a do Hiszpanii, aby podj\u0105\u0107 leczenie ze wzgl\u0119du na problemy z sercem. Rozpoznana jako zakonnica, zosta\u0142a aresztowana i przetrzymywana kolejno w trzech wi\u0119zieniach, gdzie wiele wycierpia\u0142a. Jej cia\u0142o by\u0142o pokryte licznymi ranami, jednak odm\u00f3wiono jej pomocy medycznej. Zmar\u0142a daj\u0105c \u015bwiadectwo Jezusowi Chrystusowi i przebaczaj\u0105c oprawcom&nbsp;<strong>(\u2020 11.02.1937).<\/strong><\/p>\n\n\n\n<p>Nasze Siostry M\u0119czenniczki ponios\u0142y \u015bmier\u0107, wyznaj\u0105c z odwag\u0105 wiar\u0119 w Jezusa Chrystusa, przebaczaj\u0105c prze\u015bladowcom i oddaj\u0105c \u017cycie w r\u0119ce Ojca, kt\u00f3ry jest w Niebie. Da\u0142y \u015bwiadectwo Chrystusowi swoim \u017cyciem, post\u0119powaniem i wierno\u015bci\u0105 Jego nauce. Wola\u0142y umrze\u0107 ni\u017c si\u0119 Go zaprze\u0107.<\/p>\n\n\n\n<p>Czy jeste\u015bmy zdolne \u017cycia wiar\u0105 z t\u0105 sam\u0105 \u015bmia\u0142o\u015bci\u0105 i odwag\u0105?<\/p>\n","protected":false},"featured_media":1129,"template":"","meta":{"_acf_changed":false,"_et_pb_use_builder":"","_et_pb_old_content":"","_et_gb_content_width":"","_links_to":"","_links_to_target":""},"origen":[],"class_list":["post-4084","familia","type-familia","status-publish","has-post-thumbnail","hentry"],"acf":[],"yoast_head":"<!-- This site is optimized with the Yoast SEO plugin v27.5 - https:\/\/yoast.com\/product\/yoast-seo-wordpress\/ -->\n<title>Siostry M\u0119czenniczki XX wieku - Filles de la Charit\u00e9<\/title>\n<meta name=\"robots\" content=\"index, follow, max-snippet:-1, max-image-preview:large, max-video-preview:-1\" \/>\n<link rel=\"canonical\" href=\"https:\/\/filles-de-la-charite.org\/pl\/rodzina\/siostry-meczenniczki-xx-wieku\/\" \/>\n<meta property=\"og:locale\" content=\"pl_PL\" \/>\n<meta property=\"og:type\" content=\"article\" \/>\n<meta property=\"og:title\" content=\"Siostry M\u0119czenniczki XX wieku - Filles de la Charit\u00e9\" \/>\n<meta property=\"og:description\" content=\"Wed\u0142ug setek bada\u0144 po\u015bwi\u0119conych bratob\u00f3jczej walce, kt\u00f3ra ogarn\u0119\u0142a Hiszpani\u0119 w 1936 r., zamordowanych zosta\u0142o co najmniej 7 500 kap\u0142an\u00f3w i zakonnic oraz 13 biskup\u00f3w. Setki z nich s\u0105 ju\u017c beatyfikowani, inni kanonizowani. A oficjalne uznanie ich m\u0119cze\u0144stwa by\u0142o bardzo wyczekiwane. W niedziel\u0119 13 pa\u017adziernika 2013 r., w mie\u015bcie Tarragona (Hiszpania), odby\u0142a si\u0119 beatyfikacja blisko 522 [&hellip;]\" \/>\n<meta property=\"og:url\" content=\"https:\/\/filles-de-la-charite.org\/pl\/rodzina\/siostry-meczenniczki-xx-wieku\/\" \/>\n<meta property=\"og:site_name\" content=\"Filles de la Charit\u00e9\" \/>\n<meta property=\"article:modified_time\" content=\"2024-05-23T15:37:25+00:00\" \/>\n<meta property=\"og:image\" content=\"https:\/\/filles-de-la-charite.org\/wp-content\/uploads\/2023\/04\/Soeurs-Martyres-du-20e-siecle-1.png\" \/>\n\t<meta property=\"og:image:width\" content=\"590\" \/>\n\t<meta property=\"og:image:height\" content=\"781\" \/>\n\t<meta property=\"og:image:type\" content=\"image\/png\" \/>\n<meta name=\"twitter:card\" content=\"summary_large_image\" \/>\n<meta name=\"twitter:label1\" content=\"Szacowany czas czytania\" \/>\n\t<meta name=\"twitter:data1\" content=\"5 minut\" \/>\n<script type=\"application\/ld+json\" class=\"yoast-schema-graph\">{\"@context\":\"https:\\\/\\\/schema.org\",\"@graph\":[{\"@type\":\"WebPage\",\"@id\":\"https:\\\/\\\/filles-de-la-charite.org\\\/pl\\\/rodzina\\\/siostry-meczenniczki-xx-wieku\\\/\",\"url\":\"https:\\\/\\\/filles-de-la-charite.org\\\/pl\\\/rodzina\\\/siostry-meczenniczki-xx-wieku\\\/\",\"name\":\"Siostry M\u0119czenniczki XX wieku - Filles de la Charit\u00e9\",\"isPartOf\":{\"@id\":\"https:\\\/\\\/filles-de-la-charite.org\\\/pl\\\/#website\"},\"primaryImageOfPage\":{\"@id\":\"https:\\\/\\\/filles-de-la-charite.org\\\/pl\\\/rodzina\\\/siostry-meczenniczki-xx-wieku\\\/#primaryimage\"},\"image\":{\"@id\":\"https:\\\/\\\/filles-de-la-charite.org\\\/pl\\\/rodzina\\\/siostry-meczenniczki-xx-wieku\\\/#primaryimage\"},\"thumbnailUrl\":\"https:\\\/\\\/filles-de-la-charite.org\\\/wp-content\\\/uploads\\\/2023\\\/04\\\/Soeurs-Martyres-du-20e-siecle-1.png\",\"datePublished\":\"2020-10-30T10:44:48+00:00\",\"dateModified\":\"2024-05-23T15:37:25+00:00\",\"breadcrumb\":{\"@id\":\"https:\\\/\\\/filles-de-la-charite.org\\\/pl\\\/rodzina\\\/siostry-meczenniczki-xx-wieku\\\/#breadcrumb\"},\"inLanguage\":\"pl-PL\",\"potentialAction\":[{\"@type\":\"ReadAction\",\"target\":[\"https:\\\/\\\/filles-de-la-charite.org\\\/pl\\\/rodzina\\\/siostry-meczenniczki-xx-wieku\\\/\"]}]},{\"@type\":\"ImageObject\",\"inLanguage\":\"pl-PL\",\"@id\":\"https:\\\/\\\/filles-de-la-charite.org\\\/pl\\\/rodzina\\\/siostry-meczenniczki-xx-wieku\\\/#primaryimage\",\"url\":\"https:\\\/\\\/filles-de-la-charite.org\\\/wp-content\\\/uploads\\\/2023\\\/04\\\/Soeurs-Martyres-du-20e-siecle-1.png\",\"contentUrl\":\"https:\\\/\\\/filles-de-la-charite.org\\\/wp-content\\\/uploads\\\/2023\\\/04\\\/Soeurs-Martyres-du-20e-siecle-1.png\",\"width\":590,\"height\":781},{\"@type\":\"BreadcrumbList\",\"@id\":\"https:\\\/\\\/filles-de-la-charite.org\\\/pl\\\/rodzina\\\/siostry-meczenniczki-xx-wieku\\\/#breadcrumb\",\"itemListElement\":[{\"@type\":\"ListItem\",\"position\":1,\"name\":\"Nasza rodzina\",\"item\":\"https:\\\/\\\/filles-de-la-charite.org\\\/pl\\\/rodzina\\\/\"},{\"@type\":\"ListItem\",\"position\":2,\"name\":\"Siostry M\u0119czenniczki XX wieku\"}]},{\"@type\":\"WebSite\",\"@id\":\"https:\\\/\\\/filles-de-la-charite.org\\\/pl\\\/#website\",\"url\":\"https:\\\/\\\/filles-de-la-charite.org\\\/pl\\\/\",\"name\":\"Hijas de la Caridad\",\"description\":\"L\u2019amour de J\u00e9sus nous presse \u00e0 prendre soin des personnes les plus d\u00e9munies\",\"publisher\":{\"@id\":\"https:\\\/\\\/filles-de-la-charite.org\\\/pl\\\/#organization\"},\"potentialAction\":[{\"@type\":\"SearchAction\",\"target\":{\"@type\":\"EntryPoint\",\"urlTemplate\":\"https:\\\/\\\/filles-de-la-charite.org\\\/pl\\\/?s={search_term_string}\"},\"query-input\":{\"@type\":\"PropertyValueSpecification\",\"valueRequired\":true,\"valueName\":\"search_term_string\"}}],\"inLanguage\":\"pl-PL\"},{\"@type\":\"Organization\",\"@id\":\"https:\\\/\\\/filles-de-la-charite.org\\\/pl\\\/#organization\",\"name\":\"Hijas de la Caridad\",\"url\":\"https:\\\/\\\/filles-de-la-charite.org\\\/pl\\\/\",\"logo\":{\"@type\":\"ImageObject\",\"inLanguage\":\"pl-PL\",\"@id\":\"https:\\\/\\\/filles-de-la-charite.org\\\/pl\\\/#\\\/schema\\\/logo\\\/image\\\/\",\"url\":\"https:\\\/\\\/filles-de-la-charite.org\\\/wp-content\\\/uploads\\\/2023\\\/03\\\/isotipo-Hijas-de-la-Caridad.png\",\"contentUrl\":\"https:\\\/\\\/filles-de-la-charite.org\\\/wp-content\\\/uploads\\\/2023\\\/03\\\/isotipo-Hijas-de-la-Caridad.png\",\"width\":1417,\"height\":1417,\"caption\":\"Hijas de la Caridad\"},\"image\":{\"@id\":\"https:\\\/\\\/filles-de-la-charite.org\\\/pl\\\/#\\\/schema\\\/logo\\\/image\\\/\"}}]}<\/script>\n<!-- \/ Yoast SEO plugin. -->","yoast_head_json":{"title":"Siostry M\u0119czenniczki XX wieku - Filles de la Charit\u00e9","robots":{"index":"index","follow":"follow","max-snippet":"max-snippet:-1","max-image-preview":"max-image-preview:large","max-video-preview":"max-video-preview:-1"},"canonical":"https:\/\/filles-de-la-charite.org\/pl\/rodzina\/siostry-meczenniczki-xx-wieku\/","og_locale":"pl_PL","og_type":"article","og_title":"Siostry M\u0119czenniczki XX wieku - Filles de la Charit\u00e9","og_description":"Wed\u0142ug setek bada\u0144 po\u015bwi\u0119conych bratob\u00f3jczej walce, kt\u00f3ra ogarn\u0119\u0142a Hiszpani\u0119 w 1936 r., zamordowanych zosta\u0142o co najmniej 7 500 kap\u0142an\u00f3w i zakonnic oraz 13 biskup\u00f3w. Setki z nich s\u0105 ju\u017c beatyfikowani, inni kanonizowani. A oficjalne uznanie ich m\u0119cze\u0144stwa by\u0142o bardzo wyczekiwane. W niedziel\u0119 13 pa\u017adziernika 2013 r., w mie\u015bcie Tarragona (Hiszpania), odby\u0142a si\u0119 beatyfikacja blisko 522 [&hellip;]","og_url":"https:\/\/filles-de-la-charite.org\/pl\/rodzina\/siostry-meczenniczki-xx-wieku\/","og_site_name":"Filles de la Charit\u00e9","article_modified_time":"2024-05-23T15:37:25+00:00","og_image":[{"width":590,"height":781,"url":"https:\/\/filles-de-la-charite.org\/wp-content\/uploads\/2023\/04\/Soeurs-Martyres-du-20e-siecle-1.png","type":"image\/png"}],"twitter_card":"summary_large_image","twitter_misc":{"Szacowany czas czytania":"5 minut"},"schema":{"@context":"https:\/\/schema.org","@graph":[{"@type":"WebPage","@id":"https:\/\/filles-de-la-charite.org\/pl\/rodzina\/siostry-meczenniczki-xx-wieku\/","url":"https:\/\/filles-de-la-charite.org\/pl\/rodzina\/siostry-meczenniczki-xx-wieku\/","name":"Siostry M\u0119czenniczki XX wieku - Filles de la Charit\u00e9","isPartOf":{"@id":"https:\/\/filles-de-la-charite.org\/pl\/#website"},"primaryImageOfPage":{"@id":"https:\/\/filles-de-la-charite.org\/pl\/rodzina\/siostry-meczenniczki-xx-wieku\/#primaryimage"},"image":{"@id":"https:\/\/filles-de-la-charite.org\/pl\/rodzina\/siostry-meczenniczki-xx-wieku\/#primaryimage"},"thumbnailUrl":"https:\/\/filles-de-la-charite.org\/wp-content\/uploads\/2023\/04\/Soeurs-Martyres-du-20e-siecle-1.png","datePublished":"2020-10-30T10:44:48+00:00","dateModified":"2024-05-23T15:37:25+00:00","breadcrumb":{"@id":"https:\/\/filles-de-la-charite.org\/pl\/rodzina\/siostry-meczenniczki-xx-wieku\/#breadcrumb"},"inLanguage":"pl-PL","potentialAction":[{"@type":"ReadAction","target":["https:\/\/filles-de-la-charite.org\/pl\/rodzina\/siostry-meczenniczki-xx-wieku\/"]}]},{"@type":"ImageObject","inLanguage":"pl-PL","@id":"https:\/\/filles-de-la-charite.org\/pl\/rodzina\/siostry-meczenniczki-xx-wieku\/#primaryimage","url":"https:\/\/filles-de-la-charite.org\/wp-content\/uploads\/2023\/04\/Soeurs-Martyres-du-20e-siecle-1.png","contentUrl":"https:\/\/filles-de-la-charite.org\/wp-content\/uploads\/2023\/04\/Soeurs-Martyres-du-20e-siecle-1.png","width":590,"height":781},{"@type":"BreadcrumbList","@id":"https:\/\/filles-de-la-charite.org\/pl\/rodzina\/siostry-meczenniczki-xx-wieku\/#breadcrumb","itemListElement":[{"@type":"ListItem","position":1,"name":"Nasza rodzina","item":"https:\/\/filles-de-la-charite.org\/pl\/rodzina\/"},{"@type":"ListItem","position":2,"name":"Siostry M\u0119czenniczki XX wieku"}]},{"@type":"WebSite","@id":"https:\/\/filles-de-la-charite.org\/pl\/#website","url":"https:\/\/filles-de-la-charite.org\/pl\/","name":"Hijas de la Caridad","description":"L\u2019amour de J\u00e9sus nous presse \u00e0 prendre soin des personnes les plus d\u00e9munies","publisher":{"@id":"https:\/\/filles-de-la-charite.org\/pl\/#organization"},"potentialAction":[{"@type":"SearchAction","target":{"@type":"EntryPoint","urlTemplate":"https:\/\/filles-de-la-charite.org\/pl\/?s={search_term_string}"},"query-input":{"@type":"PropertyValueSpecification","valueRequired":true,"valueName":"search_term_string"}}],"inLanguage":"pl-PL"},{"@type":"Organization","@id":"https:\/\/filles-de-la-charite.org\/pl\/#organization","name":"Hijas de la Caridad","url":"https:\/\/filles-de-la-charite.org\/pl\/","logo":{"@type":"ImageObject","inLanguage":"pl-PL","@id":"https:\/\/filles-de-la-charite.org\/pl\/#\/schema\/logo\/image\/","url":"https:\/\/filles-de-la-charite.org\/wp-content\/uploads\/2023\/03\/isotipo-Hijas-de-la-Caridad.png","contentUrl":"https:\/\/filles-de-la-charite.org\/wp-content\/uploads\/2023\/03\/isotipo-Hijas-de-la-Caridad.png","width":1417,"height":1417,"caption":"Hijas de la Caridad"},"image":{"@id":"https:\/\/filles-de-la-charite.org\/pl\/#\/schema\/logo\/image\/"}}]}},"_links":{"self":[{"href":"https:\/\/filles-de-la-charite.org\/pl\/wp-json\/wp\/v2\/familia\/4084","targetHints":{"allow":["GET"]}}],"collection":[{"href":"https:\/\/filles-de-la-charite.org\/pl\/wp-json\/wp\/v2\/familia"}],"about":[{"href":"https:\/\/filles-de-la-charite.org\/pl\/wp-json\/wp\/v2\/types\/familia"}],"wp:featuredmedia":[{"embeddable":true,"href":"https:\/\/filles-de-la-charite.org\/pl\/wp-json\/wp\/v2\/media\/1129"}],"wp:attachment":[{"href":"https:\/\/filles-de-la-charite.org\/pl\/wp-json\/wp\/v2\/media?parent=4084"}],"wp:term":[{"taxonomy":"origen","embeddable":true,"href":"https:\/\/filles-de-la-charite.org\/pl\/wp-json\/wp\/v2\/origen?post=4084"}],"curies":[{"name":"wp","href":"https:\/\/api.w.org\/{rel}","templated":true}]}}