{"id":3047,"date":"2023-04-27T08:58:35","date_gmt":"2023-04-27T06:58:35","guid":{"rendered":"https:\/\/hijascaridad.sjdigitaldemo.ovh\/kacik-modlitewny\/"},"modified":"2024-05-19T18:51:08","modified_gmt":"2024-05-19T16:51:08","slug":"kacik-modlitewny","status":"publish","type":"page","link":"https:\/\/filles-de-la-charite.org\/pl\/vive\/kacik-modlitewny\/","title":{"rendered":"K\u0105cik modlitewny"},"content":{"rendered":"<p><div class=\"et_d4_element et_pb_section et_pb_section_0 et_pb_section_parallax et_pb_with_background  et_pb_css_mix_blend_mode et_section_regular et_block_section\" >\n\t\t\t\t\n\t\t\t\t<span class=\"et_parallax_bg_wrap et-pb-parallax-wrapper\"><span\n\t\t\t\t\t\tclass=\"et_parallax_bg et_parallax_bg--et_pb_section_0\"\n\t\t\t\t\t\tstyle=\"background-image: url(https:\/\/filles-de-la-charite.org\/wp-content\/uploads\/2024\/05\/FxreQDcXgAEaPsH.jpeg);\"\n\t\t\t\t\t><\/span><span\n\t\t\t\t\t\tclass=\"et_parallax_gradient\"\n\t\t\t\t\t\tstyle=\"background-image: linear-gradient( , #ffffff 0%, rgba(249,249,249,0.5) 42% );\"\n\t\t\t\t\t><\/span><\/span>\n\t\t\t\t\n\t\t\t\t\n\t\t\t\t\n\t\t\t\t\n\t\t\t\t<div class=\"et_d4_element et_pb_row et_pb_row_0 et_pb_row_fullwidth et_pb_equal_columns et_pb_gutters1  et_pb_css_mix_blend_mode et_block_row\">\n\t\t\t\t<div class=\"et_d4_element et_pb_column_1_2 et_pb_column et_pb_column_0  et_pb_css_mix_blend_mode et_block_column et_pb_column_empty\">\n\t\t\t\t\n\t\t\t\t\n\t\t\t\t\n\t\t\t\t\n\t\t\t\t\n\t\t\t<\/div><div class=\"et_d4_element et_pb_column_1_2 et_pb_column et_pb_column_1  et_pb_css_mix_blend_mode et-last-child et_block_column\">\n\t\t\t\t\n\t\t\t\t\n\t\t\t\t\n\t\t\t\t\n\t\t\t\t<div class=\"et_pb_module et_d4_element et_pb_text et_pb_text_0 et_animated  et_pb_text_align_left et_pb_bg_layout_dark\">\n\t\t\t\t\n\t\t\t\t\n\t\t\t\t\n\t\t\t\t\n\t\t\t\t<div class=\"et_pb_text_inner\"><h2>K\u0105cik modlitwy<\/h2><\/div>\n\t\t\t<\/div><div class=\"et_pb_module et_d4_element et_pb_divider et_pb_divider_0 et_animated et_pb_divider_position_center et_pb_space\"><div class=\"et_pb_divider_internal\"><\/div><\/div><div class=\"et_pb_module et_d4_element et_pb_text et_pb_text_1 et_animated  et_pb_text_align_left et_pb_bg_layout_dark\">\n\t\t\t\t\n\t\t\t\t\n\t\t\t\t\n\t\t\t\t\n\t\t\t\t<div class=\"et_pb_text_inner\"><p><i>Miesi\u0119czne spotkanie z duchowo\u015bci\u0105 wincenty\u0144sk\u0105<\/i><\/p><\/div>\n\t\t\t<\/div>\n\t\t\t<\/div>\n\t\t\t\t\n\t\t\t\t\n\t\t\t\t\n\t\t\t\t\n\t\t\t<\/div>\n\t\t\t\t\n\t\t\t\t\n\t\t\t<\/div><div class=\"et_d4_element et_pb_section et_pb_section_1 et_pb_with_background  et_pb_css_mix_blend_mode et_section_regular et_block_section\" >\n\t\t\t\t\n\t\t\t\t\n\t\t\t\t\n\t\t\t\t\n\t\t\t\t\n\t\t\t\t\n\t\t\t\t<div class=\"et_d4_element et_pb_row et_pb_row_1  et_pb_css_mix_blend_mode et_block_row\">\n\t\t\t\t<div class=\"et_d4_element et_pb_column_1_4 et_pb_column et_pb_column_2  et_pb_css_mix_blend_mode et_block_column et_pb_column_empty\">\n\t\t\t\t\n\t\t\t\t\n\t\t\t\t\n\t\t\t\t\n\t\t\t\t\n\t\t\t<\/div><div class=\"et_d4_element et_pb_column_1_2 et_pb_column et_pb_column_3  et_pb_css_mix_blend_mode et_block_column\">\n\t\t\t\t\n\t\t\t\t\n\t\t\t\t\n\t\t\t\t\n\t\t\t\t<div class=\"et_pb_module et_d4_element et_pb_text et_pb_text_2  et_pb_text_align_center et_pb_bg_layout_light\">\n\t\t\t\t\n\t\t\t\t\n\t\t\t\t\n\t\t\t\t\n\t\t\t\t<div class=\"et_pb_text_inner\"><p>Pomoc, kt\u00f3rej udzielamy najbardziej potrzebuj\u0105cym, karmi si\u0119 cisz\u0105 i refleksj\u0105, podobnie jak Jezus, kt\u00f3ry cz\u0119sto odchodzi\u0142 na ustronie, aby si\u0119 modli\u0107. Ka\u017cdego miesi\u0105ca zapraszamy, aby\u015b do\u0142\u0105czy\u0142 do nas, ogl\u0105daj\u0105c proponowane wideo, kt\u00f3re pomo\u017ce ci odkry\u0107 i pog\u0142\u0119bi\u0107 pi\u0119kno naszej wincenty\u0144skiej duchowo\u015bci.<\/p><\/div>\n\t\t\t<\/div>\n\t\t\t<\/div><div class=\"et_d4_element et_pb_column_1_4 et_pb_column et_pb_column_4  et_pb_css_mix_blend_mode et-last-child et_block_column et_pb_column_empty\">\n\t\t\t\t\n\t\t\t\t\n\t\t\t\t\n\t\t\t\t\n\t\t\t\t\n\t\t\t<\/div>\n\t\t\t\t\n\t\t\t\t\n\t\t\t\t\n\t\t\t\t\n\t\t\t<\/div>\n\t\t\t\t\n\t\t\t\t\n\t\t\t<\/div><div class=\"et_d4_element et_pb_section et_pb_section_2 et_pb_with_background  et_pb_css_mix_blend_mode et_section_regular et_block_section\" >\n\t\t\t\t\n\t\t\t\t\n\t\t\t\t\n\t\t\t\t\n\t\t\t\t\n\t\t\t\t\n\t\t\t\t<div class=\"et_d4_element et_pb_row et_pb_row_2  et_pb_css_mix_blend_mode et_block_row\">\n\t\t\t\t<div class=\"et_d4_element et_pb_column_4_4 et_pb_column et_pb_column_5  et_pb_css_mix_blend_mode et-last-child et_block_column\">\n\t\t\t\t\n\t\t\t\t\n\t\t\t\t\n\t\t\t\t\n\t\t\t\t<div class=\"et_pb_with_border et_pb_module et_d4_element brbl_post_grid brbl_post_grid_0\">\n\t\t\t\t\n\t\t\t\t\n\t\t\t\t\n\t\t\t\t\n\t\t\t\t\n\t\t\t\t\n\t\t\t\t<div class=\"et_pb_module_inner\">\n\t\t\t\t\t<div class=\"brbl-module brbl-post-grid equal-height-off brbl-postgrid-infinite\" data-options=\"{&quot;layout&quot;:&quot;layout4&quot;,&quot;blog_order&quot;:0,&quot;pagination_type&quot;:&quot;loadmore&quot;,&quot;loadmore_type&quot;:&quot;scroll&quot;}\" >\r\n                <div id=\"brbl-blog-wrapper\" class=\"brbl-blog brbl-blog-scroll-0\"><div class=\"brbl-blog-item  brbl-blog-item-layout4-0\">\r\n        <article class=\"brbl-post-card brbl-post-card-4\">\r\n\t\t\t<figure class=\"brbl-post-thumb\">\r\n\t\t\t\t<a href=\"https:\/\/filles-de-la-charite.org\/pl\/rincon-oracion\/zyjemy-wielkanoca\/\">\r\n\t\t\t\t\t<div class=\"brbl-overlay\" data-icon=\"\"><\/div>\r\n\t\t\t\t\t<img loading=\"lazy\" decoding=\"async\" width=\"1920\" height=\"1080\" src=\"https:\/\/filles-de-la-charite.org\/wp-content\/uploads\/2026\/03\/ZYJEMY-WIELKANOCA_PL.png\" class=\"attachment-full size-full wp-post-image\" alt=\"\" srcset=\"https:\/\/filles-de-la-charite.org\/wp-content\/uploads\/2026\/03\/ZYJEMY-WIELKANOCA_PL.png 1920w, https:\/\/filles-de-la-charite.org\/wp-content\/uploads\/2026\/03\/ZYJEMY-WIELKANOCA_PL-1280x720.png 1280w, https:\/\/filles-de-la-charite.org\/wp-content\/uploads\/2026\/03\/ZYJEMY-WIELKANOCA_PL-980x551.png 980w, https:\/\/filles-de-la-charite.org\/wp-content\/uploads\/2026\/03\/ZYJEMY-WIELKANOCA_PL-480x270.png 480w\" sizes=\"(min-width: 0px) and (max-width: 480px) 480px, (min-width: 481px) and (max-width: 980px) 980px, (min-width: 981px) and (max-width: 1280px) 1280px, (min-width: 1281px) 1920px, 100vw\" \/>\r\n\t\t\t\t<\/a>\r\n\t\t\t\t\r\n\t\t\t<\/figure>\r\n\t\t\t<div class=\"brbl-author-avatar\"><img decoding=\"async\" src=\"https:\/\/secure.gravatar.com\/avatar\/5ecd41630a2a2ce1e2035d7d145b792e188d2d252bf54af8ec5336b476806f25?s=96&d=mm&r=g\"><\/div>\r\n            <div class=\"brbl-blog-content\">\r\n\t\t\t\t\r\n\t\t\t\t\r\n                <div class=\"brbl-blog-meta\">\r\n                    \r\n                    \r\n                <\/div>\r\n            <\/div>\r\n        <\/article>\r\n    <\/div><div class=\"brbl-blog-item  brbl-blog-item-layout4-0\">\r\n        <article class=\"brbl-post-card brbl-post-card-4\">\r\n\t\t\t<figure class=\"brbl-post-thumb\">\r\n\t\t\t\t<a href=\"https:\/\/filles-de-la-charite.org\/pl\/rincon-oracion\/tak-maryi\/\">\r\n\t\t\t\t\t<div class=\"brbl-overlay\" data-icon=\"\"><\/div>\r\n\t\t\t\t\t<img loading=\"lazy\" decoding=\"async\" width=\"1920\" height=\"1080\" src=\"https:\/\/filles-de-la-charite.org\/wp-content\/uploads\/2026\/03\/vlcsnap-2026-03-30-21h03m06s875.png\" class=\"attachment-full size-full wp-post-image\" alt=\"\" srcset=\"https:\/\/filles-de-la-charite.org\/wp-content\/uploads\/2026\/03\/vlcsnap-2026-03-30-21h03m06s875.png 1920w, https:\/\/filles-de-la-charite.org\/wp-content\/uploads\/2026\/03\/vlcsnap-2026-03-30-21h03m06s875-1280x720.png 1280w, https:\/\/filles-de-la-charite.org\/wp-content\/uploads\/2026\/03\/vlcsnap-2026-03-30-21h03m06s875-980x551.png 980w, https:\/\/filles-de-la-charite.org\/wp-content\/uploads\/2026\/03\/vlcsnap-2026-03-30-21h03m06s875-480x270.png 480w\" sizes=\"(min-width: 0px) and (max-width: 480px) 480px, (min-width: 481px) and (max-width: 980px) 980px, (min-width: 981px) and (max-width: 1280px) 1280px, (min-width: 1281px) 1920px, 100vw\" \/>\r\n\t\t\t\t<\/a>\r\n\t\t\t\t\r\n\t\t\t<\/figure>\r\n\t\t\t<div class=\"brbl-author-avatar\"><img decoding=\"async\" src=\"https:\/\/secure.gravatar.com\/avatar\/54e7927e3ac11c7130b4e1e37d82f9a3bbe43932b9b83c9a58448ee2f2a8eec2?s=96&d=mm&r=g\"><\/div>\r\n            <div class=\"brbl-blog-content\">\r\n\t\t\t\t\r\n\t\t\t\t\r\n                <div class=\"brbl-blog-meta\">\r\n                    \r\n                    \r\n                <\/div>\r\n            <\/div>\r\n        <\/article>\r\n    <\/div><div class=\"brbl-blog-item  brbl-blog-item-layout4-0\">\r\n        <article class=\"brbl-post-card brbl-post-card-4\">\r\n\t\t\t<figure class=\"brbl-post-thumb\">\r\n\t\t\t\t<a href=\"https:\/\/filles-de-la-charite.org\/pl\/rincon-oracion\/stawac-sie-coraz-bardziej-tymi-ktore-wprowadzaja-pokoj-i-nadzieje\/\">\r\n\t\t\t\t\t<div class=\"brbl-overlay\" data-icon=\"\"><\/div>\r\n\t\t\t\t\t<img loading=\"lazy\" decoding=\"async\" width=\"1280\" height=\"720\" src=\"https:\/\/filles-de-la-charite.org\/wp-content\/uploads\/2026\/02\/PL-PC-February.jpg\" class=\"attachment-full size-full wp-post-image\" alt=\"\" srcset=\"https:\/\/filles-de-la-charite.org\/wp-content\/uploads\/2026\/02\/PL-PC-February.jpg 1280w, https:\/\/filles-de-la-charite.org\/wp-content\/uploads\/2026\/02\/PL-PC-February-980x551.jpg 980w, https:\/\/filles-de-la-charite.org\/wp-content\/uploads\/2026\/02\/PL-PC-February-480x270.jpg 480w\" sizes=\"(min-width: 0px) and (max-width: 480px) 480px, (min-width: 481px) and (max-width: 980px) 980px, (min-width: 981px) 1280px, 100vw\" \/>\r\n\t\t\t\t<\/a>\r\n\t\t\t\t\r\n\t\t\t<\/figure>\r\n\t\t\t<div class=\"brbl-author-avatar\"><img decoding=\"async\" src=\"https:\/\/secure.gravatar.com\/avatar\/5ecd41630a2a2ce1e2035d7d145b792e188d2d252bf54af8ec5336b476806f25?s=96&d=mm&r=g\"><\/div>\r\n            <div class=\"brbl-blog-content\">\r\n\t\t\t\t\r\n\t\t\t\t\r\n                <div class=\"brbl-blog-meta\">\r\n                    \r\n                    \r\n                <\/div>\r\n            <\/div>\r\n        <\/article>\r\n    <\/div><div class=\"brbl-blog-item  brbl-blog-item-layout4-0\">\r\n        <article class=\"brbl-post-card brbl-post-card-4\">\r\n\t\t\t<figure class=\"brbl-post-thumb\">\r\n\t\t\t\t<a href=\"https:\/\/filles-de-la-charite.org\/pl\/rincon-oracion\/pokoj-chrystusa-zmartwychwstalego-aby-wprowadzac-pokoj-i-nadzieje\/\">\r\n\t\t\t\t\t<div class=\"brbl-overlay\" data-icon=\"\"><\/div>\r\n\t\t\t\t\t<img loading=\"lazy\" decoding=\"async\" width=\"1920\" height=\"1080\" src=\"https:\/\/filles-de-la-charite.org\/wp-content\/uploads\/2026\/01\/PL-Pokoj.jpg\" class=\"attachment-full size-full wp-post-image\" alt=\"\" srcset=\"https:\/\/filles-de-la-charite.org\/wp-content\/uploads\/2026\/01\/PL-Pokoj.jpg 1920w, https:\/\/filles-de-la-charite.org\/wp-content\/uploads\/2026\/01\/PL-Pokoj-1280x720.jpg 1280w, https:\/\/filles-de-la-charite.org\/wp-content\/uploads\/2026\/01\/PL-Pokoj-980x551.jpg 980w, https:\/\/filles-de-la-charite.org\/wp-content\/uploads\/2026\/01\/PL-Pokoj-480x270.jpg 480w\" sizes=\"(min-width: 0px) and (max-width: 480px) 480px, (min-width: 481px) and (max-width: 980px) 980px, (min-width: 981px) and (max-width: 1280px) 1280px, (min-width: 1281px) 1920px, 100vw\" \/>\r\n\t\t\t\t<\/a>\r\n\t\t\t\t\r\n\t\t\t<\/figure>\r\n\t\t\t<div class=\"brbl-author-avatar\"><img decoding=\"async\" src=\"https:\/\/secure.gravatar.com\/avatar\/5ecd41630a2a2ce1e2035d7d145b792e188d2d252bf54af8ec5336b476806f25?s=96&d=mm&r=g\"><\/div>\r\n            <div class=\"brbl-blog-content\">\r\n\t\t\t\t\r\n\t\t\t\t\r\n                <div class=\"brbl-blog-meta\">\r\n                    \r\n                    \r\n                <\/div>\r\n            <\/div>\r\n        <\/article>\r\n    <\/div><div class=\"brbl-blog-item  brbl-blog-item-layout4-0\">\r\n        <article class=\"brbl-post-card brbl-post-card-4\">\r\n\t\t\t<figure class=\"brbl-post-thumb\">\r\n\t\t\t\t<a href=\"https:\/\/filles-de-la-charite.org\/pl\/rincon-oracion\/adwent-z-maryja-niesmy-pokoj-i-nadzieje\/\">\r\n\t\t\t\t\t<div class=\"brbl-overlay\" data-icon=\"\"><\/div>\r\n\t\t\t\t\t<img loading=\"lazy\" decoding=\"async\" width=\"1280\" height=\"720\" src=\"https:\/\/filles-de-la-charite.org\/wp-content\/uploads\/2025\/12\/PL_ADVEN-1.jpg\" class=\"attachment-full size-full wp-post-image\" alt=\"\" srcset=\"https:\/\/filles-de-la-charite.org\/wp-content\/uploads\/2025\/12\/PL_ADVEN-1.jpg 1280w, https:\/\/filles-de-la-charite.org\/wp-content\/uploads\/2025\/12\/PL_ADVEN-1-980x551.jpg 980w, https:\/\/filles-de-la-charite.org\/wp-content\/uploads\/2025\/12\/PL_ADVEN-1-480x270.jpg 480w\" sizes=\"(min-width: 0px) and (max-width: 480px) 480px, (min-width: 481px) and (max-width: 980px) 980px, (min-width: 981px) 1280px, 100vw\" \/>\r\n\t\t\t\t<\/a>\r\n\t\t\t\t\r\n\t\t\t<\/figure>\r\n\t\t\t<div class=\"brbl-author-avatar\"><img decoding=\"async\" src=\"https:\/\/secure.gravatar.com\/avatar\/54e7927e3ac11c7130b4e1e37d82f9a3bbe43932b9b83c9a58448ee2f2a8eec2?s=96&d=mm&r=g\"><\/div>\r\n            <div class=\"brbl-blog-content\">\r\n\t\t\t\t\r\n\t\t\t\t\r\n                <div class=\"brbl-blog-meta\">\r\n                    \r\n                    \r\n                <\/div>\r\n            <\/div>\r\n        <\/article>\r\n    <\/div><div class=\"brbl-blog-item  brbl-blog-item-layout4-0\">\r\n        <article class=\"brbl-post-card brbl-post-card-4\">\r\n\t\t\t<figure class=\"brbl-post-thumb\">\r\n\t\t\t\t<a href=\"https:\/\/filles-de-la-charite.org\/pl\/rincon-oracion\/siostry-milosierdzia-z-siostra-francoise-petit\/\">\r\n\t\t\t\t\t<div class=\"brbl-overlay\" data-icon=\"\"><\/div>\r\n\t\t\t\t\t<img loading=\"lazy\" decoding=\"async\" width=\"2048\" height=\"1211\" src=\"https:\/\/filles-de-la-charite.org\/wp-content\/uploads\/2025\/11\/PC-Yonide-.png\" class=\"attachment-full size-full wp-post-image\" alt=\"\" srcset=\"https:\/\/filles-de-la-charite.org\/wp-content\/uploads\/2025\/11\/PC-Yonide-.png 2048w, https:\/\/filles-de-la-charite.org\/wp-content\/uploads\/2025\/11\/PC-Yonide--1280x757.png 1280w, https:\/\/filles-de-la-charite.org\/wp-content\/uploads\/2025\/11\/PC-Yonide--980x579.png 980w, https:\/\/filles-de-la-charite.org\/wp-content\/uploads\/2025\/11\/PC-Yonide--480x284.png 480w\" sizes=\"(min-width: 0px) and (max-width: 480px) 480px, (min-width: 481px) and (max-width: 980px) 980px, (min-width: 981px) and (max-width: 1280px) 1280px, (min-width: 1281px) 2048px, 100vw\" \/>\r\n\t\t\t\t<\/a>\r\n\t\t\t\t\r\n\t\t\t<\/figure>\r\n\t\t\t<div class=\"brbl-author-avatar\"><img decoding=\"async\" src=\"https:\/\/secure.gravatar.com\/avatar\/54e7927e3ac11c7130b4e1e37d82f9a3bbe43932b9b83c9a58448ee2f2a8eec2?s=96&d=mm&r=g\"><\/div>\r\n            <div class=\"brbl-blog-content\">\r\n\t\t\t\t\r\n\t\t\t\t\r\n                <div class=\"brbl-blog-meta\">\r\n                    \r\n                    \r\n                <\/div>\r\n            <\/div>\r\n        <\/article>\r\n    <\/div><div class=\"brbl-blog-item  brbl-blog-item-layout4-0\">\r\n        <article class=\"brbl-post-card brbl-post-card-4\">\r\n\t\t\t<figure class=\"brbl-post-thumb\">\r\n\t\t\t\t<a href=\"https:\/\/filles-de-la-charite.org\/pl\/rincon-oracion\/wprowadzajace-pokoj-i-nadzieje\/\">\r\n\t\t\t\t\t<div class=\"brbl-overlay\" data-icon=\"\"><\/div>\r\n\t\t\t\t\t<img loading=\"lazy\" decoding=\"async\" width=\"2560\" height=\"1440\" src=\"https:\/\/filles-de-la-charite.org\/wp-content\/uploads\/2025\/09\/Diapositiva4-1-scaled.jpg\" class=\"attachment-full size-full wp-post-image\" alt=\"\" srcset=\"https:\/\/filles-de-la-charite.org\/wp-content\/uploads\/2025\/09\/Diapositiva4-1-scaled.jpg 2560w, https:\/\/filles-de-la-charite.org\/wp-content\/uploads\/2025\/09\/Diapositiva4-1-1280x720.jpg 1280w, https:\/\/filles-de-la-charite.org\/wp-content\/uploads\/2025\/09\/Diapositiva4-1-980x551.jpg 980w, https:\/\/filles-de-la-charite.org\/wp-content\/uploads\/2025\/09\/Diapositiva4-1-480x270.jpg 480w\" sizes=\"(min-width: 0px) and (max-width: 480px) 480px, (min-width: 481px) and (max-width: 980px) 980px, (min-width: 981px) and (max-width: 1280px) 1280px, (min-width: 1281px) 2560px, 100vw\" \/>\r\n\t\t\t\t<\/a>\r\n\t\t\t\t\r\n\t\t\t<\/figure>\r\n\t\t\t<div class=\"brbl-author-avatar\"><img decoding=\"async\" src=\"https:\/\/secure.gravatar.com\/avatar\/d2c45b0fd6bf2d3e2670ab3d112257c24ac80fa960360bba1bdc0676485d1d09?s=96&d=mm&r=g\"><\/div>\r\n            <div class=\"brbl-blog-content\">\r\n\t\t\t\t\r\n\t\t\t\t\r\n                <div class=\"brbl-blog-meta\">\r\n                    \r\n                    \r\n                <\/div>\r\n            <\/div>\r\n        <\/article>\r\n    <\/div><div class=\"brbl-blog-item  brbl-blog-item-layout4-0\">\r\n        <article class=\"brbl-post-card brbl-post-card-4\">\r\n\t\t\t<figure class=\"brbl-post-thumb\">\r\n\t\t\t\t<a href=\"https:\/\/filles-de-la-charite.org\/pl\/rincon-oracion\/swiety-wincenty-a-paulo-pielgrzym-nadziei-pl\/\">\r\n\t\t\t\t\t<div class=\"brbl-overlay\" data-icon=\"\"><\/div>\r\n\t\t\t\t\t<img loading=\"lazy\" decoding=\"async\" width=\"1920\" height=\"1080\" src=\"https:\/\/filles-de-la-charite.org\/wp-content\/uploads\/2025\/09\/PL-vincent.jpg\" class=\"attachment-full size-full wp-post-image\" alt=\"\" srcset=\"https:\/\/filles-de-la-charite.org\/wp-content\/uploads\/2025\/09\/PL-vincent.jpg 1920w, https:\/\/filles-de-la-charite.org\/wp-content\/uploads\/2025\/09\/PL-vincent-1280x720.jpg 1280w, https:\/\/filles-de-la-charite.org\/wp-content\/uploads\/2025\/09\/PL-vincent-980x551.jpg 980w, https:\/\/filles-de-la-charite.org\/wp-content\/uploads\/2025\/09\/PL-vincent-480x270.jpg 480w\" sizes=\"(min-width: 0px) and (max-width: 480px) 480px, (min-width: 481px) and (max-width: 980px) 980px, (min-width: 981px) and (max-width: 1280px) 1280px, (min-width: 1281px) 1920px, 100vw\" \/>\r\n\t\t\t\t<\/a>\r\n\t\t\t\t\r\n\t\t\t<\/figure>\r\n\t\t\t<div class=\"brbl-author-avatar\"><img decoding=\"async\" src=\"https:\/\/secure.gravatar.com\/avatar\/5ecd41630a2a2ce1e2035d7d145b792e188d2d252bf54af8ec5336b476806f25?s=96&d=mm&r=g\"><\/div>\r\n            <div class=\"brbl-blog-content\">\r\n\t\t\t\t\r\n\t\t\t\t\r\n                <div class=\"brbl-blog-meta\">\r\n                    \r\n                    \r\n                <\/div>\r\n            <\/div>\r\n        <\/article>\r\n    <\/div><div class=\"brbl-blog-item  brbl-blog-item-layout4-0\">\r\n        <article class=\"brbl-post-card brbl-post-card-4\">\r\n\t\t\t<figure class=\"brbl-post-thumb\">\r\n\t\t\t\t<a href=\"https:\/\/filles-de-la-charite.org\/pl\/rincon-oracion\/maryja-niewiasta-niezwykla-list-siostry-francoise-petit-15-sierpnia-2025-pl\/\">\r\n\t\t\t\t\t<div class=\"brbl-overlay\" data-icon=\"\"><\/div>\r\n\t\t\t\t\t<img loading=\"lazy\" decoding=\"async\" width=\"1280\" height=\"720\" src=\"https:\/\/filles-de-la-charite.org\/wp-content\/uploads\/2025\/08\/PL-Mary-Thumbnail.jpg\" class=\"attachment-full size-full wp-post-image\" alt=\"\" srcset=\"https:\/\/filles-de-la-charite.org\/wp-content\/uploads\/2025\/08\/PL-Mary-Thumbnail.jpg 1280w, https:\/\/filles-de-la-charite.org\/wp-content\/uploads\/2025\/08\/PL-Mary-Thumbnail-980x551.jpg 980w, https:\/\/filles-de-la-charite.org\/wp-content\/uploads\/2025\/08\/PL-Mary-Thumbnail-480x270.jpg 480w\" sizes=\"(min-width: 0px) and (max-width: 480px) 480px, (min-width: 481px) and (max-width: 980px) 980px, (min-width: 981px) 1280px, 100vw\" \/>\r\n\t\t\t\t<\/a>\r\n\t\t\t\t\r\n\t\t\t<\/figure>\r\n\t\t\t<div class=\"brbl-author-avatar\"><img decoding=\"async\" src=\"https:\/\/secure.gravatar.com\/avatar\/d2c45b0fd6bf2d3e2670ab3d112257c24ac80fa960360bba1bdc0676485d1d09?s=96&d=mm&r=g\"><\/div>\r\n            <div class=\"brbl-blog-content\">\r\n\t\t\t\t\r\n\t\t\t\t\r\n                <div class=\"brbl-blog-meta\">\r\n                    \r\n                    \r\n                <\/div>\r\n            <\/div>\r\n        <\/article>\r\n    <\/div><div class=\"brbl-blog-item  brbl-blog-item-layout4-0\">\r\n        <article class=\"brbl-post-card brbl-post-card-4\">\r\n\t\t\t<figure class=\"brbl-post-thumb\">\r\n\t\t\t\t<a href=\"https:\/\/filles-de-la-charite.org\/pl\/rincon-oracion\/oto-najswietsza-panna-w-nocy-z-18-na-19-lipca-1830-roku\/\">\r\n\t\t\t\t\t<div class=\"brbl-overlay\" data-icon=\"\"><\/div>\r\n\t\t\t\t\t<img loading=\"lazy\" decoding=\"async\" width=\"1280\" height=\"720\" src=\"https:\/\/filles-de-la-charite.org\/wp-content\/uploads\/2025\/07\/PL-PC-July.jpg\" class=\"attachment-full size-full wp-post-image\" alt=\"\" srcset=\"https:\/\/filles-de-la-charite.org\/wp-content\/uploads\/2025\/07\/PL-PC-July.jpg 1280w, https:\/\/filles-de-la-charite.org\/wp-content\/uploads\/2025\/07\/PL-PC-July-980x551.jpg 980w, https:\/\/filles-de-la-charite.org\/wp-content\/uploads\/2025\/07\/PL-PC-July-480x270.jpg 480w\" sizes=\"(min-width: 0px) and (max-width: 480px) 480px, (min-width: 481px) and (max-width: 980px) 980px, (min-width: 981px) 1280px, 100vw\" \/>\r\n\t\t\t\t<\/a>\r\n\t\t\t\t\r\n\t\t\t<\/figure>\r\n\t\t\t<div class=\"brbl-author-avatar\"><img decoding=\"async\" src=\"https:\/\/secure.gravatar.com\/avatar\/5ecd41630a2a2ce1e2035d7d145b792e188d2d252bf54af8ec5336b476806f25?s=96&d=mm&r=g\"><\/div>\r\n            <div class=\"brbl-blog-content\">\r\n\t\t\t\t\r\n\t\t\t\t\r\n                <div class=\"brbl-blog-meta\">\r\n                    \r\n                    \r\n                <\/div>\r\n            <\/div>\r\n        <\/article>\r\n    <\/div><div class=\"brbl-blog-item  brbl-blog-item-layout4-0\">\r\n        <article class=\"brbl-post-card brbl-post-card-4\">\r\n\t\t\t<figure class=\"brbl-post-thumb\">\r\n\t\t\t\t<a href=\"https:\/\/filles-de-la-charite.org\/pl\/rincon-oracion\/nabozenstwo-siostr-milosierdzia-do-najswietszego-serca-pana-jezusa\/\">\r\n\t\t\t\t\t<div class=\"brbl-overlay\" data-icon=\"\"><\/div>\r\n\t\t\t\t\t<img loading=\"lazy\" decoding=\"async\" width=\"1280\" height=\"720\" src=\"https:\/\/filles-de-la-charite.org\/wp-content\/uploads\/2025\/07\/PL-Thumbnail-June.jpg\" class=\"attachment-full size-full wp-post-image\" alt=\"\" srcset=\"https:\/\/filles-de-la-charite.org\/wp-content\/uploads\/2025\/07\/PL-Thumbnail-June.jpg 1280w, https:\/\/filles-de-la-charite.org\/wp-content\/uploads\/2025\/07\/PL-Thumbnail-June-980x551.jpg 980w, https:\/\/filles-de-la-charite.org\/wp-content\/uploads\/2025\/07\/PL-Thumbnail-June-480x270.jpg 480w\" sizes=\"(min-width: 0px) and (max-width: 480px) 480px, (min-width: 481px) and (max-width: 980px) 980px, (min-width: 981px) 1280px, 100vw\" \/>\r\n\t\t\t\t<\/a>\r\n\t\t\t\t\r\n\t\t\t<\/figure>\r\n\t\t\t<div class=\"brbl-author-avatar\"><img decoding=\"async\" src=\"https:\/\/secure.gravatar.com\/avatar\/5ecd41630a2a2ce1e2035d7d145b792e188d2d252bf54af8ec5336b476806f25?s=96&d=mm&r=g\"><\/div>\r\n            <div class=\"brbl-blog-content\">\r\n\t\t\t\t\r\n\t\t\t\t\r\n                <div class=\"brbl-blog-meta\">\r\n                    \r\n                    \r\n                <\/div>\r\n            <\/div>\r\n        <\/article>\r\n    <\/div><div class=\"brbl-blog-item  brbl-blog-item-layout4-0\">\r\n        <article class=\"brbl-post-card brbl-post-card-4\">\r\n\t\t\t<figure class=\"brbl-post-thumb\">\r\n\t\t\t\t<a href=\"https:\/\/filles-de-la-charite.org\/pl\/rincon-oracion\/najswietsza-dziewica-matka-pielgrzymow-nadzie\/\">\r\n\t\t\t\t\t<div class=\"brbl-overlay\" data-icon=\"\"><\/div>\r\n\t\t\t\t\t<img loading=\"lazy\" decoding=\"async\" width=\"1280\" height=\"720\" src=\"https:\/\/filles-de-la-charite.org\/wp-content\/uploads\/2025\/05\/PL-PC-Mei.jpg\" class=\"attachment-full size-full wp-post-image\" alt=\"\" srcset=\"https:\/\/filles-de-la-charite.org\/wp-content\/uploads\/2025\/05\/PL-PC-Mei.jpg 1280w, https:\/\/filles-de-la-charite.org\/wp-content\/uploads\/2025\/05\/PL-PC-Mei-980x551.jpg 980w, https:\/\/filles-de-la-charite.org\/wp-content\/uploads\/2025\/05\/PL-PC-Mei-480x270.jpg 480w\" sizes=\"(min-width: 0px) and (max-width: 480px) 480px, (min-width: 481px) and (max-width: 980px) 980px, (min-width: 981px) 1280px, 100vw\" \/>\r\n\t\t\t\t<\/a>\r\n\t\t\t\t\r\n\t\t\t<\/figure>\r\n\t\t\t<div class=\"brbl-author-avatar\"><img decoding=\"async\" src=\"https:\/\/secure.gravatar.com\/avatar\/5ecd41630a2a2ce1e2035d7d145b792e188d2d252bf54af8ec5336b476806f25?s=96&d=mm&r=g\"><\/div>\r\n            <div class=\"brbl-blog-content\">\r\n\t\t\t\t\r\n\t\t\t\t\r\n                <div class=\"brbl-blog-meta\">\r\n                    \r\n                    \r\n                <\/div>\r\n            <\/div>\r\n        <\/article>\r\n    <\/div><\/div><nav class=\"brbl-pagination\" role=\"navigation\" aria-label=\"Pagination\"><div class=\"brbl-page-load-status brbl-page-load-status-0\" style=\"display: none;\">\r\n\t\t\t\t<div class=\"loader-ellips infinite-scroll-request\">\r\n\t\t\t\t\t<span class=\"loader-ellips__dot\"><\/span>\r\n\t\t\t\t\t<span class=\"loader-ellips__dot\"><\/span>\r\n\t\t\t\t\t<span class=\"loader-ellips__dot\"><\/span>\r\n\t\t\t\t\t<span class=\"loader-ellips__dot\"><\/span>\r\n\t\t\t\t<\/div>\r\n\t\t\t<\/div><div class=\"pagination clearfix\">\r\n\t<div class=\"alignleft\"><a href=\"https:\/\/filles-de-la-charite.org\/pl\/wp-json\/wp\/v2\/pages\/3047\/page\/2\/\" >&laquo; Starsze Wpisy<\/a><\/div>\r\n\t<div class=\"alignright\"><\/div>\r\n<\/div><\/nav>\r\n            <\/div>\n\t\t\t\t<\/div>\n\t\t\t<\/div>\n\t\t\t<\/div>\n\t\t\t\t\n\t\t\t\t\n\t\t\t\t\n\t\t\t\t\n\t\t\t<\/div>\n\t\t\t\t\n\t\t\t\t\n\t\t\t<\/div><\/p>\n","protected":false},"excerpt":{"rendered":"","protected":false},"author":1,"featured_media":0,"parent":3067,"menu_order":0,"comment_status":"closed","ping_status":"closed","template":"","meta":{"_acf_changed":false,"_et_pb_use_builder":"on","_et_pb_old_content":"","_et_gb_content_width":"","footnotes":"","_links_to":"","_links_to_target":""},"class_list":["post-3047","page","type-page","status-publish","hentry"],"acf":[],"yoast_head":"<!-- This site is optimized with the Yoast SEO plugin v27.5 - https:\/\/yoast.com\/product\/yoast-seo-wordpress\/ -->\n<title>K\u0105cik modlitewny - Filles de la Charit\u00e9<\/title>\n<meta name=\"robots\" content=\"index, follow, max-snippet:-1, max-image-preview:large, max-video-preview:-1\" \/>\n<link rel=\"canonical\" href=\"https:\/\/filles-de-la-charite.org\/pl\/vive\/kacik-modlitewny\/\" \/>\n<meta property=\"og:locale\" content=\"pl_PL\" \/>\n<meta property=\"og:type\" content=\"article\" \/>\n<meta property=\"og:title\" content=\"K\u0105cik modlitewny - Filles de la Charit\u00e9\" \/>\n<meta property=\"og:url\" content=\"https:\/\/filles-de-la-charite.org\/pl\/vive\/kacik-modlitewny\/\" \/>\n<meta property=\"og:site_name\" content=\"Filles de la Charit\u00e9\" \/>\n<meta property=\"article:modified_time\" content=\"2024-05-19T16:51:08+00:00\" \/>\n<meta name=\"twitter:card\" content=\"summary_large_image\" \/>\n<meta name=\"twitter:label1\" content=\"Szacowany czas czytania\" \/>\n\t<meta name=\"twitter:data1\" content=\"4 minuty\" \/>\n<script type=\"application\/ld+json\" class=\"yoast-schema-graph\">{\"@context\":\"https:\\\/\\\/schema.org\",\"@graph\":[{\"@type\":\"WebPage\",\"@id\":\"https:\\\/\\\/filles-de-la-charite.org\\\/pl\\\/vive\\\/kacik-modlitewny\\\/\",\"url\":\"https:\\\/\\\/filles-de-la-charite.org\\\/pl\\\/vive\\\/kacik-modlitewny\\\/\",\"name\":\"K\u0105cik modlitewny - Filles de la Charit\u00e9\",\"isPartOf\":{\"@id\":\"https:\\\/\\\/filles-de-la-charite.org\\\/pl\\\/#website\"},\"datePublished\":\"2023-04-27T06:58:35+00:00\",\"dateModified\":\"2024-05-19T16:51:08+00:00\",\"breadcrumb\":{\"@id\":\"https:\\\/\\\/filles-de-la-charite.org\\\/pl\\\/vive\\\/kacik-modlitewny\\\/#breadcrumb\"},\"inLanguage\":\"pl-PL\",\"potentialAction\":[{\"@type\":\"ReadAction\",\"target\":[\"https:\\\/\\\/filles-de-la-charite.org\\\/pl\\\/vive\\\/kacik-modlitewny\\\/\"]}]},{\"@type\":\"BreadcrumbList\",\"@id\":\"https:\\\/\\\/filles-de-la-charite.org\\\/pl\\\/vive\\\/kacik-modlitewny\\\/#breadcrumb\",\"itemListElement\":[{\"@type\":\"ListItem\",\"position\":1,\"name\":\"Vive\",\"item\":\"https:\\\/\\\/filles-de-la-charite.org\\\/pl\\\/vive\\\/\"},{\"@type\":\"ListItem\",\"position\":2,\"name\":\"K\u0105cik modlitewny\"}]},{\"@type\":\"WebSite\",\"@id\":\"https:\\\/\\\/filles-de-la-charite.org\\\/pl\\\/#website\",\"url\":\"https:\\\/\\\/filles-de-la-charite.org\\\/pl\\\/\",\"name\":\"Hijas de la Caridad\",\"description\":\"L\u2019amour de J\u00e9sus nous presse \u00e0 prendre soin des personnes les plus d\u00e9munies\",\"publisher\":{\"@id\":\"https:\\\/\\\/filles-de-la-charite.org\\\/pl\\\/#organization\"},\"potentialAction\":[{\"@type\":\"SearchAction\",\"target\":{\"@type\":\"EntryPoint\",\"urlTemplate\":\"https:\\\/\\\/filles-de-la-charite.org\\\/pl\\\/?s={search_term_string}\"},\"query-input\":{\"@type\":\"PropertyValueSpecification\",\"valueRequired\":true,\"valueName\":\"search_term_string\"}}],\"inLanguage\":\"pl-PL\"},{\"@type\":\"Organization\",\"@id\":\"https:\\\/\\\/filles-de-la-charite.org\\\/pl\\\/#organization\",\"name\":\"Hijas de la Caridad\",\"url\":\"https:\\\/\\\/filles-de-la-charite.org\\\/pl\\\/\",\"logo\":{\"@type\":\"ImageObject\",\"inLanguage\":\"pl-PL\",\"@id\":\"https:\\\/\\\/filles-de-la-charite.org\\\/pl\\\/#\\\/schema\\\/logo\\\/image\\\/\",\"url\":\"https:\\\/\\\/filles-de-la-charite.org\\\/wp-content\\\/uploads\\\/2023\\\/03\\\/isotipo-Hijas-de-la-Caridad.png\",\"contentUrl\":\"https:\\\/\\\/filles-de-la-charite.org\\\/wp-content\\\/uploads\\\/2023\\\/03\\\/isotipo-Hijas-de-la-Caridad.png\",\"width\":1417,\"height\":1417,\"caption\":\"Hijas de la Caridad\"},\"image\":{\"@id\":\"https:\\\/\\\/filles-de-la-charite.org\\\/pl\\\/#\\\/schema\\\/logo\\\/image\\\/\"}}]}<\/script>\n<!-- \/ Yoast SEO plugin. -->","yoast_head_json":{"title":"K\u0105cik modlitewny - Filles de la Charit\u00e9","robots":{"index":"index","follow":"follow","max-snippet":"max-snippet:-1","max-image-preview":"max-image-preview:large","max-video-preview":"max-video-preview:-1"},"canonical":"https:\/\/filles-de-la-charite.org\/pl\/vive\/kacik-modlitewny\/","og_locale":"pl_PL","og_type":"article","og_title":"K\u0105cik modlitewny - Filles de la Charit\u00e9","og_url":"https:\/\/filles-de-la-charite.org\/pl\/vive\/kacik-modlitewny\/","og_site_name":"Filles de la Charit\u00e9","article_modified_time":"2024-05-19T16:51:08+00:00","twitter_card":"summary_large_image","twitter_misc":{"Szacowany czas czytania":"4 minuty"},"schema":{"@context":"https:\/\/schema.org","@graph":[{"@type":"WebPage","@id":"https:\/\/filles-de-la-charite.org\/pl\/vive\/kacik-modlitewny\/","url":"https:\/\/filles-de-la-charite.org\/pl\/vive\/kacik-modlitewny\/","name":"K\u0105cik modlitewny - Filles de la Charit\u00e9","isPartOf":{"@id":"https:\/\/filles-de-la-charite.org\/pl\/#website"},"datePublished":"2023-04-27T06:58:35+00:00","dateModified":"2024-05-19T16:51:08+00:00","breadcrumb":{"@id":"https:\/\/filles-de-la-charite.org\/pl\/vive\/kacik-modlitewny\/#breadcrumb"},"inLanguage":"pl-PL","potentialAction":[{"@type":"ReadAction","target":["https:\/\/filles-de-la-charite.org\/pl\/vive\/kacik-modlitewny\/"]}]},{"@type":"BreadcrumbList","@id":"https:\/\/filles-de-la-charite.org\/pl\/vive\/kacik-modlitewny\/#breadcrumb","itemListElement":[{"@type":"ListItem","position":1,"name":"Vive","item":"https:\/\/filles-de-la-charite.org\/pl\/vive\/"},{"@type":"ListItem","position":2,"name":"K\u0105cik modlitewny"}]},{"@type":"WebSite","@id":"https:\/\/filles-de-la-charite.org\/pl\/#website","url":"https:\/\/filles-de-la-charite.org\/pl\/","name":"Hijas de la Caridad","description":"L\u2019amour de J\u00e9sus nous presse \u00e0 prendre soin des personnes les plus d\u00e9munies","publisher":{"@id":"https:\/\/filles-de-la-charite.org\/pl\/#organization"},"potentialAction":[{"@type":"SearchAction","target":{"@type":"EntryPoint","urlTemplate":"https:\/\/filles-de-la-charite.org\/pl\/?s={search_term_string}"},"query-input":{"@type":"PropertyValueSpecification","valueRequired":true,"valueName":"search_term_string"}}],"inLanguage":"pl-PL"},{"@type":"Organization","@id":"https:\/\/filles-de-la-charite.org\/pl\/#organization","name":"Hijas de la Caridad","url":"https:\/\/filles-de-la-charite.org\/pl\/","logo":{"@type":"ImageObject","inLanguage":"pl-PL","@id":"https:\/\/filles-de-la-charite.org\/pl\/#\/schema\/logo\/image\/","url":"https:\/\/filles-de-la-charite.org\/wp-content\/uploads\/2023\/03\/isotipo-Hijas-de-la-Caridad.png","contentUrl":"https:\/\/filles-de-la-charite.org\/wp-content\/uploads\/2023\/03\/isotipo-Hijas-de-la-Caridad.png","width":1417,"height":1417,"caption":"Hijas de la Caridad"},"image":{"@id":"https:\/\/filles-de-la-charite.org\/pl\/#\/schema\/logo\/image\/"}}]}},"_links":{"self":[{"href":"https:\/\/filles-de-la-charite.org\/pl\/wp-json\/wp\/v2\/pages\/3047","targetHints":{"allow":["GET"]}}],"collection":[{"href":"https:\/\/filles-de-la-charite.org\/pl\/wp-json\/wp\/v2\/pages"}],"about":[{"href":"https:\/\/filles-de-la-charite.org\/pl\/wp-json\/wp\/v2\/types\/page"}],"author":[{"embeddable":true,"href":"https:\/\/filles-de-la-charite.org\/pl\/wp-json\/wp\/v2\/users\/1"}],"replies":[{"embeddable":true,"href":"https:\/\/filles-de-la-charite.org\/pl\/wp-json\/wp\/v2\/comments?post=3047"}],"version-history":[{"count":23,"href":"https:\/\/filles-de-la-charite.org\/pl\/wp-json\/wp\/v2\/pages\/3047\/revisions"}],"predecessor-version":[{"id":35714,"href":"https:\/\/filles-de-la-charite.org\/pl\/wp-json\/wp\/v2\/pages\/3047\/revisions\/35714"}],"up":[{"embeddable":true,"href":"https:\/\/filles-de-la-charite.org\/pl\/wp-json\/wp\/v2\/pages\/3067"}],"wp:attachment":[{"href":"https:\/\/filles-de-la-charite.org\/pl\/wp-json\/wp\/v2\/media?parent=3047"}],"curies":[{"name":"wp","href":"https:\/\/api.w.org\/{rel}","templated":true}]}}