{"id":3304,"date":"2023-04-13T10:17:11","date_gmt":"2023-04-13T08:17:11","guid":{"rendered":"https:\/\/hijascaridad.sjdigitaldemo.ovh\/inspiruja-nas\/"},"modified":"2024-04-15T19:05:51","modified_gmt":"2024-04-15T17:05:51","slug":"inspiruja-nas","status":"publish","type":"page","link":"https:\/\/filles-de-la-charite.org\/pl\/jestesmy\/inspiruja-nas\/","title":{"rendered":"Inspiruj\u0105 nas"},"content":{"rendered":"<p><div class=\"et_d4_element et_pb_section et_pb_section_0 et_pb_section_parallax et_pb_with_background  et_pb_css_mix_blend_mode et_section_regular et_block_section\" >\n\t\t\t\t\n\t\t\t\t<span class=\"et_parallax_bg_wrap et-pb-parallax-wrapper\"><span\n\t\t\t\t\t\tclass=\"et_parallax_bg et_parallax_bg--et_pb_section_0\"\n\t\t\t\t\t\tstyle=\"background-image: url(https:\/\/filles-de-la-charite.org\/wp-content\/uploads\/2023\/03\/pancarta_vincent_louise3-3.png);\"\n\t\t\t\t\t><\/span><span\n\t\t\t\t\t\tclass=\"et_parallax_gradient\"\n\t\t\t\t\t\tstyle=\"background-image: linear-gradient( , #ffffff 0%, rgba(249,249,249,0.5) 100% );\"\n\t\t\t\t\t><\/span><\/span>\n\t\t\t\t\n\t\t\t\t\n\t\t\t\t\n\t\t\t\t\n\t\t\t\t<div class=\"et_d4_element et_pb_row et_pb_row_0 et_pb_row_fullwidth et_pb_equal_columns et_pb_gutters1  et_pb_css_mix_blend_mode et_block_row\">\n\t\t\t\t<div class=\"et_d4_element et_pb_column_1_4 et_pb_column et_pb_column_0  et_pb_css_mix_blend_mode et_block_column et_pb_column_empty\">\n\t\t\t\t\n\t\t\t\t\n\t\t\t\t\n\t\t\t\t\n\t\t\t\t\n\t\t\t<\/div><div class=\"et_d4_element et_pb_column_1_4 et_pb_column et_pb_column_1  et_pb_css_mix_blend_mode et_block_column et_pb_column_empty\">\n\t\t\t\t\n\t\t\t\t\n\t\t\t\t\n\t\t\t\t\n\t\t\t\t\n\t\t\t<\/div><div class=\"et_d4_element et_pb_column_1_2 et_pb_column et_pb_column_2  et_pb_css_mix_blend_mode et-last-child et_block_column\">\n\t\t\t\t\n\t\t\t\t\n\t\t\t\t\n\t\t\t\t\n\t\t\t\t<div class=\"et_pb_module et_d4_element et_pb_text et_pb_text_0 et_animated  et_pb_text_align_left et_pb_bg_layout_dark\">\n\t\t\t\t\n\t\t\t\t\n\t\t\t\t\n\t\t\t\t\n\t\t\t\t<div class=\"et_pb_text_inner\"><h1>Nasze \u017ar\u00f3d\u0142a inspiracji<\/h1>\n<h2>\u015awiat\u0142o na drodze<\/h2><\/div>\n\t\t\t<\/div><div class=\"et_pb_module et_d4_element et_pb_divider et_pb_divider_0 et_animated et_pb_divider_position_center et_pb_space\"><div class=\"et_pb_divider_internal\"><\/div><\/div><div class=\"et_pb_module et_d4_element et_pb_text et_pb_text_1 et_animated  et_pb_text_align_left et_pb_bg_layout_dark\">\n\t\t\t\t\n\t\t\t\t\n\t\t\t\t\n\t\t\t\t\n\t\t\t\t<div class=\"et_pb_text_inner\"><p>\u015awi\u0119ci i b\u0142ogos\u0142awieni naszej Rodziny<\/p>\n<p><span style=\"font-weight: 400;\">\u00a0<\/span><\/p><\/div>\n\t\t\t<\/div>\n\t\t\t<\/div>\n\t\t\t\t\n\t\t\t\t\n\t\t\t\t\n\t\t\t\t\n\t\t\t<\/div>\n\t\t\t\t\n\t\t\t\t\n\t\t\t<\/div><div class=\"et_d4_element et_pb_section et_pb_section_1  et_pb_css_mix_blend_mode et_section_regular et_block_section\" >\n\t\t\t\t\n\t\t\t\t\n\t\t\t\t\n\t\t\t\t\n\t\t\t\t\n\t\t\t\t\n\t\t\t\t<div class=\"et_d4_element et_pb_row et_pb_row_1  et_pb_css_mix_blend_mode et_block_row\">\n\t\t\t\t<div class=\"et_d4_element et_pb_column_1_3 et_pb_column et_pb_column_3  et_pb_css_mix_blend_mode et_block_column\">\n\t\t\t\t\n\t\t\t\t\n\t\t\t\t\n\t\t\t\t\n\t\t\t\t<div class=\"et_pb_module et_d4_element et_pb_text et_pb_text_2 et_animated  et_pb_text_align_left et_pb_bg_layout_light\">\n\t\t\t\t\n\t\t\t\t\n\t\t\t\t\n\t\t\t\t\n\t\t\t\t<div class=\"et_pb_text_inner\"><h1><span>Nasza Rodzina<\/span><\/h1><\/div>\n\t\t\t<\/div><div class=\"et_pb_module et_d4_element et_pb_divider et_pb_divider_1 et_animated et_pb_divider_position_center et_pb_space\"><div class=\"et_pb_divider_internal\"><\/div><\/div>\n\t\t\t<\/div><div class=\"et_d4_element et_pb_column_2_3 et_pb_column et_pb_column_4  et_pb_css_mix_blend_mode et-last-child et_block_column\">\n\t\t\t\t\n\t\t\t\t\n\t\t\t\t\n\t\t\t\t\n\t\t\t\t<div class=\"et_pb_module et_d4_element et_pb_text et_pb_text_3 et_animated  et_pb_text_align_left et_pb_bg_layout_light\">\n\t\t\t\t\n\t\t\t\t\n\t\t\t\t\n\t\t\t\t\n\t\t\t\t<div class=\"et_pb_text_inner\"><p>Te odwa\u017cne i wsp\u00f3\u0142czuj\u0105ce kobiety oraz m\u0119\u017cczy\u017ani pozostawili po sobie dziedzictwo mi\u0142o\u015bci, s\u0142u\u017cby i oddania Bogu i ludziom potrzebuj\u0105cym.<br \/>Poprzez swoje \u017cycie i dzia\u0142ania wytyczyli \u015bcie\u017ck\u0119 i zapraszaj\u0105 nas do podj\u0119cia jej z odwag\u0105 i kreatywno\u015bci\u0105. Na kolejnych stronach przedstawiamy ich historie i \u015bwiadectwa.<\/p>\n<p><span>Oby przyk\u0142ad ich \u017cycia rozpala\u0142 i podtrzymywa\u0142 w ka\u017cdym z nas ten sam ogie\u0144 wiary i mi\u0142o\u015bci. <\/span><\/p><\/div>\n\t\t\t<\/div>\n\t\t\t<\/div>\n\t\t\t\t\n\t\t\t\t\n\t\t\t\t\n\t\t\t\t\n\t\t\t<\/div><div class=\"et_d4_element et_pb_row et_pb_row_2  et_pb_css_mix_blend_mode et_block_row\">\n\t\t\t\t<div class=\"et_d4_element et_pb_column_4_4 et_pb_column et_pb_column_5  et_pb_css_mix_blend_mode et-last-child et_block_column\">\n\t\t\t\t\n\t\t\t\t\n\t\t\t\t\n\t\t\t\t\n\t\t\t\t<div class=\"et_pb_with_border et_pb_module et_d4_element brbl_post_masonry brbl_post_masonry_0\">\n\t\t\t\t\n\t\t\t\t\n\t\t\t\t\n\t\t\t\t\n\t\t\t\t\n\t\t\t\t\n\t\t\t\t<div class=\"et_pb_module_inner\">\n\t\t\t\t\t<div class=\"brbl-module brbl-post-masonry \" data-options=\"{&quot;layout&quot;:&quot;masonry-2&quot;,&quot;blog_order&quot;:0,&quot;pagination_type&quot;:&quot;&quot;,&quot;loadmore_type&quot;:&quot;scroll&quot;}\">\r\n                <div class=\"brbl-blog-items brbl-blog brbl-blog-scroll-0\"><div class=\"brbl-blog-item brbl-blog-item-masonry-2-0\">\r\n        <article class=\"brbl-masonry-card brbl-post-masonry-2\">\r\n            <figure class=\"brbl-post-thumb\">\r\n\t\t\t\t<a href=\"https:\/\/filles-de-la-charite.org\/pl\/rodzina\/san-vicente-de-paul\/\">\r\n\t\t\t\t\t<div class=\"brbl-overlay\" data-icon=\"\"><\/div>\r\n\t\t\t\t\t<img decoding=\"async\" src=\"https:\/\/filles-de-la-charite.org\/wp-content\/uploads\/2023\/04\/st_vincent-37-1.jpg\" alt=\"\">\r\n\t\t\t\t\t\r\n\t\t\t\t<\/a>\r\n\t\t\t<\/figure>\r\n            \r\n            <div class=\"brbl-masonry-content\">\r\n\t\t\t\t<div class=\"brbl-blog-meta\">\r\n            \r\n            \r\n        <\/div>\r\n                <h3 class=\"brbl-post-title\">\r\n                <a href=\"https:\/\/filles-de-la-charite.org\/pl\/rodzina\/san-vicente-de-paul\/\">\u015awi\u0119ty Wincenty a Paulo<\/a>\r\n            <\/h3>\r\n                \r\n                \r\n            <\/div>\r\n        <\/article>\r\n    <\/div><div class=\"brbl-blog-item brbl-blog-item-masonry-2-0\">\r\n        <article class=\"brbl-masonry-card brbl-post-masonry-2\">\r\n            <figure class=\"brbl-post-thumb\">\r\n\t\t\t\t<a href=\"https:\/\/filles-de-la-charite.org\/pl\/rodzina\/swieta-ludwika-de-marillac\/\">\r\n\t\t\t\t\t<div class=\"brbl-overlay\" data-icon=\"\"><\/div>\r\n\t\t\t\t\t<img decoding=\"async\" src=\"https:\/\/filles-de-la-charite.org\/wp-content\/uploads\/2023\/04\/image12-1.jpg\" alt=\"\">\r\n\t\t\t\t\t\r\n\t\t\t\t<\/a>\r\n\t\t\t<\/figure>\r\n            \r\n            <div class=\"brbl-masonry-content\">\r\n\t\t\t\t<div class=\"brbl-blog-meta\">\r\n            \r\n            \r\n        <\/div>\r\n                <h3 class=\"brbl-post-title\">\r\n                <a href=\"https:\/\/filles-de-la-charite.org\/pl\/rodzina\/swieta-ludwika-de-marillac\/\">\u015awi\u0119ta Ludwika de Marillac<\/a>\r\n            <\/h3>\r\n                \r\n                \r\n            <\/div>\r\n        <\/article>\r\n    <\/div><div class=\"brbl-blog-item brbl-blog-item-masonry-2-0\">\r\n        <article class=\"brbl-masonry-card brbl-post-masonry-2\">\r\n            <figure class=\"brbl-post-thumb\">\r\n\t\t\t\t<a href=\"https:\/\/filles-de-la-charite.org\/pl\/rodzina\/swieta-katarzyna-laboure\/\">\r\n\t\t\t\t\t<div class=\"brbl-overlay\" data-icon=\"\"><\/div>\r\n\t\t\t\t\t<img decoding=\"async\" src=\"https:\/\/filles-de-la-charite.org\/wp-content\/uploads\/2023\/04\/image19-1.jpg\" alt=\"\">\r\n\t\t\t\t\t\r\n\t\t\t\t<\/a>\r\n\t\t\t<\/figure>\r\n            \r\n            <div class=\"brbl-masonry-content\">\r\n\t\t\t\t<div class=\"brbl-blog-meta\">\r\n            \r\n            \r\n        <\/div>\r\n                <h3 class=\"brbl-post-title\">\r\n                <a href=\"https:\/\/filles-de-la-charite.org\/pl\/rodzina\/swieta-katarzyna-laboure\/\">\u015awi\u0119ta Katarzyna Labour\u00e9<\/a>\r\n            <\/h3>\r\n                \r\n                \r\n            <\/div>\r\n        <\/article>\r\n    <\/div><div class=\"brbl-blog-item brbl-blog-item-masonry-2-0\">\r\n        <article class=\"brbl-masonry-card brbl-post-masonry-2\">\r\n            <figure class=\"brbl-post-thumb\">\r\n\t\t\t\t<a href=\"https:\/\/filles-de-la-charite.org\/pl\/rodzina\/blogoslawiona-jozefina-nicoli\/\">\r\n\t\t\t\t\t<div class=\"brbl-overlay\" data-icon=\"\"><\/div>\r\n\t\t\t\t\t<img decoding=\"async\" src=\"https:\/\/filles-de-la-charite.org\/wp-content\/uploads\/2023\/04\/Giuseppina-Nicoli-1.png\" alt=\"\">\r\n\t\t\t\t\t\r\n\t\t\t\t<\/a>\r\n\t\t\t<\/figure>\r\n            \r\n            <div class=\"brbl-masonry-content\">\r\n\t\t\t\t<div class=\"brbl-blog-meta\">\r\n            \r\n            \r\n        <\/div>\r\n                <h3 class=\"brbl-post-title\">\r\n                <a href=\"https:\/\/filles-de-la-charite.org\/pl\/rodzina\/blogoslawiona-jozefina-nicoli\/\">B\u0142ogos\u0142awiona J\u00f3zefina Nicoli<\/a>\r\n            <\/h3>\r\n                \r\n                \r\n            <\/div>\r\n        <\/article>\r\n    <\/div><div class=\"brbl-blog-item brbl-blog-item-masonry-2-0\">\r\n        <article class=\"brbl-masonry-card brbl-post-masonry-2\">\r\n            <figure class=\"brbl-post-thumb\">\r\n\t\t\t\t<a href=\"https:\/\/filles-de-la-charite.org\/pl\/rodzina\/swieta-joanna-antyda-thouret\/\">\r\n\t\t\t\t\t<div class=\"brbl-overlay\" data-icon=\"\"><\/div>\r\n\t\t\t\t\t<img decoding=\"async\" src=\"https:\/\/filles-de-la-charite.org\/wp-content\/uploads\/2023\/04\/image3-1-1.jpg\" alt=\"\">\r\n\t\t\t\t\t\r\n\t\t\t\t<\/a>\r\n\t\t\t<\/figure>\r\n            \r\n            <div class=\"brbl-masonry-content\">\r\n\t\t\t\t<div class=\"brbl-blog-meta\">\r\n            \r\n            \r\n        <\/div>\r\n                <h3 class=\"brbl-post-title\">\r\n                <a href=\"https:\/\/filles-de-la-charite.org\/pl\/rodzina\/swieta-joanna-antyda-thouret\/\">\u015awi\u0119ta Joanna Antyda Thouret<\/a>\r\n            <\/h3>\r\n                \r\n                \r\n            <\/div>\r\n        <\/article>\r\n    <\/div><div class=\"brbl-blog-item brbl-blog-item-masonry-2-0\">\r\n        <article class=\"brbl-masonry-card brbl-post-masonry-2\">\r\n            <figure class=\"brbl-post-thumb\">\r\n\t\t\t\t<a href=\"https:\/\/filles-de-la-charite.org\/pl\/rodzina\/blogoslawiona-lindalva-justo-de-oliveira\/\">\r\n\t\t\t\t\t<div class=\"brbl-overlay\" data-icon=\"\"><\/div>\r\n\t\t\t\t\t<img decoding=\"async\" src=\"https:\/\/filles-de-la-charite.org\/wp-content\/uploads\/2023\/04\/Sr-Lindalva-1.jpg\" alt=\"\">\r\n\t\t\t\t\t\r\n\t\t\t\t<\/a>\r\n\t\t\t<\/figure>\r\n            \r\n            <div class=\"brbl-masonry-content\">\r\n\t\t\t\t<div class=\"brbl-blog-meta\">\r\n            \r\n            \r\n        <\/div>\r\n                <h3 class=\"brbl-post-title\">\r\n                <a href=\"https:\/\/filles-de-la-charite.org\/pl\/rodzina\/blogoslawiona-lindalva-justo-de-oliveira\/\">B\u0142ogos\u0142awiona Lindalva Justo de Oliveira<\/a>\r\n            <\/h3>\r\n                \r\n                \r\n            <\/div>\r\n        <\/article>\r\n    <\/div><div class=\"brbl-blog-item brbl-blog-item-masonry-2-0\">\r\n        <article class=\"brbl-masonry-card brbl-post-masonry-2\">\r\n            <figure class=\"brbl-post-thumb\">\r\n\t\t\t\t<a href=\"https:\/\/filles-de-la-charite.org\/pl\/rodzina\/blogoslawiona-marta-wiecka\/\">\r\n\t\t\t\t\t<div class=\"brbl-overlay\" data-icon=\"\"><\/div>\r\n\t\t\t\t\t<img decoding=\"async\" src=\"https:\/\/filles-de-la-charite.org\/wp-content\/uploads\/2023\/04\/Marta-Wiecka-1.png\" alt=\"\">\r\n\t\t\t\t\t\r\n\t\t\t\t<\/a>\r\n\t\t\t<\/figure>\r\n            \r\n            <div class=\"brbl-masonry-content\">\r\n\t\t\t\t<div class=\"brbl-blog-meta\">\r\n            \r\n            \r\n        <\/div>\r\n                <h3 class=\"brbl-post-title\">\r\n                <a href=\"https:\/\/filles-de-la-charite.org\/pl\/rodzina\/blogoslawiona-marta-wiecka\/\">B\u0142ogos\u0142awiona Marta Wiecka<\/a>\r\n            <\/h3>\r\n                \r\n                \r\n            <\/div>\r\n        <\/article>\r\n    <\/div><div class=\"brbl-blog-item brbl-blog-item-masonry-2-0\">\r\n        <article class=\"brbl-masonry-card brbl-post-masonry-2\">\r\n            <figure class=\"brbl-post-thumb\">\r\n\t\t\t\t<a href=\"https:\/\/filles-de-la-charite.org\/pl\/rodzina\/blogoslawione-siostry-milosierdzia-meczenniczki-z-czasow-rewolucji-francuskiej\/\">\r\n\t\t\t\t\t<div class=\"brbl-overlay\" data-icon=\"\"><\/div>\r\n\t\t\t\t\t<img decoding=\"async\" src=\"https:\/\/filles-de-la-charite.org\/wp-content\/uploads\/2023\/04\/A-linterieur-3-1.png\" alt=\"\">\r\n\t\t\t\t\t\r\n\t\t\t\t<\/a>\r\n\t\t\t<\/figure>\r\n            \r\n            <div class=\"brbl-masonry-content\">\r\n\t\t\t\t<div class=\"brbl-blog-meta\">\r\n            \r\n            \r\n        <\/div>\r\n                <h3 class=\"brbl-post-title\">\r\n                <a href=\"https:\/\/filles-de-la-charite.org\/pl\/rodzina\/blogoslawione-siostry-milosierdzia-meczenniczki-z-czasow-rewolucji-francuskiej\/\">B\u0142ogos\u0142awione Siostry Mi\u0142osierdzia, m\u0119czenniczki z czas\u00f3w Rewolucji Francuskiej<\/a>\r\n            <\/h3>\r\n                \r\n                \r\n            <\/div>\r\n        <\/article>\r\n    <\/div><div class=\"brbl-blog-item brbl-blog-item-masonry-2-0\">\r\n        <article class=\"brbl-masonry-card brbl-post-masonry-2\">\r\n            <figure class=\"brbl-post-thumb\">\r\n\t\t\t\t<a href=\"https:\/\/filles-de-la-charite.org\/pl\/rodzina\/s-maria-anna-vaillot-i-s-otylia-baumgarten-z-angers\/\">\r\n\t\t\t\t\t<div class=\"brbl-overlay\" data-icon=\"\"><\/div>\r\n\t\t\t\t\t<img decoding=\"async\" src=\"https:\/\/filles-de-la-charite.org\/wp-content\/uploads\/2023\/04\/Angers-005_jpg-1.jpg\" alt=\"\">\r\n\t\t\t\t\t\r\n\t\t\t\t<\/a>\r\n\t\t\t<\/figure>\r\n            \r\n            <div class=\"brbl-masonry-content\">\r\n\t\t\t\t<div class=\"brbl-blog-meta\">\r\n            \r\n            \r\n        <\/div>\r\n                <h3 class=\"brbl-post-title\">\r\n                <a href=\"https:\/\/filles-de-la-charite.org\/pl\/rodzina\/s-maria-anna-vaillot-i-s-otylia-baumgarten-z-angers\/\">S. Maria Anna Vaillot i S. Otylia Baumgarten z Angers<\/a>\r\n            <\/h3>\r\n                \r\n                \r\n            <\/div>\r\n        <\/article>\r\n    <\/div><div class=\"brbl-blog-item brbl-blog-item-masonry-2-0\">\r\n        <article class=\"brbl-masonry-card brbl-post-masonry-2\">\r\n            <figure class=\"brbl-post-thumb\">\r\n\t\t\t\t<a href=\"https:\/\/filles-de-la-charite.org\/pl\/rodzina\/siostra-malgorzata-rutan-z-dax\/\">\r\n\t\t\t\t\t<div class=\"brbl-overlay\" data-icon=\"\"><\/div>\r\n\t\t\t\t\t<img decoding=\"async\" src=\"https:\/\/filles-de-la-charite.org\/wp-content\/uploads\/2023\/04\/M.Rutan_1-1.jpg\" alt=\"\">\r\n\t\t\t\t\t\r\n\t\t\t\t<\/a>\r\n\t\t\t<\/figure>\r\n            \r\n            <div class=\"brbl-masonry-content\">\r\n\t\t\t\t<div class=\"brbl-blog-meta\">\r\n            \r\n            \r\n        <\/div>\r\n                <h3 class=\"brbl-post-title\">\r\n                <a href=\"https:\/\/filles-de-la-charite.org\/pl\/rodzina\/siostra-malgorzata-rutan-z-dax\/\">Siostra Ma\u0142gorzata Rutan z Dax<\/a>\r\n            <\/h3>\r\n                \r\n                \r\n            <\/div>\r\n        <\/article>\r\n    <\/div><div class=\"brbl-blog-item brbl-blog-item-masonry-2-0\">\r\n        <article class=\"brbl-masonry-card brbl-post-masonry-2\">\r\n            <figure class=\"brbl-post-thumb\">\r\n\t\t\t\t<a href=\"https:\/\/filles-de-la-charite.org\/pl\/rodzina\/s-maria-magdalena-fontaine-s-maria-franciszka-lanel-s-teresa-fantou-s-joanna-gerard-z-arras\/\">\r\n\t\t\t\t\t<div class=\"brbl-overlay\" data-icon=\"\"><\/div>\r\n\t\t\t\t\t<img decoding=\"async\" src=\"https:\/\/filles-de-la-charite.org\/wp-content\/uploads\/2024\/03\/martires-arras-.png\" alt=\"\">\r\n\t\t\t\t\t\r\n\t\t\t\t<\/a>\r\n\t\t\t<\/figure>\r\n            \r\n            <div class=\"brbl-masonry-content\">\r\n\t\t\t\t<div class=\"brbl-blog-meta\">\r\n            \r\n            \r\n        <\/div>\r\n                <h3 class=\"brbl-post-title\">\r\n                <a href=\"https:\/\/filles-de-la-charite.org\/pl\/rodzina\/s-maria-magdalena-fontaine-s-maria-franciszka-lanel-s-teresa-fantou-s-joanna-gerard-z-arras\/\">S. Maria Magdalena Fontaine, S. Maria Franciszka Lanel, S. Teresa Fantou, S. Joanna G\u00e9rard z Arras<\/a>\r\n            <\/h3>\r\n                \r\n                \r\n            <\/div>\r\n        <\/article>\r\n    <\/div><div class=\"brbl-blog-item brbl-blog-item-masonry-2-0\">\r\n        <article class=\"brbl-masonry-card brbl-post-masonry-2\">\r\n            <figure class=\"brbl-post-thumb\">\r\n\t\t\t\t<a href=\"https:\/\/filles-de-la-charite.org\/pl\/rodzina\/blogoslawiona-rozalia-rendu\/\">\r\n\t\t\t\t\t<div class=\"brbl-overlay\" data-icon=\"\"><\/div>\r\n\t\t\t\t\t<img decoding=\"async\" src=\"https:\/\/filles-de-la-charite.org\/wp-content\/uploads\/2023\/04\/Rosalie-Rendu-1.png\" alt=\"\">\r\n\t\t\t\t\t\r\n\t\t\t\t<\/a>\r\n\t\t\t<\/figure>\r\n            \r\n            <div class=\"brbl-masonry-content\">\r\n\t\t\t\t<div class=\"brbl-blog-meta\">\r\n            \r\n            \r\n        <\/div>\r\n                <h3 class=\"brbl-post-title\">\r\n                <a href=\"https:\/\/filles-de-la-charite.org\/pl\/rodzina\/blogoslawiona-rozalia-rendu\/\">B\u0142ogos\u0142awiona Rozalia Rendu<\/a>\r\n            <\/h3>\r\n                \r\n                \r\n            <\/div>\r\n        <\/article>\r\n    <\/div><div class=\"brbl-blog-item brbl-blog-item-masonry-2-0\">\r\n        <article class=\"brbl-masonry-card brbl-post-masonry-2\">\r\n            <figure class=\"brbl-post-thumb\">\r\n\t\t\t\t<a href=\"https:\/\/filles-de-la-charite.org\/pl\/rodzina\/swieta-elzbieta-anna-seton\/\">\r\n\t\t\t\t\t<div class=\"brbl-overlay\" data-icon=\"\"><\/div>\r\n\t\t\t\t\t<img decoding=\"async\" src=\"https:\/\/filles-de-la-charite.org\/wp-content\/uploads\/2023\/04\/Seton-1.png\" alt=\"\">\r\n\t\t\t\t\t\r\n\t\t\t\t<\/a>\r\n\t\t\t<\/figure>\r\n            \r\n            <div class=\"brbl-masonry-content\">\r\n\t\t\t\t<div class=\"brbl-blog-meta\">\r\n            \r\n            \r\n        <\/div>\r\n                <h3 class=\"brbl-post-title\">\r\n                <a href=\"https:\/\/filles-de-la-charite.org\/pl\/rodzina\/swieta-elzbieta-anna-seton\/\">\u015awi\u0119ta El\u017cbieta Anna Seton<\/a>\r\n            <\/h3>\r\n                \r\n                \r\n            <\/div>\r\n        <\/article>\r\n    <\/div><div class=\"brbl-blog-item brbl-blog-item-masonry-2-0\">\r\n        <article class=\"brbl-masonry-card brbl-post-masonry-2\">\r\n            <figure class=\"brbl-post-thumb\">\r\n\t\t\t\t<a href=\"https:\/\/filles-de-la-charite.org\/pl\/rodzina\/blogoslawiony-fryderyk-ozanam\/\">\r\n\t\t\t\t\t<div class=\"brbl-overlay\" data-icon=\"\"><\/div>\r\n\t\t\t\t\t<img decoding=\"async\" src=\"https:\/\/filles-de-la-charite.org\/wp-content\/uploads\/2023\/04\/Frederic-Ozanam-1.png\" alt=\"\">\r\n\t\t\t\t\t\r\n\t\t\t\t<\/a>\r\n\t\t\t<\/figure>\r\n            \r\n            <div class=\"brbl-masonry-content\">\r\n\t\t\t\t<div class=\"brbl-blog-meta\">\r\n            \r\n            \r\n        <\/div>\r\n                <h3 class=\"brbl-post-title\">\r\n                <a href=\"https:\/\/filles-de-la-charite.org\/pl\/rodzina\/blogoslawiony-fryderyk-ozanam\/\">B\u0142ogos\u0142awiony Fryderyk Ozanam<\/a>\r\n            <\/h3>\r\n                \r\n                \r\n            <\/div>\r\n        <\/article>\r\n    <\/div><div class=\"brbl-blog-item brbl-blog-item-masonry-2-0\">\r\n        <article class=\"brbl-masonry-card brbl-post-masonry-2\">\r\n            <figure class=\"brbl-post-thumb\">\r\n\t\t\t\t<a href=\"https:\/\/filles-de-la-charite.org\/pl\/rodzina\/swiety-franciszek-regis-clet\/\">\r\n\t\t\t\t\t<div class=\"brbl-overlay\" data-icon=\"\"><\/div>\r\n\t\t\t\t\t<img decoding=\"async\" src=\"https:\/\/filles-de-la-charite.org\/wp-content\/uploads\/2023\/04\/Francois-Regis-Clet-1.png\" alt=\"\">\r\n\t\t\t\t\t\r\n\t\t\t\t<\/a>\r\n\t\t\t<\/figure>\r\n            \r\n            <div class=\"brbl-masonry-content\">\r\n\t\t\t\t<div class=\"brbl-blog-meta\">\r\n            \r\n            \r\n        <\/div>\r\n                <h3 class=\"brbl-post-title\">\r\n                <a href=\"https:\/\/filles-de-la-charite.org\/pl\/rodzina\/swiety-franciszek-regis-clet\/\">\u015awi\u0119ty Franciszek-Regis Clet<\/a>\r\n            <\/h3>\r\n                \r\n                \r\n            <\/div>\r\n        <\/article>\r\n    <\/div><div class=\"brbl-blog-item brbl-blog-item-masonry-2-0\">\r\n        <article class=\"brbl-masonry-card brbl-post-masonry-2\">\r\n            <figure class=\"brbl-post-thumb\">\r\n\t\t\t\t<a href=\"https:\/\/filles-de-la-charite.org\/pl\/rodzina\/blogoslawiony-ghebre-michal\/\">\r\n\t\t\t\t\t<div class=\"brbl-overlay\" data-icon=\"\"><\/div>\r\n\t\t\t\t\t<img decoding=\"async\" src=\"https:\/\/filles-de-la-charite.org\/wp-content\/uploads\/2023\/04\/Ghebre-Michael-1.png\" alt=\"\">\r\n\t\t\t\t\t\r\n\t\t\t\t<\/a>\r\n\t\t\t<\/figure>\r\n            \r\n            <div class=\"brbl-masonry-content\">\r\n\t\t\t\t<div class=\"brbl-blog-meta\">\r\n            \r\n            \r\n        <\/div>\r\n                <h3 class=\"brbl-post-title\">\r\n                <a href=\"https:\/\/filles-de-la-charite.org\/pl\/rodzina\/blogoslawiony-ghebre-michal\/\">B\u0142ogos\u0142awiony Ghebre-Micha\u0142<\/a>\r\n            <\/h3>\r\n                \r\n                \r\n            <\/div>\r\n        <\/article>\r\n    <\/div><div class=\"brbl-blog-item brbl-blog-item-masonry-2-0\">\r\n        <article class=\"brbl-masonry-card brbl-post-masonry-2\">\r\n            <figure class=\"brbl-post-thumb\">\r\n\t\t\t\t<a href=\"https:\/\/filles-de-la-charite.org\/pl\/rodzina\/swiety-jan-gabriel-perboyre\/\">\r\n\t\t\t\t\t<div class=\"brbl-overlay\" data-icon=\"\"><\/div>\r\n\t\t\t\t\t<img decoding=\"async\" src=\"https:\/\/filles-de-la-charite.org\/wp-content\/uploads\/2023\/04\/Perboyre-1.png\" alt=\"\">\r\n\t\t\t\t\t\r\n\t\t\t\t<\/a>\r\n\t\t\t<\/figure>\r\n            \r\n            <div class=\"brbl-masonry-content\">\r\n\t\t\t\t<div class=\"brbl-blog-meta\">\r\n            \r\n            \r\n        <\/div>\r\n                <h3 class=\"brbl-post-title\">\r\n                <a href=\"https:\/\/filles-de-la-charite.org\/pl\/rodzina\/swiety-jan-gabriel-perboyre\/\">\u015awi\u0119ty Jan Gabriel Perboyre<\/a>\r\n            <\/h3>\r\n                \r\n                \r\n            <\/div>\r\n        <\/article>\r\n    <\/div><div class=\"brbl-blog-item brbl-blog-item-masonry-2-0\">\r\n        <article class=\"brbl-masonry-card brbl-post-masonry-2\">\r\n            <figure class=\"brbl-post-thumb\">\r\n\t\t\t\t<a href=\"https:\/\/filles-de-la-charite.org\/pl\/rodzina\/swiety-justyn-de-jacobis\/\">\r\n\t\t\t\t\t<div class=\"brbl-overlay\" data-icon=\"\"><\/div>\r\n\t\t\t\t\t<img decoding=\"async\" src=\"https:\/\/filles-de-la-charite.org\/wp-content\/uploads\/2023\/04\/image1-2.jpg\" alt=\"\">\r\n\t\t\t\t\t\r\n\t\t\t\t<\/a>\r\n\t\t\t<\/figure>\r\n            \r\n            <div class=\"brbl-masonry-content\">\r\n\t\t\t\t<div class=\"brbl-blog-meta\">\r\n            \r\n            \r\n        <\/div>\r\n                <h3 class=\"brbl-post-title\">\r\n                <a href=\"https:\/\/filles-de-la-charite.org\/pl\/rodzina\/swiety-justyn-de-jacobis\/\">\u015awi\u0119ty Justyn de Jacobis<\/a>\r\n            <\/h3>\r\n                \r\n                \r\n            <\/div>\r\n        <\/article>\r\n    <\/div><div class=\"brbl-blog-item brbl-blog-item-masonry-2-0\">\r\n        <article class=\"brbl-masonry-card brbl-post-masonry-2\">\r\n            <figure class=\"brbl-post-thumb\">\r\n\t\t\t\t<a href=\"https:\/\/filles-de-la-charite.org\/pl\/rodzina\/blogoslawiony-marek-antoni-durando\/\">\r\n\t\t\t\t\t<div class=\"brbl-overlay\" data-icon=\"\"><\/div>\r\n\t\t\t\t\t<img decoding=\"async\" src=\"https:\/\/filles-de-la-charite.org\/wp-content\/uploads\/2023\/04\/Durando-1.jpg\" alt=\"\">\r\n\t\t\t\t\t\r\n\t\t\t\t<\/a>\r\n\t\t\t<\/figure>\r\n            \r\n            <div class=\"brbl-masonry-content\">\r\n\t\t\t\t<div class=\"brbl-blog-meta\">\r\n            \r\n            \r\n        <\/div>\r\n                <h3 class=\"brbl-post-title\">\r\n                <a href=\"https:\/\/filles-de-la-charite.org\/pl\/rodzina\/blogoslawiony-marek-antoni-durando\/\">B\u0142ogos\u0142awiony Marek Antoni Durando<\/a>\r\n            <\/h3>\r\n                \r\n                \r\n            <\/div>\r\n        <\/article>\r\n    <\/div><div class=\"brbl-blog-item brbl-blog-item-masonry-2-0\">\r\n        <article class=\"brbl-masonry-card brbl-post-masonry-2\">\r\n            <figure class=\"brbl-post-thumb\">\r\n\t\t\t\t<a href=\"https:\/\/filles-de-la-charite.org\/pl\/rodzina\/swiety-piotr-jerzy-frassati\/\">\r\n\t\t\t\t\t<div class=\"brbl-overlay\" data-icon=\"\"><\/div>\r\n\t\t\t\t\t<img decoding=\"async\" src=\"https:\/\/filles-de-la-charite.org\/wp-content\/uploads\/2023\/04\/Pier-Giorgio-Frassati-1.png\" alt=\"\">\r\n\t\t\t\t\t\r\n\t\t\t\t<\/a>\r\n\t\t\t<\/figure>\r\n            \r\n            <div class=\"brbl-masonry-content\">\r\n\t\t\t\t<div class=\"brbl-blog-meta\">\r\n            \r\n            \r\n        <\/div>\r\n                <h3 class=\"brbl-post-title\">\r\n                <a href=\"https:\/\/filles-de-la-charite.org\/pl\/rodzina\/swiety-piotr-jerzy-frassati\/\">\u015awi\u0119ty Piotr Jerzy Frassati<\/a>\r\n            <\/h3>\r\n                \r\n                \r\n            <\/div>\r\n        <\/article>\r\n    <\/div><div class=\"brbl-blog-item brbl-blog-item-masonry-2-0\">\r\n        <article class=\"brbl-masonry-card brbl-post-masonry-2\">\r\n            <figure class=\"brbl-post-thumb\">\r\n\t\t\t\t<a href=\"https:\/\/filles-de-la-charite.org\/pl\/rodzina\/siostry-meczenniczki-xx-wieku\/\">\r\n\t\t\t\t\t<div class=\"brbl-overlay\" data-icon=\"\"><\/div>\r\n\t\t\t\t\t<img decoding=\"async\" src=\"https:\/\/filles-de-la-charite.org\/wp-content\/uploads\/2023\/04\/Soeurs-Martyres-du-20e-siecle-1.png\" alt=\"\">\r\n\t\t\t\t\t\r\n\t\t\t\t<\/a>\r\n\t\t\t<\/figure>\r\n            \r\n            <div class=\"brbl-masonry-content\">\r\n\t\t\t\t<div class=\"brbl-blog-meta\">\r\n            \r\n            \r\n        <\/div>\r\n                <h3 class=\"brbl-post-title\">\r\n                <a href=\"https:\/\/filles-de-la-charite.org\/pl\/rodzina\/siostry-meczenniczki-xx-wieku\/\">Siostry M\u0119czenniczki XX wieku<\/a>\r\n            <\/h3>\r\n                \r\n                \r\n            <\/div>\r\n        <\/article>\r\n    <\/div><div class=\"brbl-blog-item brbl-blog-item-masonry-2-0\">\r\n        <article class=\"brbl-masonry-card brbl-post-masonry-2\">\r\n            <figure class=\"brbl-post-thumb\">\r\n\t\t\t\t<a href=\"https:\/\/filles-de-la-charite.org\/pl\/rodzina\/zdecydowani-i-odwazni-swiadkowie-wiary-hiszpania\/\">\r\n\t\t\t\t\t<div class=\"brbl-overlay\" data-icon=\"\"><\/div>\r\n\t\t\t\t\t<img decoding=\"async\" src=\"https:\/\/filles-de-la-charite.org\/wp-content\/uploads\/2023\/04\/martires-2.jpg\" alt=\"\">\r\n\t\t\t\t\t\r\n\t\t\t\t<\/a>\r\n\t\t\t<\/figure>\r\n            \r\n            <div class=\"brbl-masonry-content\">\r\n\t\t\t\t<div class=\"brbl-blog-meta\">\r\n            \r\n            \r\n        <\/div>\r\n                <h3 class=\"brbl-post-title\">\r\n                <a href=\"https:\/\/filles-de-la-charite.org\/pl\/rodzina\/zdecydowani-i-odwazni-swiadkowie-wiary-hiszpania\/\">Zdecydowani i odwa\u017cni \u015bwiadkowie wiary (Hiszpania)<\/a>\r\n            <\/h3>\r\n                \r\n                \r\n            <\/div>\r\n        <\/article>\r\n    <\/div><div class=\"brbl-blog-item brbl-blog-item-masonry-2-0\">\r\n        <article class=\"brbl-masonry-card brbl-post-masonry-2\">\r\n            <figure class=\"brbl-post-thumb\">\r\n\t\t\t\t<a href=\"https:\/\/filles-de-la-charite.org\/pl\/rodzina\/beato-louis-joseph-francois-c-m-y-companeros-martires\/\">\r\n\t\t\t\t\t<div class=\"brbl-overlay\" data-icon=\"\"><\/div>\r\n\t\t\t\t\t<img decoding=\"async\" src=\"https:\/\/filles-de-la-charite.org\/wp-content\/uploads\/2024\/03\/Martyrs-french-revolution-CM-thumbnail-1.jpg\" alt=\"\">\r\n\t\t\t\t\t\r\n\t\t\t\t<\/a>\r\n\t\t\t<\/figure>\r\n            \r\n            <div class=\"brbl-masonry-content\">\r\n\t\t\t\t<div class=\"brbl-blog-meta\">\r\n            \r\n            \r\n        <\/div>\r\n                <h3 class=\"brbl-post-title\">\r\n                <a href=\"https:\/\/filles-de-la-charite.org\/pl\/rodzina\/beato-louis-joseph-francois-c-m-y-companeros-martires\/\">B\u0142ogos\u0142awieni Ludwik J\u00f3zef Fran\u00e7ois i towarzysze, m\u0119czennicy<\/a>\r\n            <\/h3>\r\n                \r\n                \r\n            <\/div>\r\n        <\/article>\r\n    <\/div><\/div><nav class=\"brbl-pagination\" role=\"navigation\" aria-label=\"Pagination\"><\/nav>\r\n\t\t\t<\/div>\n\t\t\t\t<\/div>\n\t\t\t<\/div>\n\t\t\t<\/div>\n\t\t\t\t\n\t\t\t\t\n\t\t\t\t\n\t\t\t\t\n\t\t\t<\/div>\n\t\t\t\t\n\t\t\t\t\n\t\t\t<\/div><div class=\"et_d4_element et_pb_section et_pb_section_2  et_pb_css_mix_blend_mode et_section_regular et_block_section\" >\n\t\t\t\t\n\t\t\t\t\n\t\t\t\t\n\t\t\t\t\n\t\t\t\t\n\t\t\t\t\n\t\t\t\t<div class=\"et_d4_element et_pb_row et_pb_row_3  et_pb_css_mix_blend_mode et_block_row\">\n\t\t\t\t<div class=\"et_d4_element et_pb_column_4_4 et_pb_column et_pb_column_6  et_pb_css_mix_blend_mode et-last-child et_block_column\">\n\t\t\t\t\n\t\t\t\t\n\t\t\t\t\n\t\t\t\t\n\t\t\t\t<div class=\"et_pb_module et_d4_element et_pb_text et_pb_text_4 et_animated  et_pb_text_align_center et_pb_bg_layout_light\">\n\t\t\t\t\n\t\t\t\t\n\t\t\t\t\n\t\t\t\t\n\t\t\t\t<div class=\"et_pb_text_inner\"><h1>Dowiedz si\u0119 wi\u0119cej<\/h1><\/div>\n\t\t\t<\/div><div class=\"et_pb_module et_d4_element et_pb_divider et_pb_divider_2 et_animated et_pb_divider_position_center et_pb_space\"><div class=\"et_pb_divider_internal\"><\/div><\/div>\n\t\t\t<\/div>\n\t\t\t\t\n\t\t\t\t\n\t\t\t\t\n\t\t\t\t\n\t\t\t<\/div><div class=\"et_d4_element et_pb_row et_pb_row_4  et_pb_css_mix_blend_mode et_block_row\">\n\t\t\t\t<div class=\"et_d4_element et_pb_column_1_4 et_pb_column et_pb_column_7  et_pb_css_mix_blend_mode et_block_column\">\n\t\t\t\t\n\t\t\t\t\n\t\t\t\t\n\t\t\t\t\n\t\t\t\t<div class=\"et_pb_module et_d4_element et_pb_blurb et_pb_blurb_0 et_clickable  et_pb_text_align_center  et_pb_blurb_position_top et_block_module et_pb_bg_layout_light\">\n\t\t\t\t\n\t\t\t\t\n\t\t\t\t\n\t\t\t\t\n\t\t\t\t<div class=\"et_pb_blurb_content\">\n\t\t\t\t\t<div class=\"et_pb_main_blurb_image et_pb_css_mix_blend_mode\"><span class=\"et_pb_image_wrap\"><span class=\"et-waypoint et_pb_animation_top et_pb_animation_top_tablet et_pb_animation_top_phone et-pb-icon\">\ue089<\/span><\/span><\/div>\n\t\t\t\t\t<div class=\"et_pb_blurb_container\">\n\t\t\t\t\t\t<h4 class=\"et_pb_module_header\"><span>Kim jeste\u015bmy<\/span><\/h4>\n\t\t\t\t\t\t<div class=\"et_pb_blurb_description\"><p>S\u0142u\u017cebnice ubogich, kt\u00f3re \u017cyj\u0105 we wsp\u00f3lnocie<\/p>\n<p><span>\u00a0<\/span><\/p><\/div>\n\t\t\t\t\t<\/div>\n\t\t\t\t<\/div>\n\t\t\t<\/div>\n\t\t\t<\/div><div class=\"et_d4_element et_pb_column_1_4 et_pb_column et_pb_column_8  et_pb_css_mix_blend_mode et_block_column\">\n\t\t\t\t\n\t\t\t\t\n\t\t\t\t\n\t\t\t\t\n\t\t\t\t<div class=\"et_pb_module et_d4_element et_pb_blurb et_pb_blurb_1 et_clickable  et_pb_text_align_center  et_pb_blurb_position_top et_block_module et_pb_bg_layout_light\">\n\t\t\t\t\n\t\t\t\t\n\t\t\t\t\n\t\t\t\t\n\t\t\t\t<div class=\"et_pb_blurb_content\">\n\t\t\t\t\t<div class=\"et_pb_main_blurb_image et_pb_css_mix_blend_mode\"><span class=\"et_pb_image_wrap\"><span class=\"et-waypoint et_pb_animation_top et_pb_animation_top_tablet et_pb_animation_top_phone et-pb-icon\">\uf5ad<\/span><\/span><\/div>\n\t\t\t\t\t<div class=\"et_pb_blurb_container\">\n\t\t\t\t\t\t<h4 class=\"et_pb_module_header\"><span>Historia<\/span><\/h4>\n\t\t\t\t\t\t<div class=\"et_pb_blurb_description\"><p><span>Zgromadzenie narodzi\u0142o si\u0119 niepostrze\u017cenie, w spos\u00f3b w jaki dokonuj\u0105 si\u0119 dzie\u0142a Bo\u017ce<\/span><\/p><\/div>\n\t\t\t\t\t<\/div>\n\t\t\t\t<\/div>\n\t\t\t<\/div>\n\t\t\t<\/div><div class=\"et_d4_element et_pb_column_1_4 et_pb_column et_pb_column_9  et_pb_css_mix_blend_mode et_block_column\">\n\t\t\t\t\n\t\t\t\t\n\t\t\t\t\n\t\t\t\t\n\t\t\t\t<div class=\"et_pb_module et_d4_element et_pb_blurb et_pb_blurb_2 et_clickable  et_pb_text_align_center  et_pb_blurb_position_top et_block_module et_pb_bg_layout_light\">\n\t\t\t\t\n\t\t\t\t\n\t\t\t\t\n\t\t\t\t\n\t\t\t\t<div class=\"et_pb_blurb_content\">\n\t\t\t\t\t<div class=\"et_pb_main_blurb_image et_pb_css_mix_blend_mode\"><span class=\"et_pb_image_wrap\"><span class=\"et-waypoint et_pb_animation_top et_pb_animation_top_tablet et_pb_animation_top_phone et-pb-icon\">\uf684<\/span><\/span><\/div>\n\t\t\t\t\t<div class=\"et_pb_blurb_container\">\n\t\t\t\t\t\t<h4 class=\"et_pb_module_header\"><span>Duchowo\u015b\u0107<\/span><\/h4>\n\t\t\t\t\t\t<div class=\"et_pb_blurb_description\"><p>Powo\u0142ane przez Boga do \u017cycia modlitwy i s\u0142u\u017cby najbardziej potrzebuj\u0105cym<\/p><\/div>\n\t\t\t\t\t<\/div>\n\t\t\t\t<\/div>\n\t\t\t<\/div>\n\t\t\t<\/div><div class=\"et_d4_element et_pb_column_1_4 et_pb_column et_pb_column_10  et_pb_css_mix_blend_mode et-last-child et_block_column\">\n\t\t\t\t\n\t\t\t\t\n\t\t\t\t\n\t\t\t\t\n\t\t\t\t<div class=\"et_pb_module et_d4_element et_pb_blurb et_pb_blurb_3 et_clickable  et_pb_text_align_center  et_pb_blurb_position_top et_block_module et_pb_bg_layout_light\">\n\t\t\t\t\n\t\t\t\t\n\t\t\t\t\n\t\t\t\t\n\t\t\t\t<div class=\"et_pb_blurb_content\">\n\t\t\t\t\t<div class=\"et_pb_main_blurb_image et_pb_css_mix_blend_mode\"><span class=\"et_pb_image_wrap\"><span class=\"et-waypoint et_pb_animation_top et_pb_animation_top_tablet et_pb_animation_top_phone et-pb-icon\">\uf0ac<\/span><\/span><\/div>\n\t\t\t\t\t<div class=\"et_pb_blurb_container\">\n\t\t\t\t\t\t<h4 class=\"et_pb_module_header\"><span>Obecno\u015b\u0107<\/span><\/h4>\n\t\t\t\t\t\t<div class=\"et_pb_blurb_description\"><p>Gdziekolwiek \u017cyciu odmawia si\u0119 godno\u015bci<\/p><\/div>\n\t\t\t\t\t<\/div>\n\t\t\t\t<\/div>\n\t\t\t<\/div>\n\t\t\t<\/div>\n\t\t\t\t\n\t\t\t\t\n\t\t\t\t\n\t\t\t\t\n\t\t\t<\/div>\n\t\t\t\t\n\t\t\t\t\n\t\t\t<\/div><\/p>\n","protected":false},"excerpt":{"rendered":"","protected":false},"author":1,"featured_media":0,"parent":3585,"menu_order":0,"comment_status":"closed","ping_status":"closed","template":"","meta":{"_acf_changed":false,"_et_pb_use_builder":"on","_et_pb_old_content":"","_et_gb_content_width":"","footnotes":"","_links_to":"","_links_to_target":""},"class_list":["post-3304","page","type-page","status-publish","hentry"],"acf":[],"yoast_head":"<!-- This site is optimized with the Yoast SEO plugin v27.5 - https:\/\/yoast.com\/product\/yoast-seo-wordpress\/ -->\n<title>Inspiruj\u0105 nas - Filles de la Charit\u00e9<\/title>\n<meta name=\"robots\" content=\"index, follow, max-snippet:-1, max-image-preview:large, max-video-preview:-1\" \/>\n<link rel=\"canonical\" href=\"https:\/\/filles-de-la-charite.org\/pl\/jestesmy\/inspiruja-nas\/\" \/>\n<meta property=\"og:locale\" content=\"pl_PL\" \/>\n<meta property=\"og:type\" content=\"article\" \/>\n<meta property=\"og:title\" content=\"Inspiruj\u0105 nas - Filles de la Charit\u00e9\" \/>\n<meta property=\"og:url\" content=\"https:\/\/filles-de-la-charite.org\/pl\/jestesmy\/inspiruja-nas\/\" \/>\n<meta property=\"og:site_name\" content=\"Filles de la Charit\u00e9\" \/>\n<meta property=\"article:modified_time\" content=\"2024-04-15T17:05:51+00:00\" \/>\n<meta name=\"twitter:card\" content=\"summary_large_image\" \/>\n<meta name=\"twitter:label1\" content=\"Szacowany czas czytania\" \/>\n\t<meta name=\"twitter:data1\" content=\"8 minut\" \/>\n<script type=\"application\/ld+json\" class=\"yoast-schema-graph\">{\"@context\":\"https:\\\/\\\/schema.org\",\"@graph\":[{\"@type\":\"WebPage\",\"@id\":\"https:\\\/\\\/filles-de-la-charite.org\\\/pl\\\/jestesmy\\\/inspiruja-nas\\\/\",\"url\":\"https:\\\/\\\/filles-de-la-charite.org\\\/pl\\\/jestesmy\\\/inspiruja-nas\\\/\",\"name\":\"Inspiruj\u0105 nas - Filles de la Charit\u00e9\",\"isPartOf\":{\"@id\":\"https:\\\/\\\/filles-de-la-charite.org\\\/pl\\\/#website\"},\"datePublished\":\"2023-04-13T08:17:11+00:00\",\"dateModified\":\"2024-04-15T17:05:51+00:00\",\"breadcrumb\":{\"@id\":\"https:\\\/\\\/filles-de-la-charite.org\\\/pl\\\/jestesmy\\\/inspiruja-nas\\\/#breadcrumb\"},\"inLanguage\":\"pl-PL\",\"potentialAction\":[{\"@type\":\"ReadAction\",\"target\":[\"https:\\\/\\\/filles-de-la-charite.org\\\/pl\\\/jestesmy\\\/inspiruja-nas\\\/\"]}]},{\"@type\":\"BreadcrumbList\",\"@id\":\"https:\\\/\\\/filles-de-la-charite.org\\\/pl\\\/jestesmy\\\/inspiruja-nas\\\/#breadcrumb\",\"itemListElement\":[{\"@type\":\"ListItem\",\"position\":1,\"name\":\"Kim jeste\u015bmy\",\"item\":\"https:\\\/\\\/filles-de-la-charite.org\\\/pl\\\/jestesmy\\\/\"},{\"@type\":\"ListItem\",\"position\":2,\"name\":\"Inspiruj\u0105 nas\"}]},{\"@type\":\"WebSite\",\"@id\":\"https:\\\/\\\/filles-de-la-charite.org\\\/pl\\\/#website\",\"url\":\"https:\\\/\\\/filles-de-la-charite.org\\\/pl\\\/\",\"name\":\"Hijas de la Caridad\",\"description\":\"L\u2019amour de J\u00e9sus nous presse \u00e0 prendre soin des personnes les plus d\u00e9munies\",\"publisher\":{\"@id\":\"https:\\\/\\\/filles-de-la-charite.org\\\/pl\\\/#organization\"},\"potentialAction\":[{\"@type\":\"SearchAction\",\"target\":{\"@type\":\"EntryPoint\",\"urlTemplate\":\"https:\\\/\\\/filles-de-la-charite.org\\\/pl\\\/?s={search_term_string}\"},\"query-input\":{\"@type\":\"PropertyValueSpecification\",\"valueRequired\":true,\"valueName\":\"search_term_string\"}}],\"inLanguage\":\"pl-PL\"},{\"@type\":\"Organization\",\"@id\":\"https:\\\/\\\/filles-de-la-charite.org\\\/pl\\\/#organization\",\"name\":\"Hijas de la Caridad\",\"url\":\"https:\\\/\\\/filles-de-la-charite.org\\\/pl\\\/\",\"logo\":{\"@type\":\"ImageObject\",\"inLanguage\":\"pl-PL\",\"@id\":\"https:\\\/\\\/filles-de-la-charite.org\\\/pl\\\/#\\\/schema\\\/logo\\\/image\\\/\",\"url\":\"https:\\\/\\\/filles-de-la-charite.org\\\/wp-content\\\/uploads\\\/2023\\\/03\\\/isotipo-Hijas-de-la-Caridad.png\",\"contentUrl\":\"https:\\\/\\\/filles-de-la-charite.org\\\/wp-content\\\/uploads\\\/2023\\\/03\\\/isotipo-Hijas-de-la-Caridad.png\",\"width\":1417,\"height\":1417,\"caption\":\"Hijas de la Caridad\"},\"image\":{\"@id\":\"https:\\\/\\\/filles-de-la-charite.org\\\/pl\\\/#\\\/schema\\\/logo\\\/image\\\/\"}}]}<\/script>\n<!-- \/ Yoast SEO plugin. -->","yoast_head_json":{"title":"Inspiruj\u0105 nas - Filles de la Charit\u00e9","robots":{"index":"index","follow":"follow","max-snippet":"max-snippet:-1","max-image-preview":"max-image-preview:large","max-video-preview":"max-video-preview:-1"},"canonical":"https:\/\/filles-de-la-charite.org\/pl\/jestesmy\/inspiruja-nas\/","og_locale":"pl_PL","og_type":"article","og_title":"Inspiruj\u0105 nas - Filles de la Charit\u00e9","og_url":"https:\/\/filles-de-la-charite.org\/pl\/jestesmy\/inspiruja-nas\/","og_site_name":"Filles de la Charit\u00e9","article_modified_time":"2024-04-15T17:05:51+00:00","twitter_card":"summary_large_image","twitter_misc":{"Szacowany czas czytania":"8 minut"},"schema":{"@context":"https:\/\/schema.org","@graph":[{"@type":"WebPage","@id":"https:\/\/filles-de-la-charite.org\/pl\/jestesmy\/inspiruja-nas\/","url":"https:\/\/filles-de-la-charite.org\/pl\/jestesmy\/inspiruja-nas\/","name":"Inspiruj\u0105 nas - Filles de la Charit\u00e9","isPartOf":{"@id":"https:\/\/filles-de-la-charite.org\/pl\/#website"},"datePublished":"2023-04-13T08:17:11+00:00","dateModified":"2024-04-15T17:05:51+00:00","breadcrumb":{"@id":"https:\/\/filles-de-la-charite.org\/pl\/jestesmy\/inspiruja-nas\/#breadcrumb"},"inLanguage":"pl-PL","potentialAction":[{"@type":"ReadAction","target":["https:\/\/filles-de-la-charite.org\/pl\/jestesmy\/inspiruja-nas\/"]}]},{"@type":"BreadcrumbList","@id":"https:\/\/filles-de-la-charite.org\/pl\/jestesmy\/inspiruja-nas\/#breadcrumb","itemListElement":[{"@type":"ListItem","position":1,"name":"Kim jeste\u015bmy","item":"https:\/\/filles-de-la-charite.org\/pl\/jestesmy\/"},{"@type":"ListItem","position":2,"name":"Inspiruj\u0105 nas"}]},{"@type":"WebSite","@id":"https:\/\/filles-de-la-charite.org\/pl\/#website","url":"https:\/\/filles-de-la-charite.org\/pl\/","name":"Hijas de la Caridad","description":"L\u2019amour de J\u00e9sus nous presse \u00e0 prendre soin des personnes les plus d\u00e9munies","publisher":{"@id":"https:\/\/filles-de-la-charite.org\/pl\/#organization"},"potentialAction":[{"@type":"SearchAction","target":{"@type":"EntryPoint","urlTemplate":"https:\/\/filles-de-la-charite.org\/pl\/?s={search_term_string}"},"query-input":{"@type":"PropertyValueSpecification","valueRequired":true,"valueName":"search_term_string"}}],"inLanguage":"pl-PL"},{"@type":"Organization","@id":"https:\/\/filles-de-la-charite.org\/pl\/#organization","name":"Hijas de la Caridad","url":"https:\/\/filles-de-la-charite.org\/pl\/","logo":{"@type":"ImageObject","inLanguage":"pl-PL","@id":"https:\/\/filles-de-la-charite.org\/pl\/#\/schema\/logo\/image\/","url":"https:\/\/filles-de-la-charite.org\/wp-content\/uploads\/2023\/03\/isotipo-Hijas-de-la-Caridad.png","contentUrl":"https:\/\/filles-de-la-charite.org\/wp-content\/uploads\/2023\/03\/isotipo-Hijas-de-la-Caridad.png","width":1417,"height":1417,"caption":"Hijas de la Caridad"},"image":{"@id":"https:\/\/filles-de-la-charite.org\/pl\/#\/schema\/logo\/image\/"}}]}},"_links":{"self":[{"href":"https:\/\/filles-de-la-charite.org\/pl\/wp-json\/wp\/v2\/pages\/3304","targetHints":{"allow":["GET"]}}],"collection":[{"href":"https:\/\/filles-de-la-charite.org\/pl\/wp-json\/wp\/v2\/pages"}],"about":[{"href":"https:\/\/filles-de-la-charite.org\/pl\/wp-json\/wp\/v2\/types\/page"}],"author":[{"embeddable":true,"href":"https:\/\/filles-de-la-charite.org\/pl\/wp-json\/wp\/v2\/users\/1"}],"replies":[{"embeddable":true,"href":"https:\/\/filles-de-la-charite.org\/pl\/wp-json\/wp\/v2\/comments?post=3304"}],"version-history":[{"count":34,"href":"https:\/\/filles-de-la-charite.org\/pl\/wp-json\/wp\/v2\/pages\/3304\/revisions"}],"predecessor-version":[{"id":34771,"href":"https:\/\/filles-de-la-charite.org\/pl\/wp-json\/wp\/v2\/pages\/3304\/revisions\/34771"}],"up":[{"embeddable":true,"href":"https:\/\/filles-de-la-charite.org\/pl\/wp-json\/wp\/v2\/pages\/3585"}],"wp:attachment":[{"href":"https:\/\/filles-de-la-charite.org\/pl\/wp-json\/wp\/v2\/media?parent=3304"}],"curies":[{"name":"wp","href":"https:\/\/api.w.org\/{rel}","templated":true}]}}