{"id":3474,"date":"2023-03-21T14:03:14","date_gmt":"2023-03-21T13:03:14","guid":{"rendered":"https:\/\/hijascaridad.sjdigitaldemo.ovh\/aktualnosci\/"},"modified":"2024-05-24T19:21:55","modified_gmt":"2024-05-24T17:21:55","slug":"aktualnosci","status":"publish","type":"page","link":"https:\/\/filles-de-la-charite.org\/pl\/aktualnosci\/","title":{"rendered":"Aktualno\u015bci"},"content":{"rendered":"<p><div class=\"et_d4_element et_pb_section et_pb_section_0 et_pb_with_background  et_pb_css_mix_blend_mode et_section_regular et_block_section\" >\n\t\t\t\t\n\t\t\t\t\n\t\t\t\t\n\t\t\t\t\n\t\t\t\t\n\t\t\t\t\n\t\t\t\t<div class=\"et_d4_element et_pb_row et_pb_row_0  et_pb_css_mix_blend_mode et_block_row\">\n\t\t\t\t<div class=\"et_d4_element et_pb_column_4_4 et_pb_column et_pb_column_0  et_pb_css_mix_blend_mode et-last-child et_block_column\">\n\t\t\t\t\n\t\t\t\t\n\t\t\t\t\n\t\t\t\t\n\t\t\t\t<div class=\"et_pb_module et_d4_element et_pb_text et_pb_text_0 et_animated  et_pb_text_align_left et_pb_bg_layout_light\">\n\t\t\t\t\n\t\t\t\t\n\t\t\t\t\n\t\t\t\t\n\t\t\t\t<div class=\"et_pb_text_inner\"><h1>Aktualno\u015bci<\/h1><\/div>\n\t\t\t<\/div><div class=\"et_pb_module et_d4_element et_pb_divider et_pb_divider_0 et_animated et_pb_divider_position_center et_pb_space\"><div class=\"et_pb_divider_internal\"><\/div><\/div>\n\t\t\t<\/div>\n\t\t\t\t\n\t\t\t\t\n\t\t\t\t\n\t\t\t\t\n\t\t\t<\/div><div class=\"et_d4_element et_pb_row et_pb_row_1  et_pb_css_mix_blend_mode et_block_row\">\n\t\t\t\t<div class=\"et_d4_element et_pb_column_4_4 et_pb_column et_pb_column_1  et_pb_css_mix_blend_mode et-last-child et_block_column\">\n\t\t\t\t\n\t\t\t\t\n\t\t\t\t\n\t\t\t\t\n\t\t\t\t<div class=\"et_pb_with_border et_pb_module et_d4_element et_pb_blog_0 et_animated  et_pb_css_mix_blend_mode et_pb_blog_grid_wrapper et_pb_bg_layout_light\">\n\t\t\t\t\t<div class=\"et_pb_blog_grid clearfix \">\n\t\t\t\t\t\n\t\t\t\t\t\n\t\t\t\t\t\n\t\t\t\t\t\n\t\t\t\t\t<div class=\"et_pb_ajax_pagination_container\">\n\t\t\t\t\t\t<div class=\"et_pb_salvattore_content\" data-columns>\n\t\t\t<article id=\"post-49528\" class=\"et_pb_post clearfix et_pb_blog_item_0_0 post-49528 post type-post status-publish format-standard has-post-thumbnail hentry category-miedzynarodowy\">\n\n\t\t\t\t<div class=\"et_pb_image_container\"><a href=\"https:\/\/filles-de-la-charite.org\/pl\/decreto-sobre-la-heroicidad-de-las-virtudes-de-sor-samulowska\/\" class=\"entry-featured-image-url\"><img loading=\"lazy\" decoding=\"async\" src=\"https:\/\/filles-de-la-charite.org\/wp-content\/uploads\/2026\/04\/Diseno-sin-titulo-17-6-400x250.png\" alt=\"Dekret o heroiczno\u015bci cn\u00f3t Siostry Samulowskiej\" class=\"\" srcset=\"https:\/\/filles-de-la-charite.org\/wp-content\/uploads\/2026\/04\/Diseno-sin-titulo-17-6.png 479w, https:\/\/filles-de-la-charite.org\/wp-content\/uploads\/2026\/04\/Diseno-sin-titulo-17-6-400x250.png 480w \" sizes=\"(max-width:479px) 479px, 100vw \"  width=\"400\" height=\"250\" \/><\/a><\/div>\n\t\t\t\t\t\t\t\t\t\t\t\t\t\t<h2 class=\"entry-title\">\n\t\t\t\t\t\t\t\t\t\t\t\t\t<a href=\"https:\/\/filles-de-la-charite.org\/pl\/decreto-sobre-la-heroicidad-de-las-virtudes-de-sor-samulowska\/\">Dekret o heroiczno\u015bci cn\u00f3t Siostry Samulowskiej<\/a>\n\t\t\t\t\t\t\t\t\t\t\t<\/h2>\n\t\t\t\t\n\t\t\t\t\t<p class=\"post-meta\"><span class=\"published\">kwi 12, 2026<\/span> | <a href=\"https:\/\/filles-de-la-charite.org\/pl\/category\/miedzynarodowy\/\" rel=\"tag\">Mi\u0119dzynarodowy<\/a><\/p><div class=\"post-content\"><div class=\"post-content-inner\"><p>23 marca 2026 r., najwa\u017cniejszy etap w sprawie S\u0142ugi Bo\u017cej Siostry Stanis\u0142awy Barbary Samulowskiej zosta\u0142 zako\u0144czony. W uznaniu cn\u00f3t, kt\u00f3re realizowa\u0142a w heroiczny spos\u00f3b, Ojciec \u015awi\u0119ty Leon XIV zezwoli\u0142 na nazywanie Siostry Mi\u0142osierdzia \u015bw. Wincentego a Paulo, Siostry Barbary Stanis\u0142awy Samulowskiej, CZCIGODN\u0104. Co to oznacza dla nas, dla Si\u00f3str Mi\u0142osierdzia? Tre\u015b\u0107, jak\u0105 niesie og\u0142oszenie tej [&hellip;]<\/p>\n<\/div><\/div>\t\t\t\n\t\t\t<\/article>\n\t\t\t\t\n\t\t\t<article id=\"post-49485\" class=\"et_pb_post clearfix et_pb_blog_item_0_1 post-49485 post type-post status-publish format-standard has-post-thumbnail hentry category-cracovia-pl\">\n\n\t\t\t\t<div class=\"et_pb_image_container\"><a href=\"https:\/\/filles-de-la-charite.org\/pl\/bajo-la-proteccion-del-sagrado-corazon\/\" class=\"entry-featured-image-url\"><img loading=\"lazy\" decoding=\"async\" src=\"https:\/\/filles-de-la-charite.org\/wp-content\/uploads\/2026\/04\/IMG-20250211-WA0026-6-400x250.jpg\" alt=\"Pod opiek\u0105 Naj\u015bwi\u0119tszego Serca\" class=\"\" srcset=\"https:\/\/filles-de-la-charite.org\/wp-content\/uploads\/2026\/04\/IMG-20250211-WA0026-6.jpg 479w, https:\/\/filles-de-la-charite.org\/wp-content\/uploads\/2026\/04\/IMG-20250211-WA0026-6-400x250.jpg 480w \" sizes=\"(max-width:479px) 479px, 100vw \"  width=\"400\" height=\"250\" \/><\/a><\/div>\n\t\t\t\t\t\t\t\t\t\t\t\t\t\t<h2 class=\"entry-title\">\n\t\t\t\t\t\t\t\t\t\t\t\t\t<a href=\"https:\/\/filles-de-la-charite.org\/pl\/bajo-la-proteccion-del-sagrado-corazon\/\">Pod opiek\u0105 Naj\u015bwi\u0119tszego Serca<\/a>\n\t\t\t\t\t\t\t\t\t\t\t<\/h2>\n\t\t\t\t\n\t\t\t\t\t<p class=\"post-meta\"><span class=\"published\">kwi 10, 2026<\/span> | <a href=\"https:\/\/filles-de-la-charite.org\/pl\/category\/cracovia-pl\/\" rel=\"tag\">Krak\u00f3w<\/a><\/p><div class=\"post-content\"><div class=\"post-content-inner\"><p>W 2026 r. Ko\u015bci\u00f3\u0142 rzymskokatolicki w Ukrainie gromadzi si\u0119 wok\u00f3\u0142 tajemnicy Naj\u015bwi\u0119tszego Serca Pana Jezusa, aby kontemplowa\u0107 Jego mi\u0142o\u015b\u0107, wynagradza\u0107 za grzechy oraz b\u0142aga\u0107 o dar pokoju i duchowego odrodzenia naszej Ojczyzny. Ka\u017cda parafia otrzyma\u0142a obraz Serca Pana Jezusa, kt\u00f3ry rodziny zabieraj\u0105 do swoich dom\u00f3w, aby wsp\u00f3lnie modli\u0107 si\u0119 przed obrazem, by w ka\u017cdym domu [&hellip;]<\/p>\n<\/div><\/div>\t\t\t\n\t\t\t<\/article>\n\t\t\t\t\n\t\t\t<article id=\"post-49304\" class=\"et_pb_post clearfix et_pb_blog_item_0_2 post-49304 post type-post status-publish format-standard has-post-thumbnail hentry category-miedzynarodowy\">\n\n\t\t\t\t<div class=\"et_pb_image_container\"><a href=\"https:\/\/filles-de-la-charite.org\/pl\/comunicar-la-mision-en-el-continente-digital\/\" class=\"entry-featured-image-url\"><img loading=\"lazy\" decoding=\"async\" src=\"https:\/\/filles-de-la-charite.org\/wp-content\/uploads\/2026\/03\/athree23-study-3698155_1920-400x250.jpg\" alt=\"Przekazywanie misji w \u015bwiecie cyfrowym\" class=\"\" srcset=\"https:\/\/filles-de-la-charite.org\/wp-content\/uploads\/2026\/03\/athree23-study-3698155_1920.jpg 479w, https:\/\/filles-de-la-charite.org\/wp-content\/uploads\/2026\/03\/athree23-study-3698155_1920-400x250.jpg 480w \" sizes=\"(max-width:479px) 479px, 100vw \"  width=\"400\" height=\"250\" \/><\/a><\/div>\n\t\t\t\t\t\t\t\t\t\t\t\t\t\t<h2 class=\"entry-title\">\n\t\t\t\t\t\t\t\t\t\t\t\t\t<a href=\"https:\/\/filles-de-la-charite.org\/pl\/comunicar-la-mision-en-el-continente-digital\/\">Przekazywanie misji w \u015bwiecie cyfrowym<\/a>\n\t\t\t\t\t\t\t\t\t\t\t<\/h2>\n\t\t\t\t\n\t\t\t\t\t<p class=\"post-meta\"><span class=\"published\">mar 29, 2026<\/span> | <a href=\"https:\/\/filles-de-la-charite.org\/pl\/category\/miedzynarodowy\/\" rel=\"tag\">Mi\u0119dzynarodowy<\/a><\/p><div class=\"post-content\"><div class=\"post-content-inner\"><p>Od 7 lutego do 30 maja 2026 r. Zgromadzenie Si\u00f3str Mi\u0142osierdzia oferuje program szkoleniowy przeznaczony dla Si\u00f3str, kt\u00f3re w swoich Prowincjach pe\u0142ni\u0105 misj\u0119 animowania obecno\u015bci Zgromadzenia w mediach spo\u0142eczno\u015bciowych. Inicjatywa ta zrodzi\u0142a si\u0119 ze \u015bwiadomo\u015bci, \u017ce \u015brodowisko cyfrowe sta\u0142o si\u0119 dzi\u015b wa\u017cn\u0105 przestrzeni\u0105 spotka\u0144, dzielenia si\u0119 i dawania \u015bwiadectwa mi\u0142o\u015bci. Ten program szkoleniowy prowadzi specjalistka [&hellip;]<\/p>\n<\/div><\/div>\t\t\t\n\t\t\t<\/article>\n\t\t\t\t\n\t\t\t<article id=\"post-49347\" class=\"et_pb_post clearfix et_pb_blog_item_0_3 post-49347 post type-post status-publish format-standard has-post-thumbnail hentry category-mother-house-pl category-miedzynarodowy\">\n\n\t\t\t\t<div class=\"et_pb_image_container\"><a href=\"https:\/\/filles-de-la-charite.org\/pl\/cien-anos-al-servicio-de-la-comunion-en-la-compania\/\" class=\"entry-featured-image-url\"><img loading=\"lazy\" decoding=\"async\" src=\"https:\/\/filles-de-la-charite.org\/wp-content\/uploads\/2026\/04\/thumbnail-1-400x250.png\" alt=\"Sto lat w s\u0142u\u017cbie komunii w Zgromadzeniu\" class=\"\" srcset=\"https:\/\/filles-de-la-charite.org\/wp-content\/uploads\/2026\/04\/thumbnail-1.png 479w, https:\/\/filles-de-la-charite.org\/wp-content\/uploads\/2026\/04\/thumbnail-1-400x250.png 480w \" sizes=\"(max-width:479px) 479px, 100vw \"  width=\"400\" height=\"250\" \/><\/a><\/div>\n\t\t\t\t\t\t\t\t\t\t\t\t\t\t<h2 class=\"entry-title\">\n\t\t\t\t\t\t\t\t\t\t\t\t\t<a href=\"https:\/\/filles-de-la-charite.org\/pl\/cien-anos-al-servicio-de-la-comunion-en-la-compania\/\">Sto lat w s\u0142u\u017cbie komunii w Zgromadzeniu<\/a>\n\t\t\t\t\t\t\t\t\t\t\t<\/h2>\n\t\t\t\t\n\t\t\t\t\t<p class=\"post-meta\"><span class=\"published\">mar 27, 2026<\/span> | <a href=\"https:\/\/filles-de-la-charite.org\/pl\/category\/mother-house-pl\/\" rel=\"tag\">Dom Macierzysty<\/a>, <a href=\"https:\/\/filles-de-la-charite.org\/pl\/category\/miedzynarodowy\/\" rel=\"tag\">Mi\u0119dzynarodowy<\/a><\/p><div class=\"post-content\"><div class=\"post-content-inner\"><p>W 2026 r. Zgromadzenie Si\u00f3str Mi\u0142osierdzia wyra\u017ca wdzi\u0119czno\u015b\u0107 Bogu za sto lat publikacji Echa Domu Macierzystego (w 1976 roku przemianowanego na Echa Zgromadzenia): publikacji, kt\u00f3ra towarzyszy\u0142a \u017cyciu pokole\u0144 Si\u00f3str na ca\u0142ym \u015bwiecie. Powsta\u0142a w 1926 r. z pragnienia zbli\u017cenia Domu Macierzystego do najbardziej odleg\u0142ych wsp\u00f3lnot, inicjatywa ta z biegiem czasu stopniowo si\u0119 rozwija\u0142a, a\u017c sta\u0142a [&hellip;]<\/p>\n<\/div><\/div>\t\t\t\n\t\t\t<\/article>\n\t\t\t\t\n\t\t\t<article id=\"post-49378\" class=\"et_pb_post clearfix et_pb_blog_item_0_4 post-49378 post type-post status-publish format-standard has-post-thumbnail hentry category-mother-house-pl category-miedzynarodowy\">\n\n\t\t\t\t<div class=\"et_pb_image_container\"><a href=\"https:\/\/filles-de-la-charite.org\/pl\/message-of-father-tomaz-mavric-to-the-daughters-of-charity\/\" class=\"entry-featured-image-url\"><img loading=\"lazy\" decoding=\"async\" src=\"https:\/\/filles-de-la-charite.org\/wp-content\/uploads\/2026\/03\/WhatsApp-Image-2026-03-26-at-22.24.23-400x250.jpeg\" alt=\"Przes\u0142anie Ojca Genera\u0142a Toma\u017ea Mavri\u010d do Si\u00f3str Mi\u0142osierdzia\" class=\"\" srcset=\"https:\/\/filles-de-la-charite.org\/wp-content\/uploads\/2026\/03\/WhatsApp-Image-2026-03-26-at-22.24.23.jpeg 479w, https:\/\/filles-de-la-charite.org\/wp-content\/uploads\/2026\/03\/WhatsApp-Image-2026-03-26-at-22.24.23-400x250.jpeg 480w \" sizes=\"(max-width:479px) 479px, 100vw \"  width=\"400\" height=\"250\" \/><\/a><\/div>\n\t\t\t\t\t\t\t\t\t\t\t\t\t\t<h2 class=\"entry-title\">\n\t\t\t\t\t\t\t\t\t\t\t\t\t<a href=\"https:\/\/filles-de-la-charite.org\/pl\/message-of-father-tomaz-mavric-to-the-daughters-of-charity\/\">Przes\u0142anie Ojca Genera\u0142a Toma\u017ea Mavri\u010d do Si\u00f3str Mi\u0142osierdzia<\/a>\n\t\t\t\t\t\t\t\t\t\t\t<\/h2>\n\t\t\t\t\n\t\t\t\t\t<p class=\"post-meta\"><span class=\"published\">mar 26, 2026<\/span> | <a href=\"https:\/\/filles-de-la-charite.org\/pl\/category\/mother-house-pl\/\" rel=\"tag\">Dom Macierzysty<\/a>, <a href=\"https:\/\/filles-de-la-charite.org\/pl\/category\/miedzynarodowy\/\" rel=\"tag\">Mi\u0119dzynarodowy<\/a><\/p><div class=\"post-content\"><div class=\"post-content-inner\"><p>Ka\u017cdego roku, 25 marca, w \u015awi\u0119to Zwiastowania Pa\u0144skiego, Siostry Mi\u0142osierdzia na ca\u0142ym \u015bwiecie odnawiaj\u0105 \u015bluby czysto\u015bci, ub\u00f3stwa, pos\u0142usze\u0144stwa i s\u0142u\u017cby ubogim. Z tej okazji Prze\u0142o\u017cony Generalny, Ojciec Toma\u017e Mavri\u010d, przyby\u0142 do ich Domu Macierzystego w Pary\u017cu i odprawi\u0142 Msz\u0119 \u015bwi\u0119t\u0105 w Kaplicy Matki Bo\u017cej od Cudownego Medalika, gdzie Siostry odnowi\u0142y swoje \u015bluby.<\/p>\n<\/div><\/div>\t\t\t\n\t\t\t<\/article>\n\t\t\t\t\n\t\t\t<article id=\"post-48964\" class=\"et_pb_post clearfix et_pb_blog_item_0_5 post-48964 post type-post status-publish format-standard has-post-thumbnail hentry category-india-del-sur-pl\">\n\n\t\t\t\t<div class=\"et_pb_image_container\"><a href=\"https:\/\/filles-de-la-charite.org\/pl\/oasis-de-esperanza\/\" class=\"entry-featured-image-url\"><img loading=\"lazy\" decoding=\"async\" src=\"https:\/\/filles-de-la-charite.org\/wp-content\/uploads\/2026\/02\/Sr-Soniya-K-Chacko_page3_image3-400x250.jpg\" alt=\"Oaza nadziei\" class=\"\" srcset=\"https:\/\/filles-de-la-charite.org\/wp-content\/uploads\/2026\/02\/Sr-Soniya-K-Chacko_page3_image3.jpg 479w, https:\/\/filles-de-la-charite.org\/wp-content\/uploads\/2026\/02\/Sr-Soniya-K-Chacko_page3_image3-400x250.jpg 480w \" sizes=\"(max-width:479px) 479px, 100vw \"  width=\"400\" height=\"250\" \/><\/a><\/div>\n\t\t\t\t\t\t\t\t\t\t\t\t\t\t<h2 class=\"entry-title\">\n\t\t\t\t\t\t\t\t\t\t\t\t\t<a href=\"https:\/\/filles-de-la-charite.org\/pl\/oasis-de-esperanza\/\">Oaza nadziei<\/a>\n\t\t\t\t\t\t\t\t\t\t\t<\/h2>\n\t\t\t\t\n\t\t\t\t\t<p class=\"post-meta\"><span class=\"published\">lut 15, 2026<\/span> | <a href=\"https:\/\/filles-de-la-charite.org\/pl\/category\/india-del-sur-pl\/\" rel=\"tag\">Indie Poludniowe<\/a><\/p><div class=\"post-content\"><div class=\"post-content-inner\"><p>Trzydzie\u015bci lat troski, odwagi i zaanga\u017cowania w pos\u0142ug\u0119 osobom zaka\u017conym wirusem HIV\/chorym na AIDS w Domu \u015bw. Wincentego w Muringoor w Kerali Trzydzie\u015bci lat temu HIV\/AIDS by\u0142 straszn\u0105 chorob\u0105. Ciche wo\u0142anie os\u00f3b dotkni\u0119tych t\u0105 chorob\u0105 pozostawa\u0142o nies\u0142yszane przez przyjaci\u00f3\u0142 i rodzin\u0119. Oto historia Ojc\u00f3w Wincentyn\u00f3w (VC, zgromadzenie powsta\u0142e w Indiach pod patronatem \u015bw. Wincentego ) [&hellip;]<\/p>\n<\/div><\/div>\t\t\t\n\t\t\t<\/article>\n\t\t\t\t\n\t\t\t<article id=\"post-48908\" class=\"et_pb_post clearfix et_pb_blog_item_0_6 post-48908 post type-post status-publish format-standard has-post-thumbnail hentry category-peru\">\n\n\t\t\t\t<div class=\"et_pb_image_container\"><a href=\"https:\/\/filles-de-la-charite.org\/pl\/esperanza-que-abraza-la-casa-de-acogida-sor-rosalia-rendu\/\" class=\"entry-featured-image-url\"><img loading=\"lazy\" decoding=\"async\" src=\"https:\/\/filles-de-la-charite.org\/wp-content\/uploads\/2026\/02\/WhatsApp-Image-2026-02-10-at-12.06.46-400x250.jpeg\" alt=\"Nadzieja, kt\u00f3ra przygarnia\" class=\"\" srcset=\"https:\/\/filles-de-la-charite.org\/wp-content\/uploads\/2026\/02\/WhatsApp-Image-2026-02-10-at-12.06.46.jpeg 479w, https:\/\/filles-de-la-charite.org\/wp-content\/uploads\/2026\/02\/WhatsApp-Image-2026-02-10-at-12.06.46-400x250.jpeg 480w \" sizes=\"(max-width:479px) 479px, 100vw \"  width=\"400\" height=\"250\" \/><\/a><\/div>\n\t\t\t\t\t\t\t\t\t\t\t\t\t\t<h2 class=\"entry-title\">\n\t\t\t\t\t\t\t\t\t\t\t\t\t<a href=\"https:\/\/filles-de-la-charite.org\/pl\/esperanza-que-abraza-la-casa-de-acogida-sor-rosalia-rendu\/\">Nadzieja, kt\u00f3ra przygarnia<\/a>\n\t\t\t\t\t\t\t\t\t\t\t<\/h2>\n\t\t\t\t\n\t\t\t\t\t<p class=\"post-meta\"><span class=\"published\">lut 12, 2026<\/span> | <a href=\"https:\/\/filles-de-la-charite.org\/pl\/category\/peru\/\" rel=\"tag\">Peru<\/a><\/p><div class=\"post-content\"><div class=\"post-content-inner\"><p>Dom \u201eRozalii Randu\u201d w Peru \u201eHandel lud\u017ami jest ran\u0105 na ciele wsp\u00f3\u0142czesnej ludzko\u015bci, ran\u0105 na ciele Chrystusa\u201d (Papie\u017c Franciszek). Od marca 2023 r., roku jubileuszowego 400-lecia \u015awiat\u0142a Pi\u0119\u0107dziesi\u0105tnicy, Pan w opatrzno\u015bciowy spos\u00f3b powierzy\u0142 nam ryzykowne i \u015bmia\u0142e zadanie. Podj\u0119\u0142y\u015bmy to wyzwanie, przekonane, \u017ce \u017cycie konsekrowane powinno by\u0107 \u201etam, gdzie \u017cycie wo\u0142a\u201d i \u017ce powinny\u015bmy by\u0107 [&hellip;]<\/p>\n<\/div><\/div>\t\t\t\n\t\t\t<\/article>\n\t\t\t\t\n\t\t\t<article id=\"post-48825\" class=\"et_pb_post clearfix et_pb_blog_item_0_7 post-48825 post type-post status-publish format-standard has-post-thumbnail hentry category-kolumbia\">\n\n\t\t\t\t<div class=\"et_pb_image_container\"><a href=\"https:\/\/filles-de-la-charite.org\/pl\/una-mano-mas-es-una-victima-menos\/\" class=\"entry-featured-image-url\"><img loading=\"lazy\" decoding=\"async\" src=\"https:\/\/filles-de-la-charite.org\/wp-content\/uploads\/2026\/02\/WhatsApp-Image-2026-02-03-at-16.18.24-400x250.jpeg\" alt=\"Jedna para r\u0105k wi\u0119cej oznacza jedn\u0105 ofiar\u0119 mniej\" class=\"\" srcset=\"https:\/\/filles-de-la-charite.org\/wp-content\/uploads\/2026\/02\/WhatsApp-Image-2026-02-03-at-16.18.24.jpeg 479w, https:\/\/filles-de-la-charite.org\/wp-content\/uploads\/2026\/02\/WhatsApp-Image-2026-02-03-at-16.18.24-400x250.jpeg 480w \" sizes=\"(max-width:479px) 479px, 100vw \"  width=\"400\" height=\"250\" \/><\/a><\/div>\n\t\t\t\t\t\t\t\t\t\t\t\t\t\t<h2 class=\"entry-title\">\n\t\t\t\t\t\t\t\t\t\t\t\t\t<a href=\"https:\/\/filles-de-la-charite.org\/pl\/una-mano-mas-es-una-victima-menos\/\">Jedna para r\u0105k wi\u0119cej oznacza jedn\u0105 ofiar\u0119 mniej<\/a>\n\t\t\t\t\t\t\t\t\t\t\t<\/h2>\n\t\t\t\t\n\t\t\t\t\t<p class=\"post-meta\"><span class=\"published\">lut 10, 2026<\/span> | <a href=\"https:\/\/filles-de-la-charite.org\/pl\/category\/kolumbia\/\" rel=\"tag\">Kolumbia<\/a><\/p><div class=\"post-content\"><div class=\"post-content-inner\"><p>W szko\u0142ach, dzielnicach i spo\u0142eczno\u015bciach edukacyjnych Siostry Mi\u0142osierdzia \u015bw. Wincentego a Paulo w Kolumbii nieustannie tworz\u0105 sie\u0107 opieki i profilaktyki w obliczu zagro\u017cenia handlem lud\u017ami. Poprzez Sie\u0107 Obro\u0144c\u00f3w \u017bycia (Defenders of Life Network), inicjatyw\u0119 za\u0142o\u017con\u0105 w 2009 roku, Siostry Mi\u0142osierdzia, nauczyciele i pracownicy socjalni \u0142\u0105cz\u0105 si\u0142y, aby chroni\u0107 zw\u0142aszcza dzieci i m\u0142odzie\u017c, kt\u00f3re s\u0105 najbardziej [&hellip;]<\/p>\n<\/div><\/div>\t\t\t\n\t\t\t<\/article>\n\t\t\t\t\n\t\t\t<article id=\"post-48778\" class=\"et_pb_post clearfix et_pb_blog_item_0_8 post-48778 post type-post status-publish format-standard has-post-thumbnail hentry category-polska\">\n\n\t\t\t\t<div class=\"et_pb_image_container\"><a href=\"https:\/\/filles-de-la-charite.org\/pl\/si-nuestro-testimonio-ayuda-aunque-sea-a-una-sola-mujer-seremos-felices\/\" class=\"entry-featured-image-url\"><img loading=\"lazy\" decoding=\"async\" src=\"https:\/\/filles-de-la-charite.org\/wp-content\/uploads\/2026\/02\/WhatsApp-Image-2026-01-29-at-16.07.54-400x250.jpeg\" alt=\"\u015awiadczy\u0107, by pomaga\u0107 innym\" class=\"\" srcset=\"https:\/\/filles-de-la-charite.org\/wp-content\/uploads\/2026\/02\/WhatsApp-Image-2026-01-29-at-16.07.54.jpeg 479w, https:\/\/filles-de-la-charite.org\/wp-content\/uploads\/2026\/02\/WhatsApp-Image-2026-01-29-at-16.07.54-400x250.jpeg 480w \" sizes=\"(max-width:479px) 479px, 100vw \"  width=\"400\" height=\"250\" \/><\/a><\/div>\n\t\t\t\t\t\t\t\t\t\t\t\t\t\t<h2 class=\"entry-title\">\n\t\t\t\t\t\t\t\t\t\t\t\t\t<a href=\"https:\/\/filles-de-la-charite.org\/pl\/si-nuestro-testimonio-ayuda-aunque-sea-a-una-sola-mujer-seremos-felices\/\">\u015awiadczy\u0107, by pomaga\u0107 innym<\/a>\n\t\t\t\t\t\t\t\t\t\t\t<\/h2>\n\t\t\t\t\n\t\t\t\t\t<p class=\"post-meta\"><span class=\"published\">lut 8, 2026<\/span> | <a href=\"https:\/\/filles-de-la-charite.org\/pl\/category\/polska\/\" rel=\"tag\">Polska<\/a><\/p><div class=\"post-content\"><div class=\"post-content-inner\"><p>Je\u015bli nasze \u015bwiadectwo pomo\u017ce cho\u0107 jednej kobiecie, b\u0119dziemy szcz\u0119\u015bliwe W zwi\u0105zku ze zbli\u017caj\u0105cym si\u0119 Mi\u0119dzynarodowym Dniem Modlitwy i Refleksji na temat Walki z Handlem Lud\u017ami, postanowi\u0142am porozmawia\u0107 z podopiecznymi \u015awietlicy dla Kobiet Bezdomnych i Zagro\u017conych Bezdomno\u015bci\u0105, prowadzonej przez Fundacj\u0119 Mi\u0142osierdzie. By\u0142am zaskoczona ich entuzjastyczn\u0105 reakcj\u0105 i wielk\u0105 otwarto\u015bci\u0105. Powtarza\u0142y, \u017ce o tego typu zagro\u017ceniach trzeba [&hellip;]<\/p>\n<\/div><\/div>\t\t\t\n\t\t\t<\/article>\n\t\t\t\t<\/div><div><div class=\"pagination clearfix\">\n\t<div class=\"alignleft\"><a href=\"https:\/\/filles-de-la-charite.org\/pl\/wp-json\/wp\/v2\/pages\/3474\/page\/2\/?et_blog\" >&laquo; Starsze Wpisy<\/a><\/div>\n\t<div class=\"alignright\"><\/div>\n<\/div><\/div><\/div>\n\t\t\t\t\t<\/div>\n\t\t\t\t\t \n\t\t\t\t<\/div>\n\t\t\t<\/div>\n\t\t\t\t\n\t\t\t\t\n\t\t\t\t\n\t\t\t\t\n\t\t\t<\/div>\n\t\t\t\t\n\t\t\t\t\n\t\t\t<\/div><div class=\"et_d4_element et_pb_section et_pb_section_1 et_pb_with_background  et_pb_css_mix_blend_mode et_section_regular et_block_section\" >\n\t\t\t\t\n\t\t\t\t\n\t\t\t\t\n\t\t\t\t\n\t\t\t\t\n\t\t\t\t\n\t\t\t\t<div class=\"et_d4_element et_pb_row et_pb_row_2  et_pb_css_mix_blend_mode et_block_row\">\n\t\t\t\t<div class=\"et_d4_element et_pb_column_4_4 et_pb_column et_pb_column_2  et_pb_css_mix_blend_mode et-last-child et_block_column\">\n\t\t\t\t\n\t\t\t\t\n\t\t\t\t\n\t\t\t\t\n\t\t\t\t<div class=\"et_pb_module et_d4_element et_pb_text et_pb_text_1 et_animated  et_pb_text_align_left et_pb_bg_layout_dark\">\n\t\t\t\t\n\t\t\t\t\n\t\t\t\t\n\t\t\t\t\n\t\t\t\t<div class=\"et_pb_text_inner\"><p>Nasz newsletter<\/p><\/div>\n\t\t\t<\/div><div class=\"et_pb_module et_d4_element et_pb_divider et_pb_divider_1 et_animated et_pb_divider_position_center et_pb_space\"><div class=\"et_pb_divider_internal\"><\/div><\/div><div class=\"et_pb_module et_d4_element et_pb_signup_0 et_animated et_hover_enabled et_pb_newsletter_layout_left_right et_pb_newsletter et_pb_subscribe clearfix  et_pb_text_align_left et_pb_bg_layout_dark et_pb_no_bg\">\n\t\t\t\t\n\t\t\t\t\n\t\t\t\t\n\t\t\t\t\n\t\t\t\t<div class=\"et_pb_newsletter_description\"><h2 class=\"et_pb_module_header\">B\u0105d\u017a na bie\u017c\u0105co<\/h2><div>\n<p><span>Przez ten newsletter b\u0119dziemy dzieli\u0107 si\u0119 z tob\u0105 \u015bwiadectwami nadziei, bie\u017c\u0105cymi projektami i wiadomo\u015bciami z naszych wsp\u00f3lnot na ca\u0142ym \u015bwiecie. Subskrybuj\u0105c, b\u0119dziesz uczestniczy\u0107 w naszej misji niesienia mi\u0142o\u015bci i wsp\u00f3\u0142czucia tym, kt\u00f3rzy najbardziej tego potrzebuj\u0105.<\/span><\/p>\n<p><span>Do\u0142\u0105cz do nas i podziel si\u0119 nasz\u0105 misj\u0105 z innymi!<\/span><\/p>\n<p><span><\/span><\/p>\n<\/div><\/div>\n\t\t\t\t\n\t\t\t\t<div class=\"et_pb_newsletter_form\">\n\t\t\t\t\t<form method=\"post\" class=\"et_pb_newsletter_custom_fields\">\n\t\t\t\t\t\t<div class=\"et_pb_newsletter_result et_pb_newsletter_error\"><\/div>\n\t\t\t\t\t\t<div class=\"et_pb_newsletter_result et_pb_newsletter_success\">\n\t\t\t\t\t\t\t<h2>Sukces!<\/h2>\n\t\t\t\t\t\t<\/div>\n\t\t\t\t\t\t<div class=\"et_pb_newsletter_fields\">\n\t\t\t\t\t\t\t\n\t\t\t\t\t<p class=\"et_pb_newsletter_field et_pb_contact_field_last et_pb_contact_field_last_tablet et_pb_contact_field_last_phone\">\n\t\t\t\t\t\t<label class=\"et_pb_contact_form_label\" for=\"et_pb_signup_firstname\" style=\"display: none;\">Nazwa<\/label>\n\t\t\t\t\t\t<input id=\"et_pb_signup_firstname\" class=\"input\" type=\"text\" placeholder=\"Nazwa\" name=\"et_pb_signup_firstname\">\n\t\t\t\t\t<\/p>\n\t\t\t\t\t\t\t\n\t\t\t\t\t\t\t\n\t\t\t\t\t<p class=\"et_pb_newsletter_field et_pb_contact_field_last et_pb_contact_field_last_tablet et_pb_contact_field_last_phone\">\n\t\t\t\t\t\t<label class=\"et_pb_contact_form_label\" for=\"et_pb_signup_email\" style=\"display: none;\">E-mail<\/label>\n\t\t\t\t\t\t<input id=\"et_pb_signup_email\" class=\"input\" type=\"text\" placeholder=\"E-mail\" name=\"et_pb_signup_email\">\n\t\t\t\t\t<\/p>\n\t\t\t\t\t\t\t<p class=\"et_pb_contact_field et_d4_element et_pb_signup_custom_field et_pb_signup_custom_field_0 et_pb_newsletter_field et_pb_contact_field_last\" data-id=\"6\" data-type=\"select\">\n\t\t\t\t\n\t\t\t\t\n\t\t\t\t\n\t\t\t\t\n\t\t\t\t<label for=\"et_pb_contact_6_0\" class=\"et_pb_contact_form_label\">Language<\/label>\n\t\t\t\t<select id=\"et_pb_contact_6_0\" class=\"et_pb_contact_select input\" name=\"et_pb_contact_6_0\" data-required_mark=\"required\" data-field_type=\"select\" data-original_id=\"6\">\n\t\t\t\t\t\t<option value=\"\">Language<\/option><option value=\"English [EN]\" data-id=\"0\">English [EN]<\/option><option value=\"Fran\u00e7ais [FR]\" data-id=\"1\">Fran\u00e7ais [FR]<\/option><option value=\"Espa\u00f1ol [ES]\" data-id=\"2\">Espa\u00f1ol [ES]<\/option><option value=\"Polski [PL]\" data-id=\"3\">Polski [PL]<\/option><option value=\"Portugu\u00eas [PT]\" data-id=\"4\">Portugu\u00eas [PT]<\/option><option value=\"Italiano [IT]\" data-id=\"5\">Italiano [IT]<\/option>\n\t\t\t\t\t<\/select>\n\t\t\t<\/p>\n\t\t\t\t\t\t\t\n\t\t\t\t\t<p class=\"et_pb_newsletter_button_wrap\">\n\t\t\t\t\t\t<a class=\"et_pb_newsletter_button et_pb_button\" href=\"#\" data-icon=\"$\">\n\t\t\t\t\t\t\t<span class=\"et_subscribe_loader\"><\/span>\n\t\t\t\t\t\t\t<span class=\"et_pb_newsletter_button_text\">SUBSKRYBUJ<\/span>\n\t\t\t\t\t\t<\/a>\n\t\t\t\t\t<\/p>\n\t\t\t\t\t\t\t\n\t\t\t\t\t\t<\/div>\n\t\t\t\t\t\t\n\t\t\t\t\t\t<input type=\"hidden\" value=\"mailchimp\" name=\"et_pb_signup_provider\" \/>\n\t\t\t\t\t\t<input type=\"hidden\" value=\"82d5ac37fd\" name=\"et_pb_signup_list_id\" \/>\n\t\t\t\t\t\t<input type=\"hidden\" value=\"MailChimp Web\" name=\"et_pb_signup_account_name\" \/>\n\t\t\t\t\t\t<input type=\"hidden\" value=\"true\" name=\"et_pb_signup_ip_address\" \/><input type=\"hidden\" value=\"181d1804c65703b449a33ca7cee35570\" name=\"et_pb_signup_checksum\" \/>\n\t\t\t\t\t<\/form>\n\t\t\t\t<\/div>\n\t\t\t<\/div>\n\t\t\t<\/div>\n\t\t\t\t\n\t\t\t\t\n\t\t\t\t\n\t\t\t\t\n\t\t\t<\/div>\n\t\t\t\t\n\t\t\t\t\n\t\t\t<\/div><\/p>\n","protected":false},"excerpt":{"rendered":"","protected":false},"author":1,"featured_media":0,"parent":0,"menu_order":0,"comment_status":"closed","ping_status":"closed","template":"","meta":{"_acf_changed":false,"_et_pb_use_builder":"on","_et_pb_old_content":"","_et_gb_content_width":"","footnotes":"","_links_to":"","_links_to_target":""},"class_list":["post-3474","page","type-page","status-publish","hentry"],"acf":[],"yoast_head":"<!-- This site is optimized with the Yoast SEO plugin v27.5 - https:\/\/yoast.com\/product\/yoast-seo-wordpress\/ -->\n<title>Aktualno\u015bci - Filles de la Charit\u00e9<\/title>\n<meta name=\"robots\" content=\"index, follow, max-snippet:-1, max-image-preview:large, max-video-preview:-1\" \/>\n<link rel=\"canonical\" href=\"https:\/\/filles-de-la-charite.org\/pl\/aktualnosci\/\" \/>\n<meta property=\"og:locale\" content=\"pl_PL\" \/>\n<meta property=\"og:type\" content=\"article\" \/>\n<meta property=\"og:title\" content=\"Aktualno\u015bci - Filles de la Charit\u00e9\" \/>\n<meta property=\"og:url\" content=\"https:\/\/filles-de-la-charite.org\/pl\/aktualnosci\/\" \/>\n<meta property=\"og:site_name\" content=\"Filles de la Charit\u00e9\" \/>\n<meta property=\"article:modified_time\" content=\"2024-05-24T17:21:55+00:00\" \/>\n<meta name=\"twitter:card\" content=\"summary_large_image\" \/>\n<meta name=\"twitter:label1\" content=\"Szacowany czas czytania\" \/>\n\t<meta name=\"twitter:data1\" content=\"5 minut\" \/>\n<script type=\"application\/ld+json\" class=\"yoast-schema-graph\">{\"@context\":\"https:\\\/\\\/schema.org\",\"@graph\":[{\"@type\":\"WebPage\",\"@id\":\"https:\\\/\\\/filles-de-la-charite.org\\\/pl\\\/aktualnosci\\\/\",\"url\":\"https:\\\/\\\/filles-de-la-charite.org\\\/pl\\\/aktualnosci\\\/\",\"name\":\"Aktualno\u015bci - Filles de la Charit\u00e9\",\"isPartOf\":{\"@id\":\"https:\\\/\\\/filles-de-la-charite.org\\\/pl\\\/#website\"},\"datePublished\":\"2023-03-21T13:03:14+00:00\",\"dateModified\":\"2024-05-24T17:21:55+00:00\",\"inLanguage\":\"pl-PL\",\"potentialAction\":[{\"@type\":\"ReadAction\",\"target\":[\"https:\\\/\\\/filles-de-la-charite.org\\\/pl\\\/aktualnosci\\\/\"]}]},{\"@type\":\"WebSite\",\"@id\":\"https:\\\/\\\/filles-de-la-charite.org\\\/pl\\\/#website\",\"url\":\"https:\\\/\\\/filles-de-la-charite.org\\\/pl\\\/\",\"name\":\"Hijas de la Caridad\",\"description\":\"L\u2019amour de J\u00e9sus nous presse \u00e0 prendre soin des personnes les plus d\u00e9munies\",\"publisher\":{\"@id\":\"https:\\\/\\\/filles-de-la-charite.org\\\/pl\\\/#organization\"},\"potentialAction\":[{\"@type\":\"SearchAction\",\"target\":{\"@type\":\"EntryPoint\",\"urlTemplate\":\"https:\\\/\\\/filles-de-la-charite.org\\\/pl\\\/?s={search_term_string}\"},\"query-input\":{\"@type\":\"PropertyValueSpecification\",\"valueRequired\":true,\"valueName\":\"search_term_string\"}}],\"inLanguage\":\"pl-PL\"},{\"@type\":\"Organization\",\"@id\":\"https:\\\/\\\/filles-de-la-charite.org\\\/pl\\\/#organization\",\"name\":\"Hijas de la Caridad\",\"url\":\"https:\\\/\\\/filles-de-la-charite.org\\\/pl\\\/\",\"logo\":{\"@type\":\"ImageObject\",\"inLanguage\":\"pl-PL\",\"@id\":\"https:\\\/\\\/filles-de-la-charite.org\\\/pl\\\/#\\\/schema\\\/logo\\\/image\\\/\",\"url\":\"https:\\\/\\\/filles-de-la-charite.org\\\/wp-content\\\/uploads\\\/2023\\\/03\\\/isotipo-Hijas-de-la-Caridad.png\",\"contentUrl\":\"https:\\\/\\\/filles-de-la-charite.org\\\/wp-content\\\/uploads\\\/2023\\\/03\\\/isotipo-Hijas-de-la-Caridad.png\",\"width\":1417,\"height\":1417,\"caption\":\"Hijas de la Caridad\"},\"image\":{\"@id\":\"https:\\\/\\\/filles-de-la-charite.org\\\/pl\\\/#\\\/schema\\\/logo\\\/image\\\/\"}}]}<\/script>\n<!-- \/ Yoast SEO plugin. -->","yoast_head_json":{"title":"Aktualno\u015bci - Filles de la Charit\u00e9","robots":{"index":"index","follow":"follow","max-snippet":"max-snippet:-1","max-image-preview":"max-image-preview:large","max-video-preview":"max-video-preview:-1"},"canonical":"https:\/\/filles-de-la-charite.org\/pl\/aktualnosci\/","og_locale":"pl_PL","og_type":"article","og_title":"Aktualno\u015bci - Filles de la Charit\u00e9","og_url":"https:\/\/filles-de-la-charite.org\/pl\/aktualnosci\/","og_site_name":"Filles de la Charit\u00e9","article_modified_time":"2024-05-24T17:21:55+00:00","twitter_card":"summary_large_image","twitter_misc":{"Szacowany czas czytania":"5 minut"},"schema":{"@context":"https:\/\/schema.org","@graph":[{"@type":"WebPage","@id":"https:\/\/filles-de-la-charite.org\/pl\/aktualnosci\/","url":"https:\/\/filles-de-la-charite.org\/pl\/aktualnosci\/","name":"Aktualno\u015bci - Filles de la Charit\u00e9","isPartOf":{"@id":"https:\/\/filles-de-la-charite.org\/pl\/#website"},"datePublished":"2023-03-21T13:03:14+00:00","dateModified":"2024-05-24T17:21:55+00:00","inLanguage":"pl-PL","potentialAction":[{"@type":"ReadAction","target":["https:\/\/filles-de-la-charite.org\/pl\/aktualnosci\/"]}]},{"@type":"WebSite","@id":"https:\/\/filles-de-la-charite.org\/pl\/#website","url":"https:\/\/filles-de-la-charite.org\/pl\/","name":"Hijas de la Caridad","description":"L\u2019amour de J\u00e9sus nous presse \u00e0 prendre soin des personnes les plus d\u00e9munies","publisher":{"@id":"https:\/\/filles-de-la-charite.org\/pl\/#organization"},"potentialAction":[{"@type":"SearchAction","target":{"@type":"EntryPoint","urlTemplate":"https:\/\/filles-de-la-charite.org\/pl\/?s={search_term_string}"},"query-input":{"@type":"PropertyValueSpecification","valueRequired":true,"valueName":"search_term_string"}}],"inLanguage":"pl-PL"},{"@type":"Organization","@id":"https:\/\/filles-de-la-charite.org\/pl\/#organization","name":"Hijas de la Caridad","url":"https:\/\/filles-de-la-charite.org\/pl\/","logo":{"@type":"ImageObject","inLanguage":"pl-PL","@id":"https:\/\/filles-de-la-charite.org\/pl\/#\/schema\/logo\/image\/","url":"https:\/\/filles-de-la-charite.org\/wp-content\/uploads\/2023\/03\/isotipo-Hijas-de-la-Caridad.png","contentUrl":"https:\/\/filles-de-la-charite.org\/wp-content\/uploads\/2023\/03\/isotipo-Hijas-de-la-Caridad.png","width":1417,"height":1417,"caption":"Hijas de la Caridad"},"image":{"@id":"https:\/\/filles-de-la-charite.org\/pl\/#\/schema\/logo\/image\/"}}]}},"_links":{"self":[{"href":"https:\/\/filles-de-la-charite.org\/pl\/wp-json\/wp\/v2\/pages\/3474","targetHints":{"allow":["GET"]}}],"collection":[{"href":"https:\/\/filles-de-la-charite.org\/pl\/wp-json\/wp\/v2\/pages"}],"about":[{"href":"https:\/\/filles-de-la-charite.org\/pl\/wp-json\/wp\/v2\/types\/page"}],"author":[{"embeddable":true,"href":"https:\/\/filles-de-la-charite.org\/pl\/wp-json\/wp\/v2\/users\/1"}],"replies":[{"embeddable":true,"href":"https:\/\/filles-de-la-charite.org\/pl\/wp-json\/wp\/v2\/comments?post=3474"}],"version-history":[{"count":28,"href":"https:\/\/filles-de-la-charite.org\/pl\/wp-json\/wp\/v2\/pages\/3474\/revisions"}],"predecessor-version":[{"id":36563,"href":"https:\/\/filles-de-la-charite.org\/pl\/wp-json\/wp\/v2\/pages\/3474\/revisions\/36563"}],"wp:attachment":[{"href":"https:\/\/filles-de-la-charite.org\/pl\/wp-json\/wp\/v2\/media?parent=3474"}],"curies":[{"name":"wp","href":"https:\/\/api.w.org\/{rel}","templated":true}]}}