{"id":3474,"date":"2023-03-21T14:03:14","date_gmt":"2023-03-21T13:03:14","guid":{"rendered":"https:\/\/hijascaridad.sjdigitaldemo.ovh\/aktualnosci\/"},"modified":"2026-05-19T09:00:19","modified_gmt":"2026-05-19T07:00:19","slug":"aktualnosci","status":"publish","type":"page","link":"https:\/\/filles-de-la-charite.org\/pl\/aktualnosci\/","title":{"rendered":"Aktualno\u015bci"},"content":{"rendered":"<div class=\"et_pb_section_0 et_pb_section et_section_regular et_block_section\">\n<div class=\"et_pb_row_0 et_pb_row et_block_row preset--module--divi-row--default\">\n<div class=\"et_pb_column_0 et_pb_column et_pb_column_4_4 et-last-child et_block_column et_pb_css_mix_blend_mode_passthrough\">\n<div class=\"et_pb_text_0 et_pb_text et_pb_bg_layout_light et_animated et_pb_module et_block_module\"><div class=\"et_pb_text_inner\"><h1>Aktualno\u015bci<\/h1>\n<\/div><\/div>\n\n<div class=\"et_pb_divider_0 et_pb_divider et_pb_space et_pb_divider_position_center et_animated et_pb_module\"><div class=\"et_pb_divider_internal\"><\/div><\/div>\n<\/div>\n<\/div>\n\n<div class=\"et_pb_row_1 et_pb_row et_block_row preset--module--divi-row--default\">\n<div class=\"et_pb_column_1 et_pb_column et_pb_column_4_4 et-last-child et_block_column et_pb_css_mix_blend_mode_passthrough\">\n<div class=\"et_pb_blog_0 et_pb_blog et_pb_bg_layout_light et_pb_posts et_animated et_pb_module\"><div class=\"et_pb_ajax_pagination_container\"><div class=\"et_pb_posts et_grid_module\"><article class=\"et_pb_post et_pb_post_id_53405 clearfix et_pb_blog_item_0_0 post-53405 post type-post status-publish format-standard has-post-thumbnail hentry category-indonezja-pl\"><div class=\"et_pb_image_container\"><a href=\"https:\/\/filles-de-la-charite.org\/pl\/visita-de-la-superiora-general-a-indonesia\/\" class=\"entry-featured-image-url\"><img loading=\"lazy\" decoding=\"async\" src=\"https:\/\/filles-de-la-charite.org\/wp-content\/uploads\/2026\/08\/Thumbnail-web.jpeg\" width=\"400\" height=\"284\" alt=\"Wizyta Prze\u0142o\u017conej Generalnej w Indonezji\" class=\"\" srcset=\"https:\/\/filles-de-la-charite.org\/wp-content\/uploads\/2026\/08\/Thumbnail-web.jpeg 479w, https:\/\/filles-de-la-charite.org\/wp-content\/uploads\/2026\/08\/Thumbnail-web-400x284.jpeg 480w\" sizes=\"(max-width:479px) 479px, 100vw\" \/><span data-icon=\"\ue050\" class=\"et_overlay et_pb_inline_icon\"><\/span><\/a><\/div><h2 class=\"entry-title\"><a href=\"https:\/\/filles-de-la-charite.org\/pl\/visita-de-la-superiora-general-a-indonesia\/\">Wizyta Prze\u0142o\u017conej Generalnej w Indonezji<\/a><\/h2><p class=\"post-meta\"><span class=\"published\">sie 23, 2026<\/span> | <span class=\"entry-categories\"><a href=\"https:\/\/filles-de-la-charite.org\/pl\/category\/indonezja-pl\/\" rel=\"tag\">Indonezja<\/a><\/span><\/p><div class=\"post-content\"><div class=\"post-content-inner\"><p>Siostra Fran\u00e7oise Petit, Prze\u0142o\u017cona Generalna, w towarzystwie Siostry Anny Wiwiek, Radnej Generalnej, odwiedzi\u0142a Prowincj\u0119 Indonezji w dniach 1\u201310 sierpnia 2026 r. Jeste\u015bmy g\u0142\u0119boko wdzi\u0119czne za t\u0119 wizyt\u0119, kt\u00f3ra nas odnowi\u0142a i wzmocni\u0142a. Jak wiadomo, Indonezja jest&#8230;<\/p>\n<\/div><\/div><\/article><article class=\"et_pb_post et_pb_post_id_53278 clearfix et_pb_blog_item_0_1 post-53278 post type-post status-publish format-standard has-post-thumbnail hentry category-ekwador\"><div class=\"et_pb_image_container\"><a href=\"https:\/\/filles-de-la-charite.org\/pl\/artesanas-de-paz-y-esperanza\/\" class=\"entry-featured-image-url\"><img loading=\"lazy\" decoding=\"async\" src=\"https:\/\/filles-de-la-charite.org\/wp-content\/uploads\/2026\/08\/WhatsApp-Image-2026-08-18-at-20.32.12-6.jpeg\" width=\"400\" height=\"284\" alt=\"WPROWADZAJ\u0104CE POK\u00d3J I NADZIEJ\u0118\" class=\"\" srcset=\"https:\/\/filles-de-la-charite.org\/wp-content\/uploads\/2026\/08\/WhatsApp-Image-2026-08-18-at-20.32.12-6.jpeg 479w, https:\/\/filles-de-la-charite.org\/wp-content\/uploads\/2026\/08\/WhatsApp-Image-2026-08-18-at-20.32.12-6-400x284.jpeg 480w\" sizes=\"(max-width:479px) 479px, 100vw\" \/><span data-icon=\"\ue050\" class=\"et_overlay et_pb_inline_icon\"><\/span><\/a><\/div><h2 class=\"entry-title\"><a href=\"https:\/\/filles-de-la-charite.org\/pl\/artesanas-de-paz-y-esperanza\/\">WPROWADZAJ\u0104CE POK\u00d3J I NADZIEJ\u0118<\/a><\/h2><p class=\"post-meta\"><span class=\"published\">sie 19, 2026<\/span> | <span class=\"entry-categories\"><a href=\"https:\/\/filles-de-la-charite.org\/pl\/category\/ekwador\/\" rel=\"tag\">Ekwador<\/a><\/span><\/p><div class=\"post-content\"><div class=\"post-content-inner\"><p>Prowincja Ekwadoru do\u015bwiadczy\u0142a czasu \u0142aski podczas wizyty Prze\u0142o\u017conej Generalnej i Radnej Generalnej W dniach od 29 czerwca do 6 lipca Prowincja Ekwadoru z rado\u015bci\u0105 go\u015bci\u0142a nasz\u0105 Prze\u0142o\u017con\u0105 Generaln\u0105, Siostr\u0119 Fran\u00e7oise Petit, kt\u00f3rej towarzyszy\u0142a Radna Generalna&#8230;<\/p>\n<\/div><\/div><\/article><article class=\"et_pb_post et_pb_post_id_53219 clearfix et_pb_blog_item_0_2 post-53219 post type-post status-publish format-standard has-post-thumbnail hentry category-erytrea\"><div class=\"et_pb_image_container\"><a href=\"https:\/\/filles-de-la-charite.org\/pl\/el-hermoso-arbol-pequeno-pero-fuerte\/\" class=\"entry-featured-image-url\"><img loading=\"lazy\" decoding=\"async\" src=\"https:\/\/filles-de-la-charite.org\/wp-content\/uploads\/2026\/08\/WhatsApp-Image-2026-08-10-at-16.29.05-11.jpeg\" width=\"400\" height=\"284\" alt=\"PI\u0118KNE, MA\u0141E, ALE MOCNE DRZEWO\" class=\"\" srcset=\"https:\/\/filles-de-la-charite.org\/wp-content\/uploads\/2026\/08\/WhatsApp-Image-2026-08-10-at-16.29.05-11.jpeg 479w, https:\/\/filles-de-la-charite.org\/wp-content\/uploads\/2026\/08\/WhatsApp-Image-2026-08-10-at-16.29.05-11-400x284.jpeg 480w\" sizes=\"(max-width:479px) 479px, 100vw\" \/><span data-icon=\"\ue050\" class=\"et_overlay et_pb_inline_icon\"><\/span><\/a><\/div><h2 class=\"entry-title\"><a href=\"https:\/\/filles-de-la-charite.org\/pl\/el-hermoso-arbol-pequeno-pero-fuerte\/\">PI\u0118KNE, MA\u0141E, ALE MOCNE DRZEWO<\/a><\/h2><p class=\"post-meta\"><span class=\"published\">sie 14, 2026<\/span> | <span class=\"entry-categories\"><a href=\"https:\/\/filles-de-la-charite.org\/pl\/category\/erytrea\/\" rel=\"tag\">Erytrea<\/a><\/span><\/p><div class=\"post-content\"><div class=\"post-content-inner\"><p>CENTRUM STUDI\u00d3W WINCENTY\u0143SKICH DLA AFRYKI I MADAGASKARU By\u0107 mo\u017ce s\u0142yszeli\u015bcie, \u017ce w Afryce powstaje Centrum Studi\u00f3w Wincenty\u0144skich. Tak, dobrze s\u0142yszeli\u015bcie! Znajdzie si\u0119 ono w ELEME, Domu Prowincjalnym i Formacyjnym Si\u00f3str Mi\u0142osierdzia Prowincji Nigerii. Dwie Siostry&#8230;<\/p>\n<\/div><\/div><\/article><article class=\"et_pb_post et_pb_post_id_53200 clearfix et_pb_blog_item_0_3 post-53200 post type-post status-publish format-standard has-post-thumbnail hentry category-chelmno-poznan-polska-pl\"><div class=\"et_pb_image_container\"><a href=\"https:\/\/filles-de-la-charite.org\/pl\/vacaciones-vicencianas-con-dios\/\" class=\"entry-featured-image-url\"><img loading=\"lazy\" decoding=\"async\" src=\"https:\/\/filles-de-la-charite.org\/wp-content\/uploads\/2026\/08\/Wakacje-w-Ostrzycach-2026-2-scaled.jpg\" width=\"400\" height=\"284\" alt=\"Wincenty\u0144skie Wakacje z Bogiem\" class=\"\" srcset=\"https:\/\/filles-de-la-charite.org\/wp-content\/uploads\/2026\/08\/Wakacje-w-Ostrzycach-2026-2-scaled.jpg 479w, https:\/\/filles-de-la-charite.org\/wp-content\/uploads\/2026\/08\/Wakacje-w-Ostrzycach-2026-2-400x284.jpg 480w\" sizes=\"(max-width:479px) 479px, 100vw\" \/><span data-icon=\"\ue050\" class=\"et_overlay et_pb_inline_icon\"><\/span><\/a><\/div><h2 class=\"entry-title\"><a href=\"https:\/\/filles-de-la-charite.org\/pl\/vacaciones-vicencianas-con-dios\/\">Wincenty\u0144skie Wakacje z Bogiem<\/a><\/h2><p class=\"post-meta\"><span class=\"published\">sie 12, 2026<\/span> | <span class=\"entry-categories\"><a href=\"https:\/\/filles-de-la-charite.org\/pl\/category\/chelmno-poznan-polska-pl\/\" rel=\"tag\">Che\u0142mno-Pozna\u0144 &#8211; Polska<\/a><\/span><\/p><div class=\"post-content\"><div class=\"post-content-inner\"><p>W Polsce, w Prowincji Che\u0142mi\u0144sko-Pozna\u0144skiej, od kilkunastu lat organizujemy wincenty\u0144skie Wakacje z Bogiem, przeznaczone dla dzieci i m\u0142odzie\u017cy. Jest to czas formacji, modlitwy, zwiedzania oraz wsp\u00f3lnej zabawy na \u0142onie natury. Od trzech lat organizujemy je w&#8230;<\/p>\n<\/div><\/div><\/article><article class=\"et_pb_post et_pb_post_id_53111 clearfix et_pb_blog_item_0_4 post-53111 post type-post status-publish format-standard has-post-thumbnail hentry category-mozambik-pl\"><div class=\"et_pb_image_container\"><a href=\"https:\/\/filles-de-la-charite.org\/pl\/un-si-renovado\/\" class=\"entry-featured-image-url\"><img loading=\"lazy\" decoding=\"async\" src=\"https:\/\/filles-de-la-charite.org\/wp-content\/uploads\/2026\/08\/WhatsApp-Image-2026-08-05-at-16.35.05-3.jpeg\" width=\"400\" height=\"284\" alt=\"ODNOWIONE \u201eTAK\u201d\" class=\"\" srcset=\"https:\/\/filles-de-la-charite.org\/wp-content\/uploads\/2026\/08\/WhatsApp-Image-2026-08-05-at-16.35.05-3.jpeg 479w, https:\/\/filles-de-la-charite.org\/wp-content\/uploads\/2026\/08\/WhatsApp-Image-2026-08-05-at-16.35.05-3-400x284.jpeg 480w\" sizes=\"(max-width:479px) 479px, 100vw\" \/><span data-icon=\"\ue050\" class=\"et_overlay et_pb_inline_icon\"><\/span><\/a><\/div><h2 class=\"entry-title\"><a href=\"https:\/\/filles-de-la-charite.org\/pl\/un-si-renovado\/\">ODNOWIONE \u201eTAK\u201d<\/a><\/h2><p class=\"post-meta\"><span class=\"published\">sie 10, 2026<\/span> | <span class=\"entry-categories\"><a href=\"https:\/\/filles-de-la-charite.org\/pl\/category\/mozambik-pl\/\" rel=\"tag\">Mozambik<\/a><\/span><\/p><div class=\"post-content\"><div class=\"post-content-inner\"><p>Wizyta Siostry Fran\u00e7oise Petit, Prze\u0142o\u017conej Generalnej, w Prowincji Mozambiku, od 13 do 22 lipca 2026 r. Spotkanie z Siostr\u0105 Fran\u00e7oise Petit, Prze\u0142o\u017con\u0105 Generaln\u0105, by\u0142o dla nas wszystkich, m\u0142odych Si\u00f3str Prowincji Mozambiku, prawdziwym czasem \u0142aski, wewn\u0119trznej odnowy&#8230;<\/p>\n<\/div><\/div><\/article><article class=\"et_pb_post et_pb_post_id_53042 clearfix et_pb_blog_item_0_5 post-53042 post type-post status-publish format-standard has-post-thumbnail hentry category-onz-pl\"><div class=\"et_pb_image_container\"><a href=\"https:\/\/filles-de-la-charite.org\/pl\/csw70-un-compromiso-renovado-con-la-justicia-y-la-dignidad-de-las-mujeres\/\" class=\"entry-featured-image-url\"><img loading=\"lazy\" decoding=\"async\" src=\"https:\/\/filles-de-la-charite.org\/wp-content\/uploads\/2026\/07\/ONU-2-copia.jpeg\" width=\"400\" height=\"284\" alt=\"CSW70 Odnowione zobowi\u0105zanie na rzecz sprawiedliwo\u015bci i godno\u015bci kobiet\" class=\"\" srcset=\"https:\/\/filles-de-la-charite.org\/wp-content\/uploads\/2026\/07\/ONU-2-copia.jpeg 479w, https:\/\/filles-de-la-charite.org\/wp-content\/uploads\/2026\/07\/ONU-2-copia-400x284.jpeg 480w\" sizes=\"(max-width:479px) 479px, 100vw\" \/><span data-icon=\"\ue050\" class=\"et_overlay et_pb_inline_icon\"><\/span><\/a><\/div><h2 class=\"entry-title\"><a href=\"https:\/\/filles-de-la-charite.org\/pl\/csw70-un-compromiso-renovado-con-la-justicia-y-la-dignidad-de-las-mujeres\/\">CSW70 Odnowione zobowi\u0105zanie na rzecz sprawiedliwo\u015bci i godno\u015bci kobiet<\/a><\/h2><p class=\"post-meta\"><span class=\"published\">lip 30, 2026<\/span> | <span class=\"entry-categories\"><a href=\"https:\/\/filles-de-la-charite.org\/pl\/category\/onz-pl\/\" rel=\"tag\">ONZ<\/a><\/span><\/p><div class=\"post-content\"><div class=\"post-content-inner\"><p>W kontek\u015bcie globalnym, naznaczonym powa\u017cnymi wyzwaniami i g\u0142\u0119bokimi zmianami, podczas 70 sesji Komisji ds. Statusu Kobiet (CSW70), kt\u00f3ra odby\u0142a si\u0119 w siedzibie ONZ w Nowym Jorku, ponownie podkre\u015blono piln\u0105 potrzeb\u0119 wzmocnienia dost\u0119pu do wymiaru sprawiedliwo\u015bci,&#8230;<\/p>\n<\/div><\/div><\/article><article class=\"et_pb_post et_pb_post_id_52874 clearfix et_pb_blog_item_0_6 post-52874 post type-post status-publish format-standard has-post-thumbnail hentry category-nigeria-pl\"><div class=\"et_pb_image_container\"><a href=\"https:\/\/filles-de-la-charite.org\/pl\/wizyta-przelozonej-generalnej-w-burkina-faso\/\" class=\"entry-featured-image-url\"><img loading=\"lazy\" decoding=\"async\" src=\"https:\/\/filles-de-la-charite.org\/wp-content\/uploads\/2026\/06\/WhatsApp-Image-2026-06-26-at-10.05.18.jpeg\" width=\"400\" height=\"284\" alt=\"Wizyta Prze\u0142o\u017conej Generalnej w Burkina Faso\" class=\"\" srcset=\"https:\/\/filles-de-la-charite.org\/wp-content\/uploads\/2026\/06\/WhatsApp-Image-2026-06-26-at-10.05.18.jpeg 479w, https:\/\/filles-de-la-charite.org\/wp-content\/uploads\/2026\/06\/WhatsApp-Image-2026-06-26-at-10.05.18-400x284.jpeg 480w\" sizes=\"(max-width:479px) 479px, 100vw\" \/><span data-icon=\"\ue050\" class=\"et_overlay et_pb_inline_icon\"><\/span><\/a><\/div><h2 class=\"entry-title\"><a href=\"https:\/\/filles-de-la-charite.org\/pl\/wizyta-przelozonej-generalnej-w-burkina-faso\/\">Wizyta Prze\u0142o\u017conej Generalnej w Burkina Faso<\/a><\/h2><p class=\"post-meta\"><span class=\"published\">cze 29, 2026<\/span> | <span class=\"entry-categories\"><a href=\"https:\/\/filles-de-la-charite.org\/pl\/category\/nigeria-pl\/\" rel=\"tag\">Nigeria<\/a><\/span><\/p><div class=\"post-content\"><div class=\"post-content-inner\"><p>Siostra Fran\u00e7oise Petit, Prze\u0142o\u017cona Generalna Si\u00f3str Mi\u0142osierdzia \u015bw. Wincentego a Paulo, odwiedzi\u0142a Burkina Faso w dniach 6\u201313 czerwca 2026 r. Towarzyszy\u0142a jej Siostra Theresa Eke, Radna Generalna dla Afryki i Madagaskaru. Na lotnisku powita\u0142y je Siostra Ifeoma&#8230;<\/p>\n<\/div><\/div><\/article><article class=\"et_pb_post et_pb_post_id_52848 clearfix et_pb_blog_item_0_7 post-52848 post type-post status-publish format-standard has-post-thumbnail hentry category-europa\"><div class=\"et_pb_image_container\"><a href=\"https:\/\/filles-de-la-charite.org\/pl\/sladami-powolania\/\" class=\"entry-featured-image-url\"><img loading=\"lazy\" decoding=\"async\" src=\"https:\/\/filles-de-la-charite.org\/wp-content\/uploads\/2026\/06\/WhatsApp-Image-2026-06-23-at-10.25.41-5.jpeg\" width=\"400\" height=\"284\" alt=\"\u015aLADAMI POWO\u0141ANIA\" class=\"\" srcset=\"https:\/\/filles-de-la-charite.org\/wp-content\/uploads\/2026\/06\/WhatsApp-Image-2026-06-23-at-10.25.41-5.jpeg 479w, https:\/\/filles-de-la-charite.org\/wp-content\/uploads\/2026\/06\/WhatsApp-Image-2026-06-23-at-10.25.41-5-400x284.jpeg 480w\" sizes=\"(max-width:479px) 479px, 100vw\" \/><span data-icon=\"\ue050\" class=\"et_overlay et_pb_inline_icon\"><\/span><\/a><\/div><h2 class=\"entry-title\"><a href=\"https:\/\/filles-de-la-charite.org\/pl\/sladami-powolania\/\">\u015aLADAMI POWO\u0141ANIA<\/a><\/h2><p class=\"post-meta\"><span class=\"published\">cze 27, 2026<\/span> | <span class=\"entry-categories\"><a href=\"https:\/\/filles-de-la-charite.org\/pl\/category\/europa\/\" rel=\"tag\">Europa<\/a><\/span><\/p><div class=\"post-content\"><div class=\"post-content-inner\"><p>\u201eTo nie wy\u015bcie Mnie wybrali, ale Ja was wybra\u0142em\u201d (J 15, 16). W dniach od 11 do 15 czerwca, pi\u0119\u0107 m\u0142odych kobiet z Hiszpanii i W\u0142och prze\u017cy\u0142o w Quercianelli we W\u0142oszech do\u015bwiadczenie powo\u0142aniowe, kt\u00f3re up\u0142yn\u0119\u0142o pod znakiem s\u0142uchania, modlitwy i braterstwa. Towarzyszy\u0142y&#8230;<\/p>\n<\/div><\/div><\/article><article class=\"et_pb_post et_pb_post_id_52807 clearfix et_pb_blog_item_0_8 post-52807 post type-post status-publish format-standard has-post-thumbnail hentry category-espana-pl\"><div class=\"et_pb_image_container\"><a href=\"https:\/\/filles-de-la-charite.org\/pl\/podniescie-wzrok\/\" class=\"entry-featured-image-url\"><img loading=\"lazy\" decoding=\"async\" src=\"https:\/\/filles-de-la-charite.org\/wp-content\/uploads\/2026\/06\/ChatGPT-Image-26-jun-2026-19_41_05.png\" width=\"400\" height=\"284\" alt=\"Podnie\u015bcie wzrok\" class=\"\" srcset=\"https:\/\/filles-de-la-charite.org\/wp-content\/uploads\/2026\/06\/ChatGPT-Image-26-jun-2026-19_41_05.png 479w, https:\/\/filles-de-la-charite.org\/wp-content\/uploads\/2026\/06\/ChatGPT-Image-26-jun-2026-19_41_05-400x284.png 480w\" sizes=\"(max-width:479px) 479px, 100vw\" \/><span data-icon=\"\ue050\" class=\"et_overlay et_pb_inline_icon\"><\/span><\/a><\/div><h2 class=\"entry-title\"><a href=\"https:\/\/filles-de-la-charite.org\/pl\/podniescie-wzrok\/\">Podnie\u015bcie wzrok<\/a><\/h2><p class=\"post-meta\"><span class=\"published\">cze 27, 2026<\/span> | <span class=\"entry-categories\"><a href=\"https:\/\/filles-de-la-charite.org\/pl\/category\/espana-pl\/\" rel=\"tag\">Hiszpania<\/a><\/span><\/p><div class=\"post-content\"><div class=\"post-content-inner\"><p>Niedawna wizyta Papie\u017ca Leona XIV w Hiszpanii, kt\u00f3ra odby\u0142a si\u0119 w dniach 6\u201312 czerwca, by\u0142a wydarzeniem pe\u0142nym poczucia wsp\u00f3lnoty, nadziei i wezwaniem do odnowienia wiary w sercu \u015bwiata. W Madrycie, Barcelonie i na Wyspach Kanaryjskich Siostry Mi\u0142osierdzia oraz inni&#8230;<\/p>\n<\/div><\/div><\/article><\/div><div class=\"pagination clearfix\">\n\t<div class=\"alignleft\"><a href=\"https:\/\/filles-de-la-charite.org\/pl\/wp-json\/wp\/v2\/pages\/3474\/page\/2\/?et_blog\" >&laquo; Starsze Wpisy<\/a><\/div>\n\t<div class=\"alignright\"><\/div>\n<\/div><\/div><\/div>\n<\/div>\n<\/div>\n<\/div>","protected":false},"excerpt":{"rendered":"","protected":false},"author":1,"featured_media":0,"parent":0,"menu_order":0,"comment_status":"closed","ping_status":"closed","template":"","meta":{"_acf_changed":false,"footnotes":"","_members_access_role":[],"_members_access_error":"","_links_to":"","_links_to_target":""},"class_list":["post-3474","page","type-page","status-publish","hentry"],"acf":[],"yoast_head":"<!-- This site is optimized with the Yoast SEO plugin v28.3 - https:\/\/yoast.com\/product\/yoast-seo-wordpress\/ -->\n<title>Aktualno\u015bci - Filles de la Charit\u00e9<\/title>\n<meta name=\"robots\" content=\"index, follow, max-snippet:-1, max-image-preview:large, max-video-preview:-1\" \/>\n<link rel=\"canonical\" href=\"https:\/\/filles-de-la-charite.org\/pl\/aktualnosci\/\" \/>\n<meta property=\"og:locale\" content=\"pl_PL\" \/>\n<meta property=\"og:type\" content=\"article\" \/>\n<meta property=\"og:title\" content=\"Aktualno\u015bci - Filles de la Charit\u00e9\" \/>\n<meta property=\"og:url\" content=\"https:\/\/filles-de-la-charite.org\/pl\/aktualnosci\/\" \/>\n<meta property=\"og:site_name\" content=\"Filles de la Charit\u00e9\" \/>\n<meta property=\"article:modified_time\" content=\"2026-05-19T07:00:19+00:00\" \/>\n<meta name=\"twitter:card\" content=\"summary_large_image\" \/>\n<script type=\"application\/ld+json\" class=\"yoast-schema-graph\">{\"@context\":\"https:\\\/\\\/schema.org\",\"@graph\":[{\"@type\":\"WebPage\",\"@id\":\"https:\\\/\\\/filles-de-la-charite.org\\\/pl\\\/aktualnosci\\\/\",\"url\":\"https:\\\/\\\/filles-de-la-charite.org\\\/pl\\\/aktualnosci\\\/\",\"name\":\"Aktualno\u015bci - Filles de la Charit\u00e9\",\"isPartOf\":{\"@id\":\"https:\\\/\\\/filles-de-la-charite.org\\\/pl\\\/#website\"},\"datePublished\":\"2023-03-21T13:03:14+00:00\",\"dateModified\":\"2026-05-19T07:00:19+00:00\",\"inLanguage\":\"pl-PL\",\"potentialAction\":[{\"@type\":\"ReadAction\",\"target\":[\"https:\\\/\\\/filles-de-la-charite.org\\\/pl\\\/aktualnosci\\\/\"]}]},{\"@type\":\"WebSite\",\"@id\":\"https:\\\/\\\/filles-de-la-charite.org\\\/pl\\\/#website\",\"url\":\"https:\\\/\\\/filles-de-la-charite.org\\\/pl\\\/\",\"name\":\"Hijas de la Caridad\",\"description\":\"L\u2019amour de J\u00e9sus nous presse \u00e0 prendre soin des personnes les plus d\u00e9munies\",\"publisher\":{\"@id\":\"https:\\\/\\\/filles-de-la-charite.org\\\/pl\\\/#organization\"},\"potentialAction\":[{\"@type\":\"SearchAction\",\"target\":{\"@type\":\"EntryPoint\",\"urlTemplate\":\"https:\\\/\\\/filles-de-la-charite.org\\\/pl\\\/?s={search_term_string}\"},\"query-input\":{\"@type\":\"PropertyValueSpecification\",\"valueRequired\":true,\"valueName\":\"search_term_string\"}}],\"inLanguage\":\"pl-PL\"},{\"@type\":\"Organization\",\"@id\":\"https:\\\/\\\/filles-de-la-charite.org\\\/pl\\\/#organization\",\"name\":\"Hijas de la Caridad\",\"url\":\"https:\\\/\\\/filles-de-la-charite.org\\\/pl\\\/\",\"logo\":{\"@type\":\"ImageObject\",\"inLanguage\":\"pl-PL\",\"@id\":\"https:\\\/\\\/filles-de-la-charite.org\\\/pl\\\/#\\\/schema\\\/logo\\\/image\\\/\",\"url\":\"https:\\\/\\\/filles-de-la-charite.org\\\/wp-content\\\/uploads\\\/2023\\\/03\\\/isotipo-Hijas-de-la-Caridad.png\",\"contentUrl\":\"https:\\\/\\\/filles-de-la-charite.org\\\/wp-content\\\/uploads\\\/2023\\\/03\\\/isotipo-Hijas-de-la-Caridad.png\",\"width\":1417,\"height\":1417,\"caption\":\"Hijas de la Caridad\"},\"image\":{\"@id\":\"https:\\\/\\\/filles-de-la-charite.org\\\/pl\\\/#\\\/schema\\\/logo\\\/image\\\/\"}}]}<\/script>\n<!-- \/ Yoast SEO plugin. -->","yoast_head_json":{"title":"Aktualno\u015bci - Filles de la Charit\u00e9","robots":{"index":"index","follow":"follow","max-snippet":"max-snippet:-1","max-image-preview":"max-image-preview:large","max-video-preview":"max-video-preview:-1"},"canonical":"https:\/\/filles-de-la-charite.org\/pl\/aktualnosci\/","og_locale":"pl_PL","og_type":"article","og_title":"Aktualno\u015bci - Filles de la Charit\u00e9","og_url":"https:\/\/filles-de-la-charite.org\/pl\/aktualnosci\/","og_site_name":"Filles de la Charit\u00e9","article_modified_time":"2026-05-19T07:00:19+00:00","twitter_card":"summary_large_image","schema":{"@context":"https:\/\/schema.org","@graph":[{"@type":"WebPage","@id":"https:\/\/filles-de-la-charite.org\/pl\/aktualnosci\/","url":"https:\/\/filles-de-la-charite.org\/pl\/aktualnosci\/","name":"Aktualno\u015bci - Filles de la Charit\u00e9","isPartOf":{"@id":"https:\/\/filles-de-la-charite.org\/pl\/#website"},"datePublished":"2023-03-21T13:03:14+00:00","dateModified":"2026-05-19T07:00:19+00:00","inLanguage":"pl-PL","potentialAction":[{"@type":"ReadAction","target":["https:\/\/filles-de-la-charite.org\/pl\/aktualnosci\/"]}]},{"@type":"WebSite","@id":"https:\/\/filles-de-la-charite.org\/pl\/#website","url":"https:\/\/filles-de-la-charite.org\/pl\/","name":"Hijas de la Caridad","description":"L\u2019amour de J\u00e9sus nous presse \u00e0 prendre soin des personnes les plus d\u00e9munies","publisher":{"@id":"https:\/\/filles-de-la-charite.org\/pl\/#organization"},"potentialAction":[{"@type":"SearchAction","target":{"@type":"EntryPoint","urlTemplate":"https:\/\/filles-de-la-charite.org\/pl\/?s={search_term_string}"},"query-input":{"@type":"PropertyValueSpecification","valueRequired":true,"valueName":"search_term_string"}}],"inLanguage":"pl-PL"},{"@type":"Organization","@id":"https:\/\/filles-de-la-charite.org\/pl\/#organization","name":"Hijas de la Caridad","url":"https:\/\/filles-de-la-charite.org\/pl\/","logo":{"@type":"ImageObject","inLanguage":"pl-PL","@id":"https:\/\/filles-de-la-charite.org\/pl\/#\/schema\/logo\/image\/","url":"https:\/\/filles-de-la-charite.org\/wp-content\/uploads\/2023\/03\/isotipo-Hijas-de-la-Caridad.png","contentUrl":"https:\/\/filles-de-la-charite.org\/wp-content\/uploads\/2023\/03\/isotipo-Hijas-de-la-Caridad.png","width":1417,"height":1417,"caption":"Hijas de la Caridad"},"image":{"@id":"https:\/\/filles-de-la-charite.org\/pl\/#\/schema\/logo\/image\/"}}]}},"_links":{"self":[{"href":"https:\/\/filles-de-la-charite.org\/pl\/wp-json\/wp\/v2\/pages\/3474","targetHints":{"allow":["GET"]}}],"collection":[{"href":"https:\/\/filles-de-la-charite.org\/pl\/wp-json\/wp\/v2\/pages"}],"about":[{"href":"https:\/\/filles-de-la-charite.org\/pl\/wp-json\/wp\/v2\/types\/page"}],"author":[{"embeddable":true,"href":"https:\/\/filles-de-la-charite.org\/pl\/wp-json\/wp\/v2\/users\/1"}],"replies":[{"embeddable":true,"href":"https:\/\/filles-de-la-charite.org\/pl\/wp-json\/wp\/v2\/comments?post=3474"}],"version-history":[{"count":31,"href":"https:\/\/filles-de-la-charite.org\/pl\/wp-json\/wp\/v2\/pages\/3474\/revisions"}],"predecessor-version":[{"id":52233,"href":"https:\/\/filles-de-la-charite.org\/pl\/wp-json\/wp\/v2\/pages\/3474\/revisions\/52233"}],"wp:attachment":[{"href":"https:\/\/filles-de-la-charite.org\/pl\/wp-json\/wp\/v2\/media?parent=3474"}],"curies":[{"name":"wp","href":"https:\/\/api.w.org\/{rel}","templated":true}]}}