{"id":3491,"date":"2023-04-11T14:53:01","date_gmt":"2023-04-11T12:53:01","guid":{"rendered":"https:\/\/hijascaridad.sjdigitaldemo.ovh\/nasza-historia\/"},"modified":"2026-04-10T18:28:28","modified_gmt":"2026-04-10T16:28:28","slug":"nasza-historia","status":"publish","type":"page","link":"https:\/\/filles-de-la-charite.org\/pl\/jestesmy\/nasza-historia\/","title":{"rendered":"Nasza historia"},"content":{"rendered":"<p><div class=\"et_d4_element et_pb_section et_pb_section_0 et_pb_section_parallax et_pb_with_background  et_pb_css_mix_blend_mode et_section_regular et_block_section\" >\n\t\t\t\t\n\t\t\t\t<span class=\"et_parallax_bg_wrap et-pb-parallax-wrapper\"><span\n\t\t\t\t\t\tclass=\"et_parallax_bg et_parallax_bg--et_pb_section_0\"\n\t\t\t\t\t\tstyle=\"background-image: url(https:\/\/filles-de-la-charite.org\/wp-content\/uploads\/2023\/04\/864775512_Nineteenth-century-oil-painting-of-a-European-slum_512-v2-1-1.png);\"\n\t\t\t\t\t><\/span><span\n\t\t\t\t\t\tclass=\"et_parallax_gradient\"\n\t\t\t\t\t\tstyle=\"background-image: linear-gradient( , #ffffff 0%, rgba(249,249,249,0.5) 100% );\"\n\t\t\t\t\t><\/span><\/span>\n\t\t\t\t\n\t\t\t\t\n\t\t\t\t\n\t\t\t\t\n\t\t\t\t<div class=\"et_d4_element et_pb_row et_pb_row_0 et_pb_row_fullwidth et_pb_equal_columns et_pb_gutters1  et_pb_css_mix_blend_mode et_block_row\">\n\t\t\t\t<div class=\"et_d4_element et_pb_column_1_2 et_pb_column et_pb_column_0  et_pb_css_mix_blend_mode et_block_column\">\n\t\t\t\t\n\t\t\t\t\n\t\t\t\t\n\t\t\t\t\n\t\t\t\t<div class=\"et_pb_module et_d4_element et_pb_image et_pb_image_0\">\n\t\t\t\t\n\t\t\t\t\n\t\t\t\t\n\t\t\t\t\n\t\t\t\t<span class=\"et_pb_image_wrap \"><img loading=\"lazy\" decoding=\"async\" width=\"1640\" height=\"782\" src=\"https:\/\/filles-de-la-charite.org\/wp-content\/uploads\/2023\/07\/VicenteLuisa-1.png\" alt=\"\" title=\"VincentLouisa-1\" srcset=\"https:\/\/filles-de-la-charite.org\/wp-content\/uploads\/2023\/07\/VicenteLuisa-1.png 1640w, https:\/\/filles-de-la-charite.org\/wp-content\/uploads\/2023\/07\/VicenteLuisa-1-1280x610.png 1280w, https:\/\/filles-de-la-charite.org\/wp-content\/uploads\/2023\/07\/VicenteLuisa-1-980x467.png 980w, https:\/\/filles-de-la-charite.org\/wp-content\/uploads\/2023\/07\/VicenteLuisa-1-480x229.png 480w\" sizes=\"(min-width: 0px) and (max-width: 480px) 480px, (min-width: 481px) and (max-width: 980px) 980px, (min-width: 981px) and (max-width: 1280px) 1280px, (min-width: 1281px) 1640px, 100vw\" class=\"wp-image-26312\" \/><\/span>\n\t\t\t<\/div>\n\t\t\t<\/div><div class=\"et_d4_element et_pb_column_1_2 et_pb_column et_pb_column_1  et_pb_css_mix_blend_mode et-last-child et_block_column\">\n\t\t\t\t\n\t\t\t\t\n\t\t\t\t\n\t\t\t\t\n\t\t\t\t<div class=\"et_pb_module et_d4_element et_pb_text et_pb_text_0 et_animated  et_pb_text_align_left et_pb_bg_layout_dark\">\n\t\t\t\t\n\t\t\t\t\n\t\t\t\t\n\t\t\t\t\n\t\t\t\t<div class=\"et_pb_text_inner\" data-et-multi-view=\"{&quot;schema&quot;:{&quot;content&quot;:{&quot;desktop&quot;:&quot;&lt;h1&gt;Nasza historia&lt;\\\/h1&gt;\\n&lt;h2&gt;Mi\\u0142o\\u015b\\u0107 i s\\u0142u\\u017cba, by zmienia\\u0107 \\u017cycie&lt;\\\/h2&gt;&quot;,&quot;tablet&quot;:&quot;&lt;h1&gt;historia&lt;\\\/h1&gt;\\n&lt;h2&gt;Mi\\u0142o\\u015b\\u0107 i s\\u0142u\\u017cba, by zmienia\\u0107 \\u017cycie&lt;\\\/h2&gt;&quot;},&quot;target&quot;:&quot;&quot;,&quot;hover_selector&quot;:&quot;&quot;},&quot;slug&quot;:&quot;et_pb_text&quot;}\" data-et-multi-view-load-tablet-hidden=\"true\"><h1>Nasza historia<\/h1>\n<h2>Mi\u0142o\u015b\u0107 i s\u0142u\u017cba, by zmienia\u0107 \u017cycie<\/h2><\/div>\n\t\t\t<\/div><div class=\"et_pb_module et_d4_element et_pb_divider et_pb_divider_0 et_animated et_pb_divider_position_center et_pb_space\"><div class=\"et_pb_divider_internal\"><\/div><\/div><div class=\"et_pb_module et_d4_element et_pb_text et_pb_text_1 et_animated  et_pb_text_align_left et_pb_bg_layout_dark\">\n\t\t\t\t\n\t\t\t\t\n\t\t\t\t\n\t\t\t\t\n\t\t\t\t<div class=\"et_pb_text_inner\"><p><span style=\"font-weight: 400;\">Od skromnych pocz\u0105tk\u00f3w\u2026 do mi\u0119dzynarodowego zasi\u0119gu dzi\u0119ki wytrwa\u0142emu oddaniu Si\u00f3str na rzecz os\u00f3b najbardziej potrzebuj\u0105cych.<\/span><\/p><\/div>\n\t\t\t<\/div>\n\t\t\t<\/div>\n\t\t\t\t\n\t\t\t\t\n\t\t\t\t\n\t\t\t\t\n\t\t\t<\/div><div class=\"et_d4_element et_pb_row et_pb_row_1  et_pb_css_mix_blend_mode et_block_row\">\n\t\t\t\t<div class=\"et_d4_element et_pb_column_4_4 et_pb_column et_pb_column_2  et_pb_css_mix_blend_mode et-last-child et_block_column\">\n\t\t\t\t\n\t\t\t\t\n\t\t\t\t\n\t\t\t\t\n\t\t\t\t<div class=\"et_pb_module et_d4_element et_pb_image et_pb_image_1\">\n\t\t\t\t\n\t\t\t\t\n\t\t\t\t\n\t\t\t\t\n\t\t\t\t<span class=\"et_pb_image_wrap \"><img loading=\"lazy\" decoding=\"async\" width=\"1640\" height=\"782\" src=\"https:\/\/filles-de-la-charite.org\/wp-content\/uploads\/2023\/07\/VicenteLuisa-1.png\" alt=\"\" title=\"VincentLouisa-1\" srcset=\"https:\/\/filles-de-la-charite.org\/wp-content\/uploads\/2023\/07\/VicenteLuisa-1.png 1640w, https:\/\/filles-de-la-charite.org\/wp-content\/uploads\/2023\/07\/VicenteLuisa-1-1280x610.png 1280w, https:\/\/filles-de-la-charite.org\/wp-content\/uploads\/2023\/07\/VicenteLuisa-1-980x467.png 980w, https:\/\/filles-de-la-charite.org\/wp-content\/uploads\/2023\/07\/VicenteLuisa-1-480x229.png 480w\" sizes=\"(min-width: 0px) and (max-width: 480px) 480px, (min-width: 481px) and (max-width: 980px) 980px, (min-width: 981px) and (max-width: 1280px) 1280px, (min-width: 1281px) 1640px, 100vw\" class=\"wp-image-26312\" \/><\/span>\n\t\t\t<\/div>\n\t\t\t<\/div>\n\t\t\t\t\n\t\t\t\t\n\t\t\t\t\n\t\t\t\t\n\t\t\t<\/div>\n\t\t\t\t\n\t\t\t\t\n\t\t\t<\/div><div class=\"et_d4_element et_pb_section et_pb_section_1  et_pb_css_mix_blend_mode et_section_regular et_block_section\" >\n\t\t\t\t\n\t\t\t\t\n\t\t\t\t\n\t\t\t\t\n\t\t\t\t\n\t\t\t\t\n\t\t\t\t<div class=\"et_d4_element et_pb_row et_pb_row_2  et_pb_css_mix_blend_mode et_block_row\">\n\t\t\t\t<div class=\"et_d4_element et_pb_column_1_2 et_pb_column et_pb_column_3  et_pb_css_mix_blend_mode et_block_column\">\n\t\t\t\t\n\t\t\t\t\n\t\t\t\t\n\t\t\t\t\n\t\t\t\t<div class=\"et_pb_module et_d4_element et_pb_text et_pb_text_2 et_animated  et_pb_text_align_left et_pb_bg_layout_light\">\n\t\t\t\t\n\t\t\t\t\n\t\t\t\t\n\t\t\t\t\n\t\t\t\t<div class=\"et_pb_text_inner\"><h3><span>Pocz\u0105tki<\/span><\/h3>\n<h1><span>Duch \u015awi\u0119ty dzia\u0142aj\u0105cy w sercach<\/span><\/h1><\/div>\n\t\t\t<\/div><div class=\"et_pb_module et_d4_element et_pb_divider et_pb_divider_1 et_animated et_pb_divider_position_center et_pb_space\"><div class=\"et_pb_divider_internal\"><\/div><\/div><div class=\"et_pb_module et_d4_element et_pb_text et_pb_text_3 et_animated  et_pb_text_align_left et_pb_bg_layout_light\">\n\t\t\t\t\n\t\t\t\t\n\t\t\t\t\n\t\t\t\t\n\t\t\t\t<div class=\"et_pb_text_inner\"><p>Zgromadzenie Si\u00f3str Mi\u0142osierdzia narodzi\u0142o si\u0119 bardzo dyskretnie, na obraz dzie\u0142 Bo\u017cych. Duch \u015awi\u0119ty dotkn\u0105\u0142 serca Wincentego a Paulo, Ludwiki de Marillac i Ma\u0142gorzaty Naseau, wskazuj\u0105c nam drog\u0119.<\/p><\/div>\n\t\t\t<\/div><div class=\"et_pb_module et_d4_element et_pb_text et_pb_text_4 et_animated  et_pb_text_align_left et_pb_bg_layout_light\">\n\t\t\t\t\n\t\t\t\t\n\t\t\t\t\n\t\t\t\t\n\t\t\t\t<div class=\"et_pb_text_inner\"><p><strong>Wincenty a Paulo<\/strong> od dzieci\u0144stwa widzia\u0142 ub\u00f3stwo materialne i duchowe biednych mieszka\u0144c\u00f3w wsi. Spotkanie z rodzin\u0105 w skrajnej potrzebie w Ch\u00e2tillon les Dombes, w 1617 roku, sk\u0142oni\u0142o go do zebrania kobiet z miejscowej bur\u017cuazji i za\u0142o\u017cenia wraz z nimi \u201eBractwa Mi\u0142osierdzia\u201d. Jego celem by\u0142o organizowanie pomocy materialnej i wsparcia duchowego, tak aby osoby potrzebuj\u0105ce mog\u0142y wzi\u0105\u0107 odpowiedzialno\u015b\u0107 za w\u0142asne \u017cycie i prowadzi\u0107 je w spos\u00f3b godny.<\/p>\n<p><strong>Ludwika de Marillac<\/strong> od dzieci\u0144stwa do\u015bwiadczy\u0142a braku uczu\u0107 w rodzinie i dlatego zawsze by\u0142a wra\u017cliwa na trudno\u015bci innych. Na pro\u015bb\u0119 ksi\u0119dza Wincentego odwiedza\u0142a pierwsze \u201eBractwa Mi\u0142osierdzia\u201d. Pe\u0142ni\u0142a t\u0119 misj\u0119 z po\u015bwi\u0119ceniem, odwag\u0105 i dyspozycyjno\u015bci\u0105. Jej umiej\u0119tno\u015bci organizacyjne okaza\u0142y si\u0119 bardzo pomocne.<\/p><\/div>\n\t\t\t<\/div>\n\t\t\t<\/div><div class=\"et_d4_element et_pb_column_1_2 et_pb_column et_pb_column_4  et_pb_css_mix_blend_mode et-last-child et_block_column\">\n\t\t\t\t\n\t\t\t\t\n\t\t\t\t\n\t\t\t\t\n\t\t\t\t<div class=\"et_pb_module et_d4_element et_pb_image et_pb_image_2 et_animated et-waypoint\">\n\t\t\t\t\n\t\t\t\t\n\t\t\t\t\n\t\t\t\t\n\t\t\t\t<span class=\"et_pb_image_wrap \"><img loading=\"lazy\" decoding=\"async\" width=\"904\" height=\"1024\" src=\"https:\/\/filles-de-la-charite.org\/wp-content\/uploads\/2023\/04\/UnaTinta.png\" alt=\"\" title=\"UnaTinta\" srcset=\"https:\/\/filles-de-la-charite.org\/wp-content\/uploads\/2023\/04\/UnaTinta.png 904w, https:\/\/filles-de-la-charite.org\/wp-content\/uploads\/2023\/04\/UnaTinta-480x544.png 480w\" sizes=\"(min-width: 0px) and (max-width: 480px) 480px, (min-width: 481px) 904px, 100vw\" class=\"wp-image-1373\" \/><\/span>\n\t\t\t<\/div><div class=\"et_pb_module et_d4_element et_pb_text et_pb_text_5 et_animated  et_pb_text_align_left et_pb_bg_layout_light\">\n\t\t\t\t\n\t\t\t\t\n\t\t\t\t\n\t\t\t\t\n\t\t\t\t<div class=\"et_pb_text_inner\"><p>Wincenty i Ludwika szybko zdali sobie spraw\u0119, \u017ce Panie z Bractw do\u015bwiadcza\u0142y wielkiego napi\u0119cia mi\u0119dzy idea\u0142ami s\u0142u\u017cby a ograniczeniami spo\u0142ecznymi. Czasami wysy\u0142a\u0142y swoje w\u0142asne pokoj\u00f3wki, aby zanosi\u0142y jedzenie i ubrania potrzebuj\u0105cym.<\/p>\n<p>Niestety, ta s\u0142u\u017cba im nie odpowiada\u0142a; czyni\u0142y to z obowi\u0105zku, a nie z mi\u0142o\u015bci! Bariery spo\u0142eczne by\u0142y prawdziw\u0105 przeszkod\u0105: czy\u017cby nale\u017ca\u0142o zrezygnowa\u0107 z pos\u0142ugi osobom ubogim?<\/p><\/div>\n\t\t\t<\/div>\n\t\t\t<\/div>\n\t\t\t\t\n\t\t\t\t\n\t\t\t\t\n\t\t\t\t\n\t\t\t<\/div><div class=\"et_d4_element et_pb_row et_pb_row_3  et_pb_css_mix_blend_mode et_block_row\">\n\t\t\t\t<div class=\"et_d4_element et_pb_column_1_2 et_pb_column et_pb_column_5  et_pb_css_mix_blend_mode et_block_column\">\n\t\t\t\t\n\t\t\t\t\n\t\t\t\t\n\t\t\t\t\n\t\t\t\t<div class=\"et_pb_module et_d4_element et_pb_image et_pb_image_3 et_animated et-waypoint\">\n\t\t\t\t\n\t\t\t\t\n\t\t\t\t\n\t\t\t\t\n\t\t\t\t<span class=\"et_pb_image_wrap \"><img loading=\"lazy\" decoding=\"async\" width=\"1600\" height=\"1109\" src=\"https:\/\/filles-de-la-charite.org\/wp-content\/uploads\/2023\/04\/San-Vicente-Paul-y-Santa-Luisa-Marillac.jpg\" alt=\"\" title=\"Saint-Vicent-Paul-and-Saint-Louise-Marillac\" srcset=\"https:\/\/filles-de-la-charite.org\/wp-content\/uploads\/2023\/04\/San-Vicente-Paul-y-Santa-Luisa-Marillac.jpg 1600w, https:\/\/filles-de-la-charite.org\/wp-content\/uploads\/2023\/04\/San-Vicente-Paul-y-Santa-Luisa-Marillac-1280x887.jpg 1280w, https:\/\/filles-de-la-charite.org\/wp-content\/uploads\/2023\/04\/San-Vicente-Paul-y-Santa-Luisa-Marillac-980x679.jpg 980w, https:\/\/filles-de-la-charite.org\/wp-content\/uploads\/2023\/04\/San-Vicente-Paul-y-Santa-Luisa-Marillac-480x333.jpg 480w\" sizes=\"(min-width: 0px) and (max-width: 480px) 480px, (min-width: 481px) and (max-width: 980px) 980px, (min-width: 981px) and (max-width: 1280px) 1280px, (min-width: 1281px) 1600px, 100vw\" class=\"wp-image-1365\" \/><\/span>\n\t\t\t<\/div>\n\t\t\t<\/div><div class=\"et_d4_element et_pb_column_1_2 et_pb_column et_pb_column_6  et_pb_css_mix_blend_mode et-last-child et_block_column\">\n\t\t\t\t\n\t\t\t\t\n\t\t\t\t\n\t\t\t\t\n\t\t\t\t<div class=\"et_pb_module et_d4_element et_pb_text et_pb_text_6 et_animated  et_pb_text_align_left et_pb_bg_layout_light\">\n\t\t\t\t\n\t\t\t\t\n\t\t\t\t\n\t\t\t\t\n\t\t\t\t<div class=\"et_pb_text_inner\"><p>Opatrzno\u015b\u0107 czuwa\u0142a, a na imi\u0119 jej by\u0142o <strong>Ma\u0142gorzata Naseau<\/strong>! By\u0142a to 34-letnia wie\u015bniaczka. Sama nauczy\u0142a si\u0119 czyta\u0107, a nast\u0119pnie sta\u0142a si\u0119 nauczycielk\u0105 dzieci w swojej wiosce. Pragn\u0119\u0142a s\u0142u\u017cy\u0107 Bogu i dowiedziawszy si\u0119 o ksi\u0119dzu Wincentym i jego dzia\u0142alno\u015bci, w 1630 roku przyby\u0142a do Pary\u017ca, proponuj\u0105c swoj\u0105 pomoc w pos\u0142udze. Ks. Wincenty powierzy\u0142 j\u0105 Ludwice de Marillac, kt\u00f3ra odkry\u0142a w niej zalety prawdziwej s\u0142u\u017cebnicy. Potem do\u0142\u0105czy\u0142y do niej inne skromne wie\u015bniaczki.<\/p>\n<p>Trudno\u015bci napotykane przez Panie zosta\u0142y rozwi\u0105zane dzi\u0119ki tym wiejskim kobietom, kt\u00f3re same by\u0142y ubogie. S\u0142u\u017cba Ubogim mog\u0142a by\u0107 kontynuowana.<\/p>\n<p>Trzy osoby, kt\u00f3re \u2013 po ludzku rzecz bior\u0105c \u2013 mog\u0142y si\u0119 nigdy nie spotka\u0107, a kt\u00f3re B\u00f3g zjednoczy\u0142, aby w dniu 29 listopada 1630 da\u0107 pocz\u0105tek Zgromadzeniu Si\u00f3str Mi\u0142osierdzia.<\/p><\/div>\n\t\t\t<\/div>\n\t\t\t<\/div>\n\t\t\t\t\n\t\t\t\t\n\t\t\t\t\n\t\t\t\t\n\t\t\t<\/div>\n\t\t\t\t\n\t\t\t\t\n\t\t\t<\/div><div class=\"et_d4_element et_pb_section et_pb_section_2 et_pb_with_background et_pb_section_parallax  et_pb_css_mix_blend_mode et_section_regular et_block_section\" >\n\t\t\t\t\n\t\t\t\t\n\t\t\t\t\n\t\t\t\t\n\t\t\t\t\n\t\t\t\t\n\t\t\t\t<div class=\"et_d4_element et_pb_row et_pb_row_4  et_pb_css_mix_blend_mode et_block_row\">\n\t\t\t\t<div class=\"et_d4_element et_pb_column_4_4 et_pb_column et_pb_column_7  et_pb_css_mix_blend_mode et-last-child et_block_column\">\n\t\t\t\t\n\t\t\t\t\n\t\t\t\t\n\t\t\t\t\n\t\t\t\t<div class=\"et_pb_module et_d4_element et_pb_text et_pb_text_7 et_animated  et_pb_text_align_left et_pb_bg_layout_light\">\n\t\t\t\t\n\t\t\t\t\n\t\t\t\t\n\t\t\t\t\n\t\t\t\t<div class=\"et_pb_text_inner\"><h3>Nasza podr\u00f3\u017c w czasie<\/h3>\n<h1>Budzi\u0107 mi\u0142o\u015b\u0107 i nadziej\u0119<\/h1><\/div>\n\t\t\t<\/div><div class=\"et_pb_module et_d4_element et_pb_divider et_pb_divider_2 et_animated et_pb_divider_position_center et_pb_space\"><div class=\"et_pb_divider_internal\"><\/div><\/div><div class=\"et_pb_module et_d4_element et_pb_text et_pb_text_8 et_animated  et_pb_text_align_center et_pb_bg_layout_light\">\n\t\t\t\t\n\t\t\t\t\n\t\t\t\t\n\t\t\t\t\n\t\t\t\t<div class=\"et_pb_text_inner\"><p><span>\u015aw. Wincenty nauczy\u0142 nas, \u017ce \u017cycie jest nieustann\u0105 s\u0142u\u017cb\u0105 i wezwa\u0142 nas do niezachwianej ufno\u015bci w Bo\u017c\u0105 Opatrzno\u015b\u0107.<\/span><\/p><\/div>\n\t\t\t<\/div><div class=\"et_pb_module et_d4_element et_pb_text et_pb_text_9 et_animated  et_pb_text_align_center et_pb_bg_layout_light\">\n\t\t\t\t\n\t\t\t\t\n\t\t\t\t\n\t\t\t\t\n\t\t\t\t<div class=\"et_pb_text_inner\"><p>Kiedy czytamy histori\u0119 Zgromadzenia, zauwa\u017camy, \u017ce nasze pierwsze Siostry bardzo wcze\u015bnie wyrazi\u0142y pragnienie potwierdzenia swojego zaanga\u017cowania przez \u015bluby. Dzisiaj, podobnie jak za czas\u00f3w \u015bw. Za\u0142o\u017cycieli, sk\u0142adamy cztery \u015bluby: s\u0142u\u017cenia Ubogim, czysto\u015bci, ub\u00f3stwa i pos\u0142usze\u0144stwa. S\u0105 to \u015bluby roczne, zawsze ponawiane wed\u0142ug naszych Konstytucji i Statut\u00f3w oraz uznane przez Ko\u015bci\u00f3\u0142. Od samego pocz\u0105tku odpowiada\u0142y\u015bmy na wezwanie naszych cierpi\u0105cych braci i si\u00f3str. S\u0142u\u017cy\u0142y\u015bmy osobom ubogim chorym w domach i szpitalach, galernikom, rannym \u017co\u0142nierzom, osobom starszym, chorym psychicznie. Opiekowa\u0142y\u015bmy si\u0119 sierotami i naucza\u0142y\u015bmy dziewcz\u0119ta w ma\u0142ych szko\u0142ach.<\/p><\/div>\n\t\t\t<\/div>\n\t\t\t<\/div>\n\t\t\t\t\n\t\t\t\t\n\t\t\t\t\n\t\t\t\t\n\t\t\t<\/div><div class=\"et_d4_element et_pb_row et_pb_row_5  et_pb_css_mix_blend_mode et_block_row\">\n\t\t\t\t<div class=\"et_d4_element et_pb_column_4_4 et_pb_column et_pb_column_8  et_pb_css_mix_blend_mode et-last-child et_block_column\">\n\t\t\t\t\n\t\t\t\t\n\t\t\t\t\n\t\t\t\t\n\t\t\t\t<div class=\"et_pb_module et_d4_element et_pb_gallery et_pb_gallery_0  et_pb_bg_layout_light et_pb_gallery_grid\">\n\t\t\t\t<div class=\"et_pb_gallery_items et_pb_grid_items et_post_gallery clearfix\" data-per_page=\"8\"><div class=\"et_pb_gallery_item et_pb_grid_item et_pb_bg_layout_light et_pb_css_mix_blend_mode et_pb_gallery_item_0_0\"><div class=\"et_pb_gallery_image landscape\">\n\t\t\t\t\t<a href=\"https:\/\/filles-de-la-charite.org\/wp-content\/uploads\/2023\/04\/1515012_641121739263961_715581987_n_historia.jpg\" title=\"\" data-rel=\"lightbox-image-0\" data-rl_title=\"\" data-rl_caption=\"\">\n\t\t\t\t\t<img loading=\"lazy\" decoding=\"async\" width=\"400\" height=\"284\" src=\"https:\/\/filles-de-la-charite.org\/wp-content\/uploads\/2023\/04\/1515012_641121739263961_715581987_n_historia-400x284.jpg\" srcset=\"https:\/\/filles-de-la-charite.org\/wp-content\/uploads\/2023\/04\/1515012_641121739263961_715581987_n_historia.jpg 479w, https:\/\/filles-de-la-charite.org\/wp-content\/uploads\/2023\/04\/1515012_641121739263961_715581987_n_historia-400x284.jpg 480w\" sizes=\"(max-width:479px) 479px, 100vw\" class=\"wp-image-1387\" \/>\n\t\t\t\t\t<span class=\"et_overlay\"><\/span>\n\t\t\t\t<\/a>\n\t\t\t\t<\/div><\/div><div class=\"et_pb_gallery_item et_pb_grid_item et_pb_bg_layout_light et_pb_css_mix_blend_mode et_pb_gallery_item_0_1\"><div class=\"et_pb_gallery_image landscape\">\n\t\t\t\t\t<a href=\"https:\/\/filles-de-la-charite.org\/wp-content\/uploads\/2023\/04\/10991233_845375838838549_5770475498400570806_n_historia.jpg\" title=\"\" data-rel=\"lightbox-image-1\" data-rl_title=\"\" data-rl_caption=\"\">\n\t\t\t\t\t<img loading=\"lazy\" decoding=\"async\" width=\"400\" height=\"284\" src=\"https:\/\/filles-de-la-charite.org\/wp-content\/uploads\/2023\/04\/10991233_845375838838549_5770475498400570806_n_historia-400x284.jpg\" srcset=\"https:\/\/filles-de-la-charite.org\/wp-content\/uploads\/2023\/04\/10991233_845375838838549_5770475498400570806_n_historia.jpg 479w, https:\/\/filles-de-la-charite.org\/wp-content\/uploads\/2023\/04\/10991233_845375838838549_5770475498400570806_n_historia-400x284.jpg 480w\" sizes=\"(max-width:479px) 479px, 100vw\" class=\"wp-image-1393\" \/>\n\t\t\t\t\t<span class=\"et_overlay\"><\/span>\n\t\t\t\t<\/a>\n\t\t\t\t<\/div><\/div><div class=\"et_pb_gallery_item et_pb_grid_item et_pb_bg_layout_light et_pb_css_mix_blend_mode et_pb_gallery_item_0_2\"><div class=\"et_pb_gallery_image landscape\">\n\t\t\t\t\t<a href=\"https:\/\/filles-de-la-charite.org\/wp-content\/uploads\/2023\/04\/11145159_954196451289820_5482945243022283131_n_historia.jpg\" title=\"\" data-rel=\"lightbox-image-2\" data-rl_title=\"\" data-rl_caption=\"\">\n\t\t\t\t\t<img loading=\"lazy\" decoding=\"async\" width=\"400\" height=\"284\" src=\"https:\/\/filles-de-la-charite.org\/wp-content\/uploads\/2023\/04\/11145159_954196451289820_5482945243022283131_n_historia-400x284.jpg\" srcset=\"https:\/\/filles-de-la-charite.org\/wp-content\/uploads\/2023\/04\/11145159_954196451289820_5482945243022283131_n_historia.jpg 479w, https:\/\/filles-de-la-charite.org\/wp-content\/uploads\/2023\/04\/11145159_954196451289820_5482945243022283131_n_historia-400x284.jpg 480w\" sizes=\"(max-width:479px) 479px, 100vw\" class=\"wp-image-1399\" \/>\n\t\t\t\t\t<span class=\"et_overlay\"><\/span>\n\t\t\t\t<\/a>\n\t\t\t\t<\/div><\/div><div class=\"et_pb_gallery_item et_pb_grid_item et_pb_bg_layout_light et_pb_css_mix_blend_mode et_pb_gallery_item_0_3\"><div class=\"et_pb_gallery_image landscape\">\n\t\t\t\t\t<a href=\"https:\/\/filles-de-la-charite.org\/wp-content\/uploads\/2023\/04\/12186646_970408866335245_1242733402762402047_o_historia.jpg\" title=\"\" data-rel=\"lightbox-image-3\" data-rl_title=\"\" data-rl_caption=\"\">\n\t\t\t\t\t<img loading=\"lazy\" decoding=\"async\" width=\"400\" height=\"284\" src=\"https:\/\/filles-de-la-charite.org\/wp-content\/uploads\/2023\/04\/12186646_970408866335245_1242733402762402047_o_historia-400x284.jpg\" srcset=\"https:\/\/filles-de-la-charite.org\/wp-content\/uploads\/2023\/04\/12186646_970408866335245_1242733402762402047_o_historia.jpg 479w, https:\/\/filles-de-la-charite.org\/wp-content\/uploads\/2023\/04\/12186646_970408866335245_1242733402762402047_o_historia-400x284.jpg 480w\" sizes=\"(max-width:479px) 479px, 100vw\" class=\"wp-image-1405\" \/>\n\t\t\t\t\t<span class=\"et_overlay\"><\/span>\n\t\t\t\t<\/a>\n\t\t\t\t<\/div><\/div><div class=\"et_pb_gallery_item et_pb_grid_item et_pb_bg_layout_light et_pb_css_mix_blend_mode et_pb_gallery_item_0_4\"><div class=\"et_pb_gallery_image landscape\">\n\t\t\t\t\t<a href=\"https:\/\/filles-de-la-charite.org\/wp-content\/uploads\/2023\/04\/12642843_1203408553021599_2382948055430038439_n_historia.jpg\" title=\"\" data-rel=\"lightbox-image-4\" data-rl_title=\"\" data-rl_caption=\"\">\n\t\t\t\t\t<img loading=\"lazy\" decoding=\"async\" width=\"400\" height=\"284\" src=\"https:\/\/filles-de-la-charite.org\/wp-content\/uploads\/2023\/04\/12642843_1203408553021599_2382948055430038439_n_historia-400x284.jpg\" srcset=\"https:\/\/filles-de-la-charite.org\/wp-content\/uploads\/2023\/04\/12642843_1203408553021599_2382948055430038439_n_historia.jpg 479w, https:\/\/filles-de-la-charite.org\/wp-content\/uploads\/2023\/04\/12642843_1203408553021599_2382948055430038439_n_historia-400x284.jpg 480w\" sizes=\"(max-width:479px) 479px, 100vw\" class=\"wp-image-1411\" \/>\n\t\t\t\t\t<span class=\"et_overlay\"><\/span>\n\t\t\t\t<\/a>\n\t\t\t\t<\/div><\/div><div class=\"et_pb_gallery_item et_pb_grid_item et_pb_bg_layout_light et_pb_css_mix_blend_mode et_pb_gallery_item_0_5\"><div class=\"et_pb_gallery_image landscape\">\n\t\t\t\t\t<a href=\"https:\/\/filles-de-la-charite.org\/wp-content\/uploads\/2023\/04\/30167503_632204190452528_38654646626041592_o_historia.jpg\" title=\"\" data-rel=\"lightbox-image-5\" data-rl_title=\"\" data-rl_caption=\"\">\n\t\t\t\t\t<img loading=\"lazy\" decoding=\"async\" width=\"400\" height=\"284\" src=\"https:\/\/filles-de-la-charite.org\/wp-content\/uploads\/2023\/04\/30167503_632204190452528_38654646626041592_o_historia-400x284.jpg\" srcset=\"https:\/\/filles-de-la-charite.org\/wp-content\/uploads\/2023\/04\/30167503_632204190452528_38654646626041592_o_historia.jpg 479w, https:\/\/filles-de-la-charite.org\/wp-content\/uploads\/2023\/04\/30167503_632204190452528_38654646626041592_o_historia-400x284.jpg 480w\" sizes=\"(max-width:479px) 479px, 100vw\" class=\"wp-image-1417\" \/>\n\t\t\t\t\t<span class=\"et_overlay\"><\/span>\n\t\t\t\t<\/a>\n\t\t\t\t<\/div><\/div><div class=\"et_pb_gallery_item et_pb_grid_item et_pb_bg_layout_light et_pb_css_mix_blend_mode et_pb_gallery_item_0_6\"><div class=\"et_pb_gallery_image landscape\">\n\t\t\t\t\t<a href=\"https:\/\/filles-de-la-charite.org\/wp-content\/uploads\/2023\/04\/38156582_708698186136461_1836707777330806784_n_historia.png\" title=\"\" data-rel=\"lightbox-image-6\" data-rl_title=\"\" data-rl_caption=\"\">\n\t\t\t\t\t<img loading=\"lazy\" decoding=\"async\" width=\"400\" height=\"284\" src=\"https:\/\/filles-de-la-charite.org\/wp-content\/uploads\/2023\/04\/38156582_708698186136461_1836707777330806784_n_historia-400x284.png\" srcset=\"https:\/\/filles-de-la-charite.org\/wp-content\/uploads\/2023\/04\/38156582_708698186136461_1836707777330806784_n_historia.png 479w, https:\/\/filles-de-la-charite.org\/wp-content\/uploads\/2023\/04\/38156582_708698186136461_1836707777330806784_n_historia-400x284.png 480w\" sizes=\"(max-width:479px) 479px, 100vw\" class=\"wp-image-1423\" \/>\n\t\t\t\t\t<span class=\"et_overlay\"><\/span>\n\t\t\t\t<\/a>\n\t\t\t\t<\/div><\/div><div class=\"et_pb_gallery_item et_pb_grid_item et_pb_bg_layout_light et_pb_css_mix_blend_mode et_pb_gallery_item_0_7\"><div class=\"et_pb_gallery_image landscape\">\n\t\t\t\t\t<a href=\"https:\/\/filles-de-la-charite.org\/wp-content\/uploads\/2023\/04\/38505830_717460798593533_8618134441027436544_n_historia.png\" title=\"\" data-rel=\"lightbox-image-7\" data-rl_title=\"\" data-rl_caption=\"\">\n\t\t\t\t\t<img loading=\"lazy\" decoding=\"async\" width=\"400\" height=\"284\" src=\"https:\/\/filles-de-la-charite.org\/wp-content\/uploads\/2023\/04\/38505830_717460798593533_8618134441027436544_n_historia-400x284.png\" srcset=\"https:\/\/filles-de-la-charite.org\/wp-content\/uploads\/2023\/04\/38505830_717460798593533_8618134441027436544_n_historia.png 479w, https:\/\/filles-de-la-charite.org\/wp-content\/uploads\/2023\/04\/38505830_717460798593533_8618134441027436544_n_historia-400x284.png 480w\" sizes=\"(max-width:479px) 479px, 100vw\" class=\"wp-image-1429\" \/>\n\t\t\t\t\t<span class=\"et_overlay\"><\/span>\n\t\t\t\t<\/a>\n\t\t\t\t<\/div><\/div><div class=\"et_pb_gallery_item et_pb_grid_item et_pb_bg_layout_light et_pb_css_mix_blend_mode et_pb_gallery_item_0_8\"><div class=\"et_pb_gallery_image landscape\">\n\t\t\t\t\t<a href=\"https:\/\/filles-de-la-charite.org\/wp-content\/uploads\/2023\/04\/38509211_715181118821501_7206537802190684160_n_historia.png\" title=\"\" data-rel=\"lightbox-image-8\" data-rl_title=\"\" data-rl_caption=\"\">\n\t\t\t\t\t<img loading=\"lazy\" decoding=\"async\" width=\"400\" height=\"284\" src=\"https:\/\/filles-de-la-charite.org\/wp-content\/uploads\/2023\/04\/38509211_715181118821501_7206537802190684160_n_historia-400x284.png\" srcset=\"https:\/\/filles-de-la-charite.org\/wp-content\/uploads\/2023\/04\/38509211_715181118821501_7206537802190684160_n_historia.png 479w, https:\/\/filles-de-la-charite.org\/wp-content\/uploads\/2023\/04\/38509211_715181118821501_7206537802190684160_n_historia-400x284.png 480w\" sizes=\"(max-width:479px) 479px, 100vw\" class=\"wp-image-1435\" \/>\n\t\t\t\t\t<span class=\"et_overlay\"><\/span>\n\t\t\t\t<\/a>\n\t\t\t\t<\/div><\/div><div class=\"et_pb_gallery_item et_pb_grid_item et_pb_bg_layout_light et_pb_css_mix_blend_mode et_pb_gallery_item_0_9\"><div class=\"et_pb_gallery_image landscape\">\n\t\t\t\t\t<a href=\"https:\/\/filles-de-la-charite.org\/wp-content\/uploads\/2023\/04\/38711271_715143122158634_4831181026464104448_n_historia.png\" title=\"\" data-rel=\"lightbox-image-9\" data-rl_title=\"\" data-rl_caption=\"\">\n\t\t\t\t\t<img loading=\"lazy\" decoding=\"async\" width=\"400\" height=\"284\" src=\"https:\/\/filles-de-la-charite.org\/wp-content\/uploads\/2023\/04\/38711271_715143122158634_4831181026464104448_n_historia-400x284.png\" srcset=\"https:\/\/filles-de-la-charite.org\/wp-content\/uploads\/2023\/04\/38711271_715143122158634_4831181026464104448_n_historia.png 479w, https:\/\/filles-de-la-charite.org\/wp-content\/uploads\/2023\/04\/38711271_715143122158634_4831181026464104448_n_historia-400x284.png 480w\" sizes=\"(max-width:479px) 479px, 100vw\" class=\"wp-image-1441\" \/>\n\t\t\t\t\t<span class=\"et_overlay\"><\/span>\n\t\t\t\t<\/a>\n\t\t\t\t<\/div><\/div><div class=\"et_pb_gallery_item et_pb_grid_item et_pb_bg_layout_light et_pb_css_mix_blend_mode et_pb_gallery_item_0_10\"><div class=\"et_pb_gallery_image landscape\">\n\t\t\t\t\t<a href=\"https:\/\/filles-de-la-charite.org\/wp-content\/uploads\/2023\/04\/38747462_717567728582840_6491090362000474112_n_historia.png\" title=\"\" data-rel=\"lightbox-image-10\" data-rl_title=\"\" data-rl_caption=\"\">\n\t\t\t\t\t<img loading=\"lazy\" decoding=\"async\" width=\"400\" height=\"284\" src=\"https:\/\/filles-de-la-charite.org\/wp-content\/uploads\/2023\/04\/38747462_717567728582840_6491090362000474112_n_historia-400x284.png\" srcset=\"https:\/\/filles-de-la-charite.org\/wp-content\/uploads\/2023\/04\/38747462_717567728582840_6491090362000474112_n_historia.png 479w, https:\/\/filles-de-la-charite.org\/wp-content\/uploads\/2023\/04\/38747462_717567728582840_6491090362000474112_n_historia-400x284.png 480w\" sizes=\"(max-width:479px) 479px, 100vw\" class=\"wp-image-1447\" \/>\n\t\t\t\t\t<span class=\"et_overlay\"><\/span>\n\t\t\t\t<\/a>\n\t\t\t\t<\/div><\/div><div class=\"et_pb_gallery_item et_pb_grid_item et_pb_bg_layout_light et_pb_css_mix_blend_mode et_pb_gallery_item_0_11\"><div class=\"et_pb_gallery_image landscape\">\n\t\t\t\t\t<a href=\"https:\/\/filles-de-la-charite.org\/wp-content\/uploads\/2023\/04\/38755339_717490238590589_8169772063284789248_n_historia.png\" title=\"\" data-rel=\"lightbox-image-11\" data-rl_title=\"\" data-rl_caption=\"\">\n\t\t\t\t\t<img loading=\"lazy\" decoding=\"async\" width=\"400\" height=\"284\" src=\"https:\/\/filles-de-la-charite.org\/wp-content\/uploads\/2023\/04\/38755339_717490238590589_8169772063284789248_n_historia-400x284.png\" srcset=\"https:\/\/filles-de-la-charite.org\/wp-content\/uploads\/2023\/04\/38755339_717490238590589_8169772063284789248_n_historia.png 479w, https:\/\/filles-de-la-charite.org\/wp-content\/uploads\/2023\/04\/38755339_717490238590589_8169772063284789248_n_historia-400x284.png 480w\" sizes=\"(max-width:479px) 479px, 100vw\" class=\"wp-image-1453\" \/>\n\t\t\t\t\t<span class=\"et_overlay\"><\/span>\n\t\t\t\t<\/a>\n\t\t\t\t<\/div><\/div><div class=\"et_pb_gallery_item et_pb_grid_item et_pb_bg_layout_light et_pb_css_mix_blend_mode et_pb_gallery_item_0_12\"><div class=\"et_pb_gallery_image landscape\">\n\t\t\t\t\t<a href=\"https:\/\/filles-de-la-charite.org\/wp-content\/uploads\/2023\/04\/38776717_715158442157102_5349598890649714688_n_historia.png\" title=\"\" data-rel=\"lightbox-image-12\" data-rl_title=\"\" data-rl_caption=\"\">\n\t\t\t\t\t<img loading=\"lazy\" decoding=\"async\" width=\"400\" height=\"284\" src=\"https:\/\/filles-de-la-charite.org\/wp-content\/uploads\/2023\/04\/38776717_715158442157102_5349598890649714688_n_historia-400x284.png\" srcset=\"https:\/\/filles-de-la-charite.org\/wp-content\/uploads\/2023\/04\/38776717_715158442157102_5349598890649714688_n_historia.png 479w, https:\/\/filles-de-la-charite.org\/wp-content\/uploads\/2023\/04\/38776717_715158442157102_5349598890649714688_n_historia-400x284.png 480w\" sizes=\"(max-width:479px) 479px, 100vw\" class=\"wp-image-1459\" \/>\n\t\t\t\t\t<span class=\"et_overlay\"><\/span>\n\t\t\t\t<\/a>\n\t\t\t\t<\/div><\/div><div class=\"et_pb_gallery_item et_pb_grid_item et_pb_bg_layout_light et_pb_css_mix_blend_mode et_pb_gallery_item_0_13\"><div class=\"et_pb_gallery_image landscape\">\n\t\t\t\t\t<a href=\"https:\/\/filles-de-la-charite.org\/wp-content\/uploads\/2023\/12\/3809_Malades_red-scaled.jpg\" title=\"\" data-rel=\"lightbox-image-13\" data-rl_title=\"\" data-rl_caption=\"\">\n\t\t\t\t\t<img loading=\"lazy\" decoding=\"async\" width=\"400\" height=\"284\" src=\"https:\/\/filles-de-la-charite.org\/wp-content\/uploads\/2023\/12\/3809_Malades_red-400x284.jpg\" srcset=\"https:\/\/filles-de-la-charite.org\/wp-content\/uploads\/2023\/12\/3809_Malades_red-scaled.jpg 479w, https:\/\/filles-de-la-charite.org\/wp-content\/uploads\/2023\/12\/3809_Malades_red-400x284.jpg 480w\" sizes=\"(max-width:479px) 479px, 100vw\" class=\"wp-image-31087\" \/>\n\t\t\t\t\t<span class=\"et_overlay\"><\/span>\n\t\t\t\t<\/a>\n\t\t\t\t<\/div><\/div><div class=\"et_pb_gallery_item et_pb_grid_item et_pb_bg_layout_light et_pb_css_mix_blend_mode et_pb_gallery_item_0_14\"><div class=\"et_pb_gallery_image landscape\">\n\t\t\t\t\t<a href=\"https:\/\/filles-de-la-charite.org\/wp-content\/uploads\/2023\/12\/3840_hopital_Pekin_red.jpg\" title=\"\" data-rel=\"lightbox-image-14\" data-rl_title=\"\" data-rl_caption=\"\">\n\t\t\t\t\t<img loading=\"lazy\" decoding=\"async\" width=\"400\" height=\"284\" src=\"https:\/\/filles-de-la-charite.org\/wp-content\/uploads\/2023\/12\/3840_hopital_Pekin_red-400x284.jpg\" srcset=\"https:\/\/filles-de-la-charite.org\/wp-content\/uploads\/2023\/12\/3840_hopital_Pekin_red.jpg 479w, https:\/\/filles-de-la-charite.org\/wp-content\/uploads\/2023\/12\/3840_hopital_Pekin_red-400x284.jpg 480w\" sizes=\"(max-width:479px) 479px, 100vw\" class=\"wp-image-31093\" \/>\n\t\t\t\t\t<span class=\"et_overlay\"><\/span>\n\t\t\t\t<\/a>\n\t\t\t\t<\/div><\/div><div class=\"et_pb_gallery_item et_pb_grid_item et_pb_bg_layout_light et_pb_css_mix_blend_mode et_pb_gallery_item_0_15\"><div class=\"et_pb_gallery_image landscape\">\n\t\t\t\t\t<a href=\"https:\/\/filles-de-la-charite.org\/wp-content\/uploads\/2023\/12\/3805_Visites2_red.jpg\" title=\"\" data-rel=\"lightbox-image-15\" data-rl_title=\"\" data-rl_caption=\"\">\n\t\t\t\t\t<img loading=\"lazy\" decoding=\"async\" width=\"400\" height=\"284\" src=\"https:\/\/filles-de-la-charite.org\/wp-content\/uploads\/2023\/12\/3805_Visites2_red-400x284.jpg\" srcset=\"https:\/\/filles-de-la-charite.org\/wp-content\/uploads\/2023\/12\/3805_Visites2_red.jpg 479w, https:\/\/filles-de-la-charite.org\/wp-content\/uploads\/2023\/12\/3805_Visites2_red-400x284.jpg 480w\" sizes=\"(max-width:479px) 479px, 100vw\" class=\"wp-image-31099\" \/>\n\t\t\t\t\t<span class=\"et_overlay\"><\/span>\n\t\t\t\t<\/a>\n\t\t\t\t<\/div><\/div><div class=\"et_pb_gallery_item et_pb_grid_item et_pb_bg_layout_light et_pb_css_mix_blend_mode et_pb_gallery_item_0_16\"><div class=\"et_pb_gallery_image landscape\">\n\t\t\t\t\t<a href=\"https:\/\/filles-de-la-charite.org\/wp-content\/uploads\/2023\/12\/3840-pharmacie_red.jpg\" title=\"\" data-rel=\"lightbox-image-16\" data-rl_title=\"\" data-rl_caption=\"\">\n\t\t\t\t\t<img loading=\"lazy\" decoding=\"async\" width=\"400\" height=\"284\" src=\"https:\/\/filles-de-la-charite.org\/wp-content\/uploads\/2023\/12\/3840-pharmacie_red-400x284.jpg\" srcset=\"https:\/\/filles-de-la-charite.org\/wp-content\/uploads\/2023\/12\/3840-pharmacie_red.jpg 479w, https:\/\/filles-de-la-charite.org\/wp-content\/uploads\/2023\/12\/3840-pharmacie_red-400x284.jpg 480w\" sizes=\"(max-width:479px) 479px, 100vw\" class=\"wp-image-31105\" \/>\n\t\t\t\t\t<span class=\"et_overlay\"><\/span>\n\t\t\t\t<\/a>\n\t\t\t\t<\/div><\/div><div class=\"et_pb_gallery_item et_pb_grid_item et_pb_bg_layout_light et_pb_css_mix_blend_mode et_pb_gallery_item_0_17\"><div class=\"et_pb_gallery_image landscape\">\n\t\t\t\t\t<a href=\"https:\/\/filles-de-la-charite.org\/wp-content\/uploads\/2023\/12\/3805_Taiwan_red.jpg\" title=\"\" data-rel=\"lightbox-image-17\" data-rl_title=\"\" data-rl_caption=\"\">\n\t\t\t\t\t<img loading=\"lazy\" decoding=\"async\" width=\"400\" height=\"284\" src=\"https:\/\/filles-de-la-charite.org\/wp-content\/uploads\/2023\/12\/3805_Taiwan_red-400x284.jpg\" srcset=\"https:\/\/filles-de-la-charite.org\/wp-content\/uploads\/2023\/12\/3805_Taiwan_red.jpg 479w, https:\/\/filles-de-la-charite.org\/wp-content\/uploads\/2023\/12\/3805_Taiwan_red-400x284.jpg 480w\" sizes=\"(max-width:479px) 479px, 100vw\" class=\"wp-image-31111\" \/>\n\t\t\t\t\t<span class=\"et_overlay\"><\/span>\n\t\t\t\t<\/a>\n\t\t\t\t<\/div><\/div><div class=\"et_pb_gallery_item et_pb_grid_item et_pb_bg_layout_light et_pb_css_mix_blend_mode et_pb_gallery_item_0_18\"><div class=\"et_pb_gallery_image landscape\">\n\t\t\t\t\t<a href=\"https:\/\/filles-de-la-charite.org\/wp-content\/uploads\/2023\/12\/3840_FDLC_Pekin_orphelinat_sd_red.jpg\" title=\"\" data-rel=\"lightbox-image-18\" data-rl_title=\"\" data-rl_caption=\"\">\n\t\t\t\t\t<img loading=\"lazy\" decoding=\"async\" width=\"400\" height=\"284\" src=\"https:\/\/filles-de-la-charite.org\/wp-content\/uploads\/2023\/12\/3840_FDLC_Pekin_orphelinat_sd_red-400x284.jpg\" srcset=\"https:\/\/filles-de-la-charite.org\/wp-content\/uploads\/2023\/12\/3840_FDLC_Pekin_orphelinat_sd_red.jpg 479w, https:\/\/filles-de-la-charite.org\/wp-content\/uploads\/2023\/12\/3840_FDLC_Pekin_orphelinat_sd_red-400x284.jpg 480w\" sizes=\"(max-width:479px) 479px, 100vw\" class=\"wp-image-31117\" \/>\n\t\t\t\t\t<span class=\"et_overlay\"><\/span>\n\t\t\t\t<\/a>\n\t\t\t\t<\/div><\/div><div class=\"et_pb_gallery_item et_pb_grid_item et_pb_bg_layout_light et_pb_css_mix_blend_mode et_pb_gallery_item_0_19\"><div class=\"et_pb_gallery_image landscape\">\n\t\t\t\t\t<a href=\"https:\/\/filles-de-la-charite.org\/wp-content\/uploads\/2023\/12\/3840_enfants-2_red.jpg\" title=\"\" data-rel=\"lightbox-image-19\" data-rl_title=\"\" data-rl_caption=\"\">\n\t\t\t\t\t<img loading=\"lazy\" decoding=\"async\" width=\"400\" height=\"284\" src=\"https:\/\/filles-de-la-charite.org\/wp-content\/uploads\/2023\/12\/3840_enfants-2_red-400x284.jpg\" srcset=\"https:\/\/filles-de-la-charite.org\/wp-content\/uploads\/2023\/12\/3840_enfants-2_red.jpg 479w, https:\/\/filles-de-la-charite.org\/wp-content\/uploads\/2023\/12\/3840_enfants-2_red-400x284.jpg 480w\" sizes=\"(max-width:479px) 479px, 100vw\" class=\"wp-image-31123\" \/>\n\t\t\t\t\t<span class=\"et_overlay\"><\/span>\n\t\t\t\t<\/a>\n\t\t\t\t<\/div><\/div><div class=\"et_pb_gallery_item et_pb_grid_item et_pb_bg_layout_light et_pb_css_mix_blend_mode et_pb_gallery_item_0_20\"><div class=\"et_pb_gallery_image landscape\">\n\t\t\t\t\t<a href=\"https:\/\/filles-de-la-charite.org\/wp-content\/uploads\/2023\/12\/3840_enfants-1_red.jpg\" title=\"\" data-rel=\"lightbox-image-20\" data-rl_title=\"\" data-rl_caption=\"\">\n\t\t\t\t\t<img loading=\"lazy\" decoding=\"async\" width=\"400\" height=\"284\" src=\"https:\/\/filles-de-la-charite.org\/wp-content\/uploads\/2023\/12\/3840_enfants-1_red-400x284.jpg\" srcset=\"https:\/\/filles-de-la-charite.org\/wp-content\/uploads\/2023\/12\/3840_enfants-1_red.jpg 479w, https:\/\/filles-de-la-charite.org\/wp-content\/uploads\/2023\/12\/3840_enfants-1_red-400x284.jpg 480w\" sizes=\"(max-width:479px) 479px, 100vw\" class=\"wp-image-31129\" \/>\n\t\t\t\t\t<span class=\"et_overlay\"><\/span>\n\t\t\t\t<\/a>\n\t\t\t\t<\/div><\/div><div class=\"et_pb_gallery_item et_pb_grid_item et_pb_bg_layout_light et_pb_css_mix_blend_mode et_pb_gallery_item_0_21\"><div class=\"et_pb_gallery_image landscape\">\n\t\t\t\t\t<a href=\"https:\/\/filles-de-la-charite.org\/wp-content\/uploads\/2023\/12\/3840_creche_red.jpg\" title=\"\" data-rel=\"lightbox-image-21\" data-rl_title=\"\" data-rl_caption=\"\">\n\t\t\t\t\t<img loading=\"lazy\" decoding=\"async\" width=\"400\" height=\"284\" src=\"https:\/\/filles-de-la-charite.org\/wp-content\/uploads\/2023\/12\/3840_creche_red-400x284.jpg\" srcset=\"https:\/\/filles-de-la-charite.org\/wp-content\/uploads\/2023\/12\/3840_creche_red.jpg 479w, https:\/\/filles-de-la-charite.org\/wp-content\/uploads\/2023\/12\/3840_creche_red-400x284.jpg 480w\" sizes=\"(max-width:479px) 479px, 100vw\" class=\"wp-image-31135\" \/>\n\t\t\t\t\t<span class=\"et_overlay\"><\/span>\n\t\t\t\t<\/a>\n\t\t\t\t<\/div><\/div><div class=\"et_pb_gallery_item et_pb_grid_item et_pb_bg_layout_light et_pb_css_mix_blend_mode et_pb_gallery_item_0_22\"><div class=\"et_pb_gallery_image landscape\">\n\t\t\t\t\t<a href=\"https:\/\/filles-de-la-charite.org\/wp-content\/uploads\/2023\/12\/3834_Tocantins-2_red.jpg\" title=\"\" data-rel=\"lightbox-image-22\" data-rl_title=\"\" data-rl_caption=\"\">\n\t\t\t\t\t<img loading=\"lazy\" decoding=\"async\" width=\"400\" height=\"284\" src=\"https:\/\/filles-de-la-charite.org\/wp-content\/uploads\/2023\/12\/3834_Tocantins-2_red-400x284.jpg\" srcset=\"https:\/\/filles-de-la-charite.org\/wp-content\/uploads\/2023\/12\/3834_Tocantins-2_red.jpg 479w, https:\/\/filles-de-la-charite.org\/wp-content\/uploads\/2023\/12\/3834_Tocantins-2_red-400x284.jpg 480w\" sizes=\"(max-width:479px) 479px, 100vw\" class=\"wp-image-31141\" \/>\n\t\t\t\t\t<span class=\"et_overlay\"><\/span>\n\t\t\t\t<\/a>\n\t\t\t\t<\/div><\/div><div class=\"et_pb_gallery_item et_pb_grid_item et_pb_bg_layout_light et_pb_css_mix_blend_mode et_pb_gallery_item_0_23\"><div class=\"et_pb_gallery_image landscape\">\n\t\t\t\t\t<a href=\"https:\/\/filles-de-la-charite.org\/wp-content\/uploads\/2023\/12\/3834_Missionnaires_Sacramenta_red.jpg\" title=\"\" data-rel=\"lightbox-image-23\" data-rl_title=\"\" data-rl_caption=\"\">\n\t\t\t\t\t<img loading=\"lazy\" decoding=\"async\" width=\"400\" height=\"284\" src=\"https:\/\/filles-de-la-charite.org\/wp-content\/uploads\/2023\/12\/3834_Missionnaires_Sacramenta_red-400x284.jpg\" srcset=\"https:\/\/filles-de-la-charite.org\/wp-content\/uploads\/2023\/12\/3834_Missionnaires_Sacramenta_red.jpg 479w, https:\/\/filles-de-la-charite.org\/wp-content\/uploads\/2023\/12\/3834_Missionnaires_Sacramenta_red-400x284.jpg 480w\" sizes=\"(max-width:479px) 479px, 100vw\" class=\"wp-image-31147\" \/>\n\t\t\t\t\t<span class=\"et_overlay\"><\/span>\n\t\t\t\t<\/a>\n\t\t\t\t<\/div><\/div><div class=\"et_pb_gallery_item et_pb_grid_item et_pb_bg_layout_light et_pb_css_mix_blend_mode et_pb_gallery_item_0_24\"><div class=\"et_pb_gallery_image landscape\">\n\t\t\t\t\t<a href=\"https:\/\/filles-de-la-charite.org\/wp-content\/uploads\/2023\/12\/3834_Mariana_red.jpg\" title=\"\" data-rel=\"lightbox-image-24\" data-rl_title=\"\" data-rl_caption=\"\">\n\t\t\t\t\t<img loading=\"lazy\" decoding=\"async\" width=\"400\" height=\"284\" src=\"https:\/\/filles-de-la-charite.org\/wp-content\/uploads\/2023\/12\/3834_Mariana_red-400x284.jpg\" srcset=\"https:\/\/filles-de-la-charite.org\/wp-content\/uploads\/2023\/12\/3834_Mariana_red.jpg 479w, https:\/\/filles-de-la-charite.org\/wp-content\/uploads\/2023\/12\/3834_Mariana_red-400x284.jpg 480w\" sizes=\"(max-width:479px) 479px, 100vw\" class=\"wp-image-31153\" \/>\n\t\t\t\t\t<span class=\"et_overlay\"><\/span>\n\t\t\t\t<\/a>\n\t\t\t\t<\/div><\/div><div class=\"et_pb_gallery_item et_pb_grid_item et_pb_bg_layout_light et_pb_css_mix_blend_mode et_pb_gallery_item_0_25\"><div class=\"et_pb_gallery_image landscape\">\n\t\t\t\t\t<a href=\"https:\/\/filles-de-la-charite.org\/wp-content\/uploads\/2023\/12\/3809_Espagne-pharmacie_red-scaled.jpg\" title=\"\" data-rel=\"lightbox-image-25\" data-rl_title=\"\" data-rl_caption=\"\">\n\t\t\t\t\t<img loading=\"lazy\" decoding=\"async\" width=\"400\" height=\"284\" src=\"https:\/\/filles-de-la-charite.org\/wp-content\/uploads\/2023\/12\/3809_Espagne-pharmacie_red-400x284.jpg\" srcset=\"https:\/\/filles-de-la-charite.org\/wp-content\/uploads\/2023\/12\/3809_Espagne-pharmacie_red-scaled.jpg 479w, https:\/\/filles-de-la-charite.org\/wp-content\/uploads\/2023\/12\/3809_Espagne-pharmacie_red-400x284.jpg 480w\" sizes=\"(max-width:479px) 479px, 100vw\" class=\"wp-image-31159\" \/>\n\t\t\t\t\t<span class=\"et_overlay\"><\/span>\n\t\t\t\t<\/a>\n\t\t\t\t<\/div><\/div><div class=\"et_pb_gallery_item et_pb_grid_item et_pb_bg_layout_light et_pb_css_mix_blend_mode et_pb_gallery_item_0_26\"><div class=\"et_pb_gallery_image landscape\">\n\t\t\t\t\t<a href=\"https:\/\/filles-de-la-charite.org\/wp-content\/uploads\/2023\/12\/3809_Espagne-hopital_red.jpg\" title=\"\" data-rel=\"lightbox-image-26\" data-rl_title=\"\" data-rl_caption=\"\">\n\t\t\t\t\t<img loading=\"lazy\" decoding=\"async\" width=\"400\" height=\"284\" src=\"https:\/\/filles-de-la-charite.org\/wp-content\/uploads\/2023\/12\/3809_Espagne-hopital_red-400x284.jpg\" srcset=\"https:\/\/filles-de-la-charite.org\/wp-content\/uploads\/2023\/12\/3809_Espagne-hopital_red.jpg 479w, https:\/\/filles-de-la-charite.org\/wp-content\/uploads\/2023\/12\/3809_Espagne-hopital_red-400x284.jpg 480w\" sizes=\"(max-width:479px) 479px, 100vw\" class=\"wp-image-31165\" \/>\n\t\t\t\t\t<span class=\"et_overlay\"><\/span>\n\t\t\t\t<\/a>\n\t\t\t\t<\/div><\/div><div class=\"et_pb_gallery_item et_pb_grid_item et_pb_bg_layout_light et_pb_css_mix_blend_mode et_pb_gallery_item_0_27\"><div class=\"et_pb_gallery_image landscape\">\n\t\t\t\t\t<a href=\"https:\/\/filles-de-la-charite.org\/wp-content\/uploads\/2023\/12\/3805_Soupe_red-scaled.jpg\" title=\"\" data-rel=\"lightbox-image-27\" data-rl_title=\"\" data-rl_caption=\"\">\n\t\t\t\t\t<img loading=\"lazy\" decoding=\"async\" width=\"400\" height=\"284\" src=\"https:\/\/filles-de-la-charite.org\/wp-content\/uploads\/2023\/12\/3805_Soupe_red-400x284.jpg\" srcset=\"https:\/\/filles-de-la-charite.org\/wp-content\/uploads\/2023\/12\/3805_Soupe_red-scaled.jpg 479w, https:\/\/filles-de-la-charite.org\/wp-content\/uploads\/2023\/12\/3805_Soupe_red-400x284.jpg 480w\" sizes=\"(max-width:479px) 479px, 100vw\" class=\"wp-image-31171\" \/>\n\t\t\t\t\t<span class=\"et_overlay\"><\/span>\n\t\t\t\t<\/a>\n\t\t\t\t<\/div><\/div><div class=\"et_pb_gallery_item et_pb_grid_item et_pb_bg_layout_light et_pb_css_mix_blend_mode et_pb_gallery_item_0_28\"><div class=\"et_pb_gallery_image landscape\">\n\t\t\t\t\t<a href=\"https:\/\/filles-de-la-charite.org\/wp-content\/uploads\/2023\/12\/3805_Personne-agee_red.jpg\" title=\"\" data-rel=\"lightbox-image-28\" data-rl_title=\"\" data-rl_caption=\"\">\n\t\t\t\t\t<img loading=\"lazy\" decoding=\"async\" width=\"400\" height=\"284\" src=\"https:\/\/filles-de-la-charite.org\/wp-content\/uploads\/2023\/12\/3805_Personne-agee_red-400x284.jpg\" srcset=\"https:\/\/filles-de-la-charite.org\/wp-content\/uploads\/2023\/12\/3805_Personne-agee_red.jpg 479w, https:\/\/filles-de-la-charite.org\/wp-content\/uploads\/2023\/12\/3805_Personne-agee_red-400x284.jpg 480w\" sizes=\"(max-width:479px) 479px, 100vw\" class=\"wp-image-31177\" \/>\n\t\t\t\t\t<span class=\"et_overlay\"><\/span>\n\t\t\t\t<\/a>\n\t\t\t\t<\/div><\/div><div class=\"et_pb_gallery_item et_pb_grid_item et_pb_bg_layout_light et_pb_css_mix_blend_mode et_pb_gallery_item_0_29\"><div class=\"et_pb_gallery_image landscape\">\n\t\t\t\t\t<a href=\"https:\/\/filles-de-la-charite.org\/wp-content\/uploads\/2023\/12\/3805_Soupe-populaire-Paris_red.jpg\" title=\"\" data-rel=\"lightbox-image-29\" data-rl_title=\"\" data-rl_caption=\"\">\n\t\t\t\t\t<img loading=\"lazy\" decoding=\"async\" width=\"400\" height=\"284\" src=\"https:\/\/filles-de-la-charite.org\/wp-content\/uploads\/2023\/12\/3805_Soupe-populaire-Paris_red-400x284.jpg\" srcset=\"https:\/\/filles-de-la-charite.org\/wp-content\/uploads\/2023\/12\/3805_Soupe-populaire-Paris_red.jpg 479w, https:\/\/filles-de-la-charite.org\/wp-content\/uploads\/2023\/12\/3805_Soupe-populaire-Paris_red-400x284.jpg 480w\" sizes=\"(max-width:479px) 479px, 100vw\" class=\"wp-image-31183\" \/>\n\t\t\t\t\t<span class=\"et_overlay\"><\/span>\n\t\t\t\t<\/a>\n\t\t\t\t<\/div><\/div><div class=\"et_pb_gallery_item et_pb_grid_item et_pb_bg_layout_light et_pb_css_mix_blend_mode et_pb_gallery_item_0_30\"><div class=\"et_pb_gallery_image landscape\">\n\t\t\t\t\t<a href=\"https:\/\/filles-de-la-charite.org\/wp-content\/uploads\/2023\/12\/3805_Soigner_red.jpg\" title=\"\" data-rel=\"lightbox-image-30\" data-rl_title=\"\" data-rl_caption=\"\">\n\t\t\t\t\t<img loading=\"lazy\" decoding=\"async\" width=\"400\" height=\"284\" src=\"https:\/\/filles-de-la-charite.org\/wp-content\/uploads\/2023\/12\/3805_Soigner_red-400x284.jpg\" srcset=\"https:\/\/filles-de-la-charite.org\/wp-content\/uploads\/2023\/12\/3805_Soigner_red.jpg 479w, https:\/\/filles-de-la-charite.org\/wp-content\/uploads\/2023\/12\/3805_Soigner_red-400x284.jpg 480w\" sizes=\"(max-width:479px) 479px, 100vw\" class=\"wp-image-31189\" \/>\n\t\t\t\t\t<span class=\"et_overlay\"><\/span>\n\t\t\t\t<\/a>\n\t\t\t\t<\/div><\/div><div class=\"et_pb_gallery_item et_pb_grid_item et_pb_bg_layout_light et_pb_css_mix_blend_mode et_pb_gallery_item_0_31\"><div class=\"et_pb_gallery_image landscape\">\n\t\t\t\t\t<a href=\"https:\/\/filles-de-la-charite.org\/wp-content\/uploads\/2023\/12\/3805_Portugal_red.jpg\" title=\"\" data-rel=\"lightbox-image-31\" data-rl_title=\"\" data-rl_caption=\"\">\n\t\t\t\t\t<img loading=\"lazy\" decoding=\"async\" width=\"400\" height=\"284\" src=\"https:\/\/filles-de-la-charite.org\/wp-content\/uploads\/2023\/12\/3805_Portugal_red-400x284.jpg\" srcset=\"https:\/\/filles-de-la-charite.org\/wp-content\/uploads\/2023\/12\/3805_Portugal_red.jpg 479w, https:\/\/filles-de-la-charite.org\/wp-content\/uploads\/2023\/12\/3805_Portugal_red-400x284.jpg 480w\" sizes=\"(max-width:479px) 479px, 100vw\" class=\"wp-image-31195\" \/>\n\t\t\t\t\t<span class=\"et_overlay\"><\/span>\n\t\t\t\t<\/a>\n\t\t\t\t<\/div><\/div><div class=\"et_pb_gallery_item et_pb_grid_item et_pb_bg_layout_light et_pb_css_mix_blend_mode et_pb_gallery_item_0_32\"><div class=\"et_pb_gallery_image landscape\">\n\t\t\t\t\t<a href=\"https:\/\/filles-de-la-charite.org\/wp-content\/uploads\/2023\/12\/3805_Nourrir_red.jpg\" title=\"\" data-rel=\"lightbox-image-32\" data-rl_title=\"\" data-rl_caption=\"\">\n\t\t\t\t\t<img loading=\"lazy\" decoding=\"async\" width=\"400\" height=\"284\" src=\"https:\/\/filles-de-la-charite.org\/wp-content\/uploads\/2023\/12\/3805_Nourrir_red-400x284.jpg\" srcset=\"https:\/\/filles-de-la-charite.org\/wp-content\/uploads\/2023\/12\/3805_Nourrir_red.jpg 479w, https:\/\/filles-de-la-charite.org\/wp-content\/uploads\/2023\/12\/3805_Nourrir_red-400x284.jpg 480w\" sizes=\"(max-width:479px) 479px, 100vw\" class=\"wp-image-31201\" \/>\n\t\t\t\t\t<span class=\"et_overlay\"><\/span>\n\t\t\t\t<\/a>\n\t\t\t\t<\/div><\/div><div class=\"et_pb_gallery_item et_pb_grid_item et_pb_bg_layout_light et_pb_css_mix_blend_mode et_pb_gallery_item_0_33\"><div class=\"et_pb_gallery_image landscape\">\n\t\t\t\t\t<a href=\"https:\/\/filles-de-la-charite.org\/wp-content\/uploads\/2023\/12\/3805_Mozambique_red.jpg\" title=\"\" data-rel=\"lightbox-image-33\" data-rl_title=\"\" data-rl_caption=\"\">\n\t\t\t\t\t<img loading=\"lazy\" decoding=\"async\" width=\"400\" height=\"284\" src=\"https:\/\/filles-de-la-charite.org\/wp-content\/uploads\/2023\/12\/3805_Mozambique_red-400x284.jpg\" srcset=\"https:\/\/filles-de-la-charite.org\/wp-content\/uploads\/2023\/12\/3805_Mozambique_red.jpg 479w, https:\/\/filles-de-la-charite.org\/wp-content\/uploads\/2023\/12\/3805_Mozambique_red-400x284.jpg 480w\" sizes=\"(max-width:479px) 479px, 100vw\" class=\"wp-image-31207\" \/>\n\t\t\t\t\t<span class=\"et_overlay\"><\/span>\n\t\t\t\t<\/a>\n\t\t\t\t<\/div><\/div><div class=\"et_pb_gallery_item et_pb_grid_item et_pb_bg_layout_light et_pb_css_mix_blend_mode et_pb_gallery_item_0_34\"><div class=\"et_pb_gallery_image landscape\">\n\t\t\t\t\t<a href=\"https:\/\/filles-de-la-charite.org\/wp-content\/uploads\/2023\/12\/3805_Missouri-USA_red.jpg\" title=\"\" data-rel=\"lightbox-image-34\" data-rl_title=\"\" data-rl_caption=\"\">\n\t\t\t\t\t<img loading=\"lazy\" decoding=\"async\" width=\"400\" height=\"284\" src=\"https:\/\/filles-de-la-charite.org\/wp-content\/uploads\/2023\/12\/3805_Missouri-USA_red-400x284.jpg\" srcset=\"https:\/\/filles-de-la-charite.org\/wp-content\/uploads\/2023\/12\/3805_Missouri-USA_red.jpg 479w, https:\/\/filles-de-la-charite.org\/wp-content\/uploads\/2023\/12\/3805_Missouri-USA_red-400x284.jpg 480w\" sizes=\"(max-width:479px) 479px, 100vw\" class=\"wp-image-31213\" \/>\n\t\t\t\t\t<span class=\"et_overlay\"><\/span>\n\t\t\t\t<\/a>\n\t\t\t\t<\/div><\/div><div class=\"et_pb_gallery_item et_pb_grid_item et_pb_bg_layout_light et_pb_css_mix_blend_mode et_pb_gallery_item_0_35\"><div class=\"et_pb_gallery_image landscape\">\n\t\t\t\t\t<a href=\"https:\/\/filles-de-la-charite.org\/wp-content\/uploads\/2023\/12\/3805_Maman_red.jpg\" title=\"\" data-rel=\"lightbox-image-35\" data-rl_title=\"\" data-rl_caption=\"\">\n\t\t\t\t\t<img loading=\"lazy\" decoding=\"async\" width=\"400\" height=\"284\" src=\"https:\/\/filles-de-la-charite.org\/wp-content\/uploads\/2023\/12\/3805_Maman_red-400x284.jpg\" srcset=\"https:\/\/filles-de-la-charite.org\/wp-content\/uploads\/2023\/12\/3805_Maman_red.jpg 479w, https:\/\/filles-de-la-charite.org\/wp-content\/uploads\/2023\/12\/3805_Maman_red-400x284.jpg 480w\" sizes=\"(max-width:479px) 479px, 100vw\" class=\"wp-image-31219\" \/>\n\t\t\t\t\t<span class=\"et_overlay\"><\/span>\n\t\t\t\t<\/a>\n\t\t\t\t<\/div><\/div><div class=\"et_pb_gallery_item et_pb_grid_item et_pb_bg_layout_light et_pb_css_mix_blend_mode et_pb_gallery_item_0_36\"><div class=\"et_pb_gallery_image landscape\">\n\t\t\t\t\t<a href=\"https:\/\/filles-de-la-charite.org\/wp-content\/uploads\/2023\/12\/3805_Malade1_red.jpg\" title=\"\" data-rel=\"lightbox-image-36\" data-rl_title=\"\" data-rl_caption=\"\">\n\t\t\t\t\t<img loading=\"lazy\" decoding=\"async\" width=\"400\" height=\"284\" src=\"https:\/\/filles-de-la-charite.org\/wp-content\/uploads\/2023\/12\/3805_Malade1_red-400x284.jpg\" srcset=\"https:\/\/filles-de-la-charite.org\/wp-content\/uploads\/2023\/12\/3805_Malade1_red.jpg 479w, https:\/\/filles-de-la-charite.org\/wp-content\/uploads\/2023\/12\/3805_Malade1_red-400x284.jpg 480w\" sizes=\"(max-width:479px) 479px, 100vw\" class=\"wp-image-31225\" \/>\n\t\t\t\t\t<span class=\"et_overlay\"><\/span>\n\t\t\t\t<\/a>\n\t\t\t\t<\/div><\/div><div class=\"et_pb_gallery_item et_pb_grid_item et_pb_bg_layout_light et_pb_css_mix_blend_mode et_pb_gallery_item_0_37\"><div class=\"et_pb_gallery_image landscape\">\n\t\t\t\t\t<a href=\"https:\/\/filles-de-la-charite.org\/wp-content\/uploads\/2023\/12\/3805_Malade-chez-soi_red.jpg\" title=\"\" data-rel=\"lightbox-image-37\" data-rl_title=\"\" data-rl_caption=\"\">\n\t\t\t\t\t<img loading=\"lazy\" decoding=\"async\" width=\"400\" height=\"284\" src=\"https:\/\/filles-de-la-charite.org\/wp-content\/uploads\/2023\/12\/3805_Malade-chez-soi_red-400x284.jpg\" srcset=\"https:\/\/filles-de-la-charite.org\/wp-content\/uploads\/2023\/12\/3805_Malade-chez-soi_red.jpg 479w, https:\/\/filles-de-la-charite.org\/wp-content\/uploads\/2023\/12\/3805_Malade-chez-soi_red-400x284.jpg 480w\" sizes=\"(max-width:479px) 479px, 100vw\" class=\"wp-image-31231\" \/>\n\t\t\t\t\t<span class=\"et_overlay\"><\/span>\n\t\t\t\t<\/a>\n\t\t\t\t<\/div><\/div><div class=\"et_pb_gallery_item et_pb_grid_item et_pb_bg_layout_light et_pb_css_mix_blend_mode et_pb_gallery_item_0_38\"><div class=\"et_pb_gallery_image landscape\">\n\t\t\t\t\t<a href=\"https:\/\/filles-de-la-charite.org\/wp-content\/uploads\/2023\/12\/3805_Malade_red.jpg\" title=\"\" data-rel=\"lightbox-image-38\" data-rl_title=\"\" data-rl_caption=\"\">\n\t\t\t\t\t<img loading=\"lazy\" decoding=\"async\" width=\"400\" height=\"284\" src=\"https:\/\/filles-de-la-charite.org\/wp-content\/uploads\/2023\/12\/3805_Malade_red-400x284.jpg\" srcset=\"https:\/\/filles-de-la-charite.org\/wp-content\/uploads\/2023\/12\/3805_Malade_red.jpg 479w, https:\/\/filles-de-la-charite.org\/wp-content\/uploads\/2023\/12\/3805_Malade_red-400x284.jpg 480w\" sizes=\"(max-width:479px) 479px, 100vw\" class=\"wp-image-31237\" \/>\n\t\t\t\t\t<span class=\"et_overlay\"><\/span>\n\t\t\t\t<\/a>\n\t\t\t\t<\/div><\/div><div class=\"et_pb_gallery_item et_pb_grid_item et_pb_bg_layout_light et_pb_css_mix_blend_mode et_pb_gallery_item_0_39\"><div class=\"et_pb_gallery_image landscape\">\n\t\t\t\t\t<a href=\"https:\/\/filles-de-la-charite.org\/wp-content\/uploads\/2023\/12\/3805_Famille_red.jpg\" title=\"\" data-rel=\"lightbox-image-39\" data-rl_title=\"\" data-rl_caption=\"\">\n\t\t\t\t\t<img loading=\"lazy\" decoding=\"async\" width=\"400\" height=\"284\" src=\"https:\/\/filles-de-la-charite.org\/wp-content\/uploads\/2023\/12\/3805_Famille_red-400x284.jpg\" srcset=\"https:\/\/filles-de-la-charite.org\/wp-content\/uploads\/2023\/12\/3805_Famille_red.jpg 479w, https:\/\/filles-de-la-charite.org\/wp-content\/uploads\/2023\/12\/3805_Famille_red-400x284.jpg 480w\" sizes=\"(max-width:479px) 479px, 100vw\" class=\"wp-image-31243\" \/>\n\t\t\t\t\t<span class=\"et_overlay\"><\/span>\n\t\t\t\t<\/a>\n\t\t\t\t<\/div><\/div><div class=\"et_pb_gallery_item et_pb_grid_item et_pb_bg_layout_light et_pb_css_mix_blend_mode et_pb_gallery_item_0_40\"><div class=\"et_pb_gallery_image landscape\">\n\t\t\t\t\t<a href=\"https:\/\/filles-de-la-charite.org\/wp-content\/uploads\/2023\/12\/3805_Dispensaire_red.jpg\" title=\"\" data-rel=\"lightbox-image-40\" data-rl_title=\"\" data-rl_caption=\"\">\n\t\t\t\t\t<img loading=\"lazy\" decoding=\"async\" width=\"400\" height=\"284\" src=\"https:\/\/filles-de-la-charite.org\/wp-content\/uploads\/2023\/12\/3805_Dispensaire_red-400x284.jpg\" srcset=\"https:\/\/filles-de-la-charite.org\/wp-content\/uploads\/2023\/12\/3805_Dispensaire_red.jpg 479w, https:\/\/filles-de-la-charite.org\/wp-content\/uploads\/2023\/12\/3805_Dispensaire_red-400x284.jpg 480w\" sizes=\"(max-width:479px) 479px, 100vw\" class=\"wp-image-31249\" \/>\n\t\t\t\t\t<span class=\"et_overlay\"><\/span>\n\t\t\t\t<\/a>\n\t\t\t\t<\/div><\/div><div class=\"et_pb_gallery_item et_pb_grid_item et_pb_bg_layout_light et_pb_css_mix_blend_mode et_pb_gallery_item_0_41\"><div class=\"et_pb_gallery_image landscape\">\n\t\t\t\t\t<a href=\"https:\/\/filles-de-la-charite.org\/wp-content\/uploads\/2023\/12\/3805_dans-la-rue_red.jpg\" title=\"\" data-rel=\"lightbox-image-41\" data-rl_title=\"\" data-rl_caption=\"\">\n\t\t\t\t\t<img loading=\"lazy\" decoding=\"async\" width=\"400\" height=\"284\" src=\"https:\/\/filles-de-la-charite.org\/wp-content\/uploads\/2023\/12\/3805_dans-la-rue_red-400x284.jpg\" srcset=\"https:\/\/filles-de-la-charite.org\/wp-content\/uploads\/2023\/12\/3805_dans-la-rue_red.jpg 479w, https:\/\/filles-de-la-charite.org\/wp-content\/uploads\/2023\/12\/3805_dans-la-rue_red-400x284.jpg 480w\" sizes=\"(max-width:479px) 479px, 100vw\" class=\"wp-image-31255\" \/>\n\t\t\t\t\t<span class=\"et_overlay\"><\/span>\n\t\t\t\t<\/a>\n\t\t\t\t<\/div><\/div><div class=\"et_pb_gallery_item et_pb_grid_item et_pb_bg_layout_light et_pb_css_mix_blend_mode et_pb_gallery_item_0_42\"><div class=\"et_pb_gallery_image landscape\">\n\t\t\t\t\t<a href=\"https:\/\/filles-de-la-charite.org\/wp-content\/uploads\/2023\/12\/3805_Kosovo_red-scaled.jpg\" title=\"\" data-rel=\"lightbox-image-42\" data-rl_title=\"\" data-rl_caption=\"\">\n\t\t\t\t\t<img loading=\"lazy\" decoding=\"async\" width=\"400\" height=\"284\" src=\"https:\/\/filles-de-la-charite.org\/wp-content\/uploads\/2023\/12\/3805_Kosovo_red-400x284.jpg\" srcset=\"https:\/\/filles-de-la-charite.org\/wp-content\/uploads\/2023\/12\/3805_Kosovo_red-scaled.jpg 479w, https:\/\/filles-de-la-charite.org\/wp-content\/uploads\/2023\/12\/3805_Kosovo_red-400x284.jpg 480w\" sizes=\"(max-width:479px) 479px, 100vw\" class=\"wp-image-31261\" \/>\n\t\t\t\t\t<span class=\"et_overlay\"><\/span>\n\t\t\t\t<\/a>\n\t\t\t\t<\/div><\/div><div class=\"et_pb_gallery_item et_pb_grid_item et_pb_bg_layout_light et_pb_css_mix_blend_mode et_pb_gallery_item_0_43\"><div class=\"et_pb_gallery_image landscape\">\n\t\t\t\t\t<a href=\"https:\/\/filles-de-la-charite.org\/wp-content\/uploads\/2023\/12\/3805_Belgique_red.jpg\" title=\"\" data-rel=\"lightbox-image-43\" data-rl_title=\"\" data-rl_caption=\"\">\n\t\t\t\t\t<img loading=\"lazy\" decoding=\"async\" width=\"400\" height=\"284\" src=\"https:\/\/filles-de-la-charite.org\/wp-content\/uploads\/2023\/12\/3805_Belgique_red-400x284.jpg\" srcset=\"https:\/\/filles-de-la-charite.org\/wp-content\/uploads\/2023\/12\/3805_Belgique_red.jpg 479w, https:\/\/filles-de-la-charite.org\/wp-content\/uploads\/2023\/12\/3805_Belgique_red-400x284.jpg 480w\" sizes=\"(max-width:479px) 479px, 100vw\" class=\"wp-image-31267\" \/>\n\t\t\t\t\t<span class=\"et_overlay\"><\/span>\n\t\t\t\t<\/a>\n\t\t\t\t<\/div><\/div><div class=\"et_pb_gallery_item et_pb_grid_item et_pb_bg_layout_light et_pb_css_mix_blend_mode et_pb_gallery_item_0_44\"><div class=\"et_pb_gallery_image landscape\">\n\t\t\t\t\t<a href=\"https:\/\/filles-de-la-charite.org\/wp-content\/uploads\/2023\/12\/3805_Creche-USA_red.jpg\" title=\"\" data-rel=\"lightbox-image-44\" data-rl_title=\"\" data-rl_caption=\"\">\n\t\t\t\t\t<img loading=\"lazy\" decoding=\"async\" width=\"400\" height=\"284\" src=\"https:\/\/filles-de-la-charite.org\/wp-content\/uploads\/2023\/12\/3805_Creche-USA_red-400x284.jpg\" srcset=\"https:\/\/filles-de-la-charite.org\/wp-content\/uploads\/2023\/12\/3805_Creche-USA_red.jpg 479w, https:\/\/filles-de-la-charite.org\/wp-content\/uploads\/2023\/12\/3805_Creche-USA_red-400x284.jpg 480w\" sizes=\"(max-width:479px) 479px, 100vw\" class=\"wp-image-31273\" \/>\n\t\t\t\t\t<span class=\"et_overlay\"><\/span>\n\t\t\t\t<\/a>\n\t\t\t\t<\/div><\/div><div class=\"et_pb_gallery_item et_pb_grid_item et_pb_bg_layout_light et_pb_css_mix_blend_mode et_pb_gallery_item_0_45\"><div class=\"et_pb_gallery_image landscape\">\n\t\t\t\t\t<a href=\"https:\/\/filles-de-la-charite.org\/wp-content\/uploads\/2023\/12\/3805_Algerie_red-scaled.jpg\" title=\"\" data-rel=\"lightbox-image-45\" data-rl_title=\"\" data-rl_caption=\"\">\n\t\t\t\t\t<img loading=\"lazy\" decoding=\"async\" width=\"400\" height=\"284\" src=\"https:\/\/filles-de-la-charite.org\/wp-content\/uploads\/2023\/12\/3805_Algerie_red-400x284.jpg\" srcset=\"https:\/\/filles-de-la-charite.org\/wp-content\/uploads\/2023\/12\/3805_Algerie_red-scaled.jpg 479w, https:\/\/filles-de-la-charite.org\/wp-content\/uploads\/2023\/12\/3805_Algerie_red-400x284.jpg 480w\" sizes=\"(max-width:479px) 479px, 100vw\" class=\"wp-image-31279\" \/>\n\t\t\t\t\t<span class=\"et_overlay\"><\/span>\n\t\t\t\t<\/a>\n\t\t\t\t<\/div><\/div><div class=\"et_pb_gallery_item et_pb_grid_item et_pb_bg_layout_light et_pb_css_mix_blend_mode et_pb_gallery_item_0_46\"><div class=\"et_pb_gallery_image landscape\">\n\t\t\t\t\t<a href=\"https:\/\/filles-de-la-charite.org\/wp-content\/uploads\/2023\/12\/3805_Creche-Paris_red.jpg\" title=\"\" data-rel=\"lightbox-image-46\" data-rl_title=\"\" data-rl_caption=\"\">\n\t\t\t\t\t<img loading=\"lazy\" decoding=\"async\" width=\"400\" height=\"284\" src=\"https:\/\/filles-de-la-charite.org\/wp-content\/uploads\/2023\/12\/3805_Creche-Paris_red-400x284.jpg\" srcset=\"https:\/\/filles-de-la-charite.org\/wp-content\/uploads\/2023\/12\/3805_Creche-Paris_red.jpg 479w, https:\/\/filles-de-la-charite.org\/wp-content\/uploads\/2023\/12\/3805_Creche-Paris_red-400x284.jpg 480w\" sizes=\"(max-width:479px) 479px, 100vw\" class=\"wp-image-31285\" \/>\n\t\t\t\t\t<span class=\"et_overlay\"><\/span>\n\t\t\t\t<\/a>\n\t\t\t\t<\/div><\/div><div class=\"et_pb_gallery_item et_pb_grid_item et_pb_bg_layout_light et_pb_css_mix_blend_mode et_pb_gallery_item_0_47\"><div class=\"et_pb_gallery_image landscape\">\n\t\t\t\t\t<a href=\"https:\/\/filles-de-la-charite.org\/wp-content\/uploads\/2023\/12\/3805_Chez-les-mineurs_red.jpg\" title=\"\" data-rel=\"lightbox-image-47\" data-rl_title=\"\" data-rl_caption=\"\">\n\t\t\t\t\t<img loading=\"lazy\" decoding=\"async\" width=\"400\" height=\"284\" src=\"https:\/\/filles-de-la-charite.org\/wp-content\/uploads\/2023\/12\/3805_Chez-les-mineurs_red-400x284.jpg\" srcset=\"https:\/\/filles-de-la-charite.org\/wp-content\/uploads\/2023\/12\/3805_Chez-les-mineurs_red.jpg 479w, https:\/\/filles-de-la-charite.org\/wp-content\/uploads\/2023\/12\/3805_Chez-les-mineurs_red-400x284.jpg 480w\" sizes=\"(max-width:479px) 479px, 100vw\" class=\"wp-image-31291\" \/>\n\t\t\t\t\t<span class=\"et_overlay\"><\/span>\n\t\t\t\t<\/a>\n\t\t\t\t<\/div><\/div><div class=\"et_pb_gallery_item et_pb_grid_item et_pb_bg_layout_light et_pb_css_mix_blend_mode et_pb_gallery_item_0_48\"><div class=\"et_pb_gallery_image landscape\">\n\t\t\t\t\t<a href=\"https:\/\/filles-de-la-charite.org\/wp-content\/uploads\/2023\/12\/3801_Visite1_red.jpg\" title=\"\" data-rel=\"lightbox-image-48\" data-rl_title=\"\" data-rl_caption=\"\">\n\t\t\t\t\t<img loading=\"lazy\" decoding=\"async\" width=\"400\" height=\"284\" src=\"https:\/\/filles-de-la-charite.org\/wp-content\/uploads\/2023\/12\/3801_Visite1_red-400x284.jpg\" srcset=\"https:\/\/filles-de-la-charite.org\/wp-content\/uploads\/2023\/12\/3801_Visite1_red.jpg 479w, https:\/\/filles-de-la-charite.org\/wp-content\/uploads\/2023\/12\/3801_Visite1_red-400x284.jpg 480w\" sizes=\"(max-width:479px) 479px, 100vw\" class=\"wp-image-31297\" \/>\n\t\t\t\t\t<span class=\"et_overlay\"><\/span>\n\t\t\t\t<\/a>\n\t\t\t\t<\/div><\/div><div class=\"et_pb_gallery_item et_pb_grid_item et_pb_bg_layout_light et_pb_css_mix_blend_mode et_pb_gallery_item_0_49\"><div class=\"et_pb_gallery_image landscape\">\n\t\t\t\t\t<a href=\"https:\/\/filles-de-la-charite.org\/wp-content\/uploads\/2023\/12\/3801_Vers-la-maison-des-pauvres_red.jpg\" title=\"\" data-rel=\"lightbox-image-49\" data-rl_title=\"\" data-rl_caption=\"\">\n\t\t\t\t\t<img loading=\"lazy\" decoding=\"async\" width=\"400\" height=\"284\" src=\"https:\/\/filles-de-la-charite.org\/wp-content\/uploads\/2023\/12\/3801_Vers-la-maison-des-pauvres_red-400x284.jpg\" srcset=\"https:\/\/filles-de-la-charite.org\/wp-content\/uploads\/2023\/12\/3801_Vers-la-maison-des-pauvres_red.jpg 479w, https:\/\/filles-de-la-charite.org\/wp-content\/uploads\/2023\/12\/3801_Vers-la-maison-des-pauvres_red-400x284.jpg 480w\" sizes=\"(max-width:479px) 479px, 100vw\" class=\"wp-image-31303\" \/>\n\t\t\t\t\t<span class=\"et_overlay\"><\/span>\n\t\t\t\t<\/a>\n\t\t\t\t<\/div><\/div><div class=\"et_pb_gallery_item et_pb_grid_item et_pb_bg_layout_light et_pb_css_mix_blend_mode et_pb_gallery_item_0_50\"><div class=\"et_pb_gallery_image landscape\">\n\t\t\t\t\t<a href=\"https:\/\/filles-de-la-charite.org\/wp-content\/uploads\/2023\/12\/3801_Soins-lepreux_red.jpg\" title=\"\" data-rel=\"lightbox-image-50\" data-rl_title=\"\" data-rl_caption=\"\">\n\t\t\t\t\t<img loading=\"lazy\" decoding=\"async\" width=\"400\" height=\"284\" src=\"https:\/\/filles-de-la-charite.org\/wp-content\/uploads\/2023\/12\/3801_Soins-lepreux_red-400x284.jpg\" srcset=\"https:\/\/filles-de-la-charite.org\/wp-content\/uploads\/2023\/12\/3801_Soins-lepreux_red.jpg 479w, https:\/\/filles-de-la-charite.org\/wp-content\/uploads\/2023\/12\/3801_Soins-lepreux_red-400x284.jpg 480w\" sizes=\"(max-width:479px) 479px, 100vw\" class=\"wp-image-31309\" \/>\n\t\t\t\t\t<span class=\"et_overlay\"><\/span>\n\t\t\t\t<\/a>\n\t\t\t\t<\/div><\/div><div class=\"et_pb_gallery_item et_pb_grid_item et_pb_bg_layout_light et_pb_css_mix_blend_mode et_pb_gallery_item_0_51\"><div class=\"et_pb_gallery_image landscape\">\n\t\t\t\t\t<a href=\"https:\/\/filles-de-la-charite.org\/wp-content\/uploads\/2023\/12\/3804_visite-des-pauvres-a-Guayaquil-2_red.jpg\" title=\"\" data-rel=\"lightbox-image-51\" data-rl_title=\"\" data-rl_caption=\"\">\n\t\t\t\t\t<img loading=\"lazy\" decoding=\"async\" width=\"400\" height=\"284\" src=\"https:\/\/filles-de-la-charite.org\/wp-content\/uploads\/2023\/12\/3804_visite-des-pauvres-a-Guayaquil-2_red-400x284.jpg\" srcset=\"https:\/\/filles-de-la-charite.org\/wp-content\/uploads\/2023\/12\/3804_visite-des-pauvres-a-Guayaquil-2_red.jpg 479w, https:\/\/filles-de-la-charite.org\/wp-content\/uploads\/2023\/12\/3804_visite-des-pauvres-a-Guayaquil-2_red-400x284.jpg 480w\" sizes=\"(max-width:479px) 479px, 100vw\" class=\"wp-image-31315\" \/>\n\t\t\t\t\t<span class=\"et_overlay\"><\/span>\n\t\t\t\t<\/a>\n\t\t\t\t<\/div><\/div><div class=\"et_pb_gallery_item et_pb_grid_item et_pb_bg_layout_light et_pb_css_mix_blend_mode et_pb_gallery_item_0_52\"><div class=\"et_pb_gallery_image landscape\">\n\t\t\t\t\t<a href=\"https:\/\/filles-de-la-charite.org\/wp-content\/uploads\/2023\/12\/3804_visite-des-pauvres-a-Guayaquil-1_red.jpg\" title=\"\" data-rel=\"lightbox-image-52\" data-rl_title=\"\" data-rl_caption=\"\">\n\t\t\t\t\t<img loading=\"lazy\" decoding=\"async\" width=\"400\" height=\"284\" src=\"https:\/\/filles-de-la-charite.org\/wp-content\/uploads\/2023\/12\/3804_visite-des-pauvres-a-Guayaquil-1_red-400x284.jpg\" srcset=\"https:\/\/filles-de-la-charite.org\/wp-content\/uploads\/2023\/12\/3804_visite-des-pauvres-a-Guayaquil-1_red.jpg 479w, https:\/\/filles-de-la-charite.org\/wp-content\/uploads\/2023\/12\/3804_visite-des-pauvres-a-Guayaquil-1_red-400x284.jpg 480w\" sizes=\"(max-width:479px) 479px, 100vw\" class=\"wp-image-31321\" \/>\n\t\t\t\t\t<span class=\"et_overlay\"><\/span>\n\t\t\t\t<\/a>\n\t\t\t\t<\/div><\/div><div class=\"et_pb_gallery_item et_pb_grid_item et_pb_bg_layout_light et_pb_css_mix_blend_mode et_pb_gallery_item_0_53\"><div class=\"et_pb_gallery_image landscape\">\n\t\t\t\t\t<a href=\"https:\/\/filles-de-la-charite.org\/wp-content\/uploads\/2023\/12\/3801_Visite_red.jpg\" title=\"\" data-rel=\"lightbox-image-53\" data-rl_title=\"\" data-rl_caption=\"\">\n\t\t\t\t\t<img loading=\"lazy\" decoding=\"async\" width=\"400\" height=\"284\" src=\"https:\/\/filles-de-la-charite.org\/wp-content\/uploads\/2023\/12\/3801_Visite_red-400x284.jpg\" srcset=\"https:\/\/filles-de-la-charite.org\/wp-content\/uploads\/2023\/12\/3801_Visite_red.jpg 479w, https:\/\/filles-de-la-charite.org\/wp-content\/uploads\/2023\/12\/3801_Visite_red-400x284.jpg 480w\" sizes=\"(max-width:479px) 479px, 100vw\" class=\"wp-image-31327\" \/>\n\t\t\t\t\t<span class=\"et_overlay\"><\/span>\n\t\t\t\t<\/a>\n\t\t\t\t<\/div><\/div><div class=\"et_pb_gallery_item et_pb_grid_item et_pb_bg_layout_light et_pb_css_mix_blend_mode et_pb_gallery_item_0_54\"><div class=\"et_pb_gallery_image landscape\">\n\t\t\t\t\t<a href=\"https:\/\/filles-de-la-charite.org\/wp-content\/uploads\/2023\/12\/3801_Vietnam_red.jpg\" title=\"\" data-rel=\"lightbox-image-54\" data-rl_title=\"\" data-rl_caption=\"\">\n\t\t\t\t\t<img loading=\"lazy\" decoding=\"async\" width=\"400\" height=\"284\" src=\"https:\/\/filles-de-la-charite.org\/wp-content\/uploads\/2023\/12\/3801_Vietnam_red-400x284.jpg\" srcset=\"https:\/\/filles-de-la-charite.org\/wp-content\/uploads\/2023\/12\/3801_Vietnam_red.jpg 479w, https:\/\/filles-de-la-charite.org\/wp-content\/uploads\/2023\/12\/3801_Vietnam_red-400x284.jpg 480w\" sizes=\"(max-width:479px) 479px, 100vw\" class=\"wp-image-31333\" \/>\n\t\t\t\t\t<span class=\"et_overlay\"><\/span>\n\t\t\t\t<\/a>\n\t\t\t\t<\/div><\/div><div class=\"et_pb_gallery_item et_pb_grid_item et_pb_bg_layout_light et_pb_css_mix_blend_mode et_pb_gallery_item_0_55\"><div class=\"et_pb_gallery_image landscape\">\n\t\t\t\t\t<a href=\"https:\/\/filles-de-la-charite.org\/wp-content\/uploads\/2023\/12\/3801_Rencontrer1_red.jpg\" title=\"\" data-rel=\"lightbox-image-55\" data-rl_title=\"\" data-rl_caption=\"\">\n\t\t\t\t\t<img loading=\"lazy\" decoding=\"async\" width=\"400\" height=\"284\" src=\"https:\/\/filles-de-la-charite.org\/wp-content\/uploads\/2023\/12\/3801_Rencontrer1_red-400x284.jpg\" srcset=\"https:\/\/filles-de-la-charite.org\/wp-content\/uploads\/2023\/12\/3801_Rencontrer1_red.jpg 479w, https:\/\/filles-de-la-charite.org\/wp-content\/uploads\/2023\/12\/3801_Rencontrer1_red-400x284.jpg 480w\" sizes=\"(max-width:479px) 479px, 100vw\" class=\"wp-image-31339\" \/>\n\t\t\t\t\t<span class=\"et_overlay\"><\/span>\n\t\t\t\t<\/a>\n\t\t\t\t<\/div><\/div><div class=\"et_pb_gallery_item et_pb_grid_item et_pb_bg_layout_light et_pb_css_mix_blend_mode et_pb_gallery_item_0_56\"><div class=\"et_pb_gallery_image landscape\">\n\t\t\t\t\t<a href=\"https:\/\/filles-de-la-charite.org\/wp-content\/uploads\/2023\/12\/3801_preparatifs_red-scaled.jpg\" title=\"\" data-rel=\"lightbox-image-56\" data-rl_title=\"\" data-rl_caption=\"\">\n\t\t\t\t\t<img loading=\"lazy\" decoding=\"async\" width=\"400\" height=\"284\" src=\"https:\/\/filles-de-la-charite.org\/wp-content\/uploads\/2023\/12\/3801_preparatifs_red-400x284.jpg\" srcset=\"https:\/\/filles-de-la-charite.org\/wp-content\/uploads\/2023\/12\/3801_preparatifs_red-scaled.jpg 479w, https:\/\/filles-de-la-charite.org\/wp-content\/uploads\/2023\/12\/3801_preparatifs_red-400x284.jpg 480w\" sizes=\"(max-width:479px) 479px, 100vw\" class=\"wp-image-31345\" \/>\n\t\t\t\t\t<span class=\"et_overlay\"><\/span>\n\t\t\t\t<\/a>\n\t\t\t\t<\/div><\/div><div class=\"et_pb_gallery_item et_pb_grid_item et_pb_bg_layout_light et_pb_css_mix_blend_mode et_pb_gallery_item_0_57\"><div class=\"et_pb_gallery_image landscape\">\n\t\t\t\t\t<a href=\"https:\/\/filles-de-la-charite.org\/wp-content\/uploads\/2023\/12\/3801_Rencontrer_red.jpg\" title=\"\" data-rel=\"lightbox-image-57\" data-rl_title=\"\" data-rl_caption=\"\">\n\t\t\t\t\t<img loading=\"lazy\" decoding=\"async\" width=\"400\" height=\"284\" src=\"https:\/\/filles-de-la-charite.org\/wp-content\/uploads\/2023\/12\/3801_Rencontrer_red-400x284.jpg\" srcset=\"https:\/\/filles-de-la-charite.org\/wp-content\/uploads\/2023\/12\/3801_Rencontrer_red.jpg 479w, https:\/\/filles-de-la-charite.org\/wp-content\/uploads\/2023\/12\/3801_Rencontrer_red-400x284.jpg 480w\" sizes=\"(max-width:479px) 479px, 100vw\" class=\"wp-image-31351\" \/>\n\t\t\t\t\t<span class=\"et_overlay\"><\/span>\n\t\t\t\t<\/a>\n\t\t\t\t<\/div><\/div><div class=\"et_pb_gallery_item et_pb_grid_item et_pb_bg_layout_light et_pb_css_mix_blend_mode et_pb_gallery_item_0_58\"><div class=\"et_pb_gallery_image landscape\">\n\t\t\t\t\t<a href=\"https:\/\/filles-de-la-charite.org\/wp-content\/uploads\/2023\/12\/3801_Pauvre_red.jpg\" title=\"\" data-rel=\"lightbox-image-58\" data-rl_title=\"\" data-rl_caption=\"\">\n\t\t\t\t\t<img loading=\"lazy\" decoding=\"async\" width=\"400\" height=\"284\" src=\"https:\/\/filles-de-la-charite.org\/wp-content\/uploads\/2023\/12\/3801_Pauvre_red-400x284.jpg\" srcset=\"https:\/\/filles-de-la-charite.org\/wp-content\/uploads\/2023\/12\/3801_Pauvre_red.jpg 479w, https:\/\/filles-de-la-charite.org\/wp-content\/uploads\/2023\/12\/3801_Pauvre_red-400x284.jpg 480w\" sizes=\"(max-width:479px) 479px, 100vw\" class=\"wp-image-31357\" \/>\n\t\t\t\t\t<span class=\"et_overlay\"><\/span>\n\t\t\t\t<\/a>\n\t\t\t\t<\/div><\/div><div class=\"et_pb_gallery_item et_pb_grid_item et_pb_bg_layout_light et_pb_css_mix_blend_mode et_pb_gallery_item_0_59\"><div class=\"et_pb_gallery_image landscape\">\n\t\t\t\t\t<a href=\"https:\/\/filles-de-la-charite.org\/wp-content\/uploads\/2023\/12\/3801_Parmi-les-pauvres_red.jpg\" title=\"\" data-rel=\"lightbox-image-59\" data-rl_title=\"\" data-rl_caption=\"\">\n\t\t\t\t\t<img loading=\"lazy\" decoding=\"async\" width=\"400\" height=\"284\" src=\"https:\/\/filles-de-la-charite.org\/wp-content\/uploads\/2023\/12\/3801_Parmi-les-pauvres_red-400x284.jpg\" srcset=\"https:\/\/filles-de-la-charite.org\/wp-content\/uploads\/2023\/12\/3801_Parmi-les-pauvres_red.jpg 479w, https:\/\/filles-de-la-charite.org\/wp-content\/uploads\/2023\/12\/3801_Parmi-les-pauvres_red-400x284.jpg 480w\" sizes=\"(max-width:479px) 479px, 100vw\" class=\"wp-image-31363\" \/>\n\t\t\t\t\t<span class=\"et_overlay\"><\/span>\n\t\t\t\t<\/a>\n\t\t\t\t<\/div><\/div><div class=\"et_pb_gallery_item et_pb_grid_item et_pb_bg_layout_light et_pb_css_mix_blend_mode et_pb_gallery_item_0_60\"><div class=\"et_pb_gallery_image landscape\">\n\t\t\t\t\t<a href=\"https:\/\/filles-de-la-charite.org\/wp-content\/uploads\/2023\/12\/3801_Paraguay_red.jpg\" title=\"\" data-rel=\"lightbox-image-60\" data-rl_title=\"\" data-rl_caption=\"\">\n\t\t\t\t\t<img loading=\"lazy\" decoding=\"async\" width=\"400\" height=\"284\" src=\"https:\/\/filles-de-la-charite.org\/wp-content\/uploads\/2023\/12\/3801_Paraguay_red-400x284.jpg\" srcset=\"https:\/\/filles-de-la-charite.org\/wp-content\/uploads\/2023\/12\/3801_Paraguay_red.jpg 479w, https:\/\/filles-de-la-charite.org\/wp-content\/uploads\/2023\/12\/3801_Paraguay_red-400x284.jpg 480w\" sizes=\"(max-width:479px) 479px, 100vw\" class=\"wp-image-31369\" \/>\n\t\t\t\t\t<span class=\"et_overlay\"><\/span>\n\t\t\t\t<\/a>\n\t\t\t\t<\/div><\/div><div class=\"et_pb_gallery_item et_pb_grid_item et_pb_bg_layout_light et_pb_css_mix_blend_mode et_pb_gallery_item_0_61\"><div class=\"et_pb_gallery_image landscape\">\n\t\t\t\t\t<a href=\"https:\/\/filles-de-la-charite.org\/wp-content\/uploads\/2023\/12\/3801_main-a-main_red.jpg\" title=\"\" data-rel=\"lightbox-image-61\" data-rl_title=\"\" data-rl_caption=\"\">\n\t\t\t\t\t<img loading=\"lazy\" decoding=\"async\" width=\"400\" height=\"284\" src=\"https:\/\/filles-de-la-charite.org\/wp-content\/uploads\/2023\/12\/3801_main-a-main_red-400x284.jpg\" srcset=\"https:\/\/filles-de-la-charite.org\/wp-content\/uploads\/2023\/12\/3801_main-a-main_red.jpg 479w, https:\/\/filles-de-la-charite.org\/wp-content\/uploads\/2023\/12\/3801_main-a-main_red-400x284.jpg 480w\" sizes=\"(max-width:479px) 479px, 100vw\" class=\"wp-image-31375\" \/>\n\t\t\t\t\t<span class=\"et_overlay\"><\/span>\n\t\t\t\t<\/a>\n\t\t\t\t<\/div><\/div><div class=\"et_pb_gallery_item et_pb_grid_item et_pb_bg_layout_light et_pb_css_mix_blend_mode et_pb_gallery_item_0_62\"><div class=\"et_pb_gallery_image landscape\">\n\t\t\t\t\t<a href=\"https:\/\/filles-de-la-charite.org\/wp-content\/uploads\/2023\/12\/3801_Mettre-a-l_abri_red.jpg\" title=\"\" data-rel=\"lightbox-image-62\" data-rl_title=\"\" data-rl_caption=\"\">\n\t\t\t\t\t<img loading=\"lazy\" decoding=\"async\" width=\"400\" height=\"284\" src=\"https:\/\/filles-de-la-charite.org\/wp-content\/uploads\/2023\/12\/3801_Mettre-a-l_abri_red-400x284.jpg\" srcset=\"https:\/\/filles-de-la-charite.org\/wp-content\/uploads\/2023\/12\/3801_Mettre-a-l_abri_red.jpg 479w, https:\/\/filles-de-la-charite.org\/wp-content\/uploads\/2023\/12\/3801_Mettre-a-l_abri_red-400x284.jpg 480w\" sizes=\"(max-width:479px) 479px, 100vw\" class=\"wp-image-31381\" \/>\n\t\t\t\t\t<span class=\"et_overlay\"><\/span>\n\t\t\t\t<\/a>\n\t\t\t\t<\/div><\/div><div class=\"et_pb_gallery_item et_pb_grid_item et_pb_bg_layout_light et_pb_css_mix_blend_mode et_pb_gallery_item_0_63\"><div class=\"et_pb_gallery_image landscape\">\n\t\t\t\t\t<a href=\"https:\/\/filles-de-la-charite.org\/wp-content\/uploads\/2023\/12\/3801_Les-Soeurs-arrivent_red.jpg\" title=\"\" data-rel=\"lightbox-image-63\" data-rl_title=\"\" data-rl_caption=\"\">\n\t\t\t\t\t<img loading=\"lazy\" decoding=\"async\" width=\"400\" height=\"284\" src=\"https:\/\/filles-de-la-charite.org\/wp-content\/uploads\/2023\/12\/3801_Les-Soeurs-arrivent_red-400x284.jpg\" srcset=\"https:\/\/filles-de-la-charite.org\/wp-content\/uploads\/2023\/12\/3801_Les-Soeurs-arrivent_red.jpg 479w, https:\/\/filles-de-la-charite.org\/wp-content\/uploads\/2023\/12\/3801_Les-Soeurs-arrivent_red-400x284.jpg 480w\" sizes=\"(max-width:479px) 479px, 100vw\" class=\"wp-image-31387\" \/>\n\t\t\t\t\t<span class=\"et_overlay\"><\/span>\n\t\t\t\t<\/a>\n\t\t\t\t<\/div><\/div><div class=\"et_pb_gallery_item et_pb_grid_item et_pb_bg_layout_light et_pb_css_mix_blend_mode et_pb_gallery_item_0_64\"><div class=\"et_pb_gallery_image landscape\">\n\t\t\t\t\t<a href=\"https:\/\/filles-de-la-charite.org\/wp-content\/uploads\/2023\/12\/3801_lepreux_red.jpg\" title=\"\" data-rel=\"lightbox-image-64\" data-rl_title=\"\" data-rl_caption=\"\">\n\t\t\t\t\t<img loading=\"lazy\" decoding=\"async\" width=\"400\" height=\"284\" src=\"https:\/\/filles-de-la-charite.org\/wp-content\/uploads\/2023\/12\/3801_lepreux_red-400x284.jpg\" srcset=\"https:\/\/filles-de-la-charite.org\/wp-content\/uploads\/2023\/12\/3801_lepreux_red.jpg 479w, https:\/\/filles-de-la-charite.org\/wp-content\/uploads\/2023\/12\/3801_lepreux_red-400x284.jpg 480w\" sizes=\"(max-width:479px) 479px, 100vw\" class=\"wp-image-31393\" \/>\n\t\t\t\t\t<span class=\"et_overlay\"><\/span>\n\t\t\t\t<\/a>\n\t\t\t\t<\/div><\/div><div class=\"et_pb_gallery_item et_pb_grid_item et_pb_bg_layout_light et_pb_css_mix_blend_mode et_pb_gallery_item_0_65\"><div class=\"et_pb_gallery_image landscape\">\n\t\t\t\t\t<a href=\"https:\/\/filles-de-la-charite.org\/wp-content\/uploads\/2023\/12\/3801_Japon_red.jpg\" title=\"\" data-rel=\"lightbox-image-65\" data-rl_title=\"\" data-rl_caption=\"\">\n\t\t\t\t\t<img loading=\"lazy\" decoding=\"async\" width=\"400\" height=\"284\" src=\"https:\/\/filles-de-la-charite.org\/wp-content\/uploads\/2023\/12\/3801_Japon_red-400x284.jpg\" srcset=\"https:\/\/filles-de-la-charite.org\/wp-content\/uploads\/2023\/12\/3801_Japon_red.jpg 479w, https:\/\/filles-de-la-charite.org\/wp-content\/uploads\/2023\/12\/3801_Japon_red-400x284.jpg 480w\" sizes=\"(max-width:479px) 479px, 100vw\" class=\"wp-image-31399\" \/>\n\t\t\t\t\t<span class=\"et_overlay\"><\/span>\n\t\t\t\t<\/a>\n\t\t\t\t<\/div><\/div><div class=\"et_pb_gallery_item et_pb_grid_item et_pb_bg_layout_light et_pb_css_mix_blend_mode et_pb_gallery_item_0_66\"><div class=\"et_pb_gallery_image landscape\">\n\t\t\t\t\t<a href=\"https:\/\/filles-de-la-charite.org\/wp-content\/uploads\/2023\/12\/3801_Japon1_red-scaled.jpg\" title=\"\" data-rel=\"lightbox-image-66\" data-rl_title=\"\" data-rl_caption=\"\">\n\t\t\t\t\t<img loading=\"lazy\" decoding=\"async\" width=\"400\" height=\"284\" src=\"https:\/\/filles-de-la-charite.org\/wp-content\/uploads\/2023\/12\/3801_Japon1_red-400x284.jpg\" srcset=\"https:\/\/filles-de-la-charite.org\/wp-content\/uploads\/2023\/12\/3801_Japon1_red-scaled.jpg 479w, https:\/\/filles-de-la-charite.org\/wp-content\/uploads\/2023\/12\/3801_Japon1_red-400x284.jpg 480w\" sizes=\"(max-width:479px) 479px, 100vw\" class=\"wp-image-31405\" \/>\n\t\t\t\t\t<span class=\"et_overlay\"><\/span>\n\t\t\t\t<\/a>\n\t\t\t\t<\/div><\/div><div class=\"et_pb_gallery_item et_pb_grid_item et_pb_bg_layout_light et_pb_css_mix_blend_mode et_pb_gallery_item_0_67\"><div class=\"et_pb_gallery_image landscape\">\n\t\t\t\t\t<a href=\"https:\/\/filles-de-la-charite.org\/wp-content\/uploads\/2023\/12\/3801_Japon-the_red.jpg\" title=\"\" data-rel=\"lightbox-image-67\" data-rl_title=\"\" data-rl_caption=\"\">\n\t\t\t\t\t<img loading=\"lazy\" decoding=\"async\" width=\"400\" height=\"284\" src=\"https:\/\/filles-de-la-charite.org\/wp-content\/uploads\/2023\/12\/3801_Japon-the_red-400x284.jpg\" srcset=\"https:\/\/filles-de-la-charite.org\/wp-content\/uploads\/2023\/12\/3801_Japon-the_red.jpg 479w, https:\/\/filles-de-la-charite.org\/wp-content\/uploads\/2023\/12\/3801_Japon-the_red-400x284.jpg 480w\" sizes=\"(max-width:479px) 479px, 100vw\" class=\"wp-image-31411\" \/>\n\t\t\t\t\t<span class=\"et_overlay\"><\/span>\n\t\t\t\t<\/a>\n\t\t\t\t<\/div><\/div><div class=\"et_pb_gallery_item et_pb_grid_item et_pb_bg_layout_light et_pb_css_mix_blend_mode et_pb_gallery_item_0_68\"><div class=\"et_pb_gallery_image landscape\">\n\t\t\t\t\t<a href=\"https:\/\/filles-de-la-charite.org\/wp-content\/uploads\/2023\/12\/3801_famille-grande_red.jpg\" title=\"\" data-rel=\"lightbox-image-68\" data-rl_title=\"\" data-rl_caption=\"\">\n\t\t\t\t\t<img loading=\"lazy\" decoding=\"async\" width=\"400\" height=\"284\" src=\"https:\/\/filles-de-la-charite.org\/wp-content\/uploads\/2023\/12\/3801_famille-grande_red-400x284.jpg\" srcset=\"https:\/\/filles-de-la-charite.org\/wp-content\/uploads\/2023\/12\/3801_famille-grande_red.jpg 479w, https:\/\/filles-de-la-charite.org\/wp-content\/uploads\/2023\/12\/3801_famille-grande_red-400x284.jpg 480w\" sizes=\"(max-width:479px) 479px, 100vw\" class=\"wp-image-31417\" \/>\n\t\t\t\t\t<span class=\"et_overlay\"><\/span>\n\t\t\t\t<\/a>\n\t\t\t\t<\/div><\/div><div class=\"et_pb_gallery_item et_pb_grid_item et_pb_bg_layout_light et_pb_css_mix_blend_mode et_pb_gallery_item_0_69\"><div class=\"et_pb_gallery_image landscape\">\n\t\t\t\t\t<a href=\"https:\/\/filles-de-la-charite.org\/wp-content\/uploads\/2023\/12\/3801_Etre-belle_red.jpg\" title=\"\" data-rel=\"lightbox-image-69\" data-rl_title=\"\" data-rl_caption=\"\">\n\t\t\t\t\t<img loading=\"lazy\" decoding=\"async\" width=\"400\" height=\"284\" src=\"https:\/\/filles-de-la-charite.org\/wp-content\/uploads\/2023\/12\/3801_Etre-belle_red-400x284.jpg\" srcset=\"https:\/\/filles-de-la-charite.org\/wp-content\/uploads\/2023\/12\/3801_Etre-belle_red.jpg 479w, https:\/\/filles-de-la-charite.org\/wp-content\/uploads\/2023\/12\/3801_Etre-belle_red-400x284.jpg 480w\" sizes=\"(max-width:479px) 479px, 100vw\" class=\"wp-image-31423\" \/>\n\t\t\t\t\t<span class=\"et_overlay\"><\/span>\n\t\t\t\t<\/a>\n\t\t\t\t<\/div><\/div><div class=\"et_pb_gallery_item et_pb_grid_item et_pb_bg_layout_light et_pb_css_mix_blend_mode et_pb_gallery_item_0_70\"><div class=\"et_pb_gallery_image landscape\">\n\t\t\t\t\t<a href=\"https:\/\/filles-de-la-charite.org\/wp-content\/uploads\/2023\/12\/3801_Famille_red.jpg\" title=\"\" data-rel=\"lightbox-image-70\" data-rl_title=\"\" data-rl_caption=\"\">\n\t\t\t\t\t<img loading=\"lazy\" decoding=\"async\" width=\"400\" height=\"284\" src=\"https:\/\/filles-de-la-charite.org\/wp-content\/uploads\/2023\/12\/3801_Famille_red-400x284.jpg\" srcset=\"https:\/\/filles-de-la-charite.org\/wp-content\/uploads\/2023\/12\/3801_Famille_red.jpg 479w, https:\/\/filles-de-la-charite.org\/wp-content\/uploads\/2023\/12\/3801_Famille_red-400x284.jpg 480w\" sizes=\"(max-width:479px) 479px, 100vw\" class=\"wp-image-31429\" \/>\n\t\t\t\t\t<span class=\"et_overlay\"><\/span>\n\t\t\t\t<\/a>\n\t\t\t\t<\/div><\/div><div class=\"et_pb_gallery_item et_pb_grid_item et_pb_bg_layout_light et_pb_css_mix_blend_mode et_pb_gallery_item_0_71\"><div class=\"et_pb_gallery_image landscape\">\n\t\t\t\t\t<a href=\"https:\/\/filles-de-la-charite.org\/wp-content\/uploads\/2023\/12\/3801_Enfant_red.jpg\" title=\"\" data-rel=\"lightbox-image-71\" data-rl_title=\"\" data-rl_caption=\"\">\n\t\t\t\t\t<img loading=\"lazy\" decoding=\"async\" width=\"400\" height=\"284\" src=\"https:\/\/filles-de-la-charite.org\/wp-content\/uploads\/2023\/12\/3801_Enfant_red-400x284.jpg\" srcset=\"https:\/\/filles-de-la-charite.org\/wp-content\/uploads\/2023\/12\/3801_Enfant_red.jpg 479w, https:\/\/filles-de-la-charite.org\/wp-content\/uploads\/2023\/12\/3801_Enfant_red-400x284.jpg 480w\" sizes=\"(max-width:479px) 479px, 100vw\" class=\"wp-image-31435\" \/>\n\t\t\t\t\t<span class=\"et_overlay\"><\/span>\n\t\t\t\t<\/a>\n\t\t\t\t<\/div><\/div><div class=\"et_pb_gallery_item et_pb_grid_item et_pb_bg_layout_light et_pb_css_mix_blend_mode et_pb_gallery_item_0_72\"><div class=\"et_pb_gallery_image landscape\">\n\t\t\t\t\t<a href=\"https:\/\/filles-de-la-charite.org\/wp-content\/uploads\/2023\/12\/3801_En-chemin1_red.jpg\" title=\"\" data-rel=\"lightbox-image-72\" data-rl_title=\"\" data-rl_caption=\"\">\n\t\t\t\t\t<img loading=\"lazy\" decoding=\"async\" width=\"400\" height=\"284\" src=\"https:\/\/filles-de-la-charite.org\/wp-content\/uploads\/2023\/12\/3801_En-chemin1_red-400x284.jpg\" srcset=\"https:\/\/filles-de-la-charite.org\/wp-content\/uploads\/2023\/12\/3801_En-chemin1_red.jpg 479w, https:\/\/filles-de-la-charite.org\/wp-content\/uploads\/2023\/12\/3801_En-chemin1_red-400x284.jpg 480w\" sizes=\"(max-width:479px) 479px, 100vw\" class=\"wp-image-31441\" \/>\n\t\t\t\t\t<span class=\"et_overlay\"><\/span>\n\t\t\t\t<\/a>\n\t\t\t\t<\/div><\/div><div class=\"et_pb_gallery_item et_pb_grid_item et_pb_bg_layout_light et_pb_css_mix_blend_mode et_pb_gallery_item_0_73\"><div class=\"et_pb_gallery_image landscape\">\n\t\t\t\t\t<a href=\"https:\/\/filles-de-la-charite.org\/wp-content\/uploads\/2023\/12\/3801_Chine_red.jpg\" title=\"\" data-rel=\"lightbox-image-73\" data-rl_title=\"\" data-rl_caption=\"\">\n\t\t\t\t\t<img loading=\"lazy\" decoding=\"async\" width=\"400\" height=\"284\" src=\"https:\/\/filles-de-la-charite.org\/wp-content\/uploads\/2023\/12\/3801_Chine_red-400x284.jpg\" srcset=\"https:\/\/filles-de-la-charite.org\/wp-content\/uploads\/2023\/12\/3801_Chine_red.jpg 479w, https:\/\/filles-de-la-charite.org\/wp-content\/uploads\/2023\/12\/3801_Chine_red-400x284.jpg 480w\" sizes=\"(max-width:479px) 479px, 100vw\" class=\"wp-image-31447\" \/>\n\t\t\t\t\t<span class=\"et_overlay\"><\/span>\n\t\t\t\t<\/a>\n\t\t\t\t<\/div><\/div><div class=\"et_pb_gallery_item et_pb_grid_item et_pb_bg_layout_light et_pb_css_mix_blend_mode et_pb_gallery_item_0_74\"><div class=\"et_pb_gallery_image landscape\">\n\t\t\t\t\t<a href=\"https:\/\/filles-de-la-charite.org\/wp-content\/uploads\/2023\/12\/3801_En-chemin_red.jpg\" title=\"\" data-rel=\"lightbox-image-74\" data-rl_title=\"\" data-rl_caption=\"\">\n\t\t\t\t\t<img loading=\"lazy\" decoding=\"async\" width=\"400\" height=\"284\" src=\"https:\/\/filles-de-la-charite.org\/wp-content\/uploads\/2023\/12\/3801_En-chemin_red-400x284.jpg\" srcset=\"https:\/\/filles-de-la-charite.org\/wp-content\/uploads\/2023\/12\/3801_En-chemin_red.jpg 479w, https:\/\/filles-de-la-charite.org\/wp-content\/uploads\/2023\/12\/3801_En-chemin_red-400x284.jpg 480w\" sizes=\"(max-width:479px) 479px, 100vw\" class=\"wp-image-31453\" \/>\n\t\t\t\t\t<span class=\"et_overlay\"><\/span>\n\t\t\t\t<\/a>\n\t\t\t\t<\/div><\/div><div class=\"et_pb_gallery_item et_pb_grid_item et_pb_bg_layout_light et_pb_css_mix_blend_mode et_pb_gallery_item_0_75\"><div class=\"et_pb_gallery_image landscape\">\n\t\t\t\t\t<a href=\"https:\/\/filles-de-la-charite.org\/wp-content\/uploads\/2023\/12\/3801_Chili_red.jpg\" title=\"\" data-rel=\"lightbox-image-75\" data-rl_title=\"\" data-rl_caption=\"\">\n\t\t\t\t\t<img loading=\"lazy\" decoding=\"async\" width=\"400\" height=\"284\" src=\"https:\/\/filles-de-la-charite.org\/wp-content\/uploads\/2023\/12\/3801_Chili_red-400x284.jpg\" srcset=\"https:\/\/filles-de-la-charite.org\/wp-content\/uploads\/2023\/12\/3801_Chili_red.jpg 479w, https:\/\/filles-de-la-charite.org\/wp-content\/uploads\/2023\/12\/3801_Chili_red-400x284.jpg 480w\" sizes=\"(max-width:479px) 479px, 100vw\" class=\"wp-image-31459\" \/>\n\t\t\t\t\t<span class=\"et_overlay\"><\/span>\n\t\t\t\t<\/a>\n\t\t\t\t<\/div><\/div><div class=\"et_pb_gallery_item et_pb_grid_item et_pb_bg_layout_light et_pb_css_mix_blend_mode et_pb_gallery_item_0_76\"><div class=\"et_pb_gallery_image landscape\">\n\t\t\t\t\t<a href=\"https:\/\/filles-de-la-charite.org\/wp-content\/uploads\/2023\/12\/3801_Chez-une-famille_red.jpg\" title=\"\" data-rel=\"lightbox-image-76\" data-rl_title=\"\" data-rl_caption=\"\">\n\t\t\t\t\t<img loading=\"lazy\" decoding=\"async\" width=\"400\" height=\"284\" src=\"https:\/\/filles-de-la-charite.org\/wp-content\/uploads\/2023\/12\/3801_Chez-une-famille_red-400x284.jpg\" srcset=\"https:\/\/filles-de-la-charite.org\/wp-content\/uploads\/2023\/12\/3801_Chez-une-famille_red.jpg 479w, https:\/\/filles-de-la-charite.org\/wp-content\/uploads\/2023\/12\/3801_Chez-une-famille_red-400x284.jpg 480w\" sizes=\"(max-width:479px) 479px, 100vw\" class=\"wp-image-31465\" \/>\n\t\t\t\t\t<span class=\"et_overlay\"><\/span>\n\t\t\t\t<\/a>\n\t\t\t\t<\/div><\/div><div class=\"et_pb_gallery_item et_pb_grid_item et_pb_bg_layout_light et_pb_css_mix_blend_mode et_pb_gallery_item_0_77\"><div class=\"et_pb_gallery_image landscape\">\n\t\t\t\t\t<a href=\"https:\/\/filles-de-la-charite.org\/wp-content\/uploads\/2023\/12\/3801_Chez-les-campagnards_red.jpg\" title=\"\" data-rel=\"lightbox-image-77\" data-rl_title=\"\" data-rl_caption=\"\">\n\t\t\t\t\t<img loading=\"lazy\" decoding=\"async\" width=\"400\" height=\"284\" src=\"https:\/\/filles-de-la-charite.org\/wp-content\/uploads\/2023\/12\/3801_Chez-les-campagnards_red-400x284.jpg\" srcset=\"https:\/\/filles-de-la-charite.org\/wp-content\/uploads\/2023\/12\/3801_Chez-les-campagnards_red.jpg 479w, https:\/\/filles-de-la-charite.org\/wp-content\/uploads\/2023\/12\/3801_Chez-les-campagnards_red-400x284.jpg 480w\" sizes=\"(max-width:479px) 479px, 100vw\" class=\"wp-image-31471\" \/>\n\t\t\t\t\t<span class=\"et_overlay\"><\/span>\n\t\t\t\t<\/a>\n\t\t\t\t<\/div><\/div><div class=\"et_pb_gallery_item et_pb_grid_item et_pb_bg_layout_light et_pb_css_mix_blend_mode et_pb_gallery_item_0_78\"><div class=\"et_pb_gallery_image landscape\">\n\t\t\t\t\t<a href=\"https:\/\/filles-de-la-charite.org\/wp-content\/uploads\/2023\/12\/3801_Avec-la-Soeur_red.jpg\" title=\"\" data-rel=\"lightbox-image-78\" data-rl_title=\"\" data-rl_caption=\"\">\n\t\t\t\t\t<img loading=\"lazy\" decoding=\"async\" width=\"400\" height=\"284\" src=\"https:\/\/filles-de-la-charite.org\/wp-content\/uploads\/2023\/12\/3801_Avec-la-Soeur_red-400x284.jpg\" srcset=\"https:\/\/filles-de-la-charite.org\/wp-content\/uploads\/2023\/12\/3801_Avec-la-Soeur_red.jpg 479w, https:\/\/filles-de-la-charite.org\/wp-content\/uploads\/2023\/12\/3801_Avec-la-Soeur_red-400x284.jpg 480w\" sizes=\"(max-width:479px) 479px, 100vw\" class=\"wp-image-31477\" \/>\n\t\t\t\t\t<span class=\"et_overlay\"><\/span>\n\t\t\t\t<\/a>\n\t\t\t\t<\/div><\/div><div class=\"et_pb_gallery_item et_pb_grid_item et_pb_bg_layout_light et_pb_css_mix_blend_mode et_pb_gallery_item_0_79\"><div class=\"et_pb_gallery_image landscape\">\n\t\t\t\t\t<a href=\"https:\/\/filles-de-la-charite.org\/wp-content\/uploads\/2023\/12\/3801_Amerique-du-SUud_red.jpg\" title=\"\" data-rel=\"lightbox-image-79\" data-rl_title=\"\" data-rl_caption=\"\">\n\t\t\t\t\t<img loading=\"lazy\" decoding=\"async\" width=\"400\" height=\"284\" src=\"https:\/\/filles-de-la-charite.org\/wp-content\/uploads\/2023\/12\/3801_Amerique-du-SUud_red-400x284.jpg\" srcset=\"https:\/\/filles-de-la-charite.org\/wp-content\/uploads\/2023\/12\/3801_Amerique-du-SUud_red.jpg 479w, https:\/\/filles-de-la-charite.org\/wp-content\/uploads\/2023\/12\/3801_Amerique-du-SUud_red-400x284.jpg 480w\" sizes=\"(max-width:479px) 479px, 100vw\" class=\"wp-image-31483\" \/>\n\t\t\t\t\t<span class=\"et_overlay\"><\/span>\n\t\t\t\t<\/a>\n\t\t\t\t<\/div><\/div><div class=\"et_pb_gallery_item et_pb_grid_item et_pb_bg_layout_light et_pb_css_mix_blend_mode et_pb_gallery_item_0_80\"><div class=\"et_pb_gallery_image landscape\">\n\t\t\t\t\t<a href=\"https:\/\/filles-de-la-charite.org\/wp-content\/uploads\/2023\/12\/3801_aller-vers_red.jpg\" title=\"\" data-rel=\"lightbox-image-80\" data-rl_title=\"\" data-rl_caption=\"\">\n\t\t\t\t\t<img loading=\"lazy\" decoding=\"async\" width=\"400\" height=\"284\" src=\"https:\/\/filles-de-la-charite.org\/wp-content\/uploads\/2023\/12\/3801_aller-vers_red-400x284.jpg\" srcset=\"https:\/\/filles-de-la-charite.org\/wp-content\/uploads\/2023\/12\/3801_aller-vers_red.jpg 479w, https:\/\/filles-de-la-charite.org\/wp-content\/uploads\/2023\/12\/3801_aller-vers_red-400x284.jpg 480w\" sizes=\"(max-width:479px) 479px, 100vw\" class=\"wp-image-31489\" \/>\n\t\t\t\t\t<span class=\"et_overlay\"><\/span>\n\t\t\t\t<\/a>\n\t\t\t\t<\/div><\/div><div class=\"et_pb_gallery_item et_pb_grid_item et_pb_bg_layout_light et_pb_css_mix_blend_mode et_pb_gallery_item_0_81\"><div class=\"et_pb_gallery_image landscape\">\n\t\t\t\t\t<a href=\"https:\/\/filles-de-la-charite.org\/wp-content\/uploads\/2023\/12\/3801_Amerique-latine_red-scaled.jpg\" title=\"\" data-rel=\"lightbox-image-81\" data-rl_title=\"\" data-rl_caption=\"\">\n\t\t\t\t\t<img loading=\"lazy\" decoding=\"async\" width=\"400\" height=\"284\" src=\"https:\/\/filles-de-la-charite.org\/wp-content\/uploads\/2023\/12\/3801_Amerique-latine_red-400x284.jpg\" srcset=\"https:\/\/filles-de-la-charite.org\/wp-content\/uploads\/2023\/12\/3801_Amerique-latine_red-scaled.jpg 479w, https:\/\/filles-de-la-charite.org\/wp-content\/uploads\/2023\/12\/3801_Amerique-latine_red-400x284.jpg 480w\" sizes=\"(max-width:479px) 479px, 100vw\" class=\"wp-image-31495\" \/>\n\t\t\t\t\t<span class=\"et_overlay\"><\/span>\n\t\t\t\t<\/a>\n\t\t\t\t<\/div><\/div><div class=\"et_pb_gallery_item et_pb_grid_item et_pb_bg_layout_light et_pb_css_mix_blend_mode et_pb_gallery_item_0_82\"><div class=\"et_pb_gallery_image landscape\">\n\t\t\t\t\t<a href=\"https:\/\/filles-de-la-charite.org\/wp-content\/uploads\/2023\/12\/3801_Aller-vers-les-pauvres_red.jpg\" title=\"\" data-rel=\"lightbox-image-82\" data-rl_title=\"\" data-rl_caption=\"\">\n\t\t\t\t\t<img loading=\"lazy\" decoding=\"async\" width=\"400\" height=\"284\" src=\"https:\/\/filles-de-la-charite.org\/wp-content\/uploads\/2023\/12\/3801_Aller-vers-les-pauvres_red-400x284.jpg\" srcset=\"https:\/\/filles-de-la-charite.org\/wp-content\/uploads\/2023\/12\/3801_Aller-vers-les-pauvres_red.jpg 479w, https:\/\/filles-de-la-charite.org\/wp-content\/uploads\/2023\/12\/3801_Aller-vers-les-pauvres_red-400x284.jpg 480w\" sizes=\"(max-width:479px) 479px, 100vw\" class=\"wp-image-31501\" \/>\n\t\t\t\t\t<span class=\"et_overlay\"><\/span>\n\t\t\t\t<\/a>\n\t\t\t\t<\/div><\/div><div class=\"et_pb_gallery_item et_pb_grid_item et_pb_bg_layout_light et_pb_css_mix_blend_mode et_pb_gallery_item_0_83\"><div class=\"et_pb_gallery_image landscape\">\n\t\t\t\t\t<a href=\"https:\/\/filles-de-la-charite.org\/wp-content\/uploads\/2023\/12\/3801_Accueil-un-enfants-lepreux_red.jpg\" title=\"\" data-rel=\"lightbox-image-83\" data-rl_title=\"\" data-rl_caption=\"\">\n\t\t\t\t\t<img loading=\"lazy\" decoding=\"async\" width=\"400\" height=\"284\" src=\"https:\/\/filles-de-la-charite.org\/wp-content\/uploads\/2023\/12\/3801_Accueil-un-enfants-lepreux_red-400x284.jpg\" srcset=\"https:\/\/filles-de-la-charite.org\/wp-content\/uploads\/2023\/12\/3801_Accueil-un-enfants-lepreux_red.jpg 479w, https:\/\/filles-de-la-charite.org\/wp-content\/uploads\/2023\/12\/3801_Accueil-un-enfants-lepreux_red-400x284.jpg 480w\" sizes=\"(max-width:479px) 479px, 100vw\" class=\"wp-image-31507\" \/>\n\t\t\t\t\t<span class=\"et_overlay\"><\/span>\n\t\t\t\t<\/a>\n\t\t\t\t<\/div><\/div><div class=\"et_pb_gallery_item et_pb_grid_item et_pb_bg_layout_light et_pb_css_mix_blend_mode et_pb_gallery_item_0_84\"><div class=\"et_pb_gallery_image landscape\">\n\t\t\t\t\t<a href=\"https:\/\/filles-de-la-charite.org\/wp-content\/uploads\/2023\/12\/3801_Amerique-du-sud_red.jpg\" title=\"\" data-rel=\"lightbox-image-84\" data-rl_title=\"\" data-rl_caption=\"\">\n\t\t\t\t\t<img loading=\"lazy\" decoding=\"async\" width=\"400\" height=\"284\" src=\"https:\/\/filles-de-la-charite.org\/wp-content\/uploads\/2023\/12\/3801_Amerique-du-sud_red-400x284.jpg\" srcset=\"https:\/\/filles-de-la-charite.org\/wp-content\/uploads\/2023\/12\/3801_Amerique-du-sud_red.jpg 479w, https:\/\/filles-de-la-charite.org\/wp-content\/uploads\/2023\/12\/3801_Amerique-du-sud_red-400x284.jpg 480w\" sizes=\"(max-width:479px) 479px, 100vw\" class=\"wp-image-31513\" \/>\n\t\t\t\t\t<span class=\"et_overlay\"><\/span>\n\t\t\t\t<\/a>\n\t\t\t\t<\/div><\/div><div class=\"et_pb_gallery_item et_pb_grid_item et_pb_bg_layout_light et_pb_css_mix_blend_mode et_pb_gallery_item_0_85\"><div class=\"et_pb_gallery_image landscape\">\n\t\t\t\t\t<a href=\"https:\/\/filles-de-la-charite.org\/wp-content\/uploads\/2023\/12\/3786_trajet-pour-la-leproserie_red.jpg\" title=\"\" data-rel=\"lightbox-image-85\" data-rl_title=\"\" data-rl_caption=\"\">\n\t\t\t\t\t<img loading=\"lazy\" decoding=\"async\" width=\"400\" height=\"284\" src=\"https:\/\/filles-de-la-charite.org\/wp-content\/uploads\/2023\/12\/3786_trajet-pour-la-leproserie_red-400x284.jpg\" srcset=\"https:\/\/filles-de-la-charite.org\/wp-content\/uploads\/2023\/12\/3786_trajet-pour-la-leproserie_red.jpg 479w, https:\/\/filles-de-la-charite.org\/wp-content\/uploads\/2023\/12\/3786_trajet-pour-la-leproserie_red-400x284.jpg 480w\" sizes=\"(max-width:479px) 479px, 100vw\" class=\"wp-image-31519\" \/>\n\t\t\t\t\t<span class=\"et_overlay\"><\/span>\n\t\t\t\t<\/a>\n\t\t\t\t<\/div><\/div><div class=\"et_pb_gallery_item et_pb_grid_item et_pb_bg_layout_light et_pb_css_mix_blend_mode et_pb_gallery_item_0_86\"><div class=\"et_pb_gallery_image landscape\">\n\t\t\t\t\t<a href=\"https:\/\/filles-de-la-charite.org\/wp-content\/uploads\/2023\/12\/3786_cueillette-du-the-pour-les-lepreux_red.jpg\" title=\"\" data-rel=\"lightbox-image-86\" data-rl_title=\"\" data-rl_caption=\"\">\n\t\t\t\t\t<img loading=\"lazy\" decoding=\"async\" width=\"400\" height=\"284\" src=\"https:\/\/filles-de-la-charite.org\/wp-content\/uploads\/2023\/12\/3786_cueillette-du-the-pour-les-lepreux_red-400x284.jpg\" srcset=\"https:\/\/filles-de-la-charite.org\/wp-content\/uploads\/2023\/12\/3786_cueillette-du-the-pour-les-lepreux_red.jpg 479w, https:\/\/filles-de-la-charite.org\/wp-content\/uploads\/2023\/12\/3786_cueillette-du-the-pour-les-lepreux_red-400x284.jpg 480w\" sizes=\"(max-width:479px) 479px, 100vw\" class=\"wp-image-31525\" \/>\n\t\t\t\t\t<span class=\"et_overlay\"><\/span>\n\t\t\t\t<\/a>\n\t\t\t\t<\/div><\/div><div class=\"et_pb_gallery_item et_pb_grid_item et_pb_bg_layout_light et_pb_css_mix_blend_mode et_pb_gallery_item_0_87\"><div class=\"et_pb_gallery_image landscape\">\n\t\t\t\t\t<a href=\"https:\/\/filles-de-la-charite.org\/wp-content\/uploads\/2023\/12\/3786_soeurs_avec_elephant_red.jpg\" title=\"\" data-rel=\"lightbox-image-87\" data-rl_title=\"\" data-rl_caption=\"\">\n\t\t\t\t\t<img loading=\"lazy\" decoding=\"async\" width=\"400\" height=\"284\" src=\"https:\/\/filles-de-la-charite.org\/wp-content\/uploads\/2023\/12\/3786_soeurs_avec_elephant_red-400x284.jpg\" srcset=\"https:\/\/filles-de-la-charite.org\/wp-content\/uploads\/2023\/12\/3786_soeurs_avec_elephant_red.jpg 479w, https:\/\/filles-de-la-charite.org\/wp-content\/uploads\/2023\/12\/3786_soeurs_avec_elephant_red-400x284.jpg 480w\" sizes=\"(max-width:479px) 479px, 100vw\" class=\"wp-image-31531\" \/>\n\t\t\t\t\t<span class=\"et_overlay\"><\/span>\n\t\t\t\t<\/a>\n\t\t\t\t<\/div><\/div><div class=\"et_pb_gallery_item et_pb_grid_item et_pb_bg_layout_light et_pb_css_mix_blend_mode et_pb_gallery_item_0_88\"><div class=\"et_pb_gallery_image landscape\">\n\t\t\t\t\t<a href=\"https:\/\/filles-de-la-charite.org\/wp-content\/uploads\/2023\/12\/3790_marque-page_red.jpg\" title=\"\" data-rel=\"lightbox-image-88\" data-rl_title=\"\" data-rl_caption=\"\">\n\t\t\t\t\t<img loading=\"lazy\" decoding=\"async\" width=\"400\" height=\"284\" src=\"https:\/\/filles-de-la-charite.org\/wp-content\/uploads\/2023\/12\/3790_marque-page_red-400x284.jpg\" srcset=\"https:\/\/filles-de-la-charite.org\/wp-content\/uploads\/2023\/12\/3790_marque-page_red.jpg 479w, https:\/\/filles-de-la-charite.org\/wp-content\/uploads\/2023\/12\/3790_marque-page_red-400x284.jpg 480w\" sizes=\"(max-width:479px) 479px, 100vw\" class=\"wp-image-31537\" \/>\n\t\t\t\t\t<span class=\"et_overlay\"><\/span>\n\t\t\t\t<\/a>\n\t\t\t\t<\/div><\/div><div class=\"et_pb_gallery_item et_pb_grid_item et_pb_bg_layout_light et_pb_css_mix_blend_mode et_pb_gallery_item_0_89\"><div class=\"et_pb_gallery_image landscape\">\n\t\t\t\t\t<a href=\"https:\/\/filles-de-la-charite.org\/wp-content\/uploads\/2023\/12\/3085_Texas-visite_red.jpg\" title=\"\" data-rel=\"lightbox-image-89\" data-rl_title=\"\" data-rl_caption=\"\">\n\t\t\t\t\t<img loading=\"lazy\" decoding=\"async\" width=\"400\" height=\"284\" src=\"https:\/\/filles-de-la-charite.org\/wp-content\/uploads\/2023\/12\/3085_Texas-visite_red-400x284.jpg\" srcset=\"https:\/\/filles-de-la-charite.org\/wp-content\/uploads\/2023\/12\/3085_Texas-visite_red.jpg 479w, https:\/\/filles-de-la-charite.org\/wp-content\/uploads\/2023\/12\/3085_Texas-visite_red-400x284.jpg 480w\" sizes=\"(max-width:479px) 479px, 100vw\" class=\"wp-image-31543\" \/>\n\t\t\t\t\t<span class=\"et_overlay\"><\/span>\n\t\t\t\t<\/a>\n\t\t\t\t<\/div><\/div><div class=\"et_pb_gallery_item et_pb_grid_item et_pb_bg_layout_light et_pb_css_mix_blend_mode et_pb_gallery_item_0_90\"><div class=\"et_pb_gallery_image landscape\">\n\t\t\t\t\t<a href=\"https:\/\/filles-de-la-charite.org\/wp-content\/uploads\/2023\/12\/3085_Repas1_red.jpg\" title=\"\" data-rel=\"lightbox-image-90\" data-rl_title=\"\" data-rl_caption=\"\">\n\t\t\t\t\t<img loading=\"lazy\" decoding=\"async\" width=\"400\" height=\"284\" src=\"https:\/\/filles-de-la-charite.org\/wp-content\/uploads\/2023\/12\/3085_Repas1_red-400x284.jpg\" srcset=\"https:\/\/filles-de-la-charite.org\/wp-content\/uploads\/2023\/12\/3085_Repas1_red.jpg 479w, https:\/\/filles-de-la-charite.org\/wp-content\/uploads\/2023\/12\/3085_Repas1_red-400x284.jpg 480w\" sizes=\"(max-width:479px) 479px, 100vw\" class=\"wp-image-31549\" \/>\n\t\t\t\t\t<span class=\"et_overlay\"><\/span>\n\t\t\t\t<\/a>\n\t\t\t\t<\/div><\/div><div class=\"et_pb_gallery_item et_pb_grid_item et_pb_bg_layout_light et_pb_css_mix_blend_mode et_pb_gallery_item_0_91\"><div class=\"et_pb_gallery_image landscape\">\n\t\t\t\t\t<a href=\"https:\/\/filles-de-la-charite.org\/wp-content\/uploads\/2023\/12\/3085_Suisse-dans-la-rue_red.jpg\" title=\"\" data-rel=\"lightbox-image-91\" data-rl_title=\"\" data-rl_caption=\"\">\n\t\t\t\t\t<img loading=\"lazy\" decoding=\"async\" width=\"400\" height=\"284\" src=\"https:\/\/filles-de-la-charite.org\/wp-content\/uploads\/2023\/12\/3085_Suisse-dans-la-rue_red-400x284.jpg\" srcset=\"https:\/\/filles-de-la-charite.org\/wp-content\/uploads\/2023\/12\/3085_Suisse-dans-la-rue_red.jpg 479w, https:\/\/filles-de-la-charite.org\/wp-content\/uploads\/2023\/12\/3085_Suisse-dans-la-rue_red-400x284.jpg 480w\" sizes=\"(max-width:479px) 479px, 100vw\" class=\"wp-image-31555\" \/>\n\t\t\t\t\t<span class=\"et_overlay\"><\/span>\n\t\t\t\t<\/a>\n\t\t\t\t<\/div><\/div><div class=\"et_pb_gallery_item et_pb_grid_item et_pb_bg_layout_light et_pb_css_mix_blend_mode et_pb_gallery_item_0_92\"><div class=\"et_pb_gallery_image landscape\">\n\t\t\t\t\t<a href=\"https:\/\/filles-de-la-charite.org\/wp-content\/uploads\/2023\/12\/3085_Soins-a-domicile_red.jpg\" title=\"\" data-rel=\"lightbox-image-92\" data-rl_title=\"\" data-rl_caption=\"\">\n\t\t\t\t\t<img loading=\"lazy\" decoding=\"async\" width=\"400\" height=\"284\" src=\"https:\/\/filles-de-la-charite.org\/wp-content\/uploads\/2023\/12\/3085_Soins-a-domicile_red-400x284.jpg\" srcset=\"https:\/\/filles-de-la-charite.org\/wp-content\/uploads\/2023\/12\/3085_Soins-a-domicile_red.jpg 479w, https:\/\/filles-de-la-charite.org\/wp-content\/uploads\/2023\/12\/3085_Soins-a-domicile_red-400x284.jpg 480w\" sizes=\"(max-width:479px) 479px, 100vw\" class=\"wp-image-31561\" \/>\n\t\t\t\t\t<span class=\"et_overlay\"><\/span>\n\t\t\t\t<\/a>\n\t\t\t\t<\/div><\/div><\/div><div class=\"et_pb_gallery_pagination\"><\/div><\/div>\n\t\t\t<\/div>\n\t\t\t\t\n\t\t\t\t\n\t\t\t\t\n\t\t\t\t\n\t\t\t<\/div>\n\t\t\t\t\n\t\t\t\t\n\t\t\t<\/div><div class=\"et_d4_element et_pb_section et_pb_section_3  et_pb_css_mix_blend_mode et_section_regular et_block_section\" >\n\t\t\t\t\n\t\t\t\t\n\t\t\t\t\n\t\t\t\t\n\t\t\t\t\n\t\t\t\t\n\t\t\t\t<div class=\"et_d4_element et_pb_row et_pb_row_6  et_pb_css_mix_blend_mode et_block_row\">\n\t\t\t\t<div class=\"et_d4_element et_pb_column_1_2 et_pb_column et_pb_column_9  et_pb_css_mix_blend_mode et_block_column\">\n\t\t\t\t\n\t\t\t\t\n\t\t\t\t\n\t\t\t\t\n\t\t\t\t<div class=\"et_pb_module et_d4_element et_pb_text et_pb_text_10 et_animated  et_pb_text_align_left et_pb_bg_layout_light\">\n\t\t\t\t\n\t\t\t\t\n\t\t\t\t\n\t\t\t\t\n\t\t\t\t<div class=\"et_pb_text_inner\"><h3><span>\u2026 A\u017b PO DZIE\u0143 DZIESIEJSZY<\/span><\/h3>\n<h1><span>Na ca\u0142ym \u015bwiecie<br \/><\/span><\/h1><\/div>\n\t\t\t<\/div><div class=\"et_pb_module et_d4_element et_pb_divider et_pb_divider_3 et_animated et_pb_divider_position_center et_pb_space\"><div class=\"et_pb_divider_internal\"><\/div><\/div><div class=\"et_pb_module et_d4_element et_pb_text et_pb_text_11 et_animated  et_pb_text_align_left et_pb_bg_layout_light\">\n\t\t\t\t\n\t\t\t\t\n\t\t\t\t\n\t\t\t\t\n\t\t\t\t<div class=\"et_pb_text_inner\"><p><span>Misje Ad Gentes s\u0105 w sercu naszego powo\u0142ania. Siostry, kt\u00f3re czuj\u0105 si\u0119 do nich powo\u0142ane, s\u0105 gotowe i\u015b\u0107 wsz\u0119dzie, gdzie zostan\u0105 pos\u0142ane.<\/span><\/p><\/div>\n\t\t\t<\/div><div class=\"et_pb_module et_d4_element et_pb_text et_pb_text_12 et_animated  et_pb_text_align_left et_pb_bg_layout_light\">\n\t\t\t\t\n\t\t\t\t\n\t\t\t\t\n\t\t\t\t\n\t\t\t\t<div class=\"et_pb_text_inner\"><p>Zgromadzenie szybko sta\u0142o si\u0119 mi\u0119dzynarodowe. Nasi Za\u0142o\u017cyciele przekonani, \u017ce mi\u0142o\u015b\u0107 Chrystusa nie zna granic, wys\u0142ali Siostry do Polski. Dzisiaj jeste\u015bmy obecne w 98 krajach i staramy si\u0119 tw\u00f3rczo i odwa\u017cnie odpowiada\u0107 na wezwania Ko\u015bcio\u0142a oraz naszych braci i si\u00f3str b\u0119d\u0105cych w trudnej sytuacji, szanuj\u0105c przy tym r\u00f3\u017cne kultury.<\/p>\n<p>Obecnie liczymy 10 595 Si\u00f3str, z kt\u00f3rych 423 s\u0105 w trakcie formacji pocz\u0105tkowej przed \u015blubami. Nale\u017cymy do 44 Prowincji i jednego Regionu.<\/p>\n<div id=\"gtx-trans\" style=\"position: absolute; left: 96px; top: 175.2px;\">\n<div class=\"gtx-trans-icon\"><\/div>\n<\/div><\/div>\n\t\t\t<\/div>\n\t\t\t<\/div><div class=\"et_d4_element et_pb_column_1_2 et_pb_column et_pb_column_10  et_pb_css_mix_blend_mode et-last-child et_block_column\">\n\t\t\t\t\n\t\t\t\t\n\t\t\t\t\n\t\t\t\t\n\t\t\t\t<div class=\"et_pb_module et_d4_element et_pb_image et_pb_image_4 et_animated et-waypoint\">\n\t\t\t\t\n\t\t\t\t\n\t\t\t\t\n\t\t\t\t\n\t\t\t\t<span class=\"et_pb_image_wrap \"><img loading=\"lazy\" decoding=\"async\" width=\"1299\" height=\"864\" src=\"https:\/\/filles-de-la-charite.org\/wp-content\/uploads\/2023\/04\/46969460_10157034635790799_4012703995222032384_n.jpg\" alt=\"\" title=\"46969460_10157034635790799_4012703995222032384_n\" srcset=\"https:\/\/filles-de-la-charite.org\/wp-content\/uploads\/2023\/04\/46969460_10157034635790799_4012703995222032384_n.jpg 1299w, https:\/\/filles-de-la-charite.org\/wp-content\/uploads\/2023\/04\/46969460_10157034635790799_4012703995222032384_n-1280x851.jpg 1280w, https:\/\/filles-de-la-charite.org\/wp-content\/uploads\/2023\/04\/46969460_10157034635790799_4012703995222032384_n-980x652.jpg 980w, https:\/\/filles-de-la-charite.org\/wp-content\/uploads\/2023\/04\/46969460_10157034635790799_4012703995222032384_n-480x319.jpg 480w\" sizes=\"(min-width: 0px) and (max-width: 480px) 480px, (min-width: 481px) and (max-width: 980px) 980px, (min-width: 981px) and (max-width: 1280px) 1280px, (min-width: 1281px) 1299px, 100vw\" class=\"wp-image-1464\" \/><\/span>\n\t\t\t<\/div>\n\t\t\t<\/div>\n\t\t\t\t\n\t\t\t\t\n\t\t\t\t\n\t\t\t\t\n\t\t\t<\/div><div class=\"et_d4_element et_pb_row et_pb_row_7  et_pb_css_mix_blend_mode et_block_row\">\n\t\t\t\t<div class=\"et_d4_element et_pb_column_4_4 et_pb_column et_pb_column_11  et_pb_css_mix_blend_mode et-last-child et_block_column\">\n\t\t\t\t\n\t\t\t\t\n\t\t\t\t\n\t\t\t\t\n\t\t\t\t<div class=\"et_pb_module et_d4_element et_pb_text et_pb_text_13 et_animated  et_pb_text_align_center et_pb_bg_layout_light\">\n\t\t\t\t\n\t\t\t\t\n\t\t\t\t\n\t\t\t\t\n\t\t\t\t<div class=\"et_pb_text_inner\"><p><span>Wierne przyk\u0142adowi i nauczaniu naszych Za\u0142o\u017cycieli, w dalszym ci\u0105gu staramy si\u0119 okazywa\u0107 mi\u0142o\u015b\u0107 i wsp\u00f3\u0142czucie wszystkim potrzebuj\u0105cym.<\/span><\/p><\/div>\n\t\t\t<\/div>\n\t\t\t<\/div>\n\t\t\t\t\n\t\t\t\t\n\t\t\t\t\n\t\t\t\t\n\t\t\t<\/div>\n\t\t\t\t\n\t\t\t\t\n\t\t\t<\/div><div class=\"et_d4_element et_pb_section et_pb_section_4  et_pb_css_mix_blend_mode et_section_regular et_block_section\" >\n\t\t\t\t\n\t\t\t\t\n\t\t\t\t\n\t\t\t\t\n\t\t\t\t\n\t\t\t\t\n\t\t\t\t<div class=\"et_d4_element et_pb_row et_pb_row_8  et_pb_css_mix_blend_mode et_block_row\">\n\t\t\t\t<div class=\"et_d4_element et_pb_column_4_4 et_pb_column et_pb_column_12  et_pb_css_mix_blend_mode et-last-child et_block_column\">\n\t\t\t\t\n\t\t\t\t\n\t\t\t\t\n\t\t\t\t\n\t\t\t\t<div class=\"et_pb_module et_d4_element et_pb_text et_pb_text_14 et_animated  et_pb_text_align_center et_pb_bg_layout_light\">\n\t\t\t\t\n\t\t\t\t\n\t\t\t\t\n\t\t\t\t\n\t\t\t\t<div class=\"et_pb_text_inner\"><h1>Dowiedz si\u0119 wi\u0119cej<\/h1><\/div>\n\t\t\t<\/div><div class=\"et_pb_module et_d4_element et_pb_divider et_pb_divider_4 et_animated et_pb_divider_position_center et_pb_space\"><div class=\"et_pb_divider_internal\"><\/div><\/div>\n\t\t\t<\/div>\n\t\t\t\t\n\t\t\t\t\n\t\t\t\t\n\t\t\t\t\n\t\t\t<\/div><div class=\"et_d4_element et_pb_row et_pb_row_9  et_pb_css_mix_blend_mode et_block_row\">\n\t\t\t\t<div class=\"et_d4_element et_pb_column_1_4 et_pb_column et_pb_column_13  et_pb_css_mix_blend_mode et_block_column\">\n\t\t\t\t\n\t\t\t\t\n\t\t\t\t\n\t\t\t\t\n\t\t\t\t<div class=\"et_pb_module et_d4_element et_pb_blurb et_pb_blurb_0 et_clickable  et_pb_text_align_center  et_pb_blurb_position_top et_block_module et_pb_bg_layout_light\">\n\t\t\t\t\n\t\t\t\t\n\t\t\t\t\n\t\t\t\t\n\t\t\t\t<div class=\"et_pb_blurb_content\">\n\t\t\t\t\t<div class=\"et_pb_main_blurb_image et_pb_css_mix_blend_mode\"><span class=\"et_pb_image_wrap\"><span class=\"et-waypoint et_pb_animation_top et_pb_animation_top_tablet et_pb_animation_top_phone et-pb-icon\">\ue089<\/span><\/span><\/div>\n\t\t\t\t\t<div class=\"et_pb_blurb_container\">\n\t\t\t\t\t\t<h4 class=\"et_pb_module_header\"><span>Kim jeste\u015bmy<\/span><\/h4>\n\t\t\t\t\t\t<div class=\"et_pb_blurb_description\"><p><span>S\u0142u\u017cebnice ubogich, kt\u00f3re \u017cyj\u0105 we wsp\u00f3lnocie<\/span><\/p><\/div>\n\t\t\t\t\t<\/div>\n\t\t\t\t<\/div>\n\t\t\t<\/div>\n\t\t\t<\/div><div class=\"et_d4_element et_pb_column_1_4 et_pb_column et_pb_column_14  et_pb_css_mix_blend_mode et_block_column\">\n\t\t\t\t\n\t\t\t\t\n\t\t\t\t\n\t\t\t\t\n\t\t\t\t<div class=\"et_pb_module et_d4_element et_pb_blurb et_pb_blurb_1 et_clickable  et_pb_text_align_center  et_pb_blurb_position_top et_block_module et_pb_bg_layout_light\">\n\t\t\t\t\n\t\t\t\t\n\t\t\t\t\n\t\t\t\t\n\t\t\t\t<div class=\"et_pb_blurb_content\">\n\t\t\t\t\t<div class=\"et_pb_main_blurb_image et_pb_css_mix_blend_mode\"><span class=\"et_pb_image_wrap\"><span class=\"et-waypoint et_pb_animation_top et_pb_animation_top_tablet et_pb_animation_top_phone et-pb-icon\">\uf684<\/span><\/span><\/div>\n\t\t\t\t\t<div class=\"et_pb_blurb_container\">\n\t\t\t\t\t\t<h4 class=\"et_pb_module_header\"><span>Duchowo\u015b\u0107<\/span><\/h4>\n\t\t\t\t\t\t<div class=\"et_pb_blurb_description\"><p>Powo\u0142ane przez Boga do \u017cycia modlitwy i s\u0142u\u017cby najbardziej potrzebuj\u0105cym<\/p><\/div>\n\t\t\t\t\t<\/div>\n\t\t\t\t<\/div>\n\t\t\t<\/div>\n\t\t\t<\/div><div class=\"et_d4_element et_pb_column_1_4 et_pb_column et_pb_column_15  et_pb_css_mix_blend_mode et_block_column\">\n\t\t\t\t\n\t\t\t\t\n\t\t\t\t\n\t\t\t\t\n\t\t\t\t<div class=\"et_pb_module et_d4_element et_pb_blurb et_pb_blurb_2 et_clickable  et_pb_text_align_center  et_pb_blurb_position_top et_block_module et_pb_bg_layout_light\">\n\t\t\t\t\n\t\t\t\t\n\t\t\t\t\n\t\t\t\t\n\t\t\t\t<div class=\"et_pb_blurb_content\">\n\t\t\t\t\t<div class=\"et_pb_main_blurb_image et_pb_css_mix_blend_mode\"><span class=\"et_pb_image_wrap\"><span class=\"et-waypoint et_pb_animation_top et_pb_animation_top_tablet et_pb_animation_top_phone et-pb-icon\">\uf0ac<\/span><\/span><\/div>\n\t\t\t\t\t<div class=\"et_pb_blurb_container\">\n\t\t\t\t\t\t<h4 class=\"et_pb_module_header\"><span>Obecno\u015b\u0107<\/span><\/h4>\n\t\t\t\t\t\t<div class=\"et_pb_blurb_description\"><p>Gdziekolwiek \u017cyciu odmawia si\u0119 godno\u015bci<\/p><\/div>\n\t\t\t\t\t<\/div>\n\t\t\t\t<\/div>\n\t\t\t<\/div>\n\t\t\t<\/div><div class=\"et_d4_element et_pb_column_1_4 et_pb_column et_pb_column_16  et_pb_css_mix_blend_mode et-last-child et_block_column\">\n\t\t\t\t\n\t\t\t\t\n\t\t\t\t\n\t\t\t\t\n\t\t\t\t<div class=\"et_pb_module et_d4_element et_pb_blurb et_pb_blurb_3 et_clickable  et_pb_text_align_center  et_pb_blurb_position_top et_block_module et_pb_bg_layout_light\">\n\t\t\t\t\n\t\t\t\t\n\t\t\t\t\n\t\t\t\t\n\t\t\t\t<div class=\"et_pb_blurb_content\">\n\t\t\t\t\t<div class=\"et_pb_main_blurb_image et_pb_css_mix_blend_mode\"><span class=\"et_pb_image_wrap\"><span class=\"et-waypoint et_pb_animation_top et_pb_animation_top_tablet et_pb_animation_top_phone et-pb-icon\">\uf06d<\/span><\/span><\/div>\n\t\t\t\t\t<div class=\"et_pb_blurb_container\">\n\t\t\t\t\t\t<h4 class=\"et_pb_module_header\"><span>\u0179r\u00f3d\u0142a inspiracji<\/span><\/h4>\n\t\t\t\t\t\t<div class=\"et_pb_blurb_description\"><p>\u015awi\u0119ci i b\u0142ogos\u0142awieni Rodziny Wincenty\u0144skiej<\/p><\/div>\n\t\t\t\t\t<\/div>\n\t\t\t\t<\/div>\n\t\t\t<\/div>\n\t\t\t<\/div>\n\t\t\t\t\n\t\t\t\t\n\t\t\t\t\n\t\t\t\t\n\t\t\t<\/div>\n\t\t\t\t\n\t\t\t\t\n\t\t\t<\/div><\/p>\n","protected":false},"excerpt":{"rendered":"","protected":false},"author":1,"featured_media":0,"parent":3585,"menu_order":0,"comment_status":"closed","ping_status":"closed","template":"","meta":{"_acf_changed":false,"_et_pb_use_builder":"on","_et_pb_old_content":"","_et_gb_content_width":"","footnotes":"","_links_to":"","_links_to_target":""},"class_list":["post-3491","page","type-page","status-publish","hentry"],"acf":[],"yoast_head":"<!-- This site is optimized with the Yoast SEO plugin v27.5 - https:\/\/yoast.com\/product\/yoast-seo-wordpress\/ -->\n<title>Nasza historia - Filles de la Charit\u00e9<\/title>\n<meta name=\"robots\" content=\"index, follow, max-snippet:-1, max-image-preview:large, max-video-preview:-1\" \/>\n<link rel=\"canonical\" href=\"https:\/\/filles-de-la-charite.org\/pl\/jestesmy\/nasza-historia\/\" \/>\n<meta property=\"og:locale\" content=\"pl_PL\" \/>\n<meta property=\"og:type\" content=\"article\" \/>\n<meta property=\"og:title\" content=\"Nasza historia - Filles de la Charit\u00e9\" \/>\n<meta property=\"og:url\" content=\"https:\/\/filles-de-la-charite.org\/pl\/jestesmy\/nasza-historia\/\" \/>\n<meta property=\"og:site_name\" content=\"Filles de la Charit\u00e9\" \/>\n<meta property=\"article:modified_time\" content=\"2026-04-10T16:28:28+00:00\" \/>\n<meta name=\"twitter:card\" content=\"summary_large_image\" \/>\n<meta name=\"twitter:label1\" content=\"Szacowany czas czytania\" \/>\n\t<meta name=\"twitter:data1\" content=\"17 minut\" \/>\n<script type=\"application\/ld+json\" class=\"yoast-schema-graph\">{\"@context\":\"https:\\\/\\\/schema.org\",\"@graph\":[{\"@type\":\"WebPage\",\"@id\":\"https:\\\/\\\/filles-de-la-charite.org\\\/pl\\\/jestesmy\\\/nasza-historia\\\/\",\"url\":\"https:\\\/\\\/filles-de-la-charite.org\\\/pl\\\/jestesmy\\\/nasza-historia\\\/\",\"name\":\"Nasza historia - Filles de la Charit\u00e9\",\"isPartOf\":{\"@id\":\"https:\\\/\\\/filles-de-la-charite.org\\\/pl\\\/#website\"},\"datePublished\":\"2023-04-11T12:53:01+00:00\",\"dateModified\":\"2026-04-10T16:28:28+00:00\",\"breadcrumb\":{\"@id\":\"https:\\\/\\\/filles-de-la-charite.org\\\/pl\\\/jestesmy\\\/nasza-historia\\\/#breadcrumb\"},\"inLanguage\":\"pl-PL\",\"potentialAction\":[{\"@type\":\"ReadAction\",\"target\":[\"https:\\\/\\\/filles-de-la-charite.org\\\/pl\\\/jestesmy\\\/nasza-historia\\\/\"]}]},{\"@type\":\"BreadcrumbList\",\"@id\":\"https:\\\/\\\/filles-de-la-charite.org\\\/pl\\\/jestesmy\\\/nasza-historia\\\/#breadcrumb\",\"itemListElement\":[{\"@type\":\"ListItem\",\"position\":1,\"name\":\"Kim jeste\u015bmy\",\"item\":\"https:\\\/\\\/filles-de-la-charite.org\\\/pl\\\/jestesmy\\\/\"},{\"@type\":\"ListItem\",\"position\":2,\"name\":\"Nasza historia\"}]},{\"@type\":\"WebSite\",\"@id\":\"https:\\\/\\\/filles-de-la-charite.org\\\/pl\\\/#website\",\"url\":\"https:\\\/\\\/filles-de-la-charite.org\\\/pl\\\/\",\"name\":\"Hijas de la Caridad\",\"description\":\"L\u2019amour de J\u00e9sus nous presse \u00e0 prendre soin des personnes les plus d\u00e9munies\",\"publisher\":{\"@id\":\"https:\\\/\\\/filles-de-la-charite.org\\\/pl\\\/#organization\"},\"potentialAction\":[{\"@type\":\"SearchAction\",\"target\":{\"@type\":\"EntryPoint\",\"urlTemplate\":\"https:\\\/\\\/filles-de-la-charite.org\\\/pl\\\/?s={search_term_string}\"},\"query-input\":{\"@type\":\"PropertyValueSpecification\",\"valueRequired\":true,\"valueName\":\"search_term_string\"}}],\"inLanguage\":\"pl-PL\"},{\"@type\":\"Organization\",\"@id\":\"https:\\\/\\\/filles-de-la-charite.org\\\/pl\\\/#organization\",\"name\":\"Hijas de la Caridad\",\"url\":\"https:\\\/\\\/filles-de-la-charite.org\\\/pl\\\/\",\"logo\":{\"@type\":\"ImageObject\",\"inLanguage\":\"pl-PL\",\"@id\":\"https:\\\/\\\/filles-de-la-charite.org\\\/pl\\\/#\\\/schema\\\/logo\\\/image\\\/\",\"url\":\"https:\\\/\\\/filles-de-la-charite.org\\\/wp-content\\\/uploads\\\/2023\\\/03\\\/isotipo-Hijas-de-la-Caridad.png\",\"contentUrl\":\"https:\\\/\\\/filles-de-la-charite.org\\\/wp-content\\\/uploads\\\/2023\\\/03\\\/isotipo-Hijas-de-la-Caridad.png\",\"width\":1417,\"height\":1417,\"caption\":\"Hijas de la Caridad\"},\"image\":{\"@id\":\"https:\\\/\\\/filles-de-la-charite.org\\\/pl\\\/#\\\/schema\\\/logo\\\/image\\\/\"}}]}<\/script>\n<!-- \/ Yoast SEO plugin. -->","yoast_head_json":{"title":"Nasza historia - Filles de la Charit\u00e9","robots":{"index":"index","follow":"follow","max-snippet":"max-snippet:-1","max-image-preview":"max-image-preview:large","max-video-preview":"max-video-preview:-1"},"canonical":"https:\/\/filles-de-la-charite.org\/pl\/jestesmy\/nasza-historia\/","og_locale":"pl_PL","og_type":"article","og_title":"Nasza historia - Filles de la Charit\u00e9","og_url":"https:\/\/filles-de-la-charite.org\/pl\/jestesmy\/nasza-historia\/","og_site_name":"Filles de la Charit\u00e9","article_modified_time":"2026-04-10T16:28:28+00:00","twitter_card":"summary_large_image","twitter_misc":{"Szacowany czas czytania":"17 minut"},"schema":{"@context":"https:\/\/schema.org","@graph":[{"@type":"WebPage","@id":"https:\/\/filles-de-la-charite.org\/pl\/jestesmy\/nasza-historia\/","url":"https:\/\/filles-de-la-charite.org\/pl\/jestesmy\/nasza-historia\/","name":"Nasza historia - Filles de la Charit\u00e9","isPartOf":{"@id":"https:\/\/filles-de-la-charite.org\/pl\/#website"},"datePublished":"2023-04-11T12:53:01+00:00","dateModified":"2026-04-10T16:28:28+00:00","breadcrumb":{"@id":"https:\/\/filles-de-la-charite.org\/pl\/jestesmy\/nasza-historia\/#breadcrumb"},"inLanguage":"pl-PL","potentialAction":[{"@type":"ReadAction","target":["https:\/\/filles-de-la-charite.org\/pl\/jestesmy\/nasza-historia\/"]}]},{"@type":"BreadcrumbList","@id":"https:\/\/filles-de-la-charite.org\/pl\/jestesmy\/nasza-historia\/#breadcrumb","itemListElement":[{"@type":"ListItem","position":1,"name":"Kim jeste\u015bmy","item":"https:\/\/filles-de-la-charite.org\/pl\/jestesmy\/"},{"@type":"ListItem","position":2,"name":"Nasza historia"}]},{"@type":"WebSite","@id":"https:\/\/filles-de-la-charite.org\/pl\/#website","url":"https:\/\/filles-de-la-charite.org\/pl\/","name":"Hijas de la Caridad","description":"L\u2019amour de J\u00e9sus nous presse \u00e0 prendre soin des personnes les plus d\u00e9munies","publisher":{"@id":"https:\/\/filles-de-la-charite.org\/pl\/#organization"},"potentialAction":[{"@type":"SearchAction","target":{"@type":"EntryPoint","urlTemplate":"https:\/\/filles-de-la-charite.org\/pl\/?s={search_term_string}"},"query-input":{"@type":"PropertyValueSpecification","valueRequired":true,"valueName":"search_term_string"}}],"inLanguage":"pl-PL"},{"@type":"Organization","@id":"https:\/\/filles-de-la-charite.org\/pl\/#organization","name":"Hijas de la Caridad","url":"https:\/\/filles-de-la-charite.org\/pl\/","logo":{"@type":"ImageObject","inLanguage":"pl-PL","@id":"https:\/\/filles-de-la-charite.org\/pl\/#\/schema\/logo\/image\/","url":"https:\/\/filles-de-la-charite.org\/wp-content\/uploads\/2023\/03\/isotipo-Hijas-de-la-Caridad.png","contentUrl":"https:\/\/filles-de-la-charite.org\/wp-content\/uploads\/2023\/03\/isotipo-Hijas-de-la-Caridad.png","width":1417,"height":1417,"caption":"Hijas de la Caridad"},"image":{"@id":"https:\/\/filles-de-la-charite.org\/pl\/#\/schema\/logo\/image\/"}}]}},"_links":{"self":[{"href":"https:\/\/filles-de-la-charite.org\/pl\/wp-json\/wp\/v2\/pages\/3491","targetHints":{"allow":["GET"]}}],"collection":[{"href":"https:\/\/filles-de-la-charite.org\/pl\/wp-json\/wp\/v2\/pages"}],"about":[{"href":"https:\/\/filles-de-la-charite.org\/pl\/wp-json\/wp\/v2\/types\/page"}],"author":[{"embeddable":true,"href":"https:\/\/filles-de-la-charite.org\/pl\/wp-json\/wp\/v2\/users\/1"}],"replies":[{"embeddable":true,"href":"https:\/\/filles-de-la-charite.org\/pl\/wp-json\/wp\/v2\/comments?post=3491"}],"version-history":[{"count":49,"href":"https:\/\/filles-de-la-charite.org\/pl\/wp-json\/wp\/v2\/pages\/3491\/revisions"}],"predecessor-version":[{"id":49609,"href":"https:\/\/filles-de-la-charite.org\/pl\/wp-json\/wp\/v2\/pages\/3491\/revisions\/49609"}],"up":[{"embeddable":true,"href":"https:\/\/filles-de-la-charite.org\/pl\/wp-json\/wp\/v2\/pages\/3585"}],"wp:attachment":[{"href":"https:\/\/filles-de-la-charite.org\/pl\/wp-json\/wp\/v2\/media?parent=3491"}],"curies":[{"name":"wp","href":"https:\/\/api.w.org\/{rel}","templated":true}]}}