{"id":3565,"date":"2023-04-18T12:33:06","date_gmt":"2023-04-18T10:33:06","guid":{"rendered":"https:\/\/hijascaridad.sjdigitaldemo.ovh\/nasz-serwis\/"},"modified":"2023-11-01T18:42:31","modified_gmt":"2023-11-01T17:42:31","slug":"nasz-serwis","status":"publish","type":"page","link":"https:\/\/filles-de-la-charite.org\/pl\/jestesmy\/nasz-serwis\/","title":{"rendered":"Nasze us\u0142ugi"},"content":{"rendered":"<p><div class=\"et_d4_element et_pb_section et_pb_section_0 et_pb_section_parallax et_pb_with_background  et_pb_css_mix_blend_mode et_section_regular et_block_section\" >\n\t\t\t\t\n\t\t\t\t<span class=\"et_parallax_bg_wrap et-pb-parallax-wrapper\"><span\n\t\t\t\t\t\tclass=\"et_parallax_bg et_parallax_bg--et_pb_section_0\"\n\t\t\t\t\t\tstyle=\"background-image: url(https:\/\/filles-de-la-charite.org\/wp-content\/uploads\/2023\/05\/tejados.png);\"\n\t\t\t\t\t><\/span><span\n\t\t\t\t\t\tclass=\"et_parallax_gradient\"\n\t\t\t\t\t\tstyle=\"background-image: linear-gradient( , #ffffff 0%, rgba(249,249,249,0.5) 100% );\"\n\t\t\t\t\t><\/span><\/span>\n\t\t\t\t\n\t\t\t\t\n\t\t\t\t\n\t\t\t\t\n\t\t\t\t<div class=\"et_d4_element et_pb_row et_pb_row_0 et_pb_row_fullwidth et_pb_equal_columns et_pb_gutters1  et_pb_css_mix_blend_mode et_block_row\">\n\t\t\t\t<div class=\"et_d4_element et_pb_column_1_2 et_pb_column et_pb_column_0  et_pb_css_mix_blend_mode et_block_column\">\n\t\t\t\t\n\t\t\t\t\n\t\t\t\t\n\t\t\t\t\n\t\t\t\t<div class=\"et_pb_module et_d4_element et_pb_image et_pb_image_0\">\n\t\t\t\t\n\t\t\t\t\n\t\t\t\t\n\t\t\t\t\n\t\t\t\t<span class=\"et_pb_image_wrap \"><img loading=\"lazy\" decoding=\"async\" width=\"1280\" height=\"853\" src=\"https:\/\/filles-de-la-charite.org\/wp-content\/uploads\/2023\/04\/servimos.png\" alt=\"\" title=\"s\u0142u\u017cymy\" srcset=\"https:\/\/filles-de-la-charite.org\/wp-content\/uploads\/2023\/04\/servimos.png 1280w, https:\/\/filles-de-la-charite.org\/wp-content\/uploads\/2023\/04\/servimos-980x653.png 980w, https:\/\/filles-de-la-charite.org\/wp-content\/uploads\/2023\/04\/servimos-480x320.png 480w\" sizes=\"(min-width: 0px) and (max-width: 480px) 480px, (min-width: 481px) and (max-width: 980px) 980px, (min-width: 981px) 1280px, 100vw\" class=\"wp-image-1907\" \/><\/span>\n\t\t\t<\/div>\n\t\t\t<\/div><div class=\"et_d4_element et_pb_column_1_2 et_pb_column et_pb_column_1  et_pb_css_mix_blend_mode et-last-child et_block_column\">\n\t\t\t\t\n\t\t\t\t\n\t\t\t\t\n\t\t\t\t\n\t\t\t\t<div class=\"et_pb_module et_d4_element et_pb_text et_pb_text_0 et_animated  et_pb_text_align_left et_pb_bg_layout_dark\">\n\t\t\t\t\n\t\t\t\t\n\t\t\t\t\n\t\t\t\t\n\t\t\t\t<div class=\"et_pb_text_inner\"><h1>us\u0142uga<\/h1>\n<h2>G\u0142oszenie Ewangelii poprzez s\u0142u\u017cb\u0119 ubogim<\/h2><\/div>\n\t\t\t<\/div><div class=\"et_pb_module et_d4_element et_pb_divider et_pb_divider_0 et_animated et_pb_divider_position_center et_pb_space\"><div class=\"et_pb_divider_internal\"><\/div><\/div><div class=\"et_pb_module et_d4_element et_pb_text et_pb_text_1 et_animated  et_pb_text_align_left et_pb_bg_layout_dark\">\n\t\t\t\t\n\t\t\t\t\n\t\t\t\t\n\t\t\t\t\n\t\t\t\t<div class=\"et_pb_text_inner\"><p><span style=\"font-weight: 400;\">Obs\u0142ugujemy<br \/>Gdziekolwiek s\u0105<br \/>We wszystkim, czego potrzebuj\u0105<\/span><\/p><\/div>\n\t\t\t<\/div>\n\t\t\t<\/div>\n\t\t\t\t\n\t\t\t\t\n\t\t\t\t\n\t\t\t\t\n\t\t\t<\/div>\n\t\t\t\t\n\t\t\t\t\n\t\t\t<\/div><div class=\"et_d4_element et_pb_section et_pb_section_1  et_pb_css_mix_blend_mode et_section_regular et_block_section\" >\n\t\t\t\t\n\t\t\t\t\n\t\t\t\t\n\t\t\t\t\n\t\t\t\t\n\t\t\t\t\n\t\t\t\t<div class=\"et_d4_element et_pb_row et_pb_row_1  et_pb_css_mix_blend_mode et_block_row\">\n\t\t\t\t<div class=\"et_d4_element et_pb_column_1_2 et_pb_column et_pb_column_2  et_pb_css_mix_blend_mode et_block_column\">\n\t\t\t\t\n\t\t\t\t\n\t\t\t\t\n\t\t\t\t\n\t\t\t\t<div class=\"et_pb_module et_d4_element et_pb_text et_pb_text_2 et_animated  et_pb_text_align_left et_pb_bg_layout_light\">\n\t\t\t\t\n\t\t\t\t\n\t\t\t\t\n\t\t\t\t\n\t\t\t\t<div class=\"et_pb_text_inner\"><h3><span>Wiemy, \u017ce<\/span><\/h3>\n<h1><span>B\u00f3g czeka na nas w tych, kt\u00f3rzy cierpi\u0105<\/span><\/h1><\/div>\n\t\t\t<\/div><div class=\"et_pb_module et_d4_element et_pb_divider et_pb_divider_1 et_animated et_pb_divider_position_center et_pb_space\"><div class=\"et_pb_divider_internal\"><\/div><\/div><div class=\"et_pb_module et_d4_element et_pb_text et_pb_text_3 et_animated  et_pb_text_align_left et_pb_bg_layout_light\">\n\t\t\t\t\n\t\t\t\t\n\t\t\t\t\n\t\t\t\t\n\t\t\t\t<div class=\"et_pb_text_inner\"><p>W nieustannie zmieniaj\u0105cym si\u0119 \u015bwiecie zdajemy sobie spraw\u0119, \u017ce <strong>potrzeby naszych braci i si\u00f3str r\u00f3wnie\u017c ewoluuj\u0105<\/strong>.  <\/p><\/div>\n\t\t\t<\/div><div class=\"et_pb_module et_d4_element et_pb_text et_pb_text_4 et_animated  et_pb_text_align_left et_pb_bg_layout_light\">\n\t\t\t\t\n\t\t\t\t\n\t\t\t\t\n\t\t\t\t\n\t\t\t\t<div class=\"et_pb_text_inner\"><p>Jeste\u015bmy zaanga\u017cowani w s\u0142u\u017cb\u0119 najbardziej pokrzywdzonym, pracuj\u0105c niestrudzenie na rzecz sprawiedliwo\u015bci, pokoju i solidarno\u015bci. Z tego powodu us\u0142ugi, kt\u00f3re oferujemy jako Siostry Mi\u0142osierdzia, s\u0105 stale dostosowywane i odnawiane, aby lepiej odpowiada\u0107 na potrzeby tych, kt\u00f3rym s\u0142u\u017cymy.<\/p>\n<p>\"Chrystus nieustannie rzuca nam wyzwanie poprzez cierpienia najbardziej potrzebuj\u0105cych, znaki czasu i g\u0142os Ko\u015bcio\u0142a\" (Konstytucje 11a). Naszym obowi\u0105zkiem jest rozeznawanie wezwa\u0144 Chrystusa i dostosowywanie si\u0119 do nich.<\/p><\/div>\n\t\t\t<\/div>\n\t\t\t<\/div><div class=\"et_d4_element et_pb_column_1_2 et_pb_column et_pb_column_3  et_pb_css_mix_blend_mode et-last-child et_block_column\">\n\t\t\t\t\n\t\t\t\t\n\t\t\t\t\n\t\t\t\t\n\t\t\t\t<div class=\"et_pb_module et_d4_element et_pb_image et_pb_image_1 et_animated et-waypoint\">\n\t\t\t\t\n\t\t\t\t\n\t\t\t\t\n\t\t\t\t\n\t\t\t\t<span class=\"et_pb_image_wrap \"><img loading=\"lazy\" decoding=\"async\" width=\"1920\" height=\"1440\" src=\"https:\/\/filles-de-la-charite.org\/wp-content\/uploads\/2023\/04\/VISIT-TO-THE-SICK-POOR.jpg\" alt=\"\" title=\"WIZYTA U UBOGICH CHORYCH\" srcset=\"https:\/\/filles-de-la-charite.org\/wp-content\/uploads\/2023\/04\/VISIT-TO-THE-SICK-POOR.jpg 1920w, https:\/\/filles-de-la-charite.org\/wp-content\/uploads\/2023\/04\/VISIT-TO-THE-SICK-POOR-1280x960.jpg 1280w, https:\/\/filles-de-la-charite.org\/wp-content\/uploads\/2023\/04\/VISIT-TO-THE-SICK-POOR-980x735.jpg 980w, https:\/\/filles-de-la-charite.org\/wp-content\/uploads\/2023\/04\/VISIT-TO-THE-SICK-POOR-480x360.jpg 480w\" sizes=\"(min-width: 0px) and (max-width: 480px) 480px, (min-width: 481px) and (max-width: 980px) 980px, (min-width: 981px) and (max-width: 1280px) 1280px, (min-width: 1281px) 1920px, 100vw\" class=\"wp-image-1914\" \/><\/span>\n\t\t\t<\/div>\n\t\t\t<\/div>\n\t\t\t\t\n\t\t\t\t\n\t\t\t\t\n\t\t\t\t\n\t\t\t<\/div>\n\t\t\t\t\n\t\t\t\t\n\t\t\t<\/div><div class=\"et_d4_element et_pb_section et_pb_section_2 et_pb_with_background  et_pb_css_mix_blend_mode et_section_regular et_block_section\" >\n\t\t\t\t\n\t\t\t\t\n\t\t\t\t\n\t\t\t\t\n\t\t\t\t\n\t\t\t\t\n\t\t\t\t<div class=\"et_d4_element et_pb_row et_pb_row_2  et_pb_css_mix_blend_mode et_block_row\">\n\t\t\t\t<div class=\"et_d4_element et_pb_column_4_4 et_pb_column et_pb_column_4  et_pb_css_mix_blend_mode et-last-child et_block_column\">\n\t\t\t\t\n\t\t\t\t\n\t\t\t\t\n\t\t\t\t\n\t\t\t\t<div class=\"et_pb_module et_d4_element et_pb_text et_pb_text_5 et_animated  et_pb_text_align_left et_pb_bg_layout_light\">\n\t\t\t\t\n\t\t\t\t\n\t\t\t\t\n\t\t\t\t\n\t\t\t\t<div class=\"et_pb_text_inner\"><h3>Konkretnie<\/h3>\n<h1>Dzi\u015b s\u0142u\u017cymy<\/h1><\/div>\n\t\t\t<\/div><div class=\"et_pb_module et_d4_element et_pb_divider et_pb_divider_2 et_animated et_pb_divider_position_center et_pb_space\"><div class=\"et_pb_divider_internal\"><\/div><\/div>\n\t\t\t<\/div>\n\t\t\t\t\n\t\t\t\t\n\t\t\t\t\n\t\t\t\t\n\t\t\t<\/div><div class=\"et_d4_element et_pb_row et_pb_row_3  et_pb_css_mix_blend_mode et_block_row\">\n\t\t\t\t<div class=\"et_d4_element et_pb_column_4_4 et_pb_column et_pb_column_5  et_pb_css_mix_blend_mode et-last-child et_block_column\">\n\t\t\t\t\n\t\t\t\t\n\t\t\t\t\n\t\t\t\t\n\t\t\t\t<div id=\"servicio-concreto\" class=\"et_pb_with_border et_pb_module et_d4_element brbl_post_grid brbl_post_grid_0\">\n\t\t\t\t\n\t\t\t\t\n\t\t\t\t\n\t\t\t\t\n\t\t\t\t\n\t\t\t\t\n\t\t\t\t<div class=\"et_pb_module_inner\">\n\t\t\t\t\t<div class=\"brbl-module brbl-post-grid equal-height-on \" data-options=\"{&quot;layout&quot;:&quot;layout3&quot;,&quot;blog_order&quot;:0,&quot;pagination_type&quot;:&quot;&quot;,&quot;loadmore_type&quot;:&quot;scroll&quot;}\" >\r\n                <div id=\"brbl-blog-wrapper\" class=\"brbl-blog brbl-blog-scroll-0\"><div class=\"brbl-blog-item  brbl-blog-item-layout3-0\">\r\n        <article class=\"brbl-post-card brbl-post-card-3 \">\r\n            <figure class=\"brbl-post-thumb\">\r\n\t\t\t<a href=\"https:\/\/filles-de-la-charite.org\/pl\/service\/dzieci\/\">\r\n\t\t\t\t<div class=\"brbl-overlay\" data-icon=\"\"><\/div>\r\n\t\t\t\t<img loading=\"lazy\" decoding=\"async\" width=\"1920\" height=\"1280\" src=\"https:\/\/filles-de-la-charite.org\/wp-content\/uploads\/2023\/04\/Ninos.jpg\" class=\"attachment-full size-full wp-post-image\" alt=\"\" srcset=\"https:\/\/filles-de-la-charite.org\/wp-content\/uploads\/2023\/04\/Ninos.jpg 1920w, https:\/\/filles-de-la-charite.org\/wp-content\/uploads\/2023\/04\/Ninos-1280x853.jpg 1280w, https:\/\/filles-de-la-charite.org\/wp-content\/uploads\/2023\/04\/Ninos-980x653.jpg 980w, https:\/\/filles-de-la-charite.org\/wp-content\/uploads\/2023\/04\/Ninos-480x320.jpg 480w\" sizes=\"(min-width: 0px) and (max-width: 480px) 480px, (min-width: 481px) and (max-width: 980px) 980px, (min-width: 981px) and (max-width: 1280px) 1280px, (min-width: 1281px) 1920px, 100vw\" \/>\r\n\t\t\t<\/a>\r\n\t\t<\/figure>\r\n\t\t\t<div class=\"brbl-blog-content\">\r\n                 <h4 class=\"brbl-post-title\">\r\n                <a href=\"https:\/\/filles-de-la-charite.org\/pl\/service\/dzieci\/\">Dzieci<\/a>\r\n            <\/h4>\r\n\t\t\t\t<div class=\"brbl-blog-meta\">\r\n\t\t\t\t\t \r\n\t\t\t\t<\/div>\r\n\t\t\t\t\r\n\t\t\t\t\r\n            <\/div>\r\n        <\/article>\r\n    <\/div><div class=\"brbl-blog-item  brbl-blog-item-layout3-0\">\r\n        <article class=\"brbl-post-card brbl-post-card-3 \">\r\n            <figure class=\"brbl-post-thumb\">\r\n\t\t\t<a href=\"https:\/\/filles-de-la-charite.org\/pl\/service\/bezdomnosc\/\">\r\n\t\t\t\t<div class=\"brbl-overlay\" data-icon=\"\"><\/div>\r\n\t\t\t\t<img loading=\"lazy\" decoding=\"async\" width=\"1920\" height=\"1500\" src=\"https:\/\/filles-de-la-charite.org\/wp-content\/uploads\/2023\/04\/Projeto-Maria-Solidaria-Pessoas-em-situacao-de-rua-1.jpeg\" class=\"attachment-full size-full wp-post-image\" alt=\"\" srcset=\"https:\/\/filles-de-la-charite.org\/wp-content\/uploads\/2023\/04\/Projeto-Maria-Solidaria-Pessoas-em-situacao-de-rua-1.jpeg 1920w, https:\/\/filles-de-la-charite.org\/wp-content\/uploads\/2023\/04\/Projeto-Maria-Solidaria-Pessoas-em-situacao-de-rua-1-1280x1000.jpeg 1280w, https:\/\/filles-de-la-charite.org\/wp-content\/uploads\/2023\/04\/Projeto-Maria-Solidaria-Pessoas-em-situacao-de-rua-1-980x766.jpeg 980w, https:\/\/filles-de-la-charite.org\/wp-content\/uploads\/2023\/04\/Projeto-Maria-Solidaria-Pessoas-em-situacao-de-rua-1-480x375.jpeg 480w\" sizes=\"(min-width: 0px) and (max-width: 480px) 480px, (min-width: 481px) and (max-width: 980px) 980px, (min-width: 981px) and (max-width: 1280px) 1280px, (min-width: 1281px) 1920px, 100vw\" \/>\r\n\t\t\t<\/a>\r\n\t\t<\/figure>\r\n\t\t\t<div class=\"brbl-blog-content\">\r\n                 <h4 class=\"brbl-post-title\">\r\n                <a href=\"https:\/\/filles-de-la-charite.org\/pl\/service\/bezdomnosc\/\">Bezdomni<\/a>\r\n            <\/h4>\r\n\t\t\t\t<div class=\"brbl-blog-meta\">\r\n\t\t\t\t\t \r\n\t\t\t\t<\/div>\r\n\t\t\t\t\r\n\t\t\t\t\r\n            <\/div>\r\n        <\/article>\r\n    <\/div><div class=\"brbl-blog-item  brbl-blog-item-layout3-0\">\r\n        <article class=\"brbl-post-card brbl-post-card-3 \">\r\n            <figure class=\"brbl-post-thumb\">\r\n\t\t\t<a href=\"https:\/\/filles-de-la-charite.org\/pl\/service\/promocja-kobiet\/\">\r\n\t\t\t\t<div class=\"brbl-overlay\" data-icon=\"\"><\/div>\r\n\t\t\t\t<img loading=\"lazy\" decoding=\"async\" width=\"926\" height=\"694\" src=\"https:\/\/filles-de-la-charite.org\/wp-content\/uploads\/2024\/05\/para-la-web-SERVIMOS-MUJER2.jpg\" class=\"attachment-full size-full wp-post-image\" alt=\"\" srcset=\"https:\/\/filles-de-la-charite.org\/wp-content\/uploads\/2024\/05\/para-la-web-SERVIMOS-MUJER2.jpg 926w, https:\/\/filles-de-la-charite.org\/wp-content\/uploads\/2024\/05\/para-la-web-SERVIMOS-MUJER2-480x360.jpg 480w\" sizes=\"(min-width: 0px) and (max-width: 480px) 480px, (min-width: 481px) 926px, 100vw\" \/>\r\n\t\t\t<\/a>\r\n\t\t<\/figure>\r\n\t\t\t<div class=\"brbl-blog-content\">\r\n                 <h4 class=\"brbl-post-title\">\r\n                <a href=\"https:\/\/filles-de-la-charite.org\/pl\/service\/promocja-kobiet\/\">Kobiety<\/a>\r\n            <\/h4>\r\n\t\t\t\t<div class=\"brbl-blog-meta\">\r\n\t\t\t\t\t \r\n\t\t\t\t<\/div>\r\n\t\t\t\t\r\n\t\t\t\t\r\n            <\/div>\r\n        <\/article>\r\n    <\/div><div class=\"brbl-blog-item  brbl-blog-item-layout3-0\">\r\n        <article class=\"brbl-post-card brbl-post-card-3 \">\r\n            <figure class=\"brbl-post-thumb\">\r\n\t\t\t<a href=\"https:\/\/filles-de-la-charite.org\/pl\/service\/chory\/\">\r\n\t\t\t\t<div class=\"brbl-overlay\" data-icon=\"\"><\/div>\r\n\t\t\t\t<img loading=\"lazy\" decoding=\"async\" width=\"1281\" height=\"1281\" src=\"https:\/\/filles-de-la-charite.org\/wp-content\/uploads\/2023\/04\/Sister-Mary-Felice-snap17-square-copia.jpg\" class=\"attachment-full size-full wp-post-image\" alt=\"\" srcset=\"https:\/\/filles-de-la-charite.org\/wp-content\/uploads\/2023\/04\/Sister-Mary-Felice-snap17-square-copia.jpg 1281w, https:\/\/filles-de-la-charite.org\/wp-content\/uploads\/2023\/04\/Sister-Mary-Felice-snap17-square-copia-980x980.jpg 980w, https:\/\/filles-de-la-charite.org\/wp-content\/uploads\/2023\/04\/Sister-Mary-Felice-snap17-square-copia-480x480.jpg 480w\" sizes=\"(min-width: 0px) and (max-width: 480px) 480px, (min-width: 481px) and (max-width: 980px) 980px, (min-width: 981px) 1281px, 100vw\" \/>\r\n\t\t\t<\/a>\r\n\t\t<\/figure>\r\n\t\t\t<div class=\"brbl-blog-content\">\r\n                 <h4 class=\"brbl-post-title\">\r\n                <a href=\"https:\/\/filles-de-la-charite.org\/pl\/service\/chory\/\">Chorzy<\/a>\r\n            <\/h4>\r\n\t\t\t\t<div class=\"brbl-blog-meta\">\r\n\t\t\t\t\t \r\n\t\t\t\t<\/div>\r\n\t\t\t\t\r\n\t\t\t\t\r\n            <\/div>\r\n        <\/article>\r\n    <\/div><div class=\"brbl-blog-item  brbl-blog-item-layout3-0\">\r\n        <article class=\"brbl-post-card brbl-post-card-3 \">\r\n            <figure class=\"brbl-post-thumb\">\r\n\t\t\t<a href=\"https:\/\/filles-de-la-charite.org\/pl\/service\/duszpasterstwo\/\">\r\n\t\t\t\t<div class=\"brbl-overlay\" data-icon=\"\"><\/div>\r\n\t\t\t\t<img loading=\"lazy\" decoding=\"async\" width=\"1920\" height=\"1437\" src=\"https:\/\/filles-de-la-charite.org\/wp-content\/uploads\/2023\/04\/Quatro-Bocas-Para1-copia.jpeg\" class=\"attachment-full size-full wp-post-image\" alt=\"\" srcset=\"https:\/\/filles-de-la-charite.org\/wp-content\/uploads\/2023\/04\/Quatro-Bocas-Para1-copia.jpeg 1920w, https:\/\/filles-de-la-charite.org\/wp-content\/uploads\/2023\/04\/Quatro-Bocas-Para1-copia-1280x958.jpeg 1280w, https:\/\/filles-de-la-charite.org\/wp-content\/uploads\/2023\/04\/Quatro-Bocas-Para1-copia-980x733.jpeg 980w, https:\/\/filles-de-la-charite.org\/wp-content\/uploads\/2023\/04\/Quatro-Bocas-Para1-copia-480x359.jpeg 480w\" sizes=\"(min-width: 0px) and (max-width: 480px) 480px, (min-width: 481px) and (max-width: 980px) 980px, (min-width: 981px) and (max-width: 1280px) 1280px, (min-width: 1281px) 1920px, 100vw\" \/>\r\n\t\t\t<\/a>\r\n\t\t<\/figure>\r\n\t\t\t<div class=\"brbl-blog-content\">\r\n                 <h4 class=\"brbl-post-title\">\r\n                <a href=\"https:\/\/filles-de-la-charite.org\/pl\/service\/duszpasterstwo\/\">Osoby w duszpasterstwie<\/a>\r\n            <\/h4>\r\n\t\t\t\t<div class=\"brbl-blog-meta\">\r\n\t\t\t\t\t \r\n\t\t\t\t<\/div>\r\n\t\t\t\t\r\n\t\t\t\t\r\n            <\/div>\r\n        <\/article>\r\n    <\/div><div class=\"brbl-blog-item  brbl-blog-item-layout3-0\">\r\n        <article class=\"brbl-post-card brbl-post-card-3 \">\r\n            <figure class=\"brbl-post-thumb\">\r\n\t\t\t<a href=\"https:\/\/filles-de-la-charite.org\/pl\/service\/osoby-starsze\/\">\r\n\t\t\t\t<div class=\"brbl-overlay\" data-icon=\"\"><\/div>\r\n\t\t\t\t<img loading=\"lazy\" decoding=\"async\" width=\"1920\" height=\"1396\" src=\"https:\/\/filles-de-la-charite.org\/wp-content\/uploads\/2023\/04\/mayores.jpeg\" class=\"attachment-full size-full wp-post-image\" alt=\"\" srcset=\"https:\/\/filles-de-la-charite.org\/wp-content\/uploads\/2023\/04\/mayores.jpeg 1920w, https:\/\/filles-de-la-charite.org\/wp-content\/uploads\/2023\/04\/mayores-1280x931.jpeg 1280w, https:\/\/filles-de-la-charite.org\/wp-content\/uploads\/2023\/04\/mayores-980x713.jpeg 980w, https:\/\/filles-de-la-charite.org\/wp-content\/uploads\/2023\/04\/mayores-480x349.jpeg 480w\" sizes=\"(min-width: 0px) and (max-width: 480px) 480px, (min-width: 481px) and (max-width: 980px) 980px, (min-width: 981px) and (max-width: 1280px) 1280px, (min-width: 1281px) 1920px, 100vw\" \/>\r\n\t\t\t<\/a>\r\n\t\t<\/figure>\r\n\t\t\t<div class=\"brbl-blog-content\">\r\n                 <h4 class=\"brbl-post-title\">\r\n                <a href=\"https:\/\/filles-de-la-charite.org\/pl\/service\/osoby-starsze\/\">Osoby starsze<\/a>\r\n            <\/h4>\r\n\t\t\t\t<div class=\"brbl-blog-meta\">\r\n\t\t\t\t\t \r\n\t\t\t\t<\/div>\r\n\t\t\t\t\r\n\t\t\t\t\r\n            <\/div>\r\n        <\/article>\r\n    <\/div><div class=\"brbl-blog-item  brbl-blog-item-layout3-0\">\r\n        <article class=\"brbl-post-card brbl-post-card-3 \">\r\n            <figure class=\"brbl-post-thumb\">\r\n\t\t\t<a href=\"https:\/\/filles-de-la-charite.org\/pl\/service\/migranci-i-uchodzcy\/\">\r\n\t\t\t\t<div class=\"brbl-overlay\" data-icon=\"\"><\/div>\r\n\t\t\t\t<img loading=\"lazy\" decoding=\"async\" width=\"1920\" height=\"1440\" src=\"https:\/\/filles-de-la-charite.org\/wp-content\/uploads\/2023\/04\/migrantes.jpg\" class=\"attachment-full size-full wp-post-image\" alt=\"\" srcset=\"https:\/\/filles-de-la-charite.org\/wp-content\/uploads\/2023\/04\/migrantes.jpg 1920w, https:\/\/filles-de-la-charite.org\/wp-content\/uploads\/2023\/04\/migrantes-1280x960.jpg 1280w, https:\/\/filles-de-la-charite.org\/wp-content\/uploads\/2023\/04\/migrantes-980x735.jpg 980w, https:\/\/filles-de-la-charite.org\/wp-content\/uploads\/2023\/04\/migrantes-480x360.jpg 480w\" sizes=\"(min-width: 0px) and (max-width: 480px) 480px, (min-width: 481px) and (max-width: 980px) 980px, (min-width: 981px) and (max-width: 1280px) 1280px, (min-width: 1281px) 1920px, 100vw\" \/>\r\n\t\t\t<\/a>\r\n\t\t<\/figure>\r\n\t\t\t<div class=\"brbl-blog-content\">\r\n                 <h4 class=\"brbl-post-title\">\r\n                <a href=\"https:\/\/filles-de-la-charite.org\/pl\/service\/migranci-i-uchodzcy\/\">Uchod\u017acy i migranci<\/a>\r\n            <\/h4>\r\n\t\t\t\t<div class=\"brbl-blog-meta\">\r\n\t\t\t\t\t \r\n\t\t\t\t<\/div>\r\n\t\t\t\t\r\n\t\t\t\t\r\n            <\/div>\r\n        <\/article>\r\n    <\/div><div class=\"brbl-blog-item  brbl-blog-item-layout3-0\">\r\n        <article class=\"brbl-post-card brbl-post-card-3 \">\r\n            <figure class=\"brbl-post-thumb\">\r\n\t\t\t<a href=\"https:\/\/filles-de-la-charite.org\/pl\/service\/wiezniowie-wolnosci\/\">\r\n\t\t\t\t<div class=\"brbl-overlay\" data-icon=\"\"><\/div>\r\n\t\t\t\t<img loading=\"lazy\" decoding=\"async\" width=\"1920\" height=\"1440\" src=\"https:\/\/filles-de-la-charite.org\/wp-content\/uploads\/2023\/04\/carcel.jpeg\" class=\"attachment-full size-full wp-post-image\" alt=\"\" srcset=\"https:\/\/filles-de-la-charite.org\/wp-content\/uploads\/2023\/04\/carcel.jpeg 1920w, https:\/\/filles-de-la-charite.org\/wp-content\/uploads\/2023\/04\/carcel-1280x960.jpeg 1280w, https:\/\/filles-de-la-charite.org\/wp-content\/uploads\/2023\/04\/carcel-980x735.jpeg 980w, https:\/\/filles-de-la-charite.org\/wp-content\/uploads\/2023\/04\/carcel-480x360.jpeg 480w\" sizes=\"(min-width: 0px) and (max-width: 480px) 480px, (min-width: 481px) and (max-width: 980px) 980px, (min-width: 981px) and (max-width: 1280px) 1280px, (min-width: 1281px) 1920px, 100vw\" \/>\r\n\t\t\t<\/a>\r\n\t\t<\/figure>\r\n\t\t\t<div class=\"brbl-blog-content\">\r\n                 <h4 class=\"brbl-post-title\">\r\n                <a href=\"https:\/\/filles-de-la-charite.org\/pl\/service\/wiezniowie-wolnosci\/\">Wi\u0119\u017aniowie<\/a>\r\n            <\/h4>\r\n\t\t\t\t<div class=\"brbl-blog-meta\">\r\n\t\t\t\t\t \r\n\t\t\t\t<\/div>\r\n\t\t\t\t\r\n\t\t\t\t\r\n            <\/div>\r\n        <\/article>\r\n    <\/div><div class=\"brbl-blog-item  brbl-blog-item-layout3-0\">\r\n        <article class=\"brbl-post-card brbl-post-card-3 \">\r\n            <figure class=\"brbl-post-thumb\">\r\n\t\t\t<a href=\"https:\/\/filles-de-la-charite.org\/pl\/service\/osoby-niepelnosprawne\/\">\r\n\t\t\t\t<div class=\"brbl-overlay\" data-icon=\"\"><\/div>\r\n\t\t\t\t<img loading=\"lazy\" decoding=\"async\" width=\"1920\" height=\"1672\" src=\"https:\/\/filles-de-la-charite.org\/wp-content\/uploads\/2023\/04\/sr.-Adriana.jpg\" class=\"attachment-full size-full wp-post-image\" alt=\"\" srcset=\"https:\/\/filles-de-la-charite.org\/wp-content\/uploads\/2023\/04\/sr.-Adriana.jpg 1920w, https:\/\/filles-de-la-charite.org\/wp-content\/uploads\/2023\/04\/sr.-Adriana-1280x1115.jpg 1280w, https:\/\/filles-de-la-charite.org\/wp-content\/uploads\/2023\/04\/sr.-Adriana-980x853.jpg 980w, https:\/\/filles-de-la-charite.org\/wp-content\/uploads\/2023\/04\/sr.-Adriana-480x418.jpg 480w\" sizes=\"(min-width: 0px) and (max-width: 480px) 480px, (min-width: 481px) and (max-width: 980px) 980px, (min-width: 981px) and (max-width: 1280px) 1280px, (min-width: 1281px) 1920px, 100vw\" \/>\r\n\t\t\t<\/a>\r\n\t\t<\/figure>\r\n\t\t\t<div class=\"brbl-blog-content\">\r\n                 <h4 class=\"brbl-post-title\">\r\n                <a href=\"https:\/\/filles-de-la-charite.org\/pl\/service\/osoby-niepelnosprawne\/\">Osoby niepe\u0142nosprawne<\/a>\r\n            <\/h4>\r\n\t\t\t\t<div class=\"brbl-blog-meta\">\r\n\t\t\t\t\t \r\n\t\t\t\t<\/div>\r\n\t\t\t\t\r\n\t\t\t\t\r\n            <\/div>\r\n        <\/article>\r\n    <\/div><div class=\"brbl-blog-item  brbl-blog-item-layout3-0\">\r\n        <article class=\"brbl-post-card brbl-post-card-3 \">\r\n            <figure class=\"brbl-post-thumb\">\r\n\t\t\t<a href=\"https:\/\/filles-de-la-charite.org\/pl\/service\/osoby-uzaleznione\/\">\r\n\t\t\t\t<div class=\"brbl-overlay\" data-icon=\"\"><\/div>\r\n\t\t\t\t<img loading=\"lazy\" decoding=\"async\" width=\"1920\" height=\"1440\" src=\"https:\/\/filles-de-la-charite.org\/wp-content\/uploads\/2023\/04\/dependencia.jpeg\" class=\"attachment-full size-full wp-post-image\" alt=\"\" srcset=\"https:\/\/filles-de-la-charite.org\/wp-content\/uploads\/2023\/04\/dependencia.jpeg 1920w, https:\/\/filles-de-la-charite.org\/wp-content\/uploads\/2023\/04\/dependencia-1280x960.jpeg 1280w, https:\/\/filles-de-la-charite.org\/wp-content\/uploads\/2023\/04\/dependencia-980x735.jpeg 980w, https:\/\/filles-de-la-charite.org\/wp-content\/uploads\/2023\/04\/dependencia-480x360.jpeg 480w\" sizes=\"(min-width: 0px) and (max-width: 480px) 480px, (min-width: 481px) and (max-width: 980px) 980px, (min-width: 981px) and (max-width: 1280px) 1280px, (min-width: 1281px) 1920px, 100vw\" \/>\r\n\t\t\t<\/a>\r\n\t\t<\/figure>\r\n\t\t\t<div class=\"brbl-blog-content\">\r\n                 <h4 class=\"brbl-post-title\">\r\n                <a href=\"https:\/\/filles-de-la-charite.org\/pl\/service\/osoby-uzaleznione\/\">Osoby uzale\u017cnione<\/a>\r\n            <\/h4>\r\n\t\t\t\t<div class=\"brbl-blog-meta\">\r\n\t\t\t\t\t \r\n\t\t\t\t<\/div>\r\n\t\t\t\t\r\n\t\t\t\t\r\n            <\/div>\r\n        <\/article>\r\n    <\/div><div class=\"brbl-blog-item  brbl-blog-item-layout3-0\">\r\n        <article class=\"brbl-post-card brbl-post-card-3 \">\r\n            <figure class=\"brbl-post-thumb\">\r\n\t\t\t<a href=\"https:\/\/filles-de-la-charite.org\/pl\/service\/edukacja-i-mlodziez\/\">\r\n\t\t\t\t<div class=\"brbl-overlay\" data-icon=\"\"><\/div>\r\n\t\t\t\t<img loading=\"lazy\" decoding=\"async\" width=\"1920\" height=\"1624\" src=\"https:\/\/filles-de-la-charite.org\/wp-content\/uploads\/2023\/04\/Educacion.jpeg\" class=\"attachment-full size-full wp-post-image\" alt=\"\" srcset=\"https:\/\/filles-de-la-charite.org\/wp-content\/uploads\/2023\/04\/Educacion.jpeg 1920w, https:\/\/filles-de-la-charite.org\/wp-content\/uploads\/2023\/04\/Educacion-1280x1083.jpeg 1280w, https:\/\/filles-de-la-charite.org\/wp-content\/uploads\/2023\/04\/Educacion-980x829.jpeg 980w, https:\/\/filles-de-la-charite.org\/wp-content\/uploads\/2023\/04\/Educacion-480x406.jpeg 480w\" sizes=\"(min-width: 0px) and (max-width: 480px) 480px, (min-width: 481px) and (max-width: 980px) 980px, (min-width: 981px) and (max-width: 1280px) 1280px, (min-width: 1281px) 1920px, 100vw\" \/>\r\n\t\t\t<\/a>\r\n\t\t<\/figure>\r\n\t\t\t<div class=\"brbl-blog-content\">\r\n                 <h4 class=\"brbl-post-title\">\r\n                <a href=\"https:\/\/filles-de-la-charite.org\/pl\/service\/edukacja-i-mlodziez\/\">M\u0142odzie\u017c<\/a>\r\n            <\/h4>\r\n\t\t\t\t<div class=\"brbl-blog-meta\">\r\n\t\t\t\t\t \r\n\t\t\t\t<\/div>\r\n\t\t\t\t\r\n\t\t\t\t\r\n            <\/div>\r\n        <\/article>\r\n    <\/div><\/div><nav class=\"brbl-pagination\" role=\"navigation\" aria-label=\"Pagination\"><\/nav>\r\n            <\/div>\n\t\t\t\t<\/div>\n\t\t\t<\/div>\n\t\t\t<\/div>\n\t\t\t\t\n\t\t\t\t\n\t\t\t\t\n\t\t\t\t\n\t\t\t<\/div>\n\t\t\t\t\n\t\t\t\t\n\t\t\t<\/div><div class=\"et_d4_element et_pb_section et_pb_section_3  et_pb_css_mix_blend_mode et_section_regular et_block_section\" >\n\t\t\t\t\n\t\t\t\t\n\t\t\t\t\n\t\t\t\t\n\t\t\t\t\n\t\t\t\t\n\t\t\t\t<div class=\"et_d4_element et_pb_row et_pb_row_4  et_pb_css_mix_blend_mode et_block_row\">\n\t\t\t\t<div class=\"et_d4_element et_pb_column_4_4 et_pb_column et_pb_column_6  et_pb_css_mix_blend_mode et-last-child et_block_column\">\n\t\t\t\t\n\t\t\t\t\n\t\t\t\t\n\t\t\t\t\n\t\t\t\t<div class=\"et_pb_module et_d4_element et_pb_text et_pb_text_6 et_animated  et_pb_text_align_center et_pb_bg_layout_light\">\n\t\t\t\t\n\t\t\t\t\n\t\t\t\t\n\t\t\t\t\n\t\t\t\t<div class=\"et_pb_text_inner\"><h1>Dowiedz si\u0119 wi\u0119cej<\/h1><\/div>\n\t\t\t<\/div><div class=\"et_pb_module et_d4_element et_pb_divider et_pb_divider_3 et_animated et_pb_divider_position_center et_pb_space\"><div class=\"et_pb_divider_internal\"><\/div><\/div>\n\t\t\t<\/div>\n\t\t\t\t\n\t\t\t\t\n\t\t\t\t\n\t\t\t\t\n\t\t\t<\/div><div class=\"et_d4_element et_pb_row et_pb_row_5  et_pb_css_mix_blend_mode et_block_row\">\n\t\t\t\t<div class=\"et_d4_element et_pb_column_1_4 et_pb_column et_pb_column_7  et_pb_css_mix_blend_mode et_block_column\">\n\t\t\t\t\n\t\t\t\t\n\t\t\t\t\n\t\t\t\t\n\t\t\t\t<div class=\"et_pb_module et_d4_element et_pb_blurb et_pb_blurb_0 et_clickable  et_pb_text_align_center  et_pb_blurb_position_top et_block_module et_pb_bg_layout_light\">\n\t\t\t\t\n\t\t\t\t\n\t\t\t\t\n\t\t\t\t\n\t\t\t\t<div class=\"et_pb_blurb_content\">\n\t\t\t\t\t<div class=\"et_pb_main_blurb_image et_pb_css_mix_blend_mode\"><span class=\"et_pb_image_wrap\"><span class=\"et-waypoint et_pb_animation_top et_pb_animation_top_tablet et_pb_animation_top_phone et-pb-icon\">\ue089<\/span><\/span><\/div>\n\t\t\t\t\t<div class=\"et_pb_blurb_container\">\n\t\t\t\t\t\t<h4 class=\"et_pb_module_header\"><span>Czym jeste\u015bmy<\/span><\/h4>\n\t\t\t\t\t\t<div class=\"et_pb_blurb_description\"><p><span>S\u0142u\u017cebnice ubogich, kt\u00f3re \u017cyj\u0105 we wsp\u00f3lnocie<\/span><\/p><\/div>\n\t\t\t\t\t<\/div>\n\t\t\t\t<\/div>\n\t\t\t<\/div>\n\t\t\t<\/div><div class=\"et_d4_element et_pb_column_1_4 et_pb_column et_pb_column_8  et_pb_css_mix_blend_mode et_block_column\">\n\t\t\t\t\n\t\t\t\t\n\t\t\t\t\n\t\t\t\t\n\t\t\t\t<div class=\"et_pb_module et_d4_element et_pb_blurb et_pb_blurb_1 et_clickable  et_pb_text_align_center  et_pb_blurb_position_top et_block_module et_pb_bg_layout_light\">\n\t\t\t\t\n\t\t\t\t\n\t\t\t\t\n\t\t\t\t\n\t\t\t\t<div class=\"et_pb_blurb_content\">\n\t\t\t\t\t<div class=\"et_pb_main_blurb_image et_pb_css_mix_blend_mode\"><span class=\"et_pb_image_wrap\"><span class=\"et-waypoint et_pb_animation_top et_pb_animation_top_tablet et_pb_animation_top_phone et-pb-icon\">\uf684<\/span><\/span><\/div>\n\t\t\t\t\t<div class=\"et_pb_blurb_container\">\n\t\t\t\t\t\t<h4 class=\"et_pb_module_header\"><span>Duchowo\u015b\u0107<\/span><\/h4>\n\t\t\t\t\t\t<div class=\"et_pb_blurb_description\"><p>Powo\u0142any przez Boga do \u017cycia modlitwy i s\u0142u\u017cby najbardziej potrzebuj\u0105cym.<\/p><\/div>\n\t\t\t\t\t<\/div>\n\t\t\t\t<\/div>\n\t\t\t<\/div>\n\t\t\t<\/div><div class=\"et_d4_element et_pb_column_1_4 et_pb_column et_pb_column_9  et_pb_css_mix_blend_mode et_block_column\">\n\t\t\t\t\n\t\t\t\t\n\t\t\t\t\n\t\t\t\t\n\t\t\t\t<div class=\"et_pb_module et_d4_element et_pb_blurb et_pb_blurb_2 et_clickable  et_pb_text_align_center  et_pb_blurb_position_top et_block_module et_pb_bg_layout_light\">\n\t\t\t\t\n\t\t\t\t\n\t\t\t\t\n\t\t\t\t\n\t\t\t\t<div class=\"et_pb_blurb_content\">\n\t\t\t\t\t<div class=\"et_pb_main_blurb_image et_pb_css_mix_blend_mode\"><span class=\"et_pb_image_wrap\"><span class=\"et-waypoint et_pb_animation_top et_pb_animation_top_tablet et_pb_animation_top_phone et-pb-icon\">\uf0ac<\/span><\/span><\/div>\n\t\t\t\t\t<div class=\"et_pb_blurb_container\">\n\t\t\t\t\t\t<h4 class=\"et_pb_module_header\"><span>Dooko\u0142a \u015bwiata<\/span><\/h4>\n\t\t\t\t\t\t<div class=\"et_pb_blurb_description\"><p>Mo\u017cna nas znale\u017a\u0107 wsz\u0119dzie tam, gdzie s\u0105 ludzie, kt\u00f3rych godno\u015b\u0107 jest naruszana. Na ca\u0142ym \u015bwiecie.<\/p><\/div>\n\t\t\t\t\t<\/div>\n\t\t\t\t<\/div>\n\t\t\t<\/div>\n\t\t\t<\/div><div class=\"et_d4_element et_pb_column_1_4 et_pb_column et_pb_column_10  et_pb_css_mix_blend_mode et-last-child et_block_column\">\n\t\t\t\t\n\t\t\t\t\n\t\t\t\t\n\t\t\t\t\n\t\t\t\t<div class=\"et_pb_module et_d4_element et_pb_blurb et_pb_blurb_3 et_clickable  et_pb_text_align_center  et_pb_blurb_position_top et_block_module et_pb_bg_layout_light\">\n\t\t\t\t\n\t\t\t\t\n\t\t\t\t\n\t\t\t\t\n\t\t\t\t<div class=\"et_pb_blurb_content\">\n\t\t\t\t\t<div class=\"et_pb_main_blurb_image et_pb_css_mix_blend_mode\"><span class=\"et_pb_image_wrap\"><span class=\"et-waypoint et_pb_animation_top et_pb_animation_top_tablet et_pb_animation_top_phone et-pb-icon\">\uf06d<\/span><\/span><\/div>\n\t\t\t\t\t<div class=\"et_pb_blurb_container\">\n\t\t\t\t\t\t<h4 class=\"et_pb_module_header\"><span>Inspiruj\u0105 nas<\/span><\/h4>\n\t\t\t\t\t\t<div class=\"et_pb_blurb_description\"><p>\u015awi\u0119ci, \u015bwi\u0119ci, b\u0142ogos\u0142awieni C\u00f3rek Mi\u0142osierdzia i Rodziny Wincenty\u0144skiej<\/p><\/div>\n\t\t\t\t\t<\/div>\n\t\t\t\t<\/div>\n\t\t\t<\/div>\n\t\t\t<\/div>\n\t\t\t\t\n\t\t\t\t\n\t\t\t\t\n\t\t\t\t\n\t\t\t<\/div>\n\t\t\t\t\n\t\t\t\t\n\t\t\t<\/div><\/p>\n","protected":false},"excerpt":{"rendered":"","protected":false},"author":1,"featured_media":0,"parent":3585,"menu_order":0,"comment_status":"closed","ping_status":"closed","template":"","meta":{"_acf_changed":false,"_et_pb_use_builder":"on","_et_pb_old_content":"","_et_gb_content_width":"","footnotes":"","_links_to":"","_links_to_target":""},"class_list":["post-3565","page","type-page","status-publish","hentry"],"acf":[],"yoast_head":"<!-- This site is optimized with the Yoast SEO plugin v27.5 - https:\/\/yoast.com\/product\/yoast-seo-wordpress\/ -->\n<title>Nasze us\u0142ugi - Filles de la Charit\u00e9<\/title>\n<meta name=\"robots\" content=\"index, follow, max-snippet:-1, max-image-preview:large, max-video-preview:-1\" \/>\n<link rel=\"canonical\" href=\"https:\/\/filles-de-la-charite.org\/pl\/jestesmy\/nasz-serwis\/\" \/>\n<meta property=\"og:locale\" content=\"pl_PL\" \/>\n<meta property=\"og:type\" content=\"article\" \/>\n<meta property=\"og:title\" content=\"Nasze us\u0142ugi - Filles de la Charit\u00e9\" \/>\n<meta property=\"og:url\" content=\"https:\/\/filles-de-la-charite.org\/pl\/jestesmy\/nasz-serwis\/\" \/>\n<meta property=\"og:site_name\" content=\"Filles de la Charit\u00e9\" \/>\n<meta property=\"article:modified_time\" content=\"2023-11-01T17:42:31+00:00\" \/>\n<meta name=\"twitter:card\" content=\"summary_large_image\" \/>\n<meta name=\"twitter:label1\" content=\"Szacowany czas czytania\" \/>\n\t<meta name=\"twitter:data1\" content=\"9 minut\" \/>\n<script type=\"application\/ld+json\" class=\"yoast-schema-graph\">{\"@context\":\"https:\\\/\\\/schema.org\",\"@graph\":[{\"@type\":\"WebPage\",\"@id\":\"https:\\\/\\\/filles-de-la-charite.org\\\/pl\\\/jestesmy\\\/nasz-serwis\\\/\",\"url\":\"https:\\\/\\\/filles-de-la-charite.org\\\/pl\\\/jestesmy\\\/nasz-serwis\\\/\",\"name\":\"Nasze us\u0142ugi - Filles de la Charit\u00e9\",\"isPartOf\":{\"@id\":\"https:\\\/\\\/filles-de-la-charite.org\\\/pl\\\/#website\"},\"datePublished\":\"2023-04-18T10:33:06+00:00\",\"dateModified\":\"2023-11-01T17:42:31+00:00\",\"breadcrumb\":{\"@id\":\"https:\\\/\\\/filles-de-la-charite.org\\\/pl\\\/jestesmy\\\/nasz-serwis\\\/#breadcrumb\"},\"inLanguage\":\"pl-PL\",\"potentialAction\":[{\"@type\":\"ReadAction\",\"target\":[\"https:\\\/\\\/filles-de-la-charite.org\\\/pl\\\/jestesmy\\\/nasz-serwis\\\/\"]}]},{\"@type\":\"BreadcrumbList\",\"@id\":\"https:\\\/\\\/filles-de-la-charite.org\\\/pl\\\/jestesmy\\\/nasz-serwis\\\/#breadcrumb\",\"itemListElement\":[{\"@type\":\"ListItem\",\"position\":1,\"name\":\"Kim jeste\u015bmy\",\"item\":\"https:\\\/\\\/filles-de-la-charite.org\\\/pl\\\/jestesmy\\\/\"},{\"@type\":\"ListItem\",\"position\":2,\"name\":\"Nasze us\u0142ugi\"}]},{\"@type\":\"WebSite\",\"@id\":\"https:\\\/\\\/filles-de-la-charite.org\\\/pl\\\/#website\",\"url\":\"https:\\\/\\\/filles-de-la-charite.org\\\/pl\\\/\",\"name\":\"Hijas de la Caridad\",\"description\":\"L\u2019amour de J\u00e9sus nous presse \u00e0 prendre soin des personnes les plus d\u00e9munies\",\"publisher\":{\"@id\":\"https:\\\/\\\/filles-de-la-charite.org\\\/pl\\\/#organization\"},\"potentialAction\":[{\"@type\":\"SearchAction\",\"target\":{\"@type\":\"EntryPoint\",\"urlTemplate\":\"https:\\\/\\\/filles-de-la-charite.org\\\/pl\\\/?s={search_term_string}\"},\"query-input\":{\"@type\":\"PropertyValueSpecification\",\"valueRequired\":true,\"valueName\":\"search_term_string\"}}],\"inLanguage\":\"pl-PL\"},{\"@type\":\"Organization\",\"@id\":\"https:\\\/\\\/filles-de-la-charite.org\\\/pl\\\/#organization\",\"name\":\"Hijas de la Caridad\",\"url\":\"https:\\\/\\\/filles-de-la-charite.org\\\/pl\\\/\",\"logo\":{\"@type\":\"ImageObject\",\"inLanguage\":\"pl-PL\",\"@id\":\"https:\\\/\\\/filles-de-la-charite.org\\\/pl\\\/#\\\/schema\\\/logo\\\/image\\\/\",\"url\":\"https:\\\/\\\/filles-de-la-charite.org\\\/wp-content\\\/uploads\\\/2023\\\/03\\\/isotipo-Hijas-de-la-Caridad.png\",\"contentUrl\":\"https:\\\/\\\/filles-de-la-charite.org\\\/wp-content\\\/uploads\\\/2023\\\/03\\\/isotipo-Hijas-de-la-Caridad.png\",\"width\":1417,\"height\":1417,\"caption\":\"Hijas de la Caridad\"},\"image\":{\"@id\":\"https:\\\/\\\/filles-de-la-charite.org\\\/pl\\\/#\\\/schema\\\/logo\\\/image\\\/\"}}]}<\/script>\n<!-- \/ Yoast SEO plugin. -->","yoast_head_json":{"title":"Nasze us\u0142ugi - Filles de la Charit\u00e9","robots":{"index":"index","follow":"follow","max-snippet":"max-snippet:-1","max-image-preview":"max-image-preview:large","max-video-preview":"max-video-preview:-1"},"canonical":"https:\/\/filles-de-la-charite.org\/pl\/jestesmy\/nasz-serwis\/","og_locale":"pl_PL","og_type":"article","og_title":"Nasze us\u0142ugi - Filles de la Charit\u00e9","og_url":"https:\/\/filles-de-la-charite.org\/pl\/jestesmy\/nasz-serwis\/","og_site_name":"Filles de la Charit\u00e9","article_modified_time":"2023-11-01T17:42:31+00:00","twitter_card":"summary_large_image","twitter_misc":{"Szacowany czas czytania":"9 minut"},"schema":{"@context":"https:\/\/schema.org","@graph":[{"@type":"WebPage","@id":"https:\/\/filles-de-la-charite.org\/pl\/jestesmy\/nasz-serwis\/","url":"https:\/\/filles-de-la-charite.org\/pl\/jestesmy\/nasz-serwis\/","name":"Nasze us\u0142ugi - Filles de la Charit\u00e9","isPartOf":{"@id":"https:\/\/filles-de-la-charite.org\/pl\/#website"},"datePublished":"2023-04-18T10:33:06+00:00","dateModified":"2023-11-01T17:42:31+00:00","breadcrumb":{"@id":"https:\/\/filles-de-la-charite.org\/pl\/jestesmy\/nasz-serwis\/#breadcrumb"},"inLanguage":"pl-PL","potentialAction":[{"@type":"ReadAction","target":["https:\/\/filles-de-la-charite.org\/pl\/jestesmy\/nasz-serwis\/"]}]},{"@type":"BreadcrumbList","@id":"https:\/\/filles-de-la-charite.org\/pl\/jestesmy\/nasz-serwis\/#breadcrumb","itemListElement":[{"@type":"ListItem","position":1,"name":"Kim jeste\u015bmy","item":"https:\/\/filles-de-la-charite.org\/pl\/jestesmy\/"},{"@type":"ListItem","position":2,"name":"Nasze us\u0142ugi"}]},{"@type":"WebSite","@id":"https:\/\/filles-de-la-charite.org\/pl\/#website","url":"https:\/\/filles-de-la-charite.org\/pl\/","name":"Hijas de la Caridad","description":"L\u2019amour de J\u00e9sus nous presse \u00e0 prendre soin des personnes les plus d\u00e9munies","publisher":{"@id":"https:\/\/filles-de-la-charite.org\/pl\/#organization"},"potentialAction":[{"@type":"SearchAction","target":{"@type":"EntryPoint","urlTemplate":"https:\/\/filles-de-la-charite.org\/pl\/?s={search_term_string}"},"query-input":{"@type":"PropertyValueSpecification","valueRequired":true,"valueName":"search_term_string"}}],"inLanguage":"pl-PL"},{"@type":"Organization","@id":"https:\/\/filles-de-la-charite.org\/pl\/#organization","name":"Hijas de la Caridad","url":"https:\/\/filles-de-la-charite.org\/pl\/","logo":{"@type":"ImageObject","inLanguage":"pl-PL","@id":"https:\/\/filles-de-la-charite.org\/pl\/#\/schema\/logo\/image\/","url":"https:\/\/filles-de-la-charite.org\/wp-content\/uploads\/2023\/03\/isotipo-Hijas-de-la-Caridad.png","contentUrl":"https:\/\/filles-de-la-charite.org\/wp-content\/uploads\/2023\/03\/isotipo-Hijas-de-la-Caridad.png","width":1417,"height":1417,"caption":"Hijas de la Caridad"},"image":{"@id":"https:\/\/filles-de-la-charite.org\/pl\/#\/schema\/logo\/image\/"}}]}},"_links":{"self":[{"href":"https:\/\/filles-de-la-charite.org\/pl\/wp-json\/wp\/v2\/pages\/3565","targetHints":{"allow":["GET"]}}],"collection":[{"href":"https:\/\/filles-de-la-charite.org\/pl\/wp-json\/wp\/v2\/pages"}],"about":[{"href":"https:\/\/filles-de-la-charite.org\/pl\/wp-json\/wp\/v2\/types\/page"}],"author":[{"embeddable":true,"href":"https:\/\/filles-de-la-charite.org\/pl\/wp-json\/wp\/v2\/users\/1"}],"replies":[{"embeddable":true,"href":"https:\/\/filles-de-la-charite.org\/pl\/wp-json\/wp\/v2\/comments?post=3565"}],"version-history":[{"count":50,"href":"https:\/\/filles-de-la-charite.org\/pl\/wp-json\/wp\/v2\/pages\/3565\/revisions"}],"predecessor-version":[{"id":30702,"href":"https:\/\/filles-de-la-charite.org\/pl\/wp-json\/wp\/v2\/pages\/3565\/revisions\/30702"}],"up":[{"embeddable":true,"href":"https:\/\/filles-de-la-charite.org\/pl\/wp-json\/wp\/v2\/pages\/3585"}],"wp:attachment":[{"href":"https:\/\/filles-de-la-charite.org\/pl\/wp-json\/wp\/v2\/media?parent=3565"}],"curies":[{"name":"wp","href":"https:\/\/api.w.org\/{rel}","templated":true}]}}