{"id":35850,"date":"2024-05-20T07:58:05","date_gmt":"2024-05-20T05:58:05","guid":{"rendered":"https:\/\/hijascaridad.sjdigitaldemo.ovh\/politica-de-cookies\/"},"modified":"2024-09-16T20:00:39","modified_gmt":"2024-09-16T18:00:39","slug":"politica-de-cookies","status":"publish","type":"page","link":"https:\/\/filles-de-la-charite.org\/pl\/politica-de-cookies\/","title":{"rendered":"Polityka dotycz\u0105ca plik\u00f3w cookies"},"content":{"rendered":"<div class=\"et_d4_element et_pb_section et_pb_section_0  et_pb_css_mix_blend_mode et_section_regular et_block_section\" >\n\t\t\t\t\n\t\t\t\t\n\t\t\t\t\n\t\t\t\t\n\t\t\t\t\n\t\t\t\t\n\t\t\t\t<div class=\"et_d4_element et_pb_row et_pb_row_0  et_pb_css_mix_blend_mode et_block_row\">\n\t\t\t\t\t\t\t\t<div class=\"et_d4_element et_pb_column_4_4 et_pb_column et_pb_column_0  et_pb_css_mix_blend_mode et-last-child et_block_column\">\n\t\t\t\t\n\t\t\t\t\n\t\t\t\t\n\t\t\t\t\n\t\t\t\t<div class=\"et_pb_module et_d4_element et_pb_text et_pb_text_0  et_pb_text_align_left et_pb_bg_layout_light\">\n\t\t\t\t\n\t\t\t\t\n\t\t\t\t\n\t\t\t\t\n\t\t\t\t<div class=\"et_pb_text_inner\"><p>To o\u015bwiadczenie dotycz\u0105ce plik\u00f3w cookie by\u0142o ostatnio aktualizowane 19 sierpie\u0144 2022 i dotyczy obywateli oraz legalnych sta\u0142ych rezydent\u00f3w Europejskiego Obszaru Gospodarczego i Szwajcarii.<\/p>\n\n<h3 class=\"wp-block-heading\">1. Wprowadzenie<\/h3>\n\n<p>Nasza strona internetowa, <a href=\"https:\/\/www.filles-de-la-charite.org\/pl\/\">https:\/\/www.filles-de-la-charite.org<\/a> (dalej: \u201estrona internetowa\u201d) u\u017cywa plik\u00f3w cookie i innych powi\u0105zanych technologii (dla wygody wszystkie technologie s\u0105 okre\u015blane jako \u201epliki cookie\u201d). Pliki cookie s\u0105 r\u00f3wnie\u017c umieszczane przez strony zewn\u0119trzne. W poni\u017cszym dokumencie informujemy o korzystaniu z plik\u00f3w cookie na naszej stronie internetowej.<\/p>\n\n<h3 class=\"wp-block-heading\">2. Czym s\u0105 ciasteczka?<\/h3>\n\n<p>Plik cookie to niewielki prosty plik wysy\u0142any wraz ze stronami tej witryny i przechowywany przez przegl\u0105dark\u0119 na dysku twardym komputera lub innego urz\u0105dzenia. Informacje w nich przechowywane mog\u0105 zosta\u0107 zwr\u00f3cone na nasze serwery lub do serwer\u00f3w odpowiednich stron trzecich podczas kolejnej wizyty.<\/p>\n\n<h3 class=\"wp-block-heading\">3. Czym s\u0105 skrypty?<\/h3>\n\n<p>Skrypt to fragment kodu programu, kt\u00f3ry s\u0142u\u017cy do prawid\u0142owego i interaktywnego dzia\u0142ania naszej witryny. Ten kod jest wykonywany na naszym serwerze lub na twoim urz\u0105dzeniu.<\/p>\n\n<h3 class=\"wp-block-heading\">4. Co to jest pixel tag?<\/h3>\n\n<p>Web beacon (lub znacznik pikselowy) to ma\u0142y, niewidoczny fragment tekstu lub obrazu na stronie internetowej, kt\u00f3ry s\u0142u\u017cy do monitorowania ruchu na stronie internetowej. Aby to zrobi\u0107, r\u00f3\u017cne dane o tobie s\u0105 przechowywane przy u\u017cyciu web beacon\u00f3w.<\/p>\n\n<h3 class=\"wp-block-heading\">5. Zgoda<\/h3>\n\n<p>Podczas pierwszej wizyty w naszej witrynie wy\u015bwietlone zostanie wyskakuj\u0105ce okienko z wyja\u015bnieniem dotycz\u0105cym plik\u00f3w cookie. Po klikni\u0119ciu przycisku \u201eZapisz preferencje\u201d u\u017cytkownik upowa\u017cnia nas do korzystania z kategorii plik\u00f3w cookie i wtyczek wybranych w wyskakuj\u0105cym okienku, zgodnie z opisem w niniejszych zasadach dotycz\u0105cych plik\u00f3w cookie. U\u017cytkownik mo\u017ce wy\u0142\u0105czy\u0107 korzystanie z plik\u00f3w cookie za po\u015brednictwem przegl\u0105darki, ale nale\u017cy pami\u0119ta\u0107, \u017ce nasza witryna mo\u017ce przesta\u0107 dzia\u0142a\u0107 prawid\u0142owo.<\/p>\n\n<h3 class=\"wp-block-heading\">6. Ciasteczka<\/h3>\n\n<h4 class=\"wp-block-heading\">6.1 Ciasteczka techniczne lub funkcjonalne<\/h4>\n\n<p>Niekt\u00f3re pliki cookie zapewniaj\u0105 prawid\u0142owe dzia\u0142anie niekt\u00f3rych cz\u0119\u015bci witryny i poznanie preferencji u\u017cytkownika. Umieszczaj\u0105c funkcjonalne pliki cookie, u\u0142atwiamy odwiedzanie naszej strony internetowej. W ten spos\u00f3b nie musisz wielokrotnie wprowadza\u0107 tych samych informacji podczas odwiedzania naszej strony internetowej i, na przyk\u0142ad, przedmioty pozostaj\u0105 w koszyku, dop\u00f3ki nie zap\u0142acisz. Mo\u017cemy umie\u015bci\u0107 te pliki cookie bez Twojej zgody.<\/p>\n\n<h4 class=\"wp-block-heading\">6.2 Cookies analityczne<\/h4>\n\n<p>U\u017cywamy analitycznych plik\u00f3w cookie, aby zoptymalizowa\u0107 korzystanie ze strony internetowej dla naszych u\u017cytkownik\u00f3w. Dzi\u0119ki tym analitycznym plikom cookie uzyskujemy wgl\u0105d w korzystanie z naszej witryny. Prosimy o zgod\u0119 na umieszczanie analitycznych plik\u00f3w cookie.<\/p>\n\n<h4 class=\"wp-block-heading\">6.3 Marketingowe \/ \u015bledz\u0105ce pliki cookies<\/h4>\n\n<p>Na tej stronie u\u017cywamy reklamowych plik\u00f3w cookie, kt\u00f3re pozwalaj\u0105 nam uzyska\u0107 informacje o wynikach kampanii. Odbywa si\u0119 to na podstawie profilu, kt\u00f3ry tworzymy w oparciu o zachowanie u\u017cytkownika na stronie <a href=\"https:\/\/www.filles-de-la-charite.org\/pl\/\">https:\/\/www.filles-de-la-charite.org. <\/a> Dzi\u0119ki tym plikom cookie u\u017cytkownik, jako odwiedzaj\u0105cy witryn\u0119, jest powi\u0105zany z unikalnym identyfikatorem, ale te pliki cookie nie tworz\u0105 profilu jego zachowa\u0144 i zainteresowa\u0144 w celu wy\u015bwietlania spersonalizowanych reklam.<\/p>\n\n<h4 class=\"wp-block-heading\">6.4 Przyciski medi\u00f3w spo\u0142eczno\u015bciowych<\/h4>\n\n<p>Na naszej stronie internetowej umie\u015bcili\u015bmy przyciski Facebooka i Twittera do promowania stron internetowych (np. \u201elubi\u0119 to\u201d, \u201eprzypnij\u201d) lub udost\u0119pniania (np. \u201etweet\u201d) w sieciach spo\u0142eczno\u015bciowych, takich jak Facebook i Twitter. Przyciski te dzia\u0142aj\u0105 przy u\u017cyciu fragment\u00f3w kodu z Facebooka i Twittera. Ten kod ustawia pliki cookie. Te przyciski medi\u00f3w spo\u0142eczno\u015bciowych mog\u0105 r\u00f3wnie\u017c przechowywa\u0107 i przetwarza\u0107 okre\u015blone informacje, aby umo\u017cliwi\u0107 wy\u015bwietlanie spersonalizowanych reklam.<\/p>\n\n<h3 class=\"wp-block-heading\">7. Umieszczone pliki cookie<\/h3>\n\n<p>Poni\u017cej znajduj\u0105 si\u0119 konkretne pliki cookie, kt\u00f3rych u\u017cywamy na naszej stronie internetowej:<\/p>\n\n<figure class=\"wp-block-table\"><table><thead><tr><th>Nazwa pliku cookie<\/th><th>Typ pliku cookie<\/th><th>Cel<\/th><th>Czas trwania<\/th><\/tr><\/thead><tbody><tr><td>_ga<\/td><td>Analityka (Google Analytics)<\/td><td>S\u0142u\u017cy do rozr\u00f3\u017cniania u\u017cytkownik\u00f3w.<\/td><td>2 lata<\/td><\/tr><tr><td>_gid<\/td><td>Analityka (Google Analytics)<\/td><td>S\u0142u\u017cy do rozr\u00f3\u017cniania u\u017cytkownik\u00f3w.<\/td><td>24 godziny<\/td><\/tr><tr><td>_gat<\/td><td>Analityka (Google Analytics)<\/td><td>S\u0142u\u017cy do ograniczania procentu \u017c\u0105da\u0144.<\/td><td>1 minuta<\/td><\/tr><tr><td>wp-settings-{user}<\/td><td>Funkcjonalny (WordPress)<\/td><td>S\u0142u\u017cy do zachowania konfiguracji wp-admin u\u017cytkownika.<\/td><td>1 rok<\/td><\/tr><tr><td>wp-settings-time-{user}<\/td><td>Funkcjonalny (WordPress)<\/td><td>Hora en que se estableci\u00f3 wp-settings-{user}.<\/td><td>1 rok<\/td><\/tr><tr><td>wordpress_logged_in_{hash}<\/td><td>Funkcjonalny (WordPress)<\/td><td>Wskazuje, kiedy si\u0119 zalogowa\u0142e\u015b i kim jeste\u015b.<\/td><td>Sesja<\/td><\/tr><tr><td>wordpress_test_cookie<\/td><td>Funkcjonalny (WordPress)<\/td><td>U\u017cywany przez WordPress do sprawdzania, czy przegl\u0105darka u\u017cytkownika ma w\u0142\u0105czon\u0105 obs\u0142ug\u0119 plik\u00f3w cookie.<\/td><td>Sesja<\/td><\/tr><\/tbody><\/table><\/figure>\n\n<h3 class=\"wp-block-heading\">8. Twoje prawa w odniesieniu do danych osobowych<\/h3>\n\n<p>Masz nast\u0119puj\u0105ce prawa w odniesieniu do swoich danych osobowych:<\/p>\n\n<ul class=\"wp-block-list\">\n<li>\u2022 Masz prawo wiedzie\u0107, dlaczego Twoje dane osobowe s\u0105 potrzebne, co si\u0119 z nimi stanie i jak d\u0142ugo b\u0119d\u0105 przechowywane.<\/li>\n\n\n\n<li>\u2022 Prawo dost\u0119pu: masz prawo dost\u0119pu do znanych nam danych osobowych.<\/li>\n\n\n\n<li>\u2022 Prawo do sprostowania: masz prawo do uzupe\u0142nienia, poprawienia, usuni\u0119cia lub zablokowania danych osobowych w dowolnym momencie.<\/li>\n\n\n\n<li>\u2022 Je\u015bli wyrazisz zgod\u0119 na przetwarzanie swoich danych, masz prawo odwo\u0142a\u0107 t\u0119 zgod\u0119 i usun\u0105\u0107 swoje dane osobowe.<\/li>\n\n\n\n<li>\u2022 Prawo do przekazywania danych: masz prawo za\u017c\u0105da\u0107 od administratora wszystkich swoich danych osobowych i przekaza\u0107 je w ca\u0142o\u015bci innemu kontrolerowi.<\/li>\n\n\n\n<li>\u2022 Prawo do sprzeciwu: mo\u017cesz sprzeciwi\u0107 si\u0119 przetwarzaniu danych. Przestrzegamy tego, chyba \u017ce istniej\u0105 uzasadnione podstawy do przetwarzania.<\/li>\n<\/ul>\n\n<p>Aby skorzysta\u0107 z tych praw, skontaktuj si\u0119 z nami. Prosz\u0119 odnie\u015b\u0107 si\u0119 do danych kontaktowych na dole tego o\u015bwiadczenia cookie. Je\u015bli masz skarg\u0119 dotycz\u0105c\u0105 sposobu post\u0119powania z Twoimi danymi, chcieliby\u015bmy us\u0142ysze\u0107 od Ciebie, ale masz r\u00f3wnie\u017c prawo z\u0142o\u017cy\u0107 skarg\u0119 do organu nadzorczego (organu ochrony danych).<\/p>\n\n<h3 class=\"wp-block-heading\">9. W\u0142\u0105czanie \/ wy\u0142\u0105czanie i usuwanie plik\u00f3w cookie<\/h3>\n\n<p>Mo\u017cesz u\u017cy\u0107 przegl\u0105darki internetowej do automatycznego lub r\u0119cznego usuwania plik\u00f3w cookie. Mo\u017cesz r\u00f3wnie\u017c okre\u015bli\u0107, \u017ce niekt\u00f3re pliki cookie mog\u0105 nie by\u0107 umieszczane. Inn\u0105 opcj\u0105 jest zmiana ustawie\u0144 przegl\u0105darki internetowej, tak aby otrzymywa\u0107 komunikat za ka\u017cdym razem, gdy plik cookie zostanie umieszczony. Aby uzyska\u0107 wi\u0119cej informacji na temat tych opcji, zapoznaj si\u0119 z instrukcjami w sekcji pomocy przegl\u0105darki.<\/p>\n\n<p>Pami\u0119taj, \u017ce nasza witryna mo\u017ce nie dzia\u0142a\u0107 poprawnie, je\u015bli wszystkie pliki cookie s\u0105 wy\u0142\u0105czone. Je\u015bli usuniesz pliki cookie w swojej przegl\u0105darce, zostan\u0105 one ponownie umieszczone po wyra\u017ceniu zgody podczas ponownego odwiedzania naszych stron internetowych.<\/p>\n\n<h3 class=\"wp-block-heading\">10. Dane kontaktowe<\/h3>\n\n<p>W przypadku pyta\u0144 i \/ lub komentarzy dotycz\u0105cych naszej polityki dotycz\u0105cej plik\u00f3w cookie i tego o\u015bwiadczenia, prosimy o kontakt z nami za pomoc\u0105 nast\u0119puj\u0105cych danych kontaktowych:<\/p>\n\n<p>Filles de la Charit\u00e9<br\/><a href=\"https:\/\/www.filles-de-la-charite.org\/pl\/\">https:\/\/www.filles-de-la-charite.org<\/a><\/p>\n\n<p>Filles de la Charit\u00e9 de Saint Vincent de Paul<br\/>140 rue du Bac<br\/>75340 Paris Cedex 07<br\/>FRANCE<br\/>Francja<br\/>Witryna internetowa: <a href=\"https:\/\/www.filles-de-la-charite.org\">https:\/\/www.filles-de-la-charite.org<\/a><br\/>Adres e-mail: cfdlc1633@gmail.com<br\/><\/p>\n\n<p>Ta Polityka Plik\u00f3w Cookies zosta\u0142a zsynchronizowana z <a href=\"https:\/\/cookiedatabase.org\/\" target=\"_blank\" rel=\"noreferrer noopener\">cookiedatabase.org<\/a> w dniu 9 listopad 2021.<\/p><\/div>\n\t\t\t<\/div>\n\t\t\t<\/div>\t\t\t\n\t\t\t\t\n\t\t\t\t\n\t\t\t\t\n\t\t\t\t\n\t\t\t<\/div>\t\t\n\t\t\t\t\n\t\t\t\t\n\t\t\t<\/div>\n","protected":false},"excerpt":{"rendered":"","protected":false},"author":1,"featured_media":0,"parent":0,"menu_order":0,"comment_status":"closed","ping_status":"closed","template":"","meta":{"_acf_changed":false,"_et_pb_use_builder":"on","_et_pb_old_content":"","_et_gb_content_width":"","footnotes":"","_links_to":"","_links_to_target":""},"class_list":["post-35850","page","type-page","status-publish","hentry"],"acf":[],"yoast_head":"<!-- This site is optimized with the Yoast SEO plugin v27.5 - https:\/\/yoast.com\/product\/yoast-seo-wordpress\/ -->\n<title>Polityka dotycz\u0105ca plik\u00f3w cookies - Filles de la Charit\u00e9<\/title>\n<meta name=\"robots\" content=\"index, follow, max-snippet:-1, max-image-preview:large, max-video-preview:-1\" \/>\n<link rel=\"canonical\" href=\"https:\/\/filles-de-la-charite.org\/pl\/politica-de-cookies\/\" \/>\n<meta property=\"og:locale\" content=\"pl_PL\" \/>\n<meta property=\"og:type\" content=\"article\" \/>\n<meta property=\"og:title\" content=\"Polityka dotycz\u0105ca plik\u00f3w cookies - Filles de la Charit\u00e9\" \/>\n<meta property=\"og:url\" content=\"https:\/\/filles-de-la-charite.org\/pl\/politica-de-cookies\/\" \/>\n<meta property=\"og:site_name\" content=\"Filles de la Charit\u00e9\" \/>\n<meta property=\"article:modified_time\" content=\"2024-09-16T18:00:39+00:00\" \/>\n<meta name=\"twitter:card\" content=\"summary_large_image\" \/>\n<meta name=\"twitter:label1\" content=\"Szacowany czas czytania\" \/>\n\t<meta name=\"twitter:data1\" content=\"6 minut\" \/>\n<script type=\"application\/ld+json\" class=\"yoast-schema-graph\">{\"@context\":\"https:\\\/\\\/schema.org\",\"@graph\":[{\"@type\":\"WebPage\",\"@id\":\"https:\\\/\\\/filles-de-la-charite.org\\\/pl\\\/politica-de-cookies\\\/\",\"url\":\"https:\\\/\\\/filles-de-la-charite.org\\\/pl\\\/politica-de-cookies\\\/\",\"name\":\"Polityka dotycz\u0105ca plik\u00f3w cookies - Filles de la Charit\u00e9\",\"isPartOf\":{\"@id\":\"https:\\\/\\\/filles-de-la-charite.org\\\/pl\\\/#website\"},\"datePublished\":\"2024-05-20T05:58:05+00:00\",\"dateModified\":\"2024-09-16T18:00:39+00:00\",\"inLanguage\":\"pl-PL\",\"potentialAction\":[{\"@type\":\"ReadAction\",\"target\":[\"https:\\\/\\\/filles-de-la-charite.org\\\/pl\\\/politica-de-cookies\\\/\"]}]},{\"@type\":\"WebSite\",\"@id\":\"https:\\\/\\\/filles-de-la-charite.org\\\/pl\\\/#website\",\"url\":\"https:\\\/\\\/filles-de-la-charite.org\\\/pl\\\/\",\"name\":\"Hijas de la Caridad\",\"description\":\"L\u2019amour de J\u00e9sus nous presse \u00e0 prendre soin des personnes les plus d\u00e9munies\",\"publisher\":{\"@id\":\"https:\\\/\\\/filles-de-la-charite.org\\\/pl\\\/#organization\"},\"potentialAction\":[{\"@type\":\"SearchAction\",\"target\":{\"@type\":\"EntryPoint\",\"urlTemplate\":\"https:\\\/\\\/filles-de-la-charite.org\\\/pl\\\/?s={search_term_string}\"},\"query-input\":{\"@type\":\"PropertyValueSpecification\",\"valueRequired\":true,\"valueName\":\"search_term_string\"}}],\"inLanguage\":\"pl-PL\"},{\"@type\":\"Organization\",\"@id\":\"https:\\\/\\\/filles-de-la-charite.org\\\/pl\\\/#organization\",\"name\":\"Hijas de la Caridad\",\"url\":\"https:\\\/\\\/filles-de-la-charite.org\\\/pl\\\/\",\"logo\":{\"@type\":\"ImageObject\",\"inLanguage\":\"pl-PL\",\"@id\":\"https:\\\/\\\/filles-de-la-charite.org\\\/pl\\\/#\\\/schema\\\/logo\\\/image\\\/\",\"url\":\"https:\\\/\\\/filles-de-la-charite.org\\\/wp-content\\\/uploads\\\/2023\\\/03\\\/isotipo-Hijas-de-la-Caridad.png\",\"contentUrl\":\"https:\\\/\\\/filles-de-la-charite.org\\\/wp-content\\\/uploads\\\/2023\\\/03\\\/isotipo-Hijas-de-la-Caridad.png\",\"width\":1417,\"height\":1417,\"caption\":\"Hijas de la Caridad\"},\"image\":{\"@id\":\"https:\\\/\\\/filles-de-la-charite.org\\\/pl\\\/#\\\/schema\\\/logo\\\/image\\\/\"}}]}<\/script>\n<!-- \/ Yoast SEO plugin. -->","yoast_head_json":{"title":"Polityka dotycz\u0105ca plik\u00f3w cookies - Filles de la Charit\u00e9","robots":{"index":"index","follow":"follow","max-snippet":"max-snippet:-1","max-image-preview":"max-image-preview:large","max-video-preview":"max-video-preview:-1"},"canonical":"https:\/\/filles-de-la-charite.org\/pl\/politica-de-cookies\/","og_locale":"pl_PL","og_type":"article","og_title":"Polityka dotycz\u0105ca plik\u00f3w cookies - Filles de la Charit\u00e9","og_url":"https:\/\/filles-de-la-charite.org\/pl\/politica-de-cookies\/","og_site_name":"Filles de la Charit\u00e9","article_modified_time":"2024-09-16T18:00:39+00:00","twitter_card":"summary_large_image","twitter_misc":{"Szacowany czas czytania":"6 minut"},"schema":{"@context":"https:\/\/schema.org","@graph":[{"@type":"WebPage","@id":"https:\/\/filles-de-la-charite.org\/pl\/politica-de-cookies\/","url":"https:\/\/filles-de-la-charite.org\/pl\/politica-de-cookies\/","name":"Polityka dotycz\u0105ca plik\u00f3w cookies - Filles de la Charit\u00e9","isPartOf":{"@id":"https:\/\/filles-de-la-charite.org\/pl\/#website"},"datePublished":"2024-05-20T05:58:05+00:00","dateModified":"2024-09-16T18:00:39+00:00","inLanguage":"pl-PL","potentialAction":[{"@type":"ReadAction","target":["https:\/\/filles-de-la-charite.org\/pl\/politica-de-cookies\/"]}]},{"@type":"WebSite","@id":"https:\/\/filles-de-la-charite.org\/pl\/#website","url":"https:\/\/filles-de-la-charite.org\/pl\/","name":"Hijas de la Caridad","description":"L\u2019amour de J\u00e9sus nous presse \u00e0 prendre soin des personnes les plus d\u00e9munies","publisher":{"@id":"https:\/\/filles-de-la-charite.org\/pl\/#organization"},"potentialAction":[{"@type":"SearchAction","target":{"@type":"EntryPoint","urlTemplate":"https:\/\/filles-de-la-charite.org\/pl\/?s={search_term_string}"},"query-input":{"@type":"PropertyValueSpecification","valueRequired":true,"valueName":"search_term_string"}}],"inLanguage":"pl-PL"},{"@type":"Organization","@id":"https:\/\/filles-de-la-charite.org\/pl\/#organization","name":"Hijas de la Caridad","url":"https:\/\/filles-de-la-charite.org\/pl\/","logo":{"@type":"ImageObject","inLanguage":"pl-PL","@id":"https:\/\/filles-de-la-charite.org\/pl\/#\/schema\/logo\/image\/","url":"https:\/\/filles-de-la-charite.org\/wp-content\/uploads\/2023\/03\/isotipo-Hijas-de-la-Caridad.png","contentUrl":"https:\/\/filles-de-la-charite.org\/wp-content\/uploads\/2023\/03\/isotipo-Hijas-de-la-Caridad.png","width":1417,"height":1417,"caption":"Hijas de la Caridad"},"image":{"@id":"https:\/\/filles-de-la-charite.org\/pl\/#\/schema\/logo\/image\/"}}]}},"_links":{"self":[{"href":"https:\/\/filles-de-la-charite.org\/pl\/wp-json\/wp\/v2\/pages\/35850","targetHints":{"allow":["GET"]}}],"collection":[{"href":"https:\/\/filles-de-la-charite.org\/pl\/wp-json\/wp\/v2\/pages"}],"about":[{"href":"https:\/\/filles-de-la-charite.org\/pl\/wp-json\/wp\/v2\/types\/page"}],"author":[{"embeddable":true,"href":"https:\/\/filles-de-la-charite.org\/pl\/wp-json\/wp\/v2\/users\/1"}],"replies":[{"embeddable":true,"href":"https:\/\/filles-de-la-charite.org\/pl\/wp-json\/wp\/v2\/comments?post=35850"}],"version-history":[{"count":6,"href":"https:\/\/filles-de-la-charite.org\/pl\/wp-json\/wp\/v2\/pages\/35850\/revisions"}],"predecessor-version":[{"id":36976,"href":"https:\/\/filles-de-la-charite.org\/pl\/wp-json\/wp\/v2\/pages\/35850\/revisions\/36976"}],"wp:attachment":[{"href":"https:\/\/filles-de-la-charite.org\/pl\/wp-json\/wp\/v2\/media?parent=35850"}],"curies":[{"name":"wp","href":"https:\/\/api.w.org\/{rel}","templated":true}]}}