{"id":25875,"date":"2020-06-19T10:43:36","date_gmt":"2020-06-19T08:43:36","guid":{"rendered":"https:\/\/hijascaridad.sjdigitaldemo.ovh\/rincon-oracion\/blogoslawione-meczenniczki-z-arras\/"},"modified":"2020-06-19T10:45:18","modified_gmt":"2020-06-19T08:45:18","slug":"blogoslawione-meczenniczki-z-arras","status":"publish","type":"rincon-oracion","link":"https:\/\/filles-de-la-charite.org\/pl\/rincon-oracion\/blogoslawione-meczenniczki-z-arras\/","title":{"rendered":"B\u0142ogos\u0142awione M\u0119czenniczki Z Arras"},"content":{"rendered":"\n<p>Wiemy, \u017ce m\u0119cze\u0144stwo jest \u015bci\u015ble zwi\u0105zane z histori\u0105 Ko\u015bcio\u0142a. Aposto\u0142owie i ich nast\u0119pcy byli pierwszymi m\u0119czennikami, pierwszymi \u201e\u015bwiadkami\u201d. Jednak wa\u017cne jest, aby potwierdzi\u0107 znaczenie chrze\u015bcija\u0144skiego m\u0119cze\u0144stwa w dzisiejszym \u015bwiecie: ucze\u0144 Chrystusa nigdy nie szuka prze\u015bladowa\u0144 ani \u015bmierci dla siebie samego. Ucze\u0144 Chrystusa chce po prostu kocha\u0107 Go i by\u0107 z Nim zjednoczony. Chrze\u015bcija\u0144skie m\u0119cze\u0144stwo, w kt\u00f3rym odmawia si\u0119 wyrzeczenia Chrystusa przed innymi, jest zawsze wyrazem wiary i \u015bwiadectwem Bo\u017cej mi\u0142o\u015bci, kt\u00f3ra mo\u017ce prowadzi\u0107 do \u015bmierci, ale nigdy dlatego, \u017ce si\u0119 jej szuka\u0142o.<\/p>\n\n\n\n<p>W naszym XXI wieku sk\u0142adamy ho\u0142d odwadze i wytrwa\u0142o\u015bci wszystkich naszych znanych i nieznanych braci i si\u00f3str, kap\u0142an\u00f3w, \u015bwieckich i zakonnik\u00f3w, kt\u00f3rzy nawet dzi\u015b, w obliczu przeciwno\u015bci, \u015bwiadcz\u0105 o mocnej i niewzruszonej wierze w Chrystusa. Niech ich wstawiennictwo zach\u0119ca nas do pod\u0105\u017cania za Ewangeli\u0105!<\/p>\n\n\n\n<p><em>(wg S. Anny Prevost)<\/em><\/p>\n\n\n\n<figure class=\"wp-block-embed-youtube wp-block-embed is-type-video is-provider-youtube wp-embed-aspect-16-9 wp-has-aspect-ratio\"><div class=\"wp-block-embed__wrapper\">\n<iframe loading=\"lazy\" title=\"[PL 2020.06] B\u0142ogos\u0142awione M\u0119czenniczki z Arras\" width=\"1080\" height=\"608\" src=\"https:\/\/www.youtube.com\/embed\/F25YxZOai1I?feature=oembed\"  allow=\"accelerometer; autoplay; clipboard-write; encrypted-media; gyroscope; picture-in-picture; web-share\" referrerpolicy=\"strict-origin-when-cross-origin\" allowfullscreen><\/iframe>\n<\/div><\/figure>\n","protected":false},"featured_media":2236,"template":"","meta":{"_acf_changed":false,"_links_to":"","_links_to_target":""},"class_list":["post-25875","rincon-oracion","type-rincon-oracion","status-publish","has-post-thumbnail","hentry"],"acf":[],"yoast_head":"<!-- This site is optimized with the Yoast SEO plugin v27.5 - https:\/\/yoast.com\/product\/yoast-seo-wordpress\/ -->\n<title>B\u0142ogos\u0142awione M\u0119czenniczki Z Arras - Filles de la Charit\u00e9<\/title>\n<meta name=\"robots\" content=\"index, follow, max-snippet:-1, max-image-preview:large, max-video-preview:-1\" \/>\n<link rel=\"canonical\" href=\"https:\/\/filles-de-la-charite.org\/pl\/rincon-oracion\/blogoslawione-meczenniczki-z-arras\/\" \/>\n<meta property=\"og:locale\" content=\"pl_PL\" \/>\n<meta property=\"og:type\" content=\"article\" \/>\n<meta property=\"og:title\" content=\"B\u0142ogos\u0142awione M\u0119czenniczki Z Arras - Filles de la Charit\u00e9\" \/>\n<meta property=\"og:description\" content=\"Wiemy, \u017ce m\u0119cze\u0144stwo jest \u015bci\u015ble zwi\u0105zane z histori\u0105 Ko\u015bcio\u0142a. Aposto\u0142owie i ich nast\u0119pcy byli pierwszymi m\u0119czennikami, pierwszymi \u201e\u015bwiadkami\u201d. Jednak wa\u017cne jest, aby potwierdzi\u0107 znaczenie chrze\u015bcija\u0144skiego m\u0119cze\u0144stwa w dzisiejszym \u015bwiecie: ucze\u0144 Chrystusa nigdy nie szuka prze\u015bladowa\u0144 ani \u015bmierci dla siebie samego. Ucze\u0144 Chrystusa chce po prostu kocha\u0107 Go i by\u0107 z Nim zjednoczony. Chrze\u015bcija\u0144skie m\u0119cze\u0144stwo, w [&hellip;]\" \/>\n<meta property=\"og:url\" content=\"https:\/\/filles-de-la-charite.org\/pl\/rincon-oracion\/blogoslawione-meczenniczki-z-arras\/\" \/>\n<meta property=\"og:site_name\" content=\"Filles de la Charit\u00e9\" \/>\n<meta property=\"article:modified_time\" content=\"2020-06-19T08:45:18+00:00\" \/>\n<meta property=\"og:image\" content=\"https:\/\/filles-de-la-charite.org\/wp-content\/uploads\/2023\/04\/hqdefault-1.jpg\" \/>\n\t<meta property=\"og:image:width\" content=\"480\" \/>\n\t<meta property=\"og:image:height\" content=\"360\" \/>\n\t<meta property=\"og:image:type\" content=\"image\/jpeg\" \/>\n<meta name=\"twitter:card\" content=\"summary_large_image\" \/>\n<meta name=\"twitter:label1\" content=\"Szacowany czas czytania\" \/>\n\t<meta name=\"twitter:data1\" content=\"1 minuta\" \/>\n<script type=\"application\/ld+json\" class=\"yoast-schema-graph\">{\"@context\":\"https:\\\/\\\/schema.org\",\"@graph\":[{\"@type\":\"WebPage\",\"@id\":\"https:\\\/\\\/filles-de-la-charite.org\\\/pl\\\/rincon-oracion\\\/blogoslawione-meczenniczki-z-arras\\\/\",\"url\":\"https:\\\/\\\/filles-de-la-charite.org\\\/pl\\\/rincon-oracion\\\/blogoslawione-meczenniczki-z-arras\\\/\",\"name\":\"B\u0142ogos\u0142awione M\u0119czenniczki Z Arras - Filles de la Charit\u00e9\",\"isPartOf\":{\"@id\":\"https:\\\/\\\/filles-de-la-charite.org\\\/pl\\\/#website\"},\"primaryImageOfPage\":{\"@id\":\"https:\\\/\\\/filles-de-la-charite.org\\\/pl\\\/rincon-oracion\\\/blogoslawione-meczenniczki-z-arras\\\/#primaryimage\"},\"image\":{\"@id\":\"https:\\\/\\\/filles-de-la-charite.org\\\/pl\\\/rincon-oracion\\\/blogoslawione-meczenniczki-z-arras\\\/#primaryimage\"},\"thumbnailUrl\":\"https:\\\/\\\/filles-de-la-charite.org\\\/wp-content\\\/uploads\\\/2023\\\/04\\\/hqdefault-1.jpg\",\"datePublished\":\"2020-06-19T08:43:36+00:00\",\"dateModified\":\"2020-06-19T08:45:18+00:00\",\"inLanguage\":\"pl-PL\",\"potentialAction\":[{\"@type\":\"ReadAction\",\"target\":[\"https:\\\/\\\/filles-de-la-charite.org\\\/pl\\\/rincon-oracion\\\/blogoslawione-meczenniczki-z-arras\\\/\"]}]},{\"@type\":\"ImageObject\",\"inLanguage\":\"pl-PL\",\"@id\":\"https:\\\/\\\/filles-de-la-charite.org\\\/pl\\\/rincon-oracion\\\/blogoslawione-meczenniczki-z-arras\\\/#primaryimage\",\"url\":\"https:\\\/\\\/filles-de-la-charite.org\\\/wp-content\\\/uploads\\\/2023\\\/04\\\/hqdefault-1.jpg\",\"contentUrl\":\"https:\\\/\\\/filles-de-la-charite.org\\\/wp-content\\\/uploads\\\/2023\\\/04\\\/hqdefault-1.jpg\",\"width\":480,\"height\":360},{\"@type\":\"WebSite\",\"@id\":\"https:\\\/\\\/filles-de-la-charite.org\\\/pl\\\/#website\",\"url\":\"https:\\\/\\\/filles-de-la-charite.org\\\/pl\\\/\",\"name\":\"Hijas de la Caridad\",\"description\":\"L\u2019amour de J\u00e9sus nous presse \u00e0 prendre soin des personnes les plus d\u00e9munies\",\"publisher\":{\"@id\":\"https:\\\/\\\/filles-de-la-charite.org\\\/pl\\\/#organization\"},\"potentialAction\":[{\"@type\":\"SearchAction\",\"target\":{\"@type\":\"EntryPoint\",\"urlTemplate\":\"https:\\\/\\\/filles-de-la-charite.org\\\/pl\\\/?s={search_term_string}\"},\"query-input\":{\"@type\":\"PropertyValueSpecification\",\"valueRequired\":true,\"valueName\":\"search_term_string\"}}],\"inLanguage\":\"pl-PL\"},{\"@type\":\"Organization\",\"@id\":\"https:\\\/\\\/filles-de-la-charite.org\\\/pl\\\/#organization\",\"name\":\"Hijas de la Caridad\",\"url\":\"https:\\\/\\\/filles-de-la-charite.org\\\/pl\\\/\",\"logo\":{\"@type\":\"ImageObject\",\"inLanguage\":\"pl-PL\",\"@id\":\"https:\\\/\\\/filles-de-la-charite.org\\\/pl\\\/#\\\/schema\\\/logo\\\/image\\\/\",\"url\":\"https:\\\/\\\/filles-de-la-charite.org\\\/wp-content\\\/uploads\\\/2023\\\/03\\\/isotipo-Hijas-de-la-Caridad.png\",\"contentUrl\":\"https:\\\/\\\/filles-de-la-charite.org\\\/wp-content\\\/uploads\\\/2023\\\/03\\\/isotipo-Hijas-de-la-Caridad.png\",\"width\":1417,\"height\":1417,\"caption\":\"Hijas de la Caridad\"},\"image\":{\"@id\":\"https:\\\/\\\/filles-de-la-charite.org\\\/pl\\\/#\\\/schema\\\/logo\\\/image\\\/\"}}]}<\/script>\n<!-- \/ Yoast SEO plugin. -->","yoast_head_json":{"title":"B\u0142ogos\u0142awione M\u0119czenniczki Z Arras - Filles de la Charit\u00e9","robots":{"index":"index","follow":"follow","max-snippet":"max-snippet:-1","max-image-preview":"max-image-preview:large","max-video-preview":"max-video-preview:-1"},"canonical":"https:\/\/filles-de-la-charite.org\/pl\/rincon-oracion\/blogoslawione-meczenniczki-z-arras\/","og_locale":"pl_PL","og_type":"article","og_title":"B\u0142ogos\u0142awione M\u0119czenniczki Z Arras - Filles de la Charit\u00e9","og_description":"Wiemy, \u017ce m\u0119cze\u0144stwo jest \u015bci\u015ble zwi\u0105zane z histori\u0105 Ko\u015bcio\u0142a. Aposto\u0142owie i ich nast\u0119pcy byli pierwszymi m\u0119czennikami, pierwszymi \u201e\u015bwiadkami\u201d. Jednak wa\u017cne jest, aby potwierdzi\u0107 znaczenie chrze\u015bcija\u0144skiego m\u0119cze\u0144stwa w dzisiejszym \u015bwiecie: ucze\u0144 Chrystusa nigdy nie szuka prze\u015bladowa\u0144 ani \u015bmierci dla siebie samego. Ucze\u0144 Chrystusa chce po prostu kocha\u0107 Go i by\u0107 z Nim zjednoczony. Chrze\u015bcija\u0144skie m\u0119cze\u0144stwo, w [&hellip;]","og_url":"https:\/\/filles-de-la-charite.org\/pl\/rincon-oracion\/blogoslawione-meczenniczki-z-arras\/","og_site_name":"Filles de la Charit\u00e9","article_modified_time":"2020-06-19T08:45:18+00:00","og_image":[{"width":480,"height":360,"url":"https:\/\/filles-de-la-charite.org\/wp-content\/uploads\/2023\/04\/hqdefault-1.jpg","type":"image\/jpeg"}],"twitter_card":"summary_large_image","twitter_misc":{"Szacowany czas czytania":"1 minuta"},"schema":{"@context":"https:\/\/schema.org","@graph":[{"@type":"WebPage","@id":"https:\/\/filles-de-la-charite.org\/pl\/rincon-oracion\/blogoslawione-meczenniczki-z-arras\/","url":"https:\/\/filles-de-la-charite.org\/pl\/rincon-oracion\/blogoslawione-meczenniczki-z-arras\/","name":"B\u0142ogos\u0142awione M\u0119czenniczki Z Arras - Filles de la Charit\u00e9","isPartOf":{"@id":"https:\/\/filles-de-la-charite.org\/pl\/#website"},"primaryImageOfPage":{"@id":"https:\/\/filles-de-la-charite.org\/pl\/rincon-oracion\/blogoslawione-meczenniczki-z-arras\/#primaryimage"},"image":{"@id":"https:\/\/filles-de-la-charite.org\/pl\/rincon-oracion\/blogoslawione-meczenniczki-z-arras\/#primaryimage"},"thumbnailUrl":"https:\/\/filles-de-la-charite.org\/wp-content\/uploads\/2023\/04\/hqdefault-1.jpg","datePublished":"2020-06-19T08:43:36+00:00","dateModified":"2020-06-19T08:45:18+00:00","inLanguage":"pl-PL","potentialAction":[{"@type":"ReadAction","target":["https:\/\/filles-de-la-charite.org\/pl\/rincon-oracion\/blogoslawione-meczenniczki-z-arras\/"]}]},{"@type":"ImageObject","inLanguage":"pl-PL","@id":"https:\/\/filles-de-la-charite.org\/pl\/rincon-oracion\/blogoslawione-meczenniczki-z-arras\/#primaryimage","url":"https:\/\/filles-de-la-charite.org\/wp-content\/uploads\/2023\/04\/hqdefault-1.jpg","contentUrl":"https:\/\/filles-de-la-charite.org\/wp-content\/uploads\/2023\/04\/hqdefault-1.jpg","width":480,"height":360},{"@type":"WebSite","@id":"https:\/\/filles-de-la-charite.org\/pl\/#website","url":"https:\/\/filles-de-la-charite.org\/pl\/","name":"Hijas de la Caridad","description":"L\u2019amour de J\u00e9sus nous presse \u00e0 prendre soin des personnes les plus d\u00e9munies","publisher":{"@id":"https:\/\/filles-de-la-charite.org\/pl\/#organization"},"potentialAction":[{"@type":"SearchAction","target":{"@type":"EntryPoint","urlTemplate":"https:\/\/filles-de-la-charite.org\/pl\/?s={search_term_string}"},"query-input":{"@type":"PropertyValueSpecification","valueRequired":true,"valueName":"search_term_string"}}],"inLanguage":"pl-PL"},{"@type":"Organization","@id":"https:\/\/filles-de-la-charite.org\/pl\/#organization","name":"Hijas de la Caridad","url":"https:\/\/filles-de-la-charite.org\/pl\/","logo":{"@type":"ImageObject","inLanguage":"pl-PL","@id":"https:\/\/filles-de-la-charite.org\/pl\/#\/schema\/logo\/image\/","url":"https:\/\/filles-de-la-charite.org\/wp-content\/uploads\/2023\/03\/isotipo-Hijas-de-la-Caridad.png","contentUrl":"https:\/\/filles-de-la-charite.org\/wp-content\/uploads\/2023\/03\/isotipo-Hijas-de-la-Caridad.png","width":1417,"height":1417,"caption":"Hijas de la Caridad"},"image":{"@id":"https:\/\/filles-de-la-charite.org\/pl\/#\/schema\/logo\/image\/"}}]}},"_links":{"self":[{"href":"https:\/\/filles-de-la-charite.org\/pl\/wp-json\/wp\/v2\/rincon-oracion\/25875","targetHints":{"allow":["GET"]}}],"collection":[{"href":"https:\/\/filles-de-la-charite.org\/pl\/wp-json\/wp\/v2\/rincon-oracion"}],"about":[{"href":"https:\/\/filles-de-la-charite.org\/pl\/wp-json\/wp\/v2\/types\/rincon-oracion"}],"wp:featuredmedia":[{"embeddable":true,"href":"https:\/\/filles-de-la-charite.org\/pl\/wp-json\/wp\/v2\/media\/2236"}],"wp:attachment":[{"href":"https:\/\/filles-de-la-charite.org\/pl\/wp-json\/wp\/v2\/media?parent=25875"}],"curies":[{"name":"wp","href":"https:\/\/api.w.org\/{rel}","templated":true}]}}