{"id":25876,"date":"2020-07-17T10:52:27","date_gmt":"2020-07-17T08:52:27","guid":{"rendered":"https:\/\/hijascaridad.sjdigitaldemo.ovh\/rincon-oracion\/190-rocznica-objawien-sw-katarzynie-laboure\/"},"modified":"2020-07-17T10:54:21","modified_gmt":"2020-07-17T08:54:21","slug":"190-rocznica-objawien-sw-katarzynie-laboure","status":"publish","type":"rincon-oracion","link":"https:\/\/filles-de-la-charite.org\/pl\/rincon-oracion\/190-rocznica-objawien-sw-katarzynie-laboure\/","title":{"rendered":"190. Rocznica Objawie\u0144 \u015aw. Katarzynie Labour\u00e9"},"content":{"rendered":"\n<p>190. Rocznica objawie\u0144 Matki Bo\u017cej \u015awi\u0119tej Katarzynie Labour\u00e9 w Pary\u017cu to bardzo wa\u017cna okazja, aby pami\u0119ta\u0107, \u017ce w czasach Katarzyny w Pary\u017cu rozprzestrzenia\u0142a si\u0119 straszna epidemia cholery, powoduj\u0105c tysi\u0105ce zgon\u00f3w. Dzi\u015b \u017cyjemy w czasach Covid -19, kt\u00f3ry szaleje na ca\u0142ym \u015bwiecie. To jest tak\u017ce czas, aby \u017cy\u0107 wiar\u0105 po raz kolejny s\u0142uchaj\u0105c s\u0142\u00f3w, kt\u00f3re Naj\u015bwi\u0119tsza Dziewica skierowa\u0142a do \u015awi\u0119tej Katarzyny podczas objawienia Cudownego Medalika 27 listopada 1830 roku wyra\u017caj\u0105c pragnienie: \u201eCi, kt\u00f3rzy b\u0119d\u0105 go nosi\u0107 z ufno\u015bci\u0105, otrzymaj\u0105 wielkie \u0142aski\u201d. No\u015bmy go wi\u0119c i niech inni wiernie nosz\u0105 medalik, kt\u00f3ry Maryja pragn\u0119\u0142a da\u0107 ka\u017cdemu cz\u0142owiekowi i ludziom wszystkich czas\u00f3w!<\/p>\n\n\n\n<figure class=\"wp-block-embed-youtube wp-block-embed is-type-video is-provider-youtube wp-embed-aspect-16-9 wp-has-aspect-ratio\"><div class=\"wp-block-embed__wrapper\">\n<iframe loading=\"lazy\" title=\"[PL 2020.07] 190.  Rocznica objawie\u0144 \u015aw  Katarzynie Labour\u00e9\" width=\"1080\" height=\"608\" src=\"https:\/\/www.youtube.com\/embed\/5rinVkBoWx0?feature=oembed\"  allow=\"accelerometer; autoplay; clipboard-write; encrypted-media; gyroscope; picture-in-picture; web-share\" referrerpolicy=\"strict-origin-when-cross-origin\" allowfullscreen><\/iframe>\n<\/div><\/figure>\n","protected":false},"featured_media":2243,"template":"","meta":{"_acf_changed":false,"_links_to":"","_links_to_target":""},"class_list":["post-25876","rincon-oracion","type-rincon-oracion","status-publish","has-post-thumbnail","hentry"],"acf":[],"yoast_head":"<!-- This site is optimized with the Yoast SEO plugin v27.5 - https:\/\/yoast.com\/product\/yoast-seo-wordpress\/ -->\n<title>190. Rocznica Objawie\u0144 \u015aw. Katarzynie Labour\u00e9 - Filles de la Charit\u00e9<\/title>\n<meta name=\"robots\" content=\"index, follow, max-snippet:-1, max-image-preview:large, max-video-preview:-1\" \/>\n<link rel=\"canonical\" href=\"https:\/\/filles-de-la-charite.org\/pl\/rincon-oracion\/190-rocznica-objawien-sw-katarzynie-laboure\/\" \/>\n<meta property=\"og:locale\" content=\"pl_PL\" \/>\n<meta property=\"og:type\" content=\"article\" \/>\n<meta property=\"og:title\" content=\"190. Rocznica Objawie\u0144 \u015aw. Katarzynie Labour\u00e9 - Filles de la Charit\u00e9\" \/>\n<meta property=\"og:description\" content=\"190. Rocznica objawie\u0144 Matki Bo\u017cej \u015awi\u0119tej Katarzynie Labour\u00e9 w Pary\u017cu to bardzo wa\u017cna okazja, aby pami\u0119ta\u0107, \u017ce w czasach Katarzyny w Pary\u017cu rozprzestrzenia\u0142a si\u0119 straszna epidemia cholery, powoduj\u0105c tysi\u0105ce zgon\u00f3w. Dzi\u015b \u017cyjemy w czasach Covid -19, kt\u00f3ry szaleje na ca\u0142ym \u015bwiecie. To jest tak\u017ce czas, aby \u017cy\u0107 wiar\u0105 po raz kolejny s\u0142uchaj\u0105c s\u0142\u00f3w, kt\u00f3re Naj\u015bwi\u0119tsza [&hellip;]\" \/>\n<meta property=\"og:url\" content=\"https:\/\/filles-de-la-charite.org\/pl\/rincon-oracion\/190-rocznica-objawien-sw-katarzynie-laboure\/\" \/>\n<meta property=\"og:site_name\" content=\"Filles de la Charit\u00e9\" \/>\n<meta property=\"article:modified_time\" content=\"2020-07-17T08:54:21+00:00\" \/>\n<meta property=\"og:image\" content=\"https:\/\/filles-de-la-charite.org\/wp-content\/uploads\/2023\/04\/maxresdefault-1-1.jpg\" \/>\n\t<meta property=\"og:image:width\" content=\"1280\" \/>\n\t<meta property=\"og:image:height\" content=\"720\" \/>\n\t<meta property=\"og:image:type\" content=\"image\/jpeg\" \/>\n<meta name=\"twitter:card\" content=\"summary_large_image\" \/>\n<meta name=\"twitter:label1\" content=\"Szacowany czas czytania\" \/>\n\t<meta name=\"twitter:data1\" content=\"1 minuta\" \/>\n<script type=\"application\/ld+json\" class=\"yoast-schema-graph\">{\"@context\":\"https:\\\/\\\/schema.org\",\"@graph\":[{\"@type\":\"WebPage\",\"@id\":\"https:\\\/\\\/filles-de-la-charite.org\\\/pl\\\/rincon-oracion\\\/190-rocznica-objawien-sw-katarzynie-laboure\\\/\",\"url\":\"https:\\\/\\\/filles-de-la-charite.org\\\/pl\\\/rincon-oracion\\\/190-rocznica-objawien-sw-katarzynie-laboure\\\/\",\"name\":\"190. Rocznica Objawie\u0144 \u015aw. Katarzynie Labour\u00e9 - Filles de la Charit\u00e9\",\"isPartOf\":{\"@id\":\"https:\\\/\\\/filles-de-la-charite.org\\\/pl\\\/#website\"},\"primaryImageOfPage\":{\"@id\":\"https:\\\/\\\/filles-de-la-charite.org\\\/pl\\\/rincon-oracion\\\/190-rocznica-objawien-sw-katarzynie-laboure\\\/#primaryimage\"},\"image\":{\"@id\":\"https:\\\/\\\/filles-de-la-charite.org\\\/pl\\\/rincon-oracion\\\/190-rocznica-objawien-sw-katarzynie-laboure\\\/#primaryimage\"},\"thumbnailUrl\":\"https:\\\/\\\/filles-de-la-charite.org\\\/wp-content\\\/uploads\\\/2023\\\/04\\\/maxresdefault-1-1.jpg\",\"datePublished\":\"2020-07-17T08:52:27+00:00\",\"dateModified\":\"2020-07-17T08:54:21+00:00\",\"inLanguage\":\"pl-PL\",\"potentialAction\":[{\"@type\":\"ReadAction\",\"target\":[\"https:\\\/\\\/filles-de-la-charite.org\\\/pl\\\/rincon-oracion\\\/190-rocznica-objawien-sw-katarzynie-laboure\\\/\"]}]},{\"@type\":\"ImageObject\",\"inLanguage\":\"pl-PL\",\"@id\":\"https:\\\/\\\/filles-de-la-charite.org\\\/pl\\\/rincon-oracion\\\/190-rocznica-objawien-sw-katarzynie-laboure\\\/#primaryimage\",\"url\":\"https:\\\/\\\/filles-de-la-charite.org\\\/wp-content\\\/uploads\\\/2023\\\/04\\\/maxresdefault-1-1.jpg\",\"contentUrl\":\"https:\\\/\\\/filles-de-la-charite.org\\\/wp-content\\\/uploads\\\/2023\\\/04\\\/maxresdefault-1-1.jpg\",\"width\":1280,\"height\":720},{\"@type\":\"WebSite\",\"@id\":\"https:\\\/\\\/filles-de-la-charite.org\\\/pl\\\/#website\",\"url\":\"https:\\\/\\\/filles-de-la-charite.org\\\/pl\\\/\",\"name\":\"Hijas de la Caridad\",\"description\":\"L\u2019amour de J\u00e9sus nous presse \u00e0 prendre soin des personnes les plus d\u00e9munies\",\"publisher\":{\"@id\":\"https:\\\/\\\/filles-de-la-charite.org\\\/pl\\\/#organization\"},\"potentialAction\":[{\"@type\":\"SearchAction\",\"target\":{\"@type\":\"EntryPoint\",\"urlTemplate\":\"https:\\\/\\\/filles-de-la-charite.org\\\/pl\\\/?s={search_term_string}\"},\"query-input\":{\"@type\":\"PropertyValueSpecification\",\"valueRequired\":true,\"valueName\":\"search_term_string\"}}],\"inLanguage\":\"pl-PL\"},{\"@type\":\"Organization\",\"@id\":\"https:\\\/\\\/filles-de-la-charite.org\\\/pl\\\/#organization\",\"name\":\"Hijas de la Caridad\",\"url\":\"https:\\\/\\\/filles-de-la-charite.org\\\/pl\\\/\",\"logo\":{\"@type\":\"ImageObject\",\"inLanguage\":\"pl-PL\",\"@id\":\"https:\\\/\\\/filles-de-la-charite.org\\\/pl\\\/#\\\/schema\\\/logo\\\/image\\\/\",\"url\":\"https:\\\/\\\/filles-de-la-charite.org\\\/wp-content\\\/uploads\\\/2023\\\/03\\\/isotipo-Hijas-de-la-Caridad.png\",\"contentUrl\":\"https:\\\/\\\/filles-de-la-charite.org\\\/wp-content\\\/uploads\\\/2023\\\/03\\\/isotipo-Hijas-de-la-Caridad.png\",\"width\":1417,\"height\":1417,\"caption\":\"Hijas de la Caridad\"},\"image\":{\"@id\":\"https:\\\/\\\/filles-de-la-charite.org\\\/pl\\\/#\\\/schema\\\/logo\\\/image\\\/\"}}]}<\/script>\n<!-- \/ Yoast SEO plugin. -->","yoast_head_json":{"title":"190. Rocznica Objawie\u0144 \u015aw. Katarzynie Labour\u00e9 - Filles de la Charit\u00e9","robots":{"index":"index","follow":"follow","max-snippet":"max-snippet:-1","max-image-preview":"max-image-preview:large","max-video-preview":"max-video-preview:-1"},"canonical":"https:\/\/filles-de-la-charite.org\/pl\/rincon-oracion\/190-rocznica-objawien-sw-katarzynie-laboure\/","og_locale":"pl_PL","og_type":"article","og_title":"190. Rocznica Objawie\u0144 \u015aw. Katarzynie Labour\u00e9 - Filles de la Charit\u00e9","og_description":"190. Rocznica objawie\u0144 Matki Bo\u017cej \u015awi\u0119tej Katarzynie Labour\u00e9 w Pary\u017cu to bardzo wa\u017cna okazja, aby pami\u0119ta\u0107, \u017ce w czasach Katarzyny w Pary\u017cu rozprzestrzenia\u0142a si\u0119 straszna epidemia cholery, powoduj\u0105c tysi\u0105ce zgon\u00f3w. Dzi\u015b \u017cyjemy w czasach Covid -19, kt\u00f3ry szaleje na ca\u0142ym \u015bwiecie. To jest tak\u017ce czas, aby \u017cy\u0107 wiar\u0105 po raz kolejny s\u0142uchaj\u0105c s\u0142\u00f3w, kt\u00f3re Naj\u015bwi\u0119tsza [&hellip;]","og_url":"https:\/\/filles-de-la-charite.org\/pl\/rincon-oracion\/190-rocznica-objawien-sw-katarzynie-laboure\/","og_site_name":"Filles de la Charit\u00e9","article_modified_time":"2020-07-17T08:54:21+00:00","og_image":[{"width":1280,"height":720,"url":"https:\/\/filles-de-la-charite.org\/wp-content\/uploads\/2023\/04\/maxresdefault-1-1.jpg","type":"image\/jpeg"}],"twitter_card":"summary_large_image","twitter_misc":{"Szacowany czas czytania":"1 minuta"},"schema":{"@context":"https:\/\/schema.org","@graph":[{"@type":"WebPage","@id":"https:\/\/filles-de-la-charite.org\/pl\/rincon-oracion\/190-rocznica-objawien-sw-katarzynie-laboure\/","url":"https:\/\/filles-de-la-charite.org\/pl\/rincon-oracion\/190-rocznica-objawien-sw-katarzynie-laboure\/","name":"190. Rocznica Objawie\u0144 \u015aw. Katarzynie Labour\u00e9 - Filles de la Charit\u00e9","isPartOf":{"@id":"https:\/\/filles-de-la-charite.org\/pl\/#website"},"primaryImageOfPage":{"@id":"https:\/\/filles-de-la-charite.org\/pl\/rincon-oracion\/190-rocznica-objawien-sw-katarzynie-laboure\/#primaryimage"},"image":{"@id":"https:\/\/filles-de-la-charite.org\/pl\/rincon-oracion\/190-rocznica-objawien-sw-katarzynie-laboure\/#primaryimage"},"thumbnailUrl":"https:\/\/filles-de-la-charite.org\/wp-content\/uploads\/2023\/04\/maxresdefault-1-1.jpg","datePublished":"2020-07-17T08:52:27+00:00","dateModified":"2020-07-17T08:54:21+00:00","inLanguage":"pl-PL","potentialAction":[{"@type":"ReadAction","target":["https:\/\/filles-de-la-charite.org\/pl\/rincon-oracion\/190-rocznica-objawien-sw-katarzynie-laboure\/"]}]},{"@type":"ImageObject","inLanguage":"pl-PL","@id":"https:\/\/filles-de-la-charite.org\/pl\/rincon-oracion\/190-rocznica-objawien-sw-katarzynie-laboure\/#primaryimage","url":"https:\/\/filles-de-la-charite.org\/wp-content\/uploads\/2023\/04\/maxresdefault-1-1.jpg","contentUrl":"https:\/\/filles-de-la-charite.org\/wp-content\/uploads\/2023\/04\/maxresdefault-1-1.jpg","width":1280,"height":720},{"@type":"WebSite","@id":"https:\/\/filles-de-la-charite.org\/pl\/#website","url":"https:\/\/filles-de-la-charite.org\/pl\/","name":"Hijas de la Caridad","description":"L\u2019amour de J\u00e9sus nous presse \u00e0 prendre soin des personnes les plus d\u00e9munies","publisher":{"@id":"https:\/\/filles-de-la-charite.org\/pl\/#organization"},"potentialAction":[{"@type":"SearchAction","target":{"@type":"EntryPoint","urlTemplate":"https:\/\/filles-de-la-charite.org\/pl\/?s={search_term_string}"},"query-input":{"@type":"PropertyValueSpecification","valueRequired":true,"valueName":"search_term_string"}}],"inLanguage":"pl-PL"},{"@type":"Organization","@id":"https:\/\/filles-de-la-charite.org\/pl\/#organization","name":"Hijas de la Caridad","url":"https:\/\/filles-de-la-charite.org\/pl\/","logo":{"@type":"ImageObject","inLanguage":"pl-PL","@id":"https:\/\/filles-de-la-charite.org\/pl\/#\/schema\/logo\/image\/","url":"https:\/\/filles-de-la-charite.org\/wp-content\/uploads\/2023\/03\/isotipo-Hijas-de-la-Caridad.png","contentUrl":"https:\/\/filles-de-la-charite.org\/wp-content\/uploads\/2023\/03\/isotipo-Hijas-de-la-Caridad.png","width":1417,"height":1417,"caption":"Hijas de la Caridad"},"image":{"@id":"https:\/\/filles-de-la-charite.org\/pl\/#\/schema\/logo\/image\/"}}]}},"_links":{"self":[{"href":"https:\/\/filles-de-la-charite.org\/pl\/wp-json\/wp\/v2\/rincon-oracion\/25876","targetHints":{"allow":["GET"]}}],"collection":[{"href":"https:\/\/filles-de-la-charite.org\/pl\/wp-json\/wp\/v2\/rincon-oracion"}],"about":[{"href":"https:\/\/filles-de-la-charite.org\/pl\/wp-json\/wp\/v2\/types\/rincon-oracion"}],"wp:featuredmedia":[{"embeddable":true,"href":"https:\/\/filles-de-la-charite.org\/pl\/wp-json\/wp\/v2\/media\/2243"}],"wp:attachment":[{"href":"https:\/\/filles-de-la-charite.org\/pl\/wp-json\/wp\/v2\/media?parent=25876"}],"curies":[{"name":"wp","href":"https:\/\/api.w.org\/{rel}","templated":true}]}}