{"id":25913,"date":"2020-12-31T23:00:00","date_gmt":"2020-12-31T22:00:00","guid":{"rendered":"https:\/\/hijascaridad.sjdigitaldemo.ovh\/rincon-oracion\/swieta-elzbieta-anna-seton\/"},"modified":"2020-12-31T23:00:00","modified_gmt":"2020-12-31T22:00:00","slug":"swieta-elzbieta-anna-seton","status":"publish","type":"rincon-oracion","link":"https:\/\/filles-de-la-charite.org\/pl\/rincon-oracion\/swieta-elzbieta-anna-seton\/","title":{"rendered":"\u015awi\u0119ta El\u017cbieta Anna Seton,"},"content":{"rendered":"\n<p>Dwie\u015bcie lat temu, 4 stycznia, niebo otworzy\u0142o swoje podwoje, aby przywita\u0107 El\u017cbiet\u0119 Ann\u0119 Seton, Za\u0142o\u017cycielk\u0119 Si\u00f3str Mi\u0142osierdzia w Stanach Zjednoczonych i pierwsz\u0105 \u015bwi\u0119t\u0105 urodzon\u0105 w Ameryce. \u201e\u015awi\u0119ta El\u017cbieta Anna Seton, pierwsza rodzima kanonizowana obywatelka Stan\u00f3w Zjednoczonych, proponuje model \u017cycia na wz\u00f3r Chrystusa dla wszystkich grup wiekowych. Jej \u017cycie by\u0142o prawdziwe, jej droga realna dla wierz\u0105cych, kt\u00f3rzy s\u0105 r\u00f3wnie\u017c powo\u0142ani do \u015bwi\u0119to\u015bci \u201d. <em>(S. Betty Ann McNeil, 15 Days of Prayer with St. Elizabeth Ann Seton.)<\/em><\/p>\n\n\n\n<figure class=\"wp-block-embed-youtube wp-block-embed is-type-video is-provider-youtube wp-embed-aspect-4-3 wp-has-aspect-ratio\"><div class=\"wp-block-embed__wrapper\">\n<iframe loading=\"lazy\" title=\"January 2021 \u015aw. El\u017cbieta Anna Seton PL\" width=\"1080\" height=\"810\" src=\"https:\/\/www.youtube.com\/embed\/aacq6sAePe8?feature=oembed\"  allow=\"accelerometer; autoplay; clipboard-write; encrypted-media; gyroscope; picture-in-picture; web-share\" referrerpolicy=\"strict-origin-when-cross-origin\" allowfullscreen><\/iframe>\n<\/div><\/figure>\n","protected":false},"featured_media":2292,"template":"","meta":{"_acf_changed":false,"_et_pb_use_builder":"","_et_pb_old_content":"","_et_gb_content_width":"","_links_to":"","_links_to_target":""},"class_list":["post-25913","rincon-oracion","type-rincon-oracion","status-publish","has-post-thumbnail","hentry"],"acf":[],"yoast_head":"<!-- This site is optimized with the Yoast SEO plugin v27.5 - https:\/\/yoast.com\/product\/yoast-seo-wordpress\/ -->\n<title>\u015awi\u0119ta El\u017cbieta Anna Seton, - Filles de la Charit\u00e9<\/title>\n<meta name=\"robots\" content=\"index, follow, max-snippet:-1, max-image-preview:large, max-video-preview:-1\" \/>\n<link rel=\"canonical\" href=\"https:\/\/filles-de-la-charite.org\/pl\/rincon-oracion\/swieta-elzbieta-anna-seton\/\" \/>\n<meta property=\"og:locale\" content=\"pl_PL\" \/>\n<meta property=\"og:type\" content=\"article\" \/>\n<meta property=\"og:title\" content=\"\u015awi\u0119ta El\u017cbieta Anna Seton, - Filles de la Charit\u00e9\" \/>\n<meta property=\"og:description\" content=\"Dwie\u015bcie lat temu, 4 stycznia, niebo otworzy\u0142o swoje podwoje, aby przywita\u0107 El\u017cbiet\u0119 Ann\u0119 Seton, Za\u0142o\u017cycielk\u0119 Si\u00f3str Mi\u0142osierdzia w Stanach Zjednoczonych i pierwsz\u0105 \u015bwi\u0119t\u0105 urodzon\u0105 w Ameryce. \u201e\u015awi\u0119ta El\u017cbieta Anna Seton, pierwsza rodzima kanonizowana obywatelka Stan\u00f3w Zjednoczonych, proponuje model \u017cycia na wz\u00f3r Chrystusa dla wszystkich grup wiekowych. Jej \u017cycie by\u0142o prawdziwe, jej droga realna dla wierz\u0105cych, [&hellip;]\" \/>\n<meta property=\"og:url\" content=\"https:\/\/filles-de-la-charite.org\/pl\/rincon-oracion\/swieta-elzbieta-anna-seton\/\" \/>\n<meta property=\"og:site_name\" content=\"Filles de la Charit\u00e9\" \/>\n<meta property=\"og:image\" content=\"https:\/\/filles-de-la-charite.org\/wp-content\/uploads\/2023\/04\/St.-Elizabeth-Ann-Seton-1024x576.jpg\" \/>\n\t<meta property=\"og:image:width\" content=\"1024\" \/>\n\t<meta property=\"og:image:height\" content=\"576\" \/>\n\t<meta property=\"og:image:type\" content=\"image\/jpeg\" \/>\n<meta name=\"twitter:card\" content=\"summary_large_image\" \/>\n<script type=\"application\/ld+json\" class=\"yoast-schema-graph\">{\"@context\":\"https:\\\/\\\/schema.org\",\"@graph\":[{\"@type\":\"WebPage\",\"@id\":\"https:\\\/\\\/filles-de-la-charite.org\\\/pl\\\/rincon-oracion\\\/swieta-elzbieta-anna-seton\\\/\",\"url\":\"https:\\\/\\\/filles-de-la-charite.org\\\/pl\\\/rincon-oracion\\\/swieta-elzbieta-anna-seton\\\/\",\"name\":\"\u015awi\u0119ta El\u017cbieta Anna Seton, - Filles de la Charit\u00e9\",\"isPartOf\":{\"@id\":\"https:\\\/\\\/filles-de-la-charite.org\\\/pl\\\/#website\"},\"primaryImageOfPage\":{\"@id\":\"https:\\\/\\\/filles-de-la-charite.org\\\/pl\\\/rincon-oracion\\\/swieta-elzbieta-anna-seton\\\/#primaryimage\"},\"image\":{\"@id\":\"https:\\\/\\\/filles-de-la-charite.org\\\/pl\\\/rincon-oracion\\\/swieta-elzbieta-anna-seton\\\/#primaryimage\"},\"thumbnailUrl\":\"https:\\\/\\\/filles-de-la-charite.org\\\/wp-content\\\/uploads\\\/2023\\\/04\\\/St.-Elizabeth-Ann-Seton.jpg\",\"datePublished\":\"2020-12-31T22:00:00+00:00\",\"inLanguage\":\"pl-PL\",\"potentialAction\":[{\"@type\":\"ReadAction\",\"target\":[\"https:\\\/\\\/filles-de-la-charite.org\\\/pl\\\/rincon-oracion\\\/swieta-elzbieta-anna-seton\\\/\"]}]},{\"@type\":\"ImageObject\",\"inLanguage\":\"pl-PL\",\"@id\":\"https:\\\/\\\/filles-de-la-charite.org\\\/pl\\\/rincon-oracion\\\/swieta-elzbieta-anna-seton\\\/#primaryimage\",\"url\":\"https:\\\/\\\/filles-de-la-charite.org\\\/wp-content\\\/uploads\\\/2023\\\/04\\\/St.-Elizabeth-Ann-Seton.jpg\",\"contentUrl\":\"https:\\\/\\\/filles-de-la-charite.org\\\/wp-content\\\/uploads\\\/2023\\\/04\\\/St.-Elizabeth-Ann-Seton.jpg\",\"width\":10240,\"height\":5760},{\"@type\":\"WebSite\",\"@id\":\"https:\\\/\\\/filles-de-la-charite.org\\\/pl\\\/#website\",\"url\":\"https:\\\/\\\/filles-de-la-charite.org\\\/pl\\\/\",\"name\":\"Hijas de la Caridad\",\"description\":\"L\u2019amour de J\u00e9sus nous presse \u00e0 prendre soin des personnes les plus d\u00e9munies\",\"publisher\":{\"@id\":\"https:\\\/\\\/filles-de-la-charite.org\\\/pl\\\/#organization\"},\"potentialAction\":[{\"@type\":\"SearchAction\",\"target\":{\"@type\":\"EntryPoint\",\"urlTemplate\":\"https:\\\/\\\/filles-de-la-charite.org\\\/pl\\\/?s={search_term_string}\"},\"query-input\":{\"@type\":\"PropertyValueSpecification\",\"valueRequired\":true,\"valueName\":\"search_term_string\"}}],\"inLanguage\":\"pl-PL\"},{\"@type\":\"Organization\",\"@id\":\"https:\\\/\\\/filles-de-la-charite.org\\\/pl\\\/#organization\",\"name\":\"Hijas de la Caridad\",\"url\":\"https:\\\/\\\/filles-de-la-charite.org\\\/pl\\\/\",\"logo\":{\"@type\":\"ImageObject\",\"inLanguage\":\"pl-PL\",\"@id\":\"https:\\\/\\\/filles-de-la-charite.org\\\/pl\\\/#\\\/schema\\\/logo\\\/image\\\/\",\"url\":\"https:\\\/\\\/filles-de-la-charite.org\\\/wp-content\\\/uploads\\\/2023\\\/03\\\/isotipo-Hijas-de-la-Caridad.png\",\"contentUrl\":\"https:\\\/\\\/filles-de-la-charite.org\\\/wp-content\\\/uploads\\\/2023\\\/03\\\/isotipo-Hijas-de-la-Caridad.png\",\"width\":1417,\"height\":1417,\"caption\":\"Hijas de la Caridad\"},\"image\":{\"@id\":\"https:\\\/\\\/filles-de-la-charite.org\\\/pl\\\/#\\\/schema\\\/logo\\\/image\\\/\"}}]}<\/script>\n<!-- \/ Yoast SEO plugin. -->","yoast_head_json":{"title":"\u015awi\u0119ta El\u017cbieta Anna Seton, - Filles de la Charit\u00e9","robots":{"index":"index","follow":"follow","max-snippet":"max-snippet:-1","max-image-preview":"max-image-preview:large","max-video-preview":"max-video-preview:-1"},"canonical":"https:\/\/filles-de-la-charite.org\/pl\/rincon-oracion\/swieta-elzbieta-anna-seton\/","og_locale":"pl_PL","og_type":"article","og_title":"\u015awi\u0119ta El\u017cbieta Anna Seton, - Filles de la Charit\u00e9","og_description":"Dwie\u015bcie lat temu, 4 stycznia, niebo otworzy\u0142o swoje podwoje, aby przywita\u0107 El\u017cbiet\u0119 Ann\u0119 Seton, Za\u0142o\u017cycielk\u0119 Si\u00f3str Mi\u0142osierdzia w Stanach Zjednoczonych i pierwsz\u0105 \u015bwi\u0119t\u0105 urodzon\u0105 w Ameryce. \u201e\u015awi\u0119ta El\u017cbieta Anna Seton, pierwsza rodzima kanonizowana obywatelka Stan\u00f3w Zjednoczonych, proponuje model \u017cycia na wz\u00f3r Chrystusa dla wszystkich grup wiekowych. Jej \u017cycie by\u0142o prawdziwe, jej droga realna dla wierz\u0105cych, [&hellip;]","og_url":"https:\/\/filles-de-la-charite.org\/pl\/rincon-oracion\/swieta-elzbieta-anna-seton\/","og_site_name":"Filles de la Charit\u00e9","og_image":[{"width":1024,"height":576,"url":"https:\/\/filles-de-la-charite.org\/wp-content\/uploads\/2023\/04\/St.-Elizabeth-Ann-Seton-1024x576.jpg","type":"image\/jpeg"}],"twitter_card":"summary_large_image","schema":{"@context":"https:\/\/schema.org","@graph":[{"@type":"WebPage","@id":"https:\/\/filles-de-la-charite.org\/pl\/rincon-oracion\/swieta-elzbieta-anna-seton\/","url":"https:\/\/filles-de-la-charite.org\/pl\/rincon-oracion\/swieta-elzbieta-anna-seton\/","name":"\u015awi\u0119ta El\u017cbieta Anna Seton, - Filles de la Charit\u00e9","isPartOf":{"@id":"https:\/\/filles-de-la-charite.org\/pl\/#website"},"primaryImageOfPage":{"@id":"https:\/\/filles-de-la-charite.org\/pl\/rincon-oracion\/swieta-elzbieta-anna-seton\/#primaryimage"},"image":{"@id":"https:\/\/filles-de-la-charite.org\/pl\/rincon-oracion\/swieta-elzbieta-anna-seton\/#primaryimage"},"thumbnailUrl":"https:\/\/filles-de-la-charite.org\/wp-content\/uploads\/2023\/04\/St.-Elizabeth-Ann-Seton.jpg","datePublished":"2020-12-31T22:00:00+00:00","inLanguage":"pl-PL","potentialAction":[{"@type":"ReadAction","target":["https:\/\/filles-de-la-charite.org\/pl\/rincon-oracion\/swieta-elzbieta-anna-seton\/"]}]},{"@type":"ImageObject","inLanguage":"pl-PL","@id":"https:\/\/filles-de-la-charite.org\/pl\/rincon-oracion\/swieta-elzbieta-anna-seton\/#primaryimage","url":"https:\/\/filles-de-la-charite.org\/wp-content\/uploads\/2023\/04\/St.-Elizabeth-Ann-Seton.jpg","contentUrl":"https:\/\/filles-de-la-charite.org\/wp-content\/uploads\/2023\/04\/St.-Elizabeth-Ann-Seton.jpg","width":10240,"height":5760},{"@type":"WebSite","@id":"https:\/\/filles-de-la-charite.org\/pl\/#website","url":"https:\/\/filles-de-la-charite.org\/pl\/","name":"Hijas de la Caridad","description":"L\u2019amour de J\u00e9sus nous presse \u00e0 prendre soin des personnes les plus d\u00e9munies","publisher":{"@id":"https:\/\/filles-de-la-charite.org\/pl\/#organization"},"potentialAction":[{"@type":"SearchAction","target":{"@type":"EntryPoint","urlTemplate":"https:\/\/filles-de-la-charite.org\/pl\/?s={search_term_string}"},"query-input":{"@type":"PropertyValueSpecification","valueRequired":true,"valueName":"search_term_string"}}],"inLanguage":"pl-PL"},{"@type":"Organization","@id":"https:\/\/filles-de-la-charite.org\/pl\/#organization","name":"Hijas de la Caridad","url":"https:\/\/filles-de-la-charite.org\/pl\/","logo":{"@type":"ImageObject","inLanguage":"pl-PL","@id":"https:\/\/filles-de-la-charite.org\/pl\/#\/schema\/logo\/image\/","url":"https:\/\/filles-de-la-charite.org\/wp-content\/uploads\/2023\/03\/isotipo-Hijas-de-la-Caridad.png","contentUrl":"https:\/\/filles-de-la-charite.org\/wp-content\/uploads\/2023\/03\/isotipo-Hijas-de-la-Caridad.png","width":1417,"height":1417,"caption":"Hijas de la Caridad"},"image":{"@id":"https:\/\/filles-de-la-charite.org\/pl\/#\/schema\/logo\/image\/"}}]}},"_links":{"self":[{"href":"https:\/\/filles-de-la-charite.org\/pl\/wp-json\/wp\/v2\/rincon-oracion\/25913","targetHints":{"allow":["GET"]}}],"collection":[{"href":"https:\/\/filles-de-la-charite.org\/pl\/wp-json\/wp\/v2\/rincon-oracion"}],"about":[{"href":"https:\/\/filles-de-la-charite.org\/pl\/wp-json\/wp\/v2\/types\/rincon-oracion"}],"wp:featuredmedia":[{"embeddable":true,"href":"https:\/\/filles-de-la-charite.org\/pl\/wp-json\/wp\/v2\/media\/2292"}],"wp:attachment":[{"href":"https:\/\/filles-de-la-charite.org\/pl\/wp-json\/wp\/v2\/media?parent=25913"}],"curies":[{"name":"wp","href":"https:\/\/api.w.org\/{rel}","templated":true}]}}