{"id":25943,"date":"2021-06-30T22:00:00","date_gmt":"2021-06-30T20:00:00","guid":{"rendered":"https:\/\/hijascaridad.sjdigitaldemo.ovh\/rincon-oracion\/dary-nieba\/"},"modified":"2021-06-30T22:00:00","modified_gmt":"2021-06-30T20:00:00","slug":"dary-nieba","status":"publish","type":"rincon-oracion","link":"https:\/\/filles-de-la-charite.org\/pl\/rincon-oracion\/dary-nieba\/","title":{"rendered":"Dary nieba."},"content":{"rendered":"\n<h2 class=\"has-text-align-center wp-block-heading\">Zielony Szkaplerz<\/h2>\n\n\n\n<p>Moim zdaniem, mimo wojen i r\u00f3\u017cnych gro\u017c\u0105cych nam okropno\u015bci, \u017cyjemy w najszcz\u0119\u015bliwszym wieku, gdy\u017c jest to wiek Naj\u015bwi\u0119tszej Maryi Panny. Nigdy jeszcze nie \u017cy\u0142a z nami tak blisko. Mamy na to niezliczone znaki, kt\u00f3re dowodz\u0105 , \u017ce opu\u015bci\u0142a wzg\u00f3rza Galilei niebia\u0144skiej, by nam da\u0107 nowe Betlejem, odradzaj\u0105c Chrystusa w biednych sercach ludzkich. Czy\u017c sw\u0105 s\u0142odk\u0105 obecno\u015bci\u0105 nie zaszczyci\u0142a w szczeg\u00f3lny spos\u00f3b Portugalii, W\u0142och, Niemiec, Polski i Francji? Wsz\u0119dzie powstaj\u0105 \u015bwiadkowie, by zapewni\u0107 o Jej obecno\u015bci dowodami prawdziwie cudownymi. Zaprawd\u0119, Matka Naj\u015bwi\u0119tsza mieszka mi\u0119dzy nami. <\/p>\n\n\n\n<p>Jednak\u017ce jest cie\u0144 na tym obrazie... cie\u0144 bestii. W\u0105\u017c piekielny kr\u0105\u017cy, aby zasia\u0107 wsz\u0119dzie zniszczenie. Mo\u017ce jeszcze nigdy jego obecno\u015b\u0107 nie dawa\u0142a si\u0119 tak odczu\u0107, jak dzisiaj. Wszak wie lepiej ni\u017c ktokolwiek, \u017ce mo\u017ce ju\u017c nied\u0142ugo czas si\u0119 wype\u0142ni, a wtedy pot\u0119ga jego b\u0119dzie sp\u0119tana. Nie zapomnia\u0142 nigdy s\u0142\u00f3w wypowiedzianych przeciw niemu w ziemskim raju: \u201eWprowadzam nieprzyja\u017a\u0144 mi\u0119dzy ciebie a Niewiast\u0119, Jej potomstwo zmia\u017cd\u017cy ci g\u0142ow\u0119\u201d. \/por. Rdz 3, 15\/<\/p>\n\n\n\n<figure class=\"wp-block-embed-youtube wp-block-embed is-type-video is-provider-youtube wp-embed-aspect-16-9 wp-has-aspect-ratio\"><div class=\"wp-block-embed__wrapper\">\n<iframe loading=\"lazy\" title=\"PC Lipiec 2021 Zielony Szkaplerz PL\" width=\"1080\" height=\"608\" src=\"https:\/\/www.youtube.com\/embed\/h42Iv4twqWE?feature=oembed\"  allow=\"accelerometer; autoplay; clipboard-write; encrypted-media; gyroscope; picture-in-picture; web-share\" referrerpolicy=\"strict-origin-when-cross-origin\" allowfullscreen><\/iframe>\n<\/div><\/figure>\n","protected":false},"featured_media":25944,"template":"","meta":{"_acf_changed":false,"_links_to":"","_links_to_target":""},"class_list":["post-25943","rincon-oracion","type-rincon-oracion","status-publish","has-post-thumbnail","hentry"],"acf":[],"yoast_head":"<!-- This site is optimized with the Yoast SEO plugin v27.5 - https:\/\/yoast.com\/product\/yoast-seo-wordpress\/ -->\n<title>Dary nieba. - Filles de la Charit\u00e9<\/title>\n<meta name=\"robots\" content=\"index, follow, max-snippet:-1, max-image-preview:large, max-video-preview:-1\" \/>\n<link rel=\"canonical\" href=\"https:\/\/filles-de-la-charite.org\/pl\/rincon-oracion\/dary-nieba\/\" \/>\n<meta property=\"og:locale\" content=\"pl_PL\" \/>\n<meta property=\"og:type\" content=\"article\" \/>\n<meta property=\"og:title\" content=\"Dary nieba. - Filles de la Charit\u00e9\" \/>\n<meta property=\"og:description\" content=\"Zielony Szkaplerz Moim zdaniem, mimo wojen i r\u00f3\u017cnych gro\u017c\u0105cych nam okropno\u015bci, \u017cyjemy w najszcz\u0119\u015bliwszym wieku, gdy\u017c jest to wiek Naj\u015bwi\u0119tszej Maryi Panny. Nigdy jeszcze nie \u017cy\u0142a z nami tak blisko. Mamy na to niezliczone znaki, kt\u00f3re dowodz\u0105 , \u017ce opu\u015bci\u0142a wzg\u00f3rza Galilei niebia\u0144skiej, by nam da\u0107 nowe Betlejem, odradzaj\u0105c Chrystusa w biednych sercach ludzkich. Czy\u017c [&hellip;]\" \/>\n<meta property=\"og:url\" content=\"https:\/\/filles-de-la-charite.org\/pl\/rincon-oracion\/dary-nieba\/\" \/>\n<meta property=\"og:site_name\" content=\"Filles de la Charit\u00e9\" \/>\n<meta property=\"og:image\" content=\"https:\/\/filles-de-la-charite.org\/wp-content\/uploads\/2023\/06\/PC-July-2021_Zielony-Szkaplerz_PL-scaled-1.jpg\" \/>\n\t<meta property=\"og:image:width\" content=\"2560\" \/>\n\t<meta property=\"og:image:height\" content=\"1440\" \/>\n\t<meta property=\"og:image:type\" content=\"image\/jpeg\" \/>\n<meta name=\"twitter:card\" content=\"summary_large_image\" \/>\n<meta name=\"twitter:label1\" content=\"Szacowany czas czytania\" \/>\n\t<meta name=\"twitter:data1\" content=\"1 minuta\" \/>\n<script type=\"application\/ld+json\" class=\"yoast-schema-graph\">{\"@context\":\"https:\\\/\\\/schema.org\",\"@graph\":[{\"@type\":\"WebPage\",\"@id\":\"https:\\\/\\\/filles-de-la-charite.org\\\/pl\\\/rincon-oracion\\\/dary-nieba\\\/\",\"url\":\"https:\\\/\\\/filles-de-la-charite.org\\\/pl\\\/rincon-oracion\\\/dary-nieba\\\/\",\"name\":\"Dary nieba. - Filles de la Charit\u00e9\",\"isPartOf\":{\"@id\":\"https:\\\/\\\/filles-de-la-charite.org\\\/pl\\\/#website\"},\"primaryImageOfPage\":{\"@id\":\"https:\\\/\\\/filles-de-la-charite.org\\\/pl\\\/rincon-oracion\\\/dary-nieba\\\/#primaryimage\"},\"image\":{\"@id\":\"https:\\\/\\\/filles-de-la-charite.org\\\/pl\\\/rincon-oracion\\\/dary-nieba\\\/#primaryimage\"},\"thumbnailUrl\":\"https:\\\/\\\/filles-de-la-charite.org\\\/wp-content\\\/uploads\\\/2023\\\/06\\\/PC-July-2021_Zielony-Szkaplerz_PL-scaled-1.jpg\",\"datePublished\":\"2021-06-30T20:00:00+00:00\",\"inLanguage\":\"pl-PL\",\"potentialAction\":[{\"@type\":\"ReadAction\",\"target\":[\"https:\\\/\\\/filles-de-la-charite.org\\\/pl\\\/rincon-oracion\\\/dary-nieba\\\/\"]}]},{\"@type\":\"ImageObject\",\"inLanguage\":\"pl-PL\",\"@id\":\"https:\\\/\\\/filles-de-la-charite.org\\\/pl\\\/rincon-oracion\\\/dary-nieba\\\/#primaryimage\",\"url\":\"https:\\\/\\\/filles-de-la-charite.org\\\/wp-content\\\/uploads\\\/2023\\\/06\\\/PC-July-2021_Zielony-Szkaplerz_PL-scaled-1.jpg\",\"contentUrl\":\"https:\\\/\\\/filles-de-la-charite.org\\\/wp-content\\\/uploads\\\/2023\\\/06\\\/PC-July-2021_Zielony-Szkaplerz_PL-scaled-1.jpg\",\"width\":2560,\"height\":1440},{\"@type\":\"WebSite\",\"@id\":\"https:\\\/\\\/filles-de-la-charite.org\\\/pl\\\/#website\",\"url\":\"https:\\\/\\\/filles-de-la-charite.org\\\/pl\\\/\",\"name\":\"Hijas de la Caridad\",\"description\":\"L\u2019amour de J\u00e9sus nous presse \u00e0 prendre soin des personnes les plus d\u00e9munies\",\"publisher\":{\"@id\":\"https:\\\/\\\/filles-de-la-charite.org\\\/pl\\\/#organization\"},\"potentialAction\":[{\"@type\":\"SearchAction\",\"target\":{\"@type\":\"EntryPoint\",\"urlTemplate\":\"https:\\\/\\\/filles-de-la-charite.org\\\/pl\\\/?s={search_term_string}\"},\"query-input\":{\"@type\":\"PropertyValueSpecification\",\"valueRequired\":true,\"valueName\":\"search_term_string\"}}],\"inLanguage\":\"pl-PL\"},{\"@type\":\"Organization\",\"@id\":\"https:\\\/\\\/filles-de-la-charite.org\\\/pl\\\/#organization\",\"name\":\"Hijas de la Caridad\",\"url\":\"https:\\\/\\\/filles-de-la-charite.org\\\/pl\\\/\",\"logo\":{\"@type\":\"ImageObject\",\"inLanguage\":\"pl-PL\",\"@id\":\"https:\\\/\\\/filles-de-la-charite.org\\\/pl\\\/#\\\/schema\\\/logo\\\/image\\\/\",\"url\":\"https:\\\/\\\/filles-de-la-charite.org\\\/wp-content\\\/uploads\\\/2023\\\/03\\\/isotipo-Hijas-de-la-Caridad.png\",\"contentUrl\":\"https:\\\/\\\/filles-de-la-charite.org\\\/wp-content\\\/uploads\\\/2023\\\/03\\\/isotipo-Hijas-de-la-Caridad.png\",\"width\":1417,\"height\":1417,\"caption\":\"Hijas de la Caridad\"},\"image\":{\"@id\":\"https:\\\/\\\/filles-de-la-charite.org\\\/pl\\\/#\\\/schema\\\/logo\\\/image\\\/\"}}]}<\/script>\n<!-- \/ Yoast SEO plugin. -->","yoast_head_json":{"title":"Dary nieba. - Filles de la Charit\u00e9","robots":{"index":"index","follow":"follow","max-snippet":"max-snippet:-1","max-image-preview":"max-image-preview:large","max-video-preview":"max-video-preview:-1"},"canonical":"https:\/\/filles-de-la-charite.org\/pl\/rincon-oracion\/dary-nieba\/","og_locale":"pl_PL","og_type":"article","og_title":"Dary nieba. - Filles de la Charit\u00e9","og_description":"Zielony Szkaplerz Moim zdaniem, mimo wojen i r\u00f3\u017cnych gro\u017c\u0105cych nam okropno\u015bci, \u017cyjemy w najszcz\u0119\u015bliwszym wieku, gdy\u017c jest to wiek Naj\u015bwi\u0119tszej Maryi Panny. Nigdy jeszcze nie \u017cy\u0142a z nami tak blisko. Mamy na to niezliczone znaki, kt\u00f3re dowodz\u0105 , \u017ce opu\u015bci\u0142a wzg\u00f3rza Galilei niebia\u0144skiej, by nam da\u0107 nowe Betlejem, odradzaj\u0105c Chrystusa w biednych sercach ludzkich. Czy\u017c [&hellip;]","og_url":"https:\/\/filles-de-la-charite.org\/pl\/rincon-oracion\/dary-nieba\/","og_site_name":"Filles de la Charit\u00e9","og_image":[{"width":2560,"height":1440,"url":"https:\/\/filles-de-la-charite.org\/wp-content\/uploads\/2023\/06\/PC-July-2021_Zielony-Szkaplerz_PL-scaled-1.jpg","type":"image\/jpeg"}],"twitter_card":"summary_large_image","twitter_misc":{"Szacowany czas czytania":"1 minuta"},"schema":{"@context":"https:\/\/schema.org","@graph":[{"@type":"WebPage","@id":"https:\/\/filles-de-la-charite.org\/pl\/rincon-oracion\/dary-nieba\/","url":"https:\/\/filles-de-la-charite.org\/pl\/rincon-oracion\/dary-nieba\/","name":"Dary nieba. - Filles de la Charit\u00e9","isPartOf":{"@id":"https:\/\/filles-de-la-charite.org\/pl\/#website"},"primaryImageOfPage":{"@id":"https:\/\/filles-de-la-charite.org\/pl\/rincon-oracion\/dary-nieba\/#primaryimage"},"image":{"@id":"https:\/\/filles-de-la-charite.org\/pl\/rincon-oracion\/dary-nieba\/#primaryimage"},"thumbnailUrl":"https:\/\/filles-de-la-charite.org\/wp-content\/uploads\/2023\/06\/PC-July-2021_Zielony-Szkaplerz_PL-scaled-1.jpg","datePublished":"2021-06-30T20:00:00+00:00","inLanguage":"pl-PL","potentialAction":[{"@type":"ReadAction","target":["https:\/\/filles-de-la-charite.org\/pl\/rincon-oracion\/dary-nieba\/"]}]},{"@type":"ImageObject","inLanguage":"pl-PL","@id":"https:\/\/filles-de-la-charite.org\/pl\/rincon-oracion\/dary-nieba\/#primaryimage","url":"https:\/\/filles-de-la-charite.org\/wp-content\/uploads\/2023\/06\/PC-July-2021_Zielony-Szkaplerz_PL-scaled-1.jpg","contentUrl":"https:\/\/filles-de-la-charite.org\/wp-content\/uploads\/2023\/06\/PC-July-2021_Zielony-Szkaplerz_PL-scaled-1.jpg","width":2560,"height":1440},{"@type":"WebSite","@id":"https:\/\/filles-de-la-charite.org\/pl\/#website","url":"https:\/\/filles-de-la-charite.org\/pl\/","name":"Hijas de la Caridad","description":"L\u2019amour de J\u00e9sus nous presse \u00e0 prendre soin des personnes les plus d\u00e9munies","publisher":{"@id":"https:\/\/filles-de-la-charite.org\/pl\/#organization"},"potentialAction":[{"@type":"SearchAction","target":{"@type":"EntryPoint","urlTemplate":"https:\/\/filles-de-la-charite.org\/pl\/?s={search_term_string}"},"query-input":{"@type":"PropertyValueSpecification","valueRequired":true,"valueName":"search_term_string"}}],"inLanguage":"pl-PL"},{"@type":"Organization","@id":"https:\/\/filles-de-la-charite.org\/pl\/#organization","name":"Hijas de la Caridad","url":"https:\/\/filles-de-la-charite.org\/pl\/","logo":{"@type":"ImageObject","inLanguage":"pl-PL","@id":"https:\/\/filles-de-la-charite.org\/pl\/#\/schema\/logo\/image\/","url":"https:\/\/filles-de-la-charite.org\/wp-content\/uploads\/2023\/03\/isotipo-Hijas-de-la-Caridad.png","contentUrl":"https:\/\/filles-de-la-charite.org\/wp-content\/uploads\/2023\/03\/isotipo-Hijas-de-la-Caridad.png","width":1417,"height":1417,"caption":"Hijas de la Caridad"},"image":{"@id":"https:\/\/filles-de-la-charite.org\/pl\/#\/schema\/logo\/image\/"}}]}},"_links":{"self":[{"href":"https:\/\/filles-de-la-charite.org\/pl\/wp-json\/wp\/v2\/rincon-oracion\/25943","targetHints":{"allow":["GET"]}}],"collection":[{"href":"https:\/\/filles-de-la-charite.org\/pl\/wp-json\/wp\/v2\/rincon-oracion"}],"about":[{"href":"https:\/\/filles-de-la-charite.org\/pl\/wp-json\/wp\/v2\/types\/rincon-oracion"}],"wp:featuredmedia":[{"embeddable":true,"href":"https:\/\/filles-de-la-charite.org\/pl\/wp-json\/wp\/v2\/media\/25944"}],"wp:attachment":[{"href":"https:\/\/filles-de-la-charite.org\/pl\/wp-json\/wp\/v2\/media?parent=25943"}],"curies":[{"name":"wp","href":"https:\/\/api.w.org\/{rel}","templated":true}]}}