{"id":25950,"date":"2021-07-31T22:00:00","date_gmt":"2021-07-31T20:00:00","guid":{"rendered":"https:\/\/hijascaridad.sjdigitaldemo.ovh\/rincon-oracion\/droga-powolania-w-rozwazaniach-rozanca-swietego\/"},"modified":"2021-07-31T22:00:00","modified_gmt":"2021-07-31T20:00:00","slug":"droga-powolania-w-rozwazaniach-rozanca-swietego","status":"publish","type":"rincon-oracion","link":"https:\/\/filles-de-la-charite.org\/pl\/rincon-oracion\/droga-powolania-w-rozwazaniach-rozanca-swietego\/","title":{"rendered":"Droga powo\u0142ania w rozwa\u017caniach R\u00f3\u017ca\u0144ca \u015awi\u0119tego"},"content":{"rendered":"\n<p><\/p>\n\n\n\n<p>Siostra Kristine Joie, od 3 lat Siostra Mi\u0142osierdzia, rozpoczynaj\u0105c kolejny etap formacji pocz\u0105tkowej dla misji podczas modlitwy r\u00f3\u017ca\u0144cowej rozmy\u015bla nad swoj\u0105 drog\u0105 powo\u0142ania. Zdj\u0119cia, kt\u00f3re wybra\u0142a, pr\u00f3buj\u0105 nawi\u0105za\u0107 do jej refleksji na temat czterech wyzwa\u0144 misyjnych Zgromadzenia, kt\u00f3re przygotowuje si\u0119 do Konwentu Generalnego.<\/p>\n\n\n\n<p><\/p>\n\n\n\n<figure class=\"wp-block-embed-youtube aligncenter wp-block-embed is-type-video is-provider-youtube wp-embed-aspect-16-9 wp-has-aspect-ratio\"><div class=\"wp-block-embed__wrapper\">\n<iframe loading=\"lazy\" title=\"Droga powo\u0142ania PL\" width=\"1080\" height=\"608\" src=\"https:\/\/www.youtube.com\/embed\/4B7DHABhycQ?feature=oembed\"  allow=\"accelerometer; autoplay; clipboard-write; encrypted-media; gyroscope; picture-in-picture; web-share\" referrerpolicy=\"strict-origin-when-cross-origin\" allowfullscreen><\/iframe>\n<\/div><\/figure>\n","protected":false},"featured_media":25951,"template":"","meta":{"_acf_changed":false,"_links_to":"","_links_to_target":""},"class_list":["post-25950","rincon-oracion","type-rincon-oracion","status-publish","has-post-thumbnail","hentry"],"acf":[],"yoast_head":"<!-- This site is optimized with the Yoast SEO plugin v27.5 - https:\/\/yoast.com\/product\/yoast-seo-wordpress\/ -->\n<title>Droga powo\u0142ania w rozwa\u017caniach R\u00f3\u017ca\u0144ca \u015awi\u0119tego - Filles de la Charit\u00e9<\/title>\n<meta name=\"robots\" content=\"index, follow, max-snippet:-1, max-image-preview:large, max-video-preview:-1\" \/>\n<link rel=\"canonical\" href=\"https:\/\/filles-de-la-charite.org\/pl\/rincon-oracion\/droga-powolania-w-rozwazaniach-rozanca-swietego\/\" \/>\n<meta property=\"og:locale\" content=\"pl_PL\" \/>\n<meta property=\"og:type\" content=\"article\" \/>\n<meta property=\"og:title\" content=\"Droga powo\u0142ania w rozwa\u017caniach R\u00f3\u017ca\u0144ca \u015awi\u0119tego - Filles de la Charit\u00e9\" \/>\n<meta property=\"og:description\" content=\"Siostra Kristine Joie, od 3 lat Siostra Mi\u0142osierdzia, rozpoczynaj\u0105c kolejny etap formacji pocz\u0105tkowej dla misji podczas modlitwy r\u00f3\u017ca\u0144cowej rozmy\u015bla nad swoj\u0105 drog\u0105 powo\u0142ania. Zdj\u0119cia, kt\u00f3re wybra\u0142a, pr\u00f3buj\u0105 nawi\u0105za\u0107 do jej refleksji na temat czterech wyzwa\u0144 misyjnych Zgromadzenia, kt\u00f3re przygotowuje si\u0119 do Konwentu Generalnego.\" \/>\n<meta property=\"og:url\" content=\"https:\/\/filles-de-la-charite.org\/pl\/rincon-oracion\/droga-powolania-w-rozwazaniach-rozanca-swietego\/\" \/>\n<meta property=\"og:site_name\" content=\"Filles de la Charit\u00e9\" \/>\n<meta property=\"og:image\" content=\"https:\/\/filles-de-la-charite.org\/wp-content\/uploads\/2023\/06\/PC-August-2021-Droga-powolania-PL-scaled-1.jpg\" \/>\n\t<meta property=\"og:image:width\" content=\"2560\" \/>\n\t<meta property=\"og:image:height\" content=\"1440\" \/>\n\t<meta property=\"og:image:type\" content=\"image\/jpeg\" \/>\n<meta name=\"twitter:card\" content=\"summary_large_image\" \/>\n<meta name=\"twitter:label1\" content=\"Szacowany czas czytania\" \/>\n\t<meta name=\"twitter:data1\" content=\"1 minuta\" \/>\n<script type=\"application\/ld+json\" class=\"yoast-schema-graph\">{\"@context\":\"https:\\\/\\\/schema.org\",\"@graph\":[{\"@type\":\"WebPage\",\"@id\":\"https:\\\/\\\/filles-de-la-charite.org\\\/pl\\\/rincon-oracion\\\/droga-powolania-w-rozwazaniach-rozanca-swietego\\\/\",\"url\":\"https:\\\/\\\/filles-de-la-charite.org\\\/pl\\\/rincon-oracion\\\/droga-powolania-w-rozwazaniach-rozanca-swietego\\\/\",\"name\":\"Droga powo\u0142ania w rozwa\u017caniach R\u00f3\u017ca\u0144ca \u015awi\u0119tego - Filles de la Charit\u00e9\",\"isPartOf\":{\"@id\":\"https:\\\/\\\/filles-de-la-charite.org\\\/pl\\\/#website\"},\"primaryImageOfPage\":{\"@id\":\"https:\\\/\\\/filles-de-la-charite.org\\\/pl\\\/rincon-oracion\\\/droga-powolania-w-rozwazaniach-rozanca-swietego\\\/#primaryimage\"},\"image\":{\"@id\":\"https:\\\/\\\/filles-de-la-charite.org\\\/pl\\\/rincon-oracion\\\/droga-powolania-w-rozwazaniach-rozanca-swietego\\\/#primaryimage\"},\"thumbnailUrl\":\"https:\\\/\\\/filles-de-la-charite.org\\\/wp-content\\\/uploads\\\/2023\\\/06\\\/PC-August-2021-Droga-powolania-PL-scaled-1.jpg\",\"datePublished\":\"2021-07-31T20:00:00+00:00\",\"inLanguage\":\"pl-PL\",\"potentialAction\":[{\"@type\":\"ReadAction\",\"target\":[\"https:\\\/\\\/filles-de-la-charite.org\\\/pl\\\/rincon-oracion\\\/droga-powolania-w-rozwazaniach-rozanca-swietego\\\/\"]}]},{\"@type\":\"ImageObject\",\"inLanguage\":\"pl-PL\",\"@id\":\"https:\\\/\\\/filles-de-la-charite.org\\\/pl\\\/rincon-oracion\\\/droga-powolania-w-rozwazaniach-rozanca-swietego\\\/#primaryimage\",\"url\":\"https:\\\/\\\/filles-de-la-charite.org\\\/wp-content\\\/uploads\\\/2023\\\/06\\\/PC-August-2021-Droga-powolania-PL-scaled-1.jpg\",\"contentUrl\":\"https:\\\/\\\/filles-de-la-charite.org\\\/wp-content\\\/uploads\\\/2023\\\/06\\\/PC-August-2021-Droga-powolania-PL-scaled-1.jpg\",\"width\":2560,\"height\":1440},{\"@type\":\"WebSite\",\"@id\":\"https:\\\/\\\/filles-de-la-charite.org\\\/pl\\\/#website\",\"url\":\"https:\\\/\\\/filles-de-la-charite.org\\\/pl\\\/\",\"name\":\"Hijas de la Caridad\",\"description\":\"L\u2019amour de J\u00e9sus nous presse \u00e0 prendre soin des personnes les plus d\u00e9munies\",\"publisher\":{\"@id\":\"https:\\\/\\\/filles-de-la-charite.org\\\/pl\\\/#organization\"},\"potentialAction\":[{\"@type\":\"SearchAction\",\"target\":{\"@type\":\"EntryPoint\",\"urlTemplate\":\"https:\\\/\\\/filles-de-la-charite.org\\\/pl\\\/?s={search_term_string}\"},\"query-input\":{\"@type\":\"PropertyValueSpecification\",\"valueRequired\":true,\"valueName\":\"search_term_string\"}}],\"inLanguage\":\"pl-PL\"},{\"@type\":\"Organization\",\"@id\":\"https:\\\/\\\/filles-de-la-charite.org\\\/pl\\\/#organization\",\"name\":\"Hijas de la Caridad\",\"url\":\"https:\\\/\\\/filles-de-la-charite.org\\\/pl\\\/\",\"logo\":{\"@type\":\"ImageObject\",\"inLanguage\":\"pl-PL\",\"@id\":\"https:\\\/\\\/filles-de-la-charite.org\\\/pl\\\/#\\\/schema\\\/logo\\\/image\\\/\",\"url\":\"https:\\\/\\\/filles-de-la-charite.org\\\/wp-content\\\/uploads\\\/2023\\\/03\\\/isotipo-Hijas-de-la-Caridad.png\",\"contentUrl\":\"https:\\\/\\\/filles-de-la-charite.org\\\/wp-content\\\/uploads\\\/2023\\\/03\\\/isotipo-Hijas-de-la-Caridad.png\",\"width\":1417,\"height\":1417,\"caption\":\"Hijas de la Caridad\"},\"image\":{\"@id\":\"https:\\\/\\\/filles-de-la-charite.org\\\/pl\\\/#\\\/schema\\\/logo\\\/image\\\/\"}}]}<\/script>\n<!-- \/ Yoast SEO plugin. -->","yoast_head_json":{"title":"Droga powo\u0142ania w rozwa\u017caniach R\u00f3\u017ca\u0144ca \u015awi\u0119tego - Filles de la Charit\u00e9","robots":{"index":"index","follow":"follow","max-snippet":"max-snippet:-1","max-image-preview":"max-image-preview:large","max-video-preview":"max-video-preview:-1"},"canonical":"https:\/\/filles-de-la-charite.org\/pl\/rincon-oracion\/droga-powolania-w-rozwazaniach-rozanca-swietego\/","og_locale":"pl_PL","og_type":"article","og_title":"Droga powo\u0142ania w rozwa\u017caniach R\u00f3\u017ca\u0144ca \u015awi\u0119tego - Filles de la Charit\u00e9","og_description":"Siostra Kristine Joie, od 3 lat Siostra Mi\u0142osierdzia, rozpoczynaj\u0105c kolejny etap formacji pocz\u0105tkowej dla misji podczas modlitwy r\u00f3\u017ca\u0144cowej rozmy\u015bla nad swoj\u0105 drog\u0105 powo\u0142ania. Zdj\u0119cia, kt\u00f3re wybra\u0142a, pr\u00f3buj\u0105 nawi\u0105za\u0107 do jej refleksji na temat czterech wyzwa\u0144 misyjnych Zgromadzenia, kt\u00f3re przygotowuje si\u0119 do Konwentu Generalnego.","og_url":"https:\/\/filles-de-la-charite.org\/pl\/rincon-oracion\/droga-powolania-w-rozwazaniach-rozanca-swietego\/","og_site_name":"Filles de la Charit\u00e9","og_image":[{"width":2560,"height":1440,"url":"https:\/\/filles-de-la-charite.org\/wp-content\/uploads\/2023\/06\/PC-August-2021-Droga-powolania-PL-scaled-1.jpg","type":"image\/jpeg"}],"twitter_card":"summary_large_image","twitter_misc":{"Szacowany czas czytania":"1 minuta"},"schema":{"@context":"https:\/\/schema.org","@graph":[{"@type":"WebPage","@id":"https:\/\/filles-de-la-charite.org\/pl\/rincon-oracion\/droga-powolania-w-rozwazaniach-rozanca-swietego\/","url":"https:\/\/filles-de-la-charite.org\/pl\/rincon-oracion\/droga-powolania-w-rozwazaniach-rozanca-swietego\/","name":"Droga powo\u0142ania w rozwa\u017caniach R\u00f3\u017ca\u0144ca \u015awi\u0119tego - Filles de la Charit\u00e9","isPartOf":{"@id":"https:\/\/filles-de-la-charite.org\/pl\/#website"},"primaryImageOfPage":{"@id":"https:\/\/filles-de-la-charite.org\/pl\/rincon-oracion\/droga-powolania-w-rozwazaniach-rozanca-swietego\/#primaryimage"},"image":{"@id":"https:\/\/filles-de-la-charite.org\/pl\/rincon-oracion\/droga-powolania-w-rozwazaniach-rozanca-swietego\/#primaryimage"},"thumbnailUrl":"https:\/\/filles-de-la-charite.org\/wp-content\/uploads\/2023\/06\/PC-August-2021-Droga-powolania-PL-scaled-1.jpg","datePublished":"2021-07-31T20:00:00+00:00","inLanguage":"pl-PL","potentialAction":[{"@type":"ReadAction","target":["https:\/\/filles-de-la-charite.org\/pl\/rincon-oracion\/droga-powolania-w-rozwazaniach-rozanca-swietego\/"]}]},{"@type":"ImageObject","inLanguage":"pl-PL","@id":"https:\/\/filles-de-la-charite.org\/pl\/rincon-oracion\/droga-powolania-w-rozwazaniach-rozanca-swietego\/#primaryimage","url":"https:\/\/filles-de-la-charite.org\/wp-content\/uploads\/2023\/06\/PC-August-2021-Droga-powolania-PL-scaled-1.jpg","contentUrl":"https:\/\/filles-de-la-charite.org\/wp-content\/uploads\/2023\/06\/PC-August-2021-Droga-powolania-PL-scaled-1.jpg","width":2560,"height":1440},{"@type":"WebSite","@id":"https:\/\/filles-de-la-charite.org\/pl\/#website","url":"https:\/\/filles-de-la-charite.org\/pl\/","name":"Hijas de la Caridad","description":"L\u2019amour de J\u00e9sus nous presse \u00e0 prendre soin des personnes les plus d\u00e9munies","publisher":{"@id":"https:\/\/filles-de-la-charite.org\/pl\/#organization"},"potentialAction":[{"@type":"SearchAction","target":{"@type":"EntryPoint","urlTemplate":"https:\/\/filles-de-la-charite.org\/pl\/?s={search_term_string}"},"query-input":{"@type":"PropertyValueSpecification","valueRequired":true,"valueName":"search_term_string"}}],"inLanguage":"pl-PL"},{"@type":"Organization","@id":"https:\/\/filles-de-la-charite.org\/pl\/#organization","name":"Hijas de la Caridad","url":"https:\/\/filles-de-la-charite.org\/pl\/","logo":{"@type":"ImageObject","inLanguage":"pl-PL","@id":"https:\/\/filles-de-la-charite.org\/pl\/#\/schema\/logo\/image\/","url":"https:\/\/filles-de-la-charite.org\/wp-content\/uploads\/2023\/03\/isotipo-Hijas-de-la-Caridad.png","contentUrl":"https:\/\/filles-de-la-charite.org\/wp-content\/uploads\/2023\/03\/isotipo-Hijas-de-la-Caridad.png","width":1417,"height":1417,"caption":"Hijas de la Caridad"},"image":{"@id":"https:\/\/filles-de-la-charite.org\/pl\/#\/schema\/logo\/image\/"}}]}},"_links":{"self":[{"href":"https:\/\/filles-de-la-charite.org\/pl\/wp-json\/wp\/v2\/rincon-oracion\/25950","targetHints":{"allow":["GET"]}}],"collection":[{"href":"https:\/\/filles-de-la-charite.org\/pl\/wp-json\/wp\/v2\/rincon-oracion"}],"about":[{"href":"https:\/\/filles-de-la-charite.org\/pl\/wp-json\/wp\/v2\/types\/rincon-oracion"}],"wp:featuredmedia":[{"embeddable":true,"href":"https:\/\/filles-de-la-charite.org\/pl\/wp-json\/wp\/v2\/media\/25951"}],"wp:attachment":[{"href":"https:\/\/filles-de-la-charite.org\/pl\/wp-json\/wp\/v2\/media?parent=25950"}],"curies":[{"name":"wp","href":"https:\/\/api.w.org\/{rel}","templated":true}]}}