{"id":25978,"date":"2022-01-31T23:00:00","date_gmt":"2022-01-31T22:00:00","guid":{"rendered":"https:\/\/hijascaridad.sjdigitaldemo.ovh\/rincon-oracion\/cierpliwosc-w-zyciu-konsekrowanym\/"},"modified":"2022-01-31T23:00:00","modified_gmt":"2022-01-31T22:00:00","slug":"cierpliwosc-w-zyciu-konsekrowanym","status":"publish","type":"rincon-oracion","link":"https:\/\/filles-de-la-charite.org\/pl\/rincon-oracion\/cierpliwosc-w-zyciu-konsekrowanym\/","title":{"rendered":"Cierpliwo\u015b\u0107 w \u017cyciu konsekrowanym"},"content":{"rendered":"\n<p>Czym wi\u0119c charakteryzuje si\u0119 cnota cierpliwo\u015bci? Sprawia, \u017ce spokojnie znosimy wszystkie napotykane w \u017cyciu przykre wydarzenia. Nie okazujemy rozgoryczenia, a gdy czasem gniew nas poniesie, staramy si\u0119 zapanowa\u0107 nad_ sob\u0105, poskramiaj\u0105c swoje wzburzenie. Trzeba zatem mie\u0107 porz\u0105dny zapas cierpliwo\u015bci, drogie siostry. Gdyby\u015bmy nawet nie musieli nic znosi\u0107 ze strony ludzi, to niestety! Jeste\u015bmy tak s\u0142abi, \u017ce mamy do\u015b\u0107 przykro\u015bci z w\u0142asnego powodu. Jeste\u015bmy tez bardzo zmienni i w zwi\u0105zku z tym musimy niejedno znie\u015b\u0107. A nie jest to mo\u017cliwe bez cierpliwo\u015bci. Konferencje \u015bw. Wincentego a Paulo, 14.VII.1658 (Coste X, str. 476)<\/p>\n\n\n\n<figure class=\"wp-block-embed is-type-video is-provider-youtube wp-block-embed-youtube wp-embed-aspect-16-9 wp-has-aspect-ratio\"><div class=\"wp-block-embed__wrapper\">\n<iframe loading=\"lazy\" title=\"2022 02  Cierpliwo\u015b\u0107 w \u017cyciu konsekrowanym PL\" width=\"1080\" height=\"608\" src=\"https:\/\/www.youtube.com\/embed\/-vshUJJE6L0?feature=oembed\"  allow=\"accelerometer; autoplay; clipboard-write; encrypted-media; gyroscope; picture-in-picture; web-share\" referrerpolicy=\"strict-origin-when-cross-origin\" allowfullscreen><\/iframe>\n<\/div><\/figure>\n","protected":false},"featured_media":25979,"template":"","meta":{"_acf_changed":false,"_et_pb_use_builder":"","_et_pb_old_content":"","_et_gb_content_width":"","_links_to":"","_links_to_target":""},"class_list":["post-25978","rincon-oracion","type-rincon-oracion","status-publish","has-post-thumbnail","hentry"],"acf":[],"yoast_head":"<!-- This site is optimized with the Yoast SEO plugin v27.5 - https:\/\/yoast.com\/product\/yoast-seo-wordpress\/ -->\n<title>Cierpliwo\u015b\u0107 w \u017cyciu konsekrowanym - Filles de la Charit\u00e9<\/title>\n<meta name=\"robots\" content=\"index, follow, max-snippet:-1, max-image-preview:large, max-video-preview:-1\" \/>\n<link rel=\"canonical\" href=\"https:\/\/filles-de-la-charite.org\/pl\/rincon-oracion\/cierpliwosc-w-zyciu-konsekrowanym\/\" \/>\n<meta property=\"og:locale\" content=\"pl_PL\" \/>\n<meta property=\"og:type\" content=\"article\" \/>\n<meta property=\"og:title\" content=\"Cierpliwo\u015b\u0107 w \u017cyciu konsekrowanym - Filles de la Charit\u00e9\" \/>\n<meta property=\"og:description\" content=\"Czym wi\u0119c charakteryzuje si\u0119 cnota cierpliwo\u015bci? Sprawia, \u017ce spokojnie znosimy wszystkie napotykane w \u017cyciu przykre wydarzenia. Nie okazujemy rozgoryczenia, a gdy czasem gniew nas poniesie, staramy si\u0119 zapanowa\u0107 nad_ sob\u0105, poskramiaj\u0105c swoje wzburzenie. Trzeba zatem mie\u0107 porz\u0105dny zapas cierpliwo\u015bci, drogie siostry. Gdyby\u015bmy nawet nie musieli nic znosi\u0107 ze strony ludzi, to niestety! Jeste\u015bmy tak s\u0142abi, [&hellip;]\" \/>\n<meta property=\"og:url\" content=\"https:\/\/filles-de-la-charite.org\/pl\/rincon-oracion\/cierpliwosc-w-zyciu-konsekrowanym\/\" \/>\n<meta property=\"og:site_name\" content=\"Filles de la Charit\u00e9\" \/>\n<meta property=\"og:image\" content=\"https:\/\/filles-de-la-charite.org\/wp-content\/uploads\/2023\/06\/2022.02.-Cierpliwosc-w-zyciu-konsekrowanym_PL-scaled-1.jpg\" \/>\n\t<meta property=\"og:image:width\" content=\"2560\" \/>\n\t<meta property=\"og:image:height\" content=\"1440\" \/>\n\t<meta property=\"og:image:type\" content=\"image\/jpeg\" \/>\n<meta name=\"twitter:card\" content=\"summary_large_image\" \/>\n<meta name=\"twitter:label1\" content=\"Szacowany czas czytania\" \/>\n\t<meta name=\"twitter:data1\" content=\"1 minuta\" \/>\n<script type=\"application\/ld+json\" class=\"yoast-schema-graph\">{\"@context\":\"https:\\\/\\\/schema.org\",\"@graph\":[{\"@type\":\"WebPage\",\"@id\":\"https:\\\/\\\/filles-de-la-charite.org\\\/pl\\\/rincon-oracion\\\/cierpliwosc-w-zyciu-konsekrowanym\\\/\",\"url\":\"https:\\\/\\\/filles-de-la-charite.org\\\/pl\\\/rincon-oracion\\\/cierpliwosc-w-zyciu-konsekrowanym\\\/\",\"name\":\"Cierpliwo\u015b\u0107 w \u017cyciu konsekrowanym - Filles de la Charit\u00e9\",\"isPartOf\":{\"@id\":\"https:\\\/\\\/filles-de-la-charite.org\\\/pl\\\/#website\"},\"primaryImageOfPage\":{\"@id\":\"https:\\\/\\\/filles-de-la-charite.org\\\/pl\\\/rincon-oracion\\\/cierpliwosc-w-zyciu-konsekrowanym\\\/#primaryimage\"},\"image\":{\"@id\":\"https:\\\/\\\/filles-de-la-charite.org\\\/pl\\\/rincon-oracion\\\/cierpliwosc-w-zyciu-konsekrowanym\\\/#primaryimage\"},\"thumbnailUrl\":\"https:\\\/\\\/filles-de-la-charite.org\\\/wp-content\\\/uploads\\\/2023\\\/06\\\/2022.02.-Cierpliwosc-w-zyciu-konsekrowanym_PL-scaled-1.jpg\",\"datePublished\":\"2022-01-31T22:00:00+00:00\",\"inLanguage\":\"pl-PL\",\"potentialAction\":[{\"@type\":\"ReadAction\",\"target\":[\"https:\\\/\\\/filles-de-la-charite.org\\\/pl\\\/rincon-oracion\\\/cierpliwosc-w-zyciu-konsekrowanym\\\/\"]}]},{\"@type\":\"ImageObject\",\"inLanguage\":\"pl-PL\",\"@id\":\"https:\\\/\\\/filles-de-la-charite.org\\\/pl\\\/rincon-oracion\\\/cierpliwosc-w-zyciu-konsekrowanym\\\/#primaryimage\",\"url\":\"https:\\\/\\\/filles-de-la-charite.org\\\/wp-content\\\/uploads\\\/2023\\\/06\\\/2022.02.-Cierpliwosc-w-zyciu-konsekrowanym_PL-scaled-1.jpg\",\"contentUrl\":\"https:\\\/\\\/filles-de-la-charite.org\\\/wp-content\\\/uploads\\\/2023\\\/06\\\/2022.02.-Cierpliwosc-w-zyciu-konsekrowanym_PL-scaled-1.jpg\",\"width\":2560,\"height\":1440},{\"@type\":\"WebSite\",\"@id\":\"https:\\\/\\\/filles-de-la-charite.org\\\/pl\\\/#website\",\"url\":\"https:\\\/\\\/filles-de-la-charite.org\\\/pl\\\/\",\"name\":\"Hijas de la Caridad\",\"description\":\"L\u2019amour de J\u00e9sus nous presse \u00e0 prendre soin des personnes les plus d\u00e9munies\",\"publisher\":{\"@id\":\"https:\\\/\\\/filles-de-la-charite.org\\\/pl\\\/#organization\"},\"potentialAction\":[{\"@type\":\"SearchAction\",\"target\":{\"@type\":\"EntryPoint\",\"urlTemplate\":\"https:\\\/\\\/filles-de-la-charite.org\\\/pl\\\/?s={search_term_string}\"},\"query-input\":{\"@type\":\"PropertyValueSpecification\",\"valueRequired\":true,\"valueName\":\"search_term_string\"}}],\"inLanguage\":\"pl-PL\"},{\"@type\":\"Organization\",\"@id\":\"https:\\\/\\\/filles-de-la-charite.org\\\/pl\\\/#organization\",\"name\":\"Hijas de la Caridad\",\"url\":\"https:\\\/\\\/filles-de-la-charite.org\\\/pl\\\/\",\"logo\":{\"@type\":\"ImageObject\",\"inLanguage\":\"pl-PL\",\"@id\":\"https:\\\/\\\/filles-de-la-charite.org\\\/pl\\\/#\\\/schema\\\/logo\\\/image\\\/\",\"url\":\"https:\\\/\\\/filles-de-la-charite.org\\\/wp-content\\\/uploads\\\/2023\\\/03\\\/isotipo-Hijas-de-la-Caridad.png\",\"contentUrl\":\"https:\\\/\\\/filles-de-la-charite.org\\\/wp-content\\\/uploads\\\/2023\\\/03\\\/isotipo-Hijas-de-la-Caridad.png\",\"width\":1417,\"height\":1417,\"caption\":\"Hijas de la Caridad\"},\"image\":{\"@id\":\"https:\\\/\\\/filles-de-la-charite.org\\\/pl\\\/#\\\/schema\\\/logo\\\/image\\\/\"}}]}<\/script>\n<!-- \/ Yoast SEO plugin. -->","yoast_head_json":{"title":"Cierpliwo\u015b\u0107 w \u017cyciu konsekrowanym - Filles de la Charit\u00e9","robots":{"index":"index","follow":"follow","max-snippet":"max-snippet:-1","max-image-preview":"max-image-preview:large","max-video-preview":"max-video-preview:-1"},"canonical":"https:\/\/filles-de-la-charite.org\/pl\/rincon-oracion\/cierpliwosc-w-zyciu-konsekrowanym\/","og_locale":"pl_PL","og_type":"article","og_title":"Cierpliwo\u015b\u0107 w \u017cyciu konsekrowanym - Filles de la Charit\u00e9","og_description":"Czym wi\u0119c charakteryzuje si\u0119 cnota cierpliwo\u015bci? Sprawia, \u017ce spokojnie znosimy wszystkie napotykane w \u017cyciu przykre wydarzenia. Nie okazujemy rozgoryczenia, a gdy czasem gniew nas poniesie, staramy si\u0119 zapanowa\u0107 nad_ sob\u0105, poskramiaj\u0105c swoje wzburzenie. Trzeba zatem mie\u0107 porz\u0105dny zapas cierpliwo\u015bci, drogie siostry. Gdyby\u015bmy nawet nie musieli nic znosi\u0107 ze strony ludzi, to niestety! Jeste\u015bmy tak s\u0142abi, [&hellip;]","og_url":"https:\/\/filles-de-la-charite.org\/pl\/rincon-oracion\/cierpliwosc-w-zyciu-konsekrowanym\/","og_site_name":"Filles de la Charit\u00e9","og_image":[{"width":2560,"height":1440,"url":"https:\/\/filles-de-la-charite.org\/wp-content\/uploads\/2023\/06\/2022.02.-Cierpliwosc-w-zyciu-konsekrowanym_PL-scaled-1.jpg","type":"image\/jpeg"}],"twitter_card":"summary_large_image","twitter_misc":{"Szacowany czas czytania":"1 minuta"},"schema":{"@context":"https:\/\/schema.org","@graph":[{"@type":"WebPage","@id":"https:\/\/filles-de-la-charite.org\/pl\/rincon-oracion\/cierpliwosc-w-zyciu-konsekrowanym\/","url":"https:\/\/filles-de-la-charite.org\/pl\/rincon-oracion\/cierpliwosc-w-zyciu-konsekrowanym\/","name":"Cierpliwo\u015b\u0107 w \u017cyciu konsekrowanym - Filles de la Charit\u00e9","isPartOf":{"@id":"https:\/\/filles-de-la-charite.org\/pl\/#website"},"primaryImageOfPage":{"@id":"https:\/\/filles-de-la-charite.org\/pl\/rincon-oracion\/cierpliwosc-w-zyciu-konsekrowanym\/#primaryimage"},"image":{"@id":"https:\/\/filles-de-la-charite.org\/pl\/rincon-oracion\/cierpliwosc-w-zyciu-konsekrowanym\/#primaryimage"},"thumbnailUrl":"https:\/\/filles-de-la-charite.org\/wp-content\/uploads\/2023\/06\/2022.02.-Cierpliwosc-w-zyciu-konsekrowanym_PL-scaled-1.jpg","datePublished":"2022-01-31T22:00:00+00:00","inLanguage":"pl-PL","potentialAction":[{"@type":"ReadAction","target":["https:\/\/filles-de-la-charite.org\/pl\/rincon-oracion\/cierpliwosc-w-zyciu-konsekrowanym\/"]}]},{"@type":"ImageObject","inLanguage":"pl-PL","@id":"https:\/\/filles-de-la-charite.org\/pl\/rincon-oracion\/cierpliwosc-w-zyciu-konsekrowanym\/#primaryimage","url":"https:\/\/filles-de-la-charite.org\/wp-content\/uploads\/2023\/06\/2022.02.-Cierpliwosc-w-zyciu-konsekrowanym_PL-scaled-1.jpg","contentUrl":"https:\/\/filles-de-la-charite.org\/wp-content\/uploads\/2023\/06\/2022.02.-Cierpliwosc-w-zyciu-konsekrowanym_PL-scaled-1.jpg","width":2560,"height":1440},{"@type":"WebSite","@id":"https:\/\/filles-de-la-charite.org\/pl\/#website","url":"https:\/\/filles-de-la-charite.org\/pl\/","name":"Hijas de la Caridad","description":"L\u2019amour de J\u00e9sus nous presse \u00e0 prendre soin des personnes les plus d\u00e9munies","publisher":{"@id":"https:\/\/filles-de-la-charite.org\/pl\/#organization"},"potentialAction":[{"@type":"SearchAction","target":{"@type":"EntryPoint","urlTemplate":"https:\/\/filles-de-la-charite.org\/pl\/?s={search_term_string}"},"query-input":{"@type":"PropertyValueSpecification","valueRequired":true,"valueName":"search_term_string"}}],"inLanguage":"pl-PL"},{"@type":"Organization","@id":"https:\/\/filles-de-la-charite.org\/pl\/#organization","name":"Hijas de la Caridad","url":"https:\/\/filles-de-la-charite.org\/pl\/","logo":{"@type":"ImageObject","inLanguage":"pl-PL","@id":"https:\/\/filles-de-la-charite.org\/pl\/#\/schema\/logo\/image\/","url":"https:\/\/filles-de-la-charite.org\/wp-content\/uploads\/2023\/03\/isotipo-Hijas-de-la-Caridad.png","contentUrl":"https:\/\/filles-de-la-charite.org\/wp-content\/uploads\/2023\/03\/isotipo-Hijas-de-la-Caridad.png","width":1417,"height":1417,"caption":"Hijas de la Caridad"},"image":{"@id":"https:\/\/filles-de-la-charite.org\/pl\/#\/schema\/logo\/image\/"}}]}},"_links":{"self":[{"href":"https:\/\/filles-de-la-charite.org\/pl\/wp-json\/wp\/v2\/rincon-oracion\/25978","targetHints":{"allow":["GET"]}}],"collection":[{"href":"https:\/\/filles-de-la-charite.org\/pl\/wp-json\/wp\/v2\/rincon-oracion"}],"about":[{"href":"https:\/\/filles-de-la-charite.org\/pl\/wp-json\/wp\/v2\/types\/rincon-oracion"}],"wp:featuredmedia":[{"embeddable":true,"href":"https:\/\/filles-de-la-charite.org\/pl\/wp-json\/wp\/v2\/media\/25979"}],"wp:attachment":[{"href":"https:\/\/filles-de-la-charite.org\/pl\/wp-json\/wp\/v2\/media?parent=25978"}],"curies":[{"name":"wp","href":"https:\/\/api.w.org\/{rel}","templated":true}]}}