{"id":26014,"date":"2022-07-31T22:00:00","date_gmt":"2022-07-31T20:00:00","guid":{"rendered":"https:\/\/hijascaridad.sjdigitaldemo.ovh\/rincon-oracion\/ku-kosciolowi-synodalnemu-komunia-uczestnictwo-i-misja\/"},"modified":"2022-07-31T22:00:00","modified_gmt":"2022-07-31T20:00:00","slug":"ku-kosciolowi-synodalnemu-komunia-uczestnictwo-i-misja","status":"publish","type":"rincon-oracion","link":"https:\/\/filles-de-la-charite.org\/pl\/rincon-oracion\/ku-kosciolowi-synodalnemu-komunia-uczestnictwo-i-misja\/","title":{"rendered":"Ku Ko\u015bcio\u0142owi synodalnemu: komunia, uczestnictwo i misja"},"content":{"rendered":"\n<p>Synodalno\u015b\u0107 stanowi naczeln\u0105 drog\u0119 dla Ko\u015bcio\u0142a, wezwanego do odnowy pod dzia\u0142aniem Ducha \u015awi\u0119tego i dzi\u0119ki s\u0142uchaniu S\u0142owa Bo\u017cego. Zdolno\u015b\u0107 do wyobra\u017cenia sobie innej przysz\u0142o\u015bci dla Ko\u015bcio\u0142a i jego instytucji na miar\u0119 misji jak\u0105 otrzyma\u0142, zale\u017cy w du\u017cej mierze od tego, czy zechce on uruchomi\u0107 procesy s\u0142uchania, dialogu i rozeznania wsp\u00f3lnotowego, w kt\u00f3rych wszyscy i ka\u017cdy z osobna b\u0119dzie m\u00f3g\u0142 uczestniczy\u0107 i wnie\u015b\u0107 sw\u00f3j wk\u0142ad. Jednocze\u015bnie, wyb\u00f3r \u201epod\u0105\u017cania razem\u201d stanowi proroczy znak dla rodziny ludzkiej, kt\u00f3ra potrzebuje wsp\u00f3lnego projektu, kt\u00f3ry by\u0142by w stanie d\u0105\u017cy\u0107 do dobra wszystkich. Ko\u015bci\u00f3\u0142 zdolny do komunii i braterstwa, do uczestnictwa i pomocniczo\u015bci, w wierno\u015bci temu, co g\u0142osi, b\u0119dzie m\u00f3g\u0142 stan\u0105\u0107 po stronie ubogich i ostatnich oraz u\u017cyczy\u0107 im swego g\u0142osu. Do \u201epod\u0105\u017cania razem\u201d trzeba pozwoli\u0107, by Duch \u015awi\u0119ty wychowywa\u0142 nas do mentalno\u015bci prawdziwie synodalnej, wchodz\u0105c z odwag\u0105 i wolno\u015bci\u0105 serca w proces nawr\u00f3cenia, bez kt\u00f3rego nie b\u0119dzie mo\u017cliwe przeprowadzenie \u201enieustannej reformy, kt\u00f3rej Ko\u015bci\u00f3\u0142, rozumiany jako instytucja ludzka i ziemska, wci\u0105\u017c potrzebuje\u201d (UR, n. 6; por. EG, n. 26).<\/p>\n\n\n\n<figure class=\"wp-block-embed is-type-video is-provider-youtube wp-block-embed-youtube wp-embed-aspect-16-9 wp-has-aspect-ratio\"><div class=\"wp-block-embed__wrapper\">\n<iframe loading=\"lazy\" title=\"Sierpie\u0144 2022 Ku Ko\u015bcio\u0142owi synodalnemu PL\" width=\"1080\" height=\"608\" src=\"https:\/\/www.youtube.com\/embed\/Ek1aJZmOals?feature=oembed\"  allow=\"accelerometer; autoplay; clipboard-write; encrypted-media; gyroscope; picture-in-picture; web-share\" referrerpolicy=\"strict-origin-when-cross-origin\" allowfullscreen><\/iframe>\n<\/div><\/figure>\n","protected":false},"featured_media":26015,"template":"","meta":{"_acf_changed":false,"_links_to":"","_links_to_target":""},"class_list":["post-26014","rincon-oracion","type-rincon-oracion","status-publish","has-post-thumbnail","hentry"],"acf":[],"yoast_head":"<!-- This site is optimized with the Yoast SEO plugin v27.5 - https:\/\/yoast.com\/product\/yoast-seo-wordpress\/ -->\n<title>Ku Ko\u015bcio\u0142owi synodalnemu: komunia, uczestnictwo i misja - Filles de la Charit\u00e9<\/title>\n<meta name=\"robots\" content=\"index, follow, max-snippet:-1, max-image-preview:large, max-video-preview:-1\" \/>\n<link rel=\"canonical\" href=\"https:\/\/filles-de-la-charite.org\/pl\/rincon-oracion\/ku-kosciolowi-synodalnemu-komunia-uczestnictwo-i-misja\/\" \/>\n<meta property=\"og:locale\" content=\"pl_PL\" \/>\n<meta property=\"og:type\" content=\"article\" \/>\n<meta property=\"og:title\" content=\"Ku Ko\u015bcio\u0142owi synodalnemu: komunia, uczestnictwo i misja - Filles de la Charit\u00e9\" \/>\n<meta property=\"og:description\" content=\"Synodalno\u015b\u0107 stanowi naczeln\u0105 drog\u0119 dla Ko\u015bcio\u0142a, wezwanego do odnowy pod dzia\u0142aniem Ducha \u015awi\u0119tego i dzi\u0119ki s\u0142uchaniu S\u0142owa Bo\u017cego. Zdolno\u015b\u0107 do wyobra\u017cenia sobie innej przysz\u0142o\u015bci dla Ko\u015bcio\u0142a i jego instytucji na miar\u0119 misji jak\u0105 otrzyma\u0142, zale\u017cy w du\u017cej mierze od tego, czy zechce on uruchomi\u0107 procesy s\u0142uchania, dialogu i rozeznania wsp\u00f3lnotowego, w kt\u00f3rych wszyscy i ka\u017cdy [&hellip;]\" \/>\n<meta property=\"og:url\" content=\"https:\/\/filles-de-la-charite.org\/pl\/rincon-oracion\/ku-kosciolowi-synodalnemu-komunia-uczestnictwo-i-misja\/\" \/>\n<meta property=\"og:site_name\" content=\"Filles de la Charit\u00e9\" \/>\n<meta property=\"og:image\" content=\"https:\/\/filles-de-la-charite.org\/wp-content\/uploads\/2023\/06\/Sierpien-2022Ku-Kosciolowi-synodalnemu_PL-scaled-1.jpg\" \/>\n\t<meta property=\"og:image:width\" content=\"2560\" \/>\n\t<meta property=\"og:image:height\" content=\"1440\" \/>\n\t<meta property=\"og:image:type\" content=\"image\/jpeg\" \/>\n<meta name=\"twitter:card\" content=\"summary_large_image\" \/>\n<meta name=\"twitter:label1\" content=\"Szacowany czas czytania\" \/>\n\t<meta name=\"twitter:data1\" content=\"1 minuta\" \/>\n<script type=\"application\/ld+json\" class=\"yoast-schema-graph\">{\"@context\":\"https:\\\/\\\/schema.org\",\"@graph\":[{\"@type\":\"WebPage\",\"@id\":\"https:\\\/\\\/filles-de-la-charite.org\\\/pl\\\/rincon-oracion\\\/ku-kosciolowi-synodalnemu-komunia-uczestnictwo-i-misja\\\/\",\"url\":\"https:\\\/\\\/filles-de-la-charite.org\\\/pl\\\/rincon-oracion\\\/ku-kosciolowi-synodalnemu-komunia-uczestnictwo-i-misja\\\/\",\"name\":\"Ku Ko\u015bcio\u0142owi synodalnemu: komunia, uczestnictwo i misja - Filles de la Charit\u00e9\",\"isPartOf\":{\"@id\":\"https:\\\/\\\/filles-de-la-charite.org\\\/pl\\\/#website\"},\"primaryImageOfPage\":{\"@id\":\"https:\\\/\\\/filles-de-la-charite.org\\\/pl\\\/rincon-oracion\\\/ku-kosciolowi-synodalnemu-komunia-uczestnictwo-i-misja\\\/#primaryimage\"},\"image\":{\"@id\":\"https:\\\/\\\/filles-de-la-charite.org\\\/pl\\\/rincon-oracion\\\/ku-kosciolowi-synodalnemu-komunia-uczestnictwo-i-misja\\\/#primaryimage\"},\"thumbnailUrl\":\"https:\\\/\\\/filles-de-la-charite.org\\\/wp-content\\\/uploads\\\/2023\\\/06\\\/Sierpien-2022Ku-Kosciolowi-synodalnemu_PL-scaled-1.jpg\",\"datePublished\":\"2022-07-31T20:00:00+00:00\",\"inLanguage\":\"pl-PL\",\"potentialAction\":[{\"@type\":\"ReadAction\",\"target\":[\"https:\\\/\\\/filles-de-la-charite.org\\\/pl\\\/rincon-oracion\\\/ku-kosciolowi-synodalnemu-komunia-uczestnictwo-i-misja\\\/\"]}]},{\"@type\":\"ImageObject\",\"inLanguage\":\"pl-PL\",\"@id\":\"https:\\\/\\\/filles-de-la-charite.org\\\/pl\\\/rincon-oracion\\\/ku-kosciolowi-synodalnemu-komunia-uczestnictwo-i-misja\\\/#primaryimage\",\"url\":\"https:\\\/\\\/filles-de-la-charite.org\\\/wp-content\\\/uploads\\\/2023\\\/06\\\/Sierpien-2022Ku-Kosciolowi-synodalnemu_PL-scaled-1.jpg\",\"contentUrl\":\"https:\\\/\\\/filles-de-la-charite.org\\\/wp-content\\\/uploads\\\/2023\\\/06\\\/Sierpien-2022Ku-Kosciolowi-synodalnemu_PL-scaled-1.jpg\",\"width\":2560,\"height\":1440},{\"@type\":\"WebSite\",\"@id\":\"https:\\\/\\\/filles-de-la-charite.org\\\/pl\\\/#website\",\"url\":\"https:\\\/\\\/filles-de-la-charite.org\\\/pl\\\/\",\"name\":\"Hijas de la Caridad\",\"description\":\"L\u2019amour de J\u00e9sus nous presse \u00e0 prendre soin des personnes les plus d\u00e9munies\",\"publisher\":{\"@id\":\"https:\\\/\\\/filles-de-la-charite.org\\\/pl\\\/#organization\"},\"potentialAction\":[{\"@type\":\"SearchAction\",\"target\":{\"@type\":\"EntryPoint\",\"urlTemplate\":\"https:\\\/\\\/filles-de-la-charite.org\\\/pl\\\/?s={search_term_string}\"},\"query-input\":{\"@type\":\"PropertyValueSpecification\",\"valueRequired\":true,\"valueName\":\"search_term_string\"}}],\"inLanguage\":\"pl-PL\"},{\"@type\":\"Organization\",\"@id\":\"https:\\\/\\\/filles-de-la-charite.org\\\/pl\\\/#organization\",\"name\":\"Hijas de la Caridad\",\"url\":\"https:\\\/\\\/filles-de-la-charite.org\\\/pl\\\/\",\"logo\":{\"@type\":\"ImageObject\",\"inLanguage\":\"pl-PL\",\"@id\":\"https:\\\/\\\/filles-de-la-charite.org\\\/pl\\\/#\\\/schema\\\/logo\\\/image\\\/\",\"url\":\"https:\\\/\\\/filles-de-la-charite.org\\\/wp-content\\\/uploads\\\/2023\\\/03\\\/isotipo-Hijas-de-la-Caridad.png\",\"contentUrl\":\"https:\\\/\\\/filles-de-la-charite.org\\\/wp-content\\\/uploads\\\/2023\\\/03\\\/isotipo-Hijas-de-la-Caridad.png\",\"width\":1417,\"height\":1417,\"caption\":\"Hijas de la Caridad\"},\"image\":{\"@id\":\"https:\\\/\\\/filles-de-la-charite.org\\\/pl\\\/#\\\/schema\\\/logo\\\/image\\\/\"}}]}<\/script>\n<!-- \/ Yoast SEO plugin. -->","yoast_head_json":{"title":"Ku Ko\u015bcio\u0142owi synodalnemu: komunia, uczestnictwo i misja - Filles de la Charit\u00e9","robots":{"index":"index","follow":"follow","max-snippet":"max-snippet:-1","max-image-preview":"max-image-preview:large","max-video-preview":"max-video-preview:-1"},"canonical":"https:\/\/filles-de-la-charite.org\/pl\/rincon-oracion\/ku-kosciolowi-synodalnemu-komunia-uczestnictwo-i-misja\/","og_locale":"pl_PL","og_type":"article","og_title":"Ku Ko\u015bcio\u0142owi synodalnemu: komunia, uczestnictwo i misja - Filles de la Charit\u00e9","og_description":"Synodalno\u015b\u0107 stanowi naczeln\u0105 drog\u0119 dla Ko\u015bcio\u0142a, wezwanego do odnowy pod dzia\u0142aniem Ducha \u015awi\u0119tego i dzi\u0119ki s\u0142uchaniu S\u0142owa Bo\u017cego. Zdolno\u015b\u0107 do wyobra\u017cenia sobie innej przysz\u0142o\u015bci dla Ko\u015bcio\u0142a i jego instytucji na miar\u0119 misji jak\u0105 otrzyma\u0142, zale\u017cy w du\u017cej mierze od tego, czy zechce on uruchomi\u0107 procesy s\u0142uchania, dialogu i rozeznania wsp\u00f3lnotowego, w kt\u00f3rych wszyscy i ka\u017cdy [&hellip;]","og_url":"https:\/\/filles-de-la-charite.org\/pl\/rincon-oracion\/ku-kosciolowi-synodalnemu-komunia-uczestnictwo-i-misja\/","og_site_name":"Filles de la Charit\u00e9","og_image":[{"width":2560,"height":1440,"url":"https:\/\/filles-de-la-charite.org\/wp-content\/uploads\/2023\/06\/Sierpien-2022Ku-Kosciolowi-synodalnemu_PL-scaled-1.jpg","type":"image\/jpeg"}],"twitter_card":"summary_large_image","twitter_misc":{"Szacowany czas czytania":"1 minuta"},"schema":{"@context":"https:\/\/schema.org","@graph":[{"@type":"WebPage","@id":"https:\/\/filles-de-la-charite.org\/pl\/rincon-oracion\/ku-kosciolowi-synodalnemu-komunia-uczestnictwo-i-misja\/","url":"https:\/\/filles-de-la-charite.org\/pl\/rincon-oracion\/ku-kosciolowi-synodalnemu-komunia-uczestnictwo-i-misja\/","name":"Ku Ko\u015bcio\u0142owi synodalnemu: komunia, uczestnictwo i misja - Filles de la Charit\u00e9","isPartOf":{"@id":"https:\/\/filles-de-la-charite.org\/pl\/#website"},"primaryImageOfPage":{"@id":"https:\/\/filles-de-la-charite.org\/pl\/rincon-oracion\/ku-kosciolowi-synodalnemu-komunia-uczestnictwo-i-misja\/#primaryimage"},"image":{"@id":"https:\/\/filles-de-la-charite.org\/pl\/rincon-oracion\/ku-kosciolowi-synodalnemu-komunia-uczestnictwo-i-misja\/#primaryimage"},"thumbnailUrl":"https:\/\/filles-de-la-charite.org\/wp-content\/uploads\/2023\/06\/Sierpien-2022Ku-Kosciolowi-synodalnemu_PL-scaled-1.jpg","datePublished":"2022-07-31T20:00:00+00:00","inLanguage":"pl-PL","potentialAction":[{"@type":"ReadAction","target":["https:\/\/filles-de-la-charite.org\/pl\/rincon-oracion\/ku-kosciolowi-synodalnemu-komunia-uczestnictwo-i-misja\/"]}]},{"@type":"ImageObject","inLanguage":"pl-PL","@id":"https:\/\/filles-de-la-charite.org\/pl\/rincon-oracion\/ku-kosciolowi-synodalnemu-komunia-uczestnictwo-i-misja\/#primaryimage","url":"https:\/\/filles-de-la-charite.org\/wp-content\/uploads\/2023\/06\/Sierpien-2022Ku-Kosciolowi-synodalnemu_PL-scaled-1.jpg","contentUrl":"https:\/\/filles-de-la-charite.org\/wp-content\/uploads\/2023\/06\/Sierpien-2022Ku-Kosciolowi-synodalnemu_PL-scaled-1.jpg","width":2560,"height":1440},{"@type":"WebSite","@id":"https:\/\/filles-de-la-charite.org\/pl\/#website","url":"https:\/\/filles-de-la-charite.org\/pl\/","name":"Hijas de la Caridad","description":"L\u2019amour de J\u00e9sus nous presse \u00e0 prendre soin des personnes les plus d\u00e9munies","publisher":{"@id":"https:\/\/filles-de-la-charite.org\/pl\/#organization"},"potentialAction":[{"@type":"SearchAction","target":{"@type":"EntryPoint","urlTemplate":"https:\/\/filles-de-la-charite.org\/pl\/?s={search_term_string}"},"query-input":{"@type":"PropertyValueSpecification","valueRequired":true,"valueName":"search_term_string"}}],"inLanguage":"pl-PL"},{"@type":"Organization","@id":"https:\/\/filles-de-la-charite.org\/pl\/#organization","name":"Hijas de la Caridad","url":"https:\/\/filles-de-la-charite.org\/pl\/","logo":{"@type":"ImageObject","inLanguage":"pl-PL","@id":"https:\/\/filles-de-la-charite.org\/pl\/#\/schema\/logo\/image\/","url":"https:\/\/filles-de-la-charite.org\/wp-content\/uploads\/2023\/03\/isotipo-Hijas-de-la-Caridad.png","contentUrl":"https:\/\/filles-de-la-charite.org\/wp-content\/uploads\/2023\/03\/isotipo-Hijas-de-la-Caridad.png","width":1417,"height":1417,"caption":"Hijas de la Caridad"},"image":{"@id":"https:\/\/filles-de-la-charite.org\/pl\/#\/schema\/logo\/image\/"}}]}},"_links":{"self":[{"href":"https:\/\/filles-de-la-charite.org\/pl\/wp-json\/wp\/v2\/rincon-oracion\/26014","targetHints":{"allow":["GET"]}}],"collection":[{"href":"https:\/\/filles-de-la-charite.org\/pl\/wp-json\/wp\/v2\/rincon-oracion"}],"about":[{"href":"https:\/\/filles-de-la-charite.org\/pl\/wp-json\/wp\/v2\/types\/rincon-oracion"}],"wp:featuredmedia":[{"embeddable":true,"href":"https:\/\/filles-de-la-charite.org\/pl\/wp-json\/wp\/v2\/media\/26015"}],"wp:attachment":[{"href":"https:\/\/filles-de-la-charite.org\/pl\/wp-json\/wp\/v2\/media?parent=26014"}],"curies":[{"name":"wp","href":"https:\/\/api.w.org\/{rel}","templated":true}]}}