{"id":26035,"date":"2022-10-31T23:00:00","date_gmt":"2022-10-31T22:00:00","guid":{"rendered":"https:\/\/hijascaridad.sjdigitaldemo.ovh\/rincon-oracion\/rozwazanie-tajemnic-chwalebnych-rozanca-swietego\/"},"modified":"2022-10-31T23:00:00","modified_gmt":"2022-10-31T22:00:00","slug":"rozwazanie-tajemnic-chwalebnych-rozanca-swietego","status":"publish","type":"rincon-oracion","link":"https:\/\/filles-de-la-charite.org\/pl\/rincon-oracion\/rozwazanie-tajemnic-chwalebnych-rozanca-swietego\/","title":{"rendered":"Rozwa\u017canie Tajemnic Chwalebnych R\u00f3\u017ca\u0144ca \u015awi\u0119tego"},"content":{"rendered":"\n<p>&#8230; pod opiek\u0105 Maryi&#8230; <\/p>\n\n\n\n<p>Za\u0142o\u017cyciele wpoili Siostrom Mi\u0142osierdzia mi\u0142o\u015b\u0107 i na\u015bladowanie Naj\u015bwi\u0119tszej Dziewicy. Zach\u0119cali, by kontemplowa\u0107 w Niej: <\/p>\n\n\n\n<p>* Niepokalan\u0105, w pe\u0142ni otwart\u0105 na dzia\u0142anie Ducha \u015awi\u0119tego, za przyk\u0142adem Jezusa ukazan\u0105 przez \u015bwi\u0119tego Wincentego, jako doskona\u0142y wz\u00f3r tych, kt\u00f3rzy \u00abs\u0142uchaj\u0105 S\u0142owa Bo\u017cego i je zachowuj\u0105\u00bb; <\/p>\n\n\n\n<p>* S\u0142u\u017cebnic\u0119 pokorn\u0105 i wiern\u0105 wobec plan\u00f3w Ojca, wz\u00f3r serc ubogich; <\/p>\n\n\n\n<p>* Matk\u0119 Boga, Matk\u0119 Mi\u0142osierdzia i Nadziej\u0119 maluczkich, najg\u0142\u0119biej zjednoczon\u0105 ze swoim Synem i prowadz\u0105c\u0105 do Niego tych, kt\u00f3rzy si\u0119 Jej powierzaj\u0105; Matk\u0119 Ko\u015bcio\u0142a i Jedyn\u0105 Matk\u0119 Zgromadzenia, kt\u00f3rej \u015bwi\u0119ta Ludwika powierzy\u0142a nowo powstaj\u0105ce Zgromadzenie, pragn\u0105c odda\u0107 je na zawsze pod Jej opiek\u0119. (K 15b)<\/p>\n\n\n\n<figure class=\"wp-block-embed is-type-video is-provider-youtube wp-block-embed-youtube wp-embed-aspect-16-9 wp-has-aspect-ratio\"><div class=\"wp-block-embed__wrapper\">\n<iframe loading=\"lazy\" title=\"Rozwa\u017canie Tajemnic Chwalebnych R\u00f3\u017ca\u0144ca \u015awi\u0119tego PL\" width=\"1080\" height=\"608\" src=\"https:\/\/www.youtube.com\/embed\/x8L4cApZd1U?feature=oembed\"  allow=\"accelerometer; autoplay; clipboard-write; encrypted-media; gyroscope; picture-in-picture; web-share\" referrerpolicy=\"strict-origin-when-cross-origin\" allowfullscreen><\/iframe>\n<\/div><\/figure>\n","protected":false},"featured_media":26036,"template":"","meta":{"_acf_changed":false,"_et_pb_use_builder":"","_et_pb_old_content":"","_et_gb_content_width":"","_links_to":"","_links_to_target":""},"class_list":["post-26035","rincon-oracion","type-rincon-oracion","status-publish","has-post-thumbnail","hentry"],"acf":[],"yoast_head":"<!-- This site is optimized with the Yoast SEO plugin v27.5 - https:\/\/yoast.com\/product\/yoast-seo-wordpress\/ -->\n<title>Rozwa\u017canie Tajemnic Chwalebnych R\u00f3\u017ca\u0144ca \u015awi\u0119tego - Filles de la Charit\u00e9<\/title>\n<meta name=\"robots\" content=\"index, follow, max-snippet:-1, max-image-preview:large, max-video-preview:-1\" \/>\n<link rel=\"canonical\" href=\"https:\/\/filles-de-la-charite.org\/pl\/rincon-oracion\/rozwazanie-tajemnic-chwalebnych-rozanca-swietego\/\" \/>\n<meta property=\"og:locale\" content=\"pl_PL\" \/>\n<meta property=\"og:type\" content=\"article\" \/>\n<meta property=\"og:title\" content=\"Rozwa\u017canie Tajemnic Chwalebnych R\u00f3\u017ca\u0144ca \u015awi\u0119tego - Filles de la Charit\u00e9\" \/>\n<meta property=\"og:description\" content=\"&#8230; pod opiek\u0105 Maryi&#8230; Za\u0142o\u017cyciele wpoili Siostrom Mi\u0142osierdzia mi\u0142o\u015b\u0107 i na\u015bladowanie Naj\u015bwi\u0119tszej Dziewicy. Zach\u0119cali, by kontemplowa\u0107 w Niej: * Niepokalan\u0105, w pe\u0142ni otwart\u0105 na dzia\u0142anie Ducha \u015awi\u0119tego, za przyk\u0142adem Jezusa ukazan\u0105 przez \u015bwi\u0119tego Wincentego, jako doskona\u0142y wz\u00f3r tych, kt\u00f3rzy \u00abs\u0142uchaj\u0105 S\u0142owa Bo\u017cego i je zachowuj\u0105\u00bb; * S\u0142u\u017cebnic\u0119 pokorn\u0105 i wiern\u0105 wobec plan\u00f3w Ojca, wz\u00f3r serc [&hellip;]\" \/>\n<meta property=\"og:url\" content=\"https:\/\/filles-de-la-charite.org\/pl\/rincon-oracion\/rozwazanie-tajemnic-chwalebnych-rozanca-swietego\/\" \/>\n<meta property=\"og:site_name\" content=\"Filles de la Charit\u00e9\" \/>\n<meta property=\"og:image\" content=\"https:\/\/filles-de-la-charite.org\/wp-content\/uploads\/2023\/06\/PL-scaled-2.jpg\" \/>\n\t<meta property=\"og:image:width\" content=\"2560\" \/>\n\t<meta property=\"og:image:height\" content=\"1440\" \/>\n\t<meta property=\"og:image:type\" content=\"image\/jpeg\" \/>\n<meta name=\"twitter:card\" content=\"summary_large_image\" \/>\n<meta name=\"twitter:label1\" content=\"Szacowany czas czytania\" \/>\n\t<meta name=\"twitter:data1\" content=\"1 minuta\" \/>\n<script type=\"application\/ld+json\" class=\"yoast-schema-graph\">{\"@context\":\"https:\\\/\\\/schema.org\",\"@graph\":[{\"@type\":\"WebPage\",\"@id\":\"https:\\\/\\\/filles-de-la-charite.org\\\/pl\\\/rincon-oracion\\\/rozwazanie-tajemnic-chwalebnych-rozanca-swietego\\\/\",\"url\":\"https:\\\/\\\/filles-de-la-charite.org\\\/pl\\\/rincon-oracion\\\/rozwazanie-tajemnic-chwalebnych-rozanca-swietego\\\/\",\"name\":\"Rozwa\u017canie Tajemnic Chwalebnych R\u00f3\u017ca\u0144ca \u015awi\u0119tego - Filles de la Charit\u00e9\",\"isPartOf\":{\"@id\":\"https:\\\/\\\/filles-de-la-charite.org\\\/pl\\\/#website\"},\"primaryImageOfPage\":{\"@id\":\"https:\\\/\\\/filles-de-la-charite.org\\\/pl\\\/rincon-oracion\\\/rozwazanie-tajemnic-chwalebnych-rozanca-swietego\\\/#primaryimage\"},\"image\":{\"@id\":\"https:\\\/\\\/filles-de-la-charite.org\\\/pl\\\/rincon-oracion\\\/rozwazanie-tajemnic-chwalebnych-rozanca-swietego\\\/#primaryimage\"},\"thumbnailUrl\":\"https:\\\/\\\/filles-de-la-charite.org\\\/wp-content\\\/uploads\\\/2023\\\/06\\\/PL-scaled-2.jpg\",\"datePublished\":\"2022-10-31T22:00:00+00:00\",\"inLanguage\":\"pl-PL\",\"potentialAction\":[{\"@type\":\"ReadAction\",\"target\":[\"https:\\\/\\\/filles-de-la-charite.org\\\/pl\\\/rincon-oracion\\\/rozwazanie-tajemnic-chwalebnych-rozanca-swietego\\\/\"]}]},{\"@type\":\"ImageObject\",\"inLanguage\":\"pl-PL\",\"@id\":\"https:\\\/\\\/filles-de-la-charite.org\\\/pl\\\/rincon-oracion\\\/rozwazanie-tajemnic-chwalebnych-rozanca-swietego\\\/#primaryimage\",\"url\":\"https:\\\/\\\/filles-de-la-charite.org\\\/wp-content\\\/uploads\\\/2023\\\/06\\\/PL-scaled-2.jpg\",\"contentUrl\":\"https:\\\/\\\/filles-de-la-charite.org\\\/wp-content\\\/uploads\\\/2023\\\/06\\\/PL-scaled-2.jpg\",\"width\":2560,\"height\":1440},{\"@type\":\"WebSite\",\"@id\":\"https:\\\/\\\/filles-de-la-charite.org\\\/pl\\\/#website\",\"url\":\"https:\\\/\\\/filles-de-la-charite.org\\\/pl\\\/\",\"name\":\"Hijas de la Caridad\",\"description\":\"L\u2019amour de J\u00e9sus nous presse \u00e0 prendre soin des personnes les plus d\u00e9munies\",\"publisher\":{\"@id\":\"https:\\\/\\\/filles-de-la-charite.org\\\/pl\\\/#organization\"},\"potentialAction\":[{\"@type\":\"SearchAction\",\"target\":{\"@type\":\"EntryPoint\",\"urlTemplate\":\"https:\\\/\\\/filles-de-la-charite.org\\\/pl\\\/?s={search_term_string}\"},\"query-input\":{\"@type\":\"PropertyValueSpecification\",\"valueRequired\":true,\"valueName\":\"search_term_string\"}}],\"inLanguage\":\"pl-PL\"},{\"@type\":\"Organization\",\"@id\":\"https:\\\/\\\/filles-de-la-charite.org\\\/pl\\\/#organization\",\"name\":\"Hijas de la Caridad\",\"url\":\"https:\\\/\\\/filles-de-la-charite.org\\\/pl\\\/\",\"logo\":{\"@type\":\"ImageObject\",\"inLanguage\":\"pl-PL\",\"@id\":\"https:\\\/\\\/filles-de-la-charite.org\\\/pl\\\/#\\\/schema\\\/logo\\\/image\\\/\",\"url\":\"https:\\\/\\\/filles-de-la-charite.org\\\/wp-content\\\/uploads\\\/2023\\\/03\\\/isotipo-Hijas-de-la-Caridad.png\",\"contentUrl\":\"https:\\\/\\\/filles-de-la-charite.org\\\/wp-content\\\/uploads\\\/2023\\\/03\\\/isotipo-Hijas-de-la-Caridad.png\",\"width\":1417,\"height\":1417,\"caption\":\"Hijas de la Caridad\"},\"image\":{\"@id\":\"https:\\\/\\\/filles-de-la-charite.org\\\/pl\\\/#\\\/schema\\\/logo\\\/image\\\/\"}}]}<\/script>\n<!-- \/ Yoast SEO plugin. -->","yoast_head_json":{"title":"Rozwa\u017canie Tajemnic Chwalebnych R\u00f3\u017ca\u0144ca \u015awi\u0119tego - Filles de la Charit\u00e9","robots":{"index":"index","follow":"follow","max-snippet":"max-snippet:-1","max-image-preview":"max-image-preview:large","max-video-preview":"max-video-preview:-1"},"canonical":"https:\/\/filles-de-la-charite.org\/pl\/rincon-oracion\/rozwazanie-tajemnic-chwalebnych-rozanca-swietego\/","og_locale":"pl_PL","og_type":"article","og_title":"Rozwa\u017canie Tajemnic Chwalebnych R\u00f3\u017ca\u0144ca \u015awi\u0119tego - Filles de la Charit\u00e9","og_description":"&#8230; pod opiek\u0105 Maryi&#8230; Za\u0142o\u017cyciele wpoili Siostrom Mi\u0142osierdzia mi\u0142o\u015b\u0107 i na\u015bladowanie Naj\u015bwi\u0119tszej Dziewicy. Zach\u0119cali, by kontemplowa\u0107 w Niej: * Niepokalan\u0105, w pe\u0142ni otwart\u0105 na dzia\u0142anie Ducha \u015awi\u0119tego, za przyk\u0142adem Jezusa ukazan\u0105 przez \u015bwi\u0119tego Wincentego, jako doskona\u0142y wz\u00f3r tych, kt\u00f3rzy \u00abs\u0142uchaj\u0105 S\u0142owa Bo\u017cego i je zachowuj\u0105\u00bb; * S\u0142u\u017cebnic\u0119 pokorn\u0105 i wiern\u0105 wobec plan\u00f3w Ojca, wz\u00f3r serc [&hellip;]","og_url":"https:\/\/filles-de-la-charite.org\/pl\/rincon-oracion\/rozwazanie-tajemnic-chwalebnych-rozanca-swietego\/","og_site_name":"Filles de la Charit\u00e9","og_image":[{"width":2560,"height":1440,"url":"https:\/\/filles-de-la-charite.org\/wp-content\/uploads\/2023\/06\/PL-scaled-2.jpg","type":"image\/jpeg"}],"twitter_card":"summary_large_image","twitter_misc":{"Szacowany czas czytania":"1 minuta"},"schema":{"@context":"https:\/\/schema.org","@graph":[{"@type":"WebPage","@id":"https:\/\/filles-de-la-charite.org\/pl\/rincon-oracion\/rozwazanie-tajemnic-chwalebnych-rozanca-swietego\/","url":"https:\/\/filles-de-la-charite.org\/pl\/rincon-oracion\/rozwazanie-tajemnic-chwalebnych-rozanca-swietego\/","name":"Rozwa\u017canie Tajemnic Chwalebnych R\u00f3\u017ca\u0144ca \u015awi\u0119tego - Filles de la Charit\u00e9","isPartOf":{"@id":"https:\/\/filles-de-la-charite.org\/pl\/#website"},"primaryImageOfPage":{"@id":"https:\/\/filles-de-la-charite.org\/pl\/rincon-oracion\/rozwazanie-tajemnic-chwalebnych-rozanca-swietego\/#primaryimage"},"image":{"@id":"https:\/\/filles-de-la-charite.org\/pl\/rincon-oracion\/rozwazanie-tajemnic-chwalebnych-rozanca-swietego\/#primaryimage"},"thumbnailUrl":"https:\/\/filles-de-la-charite.org\/wp-content\/uploads\/2023\/06\/PL-scaled-2.jpg","datePublished":"2022-10-31T22:00:00+00:00","inLanguage":"pl-PL","potentialAction":[{"@type":"ReadAction","target":["https:\/\/filles-de-la-charite.org\/pl\/rincon-oracion\/rozwazanie-tajemnic-chwalebnych-rozanca-swietego\/"]}]},{"@type":"ImageObject","inLanguage":"pl-PL","@id":"https:\/\/filles-de-la-charite.org\/pl\/rincon-oracion\/rozwazanie-tajemnic-chwalebnych-rozanca-swietego\/#primaryimage","url":"https:\/\/filles-de-la-charite.org\/wp-content\/uploads\/2023\/06\/PL-scaled-2.jpg","contentUrl":"https:\/\/filles-de-la-charite.org\/wp-content\/uploads\/2023\/06\/PL-scaled-2.jpg","width":2560,"height":1440},{"@type":"WebSite","@id":"https:\/\/filles-de-la-charite.org\/pl\/#website","url":"https:\/\/filles-de-la-charite.org\/pl\/","name":"Hijas de la Caridad","description":"L\u2019amour de J\u00e9sus nous presse \u00e0 prendre soin des personnes les plus d\u00e9munies","publisher":{"@id":"https:\/\/filles-de-la-charite.org\/pl\/#organization"},"potentialAction":[{"@type":"SearchAction","target":{"@type":"EntryPoint","urlTemplate":"https:\/\/filles-de-la-charite.org\/pl\/?s={search_term_string}"},"query-input":{"@type":"PropertyValueSpecification","valueRequired":true,"valueName":"search_term_string"}}],"inLanguage":"pl-PL"},{"@type":"Organization","@id":"https:\/\/filles-de-la-charite.org\/pl\/#organization","name":"Hijas de la Caridad","url":"https:\/\/filles-de-la-charite.org\/pl\/","logo":{"@type":"ImageObject","inLanguage":"pl-PL","@id":"https:\/\/filles-de-la-charite.org\/pl\/#\/schema\/logo\/image\/","url":"https:\/\/filles-de-la-charite.org\/wp-content\/uploads\/2023\/03\/isotipo-Hijas-de-la-Caridad.png","contentUrl":"https:\/\/filles-de-la-charite.org\/wp-content\/uploads\/2023\/03\/isotipo-Hijas-de-la-Caridad.png","width":1417,"height":1417,"caption":"Hijas de la Caridad"},"image":{"@id":"https:\/\/filles-de-la-charite.org\/pl\/#\/schema\/logo\/image\/"}}]}},"_links":{"self":[{"href":"https:\/\/filles-de-la-charite.org\/pl\/wp-json\/wp\/v2\/rincon-oracion\/26035","targetHints":{"allow":["GET"]}}],"collection":[{"href":"https:\/\/filles-de-la-charite.org\/pl\/wp-json\/wp\/v2\/rincon-oracion"}],"about":[{"href":"https:\/\/filles-de-la-charite.org\/pl\/wp-json\/wp\/v2\/types\/rincon-oracion"}],"wp:featuredmedia":[{"embeddable":true,"href":"https:\/\/filles-de-la-charite.org\/pl\/wp-json\/wp\/v2\/media\/26036"}],"wp:attachment":[{"href":"https:\/\/filles-de-la-charite.org\/pl\/wp-json\/wp\/v2\/media?parent=26035"}],"curies":[{"name":"wp","href":"https:\/\/api.w.org\/{rel}","templated":true}]}}