{"id":26049,"date":"2022-12-31T23:00:00","date_gmt":"2022-12-31T22:00:00","guid":{"rendered":"https:\/\/hijascaridad.sjdigitaldemo.ovh\/rincon-oracion\/on-bedzie-naszym-pokojem\/"},"modified":"2022-12-31T23:00:00","modified_gmt":"2022-12-31T22:00:00","slug":"on-bedzie-naszym-pokojem","status":"publish","type":"rincon-oracion","link":"https:\/\/filles-de-la-charite.org\/pl\/rincon-oracion\/on-bedzie-naszym-pokojem\/","title":{"rendered":"On b\u0119dzie naszym Pokojem!"},"content":{"rendered":"\n<p>W li\u015bcie do papie\u017ca Innocentego X \u015bw. Wincenty a Paulo opisa\u0142 skutki wojny: <\/p>\n\n\n\n<p>&#8230;ludno\u015b\u0107 podzielona jest na r\u00f3\u017cne stronnictwa. Miasta i prowincje do\u015bwiadczane s\u0105 wojn\u0105. Wioski, osady i osiedla s\u0105 niszczone, burzone i palone. Rolnicy nie mog\u0105 i w najbli\u017cszych latach nie b\u0119d\u0105 mogli zebra\u0107 tego, co zasiali. \u017bo\u0142nierzom wszystko wolno. Ludno\u015b\u0107 jest nie tylko nara\u017cona na ich \u0142otrostwa i rabunki, ale i wystawiona na kl\u0119ski wszelkiego rodzaju i na niepokoje. Mieszka\u0144cy wsi, je\u015bli nie gin\u0105 od miecza, to umieraj\u0105 z g\u0142odu. Nawet ksi\u0119\u017ca nie s\u0105 wolni od ich okrucie\u0144stw. Bywaj\u0105 nieludzko i okrutnie traktowani, m\u0119czeni i zabijani. Dziewice s\u0105 gwa\u0142cone. Zakonnice s\u0105 nara\u017cone na ich gniew i \u017c\u0105dze. \u015awi\u0105tynie s\u0105 profanowane, niszczone i burzone, a te, kt\u00f3re zachowa\u0142y si\u0119 w ca\u0142o\u015bci, w wielu wypadkach s\u0105 opuszczone przez pasterzy. Ludno\u015b\u0107 pozbawiona jest Mszy \u015awi\u0119tej, sakrament\u00f3w, jakiejkolwiek pomocy duchowej i ca\u0142kowicie porzucona&#8230; Trudno tego s\u0142ucha\u0107 i o tym czyta\u0107. Co my\u015ble\u0107, gdy ogl\u0105da si\u0119 to w\u0142asnymi oczyma. <em>(List 1539, Coste IV) <\/em><\/p>\n\n\n\n<p>Dzisiaj wojna i przemoc s\u0105 nadal bolesn\u0105 rzeczywisto\u015bci\u0105 w naszym \u015bwiecie. Ten K\u0105cik modlitwy pr\u00f3buje, u\u017cywaj\u0105c s\u0142\u00f3w \u015bw. Wincentego i Modlitwy o Pok\u00f3j papie\u017ca Franciszka, poprowadzi\u0107 nas w g\u0142\u0105b naszych serc, gdy modlimy si\u0119 o POK\u00d3J, za kt\u00f3rym t\u0119sknimy&#8230; POK\u00d3J, kt\u00f3ry Jezus przyni\u00f3s\u0142 w ten &#8222;pierwszy dzie\u0144 Bo\u017cego Narodzenia&#8221;, POK\u00d3J, kt\u00f3ry zaczyna si\u0119 od nas i w nas&#8230; POK\u00d3J, kt\u00f3rym jest sam Jezus.<\/p>\n\n\n\n<figure class=\"wp-block-embed is-type-video is-provider-youtube wp-block-embed-youtube wp-embed-aspect-16-9 wp-has-aspect-ratio\"><div class=\"wp-block-embed__wrapper\">\n<iframe loading=\"lazy\" title=\"Stycze\u0144 2023 On b\u0119dzie naszym Pokojem!\" width=\"1080\" height=\"608\" src=\"https:\/\/www.youtube.com\/embed\/o7cryeNKkJ4?feature=oembed\"  allow=\"accelerometer; autoplay; clipboard-write; encrypted-media; gyroscope; picture-in-picture; web-share\" referrerpolicy=\"strict-origin-when-cross-origin\" allowfullscreen><\/iframe>\n<\/div><\/figure>\n","protected":false},"featured_media":26050,"template":"","meta":{"_acf_changed":false,"_et_pb_use_builder":"","_et_pb_old_content":"","_et_gb_content_width":"","_links_to":"","_links_to_target":""},"class_list":["post-26049","rincon-oracion","type-rincon-oracion","status-publish","has-post-thumbnail","hentry"],"acf":[],"yoast_head":"<!-- This site is optimized with the Yoast SEO plugin v27.5 - https:\/\/yoast.com\/product\/yoast-seo-wordpress\/ -->\n<title>On b\u0119dzie naszym Pokojem! - Filles de la Charit\u00e9<\/title>\n<meta name=\"robots\" content=\"index, follow, max-snippet:-1, max-image-preview:large, max-video-preview:-1\" \/>\n<link rel=\"canonical\" href=\"https:\/\/filles-de-la-charite.org\/pl\/rincon-oracion\/on-bedzie-naszym-pokojem\/\" \/>\n<meta property=\"og:locale\" content=\"pl_PL\" \/>\n<meta property=\"og:type\" content=\"article\" \/>\n<meta property=\"og:title\" content=\"On b\u0119dzie naszym Pokojem! - Filles de la Charit\u00e9\" \/>\n<meta property=\"og:description\" content=\"W li\u015bcie do papie\u017ca Innocentego X \u015bw. Wincenty a Paulo opisa\u0142 skutki wojny: &#8230;ludno\u015b\u0107 podzielona jest na r\u00f3\u017cne stronnictwa. Miasta i prowincje do\u015bwiadczane s\u0105 wojn\u0105. Wioski, osady i osiedla s\u0105 niszczone, burzone i palone. Rolnicy nie mog\u0105 i w najbli\u017cszych latach nie b\u0119d\u0105 mogli zebra\u0107 tego, co zasiali. \u017bo\u0142nierzom wszystko wolno. Ludno\u015b\u0107 jest nie tylko [&hellip;]\" \/>\n<meta property=\"og:url\" content=\"https:\/\/filles-de-la-charite.org\/pl\/rincon-oracion\/on-bedzie-naszym-pokojem\/\" \/>\n<meta property=\"og:site_name\" content=\"Filles de la Charit\u00e9\" \/>\n<meta property=\"og:image\" content=\"https:\/\/filles-de-la-charite.org\/wp-content\/uploads\/2023\/06\/Styczen-2023-On-bedzie-naszym-Pokojem-scaled-1.jpg\" \/>\n\t<meta property=\"og:image:width\" content=\"2560\" \/>\n\t<meta property=\"og:image:height\" content=\"1440\" \/>\n\t<meta property=\"og:image:type\" content=\"image\/jpeg\" \/>\n<meta name=\"twitter:card\" content=\"summary_large_image\" \/>\n<meta name=\"twitter:label1\" content=\"Szacowany czas czytania\" \/>\n\t<meta name=\"twitter:data1\" content=\"1 minuta\" \/>\n<script type=\"application\/ld+json\" class=\"yoast-schema-graph\">{\"@context\":\"https:\\\/\\\/schema.org\",\"@graph\":[{\"@type\":\"WebPage\",\"@id\":\"https:\\\/\\\/filles-de-la-charite.org\\\/pl\\\/rincon-oracion\\\/on-bedzie-naszym-pokojem\\\/\",\"url\":\"https:\\\/\\\/filles-de-la-charite.org\\\/pl\\\/rincon-oracion\\\/on-bedzie-naszym-pokojem\\\/\",\"name\":\"On b\u0119dzie naszym Pokojem! - Filles de la Charit\u00e9\",\"isPartOf\":{\"@id\":\"https:\\\/\\\/filles-de-la-charite.org\\\/pl\\\/#website\"},\"primaryImageOfPage\":{\"@id\":\"https:\\\/\\\/filles-de-la-charite.org\\\/pl\\\/rincon-oracion\\\/on-bedzie-naszym-pokojem\\\/#primaryimage\"},\"image\":{\"@id\":\"https:\\\/\\\/filles-de-la-charite.org\\\/pl\\\/rincon-oracion\\\/on-bedzie-naszym-pokojem\\\/#primaryimage\"},\"thumbnailUrl\":\"https:\\\/\\\/filles-de-la-charite.org\\\/wp-content\\\/uploads\\\/2023\\\/06\\\/Styczen-2023-On-bedzie-naszym-Pokojem-scaled-1.jpg\",\"datePublished\":\"2022-12-31T22:00:00+00:00\",\"inLanguage\":\"pl-PL\",\"potentialAction\":[{\"@type\":\"ReadAction\",\"target\":[\"https:\\\/\\\/filles-de-la-charite.org\\\/pl\\\/rincon-oracion\\\/on-bedzie-naszym-pokojem\\\/\"]}]},{\"@type\":\"ImageObject\",\"inLanguage\":\"pl-PL\",\"@id\":\"https:\\\/\\\/filles-de-la-charite.org\\\/pl\\\/rincon-oracion\\\/on-bedzie-naszym-pokojem\\\/#primaryimage\",\"url\":\"https:\\\/\\\/filles-de-la-charite.org\\\/wp-content\\\/uploads\\\/2023\\\/06\\\/Styczen-2023-On-bedzie-naszym-Pokojem-scaled-1.jpg\",\"contentUrl\":\"https:\\\/\\\/filles-de-la-charite.org\\\/wp-content\\\/uploads\\\/2023\\\/06\\\/Styczen-2023-On-bedzie-naszym-Pokojem-scaled-1.jpg\",\"width\":2560,\"height\":1440},{\"@type\":\"WebSite\",\"@id\":\"https:\\\/\\\/filles-de-la-charite.org\\\/pl\\\/#website\",\"url\":\"https:\\\/\\\/filles-de-la-charite.org\\\/pl\\\/\",\"name\":\"Hijas de la Caridad\",\"description\":\"L\u2019amour de J\u00e9sus nous presse \u00e0 prendre soin des personnes les plus d\u00e9munies\",\"publisher\":{\"@id\":\"https:\\\/\\\/filles-de-la-charite.org\\\/pl\\\/#organization\"},\"potentialAction\":[{\"@type\":\"SearchAction\",\"target\":{\"@type\":\"EntryPoint\",\"urlTemplate\":\"https:\\\/\\\/filles-de-la-charite.org\\\/pl\\\/?s={search_term_string}\"},\"query-input\":{\"@type\":\"PropertyValueSpecification\",\"valueRequired\":true,\"valueName\":\"search_term_string\"}}],\"inLanguage\":\"pl-PL\"},{\"@type\":\"Organization\",\"@id\":\"https:\\\/\\\/filles-de-la-charite.org\\\/pl\\\/#organization\",\"name\":\"Hijas de la Caridad\",\"url\":\"https:\\\/\\\/filles-de-la-charite.org\\\/pl\\\/\",\"logo\":{\"@type\":\"ImageObject\",\"inLanguage\":\"pl-PL\",\"@id\":\"https:\\\/\\\/filles-de-la-charite.org\\\/pl\\\/#\\\/schema\\\/logo\\\/image\\\/\",\"url\":\"https:\\\/\\\/filles-de-la-charite.org\\\/wp-content\\\/uploads\\\/2023\\\/03\\\/isotipo-Hijas-de-la-Caridad.png\",\"contentUrl\":\"https:\\\/\\\/filles-de-la-charite.org\\\/wp-content\\\/uploads\\\/2023\\\/03\\\/isotipo-Hijas-de-la-Caridad.png\",\"width\":1417,\"height\":1417,\"caption\":\"Hijas de la Caridad\"},\"image\":{\"@id\":\"https:\\\/\\\/filles-de-la-charite.org\\\/pl\\\/#\\\/schema\\\/logo\\\/image\\\/\"}}]}<\/script>\n<!-- \/ Yoast SEO plugin. -->","yoast_head_json":{"title":"On b\u0119dzie naszym Pokojem! - Filles de la Charit\u00e9","robots":{"index":"index","follow":"follow","max-snippet":"max-snippet:-1","max-image-preview":"max-image-preview:large","max-video-preview":"max-video-preview:-1"},"canonical":"https:\/\/filles-de-la-charite.org\/pl\/rincon-oracion\/on-bedzie-naszym-pokojem\/","og_locale":"pl_PL","og_type":"article","og_title":"On b\u0119dzie naszym Pokojem! - Filles de la Charit\u00e9","og_description":"W li\u015bcie do papie\u017ca Innocentego X \u015bw. Wincenty a Paulo opisa\u0142 skutki wojny: &#8230;ludno\u015b\u0107 podzielona jest na r\u00f3\u017cne stronnictwa. Miasta i prowincje do\u015bwiadczane s\u0105 wojn\u0105. Wioski, osady i osiedla s\u0105 niszczone, burzone i palone. Rolnicy nie mog\u0105 i w najbli\u017cszych latach nie b\u0119d\u0105 mogli zebra\u0107 tego, co zasiali. \u017bo\u0142nierzom wszystko wolno. Ludno\u015b\u0107 jest nie tylko [&hellip;]","og_url":"https:\/\/filles-de-la-charite.org\/pl\/rincon-oracion\/on-bedzie-naszym-pokojem\/","og_site_name":"Filles de la Charit\u00e9","og_image":[{"width":2560,"height":1440,"url":"https:\/\/filles-de-la-charite.org\/wp-content\/uploads\/2023\/06\/Styczen-2023-On-bedzie-naszym-Pokojem-scaled-1.jpg","type":"image\/jpeg"}],"twitter_card":"summary_large_image","twitter_misc":{"Szacowany czas czytania":"1 minuta"},"schema":{"@context":"https:\/\/schema.org","@graph":[{"@type":"WebPage","@id":"https:\/\/filles-de-la-charite.org\/pl\/rincon-oracion\/on-bedzie-naszym-pokojem\/","url":"https:\/\/filles-de-la-charite.org\/pl\/rincon-oracion\/on-bedzie-naszym-pokojem\/","name":"On b\u0119dzie naszym Pokojem! - Filles de la Charit\u00e9","isPartOf":{"@id":"https:\/\/filles-de-la-charite.org\/pl\/#website"},"primaryImageOfPage":{"@id":"https:\/\/filles-de-la-charite.org\/pl\/rincon-oracion\/on-bedzie-naszym-pokojem\/#primaryimage"},"image":{"@id":"https:\/\/filles-de-la-charite.org\/pl\/rincon-oracion\/on-bedzie-naszym-pokojem\/#primaryimage"},"thumbnailUrl":"https:\/\/filles-de-la-charite.org\/wp-content\/uploads\/2023\/06\/Styczen-2023-On-bedzie-naszym-Pokojem-scaled-1.jpg","datePublished":"2022-12-31T22:00:00+00:00","inLanguage":"pl-PL","potentialAction":[{"@type":"ReadAction","target":["https:\/\/filles-de-la-charite.org\/pl\/rincon-oracion\/on-bedzie-naszym-pokojem\/"]}]},{"@type":"ImageObject","inLanguage":"pl-PL","@id":"https:\/\/filles-de-la-charite.org\/pl\/rincon-oracion\/on-bedzie-naszym-pokojem\/#primaryimage","url":"https:\/\/filles-de-la-charite.org\/wp-content\/uploads\/2023\/06\/Styczen-2023-On-bedzie-naszym-Pokojem-scaled-1.jpg","contentUrl":"https:\/\/filles-de-la-charite.org\/wp-content\/uploads\/2023\/06\/Styczen-2023-On-bedzie-naszym-Pokojem-scaled-1.jpg","width":2560,"height":1440},{"@type":"WebSite","@id":"https:\/\/filles-de-la-charite.org\/pl\/#website","url":"https:\/\/filles-de-la-charite.org\/pl\/","name":"Hijas de la Caridad","description":"L\u2019amour de J\u00e9sus nous presse \u00e0 prendre soin des personnes les plus d\u00e9munies","publisher":{"@id":"https:\/\/filles-de-la-charite.org\/pl\/#organization"},"potentialAction":[{"@type":"SearchAction","target":{"@type":"EntryPoint","urlTemplate":"https:\/\/filles-de-la-charite.org\/pl\/?s={search_term_string}"},"query-input":{"@type":"PropertyValueSpecification","valueRequired":true,"valueName":"search_term_string"}}],"inLanguage":"pl-PL"},{"@type":"Organization","@id":"https:\/\/filles-de-la-charite.org\/pl\/#organization","name":"Hijas de la Caridad","url":"https:\/\/filles-de-la-charite.org\/pl\/","logo":{"@type":"ImageObject","inLanguage":"pl-PL","@id":"https:\/\/filles-de-la-charite.org\/pl\/#\/schema\/logo\/image\/","url":"https:\/\/filles-de-la-charite.org\/wp-content\/uploads\/2023\/03\/isotipo-Hijas-de-la-Caridad.png","contentUrl":"https:\/\/filles-de-la-charite.org\/wp-content\/uploads\/2023\/03\/isotipo-Hijas-de-la-Caridad.png","width":1417,"height":1417,"caption":"Hijas de la Caridad"},"image":{"@id":"https:\/\/filles-de-la-charite.org\/pl\/#\/schema\/logo\/image\/"}}]}},"_links":{"self":[{"href":"https:\/\/filles-de-la-charite.org\/pl\/wp-json\/wp\/v2\/rincon-oracion\/26049","targetHints":{"allow":["GET"]}}],"collection":[{"href":"https:\/\/filles-de-la-charite.org\/pl\/wp-json\/wp\/v2\/rincon-oracion"}],"about":[{"href":"https:\/\/filles-de-la-charite.org\/pl\/wp-json\/wp\/v2\/types\/rincon-oracion"}],"wp:featuredmedia":[{"embeddable":true,"href":"https:\/\/filles-de-la-charite.org\/pl\/wp-json\/wp\/v2\/media\/26050"}],"wp:attachment":[{"href":"https:\/\/filles-de-la-charite.org\/pl\/wp-json\/wp\/v2\/media?parent=26049"}],"curies":[{"name":"wp","href":"https:\/\/api.w.org\/{rel}","templated":true}]}}