{"id":39318,"date":"2024-09-14T17:00:00","date_gmt":"2024-09-14T15:00:00","guid":{"rendered":"https:\/\/filles-de-la-charite.org\/?post_type=rincon-oracion&#038;p=39318"},"modified":"2024-09-14T18:01:22","modified_gmt":"2024-09-14T16:01:22","slug":"sw-wincenty-a-paulo-kontemplacja-dzialanie-swietowanie","status":"publish","type":"rincon-oracion","link":"https:\/\/filles-de-la-charite.org\/pl\/rincon-oracion\/sw-wincenty-a-paulo-kontemplacja-dzialanie-swietowanie\/","title":{"rendered":"\u015aw. Wincenty a Paulo. Kontemplacja, Dzia\u0142anie, \u015awi\u0119towanie."},"content":{"rendered":"\n<p>Wincenty a Paulo jest kim\u015b wi\u0119cej ni\u017c tylko postaci\u0105 historyczn\u0105; symbolizuje on moc przemiany. Znany jest jako \"Mistyk Mi\u0142osierdzia\", kt\u00f3ry po\u015bwi\u0119ci\u0142 swoje \u017cycie s\u0142u\u017cbie ubogim i opuszczonym. Utrzymywa\u0142 r\u00f3wnowag\u0119 mi\u0119dzy kontemplacj\u0105 (pog\u0142\u0119biaj\u0105c swoj\u0105 relacj\u0119 z Bogiem), dzia\u0142aniem (s\u0142u\u017c\u0105c innym) i celebrowaniem wdzi\u0119czno\u015bci (doceniaj\u0105c Bo\u017c\u0105 \u0142ask\u0119). Aby nasza pos\u0142uga by\u0142a kontynuowana podczas globalnych kryzys\u00f3w, takich jak pandemie, pog\u0142\u0119biaj\u0105ce si\u0119 ub\u00f3stwo i degradacja \u015brodowiska, i aby by\u0142a wykonywana zgodnie z wol\u0105 Bo\u017c\u0105, warto\u015bci \u015bw. Wincentego a Paulo mog\u0105 prowadzi\u0107 nas do budowania bardziej wsp\u00f3\u0142czuj\u0105cego \u015bwiata. Ka\u017cdy cz\u0142owiek mo\u017ce zmienia\u0107 \u015bwiat. Nasz cierpi\u0105cy \u015bwiat potrzebuje dzi\u015b wi\u0119cej \"Wincentych a Paulo\".<\/p>\n\n\n\n<figure class=\"wp-block-embed is-type-video is-provider-youtube wp-block-embed-youtube wp-embed-aspect-16-9 wp-has-aspect-ratio\"><div class=\"wp-block-embed__wrapper\">\n<iframe loading=\"lazy\" title=\"PL Wrzesie\u0144 2024   \u015aw.  Wincenty a Paulo Kontemplacja, Dzia\u0142anie, \u015awi\u0119towanie\" width=\"1080\" height=\"608\" src=\"https:\/\/www.youtube.com\/embed\/t74ime33HR4?feature=oembed\"  allow=\"accelerometer; autoplay; clipboard-write; encrypted-media; gyroscope; picture-in-picture; web-share\" referrerpolicy=\"strict-origin-when-cross-origin\" allowfullscreen><\/iframe>\n<\/div><\/figure>\n","protected":false},"featured_media":39314,"template":"","meta":{"_acf_changed":false,"_links_to":"","_links_to_target":""},"class_list":["post-39318","rincon-oracion","type-rincon-oracion","status-publish","has-post-thumbnail","hentry"],"acf":[],"yoast_head":"<!-- This site is optimized with the Yoast SEO plugin v27.5 - https:\/\/yoast.com\/product\/yoast-seo-wordpress\/ -->\n<title>\u015aw. Wincenty a Paulo. Kontemplacja, Dzia\u0142anie, \u015awi\u0119towanie. - Filles de la Charit\u00e9<\/title>\n<meta name=\"robots\" content=\"index, follow, max-snippet:-1, max-image-preview:large, max-video-preview:-1\" \/>\n<link rel=\"canonical\" href=\"https:\/\/filles-de-la-charite.org\/pl\/rincon-oracion\/sw-wincenty-a-paulo-kontemplacja-dzialanie-swietowanie\/\" \/>\n<meta property=\"og:locale\" content=\"pl_PL\" \/>\n<meta property=\"og:type\" content=\"article\" \/>\n<meta property=\"og:title\" content=\"\u015aw. Wincenty a Paulo. Kontemplacja, Dzia\u0142anie, \u015awi\u0119towanie. - Filles de la Charit\u00e9\" \/>\n<meta property=\"og:description\" content=\"Wincenty a Paulo jest kim\u015b wi\u0119cej ni\u017c tylko postaci\u0105 historyczn\u0105; symbolizuje on moc przemiany. Znany jest jako &#8222;Mistyk Mi\u0142osierdzia&#8221;, kt\u00f3ry po\u015bwi\u0119ci\u0142 swoje \u017cycie s\u0142u\u017cbie ubogim i opuszczonym. Utrzymywa\u0142 r\u00f3wnowag\u0119 mi\u0119dzy kontemplacj\u0105 (pog\u0142\u0119biaj\u0105c swoj\u0105 relacj\u0119 z Bogiem), dzia\u0142aniem (s\u0142u\u017c\u0105c innym) i celebrowaniem wdzi\u0119czno\u015bci (doceniaj\u0105c Bo\u017c\u0105 \u0142ask\u0119). Aby nasza pos\u0142uga by\u0142a kontynuowana podczas globalnych kryzys\u00f3w, takich jak [&hellip;]\" \/>\n<meta property=\"og:url\" content=\"https:\/\/filles-de-la-charite.org\/pl\/rincon-oracion\/sw-wincenty-a-paulo-kontemplacja-dzialanie-swietowanie\/\" \/>\n<meta property=\"og:site_name\" content=\"Filles de la Charit\u00e9\" \/>\n<meta property=\"article:modified_time\" content=\"2024-09-14T16:01:22+00:00\" \/>\n<meta property=\"og:image\" content=\"https:\/\/filles-de-la-charite.org\/wp-content\/uploads\/2024\/09\/PL-thumnail.jpg\" \/>\n\t<meta property=\"og:image:width\" content=\"1359\" \/>\n\t<meta property=\"og:image:height\" content=\"760\" \/>\n\t<meta property=\"og:image:type\" content=\"image\/jpeg\" \/>\n<meta name=\"twitter:card\" content=\"summary_large_image\" \/>\n<meta name=\"twitter:label1\" content=\"Szacowany czas czytania\" \/>\n\t<meta name=\"twitter:data1\" content=\"1 minuta\" \/>\n<script type=\"application\/ld+json\" class=\"yoast-schema-graph\">{\"@context\":\"https:\\\/\\\/schema.org\",\"@graph\":[{\"@type\":\"WebPage\",\"@id\":\"https:\\\/\\\/filles-de-la-charite.org\\\/pl\\\/rincon-oracion\\\/sw-wincenty-a-paulo-kontemplacja-dzialanie-swietowanie\\\/\",\"url\":\"https:\\\/\\\/filles-de-la-charite.org\\\/pl\\\/rincon-oracion\\\/sw-wincenty-a-paulo-kontemplacja-dzialanie-swietowanie\\\/\",\"name\":\"\u015aw. Wincenty a Paulo. Kontemplacja, Dzia\u0142anie, \u015awi\u0119towanie. - Filles de la Charit\u00e9\",\"isPartOf\":{\"@id\":\"https:\\\/\\\/filles-de-la-charite.org\\\/pl\\\/#website\"},\"primaryImageOfPage\":{\"@id\":\"https:\\\/\\\/filles-de-la-charite.org\\\/pl\\\/rincon-oracion\\\/sw-wincenty-a-paulo-kontemplacja-dzialanie-swietowanie\\\/#primaryimage\"},\"image\":{\"@id\":\"https:\\\/\\\/filles-de-la-charite.org\\\/pl\\\/rincon-oracion\\\/sw-wincenty-a-paulo-kontemplacja-dzialanie-swietowanie\\\/#primaryimage\"},\"thumbnailUrl\":\"https:\\\/\\\/filles-de-la-charite.org\\\/wp-content\\\/uploads\\\/2024\\\/09\\\/PL-thumnail.jpg\",\"datePublished\":\"2024-09-14T15:00:00+00:00\",\"dateModified\":\"2024-09-14T16:01:22+00:00\",\"inLanguage\":\"pl-PL\",\"potentialAction\":[{\"@type\":\"ReadAction\",\"target\":[\"https:\\\/\\\/filles-de-la-charite.org\\\/pl\\\/rincon-oracion\\\/sw-wincenty-a-paulo-kontemplacja-dzialanie-swietowanie\\\/\"]}]},{\"@type\":\"ImageObject\",\"inLanguage\":\"pl-PL\",\"@id\":\"https:\\\/\\\/filles-de-la-charite.org\\\/pl\\\/rincon-oracion\\\/sw-wincenty-a-paulo-kontemplacja-dzialanie-swietowanie\\\/#primaryimage\",\"url\":\"https:\\\/\\\/filles-de-la-charite.org\\\/wp-content\\\/uploads\\\/2024\\\/09\\\/PL-thumnail.jpg\",\"contentUrl\":\"https:\\\/\\\/filles-de-la-charite.org\\\/wp-content\\\/uploads\\\/2024\\\/09\\\/PL-thumnail.jpg\",\"width\":1359,\"height\":760},{\"@type\":\"WebSite\",\"@id\":\"https:\\\/\\\/filles-de-la-charite.org\\\/pl\\\/#website\",\"url\":\"https:\\\/\\\/filles-de-la-charite.org\\\/pl\\\/\",\"name\":\"Hijas de la Caridad\",\"description\":\"L\u2019amour de J\u00e9sus nous presse \u00e0 prendre soin des personnes les plus d\u00e9munies\",\"publisher\":{\"@id\":\"https:\\\/\\\/filles-de-la-charite.org\\\/pl\\\/#organization\"},\"potentialAction\":[{\"@type\":\"SearchAction\",\"target\":{\"@type\":\"EntryPoint\",\"urlTemplate\":\"https:\\\/\\\/filles-de-la-charite.org\\\/pl\\\/?s={search_term_string}\"},\"query-input\":{\"@type\":\"PropertyValueSpecification\",\"valueRequired\":true,\"valueName\":\"search_term_string\"}}],\"inLanguage\":\"pl-PL\"},{\"@type\":\"Organization\",\"@id\":\"https:\\\/\\\/filles-de-la-charite.org\\\/pl\\\/#organization\",\"name\":\"Hijas de la Caridad\",\"url\":\"https:\\\/\\\/filles-de-la-charite.org\\\/pl\\\/\",\"logo\":{\"@type\":\"ImageObject\",\"inLanguage\":\"pl-PL\",\"@id\":\"https:\\\/\\\/filles-de-la-charite.org\\\/pl\\\/#\\\/schema\\\/logo\\\/image\\\/\",\"url\":\"https:\\\/\\\/filles-de-la-charite.org\\\/wp-content\\\/uploads\\\/2023\\\/03\\\/isotipo-Hijas-de-la-Caridad.png\",\"contentUrl\":\"https:\\\/\\\/filles-de-la-charite.org\\\/wp-content\\\/uploads\\\/2023\\\/03\\\/isotipo-Hijas-de-la-Caridad.png\",\"width\":1417,\"height\":1417,\"caption\":\"Hijas de la Caridad\"},\"image\":{\"@id\":\"https:\\\/\\\/filles-de-la-charite.org\\\/pl\\\/#\\\/schema\\\/logo\\\/image\\\/\"}}]}<\/script>\n<!-- \/ Yoast SEO plugin. -->","yoast_head_json":{"title":"\u015aw. Wincenty a Paulo. Kontemplacja, Dzia\u0142anie, \u015awi\u0119towanie. - Filles de la Charit\u00e9","robots":{"index":"index","follow":"follow","max-snippet":"max-snippet:-1","max-image-preview":"max-image-preview:large","max-video-preview":"max-video-preview:-1"},"canonical":"https:\/\/filles-de-la-charite.org\/pl\/rincon-oracion\/sw-wincenty-a-paulo-kontemplacja-dzialanie-swietowanie\/","og_locale":"pl_PL","og_type":"article","og_title":"\u015aw. Wincenty a Paulo. Kontemplacja, Dzia\u0142anie, \u015awi\u0119towanie. - Filles de la Charit\u00e9","og_description":"Wincenty a Paulo jest kim\u015b wi\u0119cej ni\u017c tylko postaci\u0105 historyczn\u0105; symbolizuje on moc przemiany. Znany jest jako &#8222;Mistyk Mi\u0142osierdzia&#8221;, kt\u00f3ry po\u015bwi\u0119ci\u0142 swoje \u017cycie s\u0142u\u017cbie ubogim i opuszczonym. Utrzymywa\u0142 r\u00f3wnowag\u0119 mi\u0119dzy kontemplacj\u0105 (pog\u0142\u0119biaj\u0105c swoj\u0105 relacj\u0119 z Bogiem), dzia\u0142aniem (s\u0142u\u017c\u0105c innym) i celebrowaniem wdzi\u0119czno\u015bci (doceniaj\u0105c Bo\u017c\u0105 \u0142ask\u0119). Aby nasza pos\u0142uga by\u0142a kontynuowana podczas globalnych kryzys\u00f3w, takich jak [&hellip;]","og_url":"https:\/\/filles-de-la-charite.org\/pl\/rincon-oracion\/sw-wincenty-a-paulo-kontemplacja-dzialanie-swietowanie\/","og_site_name":"Filles de la Charit\u00e9","article_modified_time":"2024-09-14T16:01:22+00:00","og_image":[{"width":1359,"height":760,"url":"https:\/\/filles-de-la-charite.org\/wp-content\/uploads\/2024\/09\/PL-thumnail.jpg","type":"image\/jpeg"}],"twitter_card":"summary_large_image","twitter_misc":{"Szacowany czas czytania":"1 minuta"},"schema":{"@context":"https:\/\/schema.org","@graph":[{"@type":"WebPage","@id":"https:\/\/filles-de-la-charite.org\/pl\/rincon-oracion\/sw-wincenty-a-paulo-kontemplacja-dzialanie-swietowanie\/","url":"https:\/\/filles-de-la-charite.org\/pl\/rincon-oracion\/sw-wincenty-a-paulo-kontemplacja-dzialanie-swietowanie\/","name":"\u015aw. Wincenty a Paulo. Kontemplacja, Dzia\u0142anie, \u015awi\u0119towanie. - Filles de la Charit\u00e9","isPartOf":{"@id":"https:\/\/filles-de-la-charite.org\/pl\/#website"},"primaryImageOfPage":{"@id":"https:\/\/filles-de-la-charite.org\/pl\/rincon-oracion\/sw-wincenty-a-paulo-kontemplacja-dzialanie-swietowanie\/#primaryimage"},"image":{"@id":"https:\/\/filles-de-la-charite.org\/pl\/rincon-oracion\/sw-wincenty-a-paulo-kontemplacja-dzialanie-swietowanie\/#primaryimage"},"thumbnailUrl":"https:\/\/filles-de-la-charite.org\/wp-content\/uploads\/2024\/09\/PL-thumnail.jpg","datePublished":"2024-09-14T15:00:00+00:00","dateModified":"2024-09-14T16:01:22+00:00","inLanguage":"pl-PL","potentialAction":[{"@type":"ReadAction","target":["https:\/\/filles-de-la-charite.org\/pl\/rincon-oracion\/sw-wincenty-a-paulo-kontemplacja-dzialanie-swietowanie\/"]}]},{"@type":"ImageObject","inLanguage":"pl-PL","@id":"https:\/\/filles-de-la-charite.org\/pl\/rincon-oracion\/sw-wincenty-a-paulo-kontemplacja-dzialanie-swietowanie\/#primaryimage","url":"https:\/\/filles-de-la-charite.org\/wp-content\/uploads\/2024\/09\/PL-thumnail.jpg","contentUrl":"https:\/\/filles-de-la-charite.org\/wp-content\/uploads\/2024\/09\/PL-thumnail.jpg","width":1359,"height":760},{"@type":"WebSite","@id":"https:\/\/filles-de-la-charite.org\/pl\/#website","url":"https:\/\/filles-de-la-charite.org\/pl\/","name":"Hijas de la Caridad","description":"L\u2019amour de J\u00e9sus nous presse \u00e0 prendre soin des personnes les plus d\u00e9munies","publisher":{"@id":"https:\/\/filles-de-la-charite.org\/pl\/#organization"},"potentialAction":[{"@type":"SearchAction","target":{"@type":"EntryPoint","urlTemplate":"https:\/\/filles-de-la-charite.org\/pl\/?s={search_term_string}"},"query-input":{"@type":"PropertyValueSpecification","valueRequired":true,"valueName":"search_term_string"}}],"inLanguage":"pl-PL"},{"@type":"Organization","@id":"https:\/\/filles-de-la-charite.org\/pl\/#organization","name":"Hijas de la Caridad","url":"https:\/\/filles-de-la-charite.org\/pl\/","logo":{"@type":"ImageObject","inLanguage":"pl-PL","@id":"https:\/\/filles-de-la-charite.org\/pl\/#\/schema\/logo\/image\/","url":"https:\/\/filles-de-la-charite.org\/wp-content\/uploads\/2023\/03\/isotipo-Hijas-de-la-Caridad.png","contentUrl":"https:\/\/filles-de-la-charite.org\/wp-content\/uploads\/2023\/03\/isotipo-Hijas-de-la-Caridad.png","width":1417,"height":1417,"caption":"Hijas de la Caridad"},"image":{"@id":"https:\/\/filles-de-la-charite.org\/pl\/#\/schema\/logo\/image\/"}}]}},"_links":{"self":[{"href":"https:\/\/filles-de-la-charite.org\/pl\/wp-json\/wp\/v2\/rincon-oracion\/39318","targetHints":{"allow":["GET"]}}],"collection":[{"href":"https:\/\/filles-de-la-charite.org\/pl\/wp-json\/wp\/v2\/rincon-oracion"}],"about":[{"href":"https:\/\/filles-de-la-charite.org\/pl\/wp-json\/wp\/v2\/types\/rincon-oracion"}],"wp:featuredmedia":[{"embeddable":true,"href":"https:\/\/filles-de-la-charite.org\/pl\/wp-json\/wp\/v2\/media\/39314"}],"wp:attachment":[{"href":"https:\/\/filles-de-la-charite.org\/pl\/wp-json\/wp\/v2\/media?parent=39318"}],"curies":[{"name":"wp","href":"https:\/\/api.w.org\/{rel}","templated":true}]}}