{"id":42642,"date":"2025-04-15T00:00:00","date_gmt":"2025-04-14T22:00:00","guid":{"rendered":"https:\/\/filles-de-la-charite.org\/?post_type=rincon-oracion&#038;p=42642"},"modified":"2025-04-13T20:04:35","modified_gmt":"2025-04-13T18:04:35","slug":"przyobleczeni-duchem-jezusa-chrystusa","status":"publish","type":"rincon-oracion","link":"https:\/\/filles-de-la-charite.org\/pl\/rincon-oracion\/przyobleczeni-duchem-jezusa-chrystusa\/","title":{"rendered":"Przyobleczeni Duchem Jezusa Chrystusa"},"content":{"rendered":"\n<p>W dzi\u0119kczynieniu i uwielbieniu Pana \u0142\u0105czymy si\u0119 z Ksi\u0119\u017cmi Misjonarzami, kt\u00f3rzy w rado\u015bci prze\u017cywaj\u0105 400-lecie za\u0142o\u017cenia Zgromadzenia Misji. Do tego wydarzenia przygotowuj\u0105 si\u0119 z modlitw\u0105 i zaanga\u017cowaniem misyjnym, aby o\u017cywi\u0107 trzy wymiary duchowo\u015bci wincenty\u0144skiej, jak wskaza\u0142 Prze\u0142o\u017cony Generalny ks. Toma\u017e Mavri\u0109, kt\u00f3ry pisze: \u201ewymiar proroczy, kt\u00f3ry z \u0142aski Ducha Bo\u017cego jest \u00bbponad nami\u00ab, rodzi s\u0142uchanie wo\u0142ania ubogich i gotowo\u015b\u0107 do niesienia im pomocy; wymiar synodalny, kt\u00f3ry widzi przezwyci\u0119\u017cenie indywidualizmu na rzecz wsp\u00f3lnotowej drogi i dzia\u0142ania; oraz wymiar misyjny, kt\u00f3rego autentyczno\u015b\u0107 wynika z g\u0142\u0119bokiej duchowo\u015bci, intensywnej komunii, blisko\u015bci i przyja\u017ani z Jezusem\u201d.<\/p>\n\n\n\n<figure class=\"wp-block-embed is-type-video is-provider-youtube wp-block-embed-youtube wp-embed-aspect-16-9 wp-has-aspect-ratio\"><div class=\"wp-block-embed__wrapper\">\n<iframe loading=\"lazy\" title=\"Kwiecie\u0144 2025 Przyobleczeni Duchem Jezusa Chrystusa\" width=\"1080\" height=\"608\" src=\"https:\/\/www.youtube.com\/embed\/etYOLkdQ2Os?feature=oembed\"  allow=\"accelerometer; autoplay; clipboard-write; encrypted-media; gyroscope; picture-in-picture; web-share\" referrerpolicy=\"strict-origin-when-cross-origin\" allowfullscreen><\/iframe>\n<\/div><\/figure>\n","protected":false},"featured_media":42637,"template":"","meta":{"_acf_changed":false,"_links_to":"","_links_to_target":""},"class_list":["post-42642","rincon-oracion","type-rincon-oracion","status-publish","has-post-thumbnail","hentry"],"acf":[],"yoast_head":"<!-- This site is optimized with the Yoast SEO plugin v27.5 - https:\/\/yoast.com\/product\/yoast-seo-wordpress\/ -->\n<title>Przyobleczeni Duchem Jezusa Chrystusa - Filles de la Charit\u00e9<\/title>\n<meta name=\"robots\" content=\"index, follow, max-snippet:-1, max-image-preview:large, max-video-preview:-1\" \/>\n<link rel=\"canonical\" href=\"https:\/\/filles-de-la-charite.org\/pl\/rincon-oracion\/przyobleczeni-duchem-jezusa-chrystusa\/\" \/>\n<meta property=\"og:locale\" content=\"pl_PL\" \/>\n<meta property=\"og:type\" content=\"article\" \/>\n<meta property=\"og:title\" content=\"Przyobleczeni Duchem Jezusa Chrystusa - Filles de la Charit\u00e9\" \/>\n<meta property=\"og:description\" content=\"W dzi\u0119kczynieniu i uwielbieniu Pana \u0142\u0105czymy si\u0119 z Ksi\u0119\u017cmi Misjonarzami, kt\u00f3rzy w rado\u015bci prze\u017cywaj\u0105 400-lecie za\u0142o\u017cenia Zgromadzenia Misji. Do tego wydarzenia przygotowuj\u0105 si\u0119 z modlitw\u0105 i zaanga\u017cowaniem misyjnym, aby o\u017cywi\u0107 trzy wymiary duchowo\u015bci wincenty\u0144skiej, jak wskaza\u0142 Prze\u0142o\u017cony Generalny ks. Toma\u017e Mavri\u0109, kt\u00f3ry pisze: \u201ewymiar proroczy, kt\u00f3ry z \u0142aski Ducha Bo\u017cego jest \u00bbponad nami\u00ab, rodzi s\u0142uchanie [&hellip;]\" \/>\n<meta property=\"og:url\" content=\"https:\/\/filles-de-la-charite.org\/pl\/rincon-oracion\/przyobleczeni-duchem-jezusa-chrystusa\/\" \/>\n<meta property=\"og:site_name\" content=\"Filles de la Charit\u00e9\" \/>\n<meta property=\"og:image\" content=\"https:\/\/filles-de-la-charite.org\/wp-content\/uploads\/2025\/04\/PL-Cover.jpg\" \/>\n\t<meta property=\"og:image:width\" content=\"1280\" \/>\n\t<meta property=\"og:image:height\" content=\"720\" \/>\n\t<meta property=\"og:image:type\" content=\"image\/jpeg\" \/>\n<meta name=\"twitter:card\" content=\"summary_large_image\" \/>\n<meta name=\"twitter:label1\" content=\"Szacowany czas czytania\" \/>\n\t<meta name=\"twitter:data1\" content=\"1 minuta\" \/>\n<script type=\"application\/ld+json\" class=\"yoast-schema-graph\">{\"@context\":\"https:\\\/\\\/schema.org\",\"@graph\":[{\"@type\":\"WebPage\",\"@id\":\"https:\\\/\\\/filles-de-la-charite.org\\\/pl\\\/rincon-oracion\\\/przyobleczeni-duchem-jezusa-chrystusa\\\/\",\"url\":\"https:\\\/\\\/filles-de-la-charite.org\\\/pl\\\/rincon-oracion\\\/przyobleczeni-duchem-jezusa-chrystusa\\\/\",\"name\":\"Przyobleczeni Duchem Jezusa Chrystusa - Filles de la Charit\u00e9\",\"isPartOf\":{\"@id\":\"https:\\\/\\\/filles-de-la-charite.org\\\/pl\\\/#website\"},\"primaryImageOfPage\":{\"@id\":\"https:\\\/\\\/filles-de-la-charite.org\\\/pl\\\/rincon-oracion\\\/przyobleczeni-duchem-jezusa-chrystusa\\\/#primaryimage\"},\"image\":{\"@id\":\"https:\\\/\\\/filles-de-la-charite.org\\\/pl\\\/rincon-oracion\\\/przyobleczeni-duchem-jezusa-chrystusa\\\/#primaryimage\"},\"thumbnailUrl\":\"https:\\\/\\\/filles-de-la-charite.org\\\/wp-content\\\/uploads\\\/2025\\\/04\\\/PL-Cover.jpg\",\"datePublished\":\"2025-04-14T22:00:00+00:00\",\"inLanguage\":\"pl-PL\",\"potentialAction\":[{\"@type\":\"ReadAction\",\"target\":[\"https:\\\/\\\/filles-de-la-charite.org\\\/pl\\\/rincon-oracion\\\/przyobleczeni-duchem-jezusa-chrystusa\\\/\"]}]},{\"@type\":\"ImageObject\",\"inLanguage\":\"pl-PL\",\"@id\":\"https:\\\/\\\/filles-de-la-charite.org\\\/pl\\\/rincon-oracion\\\/przyobleczeni-duchem-jezusa-chrystusa\\\/#primaryimage\",\"url\":\"https:\\\/\\\/filles-de-la-charite.org\\\/wp-content\\\/uploads\\\/2025\\\/04\\\/PL-Cover.jpg\",\"contentUrl\":\"https:\\\/\\\/filles-de-la-charite.org\\\/wp-content\\\/uploads\\\/2025\\\/04\\\/PL-Cover.jpg\",\"width\":1280,\"height\":720},{\"@type\":\"WebSite\",\"@id\":\"https:\\\/\\\/filles-de-la-charite.org\\\/pl\\\/#website\",\"url\":\"https:\\\/\\\/filles-de-la-charite.org\\\/pl\\\/\",\"name\":\"Hijas de la Caridad\",\"description\":\"L\u2019amour de J\u00e9sus nous presse \u00e0 prendre soin des personnes les plus d\u00e9munies\",\"publisher\":{\"@id\":\"https:\\\/\\\/filles-de-la-charite.org\\\/pl\\\/#organization\"},\"potentialAction\":[{\"@type\":\"SearchAction\",\"target\":{\"@type\":\"EntryPoint\",\"urlTemplate\":\"https:\\\/\\\/filles-de-la-charite.org\\\/pl\\\/?s={search_term_string}\"},\"query-input\":{\"@type\":\"PropertyValueSpecification\",\"valueRequired\":true,\"valueName\":\"search_term_string\"}}],\"inLanguage\":\"pl-PL\"},{\"@type\":\"Organization\",\"@id\":\"https:\\\/\\\/filles-de-la-charite.org\\\/pl\\\/#organization\",\"name\":\"Hijas de la Caridad\",\"url\":\"https:\\\/\\\/filles-de-la-charite.org\\\/pl\\\/\",\"logo\":{\"@type\":\"ImageObject\",\"inLanguage\":\"pl-PL\",\"@id\":\"https:\\\/\\\/filles-de-la-charite.org\\\/pl\\\/#\\\/schema\\\/logo\\\/image\\\/\",\"url\":\"https:\\\/\\\/filles-de-la-charite.org\\\/wp-content\\\/uploads\\\/2023\\\/03\\\/isotipo-Hijas-de-la-Caridad.png\",\"contentUrl\":\"https:\\\/\\\/filles-de-la-charite.org\\\/wp-content\\\/uploads\\\/2023\\\/03\\\/isotipo-Hijas-de-la-Caridad.png\",\"width\":1417,\"height\":1417,\"caption\":\"Hijas de la Caridad\"},\"image\":{\"@id\":\"https:\\\/\\\/filles-de-la-charite.org\\\/pl\\\/#\\\/schema\\\/logo\\\/image\\\/\"}}]}<\/script>\n<!-- \/ Yoast SEO plugin. -->","yoast_head_json":{"title":"Przyobleczeni Duchem Jezusa Chrystusa - Filles de la Charit\u00e9","robots":{"index":"index","follow":"follow","max-snippet":"max-snippet:-1","max-image-preview":"max-image-preview:large","max-video-preview":"max-video-preview:-1"},"canonical":"https:\/\/filles-de-la-charite.org\/pl\/rincon-oracion\/przyobleczeni-duchem-jezusa-chrystusa\/","og_locale":"pl_PL","og_type":"article","og_title":"Przyobleczeni Duchem Jezusa Chrystusa - Filles de la Charit\u00e9","og_description":"W dzi\u0119kczynieniu i uwielbieniu Pana \u0142\u0105czymy si\u0119 z Ksi\u0119\u017cmi Misjonarzami, kt\u00f3rzy w rado\u015bci prze\u017cywaj\u0105 400-lecie za\u0142o\u017cenia Zgromadzenia Misji. Do tego wydarzenia przygotowuj\u0105 si\u0119 z modlitw\u0105 i zaanga\u017cowaniem misyjnym, aby o\u017cywi\u0107 trzy wymiary duchowo\u015bci wincenty\u0144skiej, jak wskaza\u0142 Prze\u0142o\u017cony Generalny ks. Toma\u017e Mavri\u0109, kt\u00f3ry pisze: \u201ewymiar proroczy, kt\u00f3ry z \u0142aski Ducha Bo\u017cego jest \u00bbponad nami\u00ab, rodzi s\u0142uchanie [&hellip;]","og_url":"https:\/\/filles-de-la-charite.org\/pl\/rincon-oracion\/przyobleczeni-duchem-jezusa-chrystusa\/","og_site_name":"Filles de la Charit\u00e9","og_image":[{"width":1280,"height":720,"url":"https:\/\/filles-de-la-charite.org\/wp-content\/uploads\/2025\/04\/PL-Cover.jpg","type":"image\/jpeg"}],"twitter_card":"summary_large_image","twitter_misc":{"Szacowany czas czytania":"1 minuta"},"schema":{"@context":"https:\/\/schema.org","@graph":[{"@type":"WebPage","@id":"https:\/\/filles-de-la-charite.org\/pl\/rincon-oracion\/przyobleczeni-duchem-jezusa-chrystusa\/","url":"https:\/\/filles-de-la-charite.org\/pl\/rincon-oracion\/przyobleczeni-duchem-jezusa-chrystusa\/","name":"Przyobleczeni Duchem Jezusa Chrystusa - Filles de la Charit\u00e9","isPartOf":{"@id":"https:\/\/filles-de-la-charite.org\/pl\/#website"},"primaryImageOfPage":{"@id":"https:\/\/filles-de-la-charite.org\/pl\/rincon-oracion\/przyobleczeni-duchem-jezusa-chrystusa\/#primaryimage"},"image":{"@id":"https:\/\/filles-de-la-charite.org\/pl\/rincon-oracion\/przyobleczeni-duchem-jezusa-chrystusa\/#primaryimage"},"thumbnailUrl":"https:\/\/filles-de-la-charite.org\/wp-content\/uploads\/2025\/04\/PL-Cover.jpg","datePublished":"2025-04-14T22:00:00+00:00","inLanguage":"pl-PL","potentialAction":[{"@type":"ReadAction","target":["https:\/\/filles-de-la-charite.org\/pl\/rincon-oracion\/przyobleczeni-duchem-jezusa-chrystusa\/"]}]},{"@type":"ImageObject","inLanguage":"pl-PL","@id":"https:\/\/filles-de-la-charite.org\/pl\/rincon-oracion\/przyobleczeni-duchem-jezusa-chrystusa\/#primaryimage","url":"https:\/\/filles-de-la-charite.org\/wp-content\/uploads\/2025\/04\/PL-Cover.jpg","contentUrl":"https:\/\/filles-de-la-charite.org\/wp-content\/uploads\/2025\/04\/PL-Cover.jpg","width":1280,"height":720},{"@type":"WebSite","@id":"https:\/\/filles-de-la-charite.org\/pl\/#website","url":"https:\/\/filles-de-la-charite.org\/pl\/","name":"Hijas de la Caridad","description":"L\u2019amour de J\u00e9sus nous presse \u00e0 prendre soin des personnes les plus d\u00e9munies","publisher":{"@id":"https:\/\/filles-de-la-charite.org\/pl\/#organization"},"potentialAction":[{"@type":"SearchAction","target":{"@type":"EntryPoint","urlTemplate":"https:\/\/filles-de-la-charite.org\/pl\/?s={search_term_string}"},"query-input":{"@type":"PropertyValueSpecification","valueRequired":true,"valueName":"search_term_string"}}],"inLanguage":"pl-PL"},{"@type":"Organization","@id":"https:\/\/filles-de-la-charite.org\/pl\/#organization","name":"Hijas de la Caridad","url":"https:\/\/filles-de-la-charite.org\/pl\/","logo":{"@type":"ImageObject","inLanguage":"pl-PL","@id":"https:\/\/filles-de-la-charite.org\/pl\/#\/schema\/logo\/image\/","url":"https:\/\/filles-de-la-charite.org\/wp-content\/uploads\/2023\/03\/isotipo-Hijas-de-la-Caridad.png","contentUrl":"https:\/\/filles-de-la-charite.org\/wp-content\/uploads\/2023\/03\/isotipo-Hijas-de-la-Caridad.png","width":1417,"height":1417,"caption":"Hijas de la Caridad"},"image":{"@id":"https:\/\/filles-de-la-charite.org\/pl\/#\/schema\/logo\/image\/"}}]}},"_links":{"self":[{"href":"https:\/\/filles-de-la-charite.org\/pl\/wp-json\/wp\/v2\/rincon-oracion\/42642","targetHints":{"allow":["GET"]}}],"collection":[{"href":"https:\/\/filles-de-la-charite.org\/pl\/wp-json\/wp\/v2\/rincon-oracion"}],"about":[{"href":"https:\/\/filles-de-la-charite.org\/pl\/wp-json\/wp\/v2\/types\/rincon-oracion"}],"wp:featuredmedia":[{"embeddable":true,"href":"https:\/\/filles-de-la-charite.org\/pl\/wp-json\/wp\/v2\/media\/42637"}],"wp:attachment":[{"href":"https:\/\/filles-de-la-charite.org\/pl\/wp-json\/wp\/v2\/media?parent=42642"}],"curies":[{"name":"wp","href":"https:\/\/api.w.org\/{rel}","templated":true}]}}