{"id":30611,"date":"2023-10-31T10:51:26","date_gmt":"2023-10-31T09:51:26","guid":{"rendered":"https:\/\/hijascaridad.sjdigitaldemo.ovh\/service\/edukacja-i-mlodziez\/"},"modified":"2024-05-23T17:24:51","modified_gmt":"2024-05-23T15:24:51","slug":"edukacja-i-mlodziez","status":"publish","type":"service","link":"https:\/\/filles-de-la-charite.org\/pl\/service\/edukacja-i-mlodziez\/","title":{"rendered":"M\u0142odzie\u017c"},"content":{"rendered":"\n<h4 class=\"wp-block-heading\">\u015aw. Ludwika postrzega\u0142a edukacj\u0119 jako \u015brodek zapewniaj\u0105cy formacj\u0119 i rozw\u00f3j dzieci i m\u0142odzie\u017cy. Prosi\u0142a o pozwolenie na otwieranie niewielkich szk\u00f3\u0142 dla ubogich dziewcz\u0105t, kt\u00f3re pozostawione same sobie, sta\u0142yby si\u0119 \u017cebraczkami. Siostry mia\u0142y zapewni\u0107 swoim uczennicom swoim uczennicom pe\u0142ne, praktyczne i konkretne wykszta\u0142cenie, pozwalaj\u0105ce im na uczciwe zarabianie na \u017cycie i utrzymanie rodziny. Uczy\u0142y je r\u00f3wnie\u017c katechizmu przy u\u017cyciu niezawodnych metod i wychowywa\u0142y do \u017cycia zgodnego z Ewangeli\u0105.<\/h4>\n\n\n\n<p>\u015awiat si\u0119 zmieni\u0142 i m\u0142odzi ludzie czasami bywaj\u0105 niedoceniani. Jednak, gdy s\u0105 odpowiednio wspierani, potrafi\u0105 by\u0107 hojni i entuzjastyczni, gotowi zaanga\u017cowa\u0107 si\u0119 i sta\u0107 si\u0119 prawdziwymi uczniami Jezusa, z aktywn\u0105 wiar\u0105 i tw\u00f3rcz\u0105 mi\u0142o\u015bci\u0105, zw\u0142aszcza wobec Ubogich. Towarzyszenie nastolatkom i m\u0142odym ludziom w ich poszukiwaniach i pragnieniach jest naszym imperatywem.<\/p>\n\n\n\n<p>Jeste\u015bmy dla nich i z nimi:<\/p>\n\n\n\n<ul class=\"wp-block-list\">\n<li>w szko\u0142ach podstawowych i \u015brednich oraz na uczelniach wy\u017cszych<\/li>\n\n\n\n<li>w dzia\u0142alno\u015bci katechetycznej i duszpasterstwie m\u0142odzie\u017cy<\/li>\n\n\n\n<li>w r\u00f3\u017cnych ruchach, szczeg\u00f3lnie tych nale\u017c\u0105cych do Rodziny Wincenty\u0144skiej:\n<ul class=\"wp-block-list\">\n<li>Wincenty\u0144ska M\u0142odzie\u017c Maryjna (JMV)<\/li>\n\n\n\n<li>\u015awieccy Misjonarze Wincenty\u0144scy (MISEVI)<\/li>\n\n\n\n<li>programy dla m\u0142odych wolontariuszy wincenty\u0144skich<\/li>\n<\/ul>\n<\/li>\n\n\n\n<li>w stowarzyszeniach, kt\u00f3re towarzysz\u0105 m\u0142odym ludziom maj\u0105cym problemy z prawem, dzieciom ulicy itp.<\/li>\n<\/ul>\n","protected":false},"featured_media":2113,"template":"","meta":{"_acf_changed":true,"_et_pb_use_builder":"","_et_pb_old_content":"","_et_gb_content_width":"","_links_to":"","_links_to_target":""},"class_list":["post-30611","service","type-service","status-publish","has-post-thumbnail","hentry"],"acf":[],"yoast_head":"<!-- This site is optimized with the Yoast SEO plugin v27.5 - https:\/\/yoast.com\/product\/yoast-seo-wordpress\/ -->\n<title>M\u0142odzie\u017c - Filles de la Charit\u00e9<\/title>\n<meta name=\"robots\" content=\"index, follow, max-snippet:-1, max-image-preview:large, max-video-preview:-1\" \/>\n<link rel=\"canonical\" href=\"https:\/\/filles-de-la-charite.org\/pl\/service\/edukacja-i-mlodziez\/\" \/>\n<meta property=\"og:locale\" content=\"pl_PL\" \/>\n<meta property=\"og:type\" content=\"article\" \/>\n<meta property=\"og:title\" content=\"M\u0142odzie\u017c - Filles de la Charit\u00e9\" \/>\n<meta property=\"og:description\" content=\"\u015aw. Ludwika postrzega\u0142a edukacj\u0119 jako \u015brodek zapewniaj\u0105cy formacj\u0119 i rozw\u00f3j dzieci i m\u0142odzie\u017cy. Prosi\u0142a o pozwolenie na otwieranie niewielkich szk\u00f3\u0142 dla ubogich dziewcz\u0105t, kt\u00f3re pozostawione same sobie, sta\u0142yby si\u0119 \u017cebraczkami. Siostry mia\u0142y zapewni\u0107 swoim uczennicom swoim uczennicom pe\u0142ne, praktyczne i konkretne wykszta\u0142cenie, pozwalaj\u0105ce im na uczciwe zarabianie na \u017cycie i utrzymanie rodziny. Uczy\u0142y je r\u00f3wnie\u017c [&hellip;]\" \/>\n<meta property=\"og:url\" content=\"https:\/\/filles-de-la-charite.org\/pl\/service\/edukacja-i-mlodziez\/\" \/>\n<meta property=\"og:site_name\" content=\"Filles de la Charit\u00e9\" \/>\n<meta property=\"article:modified_time\" content=\"2024-05-23T15:24:51+00:00\" \/>\n<meta property=\"og:image\" content=\"https:\/\/filles-de-la-charite.org\/wp-content\/uploads\/2023\/04\/Educacion.jpeg\" \/>\n\t<meta property=\"og:image:width\" content=\"1920\" \/>\n\t<meta property=\"og:image:height\" content=\"1624\" \/>\n\t<meta property=\"og:image:type\" content=\"image\/jpeg\" \/>\n<meta name=\"twitter:card\" content=\"summary_large_image\" \/>\n<meta name=\"twitter:label1\" content=\"Szacowany czas czytania\" \/>\n\t<meta name=\"twitter:data1\" content=\"1 minuta\" \/>\n<script type=\"application\/ld+json\" class=\"yoast-schema-graph\">{\"@context\":\"https:\\\/\\\/schema.org\",\"@graph\":[{\"@type\":\"WebPage\",\"@id\":\"https:\\\/\\\/filles-de-la-charite.org\\\/pl\\\/service\\\/edukacja-i-mlodziez\\\/\",\"url\":\"https:\\\/\\\/filles-de-la-charite.org\\\/pl\\\/service\\\/edukacja-i-mlodziez\\\/\",\"name\":\"M\u0142odzie\u017c - Filles de la Charit\u00e9\",\"isPartOf\":{\"@id\":\"https:\\\/\\\/filles-de-la-charite.org\\\/pl\\\/#website\"},\"primaryImageOfPage\":{\"@id\":\"https:\\\/\\\/filles-de-la-charite.org\\\/pl\\\/service\\\/edukacja-i-mlodziez\\\/#primaryimage\"},\"image\":{\"@id\":\"https:\\\/\\\/filles-de-la-charite.org\\\/pl\\\/service\\\/edukacja-i-mlodziez\\\/#primaryimage\"},\"thumbnailUrl\":\"https:\\\/\\\/filles-de-la-charite.org\\\/wp-content\\\/uploads\\\/2023\\\/04\\\/Educacion.jpeg\",\"datePublished\":\"2023-10-31T09:51:26+00:00\",\"dateModified\":\"2024-05-23T15:24:51+00:00\",\"breadcrumb\":{\"@id\":\"https:\\\/\\\/filles-de-la-charite.org\\\/pl\\\/service\\\/edukacja-i-mlodziez\\\/#breadcrumb\"},\"inLanguage\":\"pl-PL\",\"potentialAction\":[{\"@type\":\"ReadAction\",\"target\":[\"https:\\\/\\\/filles-de-la-charite.org\\\/pl\\\/service\\\/edukacja-i-mlodziez\\\/\"]}]},{\"@type\":\"ImageObject\",\"inLanguage\":\"pl-PL\",\"@id\":\"https:\\\/\\\/filles-de-la-charite.org\\\/pl\\\/service\\\/edukacja-i-mlodziez\\\/#primaryimage\",\"url\":\"https:\\\/\\\/filles-de-la-charite.org\\\/wp-content\\\/uploads\\\/2023\\\/04\\\/Educacion.jpeg\",\"contentUrl\":\"https:\\\/\\\/filles-de-la-charite.org\\\/wp-content\\\/uploads\\\/2023\\\/04\\\/Educacion.jpeg\",\"width\":1920,\"height\":1624},{\"@type\":\"BreadcrumbList\",\"@id\":\"https:\\\/\\\/filles-de-la-charite.org\\\/pl\\\/service\\\/edukacja-i-mlodziez\\\/#breadcrumb\",\"itemListElement\":[{\"@type\":\"ListItem\",\"position\":1,\"name\":\"Services\",\"item\":\"https:\\\/\\\/filles-de-la-charite.org\\\/pl\\\/service\\\/\"},{\"@type\":\"ListItem\",\"position\":2,\"name\":\"M\u0142odzie\u017c\"}]},{\"@type\":\"WebSite\",\"@id\":\"https:\\\/\\\/filles-de-la-charite.org\\\/pl\\\/#website\",\"url\":\"https:\\\/\\\/filles-de-la-charite.org\\\/pl\\\/\",\"name\":\"Hijas de la Caridad\",\"description\":\"L\u2019amour de J\u00e9sus nous presse \u00e0 prendre soin des personnes les plus d\u00e9munies\",\"publisher\":{\"@id\":\"https:\\\/\\\/filles-de-la-charite.org\\\/pl\\\/#organization\"},\"potentialAction\":[{\"@type\":\"SearchAction\",\"target\":{\"@type\":\"EntryPoint\",\"urlTemplate\":\"https:\\\/\\\/filles-de-la-charite.org\\\/pl\\\/?s={search_term_string}\"},\"query-input\":{\"@type\":\"PropertyValueSpecification\",\"valueRequired\":true,\"valueName\":\"search_term_string\"}}],\"inLanguage\":\"pl-PL\"},{\"@type\":\"Organization\",\"@id\":\"https:\\\/\\\/filles-de-la-charite.org\\\/pl\\\/#organization\",\"name\":\"Hijas de la Caridad\",\"url\":\"https:\\\/\\\/filles-de-la-charite.org\\\/pl\\\/\",\"logo\":{\"@type\":\"ImageObject\",\"inLanguage\":\"pl-PL\",\"@id\":\"https:\\\/\\\/filles-de-la-charite.org\\\/pl\\\/#\\\/schema\\\/logo\\\/image\\\/\",\"url\":\"https:\\\/\\\/filles-de-la-charite.org\\\/wp-content\\\/uploads\\\/2023\\\/03\\\/isotipo-Hijas-de-la-Caridad.png\",\"contentUrl\":\"https:\\\/\\\/filles-de-la-charite.org\\\/wp-content\\\/uploads\\\/2023\\\/03\\\/isotipo-Hijas-de-la-Caridad.png\",\"width\":1417,\"height\":1417,\"caption\":\"Hijas de la Caridad\"},\"image\":{\"@id\":\"https:\\\/\\\/filles-de-la-charite.org\\\/pl\\\/#\\\/schema\\\/logo\\\/image\\\/\"}}]}<\/script>\n<!-- \/ Yoast SEO plugin. -->","yoast_head_json":{"title":"M\u0142odzie\u017c - Filles de la Charit\u00e9","robots":{"index":"index","follow":"follow","max-snippet":"max-snippet:-1","max-image-preview":"max-image-preview:large","max-video-preview":"max-video-preview:-1"},"canonical":"https:\/\/filles-de-la-charite.org\/pl\/service\/edukacja-i-mlodziez\/","og_locale":"pl_PL","og_type":"article","og_title":"M\u0142odzie\u017c - Filles de la Charit\u00e9","og_description":"\u015aw. Ludwika postrzega\u0142a edukacj\u0119 jako \u015brodek zapewniaj\u0105cy formacj\u0119 i rozw\u00f3j dzieci i m\u0142odzie\u017cy. Prosi\u0142a o pozwolenie na otwieranie niewielkich szk\u00f3\u0142 dla ubogich dziewcz\u0105t, kt\u00f3re pozostawione same sobie, sta\u0142yby si\u0119 \u017cebraczkami. Siostry mia\u0142y zapewni\u0107 swoim uczennicom swoim uczennicom pe\u0142ne, praktyczne i konkretne wykszta\u0142cenie, pozwalaj\u0105ce im na uczciwe zarabianie na \u017cycie i utrzymanie rodziny. Uczy\u0142y je r\u00f3wnie\u017c [&hellip;]","og_url":"https:\/\/filles-de-la-charite.org\/pl\/service\/edukacja-i-mlodziez\/","og_site_name":"Filles de la Charit\u00e9","article_modified_time":"2024-05-23T15:24:51+00:00","og_image":[{"width":1920,"height":1624,"url":"https:\/\/filles-de-la-charite.org\/wp-content\/uploads\/2023\/04\/Educacion.jpeg","type":"image\/jpeg"}],"twitter_card":"summary_large_image","twitter_misc":{"Szacowany czas czytania":"1 minuta"},"schema":{"@context":"https:\/\/schema.org","@graph":[{"@type":"WebPage","@id":"https:\/\/filles-de-la-charite.org\/pl\/service\/edukacja-i-mlodziez\/","url":"https:\/\/filles-de-la-charite.org\/pl\/service\/edukacja-i-mlodziez\/","name":"M\u0142odzie\u017c - Filles de la Charit\u00e9","isPartOf":{"@id":"https:\/\/filles-de-la-charite.org\/pl\/#website"},"primaryImageOfPage":{"@id":"https:\/\/filles-de-la-charite.org\/pl\/service\/edukacja-i-mlodziez\/#primaryimage"},"image":{"@id":"https:\/\/filles-de-la-charite.org\/pl\/service\/edukacja-i-mlodziez\/#primaryimage"},"thumbnailUrl":"https:\/\/filles-de-la-charite.org\/wp-content\/uploads\/2023\/04\/Educacion.jpeg","datePublished":"2023-10-31T09:51:26+00:00","dateModified":"2024-05-23T15:24:51+00:00","breadcrumb":{"@id":"https:\/\/filles-de-la-charite.org\/pl\/service\/edukacja-i-mlodziez\/#breadcrumb"},"inLanguage":"pl-PL","potentialAction":[{"@type":"ReadAction","target":["https:\/\/filles-de-la-charite.org\/pl\/service\/edukacja-i-mlodziez\/"]}]},{"@type":"ImageObject","inLanguage":"pl-PL","@id":"https:\/\/filles-de-la-charite.org\/pl\/service\/edukacja-i-mlodziez\/#primaryimage","url":"https:\/\/filles-de-la-charite.org\/wp-content\/uploads\/2023\/04\/Educacion.jpeg","contentUrl":"https:\/\/filles-de-la-charite.org\/wp-content\/uploads\/2023\/04\/Educacion.jpeg","width":1920,"height":1624},{"@type":"BreadcrumbList","@id":"https:\/\/filles-de-la-charite.org\/pl\/service\/edukacja-i-mlodziez\/#breadcrumb","itemListElement":[{"@type":"ListItem","position":1,"name":"Services","item":"https:\/\/filles-de-la-charite.org\/pl\/service\/"},{"@type":"ListItem","position":2,"name":"M\u0142odzie\u017c"}]},{"@type":"WebSite","@id":"https:\/\/filles-de-la-charite.org\/pl\/#website","url":"https:\/\/filles-de-la-charite.org\/pl\/","name":"Hijas de la Caridad","description":"L\u2019amour de J\u00e9sus nous presse \u00e0 prendre soin des personnes les plus d\u00e9munies","publisher":{"@id":"https:\/\/filles-de-la-charite.org\/pl\/#organization"},"potentialAction":[{"@type":"SearchAction","target":{"@type":"EntryPoint","urlTemplate":"https:\/\/filles-de-la-charite.org\/pl\/?s={search_term_string}"},"query-input":{"@type":"PropertyValueSpecification","valueRequired":true,"valueName":"search_term_string"}}],"inLanguage":"pl-PL"},{"@type":"Organization","@id":"https:\/\/filles-de-la-charite.org\/pl\/#organization","name":"Hijas de la Caridad","url":"https:\/\/filles-de-la-charite.org\/pl\/","logo":{"@type":"ImageObject","inLanguage":"pl-PL","@id":"https:\/\/filles-de-la-charite.org\/pl\/#\/schema\/logo\/image\/","url":"https:\/\/filles-de-la-charite.org\/wp-content\/uploads\/2023\/03\/isotipo-Hijas-de-la-Caridad.png","contentUrl":"https:\/\/filles-de-la-charite.org\/wp-content\/uploads\/2023\/03\/isotipo-Hijas-de-la-Caridad.png","width":1417,"height":1417,"caption":"Hijas de la Caridad"},"image":{"@id":"https:\/\/filles-de-la-charite.org\/pl\/#\/schema\/logo\/image\/"}}]}},"_links":{"self":[{"href":"https:\/\/filles-de-la-charite.org\/pl\/wp-json\/wp\/v2\/service\/30611","targetHints":{"allow":["GET"]}}],"collection":[{"href":"https:\/\/filles-de-la-charite.org\/pl\/wp-json\/wp\/v2\/service"}],"about":[{"href":"https:\/\/filles-de-la-charite.org\/pl\/wp-json\/wp\/v2\/types\/service"}],"wp:featuredmedia":[{"embeddable":true,"href":"https:\/\/filles-de-la-charite.org\/pl\/wp-json\/wp\/v2\/media\/2113"}],"wp:attachment":[{"href":"https:\/\/filles-de-la-charite.org\/pl\/wp-json\/wp\/v2\/media?parent=30611"}],"curies":[{"name":"wp","href":"https:\/\/api.w.org\/{rel}","templated":true}]}}