{"id":7376,"date":"2020-10-06T13:32:08","date_gmt":"2020-10-06T11:32:08","guid":{"rendered":"https:\/\/hijascaridad.sjdigitaldemo.ovh\/vida-entregada\/moim-powolaniem-jest-sluzyc-z-radoscia\/"},"modified":"2023-05-23T10:34:23","modified_gmt":"2023-05-23T08:34:23","slug":"moim-powolaniem-jest-sluzyc-z-radoscia","status":"publish","type":"vida-entregada","link":"https:\/\/filles-de-la-charite.org\/pl\/vida-entregada\/moim-powolaniem-jest-sluzyc-z-radoscia\/","title":{"rendered":"Moim powo\u0142aniem jest s\u0142u\u017cy\u0107 z rado\u015bci\u0105"},"content":{"rendered":"\n<div class=\"wp-block-image\"><figure class=\"alignleft\"><img decoding=\"async\" src=\"https:\/\/www.filles-de-la-charite.org\/wp-content\/uploads\/OLD\/2016\/06\/1-1.jpg\" alt=\"\" class=\"wp-image-41160\"\/><\/figure><\/div>\n\n\n\n<p>Moje powo\u0142anie zrodzi\u0142o si\u0119 ju\u017c we wczesnym dzieci\u0144stwie, w chrze\u015bcija\u0144skiej, katolickiej rodzinie w ma\u0142ym miasteczku Catarina, w g\u0142\u0119bi Cear\u00e1, w Brazylii. Dzi\u0119ki pi\u0119knemu przyk\u0142adowi moich rodzic\u00f3w i wiernemu \u015bwiadectwu mojej babci, Marii Ezequiel Domingues (ju\u017c nie\u017cyj\u0105cej), moja rodzina przywi\u0105za\u0142a si\u0119 do spraw Bo\u017cych, zw\u0142aszcza do nabo\u017ce\u0144stwa do Matki Bo\u017cej. Moja babcia codziennie odmawia\u0142a r\u00f3\u017caniec, modlili\u015bmy si\u0119 przed i po posi\u0142kach, przed p\u00f3j\u015bciem spa\u0107 i rano po wstaniu. Zakorzeniony by\u0142 zwyczaj proszenia o b\u0142ogos\u0142awie\u0144stwo od rodzic\u00f3w i os\u00f3b starszych oraz uczyli\u015bmy si\u0119 szacunku i pos\u0142usze\u0144stwa wobec nich. Te praktyki zaszczepi\u0142y w nas chrze\u015bcija\u0144skie warto\u015bci i mi\u0142o\u015b\u0107 do potrzebuj\u0105cych, kt\u00f3re moja rodzina obserwowa\u0142a, zw\u0142aszcza spos\u00f3b, jak robi\u0142a to nasza mama, a kt\u00f3re wyostrzy\u0142y nasze poczucie wielkoduszno\u015bci.<\/p>\n\n\n\n<p>Po mojej Pierwszej Komunii \u015awi\u0119tej kontynuowa\u0142am spotkania modlitewne i zosta\u0142am katechetk\u0105. Czu\u0142am si\u0119 szcz\u0119\u015bliwa, spe\u0142niona w tej misji i zawsze chcia\u0142am p\u00f3j\u015b\u0107 dalej. Po bierzmowaniu poczu\u0142am wyra\u017anie wezwanie do \u017cycia konsekrowanego, a Duch \u015awi\u0119ty doda\u0142 mi odwagi, by m\u00f3wi\u0107, by z rado\u015bci\u0105 i bez l\u0119ku g\u0142osi\u0107 dzie\u0142a Pana. Gorliwo\u015b\u0107 misyjna, prorocza postawa kap\u0142an\u00f3w, odnowiony Ko\u015bci\u00f3\u0142, t\u0119tni\u0105ce \u017cyciem parafie oraz zaanga\u017cowana i o\u017cywiona m\u0142odzie\u017c by\u0142y i nadal s\u0105 Bo\u017cym marzeniem, kt\u00f3re odbija si\u0119 echem w moim sercu i o\u017cywia moje powo\u0142anie.<\/p>\n\n\n\n<div class=\"wp-block-image\"><figure class=\"alignright\"><img decoding=\"async\" src=\"https:\/\/www.filles-de-la-charite.org\/wp-content\/uploads\/OLD\/2016\/06\/2-1.jpg\" alt=\"\" class=\"wp-image-41161\"\/><\/figure><\/div>\n\n\n\n<p>Cecha wsp\u00f3ln\u0105 ma\u0142ych miast Brazylii jest emigracja m\u0142odych ludzi z ich dom\u00f3w rodzinnych do innych miast ,aby studiowa\u0107 i zdoby\u0107 zaw\u00f3d. R\u00f3wnie\u017c ja opu\u015bci\u0142am m\u00f3j dom rodzinny i uda\u0142am si\u0119 do Recife, gdzie moja ciocia, Siostra Ester (Siostra Mi\u0142osierdzia), znalaz\u0142a dla mnie miejsce na studia, a p\u00f3\u017aniej razem z innymi m\u0142odymi lud\u017ami naucza\u0142am w kolegium Maria Tereza pod kierunkiem Siostry Irene Jacob i innych Si\u00f3str Mi\u0142osierdzia. Jestem wdzi\u0119czna za wszystko, co otrzyma\u0142am i nauczy\u0142am si\u0119 od Si\u00f3str. W tym czasie nawi\u0105za\u0142am kontakt z Siostrami odpowiedzialnymi za Duszpasterstwo Powo\u0142a\u0144 i mog\u0142am uczestniczy\u0107 w prowadzonych przez nie sesjach. Po uko\u0144czeniu kursu zosta\u0142am przyj\u0119ta do formacji pocz\u0105tkowej Zgromadzenia - Postulatu, 11 lutego 1988 roku. By\u0142a to jedna z najwi\u0119kszych rado\u015bci mojego \u017cycia. Siostra Diva Pinto Freire, kt\u00f3ra mnie przyj\u0119\u0142a i zawsze wierzy\u0142a w moje powo\u0142anie, przedstawi\u0142a mnie Wsp\u00f3lnocie. Dzi\u015b, w wieku 94 lat, jest nadal \u015bwiat\u0142ego umys\u0142u i s\u0142u\u017cy ucz\u0105c prac r\u0119cznych biedne dzieci, kt\u00f3re zawsze darzy\u0142a mi\u0142o\u015bci\u0105.<\/p>\n\n\n\n<p>Kolejnym etapem formacji by\u0142o Seminarium, do kt\u00f3rego wesz\u0142am 16 lipca 1989 roku, w \u015bwi\u0119to Matki Bo\u017cej z G\u00f3ry Karmel. Wkr\u00f3tce moja grupa b\u0119dzie obchodzi\u0107 31. rocznic\u0119 powo\u0142ania. Moimi wsp\u00f3\u0142siostrami z tej grupy s\u0105: Siostra Maria de Jesus Santiago, Siostra Josefa Luiz Ribeiro i Siostra Rita de C\u00e1ssia Cerqueira. B\u0142ogos\u0142awiona Siostra Lindalva Justo de Oliveira, kt\u00f3rej kanonizacja jest w toku, by\u0142a w naszej grupie powo\u0142aniowej. Mia\u0142am zaszczyt mieszka\u0107 z ni\u0105 w Seminarium, gdzie sp\u0119dza\u0142y\u015bmy czas na g\u0142\u0119bokiej ciszy i modlitwie. Siostra Lindalva by\u0142a dojrza\u0142a w wierze, refleksyjna, \u015bwiadoma swojej decyzji i oddana s\u0142u\u017cbie. Po Seminarium zosta\u0142am wys\u0142ana na misj\u0119 do Salvadoru, Bahia, do Wsp\u00f3lnoty Instytutu Matki Bo\u017cej z Salette, gdzie pos\u0142ugiwa\u0142am 13 lat. Tamten czas pozostaje dla mnie filarem formacji ci\u0105g\u0142ej, zw\u0142aszcza w zakresie warto\u015bci \u017cycia wsp\u00f3lnotowego, przyja\u017ani, pos\u0142usze\u0144stwa prze\u0142o\u017conym i prawdziwej rado\u015bci z misji. W obliczu trudno\u015bci mam odwag\u0119 trwa\u0107 nie poddaj\u0105c si\u0119. Jestem stanowcza i stale w procesie nawracania, ufaj\u0105c dobroci Boga, kt\u00f3ry utrzymuje mnie mocn\u0105 w wierze i zainspirowan\u0105 wielkim darem powo\u0142ania.<\/p>\n\n\n\n<div class=\"wp-block-image\"><figure class=\"alignleft\"><img decoding=\"async\" src=\"https:\/\/www.filles-de-la-charite.org\/wp-content\/uploads\/OLD\/2016\/06\/3.jpeg\" alt=\"\" class=\"wp-image-41162\"\/><\/figure><\/div>\n\n\n\n<p>Dzi\u015b moja Wsp\u00f3lnota (Szko\u0142a \u015bw. J\u00f3zefa) znajduje si\u0119 na terenie portu, w kt\u00f3rym \u017cyj\u0105 rybacy; jest tu bezrobocie, g\u0142\u00f3d i r\u00f3\u017cnego rodzaju na\u0142ogi. W\u0142a\u015bnie w tym kontek\u015bcie bezbronno\u015bci rozwijam bezpo\u015bredni\u0105 pos\u0142ug\u0119 z dzie\u0107mi i ich rodzinami w zakresie ewangelizacji, pomocy spo\u0142ecznej i wsp\u00f3\u0142pracy w zakresie formacji ludzkiej i chrze\u015bcija\u0144skiej. Asystuj\u0105 mi moje Siostry, Ksi\u0119\u017ca Misjonarze i wolontariusze z naszej parafii. W szkole zajmuj\u0119 si\u0119 koordynacj\u0105 pedagogiczn\u0105, duszpasterstwem i katechez\u0105 dzieci przyst\u0119puj\u0105cych do Pierwszej Komunii \u015awi\u0119tej. Jeste\u015bmy mile widziane w parafiach i przez \u015bwieckich; nasza praca jest rzetelna w \u015brodowisku edukacyjnym oraz w \u015brodowisku spo\u0142ecznym, w kt\u00f3rym dzia\u0142amy. Pomimo wielu trudno\u015bci, kt\u00f3re napotykamy, staramy si\u0119 by\u0107 \u015bwiadkami Boga dla ludzi, a oni z kolei szanuj\u0105 Siostry Mi\u0142osierdzia, kt\u00f3re rozpocz\u0119\u0142y tu swoj\u0105 misj\u0119 ponad 80 lat temu.<\/p>\n\n\n\n<p>W dobie pandemii, kt\u00f3ra przynios\u0142a \u015bwiatowy kryzys i wyzwania, co tydzie\u0144 rozprowadzamy \u017cywno\u015b\u0107, owoce i warzywa, a tak\u017ce maski do wielu rodzin; uczymy ich r\u00f3wnie\u017c w zakresie w\u0142a\u015bciwej opieki, aby unikn\u0105\u0107 zaka\u017cenia Covid-19.<\/p>\n\n\n\n<p>Ka\u017cdy dzie\u0144 jest nowym wyzwaniem, ale B\u00f3g zaskakuje nas swoim niesko\u0144czonym mi\u0142osierdziem, odnawiaj\u0105c nasz\u0105 bezwarunkow\u0105 mi\u0142o\u015b\u0107 w Jego s\u0142u\u017cbie.<\/p>\n\n\n\n<p>Pragn\u0119 gor\u0105co podzi\u0119kowa\u0107 Panu za \u017cycie, misj\u0119 i powo\u0142anie, kt\u00f3rymi mi obdarzy\u0142.<\/p>\n\n\n\n<p><em>Siostra Maria Dej\u00e2nia Domingues de Oliveira - Prowincja Recife, Brazylia<\/em><\/p>\n","protected":false},"featured_media":1682,"template":"","meta":{"_acf_changed":false,"_links_to":"","_links_to_target":""},"class_list":["post-7376","vida-entregada","type-vida-entregada","status-publish","has-post-thumbnail","hentry"],"acf":[],"yoast_head":"<!-- This site is optimized with the Yoast SEO plugin v27.5 - https:\/\/yoast.com\/product\/yoast-seo-wordpress\/ -->\n<title>Moim powo\u0142aniem jest s\u0142u\u017cy\u0107 z rado\u015bci\u0105 - Filles de la Charit\u00e9<\/title>\n<meta name=\"robots\" content=\"index, follow, max-snippet:-1, max-image-preview:large, max-video-preview:-1\" \/>\n<link rel=\"canonical\" href=\"https:\/\/filles-de-la-charite.org\/pl\/vida-entregada\/moim-powolaniem-jest-sluzyc-z-radoscia\/\" \/>\n<meta property=\"og:locale\" content=\"pl_PL\" \/>\n<meta property=\"og:type\" content=\"article\" \/>\n<meta property=\"og:title\" content=\"Moim powo\u0142aniem jest s\u0142u\u017cy\u0107 z rado\u015bci\u0105 - Filles de la Charit\u00e9\" \/>\n<meta property=\"og:description\" content=\"Moje powo\u0142anie zrodzi\u0142o si\u0119 ju\u017c we wczesnym dzieci\u0144stwie, w chrze\u015bcija\u0144skiej, katolickiej rodzinie w ma\u0142ym miasteczku Catarina, w g\u0142\u0119bi Cear\u00e1, w Brazylii. Dzi\u0119ki pi\u0119knemu przyk\u0142adowi moich rodzic\u00f3w i wiernemu \u015bwiadectwu mojej babci, Marii Ezequiel Domingues (ju\u017c nie\u017cyj\u0105cej), moja rodzina przywi\u0105za\u0142a si\u0119 do spraw Bo\u017cych, zw\u0142aszcza do nabo\u017ce\u0144stwa do Matki Bo\u017cej. Moja babcia codziennie odmawia\u0142a r\u00f3\u017caniec, modlili\u015bmy [&hellip;]\" \/>\n<meta property=\"og:url\" content=\"https:\/\/filles-de-la-charite.org\/pl\/vida-entregada\/moim-powolaniem-jest-sluzyc-z-radoscia\/\" \/>\n<meta property=\"og:site_name\" content=\"Filles de la Charit\u00e9\" \/>\n<meta property=\"article:modified_time\" content=\"2023-05-23T08:34:23+00:00\" \/>\n<meta property=\"og:image\" content=\"https:\/\/filles-de-la-charite.org\/wp-content\/uploads\/2023\/04\/1-1.jpg\" \/>\n\t<meta property=\"og:image:width\" content=\"1105\" \/>\n\t<meta property=\"og:image:height\" content=\"1080\" \/>\n\t<meta property=\"og:image:type\" content=\"image\/jpeg\" \/>\n<meta name=\"twitter:card\" content=\"summary_large_image\" \/>\n<meta name=\"twitter:label1\" content=\"Szacowany czas czytania\" \/>\n\t<meta name=\"twitter:data1\" content=\"5 minut\" \/>\n<script type=\"application\/ld+json\" class=\"yoast-schema-graph\">{\"@context\":\"https:\\\/\\\/schema.org\",\"@graph\":[{\"@type\":\"WebPage\",\"@id\":\"https:\\\/\\\/filles-de-la-charite.org\\\/pl\\\/vida-entregada\\\/moim-powolaniem-jest-sluzyc-z-radoscia\\\/\",\"url\":\"https:\\\/\\\/filles-de-la-charite.org\\\/pl\\\/vida-entregada\\\/moim-powolaniem-jest-sluzyc-z-radoscia\\\/\",\"name\":\"Moim powo\u0142aniem jest s\u0142u\u017cy\u0107 z rado\u015bci\u0105 - Filles de la Charit\u00e9\",\"isPartOf\":{\"@id\":\"https:\\\/\\\/filles-de-la-charite.org\\\/pl\\\/#website\"},\"primaryImageOfPage\":{\"@id\":\"https:\\\/\\\/filles-de-la-charite.org\\\/pl\\\/vida-entregada\\\/moim-powolaniem-jest-sluzyc-z-radoscia\\\/#primaryimage\"},\"image\":{\"@id\":\"https:\\\/\\\/filles-de-la-charite.org\\\/pl\\\/vida-entregada\\\/moim-powolaniem-jest-sluzyc-z-radoscia\\\/#primaryimage\"},\"thumbnailUrl\":\"https:\\\/\\\/filles-de-la-charite.org\\\/wp-content\\\/uploads\\\/2023\\\/04\\\/1-1.jpg\",\"datePublished\":\"2020-10-06T11:32:08+00:00\",\"dateModified\":\"2023-05-23T08:34:23+00:00\",\"breadcrumb\":{\"@id\":\"https:\\\/\\\/filles-de-la-charite.org\\\/pl\\\/vida-entregada\\\/moim-powolaniem-jest-sluzyc-z-radoscia\\\/#breadcrumb\"},\"inLanguage\":\"pl-PL\",\"potentialAction\":[{\"@type\":\"ReadAction\",\"target\":[\"https:\\\/\\\/filles-de-la-charite.org\\\/pl\\\/vida-entregada\\\/moim-powolaniem-jest-sluzyc-z-radoscia\\\/\"]}]},{\"@type\":\"ImageObject\",\"inLanguage\":\"pl-PL\",\"@id\":\"https:\\\/\\\/filles-de-la-charite.org\\\/pl\\\/vida-entregada\\\/moim-powolaniem-jest-sluzyc-z-radoscia\\\/#primaryimage\",\"url\":\"https:\\\/\\\/filles-de-la-charite.org\\\/wp-content\\\/uploads\\\/2023\\\/04\\\/1-1.jpg\",\"contentUrl\":\"https:\\\/\\\/filles-de-la-charite.org\\\/wp-content\\\/uploads\\\/2023\\\/04\\\/1-1.jpg\",\"width\":1105,\"height\":1080},{\"@type\":\"BreadcrumbList\",\"@id\":\"https:\\\/\\\/filles-de-la-charite.org\\\/pl\\\/vida-entregada\\\/moim-powolaniem-jest-sluzyc-z-radoscia\\\/#breadcrumb\",\"itemListElement\":[{\"@type\":\"ListItem\",\"position\":1,\"name\":\"Given lifes\",\"item\":\"https:\\\/\\\/filles-de-la-charite.org\\\/pl\\\/vida-entregada\\\/\"},{\"@type\":\"ListItem\",\"position\":2,\"name\":\"Moim powo\u0142aniem jest s\u0142u\u017cy\u0107 z rado\u015bci\u0105\"}]},{\"@type\":\"WebSite\",\"@id\":\"https:\\\/\\\/filles-de-la-charite.org\\\/pl\\\/#website\",\"url\":\"https:\\\/\\\/filles-de-la-charite.org\\\/pl\\\/\",\"name\":\"Hijas de la Caridad\",\"description\":\"L\u2019amour de J\u00e9sus nous presse \u00e0 prendre soin des personnes les plus d\u00e9munies\",\"publisher\":{\"@id\":\"https:\\\/\\\/filles-de-la-charite.org\\\/pl\\\/#organization\"},\"potentialAction\":[{\"@type\":\"SearchAction\",\"target\":{\"@type\":\"EntryPoint\",\"urlTemplate\":\"https:\\\/\\\/filles-de-la-charite.org\\\/pl\\\/?s={search_term_string}\"},\"query-input\":{\"@type\":\"PropertyValueSpecification\",\"valueRequired\":true,\"valueName\":\"search_term_string\"}}],\"inLanguage\":\"pl-PL\"},{\"@type\":\"Organization\",\"@id\":\"https:\\\/\\\/filles-de-la-charite.org\\\/pl\\\/#organization\",\"name\":\"Hijas de la Caridad\",\"url\":\"https:\\\/\\\/filles-de-la-charite.org\\\/pl\\\/\",\"logo\":{\"@type\":\"ImageObject\",\"inLanguage\":\"pl-PL\",\"@id\":\"https:\\\/\\\/filles-de-la-charite.org\\\/pl\\\/#\\\/schema\\\/logo\\\/image\\\/\",\"url\":\"https:\\\/\\\/filles-de-la-charite.org\\\/wp-content\\\/uploads\\\/2023\\\/03\\\/isotipo-Hijas-de-la-Caridad.png\",\"contentUrl\":\"https:\\\/\\\/filles-de-la-charite.org\\\/wp-content\\\/uploads\\\/2023\\\/03\\\/isotipo-Hijas-de-la-Caridad.png\",\"width\":1417,\"height\":1417,\"caption\":\"Hijas de la Caridad\"},\"image\":{\"@id\":\"https:\\\/\\\/filles-de-la-charite.org\\\/pl\\\/#\\\/schema\\\/logo\\\/image\\\/\"}}]}<\/script>\n<!-- \/ Yoast SEO plugin. -->","yoast_head_json":{"title":"Moim powo\u0142aniem jest s\u0142u\u017cy\u0107 z rado\u015bci\u0105 - Filles de la Charit\u00e9","robots":{"index":"index","follow":"follow","max-snippet":"max-snippet:-1","max-image-preview":"max-image-preview:large","max-video-preview":"max-video-preview:-1"},"canonical":"https:\/\/filles-de-la-charite.org\/pl\/vida-entregada\/moim-powolaniem-jest-sluzyc-z-radoscia\/","og_locale":"pl_PL","og_type":"article","og_title":"Moim powo\u0142aniem jest s\u0142u\u017cy\u0107 z rado\u015bci\u0105 - Filles de la Charit\u00e9","og_description":"Moje powo\u0142anie zrodzi\u0142o si\u0119 ju\u017c we wczesnym dzieci\u0144stwie, w chrze\u015bcija\u0144skiej, katolickiej rodzinie w ma\u0142ym miasteczku Catarina, w g\u0142\u0119bi Cear\u00e1, w Brazylii. Dzi\u0119ki pi\u0119knemu przyk\u0142adowi moich rodzic\u00f3w i wiernemu \u015bwiadectwu mojej babci, Marii Ezequiel Domingues (ju\u017c nie\u017cyj\u0105cej), moja rodzina przywi\u0105za\u0142a si\u0119 do spraw Bo\u017cych, zw\u0142aszcza do nabo\u017ce\u0144stwa do Matki Bo\u017cej. Moja babcia codziennie odmawia\u0142a r\u00f3\u017caniec, modlili\u015bmy [&hellip;]","og_url":"https:\/\/filles-de-la-charite.org\/pl\/vida-entregada\/moim-powolaniem-jest-sluzyc-z-radoscia\/","og_site_name":"Filles de la Charit\u00e9","article_modified_time":"2023-05-23T08:34:23+00:00","og_image":[{"width":1105,"height":1080,"url":"https:\/\/filles-de-la-charite.org\/wp-content\/uploads\/2023\/04\/1-1.jpg","type":"image\/jpeg"}],"twitter_card":"summary_large_image","twitter_misc":{"Szacowany czas czytania":"5 minut"},"schema":{"@context":"https:\/\/schema.org","@graph":[{"@type":"WebPage","@id":"https:\/\/filles-de-la-charite.org\/pl\/vida-entregada\/moim-powolaniem-jest-sluzyc-z-radoscia\/","url":"https:\/\/filles-de-la-charite.org\/pl\/vida-entregada\/moim-powolaniem-jest-sluzyc-z-radoscia\/","name":"Moim powo\u0142aniem jest s\u0142u\u017cy\u0107 z rado\u015bci\u0105 - Filles de la Charit\u00e9","isPartOf":{"@id":"https:\/\/filles-de-la-charite.org\/pl\/#website"},"primaryImageOfPage":{"@id":"https:\/\/filles-de-la-charite.org\/pl\/vida-entregada\/moim-powolaniem-jest-sluzyc-z-radoscia\/#primaryimage"},"image":{"@id":"https:\/\/filles-de-la-charite.org\/pl\/vida-entregada\/moim-powolaniem-jest-sluzyc-z-radoscia\/#primaryimage"},"thumbnailUrl":"https:\/\/filles-de-la-charite.org\/wp-content\/uploads\/2023\/04\/1-1.jpg","datePublished":"2020-10-06T11:32:08+00:00","dateModified":"2023-05-23T08:34:23+00:00","breadcrumb":{"@id":"https:\/\/filles-de-la-charite.org\/pl\/vida-entregada\/moim-powolaniem-jest-sluzyc-z-radoscia\/#breadcrumb"},"inLanguage":"pl-PL","potentialAction":[{"@type":"ReadAction","target":["https:\/\/filles-de-la-charite.org\/pl\/vida-entregada\/moim-powolaniem-jest-sluzyc-z-radoscia\/"]}]},{"@type":"ImageObject","inLanguage":"pl-PL","@id":"https:\/\/filles-de-la-charite.org\/pl\/vida-entregada\/moim-powolaniem-jest-sluzyc-z-radoscia\/#primaryimage","url":"https:\/\/filles-de-la-charite.org\/wp-content\/uploads\/2023\/04\/1-1.jpg","contentUrl":"https:\/\/filles-de-la-charite.org\/wp-content\/uploads\/2023\/04\/1-1.jpg","width":1105,"height":1080},{"@type":"BreadcrumbList","@id":"https:\/\/filles-de-la-charite.org\/pl\/vida-entregada\/moim-powolaniem-jest-sluzyc-z-radoscia\/#breadcrumb","itemListElement":[{"@type":"ListItem","position":1,"name":"Given lifes","item":"https:\/\/filles-de-la-charite.org\/pl\/vida-entregada\/"},{"@type":"ListItem","position":2,"name":"Moim powo\u0142aniem jest s\u0142u\u017cy\u0107 z rado\u015bci\u0105"}]},{"@type":"WebSite","@id":"https:\/\/filles-de-la-charite.org\/pl\/#website","url":"https:\/\/filles-de-la-charite.org\/pl\/","name":"Hijas de la Caridad","description":"L\u2019amour de J\u00e9sus nous presse \u00e0 prendre soin des personnes les plus d\u00e9munies","publisher":{"@id":"https:\/\/filles-de-la-charite.org\/pl\/#organization"},"potentialAction":[{"@type":"SearchAction","target":{"@type":"EntryPoint","urlTemplate":"https:\/\/filles-de-la-charite.org\/pl\/?s={search_term_string}"},"query-input":{"@type":"PropertyValueSpecification","valueRequired":true,"valueName":"search_term_string"}}],"inLanguage":"pl-PL"},{"@type":"Organization","@id":"https:\/\/filles-de-la-charite.org\/pl\/#organization","name":"Hijas de la Caridad","url":"https:\/\/filles-de-la-charite.org\/pl\/","logo":{"@type":"ImageObject","inLanguage":"pl-PL","@id":"https:\/\/filles-de-la-charite.org\/pl\/#\/schema\/logo\/image\/","url":"https:\/\/filles-de-la-charite.org\/wp-content\/uploads\/2023\/03\/isotipo-Hijas-de-la-Caridad.png","contentUrl":"https:\/\/filles-de-la-charite.org\/wp-content\/uploads\/2023\/03\/isotipo-Hijas-de-la-Caridad.png","width":1417,"height":1417,"caption":"Hijas de la Caridad"},"image":{"@id":"https:\/\/filles-de-la-charite.org\/pl\/#\/schema\/logo\/image\/"}}]}},"_links":{"self":[{"href":"https:\/\/filles-de-la-charite.org\/pl\/wp-json\/wp\/v2\/vida-entregada\/7376","targetHints":{"allow":["GET"]}}],"collection":[{"href":"https:\/\/filles-de-la-charite.org\/pl\/wp-json\/wp\/v2\/vida-entregada"}],"about":[{"href":"https:\/\/filles-de-la-charite.org\/pl\/wp-json\/wp\/v2\/types\/vida-entregada"}],"wp:featuredmedia":[{"embeddable":true,"href":"https:\/\/filles-de-la-charite.org\/pl\/wp-json\/wp\/v2\/media\/1682"}],"wp:attachment":[{"href":"https:\/\/filles-de-la-charite.org\/pl\/wp-json\/wp\/v2\/media?parent=7376"}],"curies":[{"name":"wp","href":"https:\/\/api.w.org\/{rel}","templated":true}]}}