{"id":7378,"date":"2020-10-06T14:08:33","date_gmt":"2020-10-06T12:08:33","guid":{"rendered":"https:\/\/hijascaridad.sjdigitaldemo.ovh\/vida-entregada\/zycie-oddane-bogu-w-sluzbie-osob-ubogich\/"},"modified":"2023-05-23T10:41:38","modified_gmt":"2023-05-23T08:41:38","slug":"zycie-oddane-bogu-w-sluzbie-osob-ubogich","status":"publish","type":"vida-entregada","link":"https:\/\/filles-de-la-charite.org\/pl\/vida-entregada\/zycie-oddane-bogu-w-sluzbie-osob-ubogich\/","title":{"rendered":"\u017bycie oddane Bogu w s\u0142u\u017cbie os\u00f3b Ubogich"},"content":{"rendered":"\n<div class=\"wp-block-image is-style-default\"><figure class=\"alignleft size-full is-resized\"><img loading=\"lazy\" decoding=\"async\" src=\"https:\/\/filles-de-la-charite.org\/wp-content\/uploads\/2023\/04\/1-2.jpg\" alt=\"\" class=\"wp-image-56160\" width=\"350\" height=\"513\"\/><\/figure><\/div>\n\n\n\n<p> wcze\u015bnie us\u0142ysza\u0142am g\u0142os powo\u0142ania: by\u0142o to w dzie\u0144 mojej Pierwszej Komunii \u015awi\u0119tej. Mia\u0142am 7 lat i ju\u017c wtedy zrozumia\u0142am, \u017ce moje \u017cycie mam odda\u0107 tylko Chrystusowi. B\u00f3g objawia\u0142 mi si\u0119 poprzez wydarzenia: dorastanie w rodzinie \u015bci\u015ble zwi\u0105zanej ze sob\u0105, w kt\u00f3rej \u017cy\u0142y warto\u015bci moralne i religijne, poprzez czas wojny, kl\u0119sk, okupacji niemieckiej i odkrycie horroru nazistowskich oboz\u00f3w\u2026 Czy tak wielkie cierpienie nie mog\u0142o nie uwra\u017cliwi\u0107?\u2026<\/p>\n\n\n\n<p>Posz\u0142am do szko\u0142y piel\u0119gniarskiej i zda\u0142am sobie spraw\u0119, \u017ce po tych wszystkich znakach B\u00f3g czeka na moj\u0105 odpowied\u017a. Z pomoc\u0105 kap\u0142ana zdecydowa\u0142am si\u0119 wst\u0105pi\u0107 do Zgromadzenia Si\u00f3str Mi\u0142osierdzia \u015bw. Wincentego a Paulo. Wiedzia\u0142am, \u017ce tam b\u0119d\u0119 mog\u0142a s\u0142u\u017cy\u0107 Ubogim i \u017cy\u0107 z Chrystusem. Po okresie formacji przyszed\u0142 czas na konkretn\u0105 s\u0142u\u017cb\u0119.<\/p>\n\n\n\n<div class=\"wp-block-image\"><figure class=\"alignright\"><img decoding=\"async\" src=\"https:\/\/www.filles-de-la-charite.org\/wp-content\/uploads\/OLD\/2016\/06\/2-2.jpg\" alt=\"\" class=\"wp-image-41357\"\/><\/figure><\/div>\n\n\n\n<p>W moim pierwszym domu by\u0142o 12 si\u00f3str. \u017bycie wsp\u00f3lnotowe nie by\u0142o d\u0142ug\u0105, spokojn\u0105 rzek\u0105, ale by\u0142a mi\u0119dzy nami siostrzana mi\u0142o\u015b\u0107. Mi\u0142o\u015b\u0107 Boga i Ubogich zjednoczy\u0142a nas i karmi\u0142a czas modlitwy. W dzielnicy Pary\u017ca, w kt\u00f3rej mieszka\u0142y\u015bmy, naprawd\u0119 spotka\u0142am ub\u00f3stwo. Wci\u0105\u017c widz\u0119 t\u0119 kobiet\u0119 w ma\u0142ym pokoju z tr\u00f3jk\u0105 dzieci, zmuszon\u0105 w nocy do sk\u0142adania krzese\u0142 i sto\u0142u, aby po\u0142o\u017cy\u0107 materace na pod\u0142odze, na kt\u00f3rej mogliby spa\u0107. Nie mog\u0119 te\u017c zapomnie\u0107 o ma\u0142ej Dani\u00e8le, kt\u00f3ra trafi\u0142a do szpitala po tym, jak z winy jej ojca, zatru\u0142a si\u0119 czadem.<\/p>\n\n\n\n<p>W moim \u017cyciu zasz\u0142o wiele zmian i wsz\u0119dzie spotyka\u0142am ludzi biednych. Dzi\u0119ki \u0142asce Boga zrozumia\u0142am, \u017ce mog\u0119 ubogaca\u0107 te spotkania. Nale\u017cy wyj\u015b\u0107 poza siebie, poza darowan\u0105 pomoc, s\u0142u\u017cb\u0119 i pocieszaj\u0105ce s\u0142owa, nale\u017cy i\u015b\u0107 dalej i pomaga\u0107 Ubogim, aby byli odpowiedzialni za swoje \u017cycie. Moi Ubodzy cieszyli si\u0119, gdy ich odwiedza\u0142am, a pokonuj\u0105c dystans mi\u0119dzy nami, rozwin\u0119\u0142a si\u0119 pewna prostota - mogli ze mn\u0105 rozmawia\u0107 o wa\u017cnych dla nich sprawach.<\/p>\n\n\n\n<div class=\"wp-block-image\"><figure class=\"alignleft\"><img decoding=\"async\" src=\"https:\/\/www.filles-de-la-charite.org\/wp-content\/uploads\/OLD\/2016\/06\/3-1.jpg\" alt=\"\" class=\"wp-image-41358\"\/><\/figure><\/div>\n\n\n\n<p>P\u00f3\u017aniej odpowiedzia\u0142am na wezwanie do pomocy w obozie Sakeo w Tajlandii, gdzie schronili si\u0119 Czerwoni Khmerzy. Pewnej nocy, kiedy czuwa\u0142am, mog\u0142am porozmawia\u0107 z Venem, kt\u00f3ry pomaga\u0142 nam w namiocie, gdzie przebywali chorzy. Po ucieczce z 18 cz\u0142onkami rodziny przyby\u0142 do obozu sam. Wszyscy pozostali poumierali z g\u0142odu, w wyniku tortur lub zostali rozstrzelani, a na dodatek jego \u017cona zagin\u0119\u0142a w lesie. W mojej pos\u0142udze t\u0119 pewno\u015b\u0107 siebie i odwag\u0119 otrzyma\u0142am jako prawdziwy dar i cz\u0119sto o tym my\u015bl\u0119, zw\u0142aszcza w trudnych chwilach. W naszej wsp\u00f3lnocie by\u0142y siostry z ca\u0142ego \u015bwiata. Czy robi\u0142y\u015bmy wi\u0119cej ni\u017c \u201eLekarze bez granic\u201d, z kt\u00f3rymi wsp\u00f3\u0142pracowa\u0142y\u015bmy? W\u0142a\u015bciwie nie; to nasza przynale\u017cno\u015b\u0107 do Boga, kt\u00f3remu odda\u0142y\u015bmy \u017cycie, nas motywowa\u0142a.<\/p>\n\n\n\n<p>P\u00f3\u017aniej wys\u0142ano mnie do wsp\u00f3lnoty w H.L.M. przy Stowarzyszeniu \u201eS.A.P.P.E.L.\u201d, utworzonym w celu ewangelizacji czwartego \u015bwiata.<\/p>\n\n\n\n<div class=\"wp-block-image\"><figure class=\"aligncenter\"><img decoding=\"async\" src=\"https:\/\/www.filles-de-la-charite.org\/wp-content\/uploads\/OLD\/2016\/06\/4.jpg\" alt=\"\" class=\"wp-image-41359\"\/><\/figure><\/div>\n\n\n\n<p>Nast\u0119pnie, odpowiedzia\u0142am na apel jaki wystosowano o udzielenie terapii zabaw\u0105 dzieciom z Kosowa, kt\u00f3re g\u0142\u0119boko by\u0142y dotkni\u0119te tragicznymi wydarzeniami maj\u0105cymi tam miejsce i kt\u00f3re przez kilka tygodni mieszka\u0142y w lesie w \u015bniegu. Zgodzi\u0142am si\u0119, bo mimo zaawansowanego wieku mia\u0142am bliskie wi\u0119zi z dzie\u0107mi i zachowa\u0142am zapa\u0142 do zabawy. Gra i zabawa s\u0142u\u017cy\u0142y jako nasz j\u0119zyk i lekarstwo.<\/p>\n\n\n\n<div class=\"wp-block-image\"><figure class=\"alignright\"><img decoding=\"async\" src=\"https:\/\/www.filles-de-la-charite.org\/wp-content\/uploads\/OLD\/2016\/06\/5-1.jpg\" alt=\"\" class=\"wp-image-41360\"\/><\/figure><\/div>\n\n\n\n<p>Na moj\u0105 pro\u015bb\u0119 Zgromadzenie wys\u0142a\u0142o mnie do Rwandy. Sp\u0119dzi\u0142am sze\u015b\u0107 lat w tym bardzo biednym, ale pi\u0119knym kraju. Jest takie powiedzenie, \u017ce \u201eB\u00f3g przyszed\u0142 tam w nocy, aby odpocz\u0105\u0107\u201d. W tej pos\u0142udze przewa\u017cnie by\u0142am kierowc\u0105. Wozi\u0142am chorych noc\u0105, czasem przywozi\u0142am do domu zmar\u0142ych, aby ci biedni ludzie mogli ich pogrzeba\u0107 wok\u00f3\u0142 swoich dom\u00f3w, bo koszty pobytu w szpitalu by\u0142y dla nich zbyt wysokie. Nazwali mnie \u201eumuk\u00e9curu\u201d, co oznacza \u201ebabcia\u201d. By\u0142 to tytu\u0142 uznania. Mia\u0142am te\u017c rado\u015b\u0107 widzie\u0107, jak rozkwitaj\u0105 m\u0142ode, rodzime powo\u0142ania. Teraz te m\u0142ode dziewcz\u0119ta s\u0105 ju\u017c Siostrami, o odwa\u017cnych sercach i bardzo bliskie Ubogim, kt\u00f3rzy pozostaj\u0105 rado\u015bni pomimo strasznych wydarze\u0144, kt\u00f3re nast\u0105pi\u0142y kilka lat p\u00f3\u017aniej.<\/p>\n\n\n\n<div class=\"wp-block-image\"><figure class=\"aligncenter\"><img decoding=\"async\" src=\"https:\/\/www.filles-de-la-charite.org\/wp-content\/uploads\/OLD\/2016\/06\/6.jpeg\" alt=\"\" class=\"wp-image-41361\"\/><\/figure><\/div>\n\n\n\n<p>Ostatnim miejscem, do kt\u00f3rego zosta\u0142am wys\u0142ana, by\u0142o Katolickie Stowarzyszenie \u201eDe Paul\u201d, aby s\u0142u\u017cy\u0107 ludziom bezdomnym. By\u0142am prost\u0105 wolontariuszk\u0105 po\u015br\u00f3d innych, wykonuj\u0105c skromne zadania, takie jak pranie, przygotowywanie do u\u017cycia prysznic\u00f3w i podawanie kawy m\u0119\u017cczyznom i kobietom \u017cyj\u0105cym na ulicy. Z nimi mia\u0142y\u015bmy prosty kontakt. Byli \u201enaszymi panami\u201d, s\u0142u\u017c\u0105c im tak, jak nas prosili. Czasami otrzymywa\u0142y\u015bmy ostre lub krzywdz\u0105ce s\u0142owa, ale czasem te\u017c bywali przyja\u017ani, a nawet wdzi\u0119czni.<\/p>\n\n\n\n<div class=\"wp-block-image\"><figure class=\"alignleft\"><img decoding=\"async\" src=\"https:\/\/www.filles-de-la-charite.org\/wp-content\/uploads\/OLD\/2016\/06\/7.jpg\" alt=\"\" class=\"wp-image-41362\"\/><\/figure><\/div>\n\n\n\n<p>Jestem teraz na ostatnim etapie mojego \u017cycia. Zbli\u017ca si\u0119 godzina Spotkania, niewyobra\u017calna. Oczywi\u015bcie mam pewne obawy, ale wiem, \u017ce On tam b\u0119dzie ...Co mog\u0119 powiedzie\u0107? Po prostu: DZI\u0118KUJ\u0118 za niezmierzone szcz\u0119\u015bcie pomimo trudnych, nawet bardzo trudnych chwil, kiedy by\u0142a pustka i gdzie zaniedba\u0142am Boga. Mimo to by\u0142 tam, czekaj\u0105c na \u201epowr\u00f3t syna marnotrawnego\u201d.<\/p>\n\n\n\n<p><em>Siostra Marie-Ren\u00e9e Leli\u00e8vre Prowincja Belgia-Francja-Szwajcaria<\/em><\/p>\n","protected":false},"featured_media":1709,"template":"","meta":{"_acf_changed":false,"_links_to":"","_links_to_target":""},"class_list":["post-7378","vida-entregada","type-vida-entregada","status-publish","has-post-thumbnail","hentry"],"acf":[],"yoast_head":"<!-- This site is optimized with the Yoast SEO plugin v27.5 - https:\/\/yoast.com\/product\/yoast-seo-wordpress\/ -->\n<title>\u017bycie oddane Bogu w s\u0142u\u017cbie os\u00f3b Ubogich - Filles de la Charit\u00e9<\/title>\n<meta name=\"robots\" content=\"index, follow, max-snippet:-1, max-image-preview:large, max-video-preview:-1\" \/>\n<link rel=\"canonical\" href=\"https:\/\/filles-de-la-charite.org\/pl\/vida-entregada\/zycie-oddane-bogu-w-sluzbie-osob-ubogich\/\" \/>\n<meta property=\"og:locale\" content=\"pl_PL\" \/>\n<meta property=\"og:type\" content=\"article\" \/>\n<meta property=\"og:title\" content=\"\u017bycie oddane Bogu w s\u0142u\u017cbie os\u00f3b Ubogich - Filles de la Charit\u00e9\" \/>\n<meta property=\"og:description\" content=\"wcze\u015bnie us\u0142ysza\u0142am g\u0142os powo\u0142ania: by\u0142o to w dzie\u0144 mojej Pierwszej Komunii \u015awi\u0119tej. Mia\u0142am 7 lat i ju\u017c wtedy zrozumia\u0142am, \u017ce moje \u017cycie mam odda\u0107 tylko Chrystusowi. B\u00f3g objawia\u0142 mi si\u0119 poprzez wydarzenia: dorastanie w rodzinie \u015bci\u015ble zwi\u0105zanej ze sob\u0105, w kt\u00f3rej \u017cy\u0142y warto\u015bci moralne i religijne, poprzez czas wojny, kl\u0119sk, okupacji niemieckiej i odkrycie horroru [&hellip;]\" \/>\n<meta property=\"og:url\" content=\"https:\/\/filles-de-la-charite.org\/pl\/vida-entregada\/zycie-oddane-bogu-w-sluzbie-osob-ubogich\/\" \/>\n<meta property=\"og:site_name\" content=\"Filles de la Charit\u00e9\" \/>\n<meta property=\"article:modified_time\" content=\"2023-05-23T08:41:38+00:00\" \/>\n<meta property=\"og:image\" content=\"https:\/\/filles-de-la-charite.org\/wp-content\/uploads\/2023\/04\/1-2-e1605894436156.jpg\" \/>\n\t<meta property=\"og:image:width\" content=\"699\" \/>\n\t<meta property=\"og:image:height\" content=\"486\" \/>\n\t<meta property=\"og:image:type\" content=\"image\/jpeg\" \/>\n<meta name=\"twitter:card\" content=\"summary_large_image\" \/>\n<meta name=\"twitter:label1\" content=\"Szacowany czas czytania\" \/>\n\t<meta name=\"twitter:data1\" content=\"4 minuty\" \/>\n<script type=\"application\/ld+json\" class=\"yoast-schema-graph\">{\"@context\":\"https:\\\/\\\/schema.org\",\"@graph\":[{\"@type\":\"WebPage\",\"@id\":\"https:\\\/\\\/filles-de-la-charite.org\\\/pl\\\/vida-entregada\\\/zycie-oddane-bogu-w-sluzbie-osob-ubogich\\\/\",\"url\":\"https:\\\/\\\/filles-de-la-charite.org\\\/pl\\\/vida-entregada\\\/zycie-oddane-bogu-w-sluzbie-osob-ubogich\\\/\",\"name\":\"\u017bycie oddane Bogu w s\u0142u\u017cbie os\u00f3b Ubogich - Filles de la Charit\u00e9\",\"isPartOf\":{\"@id\":\"https:\\\/\\\/filles-de-la-charite.org\\\/pl\\\/#website\"},\"primaryImageOfPage\":{\"@id\":\"https:\\\/\\\/filles-de-la-charite.org\\\/pl\\\/vida-entregada\\\/zycie-oddane-bogu-w-sluzbie-osob-ubogich\\\/#primaryimage\"},\"image\":{\"@id\":\"https:\\\/\\\/filles-de-la-charite.org\\\/pl\\\/vida-entregada\\\/zycie-oddane-bogu-w-sluzbie-osob-ubogich\\\/#primaryimage\"},\"thumbnailUrl\":\"https:\\\/\\\/filles-de-la-charite.org\\\/wp-content\\\/uploads\\\/2023\\\/04\\\/1-2-e1605894436156.jpg\",\"datePublished\":\"2020-10-06T12:08:33+00:00\",\"dateModified\":\"2023-05-23T08:41:38+00:00\",\"breadcrumb\":{\"@id\":\"https:\\\/\\\/filles-de-la-charite.org\\\/pl\\\/vida-entregada\\\/zycie-oddane-bogu-w-sluzbie-osob-ubogich\\\/#breadcrumb\"},\"inLanguage\":\"pl-PL\",\"potentialAction\":[{\"@type\":\"ReadAction\",\"target\":[\"https:\\\/\\\/filles-de-la-charite.org\\\/pl\\\/vida-entregada\\\/zycie-oddane-bogu-w-sluzbie-osob-ubogich\\\/\"]}]},{\"@type\":\"ImageObject\",\"inLanguage\":\"pl-PL\",\"@id\":\"https:\\\/\\\/filles-de-la-charite.org\\\/pl\\\/vida-entregada\\\/zycie-oddane-bogu-w-sluzbie-osob-ubogich\\\/#primaryimage\",\"url\":\"https:\\\/\\\/filles-de-la-charite.org\\\/wp-content\\\/uploads\\\/2023\\\/04\\\/1-2-e1605894436156.jpg\",\"contentUrl\":\"https:\\\/\\\/filles-de-la-charite.org\\\/wp-content\\\/uploads\\\/2023\\\/04\\\/1-2-e1605894436156.jpg\",\"width\":699,\"height\":486},{\"@type\":\"BreadcrumbList\",\"@id\":\"https:\\\/\\\/filles-de-la-charite.org\\\/pl\\\/vida-entregada\\\/zycie-oddane-bogu-w-sluzbie-osob-ubogich\\\/#breadcrumb\",\"itemListElement\":[{\"@type\":\"ListItem\",\"position\":1,\"name\":\"Given lifes\",\"item\":\"https:\\\/\\\/filles-de-la-charite.org\\\/pl\\\/vida-entregada\\\/\"},{\"@type\":\"ListItem\",\"position\":2,\"name\":\"\u017bycie oddane Bogu w s\u0142u\u017cbie os\u00f3b Ubogich\"}]},{\"@type\":\"WebSite\",\"@id\":\"https:\\\/\\\/filles-de-la-charite.org\\\/pl\\\/#website\",\"url\":\"https:\\\/\\\/filles-de-la-charite.org\\\/pl\\\/\",\"name\":\"Hijas de la Caridad\",\"description\":\"L\u2019amour de J\u00e9sus nous presse \u00e0 prendre soin des personnes les plus d\u00e9munies\",\"publisher\":{\"@id\":\"https:\\\/\\\/filles-de-la-charite.org\\\/pl\\\/#organization\"},\"potentialAction\":[{\"@type\":\"SearchAction\",\"target\":{\"@type\":\"EntryPoint\",\"urlTemplate\":\"https:\\\/\\\/filles-de-la-charite.org\\\/pl\\\/?s={search_term_string}\"},\"query-input\":{\"@type\":\"PropertyValueSpecification\",\"valueRequired\":true,\"valueName\":\"search_term_string\"}}],\"inLanguage\":\"pl-PL\"},{\"@type\":\"Organization\",\"@id\":\"https:\\\/\\\/filles-de-la-charite.org\\\/pl\\\/#organization\",\"name\":\"Hijas de la Caridad\",\"url\":\"https:\\\/\\\/filles-de-la-charite.org\\\/pl\\\/\",\"logo\":{\"@type\":\"ImageObject\",\"inLanguage\":\"pl-PL\",\"@id\":\"https:\\\/\\\/filles-de-la-charite.org\\\/pl\\\/#\\\/schema\\\/logo\\\/image\\\/\",\"url\":\"https:\\\/\\\/filles-de-la-charite.org\\\/wp-content\\\/uploads\\\/2023\\\/03\\\/isotipo-Hijas-de-la-Caridad.png\",\"contentUrl\":\"https:\\\/\\\/filles-de-la-charite.org\\\/wp-content\\\/uploads\\\/2023\\\/03\\\/isotipo-Hijas-de-la-Caridad.png\",\"width\":1417,\"height\":1417,\"caption\":\"Hijas de la Caridad\"},\"image\":{\"@id\":\"https:\\\/\\\/filles-de-la-charite.org\\\/pl\\\/#\\\/schema\\\/logo\\\/image\\\/\"}}]}<\/script>\n<!-- \/ Yoast SEO plugin. -->","yoast_head_json":{"title":"\u017bycie oddane Bogu w s\u0142u\u017cbie os\u00f3b Ubogich - Filles de la Charit\u00e9","robots":{"index":"index","follow":"follow","max-snippet":"max-snippet:-1","max-image-preview":"max-image-preview:large","max-video-preview":"max-video-preview:-1"},"canonical":"https:\/\/filles-de-la-charite.org\/pl\/vida-entregada\/zycie-oddane-bogu-w-sluzbie-osob-ubogich\/","og_locale":"pl_PL","og_type":"article","og_title":"\u017bycie oddane Bogu w s\u0142u\u017cbie os\u00f3b Ubogich - Filles de la Charit\u00e9","og_description":"wcze\u015bnie us\u0142ysza\u0142am g\u0142os powo\u0142ania: by\u0142o to w dzie\u0144 mojej Pierwszej Komunii \u015awi\u0119tej. Mia\u0142am 7 lat i ju\u017c wtedy zrozumia\u0142am, \u017ce moje \u017cycie mam odda\u0107 tylko Chrystusowi. B\u00f3g objawia\u0142 mi si\u0119 poprzez wydarzenia: dorastanie w rodzinie \u015bci\u015ble zwi\u0105zanej ze sob\u0105, w kt\u00f3rej \u017cy\u0142y warto\u015bci moralne i religijne, poprzez czas wojny, kl\u0119sk, okupacji niemieckiej i odkrycie horroru [&hellip;]","og_url":"https:\/\/filles-de-la-charite.org\/pl\/vida-entregada\/zycie-oddane-bogu-w-sluzbie-osob-ubogich\/","og_site_name":"Filles de la Charit\u00e9","article_modified_time":"2023-05-23T08:41:38+00:00","og_image":[{"width":699,"height":486,"url":"https:\/\/filles-de-la-charite.org\/wp-content\/uploads\/2023\/04\/1-2-e1605894436156.jpg","type":"image\/jpeg"}],"twitter_card":"summary_large_image","twitter_misc":{"Szacowany czas czytania":"4 minuty"},"schema":{"@context":"https:\/\/schema.org","@graph":[{"@type":"WebPage","@id":"https:\/\/filles-de-la-charite.org\/pl\/vida-entregada\/zycie-oddane-bogu-w-sluzbie-osob-ubogich\/","url":"https:\/\/filles-de-la-charite.org\/pl\/vida-entregada\/zycie-oddane-bogu-w-sluzbie-osob-ubogich\/","name":"\u017bycie oddane Bogu w s\u0142u\u017cbie os\u00f3b Ubogich - Filles de la Charit\u00e9","isPartOf":{"@id":"https:\/\/filles-de-la-charite.org\/pl\/#website"},"primaryImageOfPage":{"@id":"https:\/\/filles-de-la-charite.org\/pl\/vida-entregada\/zycie-oddane-bogu-w-sluzbie-osob-ubogich\/#primaryimage"},"image":{"@id":"https:\/\/filles-de-la-charite.org\/pl\/vida-entregada\/zycie-oddane-bogu-w-sluzbie-osob-ubogich\/#primaryimage"},"thumbnailUrl":"https:\/\/filles-de-la-charite.org\/wp-content\/uploads\/2023\/04\/1-2-e1605894436156.jpg","datePublished":"2020-10-06T12:08:33+00:00","dateModified":"2023-05-23T08:41:38+00:00","breadcrumb":{"@id":"https:\/\/filles-de-la-charite.org\/pl\/vida-entregada\/zycie-oddane-bogu-w-sluzbie-osob-ubogich\/#breadcrumb"},"inLanguage":"pl-PL","potentialAction":[{"@type":"ReadAction","target":["https:\/\/filles-de-la-charite.org\/pl\/vida-entregada\/zycie-oddane-bogu-w-sluzbie-osob-ubogich\/"]}]},{"@type":"ImageObject","inLanguage":"pl-PL","@id":"https:\/\/filles-de-la-charite.org\/pl\/vida-entregada\/zycie-oddane-bogu-w-sluzbie-osob-ubogich\/#primaryimage","url":"https:\/\/filles-de-la-charite.org\/wp-content\/uploads\/2023\/04\/1-2-e1605894436156.jpg","contentUrl":"https:\/\/filles-de-la-charite.org\/wp-content\/uploads\/2023\/04\/1-2-e1605894436156.jpg","width":699,"height":486},{"@type":"BreadcrumbList","@id":"https:\/\/filles-de-la-charite.org\/pl\/vida-entregada\/zycie-oddane-bogu-w-sluzbie-osob-ubogich\/#breadcrumb","itemListElement":[{"@type":"ListItem","position":1,"name":"Given lifes","item":"https:\/\/filles-de-la-charite.org\/pl\/vida-entregada\/"},{"@type":"ListItem","position":2,"name":"\u017bycie oddane Bogu w s\u0142u\u017cbie os\u00f3b Ubogich"}]},{"@type":"WebSite","@id":"https:\/\/filles-de-la-charite.org\/pl\/#website","url":"https:\/\/filles-de-la-charite.org\/pl\/","name":"Hijas de la Caridad","description":"L\u2019amour de J\u00e9sus nous presse \u00e0 prendre soin des personnes les plus d\u00e9munies","publisher":{"@id":"https:\/\/filles-de-la-charite.org\/pl\/#organization"},"potentialAction":[{"@type":"SearchAction","target":{"@type":"EntryPoint","urlTemplate":"https:\/\/filles-de-la-charite.org\/pl\/?s={search_term_string}"},"query-input":{"@type":"PropertyValueSpecification","valueRequired":true,"valueName":"search_term_string"}}],"inLanguage":"pl-PL"},{"@type":"Organization","@id":"https:\/\/filles-de-la-charite.org\/pl\/#organization","name":"Hijas de la Caridad","url":"https:\/\/filles-de-la-charite.org\/pl\/","logo":{"@type":"ImageObject","inLanguage":"pl-PL","@id":"https:\/\/filles-de-la-charite.org\/pl\/#\/schema\/logo\/image\/","url":"https:\/\/filles-de-la-charite.org\/wp-content\/uploads\/2023\/03\/isotipo-Hijas-de-la-Caridad.png","contentUrl":"https:\/\/filles-de-la-charite.org\/wp-content\/uploads\/2023\/03\/isotipo-Hijas-de-la-Caridad.png","width":1417,"height":1417,"caption":"Hijas de la Caridad"},"image":{"@id":"https:\/\/filles-de-la-charite.org\/pl\/#\/schema\/logo\/image\/"}}]}},"_links":{"self":[{"href":"https:\/\/filles-de-la-charite.org\/pl\/wp-json\/wp\/v2\/vida-entregada\/7378","targetHints":{"allow":["GET"]}}],"collection":[{"href":"https:\/\/filles-de-la-charite.org\/pl\/wp-json\/wp\/v2\/vida-entregada"}],"about":[{"href":"https:\/\/filles-de-la-charite.org\/pl\/wp-json\/wp\/v2\/types\/vida-entregada"}],"wp:featuredmedia":[{"embeddable":true,"href":"https:\/\/filles-de-la-charite.org\/pl\/wp-json\/wp\/v2\/media\/1709"}],"wp:attachment":[{"href":"https:\/\/filles-de-la-charite.org\/pl\/wp-json\/wp\/v2\/media?parent=7378"}],"curies":[{"name":"wp","href":"https:\/\/api.w.org\/{rel}","templated":true}]}}