{"version":"1.0","provider_name":"Filles de la Charit\u00e9","provider_url":"https:\/\/filles-de-la-charite.org\/pt-pt\/","title":"A Ora\u00e7\u00e3o - Filles de la Charit\u00e9","type":"rich","width":600,"height":338,"html":"<blockquote class=\"wp-embedded-content\" data-secret=\"PNqvMQ06fE\"><a href=\"https:\/\/filles-de-la-charite.org\/pt-pt\/rincon-oracion\/a-oracao\/\">A Ora\u00e7\u00e3o<\/a><\/blockquote><iframe sandbox=\"allow-scripts\" security=\"restricted\" src=\"https:\/\/filles-de-la-charite.org\/pt-pt\/rincon-oracion\/a-oracao\/embed\/#?secret=PNqvMQ06fE\" width=\"600\" height=\"338\" title=\"&#8220;A Ora\u00e7\u00e3o&#8221; &#8212; Filles de la Charit\u00e9\" data-secret=\"PNqvMQ06fE\" frameborder=\"0\" marginwidth=\"0\" marginheight=\"0\" scrolling=\"no\" class=\"wp-embedded-content\"><\/iframe><script type=\"text\/javascript\">\n\/* <![CDATA[ *\/\n\/*! This file is auto-generated *\/\n!function(d,l){\"use strict\";l.querySelector&&d.addEventListener&&\"undefined\"!=typeof URL&&(d.wp=d.wp||{},d.wp.receiveEmbedMessage||(d.wp.receiveEmbedMessage=function(e){var t=e.data;if((t||t.secret||t.message||t.value)&&!\/[^a-zA-Z0-9]\/.test(t.secret)){for(var s,r,n,a=l.querySelectorAll('iframe[data-secret=\"'+t.secret+'\"]'),o=l.querySelectorAll('blockquote[data-secret=\"'+t.secret+'\"]'),c=new RegExp(\"^https?:$\",\"i\"),i=0;i<o.length;i++)o[i].style.display=\"none\";for(i=0;i<a.length;i++)s=a[i],e.source===s.contentWindow&&(s.removeAttribute(\"style\"),\"height\"===t.message?(1e3<(r=parseInt(t.value,10))?r=1e3:~~r<200&&(r=200),s.height=r):\"link\"===t.message&&(r=new URL(s.getAttribute(\"src\")),n=new URL(t.value),c.test(n.protocol))&&n.host===r.host&&l.activeElement===s&&(d.top.location.href=t.value))}},d.addEventListener(\"message\",d.wp.receiveEmbedMessage,!1),l.addEventListener(\"DOMContentLoaded\",function(){for(var e,t,s=l.querySelectorAll(\"iframe.wp-embedded-content\"),r=0;r<s.length;r++)(t=(e=s[r]).getAttribute(\"data-secret\"))||(t=Math.random().toString(36).substring(2,12),e.src+=\"#?secret=\"+t,e.setAttribute(\"data-secret\",t)),e.contentWindow.postMessage({message:\"ready\",secret:t},\"*\")},!1)))}(window,document);\n\/\/# sourceURL=https:\/\/filles-de-la-charite.org\/wp-includes\/js\/wp-embed.min.js\n\/* ]]> *\/\n<\/script>\n","thumbnail_url":"https:\/\/filles-de-la-charite.org\/wp-content\/uploads\/2023\/06\/Janeiro-2022-A-Oracao-PT-scaled-1.jpg","thumbnail_width":2560,"thumbnail_height":1440,"description":"Epifania \u00e9 &#8220;a manifesta\u00e7\u00e3o do Senhor a todas as na\u00e7\u00f5es: de facto, a salva\u00e7\u00e3o realizada por Cristo n\u00e3o conhece fronteiras, \u00e9 para todos&#8221;. \u00c9 sempre o mesmo acontecimento da Natividade, visto, por\u00e9m, na sua dimens\u00e3o de luz: uma luz que ilumina cada pessoa, uma luz a ser acolhida na f\u00e9 e uma luz a ser [&hellip;]"}