{"id":32253,"date":"2024-03-02T12:55:23","date_gmt":"2024-03-02T11:55:23","guid":{"rendered":"https:\/\/hijascaridad.sjdigitaldemo.ovh\/familia\/beato-louis-joseph-francois-c-m-y-companeros-martires\/"},"modified":"2024-03-02T14:34:27","modified_gmt":"2024-03-02T13:34:27","slug":"beato-louis-joseph-francois-c-m-y-companeros-martires","status":"publish","type":"familia","link":"https:\/\/filles-de-la-charite.org\/pt-pt\/familia\/beato-louis-joseph-francois-c-m-y-companeros-martires\/","title":{"rendered":"Bem-aventurado Lu\u00eds Jos\u00e9 Fran\u00e7ois, Cm, e seus companheiros m\u00e1rtires"},"content":{"rendered":"\n<p>A Igreja e a Congrega\u00e7\u00e3o da Miss\u00e3o homenageiam juntas os m\u00e1rtires da Revolu\u00e7\u00e3o Francesa. Em Paris, em 3 de setembro de 1792, houve um massacre no Semin\u00e1rio S\u00e3o Firmino, o antigo \u201cCol\u00e9gio Bons Enfants\u201d adquirido por S\u00e3o Vicente de Paulo em 1624. Esse Semin\u00e1rio, convertido em uma pris\u00e3o em 1789, foi o quarto local de execu\u00e7\u00e3o em Paris. Setenta e duas v\u00edtimas sofreram o mart\u00edrio ali, incluindo:<\/p>\n\n\n\n<p><br><strong>LU\u00cdS JOS\u00c9 FRAN\u00c7OIS<br><\/strong>Nasceu em 3 de fevereiro de 1751, em Busigny, no Norte da Fran\u00e7a. Foi ordenado sacerdote em 1773 e admitido na Congrega\u00e7\u00e3o da Miss\u00e3o em 4 de outubro de 1776.<br>Foi \u201cmission\u00e1rio\u201d na forma\u00e7\u00e3o de Padres, primeiro no Semin\u00e1rio de Troyes, depois em Paris, no Semin\u00e1rio S\u00e3o Firmino, onde se tornou superior em 1788.<br>Embora os tempos fossem dif\u00edceis, ele zelou para que o Semin\u00e1rio mantivesse uma vida regular. Escreveu v\u00e1rios panfletos contra a Constitui\u00e7\u00e3o Civil do Clero, entre os quais, um intitulado de \u201cApologia\u201d.<br>J\u00e1 em plena persegui\u00e7\u00e3o, abriu as portas do Semin\u00e1rio S\u00e3o Firmino, em Paris, para mais de noventa padres e religiosos. Quando a casa foi invadida pelos agressores, o Bem-Aventurado Lu\u00eds Jos\u00e9 Fran\u00e7ois foi pego e atirado por uma janela. E no ch\u00e3o, foi espancado at\u00e9 a morte e o seu corpo, como os dos outros, foi cruelmente profanado.<br>Lu\u00eds Jos\u00e9 Fran\u00e7ois, o intelectual, foi beatificado pelo Papa Pio XI, em 17 de outubro de 1926, juntamente com os m\u00e1rtires da Revolu\u00e7\u00e3o, entre os quais Jo\u00e3o Henrique Gruyer, o pastor.<\/p>\n\n\n\n<p><strong>JO\u00c3O HENRIQUE GRUYER<br><\/strong>Nasceu em D\u00f4le (Vosges) em 13 de junho de 1734. Foi ordenado sacerdote pela Diocese de Saint-Claude. Foi admitido na Congrega\u00e7\u00e3o da Miss\u00e3o em 23 de janeiro de 1771. O n\u00famero crescente de par\u00f3quias assumidas pela Congrega\u00e7\u00e3o em Fran\u00e7a, sobretudo no s\u00e9culo XVIII, exigia pastores experientes. Por isso, Jo\u00e3o Henrique foi destinado ao minist\u00e9rio paroquial.<br>A Revolu\u00e7\u00e3o o surpreendeu em Versalhes, onde era vig\u00e1rio da Par\u00f3quia de S\u00e3o Lu\u00eds. Expulso da par\u00f3quia por se recusar a fazer o juramento civil, regressou a Paris, e o Semin\u00e1rio S\u00e3o Firmino lhe acolhe, onde morre em 3 de setembro de 1792, partilhando o sofrimento e o mart\u00edrio com o Bem-Aventurado Lu\u00eds Jos\u00e9.<\/p>\n\n\n\n<p><strong>PEDRO RENATO ROGUE<br><\/strong>Nascido em Vannes, Fran\u00e7a, em 11 de junho de 1758, foi ordenado sacerdote em 21 de setembro de 1782. Capel\u00e3o das \u201cDamas do Retiro\u201d, foi atra\u00eddo pela voca\u00e7\u00e3o e miss\u00e3o dos Padres da Congrega\u00e7\u00e3o da Miss\u00e3o, seus formadores, que dirigiam o Semin\u00e1rio Maior de Vannes. Admitido na Congrega\u00e7\u00e3o da Miss\u00e3o em 25 de outubro de 1786, em Paris, regressa ao Semin\u00e1rio de Vannes como professor de Dogma. Expulso pela legisla\u00e7\u00e3o revolucion\u00e1ria, Pedro Renato passa \u00e0 clandestinidade para continuar o seu minist\u00e9rio pastoral e ajudar os cat\u00f3licos perseguidos. Foi preso em 24 de dezembro de 1795, quando levava a eucaristia a um doente. Foi levado para a pris\u00e3o no mesmo dia e l\u00e1 permaneceu at\u00e9 3 de mar\u00e7o do ano seguinte. Foi condenado \u00e0 guilhotina. No final deste processo in\u00edquo, em que a sua m\u00e3e teve de testemunhar, foi levado de novo para a pris\u00e3o, de onde escreveu a sua \u00faltima carta \u00e0 sua m\u00e3e idosa e aos seus Irm\u00e3os de Comunidade, dizendo-lhes que ia morrer pela f\u00e9 e que, naquele momento, se sentia feliz por dar a vida por Cristo. Foi executado em 3 de mar\u00e7o de 1796, diante dos olhos de sua santa e idosa m\u00e3e.<br>Pedro Renato Rogue foi beatificado por Pio XI em 10 de maio de 1934.<\/p>\n\n\n\n<p><br><strong>JEAN-CHARLES CARON<br><\/strong>Nascido em Auchel, Pas-de-Calais, Fran\u00e7a em 31 de dezembro de 1730, entrou na Congrega\u00e7\u00e3o da Miss\u00e3o em 30 de dezembro de 1750 e emitiu os votos em 1752.<br>Durante vinte e nove anos, dedicou-se ao minist\u00e9rio mission\u00e1rio e depois tornou-se p\u00e1roco de Coll\u00e9gien, na Diocese de Meaux. Como muitos outros, recusou-se a assinar a Constitui\u00e7\u00e3o Civil do Clero durante a Revolu\u00e7\u00e3o Francesa, pelo que foi expulso da sua par\u00f3quia e obrigado a refugiar-se em Paris. A sua morte juntou-se \u00e0 dos m\u00e1rtires do cruel massacre de 2 e 3 de setembro de 1792.<br>Jean-Charles Caron foi beatificado por Pio XI, em 17 de outubro de 1926.<\/p>\n\n\n\n<p><br><strong>NICOLAS COLIN<br><\/strong>Nascido em Grenant, Haute-Marne, Fran\u00e7a, em 12 de dezembro de 1730, emitiu os votos em 1749 na Congrega\u00e7\u00e3o da Miss\u00e3o. Mais tarde, foi nomeado vig\u00e1rio da Par\u00f3quia de S\u00e3o Lu\u00eds de Versalhes, onde trabalhou de 1754 a 1770. Foi tamb\u00e9m P\u00e1roco de Genevri\u00e8res, na Diocese de Langres. Durante vinte e dois anos, exerceu o seu minist\u00e9rio mission\u00e1rio com a fama de bom pregador. A Revolu\u00e7\u00e3o expulsa-o do seu presbit\u00e9rio. Foi substitu\u00eddo por um padre fiel \u00e0 Constitui\u00e7\u00e3o Civil. Refugiou-se em Paris, onde morreu durante o terr\u00edvel massacre de 3 de setembro de 1792.<br>Nicolas Colin \u00e9 reconhecido por ter dito estas palavras: \u201c\u2026 em recompensa a minha fidelidade \u00e0 f\u00e9, a fome, o ex\u00edlio, a pris\u00e3o e talvez a morte\u201d.<br>Foi beatificado por Pio XI, em 17 de outubro de 1926.<\/p>\n\n\n\n<p><em>(<strong>Festa em 2 de setembro<\/strong>)<\/em><\/p>\n","protected":false},"featured_media":32248,"template":"","meta":{"_acf_changed":false,"_et_pb_use_builder":"","_et_pb_old_content":"","_et_gb_content_width":"","_links_to":"","_links_to_target":""},"origen":[37],"class_list":["post-32253","familia","type-familia","status-publish","has-post-thumbnail","hentry","origen-familia-vicenciana"],"acf":[],"yoast_head":"<!-- This site is optimized with the Yoast SEO plugin v27.5 - https:\/\/yoast.com\/product\/yoast-seo-wordpress\/ -->\n<title>Bem-aventurado Lu\u00eds Jos\u00e9 Fran\u00e7ois, Cm, e seus companheiros m\u00e1rtires - Filles de la Charit\u00e9<\/title>\n<meta name=\"robots\" content=\"index, follow, max-snippet:-1, max-image-preview:large, max-video-preview:-1\" \/>\n<link rel=\"canonical\" href=\"https:\/\/filles-de-la-charite.org\/pt-pt\/familia\/beato-louis-joseph-francois-c-m-y-companeros-martires\/\" \/>\n<meta property=\"og:locale\" content=\"pt_PT\" \/>\n<meta property=\"og:type\" content=\"article\" \/>\n<meta property=\"og:title\" content=\"Bem-aventurado Lu\u00eds Jos\u00e9 Fran\u00e7ois, Cm, e seus companheiros m\u00e1rtires - Filles de la Charit\u00e9\" \/>\n<meta property=\"og:description\" content=\"A Igreja e a Congrega\u00e7\u00e3o da Miss\u00e3o homenageiam juntas os m\u00e1rtires da Revolu\u00e7\u00e3o Francesa. Em Paris, em 3 de setembro de 1792, houve um massacre no Semin\u00e1rio S\u00e3o Firmino, o antigo \u201cCol\u00e9gio Bons Enfants\u201d adquirido por S\u00e3o Vicente de Paulo em 1624. Esse Semin\u00e1rio, convertido em uma pris\u00e3o em 1789, foi o quarto local de [&hellip;]\" \/>\n<meta property=\"og:url\" content=\"https:\/\/filles-de-la-charite.org\/pt-pt\/familia\/beato-louis-joseph-francois-c-m-y-companeros-martires\/\" \/>\n<meta property=\"og:site_name\" content=\"Filles de la Charit\u00e9\" \/>\n<meta property=\"article:modified_time\" content=\"2024-03-02T13:34:27+00:00\" \/>\n<meta property=\"og:image\" content=\"https:\/\/filles-de-la-charite.org\/wp-content\/uploads\/2024\/03\/Martyrs-french-revolution-CM-thumbnail-1.jpg\" \/>\n\t<meta property=\"og:image:width\" content=\"1200\" \/>\n\t<meta property=\"og:image:height\" content=\"630\" \/>\n\t<meta property=\"og:image:type\" content=\"image\/jpeg\" \/>\n<meta name=\"twitter:card\" content=\"summary_large_image\" \/>\n<meta name=\"twitter:label1\" content=\"Tempo estimado de leitura\" \/>\n\t<meta name=\"twitter:data1\" content=\"4 minutos\" \/>\n<script type=\"application\/ld+json\" class=\"yoast-schema-graph\">{\"@context\":\"https:\\\/\\\/schema.org\",\"@graph\":[{\"@type\":\"WebPage\",\"@id\":\"https:\\\/\\\/filles-de-la-charite.org\\\/pt-pt\\\/familia\\\/beato-louis-joseph-francois-c-m-y-companeros-martires\\\/\",\"url\":\"https:\\\/\\\/filles-de-la-charite.org\\\/pt-pt\\\/familia\\\/beato-louis-joseph-francois-c-m-y-companeros-martires\\\/\",\"name\":\"Bem-aventurado Lu\u00eds Jos\u00e9 Fran\u00e7ois, Cm, e seus companheiros m\u00e1rtires - Filles de la Charit\u00e9\",\"isPartOf\":{\"@id\":\"https:\\\/\\\/filles-de-la-charite.org\\\/pt-pt\\\/#website\"},\"primaryImageOfPage\":{\"@id\":\"https:\\\/\\\/filles-de-la-charite.org\\\/pt-pt\\\/familia\\\/beato-louis-joseph-francois-c-m-y-companeros-martires\\\/#primaryimage\"},\"image\":{\"@id\":\"https:\\\/\\\/filles-de-la-charite.org\\\/pt-pt\\\/familia\\\/beato-louis-joseph-francois-c-m-y-companeros-martires\\\/#primaryimage\"},\"thumbnailUrl\":\"https:\\\/\\\/filles-de-la-charite.org\\\/wp-content\\\/uploads\\\/2024\\\/03\\\/Martyrs-french-revolution-CM-thumbnail-1.jpg\",\"datePublished\":\"2024-03-02T11:55:23+00:00\",\"dateModified\":\"2024-03-02T13:34:27+00:00\",\"breadcrumb\":{\"@id\":\"https:\\\/\\\/filles-de-la-charite.org\\\/pt-pt\\\/familia\\\/beato-louis-joseph-francois-c-m-y-companeros-martires\\\/#breadcrumb\"},\"inLanguage\":\"pt-PT\",\"potentialAction\":[{\"@type\":\"ReadAction\",\"target\":[\"https:\\\/\\\/filles-de-la-charite.org\\\/pt-pt\\\/familia\\\/beato-louis-joseph-francois-c-m-y-companeros-martires\\\/\"]}]},{\"@type\":\"ImageObject\",\"inLanguage\":\"pt-PT\",\"@id\":\"https:\\\/\\\/filles-de-la-charite.org\\\/pt-pt\\\/familia\\\/beato-louis-joseph-francois-c-m-y-companeros-martires\\\/#primaryimage\",\"url\":\"https:\\\/\\\/filles-de-la-charite.org\\\/wp-content\\\/uploads\\\/2024\\\/03\\\/Martyrs-french-revolution-CM-thumbnail-1.jpg\",\"contentUrl\":\"https:\\\/\\\/filles-de-la-charite.org\\\/wp-content\\\/uploads\\\/2024\\\/03\\\/Martyrs-french-revolution-CM-thumbnail-1.jpg\",\"width\":1200,\"height\":630},{\"@type\":\"BreadcrumbList\",\"@id\":\"https:\\\/\\\/filles-de-la-charite.org\\\/pt-pt\\\/familia\\\/beato-louis-joseph-francois-c-m-y-companeros-martires\\\/#breadcrumb\",\"itemListElement\":[{\"@type\":\"ListItem\",\"position\":1,\"name\":\"A nossa fam\u00edlia\",\"item\":\"https:\\\/\\\/filles-de-la-charite.org\\\/pt-pt\\\/familia\\\/\"},{\"@type\":\"ListItem\",\"position\":2,\"name\":\"Bem-aventurado Lu\u00eds Jos\u00e9 Fran\u00e7ois, Cm, e seus companheiros m\u00e1rtires\"}]},{\"@type\":\"WebSite\",\"@id\":\"https:\\\/\\\/filles-de-la-charite.org\\\/pt-pt\\\/#website\",\"url\":\"https:\\\/\\\/filles-de-la-charite.org\\\/pt-pt\\\/\",\"name\":\"Hijas de la Caridad\",\"description\":\"L\u2019amour de J\u00e9sus nous presse \u00e0 prendre soin des personnes les plus d\u00e9munies\",\"publisher\":{\"@id\":\"https:\\\/\\\/filles-de-la-charite.org\\\/pt-pt\\\/#organization\"},\"potentialAction\":[{\"@type\":\"SearchAction\",\"target\":{\"@type\":\"EntryPoint\",\"urlTemplate\":\"https:\\\/\\\/filles-de-la-charite.org\\\/pt-pt\\\/?s={search_term_string}\"},\"query-input\":{\"@type\":\"PropertyValueSpecification\",\"valueRequired\":true,\"valueName\":\"search_term_string\"}}],\"inLanguage\":\"pt-PT\"},{\"@type\":\"Organization\",\"@id\":\"https:\\\/\\\/filles-de-la-charite.org\\\/pt-pt\\\/#organization\",\"name\":\"Hijas de la Caridad\",\"url\":\"https:\\\/\\\/filles-de-la-charite.org\\\/pt-pt\\\/\",\"logo\":{\"@type\":\"ImageObject\",\"inLanguage\":\"pt-PT\",\"@id\":\"https:\\\/\\\/filles-de-la-charite.org\\\/pt-pt\\\/#\\\/schema\\\/logo\\\/image\\\/\",\"url\":\"https:\\\/\\\/filles-de-la-charite.org\\\/wp-content\\\/uploads\\\/2023\\\/03\\\/isotipo-Hijas-de-la-Caridad.png\",\"contentUrl\":\"https:\\\/\\\/filles-de-la-charite.org\\\/wp-content\\\/uploads\\\/2023\\\/03\\\/isotipo-Hijas-de-la-Caridad.png\",\"width\":1417,\"height\":1417,\"caption\":\"Hijas de la Caridad\"},\"image\":{\"@id\":\"https:\\\/\\\/filles-de-la-charite.org\\\/pt-pt\\\/#\\\/schema\\\/logo\\\/image\\\/\"}}]}<\/script>\n<!-- \/ Yoast SEO plugin. -->","yoast_head_json":{"title":"Bem-aventurado Lu\u00eds Jos\u00e9 Fran\u00e7ois, Cm, e seus companheiros m\u00e1rtires - Filles de la Charit\u00e9","robots":{"index":"index","follow":"follow","max-snippet":"max-snippet:-1","max-image-preview":"max-image-preview:large","max-video-preview":"max-video-preview:-1"},"canonical":"https:\/\/filles-de-la-charite.org\/pt-pt\/familia\/beato-louis-joseph-francois-c-m-y-companeros-martires\/","og_locale":"pt_PT","og_type":"article","og_title":"Bem-aventurado Lu\u00eds Jos\u00e9 Fran\u00e7ois, Cm, e seus companheiros m\u00e1rtires - Filles de la Charit\u00e9","og_description":"A Igreja e a Congrega\u00e7\u00e3o da Miss\u00e3o homenageiam juntas os m\u00e1rtires da Revolu\u00e7\u00e3o Francesa. Em Paris, em 3 de setembro de 1792, houve um massacre no Semin\u00e1rio S\u00e3o Firmino, o antigo \u201cCol\u00e9gio Bons Enfants\u201d adquirido por S\u00e3o Vicente de Paulo em 1624. Esse Semin\u00e1rio, convertido em uma pris\u00e3o em 1789, foi o quarto local de [&hellip;]","og_url":"https:\/\/filles-de-la-charite.org\/pt-pt\/familia\/beato-louis-joseph-francois-c-m-y-companeros-martires\/","og_site_name":"Filles de la Charit\u00e9","article_modified_time":"2024-03-02T13:34:27+00:00","og_image":[{"width":1200,"height":630,"url":"https:\/\/filles-de-la-charite.org\/wp-content\/uploads\/2024\/03\/Martyrs-french-revolution-CM-thumbnail-1.jpg","type":"image\/jpeg"}],"twitter_card":"summary_large_image","twitter_misc":{"Tempo estimado de leitura":"4 minutos"},"schema":{"@context":"https:\/\/schema.org","@graph":[{"@type":"WebPage","@id":"https:\/\/filles-de-la-charite.org\/pt-pt\/familia\/beato-louis-joseph-francois-c-m-y-companeros-martires\/","url":"https:\/\/filles-de-la-charite.org\/pt-pt\/familia\/beato-louis-joseph-francois-c-m-y-companeros-martires\/","name":"Bem-aventurado Lu\u00eds Jos\u00e9 Fran\u00e7ois, Cm, e seus companheiros m\u00e1rtires - Filles de la Charit\u00e9","isPartOf":{"@id":"https:\/\/filles-de-la-charite.org\/pt-pt\/#website"},"primaryImageOfPage":{"@id":"https:\/\/filles-de-la-charite.org\/pt-pt\/familia\/beato-louis-joseph-francois-c-m-y-companeros-martires\/#primaryimage"},"image":{"@id":"https:\/\/filles-de-la-charite.org\/pt-pt\/familia\/beato-louis-joseph-francois-c-m-y-companeros-martires\/#primaryimage"},"thumbnailUrl":"https:\/\/filles-de-la-charite.org\/wp-content\/uploads\/2024\/03\/Martyrs-french-revolution-CM-thumbnail-1.jpg","datePublished":"2024-03-02T11:55:23+00:00","dateModified":"2024-03-02T13:34:27+00:00","breadcrumb":{"@id":"https:\/\/filles-de-la-charite.org\/pt-pt\/familia\/beato-louis-joseph-francois-c-m-y-companeros-martires\/#breadcrumb"},"inLanguage":"pt-PT","potentialAction":[{"@type":"ReadAction","target":["https:\/\/filles-de-la-charite.org\/pt-pt\/familia\/beato-louis-joseph-francois-c-m-y-companeros-martires\/"]}]},{"@type":"ImageObject","inLanguage":"pt-PT","@id":"https:\/\/filles-de-la-charite.org\/pt-pt\/familia\/beato-louis-joseph-francois-c-m-y-companeros-martires\/#primaryimage","url":"https:\/\/filles-de-la-charite.org\/wp-content\/uploads\/2024\/03\/Martyrs-french-revolution-CM-thumbnail-1.jpg","contentUrl":"https:\/\/filles-de-la-charite.org\/wp-content\/uploads\/2024\/03\/Martyrs-french-revolution-CM-thumbnail-1.jpg","width":1200,"height":630},{"@type":"BreadcrumbList","@id":"https:\/\/filles-de-la-charite.org\/pt-pt\/familia\/beato-louis-joseph-francois-c-m-y-companeros-martires\/#breadcrumb","itemListElement":[{"@type":"ListItem","position":1,"name":"A nossa fam\u00edlia","item":"https:\/\/filles-de-la-charite.org\/pt-pt\/familia\/"},{"@type":"ListItem","position":2,"name":"Bem-aventurado Lu\u00eds Jos\u00e9 Fran\u00e7ois, Cm, e seus companheiros m\u00e1rtires"}]},{"@type":"WebSite","@id":"https:\/\/filles-de-la-charite.org\/pt-pt\/#website","url":"https:\/\/filles-de-la-charite.org\/pt-pt\/","name":"Hijas de la Caridad","description":"L\u2019amour de J\u00e9sus nous presse \u00e0 prendre soin des personnes les plus d\u00e9munies","publisher":{"@id":"https:\/\/filles-de-la-charite.org\/pt-pt\/#organization"},"potentialAction":[{"@type":"SearchAction","target":{"@type":"EntryPoint","urlTemplate":"https:\/\/filles-de-la-charite.org\/pt-pt\/?s={search_term_string}"},"query-input":{"@type":"PropertyValueSpecification","valueRequired":true,"valueName":"search_term_string"}}],"inLanguage":"pt-PT"},{"@type":"Organization","@id":"https:\/\/filles-de-la-charite.org\/pt-pt\/#organization","name":"Hijas de la Caridad","url":"https:\/\/filles-de-la-charite.org\/pt-pt\/","logo":{"@type":"ImageObject","inLanguage":"pt-PT","@id":"https:\/\/filles-de-la-charite.org\/pt-pt\/#\/schema\/logo\/image\/","url":"https:\/\/filles-de-la-charite.org\/wp-content\/uploads\/2023\/03\/isotipo-Hijas-de-la-Caridad.png","contentUrl":"https:\/\/filles-de-la-charite.org\/wp-content\/uploads\/2023\/03\/isotipo-Hijas-de-la-Caridad.png","width":1417,"height":1417,"caption":"Hijas de la Caridad"},"image":{"@id":"https:\/\/filles-de-la-charite.org\/pt-pt\/#\/schema\/logo\/image\/"}}]}},"_links":{"self":[{"href":"https:\/\/filles-de-la-charite.org\/pt-pt\/wp-json\/wp\/v2\/familia\/32253","targetHints":{"allow":["GET"]}}],"collection":[{"href":"https:\/\/filles-de-la-charite.org\/pt-pt\/wp-json\/wp\/v2\/familia"}],"about":[{"href":"https:\/\/filles-de-la-charite.org\/pt-pt\/wp-json\/wp\/v2\/types\/familia"}],"wp:featuredmedia":[{"embeddable":true,"href":"https:\/\/filles-de-la-charite.org\/pt-pt\/wp-json\/wp\/v2\/media\/32248"}],"wp:attachment":[{"href":"https:\/\/filles-de-la-charite.org\/pt-pt\/wp-json\/wp\/v2\/media?parent=32253"}],"wp:term":[{"taxonomy":"origen","embeddable":true,"href":"https:\/\/filles-de-la-charite.org\/pt-pt\/wp-json\/wp\/v2\/origen?post=32253"}],"curies":[{"name":"wp","href":"https:\/\/api.w.org\/{rel}","templated":true}]}}