{"id":4085,"date":"2020-10-21T08:56:23","date_gmt":"2020-10-21T06:56:23","guid":{"rendered":"https:\/\/hijascaridad.sjdigitaldemo.ovh\/familia\/sao-vicente-de-paulo\/"},"modified":"2024-03-06T20:53:02","modified_gmt":"2024-03-06T19:53:02","slug":"sao-vicente-de-paulo","status":"publish","type":"familia","link":"https:\/\/filles-de-la-charite.org\/pt-pt\/familia\/sao-vicente-de-paulo\/","title":{"rendered":"S\u00e3o Vicente de Paulo"},"content":{"rendered":"\n<p><strong><strong>Vicente de Paulo foi reconhecido pela Igreja como santo em 1737 e declarado patrono das Obras de Caridade. Assim como acontece com cada um de n\u00f3s, a santidade do Padre Vicente percorreu um longo caminho que o conduziu a Deus. Sua for\u00e7a foi ousar abrir o seu cora\u00e7\u00e3o ao sopro do Esp\u00edrito, dia ap\u00f3s dia.<\/strong><\/strong><\/p>\n\n\n\n<p><\/p>\n\n\n\n<blockquote class=\"wp-block-quote is-layout-flow wp-block-quote-is-layout-flow\">\n<p><em><em>\u201cTodas as vezes que fizestes isto a um destes meus irm\u00e3os mais pequeninos, foi a mim mesmo que o fizestes\u201d.<\/em><\/em><\/p>\n<cite>(Mt 25,40)<\/cite><\/blockquote>\n\n\n\n<blockquote class=\"wp-block-quote is-layout-flow wp-block-quote-is-layout-flow\">\n<p><em><em>\u201cDeveis pensar com frequ\u00eancia que a vossa ocupa\u00e7\u00e3o principal e o que Deus vos pede particularmente \u00e9 o grande cuidado em servir os pobres, que s\u00e3o os nossos senhores. Sim, minhas Irm\u00e3s, deveis procurar que nada lhes falte dentro do poss\u00edvel, tanto quanto \u00e0 sa\u00fade do corpo, como quanto \u00e0 da alma\u201d .<\/em><\/em><\/p>\n<cite>(S\u00e3o Vicente de Paulo )<\/cite><\/blockquote>\n\n\n\n<figure class=\"wp-block-table\"><table><tbody><tr><td><strong>1581<strong>, 24 de abril<\/strong>\u00a0<\/strong><\/td><td>Nascimento em Pouy, perto de Dax, nas Landes<\/td><\/tr><tr><td><strong>1600&nbsp;<\/strong><\/td><td>Ordena\u00e7\u00e3o sacerdotal em Ch\u00e2teau-l\u2019Ev\u00eaque, em Dordogne<\/td><\/tr><tr><td><strong>1610&nbsp;<\/strong><\/td><td>Capel\u00e3o na corte da rainha Margarida de Valois.<\/td><\/tr><tr><td><strong>1612&nbsp;<\/strong><\/td><td>P\u00e1roco de Clichy<\/td><\/tr><tr><td><strong>1613&nbsp;<\/strong><\/td><td>Preceptor na fam\u00edlia dos Gondi<\/td><\/tr><tr><td><strong>1614&nbsp;<\/strong><\/td><td>Grave crise de f\u00e9 durante 3 ou 4 anos<\/td><\/tr><tr><td><strong>1617&nbsp;<\/strong><\/td><td>Ano determinante: confiss\u00e3o de um campon\u00eas da Picardia; 25 de janeiro - primeiro serm\u00e3o na Igreja de Folleville; 8 de dezembro - Funda\u00e7\u00e3o da primeira Confraria da Caridade em Ch\u00e2tillon-les-Dombes<\/td><\/tr><tr><td><strong>1619&nbsp;<\/strong><\/td><td>Capel\u00e3o geral das Galeras<\/td><\/tr><tr><td><strong>1625&nbsp;<\/strong><\/td><td>Funda\u00e7\u00e3o da Congrega\u00e7\u00e3o da Miss\u00e3o<\/td><\/tr><tr><td><strong>1628&nbsp;<\/strong><\/td><td>Proposta de forma\u00e7\u00e3o dos padres, retiro para os ordinandos<\/td><\/tr><tr><td><strong>1633&nbsp;<\/strong><\/td><td>Funda\u00e7\u00e3o da Companhia das Filhas da Caridade com Santa Lu\u00edsa de Marillac<\/td><\/tr><tr><td><strong>1638&nbsp;<\/strong><\/td><td>In\u00edcio da obra das crian\u00e7as abandonadas<\/td><\/tr><tr><td><strong>1639&nbsp;<\/strong><\/td><td>Envio de socorro a Lorena, devastada pela guerra<\/td><\/tr><tr><td><strong>1646&nbsp;<\/strong><\/td><td>Funda\u00e7\u00e3o da miss\u00e3o em Argel; mission\u00e1rios enviados \u00e0 Irlanda e Esc\u00f3cia<\/td><\/tr><tr><td><strong>1648&nbsp;<\/strong><\/td><td>Miss\u00e3o em Madagascar<\/td><\/tr><tr><td><strong>1651&nbsp;<\/strong><\/td><td>Organiza\u00e7\u00e3o das coletas para levar socorro no campo de batalha na Picardia, em Champagne e Ile-de-France; miss\u00e3o da Pol\u00f4nia<\/td><\/tr><tr><td><strong>1660, 27 de setembro<\/strong><\/td><td>Morte do Padre Vicente<\/td><\/tr><tr><td><strong>1729&nbsp;<\/strong><\/td><td>Beatificado pelo Papa Bento XIII<\/td><\/tr><tr><td><strong>1737&nbsp;<\/strong><\/td><td>Canonizado pelo Papa Clemente XII<\/td><\/tr><tr><td><strong>1883&nbsp;<\/strong><\/td><td>Patrono das Obras de Caridade Cat\u00f3lica<\/td><\/tr><tr><td><strong>27 de<\/strong> <strong>setembro<\/strong>\u00a0<\/td><td><strong> <\/strong>Dia de sua festa<\/td><\/tr><\/tbody><\/table><\/figure>\n\n\n\n<p>Ele nasceu em 1581, em Pouy, perto de Dax, numa fam\u00edlia camponesa, muito unida e de classe m\u00e9dia. Era o terceiro de seis filhos. Seus pais eram crist\u00e3os e lhe transmitiram uma f\u00e9 viva e concreta. Vicente era inteligente e entusiasmado. Bem r\u00e1pido, levado por sua fam\u00edlia, ele investe num belo futuro: os estudos e o sacerd\u00f3cio.<\/p>\n\n\n\n<p>Ele vai, sucessivamente, para Dax e Toulouse. Para pagar seus estudos, seus pais venderam uma parte de seus preciosos bens: uma junta de bois. Vicente tentou mesmo ser professor e garantir seus estudos. Foi ordenado padre bem jovem, aos 19 anos, em 1600.<\/p>\n\n\n\n<p>Vicente era um homem de a\u00e7\u00e3o quase como um homem de neg\u00f3cio atual, exigente e r\u00e1pido. A hist\u00f3ria se confunde talvez com a lenda; o itiner\u00e1rio exato percorrido por Vicente \u00e9 incerto. Durante tr\u00eas anos, ningu\u00e9m sabe onde estava: teria sido preso por piratas, feito escravo na Barb\u00e1ria, na atual Tun\u00edsia? Ele reaparece em Paris, em 1608. Seus contatos fazem com que ele encontre o Padre de B\u00e9rulle, um dos maiores representantes da Escola Francesa de espiritualidade, movimento que participava da reforma interna da Igreja Cat\u00f3lica, insistindo sobre a vinda de Jesus em nossa condi\u00e7\u00e3o humana: Deus se encarna e se faz pr\u00f3ximo do homem em seu cotidiano. Os padres s\u00e3o convidados a viver sua voca\u00e7\u00e3o com seriedade, aprimorando a forma\u00e7\u00e3o e se enraizando profundamente em Cristo, o que n\u00e3o era comum naquela \u00e9poca em que a vida da Igreja perdia sua autenticidade.<\/p>\n\n\n\n<p><br>Vicente, no come\u00e7o, \u00e9 padre por voca\u00e7\u00e3o, mas tamb\u00e9m para garantir um \u201chonesto rendimento\u201d. Ele pensava numa carreira que lhe permitiria ajudar sua fam\u00edlia. Era um homem empreendedor, vivo e curioso. Chegou \u00e0 corte em 1610, depois de ter sido distribuidor de esmolas em nome da rainha Margot, primeira mulher do rei Henrique IV.<\/p>\n\n\n\n<p><br>Por causa de um per\u00edodo de pouca ocupa\u00e7\u00e3o, durante tr\u00eas ou quatro anos, Vicente experimentou a d\u00favida e conheceu a crise de f\u00e9, s\u00f3 retomando sua rela\u00e7\u00e3o com Deus quando decidiu entregar, novamente, sua vida ao servi\u00e7o dos pobres por amor a Jesus Cristo. Em 1612, ele se tornou o feliz p\u00e1roco de Clichy e afirmava: \u201cMeu Deus, como sou feliz em ter um povo t\u00e3o bom!\u201d. Logo depois, foi trabalhar para uma fam\u00edlia muito influente do reino: a dos Gondi. O Senhor era general das galeras, sua esposa administrava sua propriedade. Vicente tornou-se preceptor dos filhos e orientador espiritual da Senhora de Gondi.<\/p>\n\n\n\n<p>O ano de 1617 \u00e9 determinante para Vicente. Um dia, ele acompanhou a Senhora de Gondi em suas terras e atendeu a confiss\u00e3o de um campon\u00eas agonizante. Esse homem, conhecido por sua honestidade, sentia a ang\u00fastia de ir para o inferno por pecados que nunca ousou confessar. Ap\u00f3s essa confiss\u00e3o, ele reencontrou a paz. Por essa raz\u00e3o, a Senhora de Gondi se preocupou com o estado espiritual das pessoas de sua casa e convida o Padre Vicente a encontrar um \u201crem\u00e9dio para isso\u201d.<\/p>\n\n\n\n<p><br>No dia seguinte, 25 de janeiro de 1617, ele pregou na Igreja de Folleville com todo o seu ardor e os paroquianos se deslocaram em grande n\u00famero para se confessar.<br>Neste mesmo ano, gra\u00e7as ao Padre de B\u00e9rulle, ele vai a Ch\u00e2tillon les Dombes, perto de Lyon. Est\u00e1 com trinta e seis anos. Informado que uma fam\u00edlia passa necessidade, falou sobre isso durante a missa. A assembleia tomada por um el\u00e3 de generosidade se apressou em visitar os doentes com grande quantidade de alimentos. Vicente ficou feliz, mas questionou-se sobre a necessidade de organiza\u00e7\u00e3o. Gra\u00e7as a senhoras piedosas, ele organiza a caridade com um regulamento muito respeitoso que convida a servir os pobres como \u201cse fosse do pr\u00f3prio Deus\u201d. Assim surgem as primeiras \u201cCaridades\u201d (hoje, Associa\u00e7\u00e3o Internacional de Caridades). Esta experi\u00eancia o encoraja em sua nova voca\u00e7\u00e3o de servi\u00e7o aos mais humildes. Os Gondi o pressionam e ele retorna para a casa deles e consagra-se a servir os mais pobres nas suas necessidades corporais e espirituais. Apoiado fortemente pela senhora Gondi, que em 1625, assina o contrato de Funda\u00e7\u00e3o da Congrega\u00e7\u00e3o da Miss\u00e3o, para a evangeliza\u00e7\u00e3o do pobre povo do campo. Da\u00ed em diante, Padre Vicente serve os pobres, guiado por dois objetivos: miss\u00e3o e caridade.<\/p>\n\n\n\n<p><br>Vicente \u00e9 um homem de ora\u00e7\u00e3o e da realidade, que procura organizar os socorros diretos \u00e0s pessoas necessitadas. Em 1624, Lu\u00edsa de Marillac cruza seu caminho e lhe pede ajuda espiritual. Ele lhe confia a visita das Caridades nascentes e funda, gra\u00e7as a ela, as Filhas da Caridade, em 1633. A fim de formar os padres, ele cria as confer\u00eancias das ter\u00e7as-feiras, os exerc\u00edcios dos ordinandos, a forma\u00e7\u00e3o para os seminaristas e abre semin\u00e1rios. Ele n\u00e3o para de criar redes de entreajuda com as pessoas locais para socorrer todas as mis\u00e9rias humanas de sua \u00e9poca: os galerianos, as crian\u00e7as abandonadas, os feridos nas guerras na Lorena, na Picardia, na Champagne, na Ile-de-France, as pessoas idosas ou doentes mentais\u2026 Nada pode parar a imagina\u00e7\u00e3o do Padre Vicente e seus colaboradores: trata-se de reerguer o homem, o homem todo! Que toda pessoa possa alimentar-se por seus pr\u00f3prios meios, aprender um of\u00edcio, reencontrar sua dignidade de filho de Deus.<\/p>\n\n\n\n<p>Vicente sabe aproximar-se dos ricos para suscitar sua caridade e pedir ajuda pol\u00edtica arriscando-se a perder todo cr\u00e9dito junto de Mazarino. Ele v\u00ea somente a mis\u00e9ria dos pobres a aliviar, de todos os pobres, pois eles s\u00e3o o rosto de Jesus Cristo.<\/p>\n\n\n\n<p>Ele morre em 27 de setembro de 1660, deixando muitos seguidores leigos, padres, Irm\u00e3s, uma fam\u00edlia, a Fam\u00edlia Vicentina e, sobretudo, um esp\u00edrito: o fogo de amor que inflamava o cora\u00e7\u00e3o de S\u00e3o Vicente pelos pobres e do qual todos vivem ainda hoje.<br>Para saber mais:<\/p>\n\n\n\n<p>Leituras:<br>\u2022 P\u00e1ginas Escolhidas de S\u00e3o Vicente de Paulo, Georges-Albert Boissinot, O Lutador, 2011<br>\u2022 Impelidos pela Caridade, Peregrinos na Miss\u00e3o, Vin\u00edcius Augusto Ribeiro Teixeira, O Lutador, 2010<br>\u2022 Orar 15 dias com S\u00e3o Vicente de Paulo, Jean-Pierre Renouard, Editora Santu\u00e1rio, 2004<br>\u2022 S\u00e3o Vicente de Paulo e o Carisma da Caridade, Luigi Mezzadri, Cole\u00e7\u00e3o Vicentina, 2004<br>\u2022 Vicente de Paulo: a f\u00e9 comprovada no amor, Jos\u00e9 Maria Ib\u00e1\u00f1ez, Paulinas, 2003<\/p>\n\n\n\n<p><br>Sites<br><a href=\"http:\/\/www.famvin.org\/pt\/\n\">http:\/\/www.famvin.org\/pt\/<br><\/a><a href=\"http:\/\/via.library.depaul.edu\/\n\">http:\/\/via.library.depaul.edu\/<br><\/a><a href=\"http:\/\/stvincentimages.cdm.depaul.edu\/\">http:\/\/stvincentimages.cdm.depaul.edu\/<\/a><\/p>\n","protected":false},"featured_media":964,"template":"","meta":{"_acf_changed":false,"_links_to":"","_links_to_target":""},"origen":[],"class_list":["post-4085","familia","type-familia","status-publish","has-post-thumbnail","hentry"],"acf":[],"yoast_head":"<!-- This site is optimized with the Yoast SEO plugin v27.5 - https:\/\/yoast.com\/product\/yoast-seo-wordpress\/ -->\n<title>S\u00e3o Vicente de Paulo - Filles de la Charit\u00e9<\/title>\n<meta name=\"robots\" content=\"index, follow, max-snippet:-1, max-image-preview:large, max-video-preview:-1\" \/>\n<link rel=\"canonical\" href=\"https:\/\/filles-de-la-charite.org\/pt-pt\/familia\/sao-vicente-de-paulo\/\" \/>\n<meta property=\"og:locale\" content=\"pt_PT\" \/>\n<meta property=\"og:type\" content=\"article\" \/>\n<meta property=\"og:title\" content=\"S\u00e3o Vicente de Paulo - Filles de la Charit\u00e9\" \/>\n<meta property=\"og:description\" content=\"Vicente de Paulo foi reconhecido pela Igreja como santo em 1737 e declarado patrono das Obras de Caridade. Assim como acontece com cada um de n\u00f3s, a santidade do Padre Vicente percorreu um longo caminho que o conduziu a Deus. Sua for\u00e7a foi ousar abrir o seu cora\u00e7\u00e3o ao sopro do Esp\u00edrito, dia ap\u00f3s dia. [&hellip;]\" \/>\n<meta property=\"og:url\" content=\"https:\/\/filles-de-la-charite.org\/pt-pt\/familia\/sao-vicente-de-paulo\/\" \/>\n<meta property=\"og:site_name\" content=\"Filles de la Charit\u00e9\" \/>\n<meta property=\"article:modified_time\" content=\"2024-03-06T19:53:02+00:00\" \/>\n<meta property=\"og:image\" content=\"https:\/\/filles-de-la-charite.org\/wp-content\/uploads\/2023\/04\/st_vincent-37-1.jpg\" \/>\n\t<meta property=\"og:image:width\" content=\"393\" \/>\n\t<meta property=\"og:image:height\" content=\"600\" \/>\n\t<meta property=\"og:image:type\" content=\"image\/jpeg\" \/>\n<meta name=\"twitter:card\" content=\"summary_large_image\" \/>\n<meta name=\"twitter:label1\" content=\"Tempo estimado de leitura\" \/>\n\t<meta name=\"twitter:data1\" content=\"7 minutos\" \/>\n<script type=\"application\/ld+json\" class=\"yoast-schema-graph\">{\"@context\":\"https:\\\/\\\/schema.org\",\"@graph\":[{\"@type\":\"WebPage\",\"@id\":\"https:\\\/\\\/filles-de-la-charite.org\\\/pt-pt\\\/familia\\\/sao-vicente-de-paulo\\\/\",\"url\":\"https:\\\/\\\/filles-de-la-charite.org\\\/pt-pt\\\/familia\\\/sao-vicente-de-paulo\\\/\",\"name\":\"S\u00e3o Vicente de Paulo - Filles de la Charit\u00e9\",\"isPartOf\":{\"@id\":\"https:\\\/\\\/filles-de-la-charite.org\\\/pt-pt\\\/#website\"},\"primaryImageOfPage\":{\"@id\":\"https:\\\/\\\/filles-de-la-charite.org\\\/pt-pt\\\/familia\\\/sao-vicente-de-paulo\\\/#primaryimage\"},\"image\":{\"@id\":\"https:\\\/\\\/filles-de-la-charite.org\\\/pt-pt\\\/familia\\\/sao-vicente-de-paulo\\\/#primaryimage\"},\"thumbnailUrl\":\"https:\\\/\\\/filles-de-la-charite.org\\\/wp-content\\\/uploads\\\/2023\\\/04\\\/st_vincent-37-1.jpg\",\"datePublished\":\"2020-10-21T06:56:23+00:00\",\"dateModified\":\"2024-03-06T19:53:02+00:00\",\"breadcrumb\":{\"@id\":\"https:\\\/\\\/filles-de-la-charite.org\\\/pt-pt\\\/familia\\\/sao-vicente-de-paulo\\\/#breadcrumb\"},\"inLanguage\":\"pt-PT\",\"potentialAction\":[{\"@type\":\"ReadAction\",\"target\":[\"https:\\\/\\\/filles-de-la-charite.org\\\/pt-pt\\\/familia\\\/sao-vicente-de-paulo\\\/\"]}]},{\"@type\":\"ImageObject\",\"inLanguage\":\"pt-PT\",\"@id\":\"https:\\\/\\\/filles-de-la-charite.org\\\/pt-pt\\\/familia\\\/sao-vicente-de-paulo\\\/#primaryimage\",\"url\":\"https:\\\/\\\/filles-de-la-charite.org\\\/wp-content\\\/uploads\\\/2023\\\/04\\\/st_vincent-37-1.jpg\",\"contentUrl\":\"https:\\\/\\\/filles-de-la-charite.org\\\/wp-content\\\/uploads\\\/2023\\\/04\\\/st_vincent-37-1.jpg\",\"width\":393,\"height\":600},{\"@type\":\"BreadcrumbList\",\"@id\":\"https:\\\/\\\/filles-de-la-charite.org\\\/pt-pt\\\/familia\\\/sao-vicente-de-paulo\\\/#breadcrumb\",\"itemListElement\":[{\"@type\":\"ListItem\",\"position\":1,\"name\":\"A nossa fam\u00edlia\",\"item\":\"https:\\\/\\\/filles-de-la-charite.org\\\/pt-pt\\\/familia\\\/\"},{\"@type\":\"ListItem\",\"position\":2,\"name\":\"S\u00e3o Vicente de Paulo\"}]},{\"@type\":\"WebSite\",\"@id\":\"https:\\\/\\\/filles-de-la-charite.org\\\/pt-pt\\\/#website\",\"url\":\"https:\\\/\\\/filles-de-la-charite.org\\\/pt-pt\\\/\",\"name\":\"Hijas de la Caridad\",\"description\":\"L\u2019amour de J\u00e9sus nous presse \u00e0 prendre soin des personnes les plus d\u00e9munies\",\"publisher\":{\"@id\":\"https:\\\/\\\/filles-de-la-charite.org\\\/pt-pt\\\/#organization\"},\"potentialAction\":[{\"@type\":\"SearchAction\",\"target\":{\"@type\":\"EntryPoint\",\"urlTemplate\":\"https:\\\/\\\/filles-de-la-charite.org\\\/pt-pt\\\/?s={search_term_string}\"},\"query-input\":{\"@type\":\"PropertyValueSpecification\",\"valueRequired\":true,\"valueName\":\"search_term_string\"}}],\"inLanguage\":\"pt-PT\"},{\"@type\":\"Organization\",\"@id\":\"https:\\\/\\\/filles-de-la-charite.org\\\/pt-pt\\\/#organization\",\"name\":\"Hijas de la Caridad\",\"url\":\"https:\\\/\\\/filles-de-la-charite.org\\\/pt-pt\\\/\",\"logo\":{\"@type\":\"ImageObject\",\"inLanguage\":\"pt-PT\",\"@id\":\"https:\\\/\\\/filles-de-la-charite.org\\\/pt-pt\\\/#\\\/schema\\\/logo\\\/image\\\/\",\"url\":\"https:\\\/\\\/filles-de-la-charite.org\\\/wp-content\\\/uploads\\\/2023\\\/03\\\/isotipo-Hijas-de-la-Caridad.png\",\"contentUrl\":\"https:\\\/\\\/filles-de-la-charite.org\\\/wp-content\\\/uploads\\\/2023\\\/03\\\/isotipo-Hijas-de-la-Caridad.png\",\"width\":1417,\"height\":1417,\"caption\":\"Hijas de la Caridad\"},\"image\":{\"@id\":\"https:\\\/\\\/filles-de-la-charite.org\\\/pt-pt\\\/#\\\/schema\\\/logo\\\/image\\\/\"}}]}<\/script>\n<!-- \/ Yoast SEO plugin. -->","yoast_head_json":{"title":"S\u00e3o Vicente de Paulo - Filles de la Charit\u00e9","robots":{"index":"index","follow":"follow","max-snippet":"max-snippet:-1","max-image-preview":"max-image-preview:large","max-video-preview":"max-video-preview:-1"},"canonical":"https:\/\/filles-de-la-charite.org\/pt-pt\/familia\/sao-vicente-de-paulo\/","og_locale":"pt_PT","og_type":"article","og_title":"S\u00e3o Vicente de Paulo - Filles de la Charit\u00e9","og_description":"Vicente de Paulo foi reconhecido pela Igreja como santo em 1737 e declarado patrono das Obras de Caridade. Assim como acontece com cada um de n\u00f3s, a santidade do Padre Vicente percorreu um longo caminho que o conduziu a Deus. Sua for\u00e7a foi ousar abrir o seu cora\u00e7\u00e3o ao sopro do Esp\u00edrito, dia ap\u00f3s dia. [&hellip;]","og_url":"https:\/\/filles-de-la-charite.org\/pt-pt\/familia\/sao-vicente-de-paulo\/","og_site_name":"Filles de la Charit\u00e9","article_modified_time":"2024-03-06T19:53:02+00:00","og_image":[{"width":393,"height":600,"url":"https:\/\/filles-de-la-charite.org\/wp-content\/uploads\/2023\/04\/st_vincent-37-1.jpg","type":"image\/jpeg"}],"twitter_card":"summary_large_image","twitter_misc":{"Tempo estimado de leitura":"7 minutos"},"schema":{"@context":"https:\/\/schema.org","@graph":[{"@type":"WebPage","@id":"https:\/\/filles-de-la-charite.org\/pt-pt\/familia\/sao-vicente-de-paulo\/","url":"https:\/\/filles-de-la-charite.org\/pt-pt\/familia\/sao-vicente-de-paulo\/","name":"S\u00e3o Vicente de Paulo - Filles de la Charit\u00e9","isPartOf":{"@id":"https:\/\/filles-de-la-charite.org\/pt-pt\/#website"},"primaryImageOfPage":{"@id":"https:\/\/filles-de-la-charite.org\/pt-pt\/familia\/sao-vicente-de-paulo\/#primaryimage"},"image":{"@id":"https:\/\/filles-de-la-charite.org\/pt-pt\/familia\/sao-vicente-de-paulo\/#primaryimage"},"thumbnailUrl":"https:\/\/filles-de-la-charite.org\/wp-content\/uploads\/2023\/04\/st_vincent-37-1.jpg","datePublished":"2020-10-21T06:56:23+00:00","dateModified":"2024-03-06T19:53:02+00:00","breadcrumb":{"@id":"https:\/\/filles-de-la-charite.org\/pt-pt\/familia\/sao-vicente-de-paulo\/#breadcrumb"},"inLanguage":"pt-PT","potentialAction":[{"@type":"ReadAction","target":["https:\/\/filles-de-la-charite.org\/pt-pt\/familia\/sao-vicente-de-paulo\/"]}]},{"@type":"ImageObject","inLanguage":"pt-PT","@id":"https:\/\/filles-de-la-charite.org\/pt-pt\/familia\/sao-vicente-de-paulo\/#primaryimage","url":"https:\/\/filles-de-la-charite.org\/wp-content\/uploads\/2023\/04\/st_vincent-37-1.jpg","contentUrl":"https:\/\/filles-de-la-charite.org\/wp-content\/uploads\/2023\/04\/st_vincent-37-1.jpg","width":393,"height":600},{"@type":"BreadcrumbList","@id":"https:\/\/filles-de-la-charite.org\/pt-pt\/familia\/sao-vicente-de-paulo\/#breadcrumb","itemListElement":[{"@type":"ListItem","position":1,"name":"A nossa fam\u00edlia","item":"https:\/\/filles-de-la-charite.org\/pt-pt\/familia\/"},{"@type":"ListItem","position":2,"name":"S\u00e3o Vicente de Paulo"}]},{"@type":"WebSite","@id":"https:\/\/filles-de-la-charite.org\/pt-pt\/#website","url":"https:\/\/filles-de-la-charite.org\/pt-pt\/","name":"Hijas de la Caridad","description":"L\u2019amour de J\u00e9sus nous presse \u00e0 prendre soin des personnes les plus d\u00e9munies","publisher":{"@id":"https:\/\/filles-de-la-charite.org\/pt-pt\/#organization"},"potentialAction":[{"@type":"SearchAction","target":{"@type":"EntryPoint","urlTemplate":"https:\/\/filles-de-la-charite.org\/pt-pt\/?s={search_term_string}"},"query-input":{"@type":"PropertyValueSpecification","valueRequired":true,"valueName":"search_term_string"}}],"inLanguage":"pt-PT"},{"@type":"Organization","@id":"https:\/\/filles-de-la-charite.org\/pt-pt\/#organization","name":"Hijas de la Caridad","url":"https:\/\/filles-de-la-charite.org\/pt-pt\/","logo":{"@type":"ImageObject","inLanguage":"pt-PT","@id":"https:\/\/filles-de-la-charite.org\/pt-pt\/#\/schema\/logo\/image\/","url":"https:\/\/filles-de-la-charite.org\/wp-content\/uploads\/2023\/03\/isotipo-Hijas-de-la-Caridad.png","contentUrl":"https:\/\/filles-de-la-charite.org\/wp-content\/uploads\/2023\/03\/isotipo-Hijas-de-la-Caridad.png","width":1417,"height":1417,"caption":"Hijas de la Caridad"},"image":{"@id":"https:\/\/filles-de-la-charite.org\/pt-pt\/#\/schema\/logo\/image\/"}}]}},"_links":{"self":[{"href":"https:\/\/filles-de-la-charite.org\/pt-pt\/wp-json\/wp\/v2\/familia\/4085","targetHints":{"allow":["GET"]}}],"collection":[{"href":"https:\/\/filles-de-la-charite.org\/pt-pt\/wp-json\/wp\/v2\/familia"}],"about":[{"href":"https:\/\/filles-de-la-charite.org\/pt-pt\/wp-json\/wp\/v2\/types\/familia"}],"wp:featuredmedia":[{"embeddable":true,"href":"https:\/\/filles-de-la-charite.org\/pt-pt\/wp-json\/wp\/v2\/media\/964"}],"wp:attachment":[{"href":"https:\/\/filles-de-la-charite.org\/pt-pt\/wp-json\/wp\/v2\/media?parent=4085"}],"wp:term":[{"taxonomy":"origen","embeddable":true,"href":"https:\/\/filles-de-la-charite.org\/pt-pt\/wp-json\/wp\/v2\/origen?post=4085"}],"curies":[{"name":"wp","href":"https:\/\/api.w.org\/{rel}","templated":true}]}}