{"id":4088,"date":"2020-10-21T09:49:00","date_gmt":"2020-10-21T07:49:00","guid":{"rendered":"https:\/\/hijascaridad.sjdigitaldemo.ovh\/familia\/santa-catarina-laboure\/"},"modified":"2024-03-07T10:15:32","modified_gmt":"2024-03-07T09:15:32","slug":"santa-catarina-laboure","status":"publish","type":"familia","link":"https:\/\/filles-de-la-charite.org\/pt-pt\/familia\/santa-catarina-laboure\/","title":{"rendered":"Santa Catarina Labour\u00e9"},"content":{"rendered":"\n<p><strong>Catarina Labour\u00e9 foi uma mulher muito humana, uma santa pr\u00f3xima de n\u00f3s. Sua vida foi ao mesmo tempo extraordinariamente simples e not\u00e1vel. Ela tinha a verdadeira paix\u00e3o por Deus, pela Sant\u00edssima Virgem, por S\u00e3o Vicente e pelos Pobres. Sua personalidade foi excepcionalmente rica por sua simplicidade e humildade.<\/strong><\/p>\n\n\n\n<figure class=\"wp-block-table\"><table><tbody><tr><td><strong>1806, 2 de maio<\/strong><\/td><td>Nascimento emFain-les-Moutiers<\/td><\/tr><tr><td><strong>1815<\/strong><\/td><td>Morte de sua m\u00e3e<\/td><\/tr><tr><td><strong>1830, 21 de abril<\/strong><\/td><td>Entrada no Semin\u00e1rio (noviciado) das Filhas da Caridade, em Paris<\/td><\/tr><tr><td><strong>1830, <strong>18 de julho e 27 de novembro<\/strong><\/strong><\/td><td>Grandes apari\u00e7\u00f5es da Sant\u00edssima Virgem<\/td><\/tr><tr><td><strong>1831, 5 de fevereiro<\/strong><\/td><td>In\u00edcio de sua miss\u00e3o no asilo de Enghien, em Paris<\/td><\/tr><tr><td><strong>1876, 31 de dezembro<\/strong><\/td><td>Morte de Catarina Labour\u00e9<\/td><\/tr><tr><td><strong>1933<\/strong><\/td><td>Transfer\u00eancia do seu corpo para a Capela da Casa M\u00e3e<\/td><\/tr><tr><td><strong>1933, 22 de maio<\/strong><\/td><td>Beatifica\u00e7\u00e3o<\/td><\/tr><tr><td><strong>1947, 27 de julho<\/strong><\/td><td>Canonizada pelo Papa Pio XII<\/td><\/tr><tr><td><strong>28 de novembro<\/strong><\/td><td>Dia de sua festa<\/td><\/tr><\/tbody><\/table><\/figure>\n\n\n\n<p>Catarina foi uma camponesa da Borgonha, a oitava filha de uma fam\u00edlia de dez filhos. \u00d3rf\u00e3 aos nove anos, ela decidiu substituir a m\u00e3e que acabava de perder por nossa M\u00e3e do c\u00e9u: Maria. Este gesto de f\u00e9 foi o acontecimento fundamental de sua rela\u00e7\u00e3o privilegiada com o \u201cC\u00e9u\u201d.<\/p>\n\n\n\n<p><br>Em 25 de janeiro de 1818, Catarina fez sua primeira comunh\u00e3o na igreja de Moutiers-Saint-Jean e tornou-se \u201cmuito m\u00edstica\u201d de acordo com a percep\u00e7\u00e3o de Tonine, sua irm\u00e3. Desde a idade de doze anos, ela foi a colaboradora mais pr\u00f3xima de seu pai na fazenda. Sobrecarregada de ocupa\u00e7\u00f5es, trabalhava sem descanso, fortificando assim, seu temperamento ativo e sua capacidade de suportar o cansa\u00e7o. Todos os dias, Catarina rezava longamente. Antes de come\u00e7ar o dia, encontrava uma maneira de participar da missa na Igreja de Moutiers-Saint-Jean. Aos treze anos, Catarina era t\u00e3o \u201ccontemplativa\u201d quanto \u201cdona de casa\u201d.<\/p>\n\n\n\n<p><br>Por volta dos quinze anos, ela teve um sonho estranho, um desses sonhos que no Evangelho chama-se vis\u00e3o, e n\u00e3o compreende o seu significado a n\u00e3o ser mais tarde. Catarina foi visitada por S\u00e3o Vicente de Paulo que a convidou a segui-lo.<\/p>\n\n\n\n<p><br>Aos dezoito anos, ela expressou ao pai seu desejo de entrar para as Filhas da Caridade. Este n\u00e3o aceitava e pretendia faz\u00ea-la mudar de ideia enviando-a para Paris como cozinheira e criada no restaurante popular de seu irm\u00e3o.<br>Quando Catarina completou vinte e dois anos, o pai acabou cedendo ao seu desejo vocacional. Em abril de 1830, ela entrou no Semin\u00e1rio, na Casa M\u00e3e de Paris, rua du Bac. Admirava muito S\u00e3o Vicente de Paulo e buscava na ora\u00e7\u00e3o for\u00e7a, paci\u00eancia e orienta\u00e7\u00e3o. Sorridente e alegre estava sempre pronta a acolher as pessoas e procurava realizar bem o trabalho cotidiano.<\/p>\n\n\n\n<p><br>Desde sua chegada ao Semin\u00e1rio, Catarina foi beneficiada, primeiro, com vis\u00f5es pessoais (do cora\u00e7\u00e3o de S\u00e3o Vicente e de Nosso Senhor na Eucaristia), depois com duas apari\u00e7\u00f5es marianas que s\u00e3o uma mensagem de evangeliza\u00e7\u00e3o para a Igreja e o mundo. Essas duas apari\u00e7\u00f5es de 18 de julho e 27 de novembro s\u00e3o insepar\u00e1veis: a primeira prepara a segunda que, certamente, foi de uma fundamental import\u00e2ncia; Maria Imaculada confia ao mundo sua Medalha. Por este sinal, Maria revela sua Concei\u00e7\u00e3o Imaculada; o reverso da Medalha apresenta s\u00edmbolos que mostram Maria intimamente ligada aos mist\u00e9rios da Encarna\u00e7\u00e3o e da Reden\u00e7\u00e3o.<\/p>\n\n\n\n<p><br>Para Catarina, Deus n\u00e3o \u00e9 uma ideia, mas uma presen\u00e7a: Jesus Cristo, Deus feito homem entre os homens e entre os pobres. Em 5 de fevereiro de 1831, foi enviada a servi\u00e7o dos idosos do asilo de Enghien, dos pobres do bairro, dos aflitos, dos enlutados, dos marginalizados\u2026 ali serviu incansavelmente durante quarenta e seis anos. Ela foi para todos um o\u00e1sis de paz, tratando seus idosos, particularmente, os mais desagrad\u00e1veis, com delicadeza e bondade raras. Mostrava tamb\u00e9m uma aten\u00e7\u00e3o privilegiada aos doentes e agonizantes os quais velava habitualmente e nos quais reconhecia o rosto de Cristo. Catarina n\u00e3o foi somente uma \u201cvidente\u201d, mas tamb\u00e9m e, sobretudo, uma \u201cmulher de f\u00e9\u201d, revelando-se heroica em situa\u00e7\u00f5es imprevistas e dif\u00edceis, principalmente durante a Comuna. \u201cTudo por Deus\u201d.<\/p>\n\n\n\n<p><br>Nos primeiros dias do ano de 1877, Irm\u00e3 Catarina foi enterrada na casa de Reuilly. Foi canonizada em 1947, setenta anos ap\u00f3s a sua morte. Em 1933, o corpo de Catarina \u00e9 transferido para a Capela da rua du Bac e colocado sob o altar da Virgem com o globo. Assim, ela aparecia como a primeira testemunha de um novo tipo de santidade, sem gl\u00f3ria nem triunfos humanos, que o Esp\u00edrito Santo come\u00e7ava a suscitar para os tempos modernos.<\/p>\n\n\n\n<p><\/p>\n","protected":false},"featured_media":986,"template":"","meta":{"_acf_changed":false,"_et_pb_use_builder":"","_et_pb_old_content":"","_et_gb_content_width":"","_links_to":"","_links_to_target":""},"origen":[],"class_list":["post-4088","familia","type-familia","status-publish","has-post-thumbnail","hentry"],"acf":[],"yoast_head":"<!-- This site is optimized with the Yoast SEO plugin v27.5 - https:\/\/yoast.com\/product\/yoast-seo-wordpress\/ -->\n<title>Santa Catarina Labour\u00e9 - Filles de la Charit\u00e9<\/title>\n<meta name=\"robots\" content=\"index, follow, max-snippet:-1, max-image-preview:large, max-video-preview:-1\" \/>\n<link rel=\"canonical\" href=\"https:\/\/filles-de-la-charite.org\/pt-pt\/familia\/santa-catarina-laboure\/\" \/>\n<meta property=\"og:locale\" content=\"pt_PT\" \/>\n<meta property=\"og:type\" content=\"article\" \/>\n<meta property=\"og:title\" content=\"Santa Catarina Labour\u00e9 - Filles de la Charit\u00e9\" \/>\n<meta property=\"og:description\" content=\"Catarina Labour\u00e9 foi uma mulher muito humana, uma santa pr\u00f3xima de n\u00f3s. Sua vida foi ao mesmo tempo extraordinariamente simples e not\u00e1vel. Ela tinha a verdadeira paix\u00e3o por Deus, pela Sant\u00edssima Virgem, por S\u00e3o Vicente e pelos Pobres. Sua personalidade foi excepcionalmente rica por sua simplicidade e humildade. 1806, 2 de maio Nascimento emFain-les-Moutiers 1815 [&hellip;]\" \/>\n<meta property=\"og:url\" content=\"https:\/\/filles-de-la-charite.org\/pt-pt\/familia\/santa-catarina-laboure\/\" \/>\n<meta property=\"og:site_name\" content=\"Filles de la Charit\u00e9\" \/>\n<meta property=\"article:modified_time\" content=\"2024-03-07T09:15:32+00:00\" \/>\n<meta property=\"og:image\" content=\"https:\/\/filles-de-la-charite.org\/wp-content\/uploads\/2023\/04\/image19-1.jpg\" \/>\n\t<meta property=\"og:image:width\" content=\"366\" \/>\n\t<meta property=\"og:image:height\" content=\"508\" \/>\n\t<meta property=\"og:image:type\" content=\"image\/jpeg\" \/>\n<meta name=\"twitter:card\" content=\"summary_large_image\" \/>\n<meta name=\"twitter:label1\" content=\"Tempo estimado de leitura\" \/>\n\t<meta name=\"twitter:data1\" content=\"4 minutos\" \/>\n<script type=\"application\/ld+json\" class=\"yoast-schema-graph\">{\"@context\":\"https:\\\/\\\/schema.org\",\"@graph\":[{\"@type\":\"WebPage\",\"@id\":\"https:\\\/\\\/filles-de-la-charite.org\\\/pt-pt\\\/familia\\\/santa-catarina-laboure\\\/\",\"url\":\"https:\\\/\\\/filles-de-la-charite.org\\\/pt-pt\\\/familia\\\/santa-catarina-laboure\\\/\",\"name\":\"Santa Catarina Labour\u00e9 - Filles de la Charit\u00e9\",\"isPartOf\":{\"@id\":\"https:\\\/\\\/filles-de-la-charite.org\\\/pt-pt\\\/#website\"},\"primaryImageOfPage\":{\"@id\":\"https:\\\/\\\/filles-de-la-charite.org\\\/pt-pt\\\/familia\\\/santa-catarina-laboure\\\/#primaryimage\"},\"image\":{\"@id\":\"https:\\\/\\\/filles-de-la-charite.org\\\/pt-pt\\\/familia\\\/santa-catarina-laboure\\\/#primaryimage\"},\"thumbnailUrl\":\"https:\\\/\\\/filles-de-la-charite.org\\\/wp-content\\\/uploads\\\/2023\\\/04\\\/image19-1.jpg\",\"datePublished\":\"2020-10-21T07:49:00+00:00\",\"dateModified\":\"2024-03-07T09:15:32+00:00\",\"breadcrumb\":{\"@id\":\"https:\\\/\\\/filles-de-la-charite.org\\\/pt-pt\\\/familia\\\/santa-catarina-laboure\\\/#breadcrumb\"},\"inLanguage\":\"pt-PT\",\"potentialAction\":[{\"@type\":\"ReadAction\",\"target\":[\"https:\\\/\\\/filles-de-la-charite.org\\\/pt-pt\\\/familia\\\/santa-catarina-laboure\\\/\"]}]},{\"@type\":\"ImageObject\",\"inLanguage\":\"pt-PT\",\"@id\":\"https:\\\/\\\/filles-de-la-charite.org\\\/pt-pt\\\/familia\\\/santa-catarina-laboure\\\/#primaryimage\",\"url\":\"https:\\\/\\\/filles-de-la-charite.org\\\/wp-content\\\/uploads\\\/2023\\\/04\\\/image19-1.jpg\",\"contentUrl\":\"https:\\\/\\\/filles-de-la-charite.org\\\/wp-content\\\/uploads\\\/2023\\\/04\\\/image19-1.jpg\",\"width\":366,\"height\":508},{\"@type\":\"BreadcrumbList\",\"@id\":\"https:\\\/\\\/filles-de-la-charite.org\\\/pt-pt\\\/familia\\\/santa-catarina-laboure\\\/#breadcrumb\",\"itemListElement\":[{\"@type\":\"ListItem\",\"position\":1,\"name\":\"A nossa fam\u00edlia\",\"item\":\"https:\\\/\\\/filles-de-la-charite.org\\\/pt-pt\\\/familia\\\/\"},{\"@type\":\"ListItem\",\"position\":2,\"name\":\"Santa Catarina Labour\u00e9\"}]},{\"@type\":\"WebSite\",\"@id\":\"https:\\\/\\\/filles-de-la-charite.org\\\/pt-pt\\\/#website\",\"url\":\"https:\\\/\\\/filles-de-la-charite.org\\\/pt-pt\\\/\",\"name\":\"Hijas de la Caridad\",\"description\":\"L\u2019amour de J\u00e9sus nous presse \u00e0 prendre soin des personnes les plus d\u00e9munies\",\"publisher\":{\"@id\":\"https:\\\/\\\/filles-de-la-charite.org\\\/pt-pt\\\/#organization\"},\"potentialAction\":[{\"@type\":\"SearchAction\",\"target\":{\"@type\":\"EntryPoint\",\"urlTemplate\":\"https:\\\/\\\/filles-de-la-charite.org\\\/pt-pt\\\/?s={search_term_string}\"},\"query-input\":{\"@type\":\"PropertyValueSpecification\",\"valueRequired\":true,\"valueName\":\"search_term_string\"}}],\"inLanguage\":\"pt-PT\"},{\"@type\":\"Organization\",\"@id\":\"https:\\\/\\\/filles-de-la-charite.org\\\/pt-pt\\\/#organization\",\"name\":\"Hijas de la Caridad\",\"url\":\"https:\\\/\\\/filles-de-la-charite.org\\\/pt-pt\\\/\",\"logo\":{\"@type\":\"ImageObject\",\"inLanguage\":\"pt-PT\",\"@id\":\"https:\\\/\\\/filles-de-la-charite.org\\\/pt-pt\\\/#\\\/schema\\\/logo\\\/image\\\/\",\"url\":\"https:\\\/\\\/filles-de-la-charite.org\\\/wp-content\\\/uploads\\\/2023\\\/03\\\/isotipo-Hijas-de-la-Caridad.png\",\"contentUrl\":\"https:\\\/\\\/filles-de-la-charite.org\\\/wp-content\\\/uploads\\\/2023\\\/03\\\/isotipo-Hijas-de-la-Caridad.png\",\"width\":1417,\"height\":1417,\"caption\":\"Hijas de la Caridad\"},\"image\":{\"@id\":\"https:\\\/\\\/filles-de-la-charite.org\\\/pt-pt\\\/#\\\/schema\\\/logo\\\/image\\\/\"}}]}<\/script>\n<!-- \/ Yoast SEO plugin. -->","yoast_head_json":{"title":"Santa Catarina Labour\u00e9 - Filles de la Charit\u00e9","robots":{"index":"index","follow":"follow","max-snippet":"max-snippet:-1","max-image-preview":"max-image-preview:large","max-video-preview":"max-video-preview:-1"},"canonical":"https:\/\/filles-de-la-charite.org\/pt-pt\/familia\/santa-catarina-laboure\/","og_locale":"pt_PT","og_type":"article","og_title":"Santa Catarina Labour\u00e9 - Filles de la Charit\u00e9","og_description":"Catarina Labour\u00e9 foi uma mulher muito humana, uma santa pr\u00f3xima de n\u00f3s. Sua vida foi ao mesmo tempo extraordinariamente simples e not\u00e1vel. Ela tinha a verdadeira paix\u00e3o por Deus, pela Sant\u00edssima Virgem, por S\u00e3o Vicente e pelos Pobres. Sua personalidade foi excepcionalmente rica por sua simplicidade e humildade. 1806, 2 de maio Nascimento emFain-les-Moutiers 1815 [&hellip;]","og_url":"https:\/\/filles-de-la-charite.org\/pt-pt\/familia\/santa-catarina-laboure\/","og_site_name":"Filles de la Charit\u00e9","article_modified_time":"2024-03-07T09:15:32+00:00","og_image":[{"width":366,"height":508,"url":"https:\/\/filles-de-la-charite.org\/wp-content\/uploads\/2023\/04\/image19-1.jpg","type":"image\/jpeg"}],"twitter_card":"summary_large_image","twitter_misc":{"Tempo estimado de leitura":"4 minutos"},"schema":{"@context":"https:\/\/schema.org","@graph":[{"@type":"WebPage","@id":"https:\/\/filles-de-la-charite.org\/pt-pt\/familia\/santa-catarina-laboure\/","url":"https:\/\/filles-de-la-charite.org\/pt-pt\/familia\/santa-catarina-laboure\/","name":"Santa Catarina Labour\u00e9 - Filles de la Charit\u00e9","isPartOf":{"@id":"https:\/\/filles-de-la-charite.org\/pt-pt\/#website"},"primaryImageOfPage":{"@id":"https:\/\/filles-de-la-charite.org\/pt-pt\/familia\/santa-catarina-laboure\/#primaryimage"},"image":{"@id":"https:\/\/filles-de-la-charite.org\/pt-pt\/familia\/santa-catarina-laboure\/#primaryimage"},"thumbnailUrl":"https:\/\/filles-de-la-charite.org\/wp-content\/uploads\/2023\/04\/image19-1.jpg","datePublished":"2020-10-21T07:49:00+00:00","dateModified":"2024-03-07T09:15:32+00:00","breadcrumb":{"@id":"https:\/\/filles-de-la-charite.org\/pt-pt\/familia\/santa-catarina-laboure\/#breadcrumb"},"inLanguage":"pt-PT","potentialAction":[{"@type":"ReadAction","target":["https:\/\/filles-de-la-charite.org\/pt-pt\/familia\/santa-catarina-laboure\/"]}]},{"@type":"ImageObject","inLanguage":"pt-PT","@id":"https:\/\/filles-de-la-charite.org\/pt-pt\/familia\/santa-catarina-laboure\/#primaryimage","url":"https:\/\/filles-de-la-charite.org\/wp-content\/uploads\/2023\/04\/image19-1.jpg","contentUrl":"https:\/\/filles-de-la-charite.org\/wp-content\/uploads\/2023\/04\/image19-1.jpg","width":366,"height":508},{"@type":"BreadcrumbList","@id":"https:\/\/filles-de-la-charite.org\/pt-pt\/familia\/santa-catarina-laboure\/#breadcrumb","itemListElement":[{"@type":"ListItem","position":1,"name":"A nossa fam\u00edlia","item":"https:\/\/filles-de-la-charite.org\/pt-pt\/familia\/"},{"@type":"ListItem","position":2,"name":"Santa Catarina Labour\u00e9"}]},{"@type":"WebSite","@id":"https:\/\/filles-de-la-charite.org\/pt-pt\/#website","url":"https:\/\/filles-de-la-charite.org\/pt-pt\/","name":"Hijas de la Caridad","description":"L\u2019amour de J\u00e9sus nous presse \u00e0 prendre soin des personnes les plus d\u00e9munies","publisher":{"@id":"https:\/\/filles-de-la-charite.org\/pt-pt\/#organization"},"potentialAction":[{"@type":"SearchAction","target":{"@type":"EntryPoint","urlTemplate":"https:\/\/filles-de-la-charite.org\/pt-pt\/?s={search_term_string}"},"query-input":{"@type":"PropertyValueSpecification","valueRequired":true,"valueName":"search_term_string"}}],"inLanguage":"pt-PT"},{"@type":"Organization","@id":"https:\/\/filles-de-la-charite.org\/pt-pt\/#organization","name":"Hijas de la Caridad","url":"https:\/\/filles-de-la-charite.org\/pt-pt\/","logo":{"@type":"ImageObject","inLanguage":"pt-PT","@id":"https:\/\/filles-de-la-charite.org\/pt-pt\/#\/schema\/logo\/image\/","url":"https:\/\/filles-de-la-charite.org\/wp-content\/uploads\/2023\/03\/isotipo-Hijas-de-la-Caridad.png","contentUrl":"https:\/\/filles-de-la-charite.org\/wp-content\/uploads\/2023\/03\/isotipo-Hijas-de-la-Caridad.png","width":1417,"height":1417,"caption":"Hijas de la Caridad"},"image":{"@id":"https:\/\/filles-de-la-charite.org\/pt-pt\/#\/schema\/logo\/image\/"}}]}},"_links":{"self":[{"href":"https:\/\/filles-de-la-charite.org\/pt-pt\/wp-json\/wp\/v2\/familia\/4088","targetHints":{"allow":["GET"]}}],"collection":[{"href":"https:\/\/filles-de-la-charite.org\/pt-pt\/wp-json\/wp\/v2\/familia"}],"about":[{"href":"https:\/\/filles-de-la-charite.org\/pt-pt\/wp-json\/wp\/v2\/types\/familia"}],"wp:featuredmedia":[{"embeddable":true,"href":"https:\/\/filles-de-la-charite.org\/pt-pt\/wp-json\/wp\/v2\/media\/986"}],"wp:attachment":[{"href":"https:\/\/filles-de-la-charite.org\/pt-pt\/wp-json\/wp\/v2\/media?parent=4088"}],"wp:term":[{"taxonomy":"origen","embeddable":true,"href":"https:\/\/filles-de-la-charite.org\/pt-pt\/wp-json\/wp\/v2\/origen?post=4088"}],"curies":[{"name":"wp","href":"https:\/\/api.w.org\/{rel}","templated":true}]}}