{"id":4091,"date":"2020-10-21T10:00:11","date_gmt":"2020-10-21T08:00:11","guid":{"rendered":"https:\/\/hijascaridad.sjdigitaldemo.ovh\/familia\/santa-joana-antida-thouret\/"},"modified":"2024-03-07T10:21:25","modified_gmt":"2024-03-07T09:21:25","slug":"santa-joana-antida-thouret","status":"publish","type":"familia","link":"https:\/\/filles-de-la-charite.org\/pt-pt\/familia\/santa-joana-antida-thouret\/","title":{"rendered":"Santa Joana Antide Thouret"},"content":{"rendered":"\n<p><strong>A vida de Joana Antide \u00e9 uma aventura marcada por uma paix\u00e3o: o servi\u00e7o dos pobres, \u201cos membros sofredores de Jesus Cristo\u201d, e por um acontecimento: a Revolu\u00e7\u00e3o Francesa.<\/strong><\/p>\n\n\n\n<figure class=\"wp-block-table\"><table><tbody><tr><td><strong>1765, 27 de novembro<\/strong><\/td><td>Nascimento<\/td><\/tr><tr><td><strong>1787<\/strong><\/td><td>Entrada na Companhia das Filhas da Caridade<\/td><\/tr><tr><td><strong>1799, 11 de abril<\/strong><\/td><td>Funda\u00e7\u00e3o das Irm\u00e3s da Caridade de Besan\u00e7on<\/td><\/tr><tr><td><strong>1826, 24 de agosto<\/strong><\/td><td>Morre em N\u00e1poles<\/td><\/tr><tr><td><strong>1926, 23 de maio<\/strong><\/td><td>Beatificada pelo Papa Pio XI<\/td><\/tr><tr><td><strong>1934, 14 de janeiro<\/strong><\/td><td>Canonizada pelo Papa Pio XI<\/td><\/tr><tr><td><strong>23 de maio<\/strong><\/td><td>Dia de sua festa<\/td><\/tr><\/tbody><\/table><\/figure>\n\n\n\n<p>Joana Antide Thouret nasceu em Sancey-le-Long (comuna francesa no departamento de Doubs). Ela \u00e9 quinta filha de uma fam\u00edlia rural muito crist\u00e3 da regi\u00e3o da Franche-Comt\u00e9.<\/p>\n\n\n\n<p><br>Aos vinte e dois anos, ela entra para as Filhas da Caridade de S\u00e3o Vicente de Paulo para servir os pobres, primeiro em Langres, depois em Paris.<br>Em maio de 1794, Joana Antide retorna a Sancey, pois, durante a Revolu\u00e7\u00e3o Francesa, todas as Filhas da Caridade, assim como um bom n\u00famero de religiosas, foram dispersas e tiveram que retornar para suas casas.<\/p>\n\n\n\n<p><br>Em 15 de agosto de 1795, ela parte para a Su\u00ed\u00e7a com os \u201cSolit\u00e1rios\u201d do Padre Antoine-Sylvestre Receveur, uma Comunidade obrigada, por causa da rejei\u00e7\u00e3o da f\u00e9 crist\u00e3 a vagar durante doze anos pela Europa. Com ela percorre a Su\u00ed\u00e7a e uma parte da Alemanha. Em 24 de abril de 1797, Joana Antide deixa essa Comunidade e dois meses mais tarde chega a Landeron, perto de Neuch\u00e2tel, na Su\u00ed\u00e7a, depois de uma viagem solit\u00e1ria de mais de seiscentos quil\u00f4metros. L\u00e1, ela ouve o apelo de dois padres franceses que lhe pedem para voltar para Besan\u00e7on, na Fran\u00e7a, a fim de cuidar das crian\u00e7as analfabetas e dos doentes.<br>Em 11 de abril de 1799, Joana funda em Besan\u00e7on com outras mo\u00e7as, uma escola gratuita para meninas e oferece \u201cum caldo\u201d aos pobres. O povo as chama \u201cas Irm\u00e3s do caldo e das pequenas escolas\u201d.<\/p>\n\n\n\n<p>De maio a setembro de 1802, Joana Antide redigir\u00e1 a Regra de Vida de sua Comunidade. Acompanhada de algumas Irm\u00e3s atra\u00eddas por seu ideal, ela abriu novas escolas e lugares dedicados ao cuidado dos doentes, ao mesmo tempo em que enviava suas Irm\u00e3s para dar aulas e cuidar dos pobres. Em 23 de setembro de 1802, pediram-lhe que assumisse tamb\u00e9m o servi\u00e7o dos presos de Bellevaux. Ela se esfor\u00e7ou para colocar a servi\u00e7o dos presidi\u00e1rios seus talentos de educadora, dando-lhes alimento, organizando o trabalho, permitindo-lhes assim, receber um sal\u00e1rio. Em 1807, em Paris, a Comunidade recebeu o nome oficial de \u201cIrm\u00e3s da Caridade de Besan\u00e7on\u201d.<\/p>\n\n\n\n<p><br>No dia 08 de maio de 1810, Irm\u00e3 Joana Antide foi chamada \u00e0 cidade de Thonon, na Savoia, para onde partiu com algumas Irm\u00e3s, e pouco tempo depois, em novembro de 1810, ela recebeu um chamado de N\u00e1poles para onde se dirigiu com oito de suas Irm\u00e3s. Em N\u00e1poles, pediram-lhe, primeiro, para assumir o hospital dos incur\u00e1veis. Ela abriu tamb\u00e9m uma escola, uma farm\u00e1cia no meio do convento que lhe havia sido concedido; com suas Irm\u00e3s, n\u00e3o hesitava em sair para visitar e cuidar dos doentes e dos pobres.<\/p>\n\n\n\n<p><br>Em 23 de julho de 1819, as Constitui\u00e7\u00f5es foram aprovadas pelo Papa Pio VII. Ele d\u00e1 \u00e0 Comunidade o nome de \u201cIrm\u00e3s da Caridade sob a prote\u00e7\u00e3o de S\u00e3o Vicente de Paulo\u201d. Em agosto de 1823, ap\u00f3s um per\u00edodo em Besan\u00e7on, Irm\u00e3 Joana volta para N\u00e1poles onde morre em 24 de agosto de 1826.<\/p>\n\n\n\n<p><br>A Comunidade conta agora com 4.000 Irm\u00e3s presentes nos cinco continentes, trabalhando numa grande variedade de servi\u00e7os em benef\u00edcio dos pobres. A vida comunit\u00e1ria, a Eucaristia e o Mist\u00e9rio Pascal s\u00e3o ainda hoje, como foram para Joana Antide, os elementos chaves de sua vida.<\/p>\n","protected":false},"featured_media":1000,"template":"","meta":{"_acf_changed":false,"_et_pb_use_builder":"","_et_pb_old_content":"","_et_gb_content_width":"","_links_to":"","_links_to_target":""},"origen":[],"class_list":["post-4091","familia","type-familia","status-publish","has-post-thumbnail","hentry"],"acf":[],"yoast_head":"<!-- This site is optimized with the Yoast SEO plugin v27.4 - https:\/\/yoast.com\/product\/yoast-seo-wordpress\/ -->\n<title>Santa Joana Antide Thouret - Filles de la Charit\u00e9<\/title>\n<meta name=\"robots\" content=\"index, follow, max-snippet:-1, max-image-preview:large, max-video-preview:-1\" \/>\n<link rel=\"canonical\" href=\"https:\/\/filles-de-la-charite.org\/pt-pt\/familia\/santa-joana-antida-thouret\/\" \/>\n<meta property=\"og:locale\" content=\"pt_PT\" \/>\n<meta property=\"og:type\" content=\"article\" \/>\n<meta property=\"og:title\" content=\"Santa Joana Antide Thouret - Filles de la Charit\u00e9\" \/>\n<meta property=\"og:description\" content=\"A vida de Joana Antide \u00e9 uma aventura marcada por uma paix\u00e3o: o servi\u00e7o dos pobres, \u201cos membros sofredores de Jesus Cristo\u201d, e por um acontecimento: a Revolu\u00e7\u00e3o Francesa. 1765, 27 de novembro Nascimento 1787 Entrada na Companhia das Filhas da Caridade 1799, 11 de abril Funda\u00e7\u00e3o das Irm\u00e3s da Caridade de Besan\u00e7on 1826, 24 [&hellip;]\" \/>\n<meta property=\"og:url\" content=\"https:\/\/filles-de-la-charite.org\/pt-pt\/familia\/santa-joana-antida-thouret\/\" \/>\n<meta property=\"og:site_name\" content=\"Filles de la Charit\u00e9\" \/>\n<meta property=\"article:modified_time\" content=\"2024-03-07T09:21:25+00:00\" \/>\n<meta property=\"og:image\" content=\"https:\/\/filles-de-la-charite.org\/wp-content\/uploads\/2023\/04\/image3-1-1.jpg\" \/>\n\t<meta property=\"og:image:width\" content=\"418\" \/>\n\t<meta property=\"og:image:height\" content=\"555\" \/>\n\t<meta property=\"og:image:type\" content=\"image\/jpeg\" \/>\n<meta name=\"twitter:card\" content=\"summary_large_image\" \/>\n<meta name=\"twitter:label1\" content=\"Tempo estimado de leitura\" \/>\n\t<meta name=\"twitter:data1\" content=\"3 minutos\" \/>\n<script type=\"application\/ld+json\" class=\"yoast-schema-graph\">{\"@context\":\"https:\\\/\\\/schema.org\",\"@graph\":[{\"@type\":\"WebPage\",\"@id\":\"https:\\\/\\\/filles-de-la-charite.org\\\/pt-pt\\\/familia\\\/santa-joana-antida-thouret\\\/\",\"url\":\"https:\\\/\\\/filles-de-la-charite.org\\\/pt-pt\\\/familia\\\/santa-joana-antida-thouret\\\/\",\"name\":\"Santa Joana Antide Thouret - Filles de la Charit\u00e9\",\"isPartOf\":{\"@id\":\"https:\\\/\\\/filles-de-la-charite.org\\\/pt-pt\\\/#website\"},\"primaryImageOfPage\":{\"@id\":\"https:\\\/\\\/filles-de-la-charite.org\\\/pt-pt\\\/familia\\\/santa-joana-antida-thouret\\\/#primaryimage\"},\"image\":{\"@id\":\"https:\\\/\\\/filles-de-la-charite.org\\\/pt-pt\\\/familia\\\/santa-joana-antida-thouret\\\/#primaryimage\"},\"thumbnailUrl\":\"https:\\\/\\\/filles-de-la-charite.org\\\/wp-content\\\/uploads\\\/2023\\\/04\\\/image3-1-1.jpg\",\"datePublished\":\"2020-10-21T08:00:11+00:00\",\"dateModified\":\"2024-03-07T09:21:25+00:00\",\"breadcrumb\":{\"@id\":\"https:\\\/\\\/filles-de-la-charite.org\\\/pt-pt\\\/familia\\\/santa-joana-antida-thouret\\\/#breadcrumb\"},\"inLanguage\":\"pt-PT\",\"potentialAction\":[{\"@type\":\"ReadAction\",\"target\":[\"https:\\\/\\\/filles-de-la-charite.org\\\/pt-pt\\\/familia\\\/santa-joana-antida-thouret\\\/\"]}]},{\"@type\":\"ImageObject\",\"inLanguage\":\"pt-PT\",\"@id\":\"https:\\\/\\\/filles-de-la-charite.org\\\/pt-pt\\\/familia\\\/santa-joana-antida-thouret\\\/#primaryimage\",\"url\":\"https:\\\/\\\/filles-de-la-charite.org\\\/wp-content\\\/uploads\\\/2023\\\/04\\\/image3-1-1.jpg\",\"contentUrl\":\"https:\\\/\\\/filles-de-la-charite.org\\\/wp-content\\\/uploads\\\/2023\\\/04\\\/image3-1-1.jpg\",\"width\":418,\"height\":555},{\"@type\":\"BreadcrumbList\",\"@id\":\"https:\\\/\\\/filles-de-la-charite.org\\\/pt-pt\\\/familia\\\/santa-joana-antida-thouret\\\/#breadcrumb\",\"itemListElement\":[{\"@type\":\"ListItem\",\"position\":1,\"name\":\"A nossa fam\u00edlia\",\"item\":\"https:\\\/\\\/filles-de-la-charite.org\\\/pt-pt\\\/familia\\\/\"},{\"@type\":\"ListItem\",\"position\":2,\"name\":\"Santa Joana Antide Thouret\"}]},{\"@type\":\"WebSite\",\"@id\":\"https:\\\/\\\/filles-de-la-charite.org\\\/pt-pt\\\/#website\",\"url\":\"https:\\\/\\\/filles-de-la-charite.org\\\/pt-pt\\\/\",\"name\":\"Hijas de la Caridad\",\"description\":\"L\u2019amour de J\u00e9sus nous presse \u00e0 prendre soin des personnes les plus d\u00e9munies\",\"publisher\":{\"@id\":\"https:\\\/\\\/filles-de-la-charite.org\\\/pt-pt\\\/#organization\"},\"potentialAction\":[{\"@type\":\"SearchAction\",\"target\":{\"@type\":\"EntryPoint\",\"urlTemplate\":\"https:\\\/\\\/filles-de-la-charite.org\\\/pt-pt\\\/?s={search_term_string}\"},\"query-input\":{\"@type\":\"PropertyValueSpecification\",\"valueRequired\":true,\"valueName\":\"search_term_string\"}}],\"inLanguage\":\"pt-PT\"},{\"@type\":\"Organization\",\"@id\":\"https:\\\/\\\/filles-de-la-charite.org\\\/pt-pt\\\/#organization\",\"name\":\"Hijas de la Caridad\",\"url\":\"https:\\\/\\\/filles-de-la-charite.org\\\/pt-pt\\\/\",\"logo\":{\"@type\":\"ImageObject\",\"inLanguage\":\"pt-PT\",\"@id\":\"https:\\\/\\\/filles-de-la-charite.org\\\/pt-pt\\\/#\\\/schema\\\/logo\\\/image\\\/\",\"url\":\"https:\\\/\\\/filles-de-la-charite.org\\\/wp-content\\\/uploads\\\/2023\\\/03\\\/isotipo-Hijas-de-la-Caridad.png\",\"contentUrl\":\"https:\\\/\\\/filles-de-la-charite.org\\\/wp-content\\\/uploads\\\/2023\\\/03\\\/isotipo-Hijas-de-la-Caridad.png\",\"width\":1417,\"height\":1417,\"caption\":\"Hijas de la Caridad\"},\"image\":{\"@id\":\"https:\\\/\\\/filles-de-la-charite.org\\\/pt-pt\\\/#\\\/schema\\\/logo\\\/image\\\/\"}}]}<\/script>\n<!-- \/ Yoast SEO plugin. -->","yoast_head_json":{"title":"Santa Joana Antide Thouret - Filles de la Charit\u00e9","robots":{"index":"index","follow":"follow","max-snippet":"max-snippet:-1","max-image-preview":"max-image-preview:large","max-video-preview":"max-video-preview:-1"},"canonical":"https:\/\/filles-de-la-charite.org\/pt-pt\/familia\/santa-joana-antida-thouret\/","og_locale":"pt_PT","og_type":"article","og_title":"Santa Joana Antide Thouret - Filles de la Charit\u00e9","og_description":"A vida de Joana Antide \u00e9 uma aventura marcada por uma paix\u00e3o: o servi\u00e7o dos pobres, \u201cos membros sofredores de Jesus Cristo\u201d, e por um acontecimento: a Revolu\u00e7\u00e3o Francesa. 1765, 27 de novembro Nascimento 1787 Entrada na Companhia das Filhas da Caridade 1799, 11 de abril Funda\u00e7\u00e3o das Irm\u00e3s da Caridade de Besan\u00e7on 1826, 24 [&hellip;]","og_url":"https:\/\/filles-de-la-charite.org\/pt-pt\/familia\/santa-joana-antida-thouret\/","og_site_name":"Filles de la Charit\u00e9","article_modified_time":"2024-03-07T09:21:25+00:00","og_image":[{"width":418,"height":555,"url":"https:\/\/filles-de-la-charite.org\/wp-content\/uploads\/2023\/04\/image3-1-1.jpg","type":"image\/jpeg"}],"twitter_card":"summary_large_image","twitter_misc":{"Tempo estimado de leitura":"3 minutos"},"schema":{"@context":"https:\/\/schema.org","@graph":[{"@type":"WebPage","@id":"https:\/\/filles-de-la-charite.org\/pt-pt\/familia\/santa-joana-antida-thouret\/","url":"https:\/\/filles-de-la-charite.org\/pt-pt\/familia\/santa-joana-antida-thouret\/","name":"Santa Joana Antide Thouret - Filles de la Charit\u00e9","isPartOf":{"@id":"https:\/\/filles-de-la-charite.org\/pt-pt\/#website"},"primaryImageOfPage":{"@id":"https:\/\/filles-de-la-charite.org\/pt-pt\/familia\/santa-joana-antida-thouret\/#primaryimage"},"image":{"@id":"https:\/\/filles-de-la-charite.org\/pt-pt\/familia\/santa-joana-antida-thouret\/#primaryimage"},"thumbnailUrl":"https:\/\/filles-de-la-charite.org\/wp-content\/uploads\/2023\/04\/image3-1-1.jpg","datePublished":"2020-10-21T08:00:11+00:00","dateModified":"2024-03-07T09:21:25+00:00","breadcrumb":{"@id":"https:\/\/filles-de-la-charite.org\/pt-pt\/familia\/santa-joana-antida-thouret\/#breadcrumb"},"inLanguage":"pt-PT","potentialAction":[{"@type":"ReadAction","target":["https:\/\/filles-de-la-charite.org\/pt-pt\/familia\/santa-joana-antida-thouret\/"]}]},{"@type":"ImageObject","inLanguage":"pt-PT","@id":"https:\/\/filles-de-la-charite.org\/pt-pt\/familia\/santa-joana-antida-thouret\/#primaryimage","url":"https:\/\/filles-de-la-charite.org\/wp-content\/uploads\/2023\/04\/image3-1-1.jpg","contentUrl":"https:\/\/filles-de-la-charite.org\/wp-content\/uploads\/2023\/04\/image3-1-1.jpg","width":418,"height":555},{"@type":"BreadcrumbList","@id":"https:\/\/filles-de-la-charite.org\/pt-pt\/familia\/santa-joana-antida-thouret\/#breadcrumb","itemListElement":[{"@type":"ListItem","position":1,"name":"A nossa fam\u00edlia","item":"https:\/\/filles-de-la-charite.org\/pt-pt\/familia\/"},{"@type":"ListItem","position":2,"name":"Santa Joana Antide Thouret"}]},{"@type":"WebSite","@id":"https:\/\/filles-de-la-charite.org\/pt-pt\/#website","url":"https:\/\/filles-de-la-charite.org\/pt-pt\/","name":"Hijas de la Caridad","description":"L\u2019amour de J\u00e9sus nous presse \u00e0 prendre soin des personnes les plus d\u00e9munies","publisher":{"@id":"https:\/\/filles-de-la-charite.org\/pt-pt\/#organization"},"potentialAction":[{"@type":"SearchAction","target":{"@type":"EntryPoint","urlTemplate":"https:\/\/filles-de-la-charite.org\/pt-pt\/?s={search_term_string}"},"query-input":{"@type":"PropertyValueSpecification","valueRequired":true,"valueName":"search_term_string"}}],"inLanguage":"pt-PT"},{"@type":"Organization","@id":"https:\/\/filles-de-la-charite.org\/pt-pt\/#organization","name":"Hijas de la Caridad","url":"https:\/\/filles-de-la-charite.org\/pt-pt\/","logo":{"@type":"ImageObject","inLanguage":"pt-PT","@id":"https:\/\/filles-de-la-charite.org\/pt-pt\/#\/schema\/logo\/image\/","url":"https:\/\/filles-de-la-charite.org\/wp-content\/uploads\/2023\/03\/isotipo-Hijas-de-la-Caridad.png","contentUrl":"https:\/\/filles-de-la-charite.org\/wp-content\/uploads\/2023\/03\/isotipo-Hijas-de-la-Caridad.png","width":1417,"height":1417,"caption":"Hijas de la Caridad"},"image":{"@id":"https:\/\/filles-de-la-charite.org\/pt-pt\/#\/schema\/logo\/image\/"}}]}},"_links":{"self":[{"href":"https:\/\/filles-de-la-charite.org\/pt-pt\/wp-json\/wp\/v2\/familia\/4091","targetHints":{"allow":["GET"]}}],"collection":[{"href":"https:\/\/filles-de-la-charite.org\/pt-pt\/wp-json\/wp\/v2\/familia"}],"about":[{"href":"https:\/\/filles-de-la-charite.org\/pt-pt\/wp-json\/wp\/v2\/types\/familia"}],"wp:featuredmedia":[{"embeddable":true,"href":"https:\/\/filles-de-la-charite.org\/pt-pt\/wp-json\/wp\/v2\/media\/1000"}],"wp:attachment":[{"href":"https:\/\/filles-de-la-charite.org\/pt-pt\/wp-json\/wp\/v2\/media?parent=4091"}],"wp:term":[{"taxonomy":"origen","embeddable":true,"href":"https:\/\/filles-de-la-charite.org\/pt-pt\/wp-json\/wp\/v2\/origen?post=4091"}],"curies":[{"name":"wp","href":"https:\/\/api.w.org\/{rel}","templated":true}]}}