{"id":4094,"date":"2020-10-21T12:16:43","date_gmt":"2020-10-21T10:16:43","guid":{"rendered":"https:\/\/hijascaridad.sjdigitaldemo.ovh\/familia\/as-bem-aventuradas-filhas-da-caridade-martires-durante-a-revolucao-francesa\/"},"modified":"2024-03-07T10:37:02","modified_gmt":"2024-03-07T09:37:02","slug":"as-bem-aventuradas-filhas-da-caridade-martires-durante-a-revolucao-francesa","status":"publish","type":"familia","link":"https:\/\/filles-de-la-charite.org\/pt-pt\/familia\/as-bem-aventuradas-filhas-da-caridade-martires-durante-a-revolucao-francesa\/","title":{"rendered":"As Bem-aventuradas Filhas da Caridade, m\u00e1rtires durante a Revolu\u00e7\u00e3o Francesa"},"content":{"rendered":"\n<p>As Bem-Aventuradas Filhas da Caridade, Irm\u00e3s m\u00e1rtires durante a revolu\u00e7\u00e3o Francesa viveram o que o Ap\u00f3stolo Paulo escreveu aos Romanos (8, 35; 38-39): \u201cQuem nos separar\u00e1 do amor de Cristo? (\u2026) Nem a morte, nem a vida, nem os anjos, nem os principados, nem o presente, nem o futuro, nem as potestades, nem as alturas, nem os abismos, nem outra qualquer criatura nos poder\u00e1 apartar do amor que Deus nos testemunha por Cristo Jesus, Nosso Senhor.\u201d<br>A Revolu\u00e7\u00e3o Francesa que come\u00e7ou em julho de 1789, desejava proporcionar ao povo melhores condi\u00e7\u00f5es de vida e inscreve em seu programa tr\u00eas palavras: \u201cLiberdade, Igualdade e Fraternidade\u201d.<\/p>\n\n\n\n<p><br>A partir de agosto de 1789, os revolucion\u00e1rios votam a aboli\u00e7\u00e3o de todos os privil\u00e9gios gozados pela nobreza e por um grande n\u00famero de membros da Igreja.<\/p>\n\n\n\n<p><br>Para garantir a vida da Igreja ap\u00f3s ter suprimido seus recursos, os revolucion\u00e1rios redigiram a Constitui\u00e7\u00e3o Civil do Clero e exigiram a ades\u00e3o de todos os padres atrav\u00e9s de um juramento. Muitos padres consideraram essa Constitui\u00e7\u00e3o uma ruptura com Roma e se recusaram a prestar esse juramento que consideravam cism\u00e1tico. Os padres n\u00e3o-ajuramentados, perseguidos, eram obrigados a fugir para outro pa\u00eds ou se esconder para evitar a pris\u00e3o, a morte ou a deporta\u00e7\u00e3o. Numerosos crist\u00e3os se recusaram a participar das missas de padres ajuramentados. Arriscando a pr\u00f3pria liberdade e a vida, eles esconderam os padres que continuavam seu apostolado clandestinamente.<\/p>\n\n\n\n<p><br>Os revolucion\u00e1rios atacaram, ent\u00e3o, todos aqueles que, aos seus olhos, simbolizavam a monarquia e seus privil\u00e9gios. As pris\u00f5es se multiplicaram. Em agosto de 1792, o rei foi preso com sua fam\u00edlia e as ordens religiosas suprimidas. A morte do rei Lu\u00eds XVI, guilhotinado em 21 de janeiro de 1793, marca uma reviravolta: os acontecimentos se precipitam e provocam uma explos\u00e3o de viol\u00eancia; o Terror se espalha no pa\u00eds.<\/p>\n\n\n\n<p><br>Um juramento de ades\u00e3o \u00e0 Revolu\u00e7\u00e3o, o juramento da Liberdade-Igualdade, \u00e9 imposto a todos os antigos membros das ordens religiosas que realizavam um servi\u00e7o remunerado pelo Estado. Prestar esse juramento \u00e9 visto por muitos como uma ruptura com a Igreja; aqueles que se recusam a faz\u00ea-lo s\u00e3o considerados como contrarrevolucion\u00e1rios.<br>Como a muitas outras religiosas, ser\u00e1 exigido das Filhas da Caridade, que servem os pobres nas Casas de Caridade ou nos hospitais, prestar o juramento. Elas se encontram num dilema: permanecer fi\u00e9is \u00e0 Igreja se recusando a prestar o juramento, provocar\u00e1 a expuls\u00e3o do hospital, e quem cuidar\u00e1 dos doentes? Permanecer juntos aos doentes prestando o juramento \u00e9 desligar-se da Igreja e da f\u00e9 crist\u00e3?<\/p>\n\n\n\n<p>Em 9 de abril de 1792, a Superiora Geral das Filhas da Caridade, Irm\u00e3 Antoinette Deleau envia \u00e0s Irm\u00e3s alguns pontos para orientar sua reflex\u00e3o:<br><em>\u201cPe\u00e7o-vos n\u00e3o abandonar o servi\u00e7o dos pobres se n\u00e3o forem for\u00e7adas a faz\u00ea-lo\u2026 para poder continuar o servi\u00e7o dos pobres, fazei tudo o que honestamente possa ser exigido de v\u00f3s nas atuais circunst\u00e2ncias, contanto que n\u00e3o seja nada contra a religi\u00e3o, a Igreja e a consci\u00eancia\u201d.<\/em><br>A atitude dos revolucion\u00e1rios varia de uma regi\u00e3o para outra. Algumas Casas Religiosas n\u00e3o ser\u00e3o perturbadas, outras sofrer\u00e3o grandes humilha\u00e7\u00f5es. Em algumas regi\u00f5es, as Irm\u00e3s ficaram na pris\u00e3o por longos meses. Em Angers, Dax e Arras, as Filhas da Caridade ser\u00e3o chamadas a testemunhar com a vida sua uni\u00e3o a Jesus Cristo.<\/p>\n","protected":false},"featured_media":1021,"template":"","meta":{"_acf_changed":false,"_et_pb_use_builder":"","_et_pb_old_content":"","_et_gb_content_width":"","_links_to":"","_links_to_target":""},"origen":[],"class_list":["post-4094","familia","type-familia","status-publish","has-post-thumbnail","hentry"],"acf":[],"yoast_head":"<!-- This site is optimized with the Yoast SEO plugin v27.5 - https:\/\/yoast.com\/product\/yoast-seo-wordpress\/ -->\n<title>As Bem-aventuradas Filhas da Caridade, m\u00e1rtires durante a Revolu\u00e7\u00e3o Francesa - Filles de la Charit\u00e9<\/title>\n<meta name=\"robots\" content=\"index, follow, max-snippet:-1, max-image-preview:large, max-video-preview:-1\" \/>\n<link rel=\"canonical\" href=\"https:\/\/filles-de-la-charite.org\/pt-pt\/familia\/as-bem-aventuradas-filhas-da-caridade-martires-durante-a-revolucao-francesa\/\" \/>\n<meta property=\"og:locale\" content=\"pt_PT\" \/>\n<meta property=\"og:type\" content=\"article\" \/>\n<meta property=\"og:title\" content=\"As Bem-aventuradas Filhas da Caridade, m\u00e1rtires durante a Revolu\u00e7\u00e3o Francesa - Filles de la Charit\u00e9\" \/>\n<meta property=\"og:description\" content=\"As Bem-Aventuradas Filhas da Caridade, Irm\u00e3s m\u00e1rtires durante a revolu\u00e7\u00e3o Francesa viveram o que o Ap\u00f3stolo Paulo escreveu aos Romanos (8, 35; 38-39): \u201cQuem nos separar\u00e1 do amor de Cristo? (\u2026) Nem a morte, nem a vida, nem os anjos, nem os principados, nem o presente, nem o futuro, nem as potestades, nem as alturas, [&hellip;]\" \/>\n<meta property=\"og:url\" content=\"https:\/\/filles-de-la-charite.org\/pt-pt\/familia\/as-bem-aventuradas-filhas-da-caridade-martires-durante-a-revolucao-francesa\/\" \/>\n<meta property=\"og:site_name\" content=\"Filles de la Charit\u00e9\" \/>\n<meta property=\"article:modified_time\" content=\"2024-03-07T09:37:02+00:00\" \/>\n<meta property=\"og:image\" content=\"https:\/\/filles-de-la-charite.org\/wp-content\/uploads\/2023\/04\/A-linterieur-3-1.png\" \/>\n\t<meta property=\"og:image:width\" content=\"235\" \/>\n\t<meta property=\"og:image:height\" content=\"345\" \/>\n\t<meta property=\"og:image:type\" content=\"image\/png\" \/>\n<meta name=\"twitter:card\" content=\"summary_large_image\" \/>\n<meta name=\"twitter:label1\" content=\"Tempo estimado de leitura\" \/>\n\t<meta name=\"twitter:data1\" content=\"3 minutos\" \/>\n<script type=\"application\/ld+json\" class=\"yoast-schema-graph\">{\"@context\":\"https:\\\/\\\/schema.org\",\"@graph\":[{\"@type\":\"WebPage\",\"@id\":\"https:\\\/\\\/filles-de-la-charite.org\\\/pt-pt\\\/familia\\\/as-bem-aventuradas-filhas-da-caridade-martires-durante-a-revolucao-francesa\\\/\",\"url\":\"https:\\\/\\\/filles-de-la-charite.org\\\/pt-pt\\\/familia\\\/as-bem-aventuradas-filhas-da-caridade-martires-durante-a-revolucao-francesa\\\/\",\"name\":\"As Bem-aventuradas Filhas da Caridade, m\u00e1rtires durante a Revolu\u00e7\u00e3o Francesa - Filles de la Charit\u00e9\",\"isPartOf\":{\"@id\":\"https:\\\/\\\/filles-de-la-charite.org\\\/pt-pt\\\/#website\"},\"primaryImageOfPage\":{\"@id\":\"https:\\\/\\\/filles-de-la-charite.org\\\/pt-pt\\\/familia\\\/as-bem-aventuradas-filhas-da-caridade-martires-durante-a-revolucao-francesa\\\/#primaryimage\"},\"image\":{\"@id\":\"https:\\\/\\\/filles-de-la-charite.org\\\/pt-pt\\\/familia\\\/as-bem-aventuradas-filhas-da-caridade-martires-durante-a-revolucao-francesa\\\/#primaryimage\"},\"thumbnailUrl\":\"https:\\\/\\\/filles-de-la-charite.org\\\/wp-content\\\/uploads\\\/2023\\\/04\\\/A-linterieur-3-1.png\",\"datePublished\":\"2020-10-21T10:16:43+00:00\",\"dateModified\":\"2024-03-07T09:37:02+00:00\",\"breadcrumb\":{\"@id\":\"https:\\\/\\\/filles-de-la-charite.org\\\/pt-pt\\\/familia\\\/as-bem-aventuradas-filhas-da-caridade-martires-durante-a-revolucao-francesa\\\/#breadcrumb\"},\"inLanguage\":\"pt-PT\",\"potentialAction\":[{\"@type\":\"ReadAction\",\"target\":[\"https:\\\/\\\/filles-de-la-charite.org\\\/pt-pt\\\/familia\\\/as-bem-aventuradas-filhas-da-caridade-martires-durante-a-revolucao-francesa\\\/\"]}]},{\"@type\":\"ImageObject\",\"inLanguage\":\"pt-PT\",\"@id\":\"https:\\\/\\\/filles-de-la-charite.org\\\/pt-pt\\\/familia\\\/as-bem-aventuradas-filhas-da-caridade-martires-durante-a-revolucao-francesa\\\/#primaryimage\",\"url\":\"https:\\\/\\\/filles-de-la-charite.org\\\/wp-content\\\/uploads\\\/2023\\\/04\\\/A-linterieur-3-1.png\",\"contentUrl\":\"https:\\\/\\\/filles-de-la-charite.org\\\/wp-content\\\/uploads\\\/2023\\\/04\\\/A-linterieur-3-1.png\",\"width\":235,\"height\":345},{\"@type\":\"BreadcrumbList\",\"@id\":\"https:\\\/\\\/filles-de-la-charite.org\\\/pt-pt\\\/familia\\\/as-bem-aventuradas-filhas-da-caridade-martires-durante-a-revolucao-francesa\\\/#breadcrumb\",\"itemListElement\":[{\"@type\":\"ListItem\",\"position\":1,\"name\":\"A nossa fam\u00edlia\",\"item\":\"https:\\\/\\\/filles-de-la-charite.org\\\/pt-pt\\\/familia\\\/\"},{\"@type\":\"ListItem\",\"position\":2,\"name\":\"As Bem-aventuradas Filhas da Caridade, m\u00e1rtires durante a Revolu\u00e7\u00e3o Francesa\"}]},{\"@type\":\"WebSite\",\"@id\":\"https:\\\/\\\/filles-de-la-charite.org\\\/pt-pt\\\/#website\",\"url\":\"https:\\\/\\\/filles-de-la-charite.org\\\/pt-pt\\\/\",\"name\":\"Hijas de la Caridad\",\"description\":\"L\u2019amour de J\u00e9sus nous presse \u00e0 prendre soin des personnes les plus d\u00e9munies\",\"publisher\":{\"@id\":\"https:\\\/\\\/filles-de-la-charite.org\\\/pt-pt\\\/#organization\"},\"potentialAction\":[{\"@type\":\"SearchAction\",\"target\":{\"@type\":\"EntryPoint\",\"urlTemplate\":\"https:\\\/\\\/filles-de-la-charite.org\\\/pt-pt\\\/?s={search_term_string}\"},\"query-input\":{\"@type\":\"PropertyValueSpecification\",\"valueRequired\":true,\"valueName\":\"search_term_string\"}}],\"inLanguage\":\"pt-PT\"},{\"@type\":\"Organization\",\"@id\":\"https:\\\/\\\/filles-de-la-charite.org\\\/pt-pt\\\/#organization\",\"name\":\"Hijas de la Caridad\",\"url\":\"https:\\\/\\\/filles-de-la-charite.org\\\/pt-pt\\\/\",\"logo\":{\"@type\":\"ImageObject\",\"inLanguage\":\"pt-PT\",\"@id\":\"https:\\\/\\\/filles-de-la-charite.org\\\/pt-pt\\\/#\\\/schema\\\/logo\\\/image\\\/\",\"url\":\"https:\\\/\\\/filles-de-la-charite.org\\\/wp-content\\\/uploads\\\/2023\\\/03\\\/isotipo-Hijas-de-la-Caridad.png\",\"contentUrl\":\"https:\\\/\\\/filles-de-la-charite.org\\\/wp-content\\\/uploads\\\/2023\\\/03\\\/isotipo-Hijas-de-la-Caridad.png\",\"width\":1417,\"height\":1417,\"caption\":\"Hijas de la Caridad\"},\"image\":{\"@id\":\"https:\\\/\\\/filles-de-la-charite.org\\\/pt-pt\\\/#\\\/schema\\\/logo\\\/image\\\/\"}}]}<\/script>\n<!-- \/ Yoast SEO plugin. -->","yoast_head_json":{"title":"As Bem-aventuradas Filhas da Caridade, m\u00e1rtires durante a Revolu\u00e7\u00e3o Francesa - Filles de la Charit\u00e9","robots":{"index":"index","follow":"follow","max-snippet":"max-snippet:-1","max-image-preview":"max-image-preview:large","max-video-preview":"max-video-preview:-1"},"canonical":"https:\/\/filles-de-la-charite.org\/pt-pt\/familia\/as-bem-aventuradas-filhas-da-caridade-martires-durante-a-revolucao-francesa\/","og_locale":"pt_PT","og_type":"article","og_title":"As Bem-aventuradas Filhas da Caridade, m\u00e1rtires durante a Revolu\u00e7\u00e3o Francesa - Filles de la Charit\u00e9","og_description":"As Bem-Aventuradas Filhas da Caridade, Irm\u00e3s m\u00e1rtires durante a revolu\u00e7\u00e3o Francesa viveram o que o Ap\u00f3stolo Paulo escreveu aos Romanos (8, 35; 38-39): \u201cQuem nos separar\u00e1 do amor de Cristo? (\u2026) Nem a morte, nem a vida, nem os anjos, nem os principados, nem o presente, nem o futuro, nem as potestades, nem as alturas, [&hellip;]","og_url":"https:\/\/filles-de-la-charite.org\/pt-pt\/familia\/as-bem-aventuradas-filhas-da-caridade-martires-durante-a-revolucao-francesa\/","og_site_name":"Filles de la Charit\u00e9","article_modified_time":"2024-03-07T09:37:02+00:00","og_image":[{"width":235,"height":345,"url":"https:\/\/filles-de-la-charite.org\/wp-content\/uploads\/2023\/04\/A-linterieur-3-1.png","type":"image\/png"}],"twitter_card":"summary_large_image","twitter_misc":{"Tempo estimado de leitura":"3 minutos"},"schema":{"@context":"https:\/\/schema.org","@graph":[{"@type":"WebPage","@id":"https:\/\/filles-de-la-charite.org\/pt-pt\/familia\/as-bem-aventuradas-filhas-da-caridade-martires-durante-a-revolucao-francesa\/","url":"https:\/\/filles-de-la-charite.org\/pt-pt\/familia\/as-bem-aventuradas-filhas-da-caridade-martires-durante-a-revolucao-francesa\/","name":"As Bem-aventuradas Filhas da Caridade, m\u00e1rtires durante a Revolu\u00e7\u00e3o Francesa - Filles de la Charit\u00e9","isPartOf":{"@id":"https:\/\/filles-de-la-charite.org\/pt-pt\/#website"},"primaryImageOfPage":{"@id":"https:\/\/filles-de-la-charite.org\/pt-pt\/familia\/as-bem-aventuradas-filhas-da-caridade-martires-durante-a-revolucao-francesa\/#primaryimage"},"image":{"@id":"https:\/\/filles-de-la-charite.org\/pt-pt\/familia\/as-bem-aventuradas-filhas-da-caridade-martires-durante-a-revolucao-francesa\/#primaryimage"},"thumbnailUrl":"https:\/\/filles-de-la-charite.org\/wp-content\/uploads\/2023\/04\/A-linterieur-3-1.png","datePublished":"2020-10-21T10:16:43+00:00","dateModified":"2024-03-07T09:37:02+00:00","breadcrumb":{"@id":"https:\/\/filles-de-la-charite.org\/pt-pt\/familia\/as-bem-aventuradas-filhas-da-caridade-martires-durante-a-revolucao-francesa\/#breadcrumb"},"inLanguage":"pt-PT","potentialAction":[{"@type":"ReadAction","target":["https:\/\/filles-de-la-charite.org\/pt-pt\/familia\/as-bem-aventuradas-filhas-da-caridade-martires-durante-a-revolucao-francesa\/"]}]},{"@type":"ImageObject","inLanguage":"pt-PT","@id":"https:\/\/filles-de-la-charite.org\/pt-pt\/familia\/as-bem-aventuradas-filhas-da-caridade-martires-durante-a-revolucao-francesa\/#primaryimage","url":"https:\/\/filles-de-la-charite.org\/wp-content\/uploads\/2023\/04\/A-linterieur-3-1.png","contentUrl":"https:\/\/filles-de-la-charite.org\/wp-content\/uploads\/2023\/04\/A-linterieur-3-1.png","width":235,"height":345},{"@type":"BreadcrumbList","@id":"https:\/\/filles-de-la-charite.org\/pt-pt\/familia\/as-bem-aventuradas-filhas-da-caridade-martires-durante-a-revolucao-francesa\/#breadcrumb","itemListElement":[{"@type":"ListItem","position":1,"name":"A nossa fam\u00edlia","item":"https:\/\/filles-de-la-charite.org\/pt-pt\/familia\/"},{"@type":"ListItem","position":2,"name":"As Bem-aventuradas Filhas da Caridade, m\u00e1rtires durante a Revolu\u00e7\u00e3o Francesa"}]},{"@type":"WebSite","@id":"https:\/\/filles-de-la-charite.org\/pt-pt\/#website","url":"https:\/\/filles-de-la-charite.org\/pt-pt\/","name":"Hijas de la Caridad","description":"L\u2019amour de J\u00e9sus nous presse \u00e0 prendre soin des personnes les plus d\u00e9munies","publisher":{"@id":"https:\/\/filles-de-la-charite.org\/pt-pt\/#organization"},"potentialAction":[{"@type":"SearchAction","target":{"@type":"EntryPoint","urlTemplate":"https:\/\/filles-de-la-charite.org\/pt-pt\/?s={search_term_string}"},"query-input":{"@type":"PropertyValueSpecification","valueRequired":true,"valueName":"search_term_string"}}],"inLanguage":"pt-PT"},{"@type":"Organization","@id":"https:\/\/filles-de-la-charite.org\/pt-pt\/#organization","name":"Hijas de la Caridad","url":"https:\/\/filles-de-la-charite.org\/pt-pt\/","logo":{"@type":"ImageObject","inLanguage":"pt-PT","@id":"https:\/\/filles-de-la-charite.org\/pt-pt\/#\/schema\/logo\/image\/","url":"https:\/\/filles-de-la-charite.org\/wp-content\/uploads\/2023\/03\/isotipo-Hijas-de-la-Caridad.png","contentUrl":"https:\/\/filles-de-la-charite.org\/wp-content\/uploads\/2023\/03\/isotipo-Hijas-de-la-Caridad.png","width":1417,"height":1417,"caption":"Hijas de la Caridad"},"image":{"@id":"https:\/\/filles-de-la-charite.org\/pt-pt\/#\/schema\/logo\/image\/"}}]}},"_links":{"self":[{"href":"https:\/\/filles-de-la-charite.org\/pt-pt\/wp-json\/wp\/v2\/familia\/4094","targetHints":{"allow":["GET"]}}],"collection":[{"href":"https:\/\/filles-de-la-charite.org\/pt-pt\/wp-json\/wp\/v2\/familia"}],"about":[{"href":"https:\/\/filles-de-la-charite.org\/pt-pt\/wp-json\/wp\/v2\/types\/familia"}],"wp:featuredmedia":[{"embeddable":true,"href":"https:\/\/filles-de-la-charite.org\/pt-pt\/wp-json\/wp\/v2\/media\/1021"}],"wp:attachment":[{"href":"https:\/\/filles-de-la-charite.org\/pt-pt\/wp-json\/wp\/v2\/media?parent=4094"}],"wp:term":[{"taxonomy":"origen","embeddable":true,"href":"https:\/\/filles-de-la-charite.org\/pt-pt\/wp-json\/wp\/v2\/origen?post=4094"}],"curies":[{"name":"wp","href":"https:\/\/api.w.org\/{rel}","templated":true}]}}