{"id":4095,"date":"2020-10-21T12:19:02","date_gmt":"2020-10-21T10:19:02","guid":{"rendered":"https:\/\/hijascaridad.sjdigitaldemo.ovh\/familia\/irma-maria-anna-vaillot-e-irma-odila-baumgarten-no-hospital-de-angers\/"},"modified":"2024-03-07T10:34:27","modified_gmt":"2024-03-07T09:34:27","slug":"irma-maria-anna-vaillot-e-irma-odila-baumgarten-no-hospital-de-angers","status":"publish","type":"familia","link":"https:\/\/filles-de-la-charite.org\/pt-pt\/familia\/irma-maria-anna-vaillot-e-irma-odila-baumgarten-no-hospital-de-angers\/","title":{"rendered":"Irm\u00e3 Maria Anna Vaillot e Irm\u00e3 Odila Baumgarten, hospital de Angers"},"content":{"rendered":"\n<ul class=\"wp-block-list\">\n<li><strong>1794, 1\u00ba de fevereiro<\/strong> \u2013 Fuzilamento em Angers<\/li>\n\n\n\n<li><strong>1984, 19 de fevereiro<\/strong> \u2013 Beatificadas com outros 97 M\u00e1rtires de Angers<\/li>\n\n\n\n<li><strong>1\u00ba de fevereiro \u2013 <\/strong>Dia da festa<\/li>\n<\/ul>\n\n\n\n<p>A partir de setembro de 1791, as Irm\u00e3s do hospital de Angers constataram o crescimento da persegui\u00e7\u00e3o religiosa. A exemplo do bispo muitos padres se recusam a prestar o juramento. Expulsos de suas par\u00f3quias, eles foram, rapidamente, perseguidos e presos. Um ano mais tarde (setembro de 1792), 400 deles, acorrentados, atravessam a cidade de Angers; partem para a penitenci\u00e1ria!<\/p>\n\n\n\n<p>Em 1793, os membros do Conselho municipal se dirigem ao hospital para exigir das Irm\u00e3s o juramento de Liberdade-Igualdade. Muito eloquentes insistem sobre o servi\u00e7o dos doentes. \u00c9 dado a cada uma um tempo para refletir. A Comunidade se esfor\u00e7a para permanecer unida. Os revolucion\u00e1rios logo percebem que tr\u00eas Irm\u00e3s t\u00eam influ\u00eancia sobre as outras: Irm\u00e3 Antonia Taillade, de Cahors, \u00e9 a Superiora da Comunidade. Ela tem cinquenta e quatro anos de idade e trinta e quatro de Filha da Caridade. As Irm\u00e3s apreciam sua prudente sabedoria, sua grande piedade e a for\u00e7a de seu car\u00e1ter.<\/p>\n\n\n\n<p><br>Irm\u00e3 Maria Anna Vaillot, de Fontainebleau, tem cinquenta e nove anos de idade e est\u00e1 na Comunidade h\u00e1 trinta e dois anos. Realiza com compet\u00eancia e precis\u00e3o, o trabalho do economato.<\/p>\n\n\n\n<p><br>Irm\u00e3 Odila Baumgarten, nasceu em 1750, em Gondrexange, na Lorena. Entra para as Filhas da Caridade em 1775, \u00e9 a respons\u00e1vel pelos rem\u00e9dios da farm\u00e1cia do hospital.<br>A pris\u00e3o destas tr\u00eas Irm\u00e3s \u00e9 prevista e acontece no domingo, 19 de janeiro. Irm\u00e3 Antonia Taillade, separada de suas duas Irm\u00e3s, \u00e9 encarcerada nos Penitentes, Irm\u00e3 Maria Anna e Irm\u00e3 Odila s\u00e3o levadas ao mosteiro do Calv\u00e1rio. Elas ficam impressionadas com o estado de sujeira e de mis\u00e9ria no qual os prisioneiros s\u00e3o deixados. Esperando pelo julgamento, as Irm\u00e3s escutam o sofrimento destas m\u00e3es de fam\u00edlia, presas com seus filhos, esfor\u00e7ando-se para consol\u00e1-las e, sobretudo, encoraj\u00e1-las. A morte ronda todas elas.<\/p>\n\n\n\n<p><br>Em 28 de janeiro, as duas Irm\u00e3s s\u00e3o convocadas ao tribunal revolucion\u00e1rio. Diante da viol\u00eancia dos seus ju\u00edzes, Irm\u00e3 Maria Anna responde: \u201cFa\u00e7am de mim o que quiserem\u201d. Considerada fan\u00e1tica e rebelde, a senten\u00e7a \u00e9 dada: fuzilamento. Irm\u00e3 Odila, ap\u00f3s ter ouvido a leitura do interrogat\u00f3rio de sua Irm\u00e3, acrescenta: \u201cMinha consci\u00eancia n\u00e3o me permite fazer o juramento\u201d. A senten\u00e7a \u00e9 a mesma: fuzilamento.<\/p>\n\n\n\n<p><br>Como as outras detidas, as Irm\u00e3s s\u00e3o levadas de volta para sua cela. Na manh\u00e3 de 1\u00ba de fevereiro, um comiss\u00e1rio vai \u00e0 pris\u00e3o, convoca os condenados, entre eles as duas Irm\u00e3s. Num frio \u00famido, um longo cortejo de duzentas mulheres, presas duas a duas por uma corda central, caminha com dificuldade para o \u201cCampo dos M\u00e1rtires\u201d.<\/p>\n\n\n\n<p><br>Ao longo dos tr\u00eas quil\u00f4metros de caminhada, as Irm\u00e3s pedem a Maria que as acompanhe. De repente, Irm\u00e3 Odila deixa cair seu ter\u00e7o que mantinha escondido no vestido. Um guarda a v\u00ea inclinar-se, com uma m\u00e3o apoiada sobre uma pedra, para peg\u00e1-lo. Imediatamente, ele a golpeia com a arma. Irm\u00e3 Odila cambaleia. Irm\u00e3 Maria Anna a apoia e teme que ela seja lan\u00e7ada no carro que transporta os agonizantes. O ter\u00e7o ser\u00e1 recolhido por uma mulher que, mais tarde, o entregar\u00e1 \u00e0s Irm\u00e3s do hospital.<\/p>\n\n\n\n<p><br>Ao chegarem ao Campo dos M\u00e1rtires, as v\u00edtimas descobriram a presen\u00e7a das Irm\u00e3s e, emocionadas, pediram sua b\u00ean\u00e7\u00e3o. Para surpresa das Irm\u00e3s, o comandante do batalh\u00e3o de execu\u00e7\u00e3o se aproxima e prop\u00f5e poup\u00e1-las dizendo que elas prestaram o juramento. Corajosamente, Irm\u00e3 Maria Anna responde: \u201cCidad\u00e3o, n\u00f3s n\u00e3o somente n\u00e3o queremos fazer o juramento, nem tampouco dar a impress\u00e3o de t\u00ea-lo feito\u201d.<\/p>\n\n\n\n<p><br>Um canto se eleva! \u201cEu coloco minha confian\u00e7a, Virgem Maria, em vosso socorro\u201d. Os fuzis s\u00e3o erguidos, os corpos desabam. Uma fossa os recolhe. Um grande sil\u00eancio e a paz de Deus descem sobre este campo de gl\u00f3ria.<br>No hospital, os administradores continuam a pressionar as Irm\u00e3s. Cada uma, com toda liberdade, toma sua decis\u00e3o. Dez Irm\u00e3s prestam o juramento de Liberdade-Igualdade para permanecer junto aos doentes. As outras dezessete tendo se recusado, s\u00e3o presas no dia 11 de mar\u00e7o e encontram na pris\u00e3o Irm\u00e3 Antonia Taillade. Algumas semanas mais tarde, na companhia de outras religiosas, elas s\u00e3o levadas, a maior parte do tempo a p\u00e9, at\u00e9 o Lorient para serem deportadas para Cayenne. Durante longos dias, elas permanecem esperando. O comandante do Arsenal, onde as Irm\u00e3s ficaram presas, vendo como os marinheiros doentes foram cuidados por essas mulheres, recusa-se a embarc\u00e1-las no navio preparado para isso. As Irm\u00e3s retornaram ao hospital de Angers em 1804.<\/p>\n","protected":false},"featured_media":1028,"template":"","meta":{"_acf_changed":false,"_et_pb_use_builder":"","_et_pb_old_content":"","_et_gb_content_width":"","_links_to":"","_links_to_target":""},"origen":[],"class_list":["post-4095","familia","type-familia","status-publish","has-post-thumbnail","hentry"],"acf":[],"yoast_head":"<!-- This site is optimized with the Yoast SEO plugin v27.5 - https:\/\/yoast.com\/product\/yoast-seo-wordpress\/ -->\n<title>Irm\u00e3 Maria Anna Vaillot e Irm\u00e3 Odila Baumgarten, hospital de Angers - Filles de la Charit\u00e9<\/title>\n<meta name=\"robots\" content=\"index, follow, max-snippet:-1, max-image-preview:large, max-video-preview:-1\" \/>\n<link rel=\"canonical\" href=\"https:\/\/filles-de-la-charite.org\/pt-pt\/familia\/irma-maria-anna-vaillot-e-irma-odila-baumgarten-no-hospital-de-angers\/\" \/>\n<meta property=\"og:locale\" content=\"pt_PT\" \/>\n<meta property=\"og:type\" content=\"article\" \/>\n<meta property=\"og:title\" content=\"Irm\u00e3 Maria Anna Vaillot e Irm\u00e3 Odila Baumgarten, hospital de Angers - Filles de la Charit\u00e9\" \/>\n<meta property=\"og:description\" content=\"A partir de setembro de 1791, as Irm\u00e3s do hospital de Angers constataram o crescimento da persegui\u00e7\u00e3o religiosa. A exemplo do bispo muitos padres se recusam a prestar o juramento. Expulsos de suas par\u00f3quias, eles foram, rapidamente, perseguidos e presos. Um ano mais tarde (setembro de 1792), 400 deles, acorrentados, atravessam a cidade de Angers; [&hellip;]\" \/>\n<meta property=\"og:url\" content=\"https:\/\/filles-de-la-charite.org\/pt-pt\/familia\/irma-maria-anna-vaillot-e-irma-odila-baumgarten-no-hospital-de-angers\/\" \/>\n<meta property=\"og:site_name\" content=\"Filles de la Charit\u00e9\" \/>\n<meta property=\"article:modified_time\" content=\"2024-03-07T09:34:27+00:00\" \/>\n<meta property=\"og:image\" content=\"https:\/\/filles-de-la-charite.org\/wp-content\/uploads\/2023\/04\/Angers-005_jpg-1.jpg\" \/>\n\t<meta property=\"og:image:width\" content=\"640\" \/>\n\t<meta property=\"og:image:height\" content=\"471\" \/>\n\t<meta property=\"og:image:type\" content=\"image\/jpeg\" \/>\n<meta name=\"twitter:card\" content=\"summary_large_image\" \/>\n<meta name=\"twitter:label1\" content=\"Tempo estimado de leitura\" \/>\n\t<meta name=\"twitter:data1\" content=\"4 minutos\" \/>\n<script type=\"application\/ld+json\" class=\"yoast-schema-graph\">{\"@context\":\"https:\\\/\\\/schema.org\",\"@graph\":[{\"@type\":\"WebPage\",\"@id\":\"https:\\\/\\\/filles-de-la-charite.org\\\/pt-pt\\\/familia\\\/irma-maria-anna-vaillot-e-irma-odila-baumgarten-no-hospital-de-angers\\\/\",\"url\":\"https:\\\/\\\/filles-de-la-charite.org\\\/pt-pt\\\/familia\\\/irma-maria-anna-vaillot-e-irma-odila-baumgarten-no-hospital-de-angers\\\/\",\"name\":\"Irm\u00e3 Maria Anna Vaillot e Irm\u00e3 Odila Baumgarten, hospital de Angers - Filles de la Charit\u00e9\",\"isPartOf\":{\"@id\":\"https:\\\/\\\/filles-de-la-charite.org\\\/pt-pt\\\/#website\"},\"primaryImageOfPage\":{\"@id\":\"https:\\\/\\\/filles-de-la-charite.org\\\/pt-pt\\\/familia\\\/irma-maria-anna-vaillot-e-irma-odila-baumgarten-no-hospital-de-angers\\\/#primaryimage\"},\"image\":{\"@id\":\"https:\\\/\\\/filles-de-la-charite.org\\\/pt-pt\\\/familia\\\/irma-maria-anna-vaillot-e-irma-odila-baumgarten-no-hospital-de-angers\\\/#primaryimage\"},\"thumbnailUrl\":\"https:\\\/\\\/filles-de-la-charite.org\\\/wp-content\\\/uploads\\\/2023\\\/04\\\/Angers-005_jpg-1.jpg\",\"datePublished\":\"2020-10-21T10:19:02+00:00\",\"dateModified\":\"2024-03-07T09:34:27+00:00\",\"breadcrumb\":{\"@id\":\"https:\\\/\\\/filles-de-la-charite.org\\\/pt-pt\\\/familia\\\/irma-maria-anna-vaillot-e-irma-odila-baumgarten-no-hospital-de-angers\\\/#breadcrumb\"},\"inLanguage\":\"pt-PT\",\"potentialAction\":[{\"@type\":\"ReadAction\",\"target\":[\"https:\\\/\\\/filles-de-la-charite.org\\\/pt-pt\\\/familia\\\/irma-maria-anna-vaillot-e-irma-odila-baumgarten-no-hospital-de-angers\\\/\"]}]},{\"@type\":\"ImageObject\",\"inLanguage\":\"pt-PT\",\"@id\":\"https:\\\/\\\/filles-de-la-charite.org\\\/pt-pt\\\/familia\\\/irma-maria-anna-vaillot-e-irma-odila-baumgarten-no-hospital-de-angers\\\/#primaryimage\",\"url\":\"https:\\\/\\\/filles-de-la-charite.org\\\/wp-content\\\/uploads\\\/2023\\\/04\\\/Angers-005_jpg-1.jpg\",\"contentUrl\":\"https:\\\/\\\/filles-de-la-charite.org\\\/wp-content\\\/uploads\\\/2023\\\/04\\\/Angers-005_jpg-1.jpg\",\"width\":640,\"height\":471},{\"@type\":\"BreadcrumbList\",\"@id\":\"https:\\\/\\\/filles-de-la-charite.org\\\/pt-pt\\\/familia\\\/irma-maria-anna-vaillot-e-irma-odila-baumgarten-no-hospital-de-angers\\\/#breadcrumb\",\"itemListElement\":[{\"@type\":\"ListItem\",\"position\":1,\"name\":\"A nossa fam\u00edlia\",\"item\":\"https:\\\/\\\/filles-de-la-charite.org\\\/pt-pt\\\/familia\\\/\"},{\"@type\":\"ListItem\",\"position\":2,\"name\":\"As Bem-aventuradas Filhas da Caridade, m\u00e1rtires durante a Revolu\u00e7\u00e3o Francesa\",\"item\":\"https:\\\/\\\/filles-de-la-charite.org\\\/pt-pt\\\/familia\\\/las-bienaventuradas-hijas-de-la-caridad-martires-durante-la-revolucion-francesa\\\/\"},{\"@type\":\"ListItem\",\"position\":3,\"name\":\"Irm\u00e3 Maria Anna Vaillot e Irm\u00e3 Odila Baumgarten, hospital de Angers\"}]},{\"@type\":\"WebSite\",\"@id\":\"https:\\\/\\\/filles-de-la-charite.org\\\/pt-pt\\\/#website\",\"url\":\"https:\\\/\\\/filles-de-la-charite.org\\\/pt-pt\\\/\",\"name\":\"Hijas de la Caridad\",\"description\":\"L\u2019amour de J\u00e9sus nous presse \u00e0 prendre soin des personnes les plus d\u00e9munies\",\"publisher\":{\"@id\":\"https:\\\/\\\/filles-de-la-charite.org\\\/pt-pt\\\/#organization\"},\"potentialAction\":[{\"@type\":\"SearchAction\",\"target\":{\"@type\":\"EntryPoint\",\"urlTemplate\":\"https:\\\/\\\/filles-de-la-charite.org\\\/pt-pt\\\/?s={search_term_string}\"},\"query-input\":{\"@type\":\"PropertyValueSpecification\",\"valueRequired\":true,\"valueName\":\"search_term_string\"}}],\"inLanguage\":\"pt-PT\"},{\"@type\":\"Organization\",\"@id\":\"https:\\\/\\\/filles-de-la-charite.org\\\/pt-pt\\\/#organization\",\"name\":\"Hijas de la Caridad\",\"url\":\"https:\\\/\\\/filles-de-la-charite.org\\\/pt-pt\\\/\",\"logo\":{\"@type\":\"ImageObject\",\"inLanguage\":\"pt-PT\",\"@id\":\"https:\\\/\\\/filles-de-la-charite.org\\\/pt-pt\\\/#\\\/schema\\\/logo\\\/image\\\/\",\"url\":\"https:\\\/\\\/filles-de-la-charite.org\\\/wp-content\\\/uploads\\\/2023\\\/03\\\/isotipo-Hijas-de-la-Caridad.png\",\"contentUrl\":\"https:\\\/\\\/filles-de-la-charite.org\\\/wp-content\\\/uploads\\\/2023\\\/03\\\/isotipo-Hijas-de-la-Caridad.png\",\"width\":1417,\"height\":1417,\"caption\":\"Hijas de la Caridad\"},\"image\":{\"@id\":\"https:\\\/\\\/filles-de-la-charite.org\\\/pt-pt\\\/#\\\/schema\\\/logo\\\/image\\\/\"}}]}<\/script>\n<!-- \/ Yoast SEO plugin. -->","yoast_head_json":{"title":"Irm\u00e3 Maria Anna Vaillot e Irm\u00e3 Odila Baumgarten, hospital de Angers - Filles de la Charit\u00e9","robots":{"index":"index","follow":"follow","max-snippet":"max-snippet:-1","max-image-preview":"max-image-preview:large","max-video-preview":"max-video-preview:-1"},"canonical":"https:\/\/filles-de-la-charite.org\/pt-pt\/familia\/irma-maria-anna-vaillot-e-irma-odila-baumgarten-no-hospital-de-angers\/","og_locale":"pt_PT","og_type":"article","og_title":"Irm\u00e3 Maria Anna Vaillot e Irm\u00e3 Odila Baumgarten, hospital de Angers - Filles de la Charit\u00e9","og_description":"A partir de setembro de 1791, as Irm\u00e3s do hospital de Angers constataram o crescimento da persegui\u00e7\u00e3o religiosa. A exemplo do bispo muitos padres se recusam a prestar o juramento. Expulsos de suas par\u00f3quias, eles foram, rapidamente, perseguidos e presos. Um ano mais tarde (setembro de 1792), 400 deles, acorrentados, atravessam a cidade de Angers; [&hellip;]","og_url":"https:\/\/filles-de-la-charite.org\/pt-pt\/familia\/irma-maria-anna-vaillot-e-irma-odila-baumgarten-no-hospital-de-angers\/","og_site_name":"Filles de la Charit\u00e9","article_modified_time":"2024-03-07T09:34:27+00:00","og_image":[{"width":640,"height":471,"url":"https:\/\/filles-de-la-charite.org\/wp-content\/uploads\/2023\/04\/Angers-005_jpg-1.jpg","type":"image\/jpeg"}],"twitter_card":"summary_large_image","twitter_misc":{"Tempo estimado de leitura":"4 minutos"},"schema":{"@context":"https:\/\/schema.org","@graph":[{"@type":"WebPage","@id":"https:\/\/filles-de-la-charite.org\/pt-pt\/familia\/irma-maria-anna-vaillot-e-irma-odila-baumgarten-no-hospital-de-angers\/","url":"https:\/\/filles-de-la-charite.org\/pt-pt\/familia\/irma-maria-anna-vaillot-e-irma-odila-baumgarten-no-hospital-de-angers\/","name":"Irm\u00e3 Maria Anna Vaillot e Irm\u00e3 Odila Baumgarten, hospital de Angers - Filles de la Charit\u00e9","isPartOf":{"@id":"https:\/\/filles-de-la-charite.org\/pt-pt\/#website"},"primaryImageOfPage":{"@id":"https:\/\/filles-de-la-charite.org\/pt-pt\/familia\/irma-maria-anna-vaillot-e-irma-odila-baumgarten-no-hospital-de-angers\/#primaryimage"},"image":{"@id":"https:\/\/filles-de-la-charite.org\/pt-pt\/familia\/irma-maria-anna-vaillot-e-irma-odila-baumgarten-no-hospital-de-angers\/#primaryimage"},"thumbnailUrl":"https:\/\/filles-de-la-charite.org\/wp-content\/uploads\/2023\/04\/Angers-005_jpg-1.jpg","datePublished":"2020-10-21T10:19:02+00:00","dateModified":"2024-03-07T09:34:27+00:00","breadcrumb":{"@id":"https:\/\/filles-de-la-charite.org\/pt-pt\/familia\/irma-maria-anna-vaillot-e-irma-odila-baumgarten-no-hospital-de-angers\/#breadcrumb"},"inLanguage":"pt-PT","potentialAction":[{"@type":"ReadAction","target":["https:\/\/filles-de-la-charite.org\/pt-pt\/familia\/irma-maria-anna-vaillot-e-irma-odila-baumgarten-no-hospital-de-angers\/"]}]},{"@type":"ImageObject","inLanguage":"pt-PT","@id":"https:\/\/filles-de-la-charite.org\/pt-pt\/familia\/irma-maria-anna-vaillot-e-irma-odila-baumgarten-no-hospital-de-angers\/#primaryimage","url":"https:\/\/filles-de-la-charite.org\/wp-content\/uploads\/2023\/04\/Angers-005_jpg-1.jpg","contentUrl":"https:\/\/filles-de-la-charite.org\/wp-content\/uploads\/2023\/04\/Angers-005_jpg-1.jpg","width":640,"height":471},{"@type":"BreadcrumbList","@id":"https:\/\/filles-de-la-charite.org\/pt-pt\/familia\/irma-maria-anna-vaillot-e-irma-odila-baumgarten-no-hospital-de-angers\/#breadcrumb","itemListElement":[{"@type":"ListItem","position":1,"name":"A nossa fam\u00edlia","item":"https:\/\/filles-de-la-charite.org\/pt-pt\/familia\/"},{"@type":"ListItem","position":2,"name":"As Bem-aventuradas Filhas da Caridade, m\u00e1rtires durante a Revolu\u00e7\u00e3o Francesa","item":"https:\/\/filles-de-la-charite.org\/pt-pt\/familia\/las-bienaventuradas-hijas-de-la-caridad-martires-durante-la-revolucion-francesa\/"},{"@type":"ListItem","position":3,"name":"Irm\u00e3 Maria Anna Vaillot e Irm\u00e3 Odila Baumgarten, hospital de Angers"}]},{"@type":"WebSite","@id":"https:\/\/filles-de-la-charite.org\/pt-pt\/#website","url":"https:\/\/filles-de-la-charite.org\/pt-pt\/","name":"Hijas de la Caridad","description":"L\u2019amour de J\u00e9sus nous presse \u00e0 prendre soin des personnes les plus d\u00e9munies","publisher":{"@id":"https:\/\/filles-de-la-charite.org\/pt-pt\/#organization"},"potentialAction":[{"@type":"SearchAction","target":{"@type":"EntryPoint","urlTemplate":"https:\/\/filles-de-la-charite.org\/pt-pt\/?s={search_term_string}"},"query-input":{"@type":"PropertyValueSpecification","valueRequired":true,"valueName":"search_term_string"}}],"inLanguage":"pt-PT"},{"@type":"Organization","@id":"https:\/\/filles-de-la-charite.org\/pt-pt\/#organization","name":"Hijas de la Caridad","url":"https:\/\/filles-de-la-charite.org\/pt-pt\/","logo":{"@type":"ImageObject","inLanguage":"pt-PT","@id":"https:\/\/filles-de-la-charite.org\/pt-pt\/#\/schema\/logo\/image\/","url":"https:\/\/filles-de-la-charite.org\/wp-content\/uploads\/2023\/03\/isotipo-Hijas-de-la-Caridad.png","contentUrl":"https:\/\/filles-de-la-charite.org\/wp-content\/uploads\/2023\/03\/isotipo-Hijas-de-la-Caridad.png","width":1417,"height":1417,"caption":"Hijas de la Caridad"},"image":{"@id":"https:\/\/filles-de-la-charite.org\/pt-pt\/#\/schema\/logo\/image\/"}}]}},"_links":{"self":[{"href":"https:\/\/filles-de-la-charite.org\/pt-pt\/wp-json\/wp\/v2\/familia\/4095","targetHints":{"allow":["GET"]}}],"collection":[{"href":"https:\/\/filles-de-la-charite.org\/pt-pt\/wp-json\/wp\/v2\/familia"}],"about":[{"href":"https:\/\/filles-de-la-charite.org\/pt-pt\/wp-json\/wp\/v2\/types\/familia"}],"wp:featuredmedia":[{"embeddable":true,"href":"https:\/\/filles-de-la-charite.org\/pt-pt\/wp-json\/wp\/v2\/media\/1028"}],"wp:attachment":[{"href":"https:\/\/filles-de-la-charite.org\/pt-pt\/wp-json\/wp\/v2\/media?parent=4095"}],"wp:term":[{"taxonomy":"origen","embeddable":true,"href":"https:\/\/filles-de-la-charite.org\/pt-pt\/wp-json\/wp\/v2\/origen?post=4095"}],"curies":[{"name":"wp","href":"https:\/\/api.w.org\/{rel}","templated":true}]}}