{"id":4096,"date":"2020-10-21T14:08:09","date_gmt":"2020-10-21T12:08:09","guid":{"rendered":"https:\/\/hijascaridad.sjdigitaldemo.ovh\/familia\/irma-margarida-rutan-hospital-de-dax\/"},"modified":"2024-03-07T10:32:34","modified_gmt":"2024-03-07T09:32:34","slug":"irma-margarida-rutan-hospital-de-dax","status":"publish","type":"familia","link":"https:\/\/filles-de-la-charite.org\/pt-pt\/familia\/irma-margarida-rutan-hospital-de-dax\/","title":{"rendered":"Irm\u00e3 Margarida Rutan, hospital de Dax"},"content":{"rendered":"\n<ul class=\"wp-block-list\">\n<li><strong>1794, 9 de abril<\/strong>\u00a0&#8211; Guilhotinada em Dax<\/li>\n\n\n\n<li><strong>2011, 19 de junho<\/strong>\u00a0&#8211; Beatifica\u00e7\u00e3o<\/li>\n\n\n\n<li><strong>26 de junho<\/strong> &#8211; Dia de sua festa<\/li>\n<\/ul>\n\n\n\n<p>Irm\u00e3 Margarida Rutan nasceu em Metz, em 23 de abril de 1736, e entrou para a Companhia das Filhas da Caridade em 1757. Ap\u00f3s ter adquirido uma grande experi\u00eancia no cuidado dos doentes em v\u00e1rios hospitais, ela foi para o Hospital Saint-Eutrope, de Dax, em 1779. Neste hospital novo, rec\u00e9m-constru\u00eddo, Irm\u00e3 Margarida organiza o trabalho, planeja as adapta\u00e7\u00f5es necess\u00e1rias, constr\u00f3i a capela. Sobretudo dirige toda a sua aten\u00e7\u00e3o aos doentes e \u00e0s crian\u00e7as abandonadas. Compartilha com as seis Irm\u00e3s da Comunidade as alegrias, os sofrimentos e o cansa\u00e7o.<\/p>\n\n\n\n<p><br>A Revolu\u00e7\u00e3o coloca no hospital um novo diretor adepto \u00e0s novas ideias, depois um capel\u00e3o que prestou o juramento. As Irm\u00e3s se recusam a assistir sua missa. E, apesar das dificuldades, elas continuam o trabalho junto aos doentes e aos soldados feridos.<\/p>\n\n\n\n<p><br>Como em Angers, o juramento de Igualdade-Liberdade lhes \u00e9 exigido, ap\u00f3s uma reflex\u00e3o comunit\u00e1ria, elas se op\u00f5em categoricamente a esta exig\u00eancia, conscientes das poss\u00edveis consequ\u00eancias.<\/p>\n\n\n\n<p><br>Os membros do comit\u00ea revolucion\u00e1rio, que querem afastar a Superiora de suas Irm\u00e3s, procuram um motivo para prend\u00ea-la. Um falso testemunho permite dizer que Irm\u00e3 Margarida n\u00e3o \u00e9 patriota, mas uma fan\u00e1tica que contesta os princ\u00edpios da revolu\u00e7\u00e3o e tenta convencer os soldados feridos a desertarem e juntarem-se ao ex\u00e9rcito mon\u00e1rquico da Vend\u00e9ens.<br>Em 24 de dezembro de 1793, v\u00e9spera do Natal, Irm\u00e3 Margarida \u00e9 presa. No sil\u00eancio de sua cela, ela celebra o nascimento do Salvador. As semanas passam e as not\u00edcias chegam \u00e0 sua cela: a guilhotina foi colocada na pra\u00e7a Poyanne, perto da pris\u00e3o; a deten\u00e7\u00e3o em 19 de fevereiro, de cinco Irm\u00e3s do hospital. A sexta, Irm\u00e3 Monique, permanece no lugar, por ordem dos revolucion\u00e1rios, para manter o servi\u00e7o dos doentes.<\/p>\n\n\n\n<p><br>Em 9 de abril, Irm\u00e3 Margarida Rutan \u00e9 julgada e condenada \u00e0 morte. A execu\u00e7\u00e3o da senten\u00e7a \u00e9 imediata. Amarrada pelas costas ao abade Lannelongue que compartilha a mesma sorte, Margarida, impregnada de uma for\u00e7a que a ultrapassa, avan\u00e7a dignamente at\u00e9 a guilhotina, confiando a Maria sua entrada na vida eterna.<\/p>\n\n\n\n<p><br>As cinco Irm\u00e3s presas foram libertadas no fim de 1794 e tr\u00eas dentre elas retomaram o servi\u00e7o dos doentes no hospital.<\/p>\n","protected":false},"featured_media":1035,"template":"","meta":{"_acf_changed":false,"_et_pb_use_builder":"","_et_pb_old_content":"","_et_gb_content_width":"","_links_to":"","_links_to_target":""},"origen":[],"class_list":["post-4096","familia","type-familia","status-publish","has-post-thumbnail","hentry"],"acf":[],"yoast_head":"<!-- This site is optimized with the Yoast SEO plugin v27.5 - https:\/\/yoast.com\/product\/yoast-seo-wordpress\/ -->\n<title>Irm\u00e3 Margarida Rutan, hospital de Dax - Filles de la Charit\u00e9<\/title>\n<meta name=\"robots\" content=\"index, follow, max-snippet:-1, max-image-preview:large, max-video-preview:-1\" \/>\n<link rel=\"canonical\" href=\"https:\/\/filles-de-la-charite.org\/pt-pt\/familia\/irma-margarida-rutan-hospital-de-dax\/\" \/>\n<meta property=\"og:locale\" content=\"pt_PT\" \/>\n<meta property=\"og:type\" content=\"article\" \/>\n<meta property=\"og:title\" content=\"Irm\u00e3 Margarida Rutan, hospital de Dax - Filles de la Charit\u00e9\" \/>\n<meta property=\"og:description\" content=\"Irm\u00e3 Margarida Rutan nasceu em Metz, em 23 de abril de 1736, e entrou para a Companhia das Filhas da Caridade em 1757. Ap\u00f3s ter adquirido uma grande experi\u00eancia no cuidado dos doentes em v\u00e1rios hospitais, ela foi para o Hospital Saint-Eutrope, de Dax, em 1779. Neste hospital novo, rec\u00e9m-constru\u00eddo, Irm\u00e3 Margarida organiza o trabalho, [&hellip;]\" \/>\n<meta property=\"og:url\" content=\"https:\/\/filles-de-la-charite.org\/pt-pt\/familia\/irma-margarida-rutan-hospital-de-dax\/\" \/>\n<meta property=\"og:site_name\" content=\"Filles de la Charit\u00e9\" \/>\n<meta property=\"article:modified_time\" content=\"2024-03-07T09:32:34+00:00\" \/>\n<meta property=\"og:image\" content=\"https:\/\/filles-de-la-charite.org\/wp-content\/uploads\/2023\/04\/M.Rutan_1-1.jpg\" \/>\n\t<meta property=\"og:image:width\" content=\"355\" \/>\n\t<meta property=\"og:image:height\" content=\"538\" \/>\n\t<meta property=\"og:image:type\" content=\"image\/jpeg\" \/>\n<meta name=\"twitter:card\" content=\"summary_large_image\" \/>\n<meta name=\"twitter:label1\" content=\"Tempo estimado de leitura\" \/>\n\t<meta name=\"twitter:data1\" content=\"2 minutos\" \/>\n<script type=\"application\/ld+json\" class=\"yoast-schema-graph\">{\"@context\":\"https:\\\/\\\/schema.org\",\"@graph\":[{\"@type\":\"WebPage\",\"@id\":\"https:\\\/\\\/filles-de-la-charite.org\\\/pt-pt\\\/familia\\\/irma-margarida-rutan-hospital-de-dax\\\/\",\"url\":\"https:\\\/\\\/filles-de-la-charite.org\\\/pt-pt\\\/familia\\\/irma-margarida-rutan-hospital-de-dax\\\/\",\"name\":\"Irm\u00e3 Margarida Rutan, hospital de Dax - Filles de la Charit\u00e9\",\"isPartOf\":{\"@id\":\"https:\\\/\\\/filles-de-la-charite.org\\\/pt-pt\\\/#website\"},\"primaryImageOfPage\":{\"@id\":\"https:\\\/\\\/filles-de-la-charite.org\\\/pt-pt\\\/familia\\\/irma-margarida-rutan-hospital-de-dax\\\/#primaryimage\"},\"image\":{\"@id\":\"https:\\\/\\\/filles-de-la-charite.org\\\/pt-pt\\\/familia\\\/irma-margarida-rutan-hospital-de-dax\\\/#primaryimage\"},\"thumbnailUrl\":\"https:\\\/\\\/filles-de-la-charite.org\\\/wp-content\\\/uploads\\\/2023\\\/04\\\/M.Rutan_1-1.jpg\",\"datePublished\":\"2020-10-21T12:08:09+00:00\",\"dateModified\":\"2024-03-07T09:32:34+00:00\",\"breadcrumb\":{\"@id\":\"https:\\\/\\\/filles-de-la-charite.org\\\/pt-pt\\\/familia\\\/irma-margarida-rutan-hospital-de-dax\\\/#breadcrumb\"},\"inLanguage\":\"pt-PT\",\"potentialAction\":[{\"@type\":\"ReadAction\",\"target\":[\"https:\\\/\\\/filles-de-la-charite.org\\\/pt-pt\\\/familia\\\/irma-margarida-rutan-hospital-de-dax\\\/\"]}]},{\"@type\":\"ImageObject\",\"inLanguage\":\"pt-PT\",\"@id\":\"https:\\\/\\\/filles-de-la-charite.org\\\/pt-pt\\\/familia\\\/irma-margarida-rutan-hospital-de-dax\\\/#primaryimage\",\"url\":\"https:\\\/\\\/filles-de-la-charite.org\\\/wp-content\\\/uploads\\\/2023\\\/04\\\/M.Rutan_1-1.jpg\",\"contentUrl\":\"https:\\\/\\\/filles-de-la-charite.org\\\/wp-content\\\/uploads\\\/2023\\\/04\\\/M.Rutan_1-1.jpg\",\"width\":355,\"height\":538},{\"@type\":\"BreadcrumbList\",\"@id\":\"https:\\\/\\\/filles-de-la-charite.org\\\/pt-pt\\\/familia\\\/irma-margarida-rutan-hospital-de-dax\\\/#breadcrumb\",\"itemListElement\":[{\"@type\":\"ListItem\",\"position\":1,\"name\":\"A nossa fam\u00edlia\",\"item\":\"https:\\\/\\\/filles-de-la-charite.org\\\/pt-pt\\\/familia\\\/\"},{\"@type\":\"ListItem\",\"position\":2,\"name\":\"As Bem-aventuradas Filhas da Caridade, m\u00e1rtires durante a Revolu\u00e7\u00e3o Francesa\",\"item\":\"https:\\\/\\\/filles-de-la-charite.org\\\/pt-pt\\\/familia\\\/las-bienaventuradas-hijas-de-la-caridad-martires-durante-la-revolucion-francesa\\\/\"},{\"@type\":\"ListItem\",\"position\":3,\"name\":\"Irm\u00e3 Margarida Rutan, hospital de Dax\"}]},{\"@type\":\"WebSite\",\"@id\":\"https:\\\/\\\/filles-de-la-charite.org\\\/pt-pt\\\/#website\",\"url\":\"https:\\\/\\\/filles-de-la-charite.org\\\/pt-pt\\\/\",\"name\":\"Hijas de la Caridad\",\"description\":\"L\u2019amour de J\u00e9sus nous presse \u00e0 prendre soin des personnes les plus d\u00e9munies\",\"publisher\":{\"@id\":\"https:\\\/\\\/filles-de-la-charite.org\\\/pt-pt\\\/#organization\"},\"potentialAction\":[{\"@type\":\"SearchAction\",\"target\":{\"@type\":\"EntryPoint\",\"urlTemplate\":\"https:\\\/\\\/filles-de-la-charite.org\\\/pt-pt\\\/?s={search_term_string}\"},\"query-input\":{\"@type\":\"PropertyValueSpecification\",\"valueRequired\":true,\"valueName\":\"search_term_string\"}}],\"inLanguage\":\"pt-PT\"},{\"@type\":\"Organization\",\"@id\":\"https:\\\/\\\/filles-de-la-charite.org\\\/pt-pt\\\/#organization\",\"name\":\"Hijas de la Caridad\",\"url\":\"https:\\\/\\\/filles-de-la-charite.org\\\/pt-pt\\\/\",\"logo\":{\"@type\":\"ImageObject\",\"inLanguage\":\"pt-PT\",\"@id\":\"https:\\\/\\\/filles-de-la-charite.org\\\/pt-pt\\\/#\\\/schema\\\/logo\\\/image\\\/\",\"url\":\"https:\\\/\\\/filles-de-la-charite.org\\\/wp-content\\\/uploads\\\/2023\\\/03\\\/isotipo-Hijas-de-la-Caridad.png\",\"contentUrl\":\"https:\\\/\\\/filles-de-la-charite.org\\\/wp-content\\\/uploads\\\/2023\\\/03\\\/isotipo-Hijas-de-la-Caridad.png\",\"width\":1417,\"height\":1417,\"caption\":\"Hijas de la Caridad\"},\"image\":{\"@id\":\"https:\\\/\\\/filles-de-la-charite.org\\\/pt-pt\\\/#\\\/schema\\\/logo\\\/image\\\/\"}}]}<\/script>\n<!-- \/ Yoast SEO plugin. -->","yoast_head_json":{"title":"Irm\u00e3 Margarida Rutan, hospital de Dax - Filles de la Charit\u00e9","robots":{"index":"index","follow":"follow","max-snippet":"max-snippet:-1","max-image-preview":"max-image-preview:large","max-video-preview":"max-video-preview:-1"},"canonical":"https:\/\/filles-de-la-charite.org\/pt-pt\/familia\/irma-margarida-rutan-hospital-de-dax\/","og_locale":"pt_PT","og_type":"article","og_title":"Irm\u00e3 Margarida Rutan, hospital de Dax - Filles de la Charit\u00e9","og_description":"Irm\u00e3 Margarida Rutan nasceu em Metz, em 23 de abril de 1736, e entrou para a Companhia das Filhas da Caridade em 1757. Ap\u00f3s ter adquirido uma grande experi\u00eancia no cuidado dos doentes em v\u00e1rios hospitais, ela foi para o Hospital Saint-Eutrope, de Dax, em 1779. Neste hospital novo, rec\u00e9m-constru\u00eddo, Irm\u00e3 Margarida organiza o trabalho, [&hellip;]","og_url":"https:\/\/filles-de-la-charite.org\/pt-pt\/familia\/irma-margarida-rutan-hospital-de-dax\/","og_site_name":"Filles de la Charit\u00e9","article_modified_time":"2024-03-07T09:32:34+00:00","og_image":[{"width":355,"height":538,"url":"https:\/\/filles-de-la-charite.org\/wp-content\/uploads\/2023\/04\/M.Rutan_1-1.jpg","type":"image\/jpeg"}],"twitter_card":"summary_large_image","twitter_misc":{"Tempo estimado de leitura":"2 minutos"},"schema":{"@context":"https:\/\/schema.org","@graph":[{"@type":"WebPage","@id":"https:\/\/filles-de-la-charite.org\/pt-pt\/familia\/irma-margarida-rutan-hospital-de-dax\/","url":"https:\/\/filles-de-la-charite.org\/pt-pt\/familia\/irma-margarida-rutan-hospital-de-dax\/","name":"Irm\u00e3 Margarida Rutan, hospital de Dax - Filles de la Charit\u00e9","isPartOf":{"@id":"https:\/\/filles-de-la-charite.org\/pt-pt\/#website"},"primaryImageOfPage":{"@id":"https:\/\/filles-de-la-charite.org\/pt-pt\/familia\/irma-margarida-rutan-hospital-de-dax\/#primaryimage"},"image":{"@id":"https:\/\/filles-de-la-charite.org\/pt-pt\/familia\/irma-margarida-rutan-hospital-de-dax\/#primaryimage"},"thumbnailUrl":"https:\/\/filles-de-la-charite.org\/wp-content\/uploads\/2023\/04\/M.Rutan_1-1.jpg","datePublished":"2020-10-21T12:08:09+00:00","dateModified":"2024-03-07T09:32:34+00:00","breadcrumb":{"@id":"https:\/\/filles-de-la-charite.org\/pt-pt\/familia\/irma-margarida-rutan-hospital-de-dax\/#breadcrumb"},"inLanguage":"pt-PT","potentialAction":[{"@type":"ReadAction","target":["https:\/\/filles-de-la-charite.org\/pt-pt\/familia\/irma-margarida-rutan-hospital-de-dax\/"]}]},{"@type":"ImageObject","inLanguage":"pt-PT","@id":"https:\/\/filles-de-la-charite.org\/pt-pt\/familia\/irma-margarida-rutan-hospital-de-dax\/#primaryimage","url":"https:\/\/filles-de-la-charite.org\/wp-content\/uploads\/2023\/04\/M.Rutan_1-1.jpg","contentUrl":"https:\/\/filles-de-la-charite.org\/wp-content\/uploads\/2023\/04\/M.Rutan_1-1.jpg","width":355,"height":538},{"@type":"BreadcrumbList","@id":"https:\/\/filles-de-la-charite.org\/pt-pt\/familia\/irma-margarida-rutan-hospital-de-dax\/#breadcrumb","itemListElement":[{"@type":"ListItem","position":1,"name":"A nossa fam\u00edlia","item":"https:\/\/filles-de-la-charite.org\/pt-pt\/familia\/"},{"@type":"ListItem","position":2,"name":"As Bem-aventuradas Filhas da Caridade, m\u00e1rtires durante a Revolu\u00e7\u00e3o Francesa","item":"https:\/\/filles-de-la-charite.org\/pt-pt\/familia\/las-bienaventuradas-hijas-de-la-caridad-martires-durante-la-revolucion-francesa\/"},{"@type":"ListItem","position":3,"name":"Irm\u00e3 Margarida Rutan, hospital de Dax"}]},{"@type":"WebSite","@id":"https:\/\/filles-de-la-charite.org\/pt-pt\/#website","url":"https:\/\/filles-de-la-charite.org\/pt-pt\/","name":"Hijas de la Caridad","description":"L\u2019amour de J\u00e9sus nous presse \u00e0 prendre soin des personnes les plus d\u00e9munies","publisher":{"@id":"https:\/\/filles-de-la-charite.org\/pt-pt\/#organization"},"potentialAction":[{"@type":"SearchAction","target":{"@type":"EntryPoint","urlTemplate":"https:\/\/filles-de-la-charite.org\/pt-pt\/?s={search_term_string}"},"query-input":{"@type":"PropertyValueSpecification","valueRequired":true,"valueName":"search_term_string"}}],"inLanguage":"pt-PT"},{"@type":"Organization","@id":"https:\/\/filles-de-la-charite.org\/pt-pt\/#organization","name":"Hijas de la Caridad","url":"https:\/\/filles-de-la-charite.org\/pt-pt\/","logo":{"@type":"ImageObject","inLanguage":"pt-PT","@id":"https:\/\/filles-de-la-charite.org\/pt-pt\/#\/schema\/logo\/image\/","url":"https:\/\/filles-de-la-charite.org\/wp-content\/uploads\/2023\/03\/isotipo-Hijas-de-la-Caridad.png","contentUrl":"https:\/\/filles-de-la-charite.org\/wp-content\/uploads\/2023\/03\/isotipo-Hijas-de-la-Caridad.png","width":1417,"height":1417,"caption":"Hijas de la Caridad"},"image":{"@id":"https:\/\/filles-de-la-charite.org\/pt-pt\/#\/schema\/logo\/image\/"}}]}},"_links":{"self":[{"href":"https:\/\/filles-de-la-charite.org\/pt-pt\/wp-json\/wp\/v2\/familia\/4096","targetHints":{"allow":["GET"]}}],"collection":[{"href":"https:\/\/filles-de-la-charite.org\/pt-pt\/wp-json\/wp\/v2\/familia"}],"about":[{"href":"https:\/\/filles-de-la-charite.org\/pt-pt\/wp-json\/wp\/v2\/types\/familia"}],"wp:featuredmedia":[{"embeddable":true,"href":"https:\/\/filles-de-la-charite.org\/pt-pt\/wp-json\/wp\/v2\/media\/1035"}],"wp:attachment":[{"href":"https:\/\/filles-de-la-charite.org\/pt-pt\/wp-json\/wp\/v2\/media?parent=4096"}],"wp:term":[{"taxonomy":"origen","embeddable":true,"href":"https:\/\/filles-de-la-charite.org\/pt-pt\/wp-json\/wp\/v2\/origen?post=4096"}],"curies":[{"name":"wp","href":"https:\/\/api.w.org\/{rel}","templated":true}]}}