{"id":4098,"date":"2020-10-21T14:24:44","date_gmt":"2020-10-21T12:24:44","guid":{"rendered":"https:\/\/hijascaridad.sjdigitaldemo.ovh\/familia\/bem-aventurada-rosalie-rendu\/"},"modified":"2024-03-02T10:58:25","modified_gmt":"2024-03-02T09:58:25","slug":"bem-aventurada-rosalie-rendu","status":"publish","type":"familia","link":"https:\/\/filles-de-la-charite.org\/pt-pt\/familia\/bem-aventurada-rosalie-rendu\/","title":{"rendered":"Bem-aventurada Rosalie Rendu"},"content":{"rendered":"\n<p><strong>Joana Maria Rendu, (Irm\u00e3 Rosalie), filha de Ant\u00f4nio Rendu e Maria Ana Laracine, nasceu em 9 de setembro de 1786, em Confort, distrito de Gex, nas Montanhas do Jura, sudeste da Fran\u00e7a e perto da fronteira com a Su\u00ed\u00e7a. Ela viveu toda a sua vida de Filha da Caridade, cinquenta e tr\u00eas anos, no bairro Mouffetard, o bairro mais pobre de Paris.<\/strong><\/p>\n\n\n\n<figure class=\"wp-block-table\"><table><tbody><tr><td><strong>1786<\/strong><\/td><td>Nascimento<\/td><\/tr><tr><td><strong>1802<\/strong>, 25 de maio<\/td><td>Entrada na Companhia das Filhas da Caridade<\/td><\/tr><tr><td><strong>1803<\/strong><\/td><td>Envio em miss\u00e3o, \u00e9 colocada na Casa S\u00e3o Martinho<\/td><\/tr><tr><td><strong>1807<\/strong><\/td><td>Emite os votos pela primeira vez<\/td><\/tr><tr><td><strong>1815<\/strong><\/td><td>Torna-se Superiora (Irm\u00e3 Servente) da Casa S\u00e3o Martinho<\/td><\/tr><tr><td><strong>1830<\/strong><\/td><td>Revolu\u00e7\u00e3o. As postulantes s\u00e3o colocadas na casa da rua l\u2019\u00c9p\u00e9e-de-Bois<\/td><\/tr><tr><td><strong>1831<\/strong><\/td><td>Arcebispo de Qu\u00e9len e outros membros do clero s\u00e3o acolhidos na rua l\u2019\u00c9p\u00e9e-de-Bois<\/td><\/tr><tr><td><strong>1833<\/strong><\/td><td>In\u00edcio da orienta\u00e7\u00e3o aos primeiros membros da Sociedade de S\u00e3o Vicente de Paulo<\/td><\/tr><tr><td><strong>1840<\/strong><\/td><td>Trabalho com as Senhoras da Caridade, nomeadas recentemente; in\u00edcio da amplia\u00e7\u00e3o dos trabalhos da casa<\/td><\/tr><tr><td><strong>1848<\/strong><\/td><td>Revolu\u00e7\u00e3o; a casa se torna ref\u00fagio e hospital de campanha<\/td><\/tr><tr><td><strong>1852<\/strong><\/td><td>Premiada com a Cruz da Legi\u00e3o de Honra por Napole\u00e3o III.<\/td><\/tr><tr><td><strong>1853<\/strong><\/td><td>Sua vista enfraquece, sua sa\u00fade come\u00e7a a se agravar<\/td><\/tr><tr><td><strong>1856<\/strong><\/td><td>Morte; aproximadamente 50.000 pessoas, de todos as classes sociais, estiveram presentes no funeral<\/td><\/tr><tr><td><strong>1974<\/strong><\/td><td>Abertura do processo diocesano de beatifica\u00e7\u00e3o em Paris<\/td><\/tr><tr><td><strong>2003<\/strong>, 9 de novembro<\/td><td>Beatificada pelo Papa Jo\u00e3o Paulo II<\/td><\/tr><tr><td><strong>7 de fevereiro<\/strong><\/td><td>Dia de sua festa<\/td><\/tr><\/tbody><\/table><\/figure>\n\n\n\n<p>Em 25 de maio de 1802, Irm\u00e3 Rosalie entrou no Semin\u00e1rio (noviciado) na Casa M\u00e3e das Filhas da Caridade de S\u00e3o Vicente de Paulo, na rua du Vieux-Colombier, em Paris. Seu esfor\u00e7o para dar o melhor de si mesma em sua nova vida, afetou sua sa\u00fade, e ela foi enviada, ap\u00f3s a forma\u00e7\u00e3o, para a casa das Filhas da Caridade, no bairro Mouffetard, na esperan\u00e7a de que a mudan\u00e7a iria ajud\u00e1-la a recuperar suas for\u00e7as. O anseio por a\u00e7\u00e3o, devo\u00e7\u00e3o e servi\u00e7o que ardia dentro de Irm\u00e3 Rosalie n\u00e3o poderia ter encontrado lugar melhor para ser saciado. As doen\u00e7as, as casas insalubres e as mis\u00e9rias eram seu campo de a\u00e7\u00e3o e o cen\u00e1rio di\u00e1rio dos habitantes que lutavam apenas para sobreviver. Irm\u00e3 Rosalie desabrochou entre pessoas que rapidamente se tornariam seus \u201cAmados Pobres\u201d.<\/p>\n\n\n\n<p>No come\u00e7o de seu apostolado, ela acompanhava as Irm\u00e3s nas visitas aos doentes e aos pobres em suas casas, ensinava o catecismo e a leitura \u00e0s meninas na escola gratuita. Irm\u00e3 Rosalie estava feliz e em 1807, emitiu os votos pela primeira vez. Suas qualidades de dedica\u00e7\u00e3o, autoridade natural, humildade, compaix\u00e3o, assim como a capacidade de organiza\u00e7\u00e3o, em breve se revelar\u00e3o plenamente.<\/p>\n\n\n\n<p>Assim, em 1815, ela ser\u00e1 nomeada Irm\u00e3 Servente (superiora local) da casa. Como respons\u00e1vel por sua Comunidade, Irm\u00e3 Rosalie recebeu a miss\u00e3o de orientar cada uma de suas Irm\u00e3s, formar as Irm\u00e3s jovens e animar a vida comunit\u00e1ria, servi\u00e7o que assumiu com muito cuidado, transmitindo amor e a alegria do servi\u00e7o.<\/p>\n\n\n\n<p>Ao longo dos anos, sempre atenta \u00e0s novas formas de pobreza, ela ampliou os trabalhos da casa: uma escola, visitas domiciliares para os doentes, a cria\u00e7\u00e3o de um dispens\u00e1rio, uma creche, um centro diurno para crian\u00e7as muito pequenas para a escola, um centro de forma\u00e7\u00e3o t\u00e9cnica e um centro social para as jovens oper\u00e1rias, etc. Ao mesmo tempo, ela convidou outras pessoas para participar da miss\u00e3o vicentina.<\/p>\n\n\n\n<p>Irm\u00e3 Rosalie era \u201ca boa m\u00e3e de todos\u201d sem distin\u00e7\u00e3o de religi\u00e3o, partido pol\u00edtico ou classe social. Com uma m\u00e3o, ela recebia dos ricos, com a outra, dava aos pobres. Aos ricos, Irm\u00e3 Rosalie oferecia a alegria de fazerem boas obras. Frequentemente, era poss\u00edvel v\u00ea-la, no parlat\u00f3rio de sua casa, com seus \u201camados pobres\u201d e tamb\u00e9m com bispos, padres, oficiais do governo, mulheres ricas e estudantes universit\u00e1rios. Entre eles, estavam Frederico Ozanam e os primeiros membros da Sociedade de S\u00e3o Vicente de Paulo.<\/p>\n\n\n\n<p>Com ternura e respeito, Irm\u00e3 Rosalie e as Irm\u00e3s da casa orientavam estes jovens generosos e outros estudantes. Ela lhes recomendava paci\u00eancia, toler\u00e2ncia e cortesia. \u201cAmem os pobres, n\u00e3o os acusem\u2026 lembrem-se de que os pobres s\u00e3o ainda mais sens\u00edveis \u00e0s boas maneiras que \u00e0 sua ajuda.\u201d Ela os conduz, acima de tudo, pelo exemplo: \u201cTodos os dias, em qualquer tempo, Irm\u00e3 Rosalie atravessava as ruas e os becos que subiam at\u00e9 o Pante\u00e3o, no lado sul do Monte de Santa Genoveva: bairro Mouffetard, passage des Patriarches, rua de l\u2019\u00c9p\u00e9e-de-Bois, rue du Pot de Fer... com o ter\u00e7o na m\u00e3o e um cesto pesado no bra\u00e7o, andando com passos apressados , pois sabia que os pobres esperavam por ela!\u201d<\/p>\n\n\n\n<p>Irm\u00e3 Rosalie falava com Deus sobre esta fam\u00edlia em sofrimento porque o pai n\u00e3o tinha mais nenhum trabalho, daquele idoso que corria o risco de morrer sozinho num s\u00f3t\u00e3o: \u201cNunca fa\u00e7o t\u00e3o bem minha ora\u00e7\u00e3o como na rua\u201d, dizia ela.<\/p>\n\n\n\n<p>Sua f\u00e9, s\u00f3lida como uma rocha e clara como um manancial, revelava Jesus Cristo em todas as circunst\u00e2ncias. Sua vida de ora\u00e7\u00e3o era intensa, como uma Irm\u00e3 afirmou: \u201c\u2026 ela vivia continuamente na presen\u00e7a de Deus. Quando havia uma miss\u00e3o dif\u00edcil a desempenhar? N\u00f3s t\u00ednhamos certeza de v\u00ea-la subir para a capela ou encontr\u00e1-la de joelhos no seu gabinete\u201d.<\/p>\n\n\n\n<p>Com suas Irm\u00e3s e sua vasta rede de colaboradores, ela cuidou, alimentou, visitou e consolou incansavelmente outras pessoas!<\/p>\n\n\n\n<p>Dotada de uma grande sensibilidade, ela tinha empatia com todos os que sofriam. \u201cH\u00e1 qualquer coisa que me sufoca\u201d, dizia ela, \u201ce que me tira o apetite\u2026 \u00e9 a ideia de que falta p\u00e3o em tantas fam\u00edlias\u201d.<\/p>\n\n\n\n<p>Para o servi\u00e7o de seus queridos pobres, ousava empreender tudo com intelig\u00eancia e aud\u00e1cia. Nada a det\u00e9m quando se trata de tir\u00e1-los da mis\u00e9ria.<\/p>\n\n\n\n<p>Irm\u00e3 Rosalie n\u00e3o contestava a ordem estabelecida, nem alimentava a revolta. Este n\u00e3o era o seu m\u00e9todo. Para lutar contra a injusti\u00e7a e a mis\u00e9ria, despertava a consci\u00eancia daqueles que tinham o poder ou o dinheiro, trabalhava na instru\u00e7\u00e3o das crian\u00e7as e das jovens de fam\u00edlias pobres e, para responder \u00e0s urg\u00eancias suscitava a partilha: ela \u201corganizava a caridade\u201d.<\/p>\n\n\n\n<p>Durante os anos da Revolu\u00e7\u00e3o, em 1830 a 1848, Irm\u00e3 Rosalie e as Irm\u00e3s cuidaram dos feridos: os revolucion\u00e1rios e soldados. Pessoas que estavam em perigo, encontravam ref\u00fagio na casa das Irm\u00e3s, na rua de l\u2019\u00c9p\u00e9e-de-Bois, que se tornou um abrigo e um hospital de campanha.<\/p>\n\n\n\n<p>Os \u00faltimos anos de vida da Irm\u00e3 Rosalie foram dolorosos, pois sua sa\u00fade piorou e sua vis\u00e3o diminuiu. Ela n\u00e3o podia mais visitar regularmente seus \u201camados pobres\u201d ainda que sua popularidade continuasse a crescer. O imperador Napole\u00e3o III a premiou com a Cruz da Legi\u00e3o de Honra, uma honra militar que, at\u00e9 o momento, apenas quatro mulheres tinham recebido.<\/p>\n\n\n\n<p>Na vida, ela experimentou como uma \u201csimples Filha da Caridade\u201d, a verdade das palavras de Vicente de Paulo em 1660: <\/p>\n\n\n\n<p>\u201c\u2026 certamente o grande segredo da vida espiritual \u00e9 entregar a Deus tudo que amamos pelo abandono de n\u00f3s mesmos a tudo que Ele deseja. Rezai por mim\u201d.<\/p>\n\n\n\n<p>Esta simples Filha da Caridade foi homenageada em seu funeral, em 9 de fevereiro de 1856. Aproximadamente 50.000 pessoas de todas as classes sociais e de todas as convic\u00e7\u00f5es pol\u00edticas e religiosas estiveram presentes. At\u00e9 hoje, seu t\u00famulo, no Cemit\u00e9rio Montparnasse em Paris, \u00e9 decorado com flores.<\/p>\n","protected":false},"featured_media":1049,"template":"","meta":{"_acf_changed":false,"_links_to":"","_links_to_target":""},"origen":[],"class_list":["post-4098","familia","type-familia","status-publish","has-post-thumbnail","hentry"],"acf":[],"yoast_head":"<!-- This site is optimized with the Yoast SEO plugin v27.5 - https:\/\/yoast.com\/product\/yoast-seo-wordpress\/ -->\n<title>Bem-aventurada Rosalie Rendu - Filles de la Charit\u00e9<\/title>\n<meta name=\"robots\" content=\"index, follow, max-snippet:-1, max-image-preview:large, max-video-preview:-1\" \/>\n<link rel=\"canonical\" href=\"https:\/\/filles-de-la-charite.org\/pt-pt\/familia\/bem-aventurada-rosalie-rendu\/\" \/>\n<meta property=\"og:locale\" content=\"pt_PT\" \/>\n<meta property=\"og:type\" content=\"article\" \/>\n<meta property=\"og:title\" content=\"Bem-aventurada Rosalie Rendu - Filles de la Charit\u00e9\" \/>\n<meta property=\"og:description\" content=\"Joana Maria Rendu, (Irm\u00e3 Rosalie), filha de Ant\u00f4nio Rendu e Maria Ana Laracine, nasceu em 9 de setembro de 1786, em Confort, distrito de Gex, nas Montanhas do Jura, sudeste da Fran\u00e7a e perto da fronteira com a Su\u00ed\u00e7a. Ela viveu toda a sua vida de Filha da Caridade, cinquenta e tr\u00eas anos, no bairro [&hellip;]\" \/>\n<meta property=\"og:url\" content=\"https:\/\/filles-de-la-charite.org\/pt-pt\/familia\/bem-aventurada-rosalie-rendu\/\" \/>\n<meta property=\"og:site_name\" content=\"Filles de la Charit\u00e9\" \/>\n<meta property=\"article:modified_time\" content=\"2024-03-02T09:58:25+00:00\" \/>\n<meta property=\"og:image\" content=\"https:\/\/filles-de-la-charite.org\/wp-content\/uploads\/2023\/04\/Rosalie-Rendu-1.png\" \/>\n\t<meta property=\"og:image:width\" content=\"287\" \/>\n\t<meta property=\"og:image:height\" content=\"414\" \/>\n\t<meta property=\"og:image:type\" content=\"image\/png\" \/>\n<meta name=\"twitter:card\" content=\"summary_large_image\" \/>\n<meta name=\"twitter:label1\" content=\"Tempo estimado de leitura\" \/>\n\t<meta name=\"twitter:data1\" content=\"6 minutos\" \/>\n<script type=\"application\/ld+json\" class=\"yoast-schema-graph\">{\"@context\":\"https:\\\/\\\/schema.org\",\"@graph\":[{\"@type\":\"WebPage\",\"@id\":\"https:\\\/\\\/filles-de-la-charite.org\\\/pt-pt\\\/familia\\\/bem-aventurada-rosalie-rendu\\\/\",\"url\":\"https:\\\/\\\/filles-de-la-charite.org\\\/pt-pt\\\/familia\\\/bem-aventurada-rosalie-rendu\\\/\",\"name\":\"Bem-aventurada Rosalie Rendu - Filles de la Charit\u00e9\",\"isPartOf\":{\"@id\":\"https:\\\/\\\/filles-de-la-charite.org\\\/pt-pt\\\/#website\"},\"primaryImageOfPage\":{\"@id\":\"https:\\\/\\\/filles-de-la-charite.org\\\/pt-pt\\\/familia\\\/bem-aventurada-rosalie-rendu\\\/#primaryimage\"},\"image\":{\"@id\":\"https:\\\/\\\/filles-de-la-charite.org\\\/pt-pt\\\/familia\\\/bem-aventurada-rosalie-rendu\\\/#primaryimage\"},\"thumbnailUrl\":\"https:\\\/\\\/filles-de-la-charite.org\\\/wp-content\\\/uploads\\\/2023\\\/04\\\/Rosalie-Rendu-1.png\",\"datePublished\":\"2020-10-21T12:24:44+00:00\",\"dateModified\":\"2024-03-02T09:58:25+00:00\",\"breadcrumb\":{\"@id\":\"https:\\\/\\\/filles-de-la-charite.org\\\/pt-pt\\\/familia\\\/bem-aventurada-rosalie-rendu\\\/#breadcrumb\"},\"inLanguage\":\"pt-PT\",\"potentialAction\":[{\"@type\":\"ReadAction\",\"target\":[\"https:\\\/\\\/filles-de-la-charite.org\\\/pt-pt\\\/familia\\\/bem-aventurada-rosalie-rendu\\\/\"]}]},{\"@type\":\"ImageObject\",\"inLanguage\":\"pt-PT\",\"@id\":\"https:\\\/\\\/filles-de-la-charite.org\\\/pt-pt\\\/familia\\\/bem-aventurada-rosalie-rendu\\\/#primaryimage\",\"url\":\"https:\\\/\\\/filles-de-la-charite.org\\\/wp-content\\\/uploads\\\/2023\\\/04\\\/Rosalie-Rendu-1.png\",\"contentUrl\":\"https:\\\/\\\/filles-de-la-charite.org\\\/wp-content\\\/uploads\\\/2023\\\/04\\\/Rosalie-Rendu-1.png\",\"width\":287,\"height\":414},{\"@type\":\"BreadcrumbList\",\"@id\":\"https:\\\/\\\/filles-de-la-charite.org\\\/pt-pt\\\/familia\\\/bem-aventurada-rosalie-rendu\\\/#breadcrumb\",\"itemListElement\":[{\"@type\":\"ListItem\",\"position\":1,\"name\":\"A nossa fam\u00edlia\",\"item\":\"https:\\\/\\\/filles-de-la-charite.org\\\/pt-pt\\\/familia\\\/\"},{\"@type\":\"ListItem\",\"position\":2,\"name\":\"Bem-aventurada Rosalie Rendu\"}]},{\"@type\":\"WebSite\",\"@id\":\"https:\\\/\\\/filles-de-la-charite.org\\\/pt-pt\\\/#website\",\"url\":\"https:\\\/\\\/filles-de-la-charite.org\\\/pt-pt\\\/\",\"name\":\"Hijas de la Caridad\",\"description\":\"L\u2019amour de J\u00e9sus nous presse \u00e0 prendre soin des personnes les plus d\u00e9munies\",\"publisher\":{\"@id\":\"https:\\\/\\\/filles-de-la-charite.org\\\/pt-pt\\\/#organization\"},\"potentialAction\":[{\"@type\":\"SearchAction\",\"target\":{\"@type\":\"EntryPoint\",\"urlTemplate\":\"https:\\\/\\\/filles-de-la-charite.org\\\/pt-pt\\\/?s={search_term_string}\"},\"query-input\":{\"@type\":\"PropertyValueSpecification\",\"valueRequired\":true,\"valueName\":\"search_term_string\"}}],\"inLanguage\":\"pt-PT\"},{\"@type\":\"Organization\",\"@id\":\"https:\\\/\\\/filles-de-la-charite.org\\\/pt-pt\\\/#organization\",\"name\":\"Hijas de la Caridad\",\"url\":\"https:\\\/\\\/filles-de-la-charite.org\\\/pt-pt\\\/\",\"logo\":{\"@type\":\"ImageObject\",\"inLanguage\":\"pt-PT\",\"@id\":\"https:\\\/\\\/filles-de-la-charite.org\\\/pt-pt\\\/#\\\/schema\\\/logo\\\/image\\\/\",\"url\":\"https:\\\/\\\/filles-de-la-charite.org\\\/wp-content\\\/uploads\\\/2023\\\/03\\\/isotipo-Hijas-de-la-Caridad.png\",\"contentUrl\":\"https:\\\/\\\/filles-de-la-charite.org\\\/wp-content\\\/uploads\\\/2023\\\/03\\\/isotipo-Hijas-de-la-Caridad.png\",\"width\":1417,\"height\":1417,\"caption\":\"Hijas de la Caridad\"},\"image\":{\"@id\":\"https:\\\/\\\/filles-de-la-charite.org\\\/pt-pt\\\/#\\\/schema\\\/logo\\\/image\\\/\"}}]}<\/script>\n<!-- \/ Yoast SEO plugin. -->","yoast_head_json":{"title":"Bem-aventurada Rosalie Rendu - Filles de la Charit\u00e9","robots":{"index":"index","follow":"follow","max-snippet":"max-snippet:-1","max-image-preview":"max-image-preview:large","max-video-preview":"max-video-preview:-1"},"canonical":"https:\/\/filles-de-la-charite.org\/pt-pt\/familia\/bem-aventurada-rosalie-rendu\/","og_locale":"pt_PT","og_type":"article","og_title":"Bem-aventurada Rosalie Rendu - Filles de la Charit\u00e9","og_description":"Joana Maria Rendu, (Irm\u00e3 Rosalie), filha de Ant\u00f4nio Rendu e Maria Ana Laracine, nasceu em 9 de setembro de 1786, em Confort, distrito de Gex, nas Montanhas do Jura, sudeste da Fran\u00e7a e perto da fronteira com a Su\u00ed\u00e7a. Ela viveu toda a sua vida de Filha da Caridade, cinquenta e tr\u00eas anos, no bairro [&hellip;]","og_url":"https:\/\/filles-de-la-charite.org\/pt-pt\/familia\/bem-aventurada-rosalie-rendu\/","og_site_name":"Filles de la Charit\u00e9","article_modified_time":"2024-03-02T09:58:25+00:00","og_image":[{"width":287,"height":414,"url":"https:\/\/filles-de-la-charite.org\/wp-content\/uploads\/2023\/04\/Rosalie-Rendu-1.png","type":"image\/png"}],"twitter_card":"summary_large_image","twitter_misc":{"Tempo estimado de leitura":"6 minutos"},"schema":{"@context":"https:\/\/schema.org","@graph":[{"@type":"WebPage","@id":"https:\/\/filles-de-la-charite.org\/pt-pt\/familia\/bem-aventurada-rosalie-rendu\/","url":"https:\/\/filles-de-la-charite.org\/pt-pt\/familia\/bem-aventurada-rosalie-rendu\/","name":"Bem-aventurada Rosalie Rendu - Filles de la Charit\u00e9","isPartOf":{"@id":"https:\/\/filles-de-la-charite.org\/pt-pt\/#website"},"primaryImageOfPage":{"@id":"https:\/\/filles-de-la-charite.org\/pt-pt\/familia\/bem-aventurada-rosalie-rendu\/#primaryimage"},"image":{"@id":"https:\/\/filles-de-la-charite.org\/pt-pt\/familia\/bem-aventurada-rosalie-rendu\/#primaryimage"},"thumbnailUrl":"https:\/\/filles-de-la-charite.org\/wp-content\/uploads\/2023\/04\/Rosalie-Rendu-1.png","datePublished":"2020-10-21T12:24:44+00:00","dateModified":"2024-03-02T09:58:25+00:00","breadcrumb":{"@id":"https:\/\/filles-de-la-charite.org\/pt-pt\/familia\/bem-aventurada-rosalie-rendu\/#breadcrumb"},"inLanguage":"pt-PT","potentialAction":[{"@type":"ReadAction","target":["https:\/\/filles-de-la-charite.org\/pt-pt\/familia\/bem-aventurada-rosalie-rendu\/"]}]},{"@type":"ImageObject","inLanguage":"pt-PT","@id":"https:\/\/filles-de-la-charite.org\/pt-pt\/familia\/bem-aventurada-rosalie-rendu\/#primaryimage","url":"https:\/\/filles-de-la-charite.org\/wp-content\/uploads\/2023\/04\/Rosalie-Rendu-1.png","contentUrl":"https:\/\/filles-de-la-charite.org\/wp-content\/uploads\/2023\/04\/Rosalie-Rendu-1.png","width":287,"height":414},{"@type":"BreadcrumbList","@id":"https:\/\/filles-de-la-charite.org\/pt-pt\/familia\/bem-aventurada-rosalie-rendu\/#breadcrumb","itemListElement":[{"@type":"ListItem","position":1,"name":"A nossa fam\u00edlia","item":"https:\/\/filles-de-la-charite.org\/pt-pt\/familia\/"},{"@type":"ListItem","position":2,"name":"Bem-aventurada Rosalie Rendu"}]},{"@type":"WebSite","@id":"https:\/\/filles-de-la-charite.org\/pt-pt\/#website","url":"https:\/\/filles-de-la-charite.org\/pt-pt\/","name":"Hijas de la Caridad","description":"L\u2019amour de J\u00e9sus nous presse \u00e0 prendre soin des personnes les plus d\u00e9munies","publisher":{"@id":"https:\/\/filles-de-la-charite.org\/pt-pt\/#organization"},"potentialAction":[{"@type":"SearchAction","target":{"@type":"EntryPoint","urlTemplate":"https:\/\/filles-de-la-charite.org\/pt-pt\/?s={search_term_string}"},"query-input":{"@type":"PropertyValueSpecification","valueRequired":true,"valueName":"search_term_string"}}],"inLanguage":"pt-PT"},{"@type":"Organization","@id":"https:\/\/filles-de-la-charite.org\/pt-pt\/#organization","name":"Hijas de la Caridad","url":"https:\/\/filles-de-la-charite.org\/pt-pt\/","logo":{"@type":"ImageObject","inLanguage":"pt-PT","@id":"https:\/\/filles-de-la-charite.org\/pt-pt\/#\/schema\/logo\/image\/","url":"https:\/\/filles-de-la-charite.org\/wp-content\/uploads\/2023\/03\/isotipo-Hijas-de-la-Caridad.png","contentUrl":"https:\/\/filles-de-la-charite.org\/wp-content\/uploads\/2023\/03\/isotipo-Hijas-de-la-Caridad.png","width":1417,"height":1417,"caption":"Hijas de la Caridad"},"image":{"@id":"https:\/\/filles-de-la-charite.org\/pt-pt\/#\/schema\/logo\/image\/"}}]}},"_links":{"self":[{"href":"https:\/\/filles-de-la-charite.org\/pt-pt\/wp-json\/wp\/v2\/familia\/4098","targetHints":{"allow":["GET"]}}],"collection":[{"href":"https:\/\/filles-de-la-charite.org\/pt-pt\/wp-json\/wp\/v2\/familia"}],"about":[{"href":"https:\/\/filles-de-la-charite.org\/pt-pt\/wp-json\/wp\/v2\/types\/familia"}],"wp:featuredmedia":[{"embeddable":true,"href":"https:\/\/filles-de-la-charite.org\/pt-pt\/wp-json\/wp\/v2\/media\/1049"}],"wp:attachment":[{"href":"https:\/\/filles-de-la-charite.org\/pt-pt\/wp-json\/wp\/v2\/media?parent=4098"}],"wp:term":[{"taxonomy":"origen","embeddable":true,"href":"https:\/\/filles-de-la-charite.org\/pt-pt\/wp-json\/wp\/v2\/origen?post=4098"}],"curies":[{"name":"wp","href":"https:\/\/api.w.org\/{rel}","templated":true}]}}