{"id":4102,"date":"2020-10-21T15:09:34","date_gmt":"2020-10-21T13:09:34","guid":{"rendered":"https:\/\/hijascaridad.sjdigitaldemo.ovh\/familia\/sao-francisco-regis-clet\/"},"modified":"2024-03-07T10:39:13","modified_gmt":"2024-03-07T09:39:13","slug":"sao-francisco-regis-clet","status":"publish","type":"familia","link":"https:\/\/filles-de-la-charite.org\/pt-pt\/familia\/sao-francisco-regis-clet\/","title":{"rendered":"S\u00e3o Francisco Regis Clet"},"content":{"rendered":"\n<p><strong>Uma pequena frase do livro do Eclesiastes (4,12), escolhida por Francisco Regis Clet para encorajar seus coirm\u00e3os a uma experi\u00eancia profunda de fraternidade e como apoio em sua miss\u00e3o, pode ser vista tamb\u00e9m como a s\u00edntese de sua vida: \u201cUma corda tripla n\u00e3o se arrebenta facilmente\u201d. Ele era um homem com sua hist\u00f3ria, de uma f\u00e9 s\u00f3lida, um mission\u00e1rio (na China) at\u00e9 o fim.<\/strong><\/p>\n\n\n\n<figure class=\"wp-block-table\"><table><tbody><tr><td><strong>1748, 19 de agosto<\/strong><\/td><td>Nascimento em Grenoble<\/td><\/tr><tr><td><strong>1769, 6 de mar\u00e7o<\/strong><\/td><td>Entrada na Congrega\u00e7\u00e3o da Miss\u00e3o<\/td><\/tr><tr><td><strong>1773, 27 de mar\u00e7o<\/strong><\/td><td>Ordena\u00e7\u00e3o Sacertodal<\/td><\/tr><tr><td><strong>1792, 15 de outubro<\/strong><\/td><td>Chega \u00e0 China<\/td><\/tr><tr><td><strong>1820, 18 de fevereiro<\/strong><\/td><td>Morte por estrangulamento e pendurado numa cruz<\/td><\/tr><tr><td><strong>1900, 27 de maio<\/strong><\/td><td>Beatifica\u00e7\u00e3o<\/td><\/tr><tr><td><strong>2000, 1\u00ba de outubro<\/strong><\/td><td>Canonizado com 119 M\u00e1rtires da China<\/td><\/tr><tr><td><strong>9 de julho<\/strong><\/td><td>Dia de sua festa<\/td><\/tr><\/tbody><\/table><\/figure>\n\n\n\n<p>Francisco Regis Clet era o d\u00e9cimo de quinze filhos da fam\u00edlia de C\u00e9sar e Claudine Clet. As etapas de sua vida: educado pelos Jesu\u00edtas em Grenoble, seminarista diocesano, estudante brilhante, resposta ao chamado para a Congrega\u00e7\u00e3o da Miss\u00e3o em Lyon; estas foram as etapas que a Provid\u00eancia Divina lhe proporcionou para que a \u201ccorda tripla\u201d pudesse crescer e se desenvolver. Ele foi professor de teologia em Annecy, Superior de sua Comunidade e, mais tarde, Diretor do Semin\u00e1rio Interno da Congrega\u00e7\u00e3o da Miss\u00e3o na Casa M\u00e3e, em Paris.<\/p>\n\n\n\n<p><br>A tempestade provocada pela Revolu\u00e7\u00e3o n\u00e3o fez sen\u00e3o \u201cfortalecer as ra\u00edzes da corda tripla\u201d da vida de Francisco Regis. A partir do momento que embarcou para China, em abril de 1791, chegando a Kiang-Si, em outubro de 1791, ap\u00f3s seis meses de navega\u00e7\u00e3o, ele come\u00e7ou a se dar conta da dire\u00e7\u00e3o para a qual o Senhor o conduzia. Durante quase trinta anos, se consagra inteiramente \u00e0 miss\u00e3o chinesa e se adapta a um novo estilo de vida e a uma l\u00edngua dif\u00edcil. A situa\u00e7\u00e3o era perigosa em raz\u00e3o das persegui\u00e7\u00f5es e ele deveria evitar ser reconhecido.<\/p>\n\n\n\n<p><br>Francisco Regis foi preso em Kinkiakang e, mais tarde em Ou-Tchang-Fou. Depois de meses de sofrimentos, foi condenado \u00e0 morte. Falsas testemunhas disseram-lhe: \u201cViestes para a China secretamente, pervertestes muitas pessoas com vossa doutrina e, de acordo com a lei, deveis ser estrangulado at\u00e9 a morte\u201d.<\/p>\n\n\n\n<p><br>Francisco Regis Clet morreu perto de Ou-Tchang-Fou. Em seus sofrimentos na cruz, ele p\u00f4de pensar em seu Mestre e descobrir o sentido do caminho que lhe deu for\u00e7a para ir at\u00e9 o fim.<\/p>\n\n\n\n<p><br>A Casa M\u00e3e da Congrega\u00e7\u00e3o da Miss\u00e3o conserva seu corpo para ensinar hoje, aos filhos de S\u00e3o Vicente at\u00e9 onde \u00e9 preciso ir, com que generosidade \u00e9 preciso viver sem esquecer que \u201cvivos ou mortos, pertencemos ao Senhor\u201d (Rm 14, 8).<\/p>\n","protected":false},"featured_media":1070,"template":"","meta":{"_acf_changed":false,"_links_to":"","_links_to_target":""},"origen":[],"class_list":["post-4102","familia","type-familia","status-publish","has-post-thumbnail","hentry"],"acf":[],"yoast_head":"<!-- This site is optimized with the Yoast SEO plugin v27.5 - https:\/\/yoast.com\/product\/yoast-seo-wordpress\/ -->\n<title>S\u00e3o Francisco Regis Clet - Filles de la Charit\u00e9<\/title>\n<meta name=\"robots\" content=\"index, follow, max-snippet:-1, max-image-preview:large, max-video-preview:-1\" \/>\n<link rel=\"canonical\" href=\"https:\/\/filles-de-la-charite.org\/pt-pt\/familia\/sao-francisco-regis-clet\/\" \/>\n<meta property=\"og:locale\" content=\"pt_PT\" \/>\n<meta property=\"og:type\" content=\"article\" \/>\n<meta property=\"og:title\" content=\"S\u00e3o Francisco Regis Clet - Filles de la Charit\u00e9\" \/>\n<meta property=\"og:description\" content=\"Uma pequena frase do livro do Eclesiastes (4,12), escolhida por Francisco Regis Clet para encorajar seus coirm\u00e3os a uma experi\u00eancia profunda de fraternidade e como apoio em sua miss\u00e3o, pode ser vista tamb\u00e9m como a s\u00edntese de sua vida: \u201cUma corda tripla n\u00e3o se arrebenta facilmente\u201d. Ele era um homem com sua hist\u00f3ria, de uma [&hellip;]\" \/>\n<meta property=\"og:url\" content=\"https:\/\/filles-de-la-charite.org\/pt-pt\/familia\/sao-francisco-regis-clet\/\" \/>\n<meta property=\"og:site_name\" content=\"Filles de la Charit\u00e9\" \/>\n<meta property=\"article:modified_time\" content=\"2024-03-07T09:39:13+00:00\" \/>\n<meta property=\"og:image\" content=\"https:\/\/filles-de-la-charite.org\/wp-content\/uploads\/2023\/04\/Francois-Regis-Clet-1.png\" \/>\n\t<meta property=\"og:image:width\" content=\"270\" \/>\n\t<meta property=\"og:image:height\" content=\"416\" \/>\n\t<meta property=\"og:image:type\" content=\"image\/png\" \/>\n<meta name=\"twitter:card\" content=\"summary_large_image\" \/>\n<meta name=\"twitter:label1\" content=\"Tempo estimado de leitura\" \/>\n\t<meta name=\"twitter:data1\" content=\"2 minutos\" \/>\n<script type=\"application\/ld+json\" class=\"yoast-schema-graph\">{\"@context\":\"https:\\\/\\\/schema.org\",\"@graph\":[{\"@type\":\"WebPage\",\"@id\":\"https:\\\/\\\/filles-de-la-charite.org\\\/pt-pt\\\/familia\\\/sao-francisco-regis-clet\\\/\",\"url\":\"https:\\\/\\\/filles-de-la-charite.org\\\/pt-pt\\\/familia\\\/sao-francisco-regis-clet\\\/\",\"name\":\"S\u00e3o Francisco Regis Clet - Filles de la Charit\u00e9\",\"isPartOf\":{\"@id\":\"https:\\\/\\\/filles-de-la-charite.org\\\/pt-pt\\\/#website\"},\"primaryImageOfPage\":{\"@id\":\"https:\\\/\\\/filles-de-la-charite.org\\\/pt-pt\\\/familia\\\/sao-francisco-regis-clet\\\/#primaryimage\"},\"image\":{\"@id\":\"https:\\\/\\\/filles-de-la-charite.org\\\/pt-pt\\\/familia\\\/sao-francisco-regis-clet\\\/#primaryimage\"},\"thumbnailUrl\":\"https:\\\/\\\/filles-de-la-charite.org\\\/wp-content\\\/uploads\\\/2023\\\/04\\\/Francois-Regis-Clet-1.png\",\"datePublished\":\"2020-10-21T13:09:34+00:00\",\"dateModified\":\"2024-03-07T09:39:13+00:00\",\"breadcrumb\":{\"@id\":\"https:\\\/\\\/filles-de-la-charite.org\\\/pt-pt\\\/familia\\\/sao-francisco-regis-clet\\\/#breadcrumb\"},\"inLanguage\":\"pt-PT\",\"potentialAction\":[{\"@type\":\"ReadAction\",\"target\":[\"https:\\\/\\\/filles-de-la-charite.org\\\/pt-pt\\\/familia\\\/sao-francisco-regis-clet\\\/\"]}]},{\"@type\":\"ImageObject\",\"inLanguage\":\"pt-PT\",\"@id\":\"https:\\\/\\\/filles-de-la-charite.org\\\/pt-pt\\\/familia\\\/sao-francisco-regis-clet\\\/#primaryimage\",\"url\":\"https:\\\/\\\/filles-de-la-charite.org\\\/wp-content\\\/uploads\\\/2023\\\/04\\\/Francois-Regis-Clet-1.png\",\"contentUrl\":\"https:\\\/\\\/filles-de-la-charite.org\\\/wp-content\\\/uploads\\\/2023\\\/04\\\/Francois-Regis-Clet-1.png\",\"width\":270,\"height\":416},{\"@type\":\"BreadcrumbList\",\"@id\":\"https:\\\/\\\/filles-de-la-charite.org\\\/pt-pt\\\/familia\\\/sao-francisco-regis-clet\\\/#breadcrumb\",\"itemListElement\":[{\"@type\":\"ListItem\",\"position\":1,\"name\":\"A nossa fam\u00edlia\",\"item\":\"https:\\\/\\\/filles-de-la-charite.org\\\/pt-pt\\\/familia\\\/\"},{\"@type\":\"ListItem\",\"position\":2,\"name\":\"S\u00e3o Francisco Regis Clet\"}]},{\"@type\":\"WebSite\",\"@id\":\"https:\\\/\\\/filles-de-la-charite.org\\\/pt-pt\\\/#website\",\"url\":\"https:\\\/\\\/filles-de-la-charite.org\\\/pt-pt\\\/\",\"name\":\"Hijas de la Caridad\",\"description\":\"L\u2019amour de J\u00e9sus nous presse \u00e0 prendre soin des personnes les plus d\u00e9munies\",\"publisher\":{\"@id\":\"https:\\\/\\\/filles-de-la-charite.org\\\/pt-pt\\\/#organization\"},\"potentialAction\":[{\"@type\":\"SearchAction\",\"target\":{\"@type\":\"EntryPoint\",\"urlTemplate\":\"https:\\\/\\\/filles-de-la-charite.org\\\/pt-pt\\\/?s={search_term_string}\"},\"query-input\":{\"@type\":\"PropertyValueSpecification\",\"valueRequired\":true,\"valueName\":\"search_term_string\"}}],\"inLanguage\":\"pt-PT\"},{\"@type\":\"Organization\",\"@id\":\"https:\\\/\\\/filles-de-la-charite.org\\\/pt-pt\\\/#organization\",\"name\":\"Hijas de la Caridad\",\"url\":\"https:\\\/\\\/filles-de-la-charite.org\\\/pt-pt\\\/\",\"logo\":{\"@type\":\"ImageObject\",\"inLanguage\":\"pt-PT\",\"@id\":\"https:\\\/\\\/filles-de-la-charite.org\\\/pt-pt\\\/#\\\/schema\\\/logo\\\/image\\\/\",\"url\":\"https:\\\/\\\/filles-de-la-charite.org\\\/wp-content\\\/uploads\\\/2023\\\/03\\\/isotipo-Hijas-de-la-Caridad.png\",\"contentUrl\":\"https:\\\/\\\/filles-de-la-charite.org\\\/wp-content\\\/uploads\\\/2023\\\/03\\\/isotipo-Hijas-de-la-Caridad.png\",\"width\":1417,\"height\":1417,\"caption\":\"Hijas de la Caridad\"},\"image\":{\"@id\":\"https:\\\/\\\/filles-de-la-charite.org\\\/pt-pt\\\/#\\\/schema\\\/logo\\\/image\\\/\"}}]}<\/script>\n<!-- \/ Yoast SEO plugin. -->","yoast_head_json":{"title":"S\u00e3o Francisco Regis Clet - Filles de la Charit\u00e9","robots":{"index":"index","follow":"follow","max-snippet":"max-snippet:-1","max-image-preview":"max-image-preview:large","max-video-preview":"max-video-preview:-1"},"canonical":"https:\/\/filles-de-la-charite.org\/pt-pt\/familia\/sao-francisco-regis-clet\/","og_locale":"pt_PT","og_type":"article","og_title":"S\u00e3o Francisco Regis Clet - Filles de la Charit\u00e9","og_description":"Uma pequena frase do livro do Eclesiastes (4,12), escolhida por Francisco Regis Clet para encorajar seus coirm\u00e3os a uma experi\u00eancia profunda de fraternidade e como apoio em sua miss\u00e3o, pode ser vista tamb\u00e9m como a s\u00edntese de sua vida: \u201cUma corda tripla n\u00e3o se arrebenta facilmente\u201d. Ele era um homem com sua hist\u00f3ria, de uma [&hellip;]","og_url":"https:\/\/filles-de-la-charite.org\/pt-pt\/familia\/sao-francisco-regis-clet\/","og_site_name":"Filles de la Charit\u00e9","article_modified_time":"2024-03-07T09:39:13+00:00","og_image":[{"width":270,"height":416,"url":"https:\/\/filles-de-la-charite.org\/wp-content\/uploads\/2023\/04\/Francois-Regis-Clet-1.png","type":"image\/png"}],"twitter_card":"summary_large_image","twitter_misc":{"Tempo estimado de leitura":"2 minutos"},"schema":{"@context":"https:\/\/schema.org","@graph":[{"@type":"WebPage","@id":"https:\/\/filles-de-la-charite.org\/pt-pt\/familia\/sao-francisco-regis-clet\/","url":"https:\/\/filles-de-la-charite.org\/pt-pt\/familia\/sao-francisco-regis-clet\/","name":"S\u00e3o Francisco Regis Clet - Filles de la Charit\u00e9","isPartOf":{"@id":"https:\/\/filles-de-la-charite.org\/pt-pt\/#website"},"primaryImageOfPage":{"@id":"https:\/\/filles-de-la-charite.org\/pt-pt\/familia\/sao-francisco-regis-clet\/#primaryimage"},"image":{"@id":"https:\/\/filles-de-la-charite.org\/pt-pt\/familia\/sao-francisco-regis-clet\/#primaryimage"},"thumbnailUrl":"https:\/\/filles-de-la-charite.org\/wp-content\/uploads\/2023\/04\/Francois-Regis-Clet-1.png","datePublished":"2020-10-21T13:09:34+00:00","dateModified":"2024-03-07T09:39:13+00:00","breadcrumb":{"@id":"https:\/\/filles-de-la-charite.org\/pt-pt\/familia\/sao-francisco-regis-clet\/#breadcrumb"},"inLanguage":"pt-PT","potentialAction":[{"@type":"ReadAction","target":["https:\/\/filles-de-la-charite.org\/pt-pt\/familia\/sao-francisco-regis-clet\/"]}]},{"@type":"ImageObject","inLanguage":"pt-PT","@id":"https:\/\/filles-de-la-charite.org\/pt-pt\/familia\/sao-francisco-regis-clet\/#primaryimage","url":"https:\/\/filles-de-la-charite.org\/wp-content\/uploads\/2023\/04\/Francois-Regis-Clet-1.png","contentUrl":"https:\/\/filles-de-la-charite.org\/wp-content\/uploads\/2023\/04\/Francois-Regis-Clet-1.png","width":270,"height":416},{"@type":"BreadcrumbList","@id":"https:\/\/filles-de-la-charite.org\/pt-pt\/familia\/sao-francisco-regis-clet\/#breadcrumb","itemListElement":[{"@type":"ListItem","position":1,"name":"A nossa fam\u00edlia","item":"https:\/\/filles-de-la-charite.org\/pt-pt\/familia\/"},{"@type":"ListItem","position":2,"name":"S\u00e3o Francisco Regis Clet"}]},{"@type":"WebSite","@id":"https:\/\/filles-de-la-charite.org\/pt-pt\/#website","url":"https:\/\/filles-de-la-charite.org\/pt-pt\/","name":"Hijas de la Caridad","description":"L\u2019amour de J\u00e9sus nous presse \u00e0 prendre soin des personnes les plus d\u00e9munies","publisher":{"@id":"https:\/\/filles-de-la-charite.org\/pt-pt\/#organization"},"potentialAction":[{"@type":"SearchAction","target":{"@type":"EntryPoint","urlTemplate":"https:\/\/filles-de-la-charite.org\/pt-pt\/?s={search_term_string}"},"query-input":{"@type":"PropertyValueSpecification","valueRequired":true,"valueName":"search_term_string"}}],"inLanguage":"pt-PT"},{"@type":"Organization","@id":"https:\/\/filles-de-la-charite.org\/pt-pt\/#organization","name":"Hijas de la Caridad","url":"https:\/\/filles-de-la-charite.org\/pt-pt\/","logo":{"@type":"ImageObject","inLanguage":"pt-PT","@id":"https:\/\/filles-de-la-charite.org\/pt-pt\/#\/schema\/logo\/image\/","url":"https:\/\/filles-de-la-charite.org\/wp-content\/uploads\/2023\/03\/isotipo-Hijas-de-la-Caridad.png","contentUrl":"https:\/\/filles-de-la-charite.org\/wp-content\/uploads\/2023\/03\/isotipo-Hijas-de-la-Caridad.png","width":1417,"height":1417,"caption":"Hijas de la Caridad"},"image":{"@id":"https:\/\/filles-de-la-charite.org\/pt-pt\/#\/schema\/logo\/image\/"}}]}},"_links":{"self":[{"href":"https:\/\/filles-de-la-charite.org\/pt-pt\/wp-json\/wp\/v2\/familia\/4102","targetHints":{"allow":["GET"]}}],"collection":[{"href":"https:\/\/filles-de-la-charite.org\/pt-pt\/wp-json\/wp\/v2\/familia"}],"about":[{"href":"https:\/\/filles-de-la-charite.org\/pt-pt\/wp-json\/wp\/v2\/types\/familia"}],"wp:featuredmedia":[{"embeddable":true,"href":"https:\/\/filles-de-la-charite.org\/pt-pt\/wp-json\/wp\/v2\/media\/1070"}],"wp:attachment":[{"href":"https:\/\/filles-de-la-charite.org\/pt-pt\/wp-json\/wp\/v2\/media?parent=4102"}],"wp:term":[{"taxonomy":"origen","embeddable":true,"href":"https:\/\/filles-de-la-charite.org\/pt-pt\/wp-json\/wp\/v2\/origen?post=4102"}],"curies":[{"name":"wp","href":"https:\/\/api.w.org\/{rel}","templated":true}]}}