{"id":4105,"date":"2020-10-21T15:26:32","date_gmt":"2020-10-21T13:26:32","guid":{"rendered":"https:\/\/hijascaridad.sjdigitaldemo.ovh\/familia\/sao-justino-de-jacobis\/"},"modified":"2024-03-02T11:08:21","modified_gmt":"2024-03-02T10:08:21","slug":"sao-justino-de-jacobis","status":"publish","type":"familia","link":"https:\/\/filles-de-la-charite.org\/pt-pt\/familia\/sao-justino-de-jacobis\/","title":{"rendered":"S\u00e3o Justino de Jacobis"},"content":{"rendered":"\n<p><strong><strong>Dos muitos filhos de Vicente de Paulo que foram exemplos em sua voca\u00e7\u00e3o e na evangeliza\u00e7\u00e3o dos pobres, alguns nos foram apresentados como modelo. Justino de Jacobis, o grande ap\u00f3stolo do povo da Abiss\u00ednia (conhecido hoje como o povo da Eritreia e da Eti\u00f3pia) \u00e9 um deles.<\/strong><\/strong><\/p>\n\n\n\n<figure class=\"wp-block-table\"><table><tbody><tr><td><strong>1800, 9 de outubro<\/strong><\/td><td>Nascimento em San Fele, perto de N\u00e1poles, It\u00e1lia<\/td><\/tr><tr><td><strong>1818, 17 de outubro<\/strong><\/td><td>Entrada no Semin\u00e1rio da Congrega\u00e7\u00e3o da Miss\u00e3o<\/td><\/tr><tr><td><strong>1824, 12 de junho<\/strong><\/td><td>Ordenado Sacerdote<\/td><\/tr><tr><td><strong>1839, 24 de maio<\/strong><\/td><td>Respons\u00e1vel pela miss\u00e3o na Abiss\u00ednia e arredores<\/td><\/tr><tr><td><strong>1860, 31 de julho<\/strong><\/td><td>Morre no deserto<\/td><\/tr><tr><td><strong>1939, 25 de junho<\/strong><\/td><td>Beatificado pelo Papa Pio XII<\/td><\/tr><tr><td><strong>1975, 26 de outubro<\/strong><\/td><td>Canonizado pelo Papa Paulo VI<\/td><\/tr><tr><td><strong>30 de julho<\/strong><\/td><td>Dia de sua festa<\/td><\/tr><\/tbody><\/table><\/figure>\n\n\n\n<p>Justino nasceu em San Fele, perto de N\u00e1poles, em 9 de outubro de 1800. Ele era o s\u00e9timo filho de Maria Josefa e Jo\u00e3o Batista de Jacobis, uma fam\u00edlia de muitos recursos e profunda f\u00e9 crist\u00e3.<br>Entrou na Congrega\u00e7\u00e3o da Miss\u00e3o em 1818, em N\u00e1poles. Sua grande humildade fez com que ele pensasse n\u00e3o possuir as qualidades necess\u00e1rias para o sacerd\u00f3cio, mas seus superiores discordaram e ele foi ordenado em 12 de junho de 1824, na catedral de Brindisi.<\/p>\n\n\n\n<p>Durante seus cinco primeiros anos de sacerd\u00f3cio, sua principal miss\u00e3o era organizar retiros para leigos, padres e Irm\u00e3s e animar diversas atividades paroquiais. Ele tamb\u00e9m organizou atividades caritativas para ajudar os pobres.<br>Justino realizava todas as tarefas que lhe eram confiadas de uma maneira muito humilde e obediente; aceitava servir em qualquer of\u00edcio ou assumir qualquer responsabilidade na Congrega\u00e7\u00e3o da Miss\u00e3o.<\/p>\n\n\n\n<p><br>Ele se dedicou totalmente durante a grave epidemia de c\u00f3lera que devastou N\u00e1poles em 1836. Trabalhou incansavelmente para ajudar os doentes, mesmo arriscando a pr\u00f3pria vida.<br>Em 1838, o Cardeal Philippe Franzoni, Prefeito da Sagrada Congrega\u00e7\u00e3o para a Propaga\u00e7\u00e3o da F\u00e9, visitou a Casa Provincial dos Lazaristas em N\u00e1poles. Conversou com o Superior, Padre Justino de Jacobis, sobre as grandes necessidades da Abiss\u00ednia e o desejo de come\u00e7ar uma miss\u00e3o l\u00e1. Com o acordo dos Superiores, Padre Justino de Jacobis aceitou este chamado.<br>A Congrega\u00e7\u00e3o da Miss\u00e3o recebeu esta miss\u00e3o e, em 24 de maio de 1839, o Padre Justino de Jacobis foi enviado para a Abiss\u00ednia como Prefeito Apost\u00f3lico dessa regi\u00e3o.<br>Justino de Jacobis deixou-se conduzir pelas m\u00e3os da Provid\u00eancia na sua evangeliza\u00e7\u00e3o. Ele estava profundamente enraizado no esp\u00edrito da Congrega\u00e7\u00e3o da Miss\u00e3o.<br>Sua vida refletia especialmente a humildade, a gentileza, o zelo e a perseveran\u00e7a nos sofrimentos e nas incompreens\u00f5es.<br>O Senhor deu a Justino uma clara compreens\u00e3o da cultura e das tradi\u00e7\u00f5es do pa\u00eds. Ele aprendeu a l\u00edngua, viveu com o povo e trabalhou para melhorar as boas rela\u00e7\u00f5es a n\u00edvel local.<br>Era um homem \u00e0 frente do seu tempo no que diz respeito \u00e0 incultura\u00e7\u00e3o: ele utilizava as tradi\u00e7\u00f5es e a cultura do povo para anunciar o Evangelho.<br>Foi tamb\u00e9m um grande precursor do di\u00e1logo ecum\u00eanico entre os crist\u00e3os coptas e os cat\u00f3licos.<br>Durante vinte anos, o Padre Justino de Jacobis entregou-se ao servi\u00e7o do Evangelho, sendo um excelente guia e formador dos padres. Ele tem o m\u00e9rito de ter restaurado a Igreja Cat\u00f3lica na Abiss\u00ednia, apesar dos muitos sofrimentos e persegui\u00e7\u00f5es a que foi submetido.<br>Ap\u00f3s muitas persegui\u00e7\u00f5es, Justino de Jacobis morreu de febre amarela (febre tropical) numa estrada, perto de Halai, no vale de Alighede, em 31 de julho de 1860.<\/p>\n","protected":false},"featured_media":1091,"template":"","meta":{"_acf_changed":false,"_links_to":"","_links_to_target":""},"origen":[],"class_list":["post-4105","familia","type-familia","status-publish","has-post-thumbnail","hentry"],"acf":[],"yoast_head":"<!-- This site is optimized with the Yoast SEO plugin v27.5 - https:\/\/yoast.com\/product\/yoast-seo-wordpress\/ -->\n<title>S\u00e3o Justino de Jacobis - Filles de la Charit\u00e9<\/title>\n<meta name=\"robots\" content=\"index, follow, max-snippet:-1, max-image-preview:large, max-video-preview:-1\" \/>\n<link rel=\"canonical\" href=\"https:\/\/filles-de-la-charite.org\/pt-pt\/familia\/sao-justino-de-jacobis\/\" \/>\n<meta property=\"og:locale\" content=\"pt_PT\" \/>\n<meta property=\"og:type\" content=\"article\" \/>\n<meta property=\"og:title\" content=\"S\u00e3o Justino de Jacobis - Filles de la Charit\u00e9\" \/>\n<meta property=\"og:description\" content=\"Dos muitos filhos de Vicente de Paulo que foram exemplos em sua voca\u00e7\u00e3o e na evangeliza\u00e7\u00e3o dos pobres, alguns nos foram apresentados como modelo. Justino de Jacobis, o grande ap\u00f3stolo do povo da Abiss\u00ednia (conhecido hoje como o povo da Eritreia e da Eti\u00f3pia) \u00e9 um deles. 1800, 9 de outubro Nascimento em San Fele, [&hellip;]\" \/>\n<meta property=\"og:url\" content=\"https:\/\/filles-de-la-charite.org\/pt-pt\/familia\/sao-justino-de-jacobis\/\" \/>\n<meta property=\"og:site_name\" content=\"Filles de la Charit\u00e9\" \/>\n<meta property=\"article:modified_time\" content=\"2024-03-02T10:08:21+00:00\" \/>\n<meta property=\"og:image\" content=\"https:\/\/filles-de-la-charite.org\/wp-content\/uploads\/2023\/04\/image1-2.jpg\" \/>\n\t<meta property=\"og:image:width\" content=\"416\" \/>\n\t<meta property=\"og:image:height\" content=\"601\" \/>\n\t<meta property=\"og:image:type\" content=\"image\/jpeg\" \/>\n<meta name=\"twitter:card\" content=\"summary_large_image\" \/>\n<meta name=\"twitter:label1\" content=\"Tempo estimado de leitura\" \/>\n\t<meta name=\"twitter:data1\" content=\"3 minutos\" \/>\n<script type=\"application\/ld+json\" class=\"yoast-schema-graph\">{\"@context\":\"https:\\\/\\\/schema.org\",\"@graph\":[{\"@type\":\"WebPage\",\"@id\":\"https:\\\/\\\/filles-de-la-charite.org\\\/pt-pt\\\/familia\\\/sao-justino-de-jacobis\\\/\",\"url\":\"https:\\\/\\\/filles-de-la-charite.org\\\/pt-pt\\\/familia\\\/sao-justino-de-jacobis\\\/\",\"name\":\"S\u00e3o Justino de Jacobis - Filles de la Charit\u00e9\",\"isPartOf\":{\"@id\":\"https:\\\/\\\/filles-de-la-charite.org\\\/pt-pt\\\/#website\"},\"primaryImageOfPage\":{\"@id\":\"https:\\\/\\\/filles-de-la-charite.org\\\/pt-pt\\\/familia\\\/sao-justino-de-jacobis\\\/#primaryimage\"},\"image\":{\"@id\":\"https:\\\/\\\/filles-de-la-charite.org\\\/pt-pt\\\/familia\\\/sao-justino-de-jacobis\\\/#primaryimage\"},\"thumbnailUrl\":\"https:\\\/\\\/filles-de-la-charite.org\\\/wp-content\\\/uploads\\\/2023\\\/04\\\/image1-2.jpg\",\"datePublished\":\"2020-10-21T13:26:32+00:00\",\"dateModified\":\"2024-03-02T10:08:21+00:00\",\"breadcrumb\":{\"@id\":\"https:\\\/\\\/filles-de-la-charite.org\\\/pt-pt\\\/familia\\\/sao-justino-de-jacobis\\\/#breadcrumb\"},\"inLanguage\":\"pt-PT\",\"potentialAction\":[{\"@type\":\"ReadAction\",\"target\":[\"https:\\\/\\\/filles-de-la-charite.org\\\/pt-pt\\\/familia\\\/sao-justino-de-jacobis\\\/\"]}]},{\"@type\":\"ImageObject\",\"inLanguage\":\"pt-PT\",\"@id\":\"https:\\\/\\\/filles-de-la-charite.org\\\/pt-pt\\\/familia\\\/sao-justino-de-jacobis\\\/#primaryimage\",\"url\":\"https:\\\/\\\/filles-de-la-charite.org\\\/wp-content\\\/uploads\\\/2023\\\/04\\\/image1-2.jpg\",\"contentUrl\":\"https:\\\/\\\/filles-de-la-charite.org\\\/wp-content\\\/uploads\\\/2023\\\/04\\\/image1-2.jpg\",\"width\":416,\"height\":601},{\"@type\":\"BreadcrumbList\",\"@id\":\"https:\\\/\\\/filles-de-la-charite.org\\\/pt-pt\\\/familia\\\/sao-justino-de-jacobis\\\/#breadcrumb\",\"itemListElement\":[{\"@type\":\"ListItem\",\"position\":1,\"name\":\"A nossa fam\u00edlia\",\"item\":\"https:\\\/\\\/filles-de-la-charite.org\\\/pt-pt\\\/familia\\\/\"},{\"@type\":\"ListItem\",\"position\":2,\"name\":\"S\u00e3o Justino de Jacobis\"}]},{\"@type\":\"WebSite\",\"@id\":\"https:\\\/\\\/filles-de-la-charite.org\\\/pt-pt\\\/#website\",\"url\":\"https:\\\/\\\/filles-de-la-charite.org\\\/pt-pt\\\/\",\"name\":\"Hijas de la Caridad\",\"description\":\"L\u2019amour de J\u00e9sus nous presse \u00e0 prendre soin des personnes les plus d\u00e9munies\",\"publisher\":{\"@id\":\"https:\\\/\\\/filles-de-la-charite.org\\\/pt-pt\\\/#organization\"},\"potentialAction\":[{\"@type\":\"SearchAction\",\"target\":{\"@type\":\"EntryPoint\",\"urlTemplate\":\"https:\\\/\\\/filles-de-la-charite.org\\\/pt-pt\\\/?s={search_term_string}\"},\"query-input\":{\"@type\":\"PropertyValueSpecification\",\"valueRequired\":true,\"valueName\":\"search_term_string\"}}],\"inLanguage\":\"pt-PT\"},{\"@type\":\"Organization\",\"@id\":\"https:\\\/\\\/filles-de-la-charite.org\\\/pt-pt\\\/#organization\",\"name\":\"Hijas de la Caridad\",\"url\":\"https:\\\/\\\/filles-de-la-charite.org\\\/pt-pt\\\/\",\"logo\":{\"@type\":\"ImageObject\",\"inLanguage\":\"pt-PT\",\"@id\":\"https:\\\/\\\/filles-de-la-charite.org\\\/pt-pt\\\/#\\\/schema\\\/logo\\\/image\\\/\",\"url\":\"https:\\\/\\\/filles-de-la-charite.org\\\/wp-content\\\/uploads\\\/2023\\\/03\\\/isotipo-Hijas-de-la-Caridad.png\",\"contentUrl\":\"https:\\\/\\\/filles-de-la-charite.org\\\/wp-content\\\/uploads\\\/2023\\\/03\\\/isotipo-Hijas-de-la-Caridad.png\",\"width\":1417,\"height\":1417,\"caption\":\"Hijas de la Caridad\"},\"image\":{\"@id\":\"https:\\\/\\\/filles-de-la-charite.org\\\/pt-pt\\\/#\\\/schema\\\/logo\\\/image\\\/\"}}]}<\/script>\n<!-- \/ Yoast SEO plugin. -->","yoast_head_json":{"title":"S\u00e3o Justino de Jacobis - Filles de la Charit\u00e9","robots":{"index":"index","follow":"follow","max-snippet":"max-snippet:-1","max-image-preview":"max-image-preview:large","max-video-preview":"max-video-preview:-1"},"canonical":"https:\/\/filles-de-la-charite.org\/pt-pt\/familia\/sao-justino-de-jacobis\/","og_locale":"pt_PT","og_type":"article","og_title":"S\u00e3o Justino de Jacobis - Filles de la Charit\u00e9","og_description":"Dos muitos filhos de Vicente de Paulo que foram exemplos em sua voca\u00e7\u00e3o e na evangeliza\u00e7\u00e3o dos pobres, alguns nos foram apresentados como modelo. Justino de Jacobis, o grande ap\u00f3stolo do povo da Abiss\u00ednia (conhecido hoje como o povo da Eritreia e da Eti\u00f3pia) \u00e9 um deles. 1800, 9 de outubro Nascimento em San Fele, [&hellip;]","og_url":"https:\/\/filles-de-la-charite.org\/pt-pt\/familia\/sao-justino-de-jacobis\/","og_site_name":"Filles de la Charit\u00e9","article_modified_time":"2024-03-02T10:08:21+00:00","og_image":[{"width":416,"height":601,"url":"https:\/\/filles-de-la-charite.org\/wp-content\/uploads\/2023\/04\/image1-2.jpg","type":"image\/jpeg"}],"twitter_card":"summary_large_image","twitter_misc":{"Tempo estimado de leitura":"3 minutos"},"schema":{"@context":"https:\/\/schema.org","@graph":[{"@type":"WebPage","@id":"https:\/\/filles-de-la-charite.org\/pt-pt\/familia\/sao-justino-de-jacobis\/","url":"https:\/\/filles-de-la-charite.org\/pt-pt\/familia\/sao-justino-de-jacobis\/","name":"S\u00e3o Justino de Jacobis - Filles de la Charit\u00e9","isPartOf":{"@id":"https:\/\/filles-de-la-charite.org\/pt-pt\/#website"},"primaryImageOfPage":{"@id":"https:\/\/filles-de-la-charite.org\/pt-pt\/familia\/sao-justino-de-jacobis\/#primaryimage"},"image":{"@id":"https:\/\/filles-de-la-charite.org\/pt-pt\/familia\/sao-justino-de-jacobis\/#primaryimage"},"thumbnailUrl":"https:\/\/filles-de-la-charite.org\/wp-content\/uploads\/2023\/04\/image1-2.jpg","datePublished":"2020-10-21T13:26:32+00:00","dateModified":"2024-03-02T10:08:21+00:00","breadcrumb":{"@id":"https:\/\/filles-de-la-charite.org\/pt-pt\/familia\/sao-justino-de-jacobis\/#breadcrumb"},"inLanguage":"pt-PT","potentialAction":[{"@type":"ReadAction","target":["https:\/\/filles-de-la-charite.org\/pt-pt\/familia\/sao-justino-de-jacobis\/"]}]},{"@type":"ImageObject","inLanguage":"pt-PT","@id":"https:\/\/filles-de-la-charite.org\/pt-pt\/familia\/sao-justino-de-jacobis\/#primaryimage","url":"https:\/\/filles-de-la-charite.org\/wp-content\/uploads\/2023\/04\/image1-2.jpg","contentUrl":"https:\/\/filles-de-la-charite.org\/wp-content\/uploads\/2023\/04\/image1-2.jpg","width":416,"height":601},{"@type":"BreadcrumbList","@id":"https:\/\/filles-de-la-charite.org\/pt-pt\/familia\/sao-justino-de-jacobis\/#breadcrumb","itemListElement":[{"@type":"ListItem","position":1,"name":"A nossa fam\u00edlia","item":"https:\/\/filles-de-la-charite.org\/pt-pt\/familia\/"},{"@type":"ListItem","position":2,"name":"S\u00e3o Justino de Jacobis"}]},{"@type":"WebSite","@id":"https:\/\/filles-de-la-charite.org\/pt-pt\/#website","url":"https:\/\/filles-de-la-charite.org\/pt-pt\/","name":"Hijas de la Caridad","description":"L\u2019amour de J\u00e9sus nous presse \u00e0 prendre soin des personnes les plus d\u00e9munies","publisher":{"@id":"https:\/\/filles-de-la-charite.org\/pt-pt\/#organization"},"potentialAction":[{"@type":"SearchAction","target":{"@type":"EntryPoint","urlTemplate":"https:\/\/filles-de-la-charite.org\/pt-pt\/?s={search_term_string}"},"query-input":{"@type":"PropertyValueSpecification","valueRequired":true,"valueName":"search_term_string"}}],"inLanguage":"pt-PT"},{"@type":"Organization","@id":"https:\/\/filles-de-la-charite.org\/pt-pt\/#organization","name":"Hijas de la Caridad","url":"https:\/\/filles-de-la-charite.org\/pt-pt\/","logo":{"@type":"ImageObject","inLanguage":"pt-PT","@id":"https:\/\/filles-de-la-charite.org\/pt-pt\/#\/schema\/logo\/image\/","url":"https:\/\/filles-de-la-charite.org\/wp-content\/uploads\/2023\/03\/isotipo-Hijas-de-la-Caridad.png","contentUrl":"https:\/\/filles-de-la-charite.org\/wp-content\/uploads\/2023\/03\/isotipo-Hijas-de-la-Caridad.png","width":1417,"height":1417,"caption":"Hijas de la Caridad"},"image":{"@id":"https:\/\/filles-de-la-charite.org\/pt-pt\/#\/schema\/logo\/image\/"}}]}},"_links":{"self":[{"href":"https:\/\/filles-de-la-charite.org\/pt-pt\/wp-json\/wp\/v2\/familia\/4105","targetHints":{"allow":["GET"]}}],"collection":[{"href":"https:\/\/filles-de-la-charite.org\/pt-pt\/wp-json\/wp\/v2\/familia"}],"about":[{"href":"https:\/\/filles-de-la-charite.org\/pt-pt\/wp-json\/wp\/v2\/types\/familia"}],"wp:featuredmedia":[{"embeddable":true,"href":"https:\/\/filles-de-la-charite.org\/pt-pt\/wp-json\/wp\/v2\/media\/1091"}],"wp:attachment":[{"href":"https:\/\/filles-de-la-charite.org\/pt-pt\/wp-json\/wp\/v2\/media?parent=4105"}],"wp:term":[{"taxonomy":"origen","embeddable":true,"href":"https:\/\/filles-de-la-charite.org\/pt-pt\/wp-json\/wp\/v2\/origen?post=4105"}],"curies":[{"name":"wp","href":"https:\/\/api.w.org\/{rel}","templated":true}]}}