{"id":4106,"date":"2020-10-21T15:58:37","date_gmt":"2020-10-21T13:58:37","guid":{"rendered":"https:\/\/hijascaridad.sjdigitaldemo.ovh\/familia\/bem-aventurado-marco-antonio-durando\/"},"modified":"2024-03-02T11:05:10","modified_gmt":"2024-03-02T10:05:10","slug":"bem-aventurado-marco-antonio-durando","status":"publish","type":"familia","link":"https:\/\/filles-de-la-charite.org\/pt-pt\/familia\/bem-aventurado-marco-antonio-durando\/","title":{"rendered":"Bem-aventurado Marco Ant\u00f4nio Durando"},"content":{"rendered":"\n<p><strong><strong>Padre Durando viveu plenamente sua voca\u00e7\u00e3o vicentina. Como o Padre Vicente, ele deixou-se modelar pelo Esp\u00edrito santificador. Como Diretor das Filhas da Caridade, ousou iniciativas corajosas para sua \u00e9poca, como o envio de Irm\u00e3s para cuidar dos feridos durante a guerra da Crimeia. Al\u00e9m disso, teve a aud\u00e1cia de fundar uma Congrega\u00e7\u00e3o dedicada ao servi\u00e7o dos doentes a domic\u00edlio, as Irm\u00e3s Nazarenas<strong>.<\/strong><\/strong><\/strong><\/p>\n\n\n\n<figure class=\"wp-block-table\"><table><tbody><tr><td><strong>1801, 22 de maio<\/strong><\/td><td>Nascimento em Mondovi (Piemonte, It\u00e1lia)<\/td><\/tr><tr><td><strong>1817<\/strong><\/td><td>Entra para a Congrega\u00e7\u00e3o da Miss\u00e3o<\/td><\/tr><tr><td><strong>1824, 12 de junho<\/strong><\/td><td>Ordena\u00e7\u00e3o sacerdotal<\/td><\/tr><tr><td><strong>1831<\/strong><\/td><td>Diretor Provincial das Filhas da Caridade<\/td><\/tr><tr><td><strong>1865, 21 de novembro<\/strong><\/td><td>Funda\u00e7\u00e3o da Comunidade \u201cFilhas da Paix\u00e3o de Jesus de Nazar\u00e9\u201d<\/td><\/tr><tr><td><strong>1880, 10 de dezembro<\/strong><\/td><td>Morre em Turin<\/td><\/tr><tr><td><strong>2001<\/strong>, 20 de outubro<\/td><td>Beatificado pelo Papa Jo\u00e3o Paulo II<\/td><\/tr><tr><td><strong>10 de dezembro<\/strong><\/td><td>Dia de sua festa<\/td><\/tr><\/tbody><\/table><\/figure>\n\n\n\n<p>Marco Ant\u00f4nio Durando nasceu em 1801, em Mondov\u00ec (Piemonte), numa not\u00e1vel fam\u00edlia. Sua m\u00e3e, muito piedosa, educou seus filhos de maneira crist\u00e3, enquanto o pai tinha ideias liberais e convic\u00e7\u00f5es laicas e agn\u00f3sticas.<\/p>\n\n\n\n<p>Aos quinze anos, Marco Ant\u00f4nio desejava levar o Evangelho a terras distantes. Entrou para a Congrega\u00e7\u00e3o da Miss\u00e3o, fez votos perp\u00e9tuos aos dezoito anos e foi ordenado sacerdote em 1824.&nbsp;<\/p>\n\n\n\n<p>Depois de cinco anos em Casale Monferrato, vai para Turim, onde reside de 1829 at\u00e9 a sua morte. Sonhou em partir como mission\u00e1rio para a China, mas sua sa\u00fade delicada o impediu. Expressou ent\u00e3o seu zelo nas miss\u00f5es populares, pregando a miseric\u00f3rdia de Deus e convidando as pessoas \u00e0 convers\u00e3o. Nessas miss\u00f5es, ele n\u00e3o se limitou somente \u00e0 prega\u00e7\u00e3o, mas onde encontrava situa\u00e7\u00f5es de grande pobreza, intervinha concretamente com a concord\u00e2ncia de seus coirm\u00e3os, a exemplo de S\u00e3o Vicente, seu patrono.<\/p>\n\n\n\n<p>Marco Ant\u00f4nio apoia e difunde a obra da Propaga\u00e7\u00e3o da F\u00e9. Fugindo dos extremistas do laxismo e do rigorismo jansenista, pregou a miseric\u00f3rdia de Deus levando as pessoas \u00e0 convers\u00e3o.<\/p>\n\n\n\n<p>Ele pressentiu a import\u00e2ncia de levar as Filhas da Caridade \u00e0 It\u00e1lia, desejava instal\u00e1-las no Piemonte onde o rei Carlos Alberto as acolhe, em 1833, para que assumissem a responsabilidade de diversos hospitais militares e civis.<\/p>\n\n\n\n<p>Em 1853, ele tem a coragem de envi\u00e1-las para a linha de frente da guerra da Crimeia para socorrer os feridos. Ao mesmo tempo, propaga a Associa\u00e7\u00e3o Mariana da Medalha Milagrosa entre os jovens. As voca\u00e7\u00f5es eram t\u00e3o numerosas que o rei Carlos Alberto colocou \u00e0 sua disposi\u00e7\u00e3o, em 1837, o convento de S\u00e3o Salvario, em Turim.<\/p>\n\n\n\n<p>Com o aumento do n\u00famero de Irm\u00e3s, Padre Durando organiza, na cidade de Turim, uma rede de Centros de Caridade chamada \u201cAs Miseric\u00f3rdias\u201d. As Irm\u00e3s partilhavam com as Senhoras da Caridade o servi\u00e7o \u00e0 domic\u00edlio e o socorro aos pobres. Diversas obras surgiram a partir das Miseric\u00f3rdias: as primeiras escolas de Educa\u00e7\u00e3o Infantil para crian\u00e7as pobres, oficinas para as meninas e orfanatos.<\/p>\n\n\n\n<p>As obras de Deus s\u00e3o imprevis\u00edveis. Em 21 de novembro de 1865, festa da Apresenta\u00e7\u00e3o de Nossa Senhora no templo, Padre Durando confia \u00e0 serva de Deus, Luigia Borgiotti, as primeiras postulantes da nova Companhia da Paix\u00e3o de Jesus Nazar\u00e9. S\u00e3o mulheres jovens que o procuraram desejosas de se consagrarem a Deus, mas que n\u00e3o apresentavam as condi\u00e7\u00f5es can\u00f4nicas requeridas para entrar nas comunidades religiosas.<\/p>\n\n\n\n<p>O Padre Durando morreu em 10 de dezembro de 1880 aos setenta e nove anos.<\/p>\n","protected":false},"featured_media":1098,"template":"","meta":{"_acf_changed":false,"_links_to":"","_links_to_target":""},"origen":[],"class_list":["post-4106","familia","type-familia","status-publish","has-post-thumbnail","hentry"],"acf":[],"yoast_head":"<!-- This site is optimized with the Yoast SEO plugin v27.5 - https:\/\/yoast.com\/product\/yoast-seo-wordpress\/ -->\n<title>Bem-aventurado Marco Ant\u00f4nio Durando - Filles de la Charit\u00e9<\/title>\n<meta name=\"robots\" content=\"index, follow, max-snippet:-1, max-image-preview:large, max-video-preview:-1\" \/>\n<link rel=\"canonical\" href=\"https:\/\/filles-de-la-charite.org\/pt-pt\/familia\/bem-aventurado-marco-antonio-durando\/\" \/>\n<meta property=\"og:locale\" content=\"pt_PT\" \/>\n<meta property=\"og:type\" content=\"article\" \/>\n<meta property=\"og:title\" content=\"Bem-aventurado Marco Ant\u00f4nio Durando - Filles de la Charit\u00e9\" \/>\n<meta property=\"og:description\" content=\"Padre Durando viveu plenamente sua voca\u00e7\u00e3o vicentina. Como o Padre Vicente, ele deixou-se modelar pelo Esp\u00edrito santificador. Como Diretor das Filhas da Caridade, ousou iniciativas corajosas para sua \u00e9poca, como o envio de Irm\u00e3s para cuidar dos feridos durante a guerra da Crimeia. Al\u00e9m disso, teve a aud\u00e1cia de fundar uma Congrega\u00e7\u00e3o dedicada ao servi\u00e7o [&hellip;]\" \/>\n<meta property=\"og:url\" content=\"https:\/\/filles-de-la-charite.org\/pt-pt\/familia\/bem-aventurado-marco-antonio-durando\/\" \/>\n<meta property=\"og:site_name\" content=\"Filles de la Charit\u00e9\" \/>\n<meta property=\"article:modified_time\" content=\"2024-03-02T10:05:10+00:00\" \/>\n<meta property=\"og:image\" content=\"https:\/\/filles-de-la-charite.org\/wp-content\/uploads\/2023\/04\/Durando-1.jpg\" \/>\n\t<meta property=\"og:image:width\" content=\"250\" \/>\n\t<meta property=\"og:image:height\" content=\"330\" \/>\n\t<meta property=\"og:image:type\" content=\"image\/jpeg\" \/>\n<meta name=\"twitter:card\" content=\"summary_large_image\" \/>\n<meta name=\"twitter:label1\" content=\"Tempo estimado de leitura\" \/>\n\t<meta name=\"twitter:data1\" content=\"3 minutos\" \/>\n<script type=\"application\/ld+json\" class=\"yoast-schema-graph\">{\"@context\":\"https:\\\/\\\/schema.org\",\"@graph\":[{\"@type\":\"WebPage\",\"@id\":\"https:\\\/\\\/filles-de-la-charite.org\\\/pt-pt\\\/familia\\\/bem-aventurado-marco-antonio-durando\\\/\",\"url\":\"https:\\\/\\\/filles-de-la-charite.org\\\/pt-pt\\\/familia\\\/bem-aventurado-marco-antonio-durando\\\/\",\"name\":\"Bem-aventurado Marco Ant\u00f4nio Durando - Filles de la Charit\u00e9\",\"isPartOf\":{\"@id\":\"https:\\\/\\\/filles-de-la-charite.org\\\/pt-pt\\\/#website\"},\"primaryImageOfPage\":{\"@id\":\"https:\\\/\\\/filles-de-la-charite.org\\\/pt-pt\\\/familia\\\/bem-aventurado-marco-antonio-durando\\\/#primaryimage\"},\"image\":{\"@id\":\"https:\\\/\\\/filles-de-la-charite.org\\\/pt-pt\\\/familia\\\/bem-aventurado-marco-antonio-durando\\\/#primaryimage\"},\"thumbnailUrl\":\"https:\\\/\\\/filles-de-la-charite.org\\\/wp-content\\\/uploads\\\/2023\\\/04\\\/Durando-1.jpg\",\"datePublished\":\"2020-10-21T13:58:37+00:00\",\"dateModified\":\"2024-03-02T10:05:10+00:00\",\"breadcrumb\":{\"@id\":\"https:\\\/\\\/filles-de-la-charite.org\\\/pt-pt\\\/familia\\\/bem-aventurado-marco-antonio-durando\\\/#breadcrumb\"},\"inLanguage\":\"pt-PT\",\"potentialAction\":[{\"@type\":\"ReadAction\",\"target\":[\"https:\\\/\\\/filles-de-la-charite.org\\\/pt-pt\\\/familia\\\/bem-aventurado-marco-antonio-durando\\\/\"]}]},{\"@type\":\"ImageObject\",\"inLanguage\":\"pt-PT\",\"@id\":\"https:\\\/\\\/filles-de-la-charite.org\\\/pt-pt\\\/familia\\\/bem-aventurado-marco-antonio-durando\\\/#primaryimage\",\"url\":\"https:\\\/\\\/filles-de-la-charite.org\\\/wp-content\\\/uploads\\\/2023\\\/04\\\/Durando-1.jpg\",\"contentUrl\":\"https:\\\/\\\/filles-de-la-charite.org\\\/wp-content\\\/uploads\\\/2023\\\/04\\\/Durando-1.jpg\",\"width\":250,\"height\":330},{\"@type\":\"BreadcrumbList\",\"@id\":\"https:\\\/\\\/filles-de-la-charite.org\\\/pt-pt\\\/familia\\\/bem-aventurado-marco-antonio-durando\\\/#breadcrumb\",\"itemListElement\":[{\"@type\":\"ListItem\",\"position\":1,\"name\":\"A nossa fam\u00edlia\",\"item\":\"https:\\\/\\\/filles-de-la-charite.org\\\/pt-pt\\\/familia\\\/\"},{\"@type\":\"ListItem\",\"position\":2,\"name\":\"Bem-aventurado Marco Ant\u00f4nio Durando\"}]},{\"@type\":\"WebSite\",\"@id\":\"https:\\\/\\\/filles-de-la-charite.org\\\/pt-pt\\\/#website\",\"url\":\"https:\\\/\\\/filles-de-la-charite.org\\\/pt-pt\\\/\",\"name\":\"Hijas de la Caridad\",\"description\":\"L\u2019amour de J\u00e9sus nous presse \u00e0 prendre soin des personnes les plus d\u00e9munies\",\"publisher\":{\"@id\":\"https:\\\/\\\/filles-de-la-charite.org\\\/pt-pt\\\/#organization\"},\"potentialAction\":[{\"@type\":\"SearchAction\",\"target\":{\"@type\":\"EntryPoint\",\"urlTemplate\":\"https:\\\/\\\/filles-de-la-charite.org\\\/pt-pt\\\/?s={search_term_string}\"},\"query-input\":{\"@type\":\"PropertyValueSpecification\",\"valueRequired\":true,\"valueName\":\"search_term_string\"}}],\"inLanguage\":\"pt-PT\"},{\"@type\":\"Organization\",\"@id\":\"https:\\\/\\\/filles-de-la-charite.org\\\/pt-pt\\\/#organization\",\"name\":\"Hijas de la Caridad\",\"url\":\"https:\\\/\\\/filles-de-la-charite.org\\\/pt-pt\\\/\",\"logo\":{\"@type\":\"ImageObject\",\"inLanguage\":\"pt-PT\",\"@id\":\"https:\\\/\\\/filles-de-la-charite.org\\\/pt-pt\\\/#\\\/schema\\\/logo\\\/image\\\/\",\"url\":\"https:\\\/\\\/filles-de-la-charite.org\\\/wp-content\\\/uploads\\\/2023\\\/03\\\/isotipo-Hijas-de-la-Caridad.png\",\"contentUrl\":\"https:\\\/\\\/filles-de-la-charite.org\\\/wp-content\\\/uploads\\\/2023\\\/03\\\/isotipo-Hijas-de-la-Caridad.png\",\"width\":1417,\"height\":1417,\"caption\":\"Hijas de la Caridad\"},\"image\":{\"@id\":\"https:\\\/\\\/filles-de-la-charite.org\\\/pt-pt\\\/#\\\/schema\\\/logo\\\/image\\\/\"}}]}<\/script>\n<!-- \/ Yoast SEO plugin. -->","yoast_head_json":{"title":"Bem-aventurado Marco Ant\u00f4nio Durando - Filles de la Charit\u00e9","robots":{"index":"index","follow":"follow","max-snippet":"max-snippet:-1","max-image-preview":"max-image-preview:large","max-video-preview":"max-video-preview:-1"},"canonical":"https:\/\/filles-de-la-charite.org\/pt-pt\/familia\/bem-aventurado-marco-antonio-durando\/","og_locale":"pt_PT","og_type":"article","og_title":"Bem-aventurado Marco Ant\u00f4nio Durando - Filles de la Charit\u00e9","og_description":"Padre Durando viveu plenamente sua voca\u00e7\u00e3o vicentina. Como o Padre Vicente, ele deixou-se modelar pelo Esp\u00edrito santificador. Como Diretor das Filhas da Caridade, ousou iniciativas corajosas para sua \u00e9poca, como o envio de Irm\u00e3s para cuidar dos feridos durante a guerra da Crimeia. Al\u00e9m disso, teve a aud\u00e1cia de fundar uma Congrega\u00e7\u00e3o dedicada ao servi\u00e7o [&hellip;]","og_url":"https:\/\/filles-de-la-charite.org\/pt-pt\/familia\/bem-aventurado-marco-antonio-durando\/","og_site_name":"Filles de la Charit\u00e9","article_modified_time":"2024-03-02T10:05:10+00:00","og_image":[{"width":250,"height":330,"url":"https:\/\/filles-de-la-charite.org\/wp-content\/uploads\/2023\/04\/Durando-1.jpg","type":"image\/jpeg"}],"twitter_card":"summary_large_image","twitter_misc":{"Tempo estimado de leitura":"3 minutos"},"schema":{"@context":"https:\/\/schema.org","@graph":[{"@type":"WebPage","@id":"https:\/\/filles-de-la-charite.org\/pt-pt\/familia\/bem-aventurado-marco-antonio-durando\/","url":"https:\/\/filles-de-la-charite.org\/pt-pt\/familia\/bem-aventurado-marco-antonio-durando\/","name":"Bem-aventurado Marco Ant\u00f4nio Durando - Filles de la Charit\u00e9","isPartOf":{"@id":"https:\/\/filles-de-la-charite.org\/pt-pt\/#website"},"primaryImageOfPage":{"@id":"https:\/\/filles-de-la-charite.org\/pt-pt\/familia\/bem-aventurado-marco-antonio-durando\/#primaryimage"},"image":{"@id":"https:\/\/filles-de-la-charite.org\/pt-pt\/familia\/bem-aventurado-marco-antonio-durando\/#primaryimage"},"thumbnailUrl":"https:\/\/filles-de-la-charite.org\/wp-content\/uploads\/2023\/04\/Durando-1.jpg","datePublished":"2020-10-21T13:58:37+00:00","dateModified":"2024-03-02T10:05:10+00:00","breadcrumb":{"@id":"https:\/\/filles-de-la-charite.org\/pt-pt\/familia\/bem-aventurado-marco-antonio-durando\/#breadcrumb"},"inLanguage":"pt-PT","potentialAction":[{"@type":"ReadAction","target":["https:\/\/filles-de-la-charite.org\/pt-pt\/familia\/bem-aventurado-marco-antonio-durando\/"]}]},{"@type":"ImageObject","inLanguage":"pt-PT","@id":"https:\/\/filles-de-la-charite.org\/pt-pt\/familia\/bem-aventurado-marco-antonio-durando\/#primaryimage","url":"https:\/\/filles-de-la-charite.org\/wp-content\/uploads\/2023\/04\/Durando-1.jpg","contentUrl":"https:\/\/filles-de-la-charite.org\/wp-content\/uploads\/2023\/04\/Durando-1.jpg","width":250,"height":330},{"@type":"BreadcrumbList","@id":"https:\/\/filles-de-la-charite.org\/pt-pt\/familia\/bem-aventurado-marco-antonio-durando\/#breadcrumb","itemListElement":[{"@type":"ListItem","position":1,"name":"A nossa fam\u00edlia","item":"https:\/\/filles-de-la-charite.org\/pt-pt\/familia\/"},{"@type":"ListItem","position":2,"name":"Bem-aventurado Marco Ant\u00f4nio Durando"}]},{"@type":"WebSite","@id":"https:\/\/filles-de-la-charite.org\/pt-pt\/#website","url":"https:\/\/filles-de-la-charite.org\/pt-pt\/","name":"Hijas de la Caridad","description":"L\u2019amour de J\u00e9sus nous presse \u00e0 prendre soin des personnes les plus d\u00e9munies","publisher":{"@id":"https:\/\/filles-de-la-charite.org\/pt-pt\/#organization"},"potentialAction":[{"@type":"SearchAction","target":{"@type":"EntryPoint","urlTemplate":"https:\/\/filles-de-la-charite.org\/pt-pt\/?s={search_term_string}"},"query-input":{"@type":"PropertyValueSpecification","valueRequired":true,"valueName":"search_term_string"}}],"inLanguage":"pt-PT"},{"@type":"Organization","@id":"https:\/\/filles-de-la-charite.org\/pt-pt\/#organization","name":"Hijas de la Caridad","url":"https:\/\/filles-de-la-charite.org\/pt-pt\/","logo":{"@type":"ImageObject","inLanguage":"pt-PT","@id":"https:\/\/filles-de-la-charite.org\/pt-pt\/#\/schema\/logo\/image\/","url":"https:\/\/filles-de-la-charite.org\/wp-content\/uploads\/2023\/03\/isotipo-Hijas-de-la-Caridad.png","contentUrl":"https:\/\/filles-de-la-charite.org\/wp-content\/uploads\/2023\/03\/isotipo-Hijas-de-la-Caridad.png","width":1417,"height":1417,"caption":"Hijas de la Caridad"},"image":{"@id":"https:\/\/filles-de-la-charite.org\/pt-pt\/#\/schema\/logo\/image\/"}}]}},"_links":{"self":[{"href":"https:\/\/filles-de-la-charite.org\/pt-pt\/wp-json\/wp\/v2\/familia\/4106","targetHints":{"allow":["GET"]}}],"collection":[{"href":"https:\/\/filles-de-la-charite.org\/pt-pt\/wp-json\/wp\/v2\/familia"}],"about":[{"href":"https:\/\/filles-de-la-charite.org\/pt-pt\/wp-json\/wp\/v2\/types\/familia"}],"wp:featuredmedia":[{"embeddable":true,"href":"https:\/\/filles-de-la-charite.org\/pt-pt\/wp-json\/wp\/v2\/media\/1098"}],"wp:attachment":[{"href":"https:\/\/filles-de-la-charite.org\/pt-pt\/wp-json\/wp\/v2\/media?parent=4106"}],"wp:term":[{"taxonomy":"origen","embeddable":true,"href":"https:\/\/filles-de-la-charite.org\/pt-pt\/wp-json\/wp\/v2\/origen?post=4106"}],"curies":[{"name":"wp","href":"https:\/\/api.w.org\/{rel}","templated":true}]}}