{"id":4107,"date":"2020-10-21T16:04:42","date_gmt":"2020-10-21T14:04:42","guid":{"rendered":"https:\/\/hijascaridad.sjdigitaldemo.ovh\/familia\/bem-aventurado-pedro-jorge-frassati\/"},"modified":"2025-09-11T04:03:05","modified_gmt":"2025-09-11T02:03:05","slug":"sao-pedro-jorge-frassati","status":"publish","type":"familia","link":"https:\/\/filles-de-la-charite.org\/pt-pt\/familia\/sao-pedro-jorge-frassati\/","title":{"rendered":"S\u00e3o Pier Giorgio Frassati"},"content":{"rendered":"\n<p><strong>Pier Giorgio Frassati<\/strong> foi um jovem que ingressou na Sociedade de S\u00e3o Vicente de Paulo aos dezessete anos. Faleceu aos vinte e quatro, ao contrair poliomielite fulminante enquanto servia os pobres.<\/p>\n\n\n\n<figure class=\"wp-block-table\"><table><tbody><tr><td><strong>1901, 6 de abril<\/strong><\/td><td>Nascimento em Turim<\/td><\/tr><tr><td><strong>1918<\/strong><\/td><td>Membro das Confer\u00eancias de S\u00e3o Vicente de Paulo<\/td><\/tr><tr><td><strong>1922<\/strong><\/td><td>Renuncia ao sacerd\u00f3cio<\/td><\/tr><tr><td><strong>1925<\/strong><\/td><td>Engenheiro de minas<\/td><\/tr><tr><td><strong>1925, 29 de junho<\/strong><\/td><td>Contrai poliomielite<\/td><\/tr><tr><td><strong>1925, 4 de julho<\/strong><\/td><td>Morre paralisado<\/td><\/tr><tr><td><strong>1990, 20 de maio<\/strong><\/td><td>Beatificado pelo Papa Jo\u00e3o Paulo II como \u201co homem das bem-aventuran\u00e7as\u201d<\/td><\/tr><tr><td><strong>2025, 7 de setembro<\/strong><\/td><td>Canonizado pelo Papa Le\u00e3o XIV<\/td><\/tr><tr><td><strong>4 de julho<\/strong><\/td><td>Dia de sua festa<\/td><\/tr><\/tbody><\/table><\/figure>\n\n\n\n<p>Nascido em Turim, em 6 de abril de 1901, numa fam\u00edlia da burguesia, Pier Giorgio foi educado de maneira severa por seus pais, Alfredo Frassati e Adelaide Ametis. Desde pequeno, demonstrava bondade para com os pobres e desenvolveu uma rela\u00e7\u00e3o excepcional com Deus. Ele expressava: \u201c<em>Jesus visita-me todos os dias atrav\u00e9s da Sagrada Comunh\u00e3o, e eu retribuo de forma muito modesta, visitando os pobres.\u201d<\/em><\/p>\n\n\n\n<p>Em 1920, seu pai foi nomeado embaixador da It\u00e1lia em Berlim. Nessa \u00e9poca, Pier Giorgio desejava ser padre, mas sua m\u00e3e, com outras ambi\u00e7\u00f5es, n\u00e3o permitiu. Viveu sua f\u00e9 em meio \u00e0 indiferen\u00e7a geral da fam\u00edlia. Ingressou na Escola Polit\u00e9cnica de Turim com o objetivo de tornar-se engenheiro de minas e estar ao lado dos oper\u00e1rios, engajando-se tamb\u00e9m na Federa\u00e7\u00e3o de Universit\u00e1rios Cat\u00f3licos Italianos (FUCI). Em 1918, entrou para a Sociedade de S\u00e3o Vicente de Paulo, fundada por Frederico Ozanam.<\/p>\n\n\n\n<p>Ap\u00f3s uma conversa com Karl Rahner, desistiu do sacerd\u00f3cio: \u201c<em>Quero poder ajudar, por todos os meios poss\u00edveis, as pessoas do meu pa\u00eds, e farei isso melhor conservando meu estado laico do que me tornando padre, porque aqui os padres n\u00e3o t\u00eam contato com as pessoas, como acontece na Alemanha. Um engenheiro de minas pode, dando bom exemplo, realizar uma a\u00e7\u00e3o mais eficaz.\u201d<\/em><\/p>\n\n\n\n<p>Pier Giorgio criou a \u201cCompanhia de Pessoas Duvidosas\u201d, com um grupo de amigos da juventude rica, que partia frequentemente em excurs\u00f5es \u00e0s montanhas para viver a espiritualidade.<\/p>\n\n\n\n<p>Organizou o pensamento do grupo com a frase: \u201c<em>A n\u00f3s n\u00e3o \u00e9 permitido vegetar, devemos viver.\u201d<\/em><\/p>\n\n\n\n<p>Estimulava seus amigos a viverem a f\u00e9 com alegria. Afirmava a um deles: \u201c<em>Somente a caridade pode dar sentido a toda uma vida, preencher um programa. A caridade \u00e9 o objetivo que quero alcan\u00e7ar em minha vida, com a gra\u00e7a de Deus.\u201d<\/em><\/p>\n\n\n\n<p>Buscava lutar contra seus defeitos: <em>\u201cLuto para superar todo o meu passado e tudo o que ele tem de repreens\u00edvel, a fim de me educar para uma vida melhor.\u201d<\/em><\/p>\n\n\n\n<p>Em 1925, aos vinte e quatro anos, deixou todas as suas atividades, exceto as Confer\u00eancias de S\u00e3o Vicente de Paulo, das quais continuou a participar. Em 29 de junho de 1925, contraiu poliomielite durante uma de suas visitas aos necessitados.<\/p>\n\n\n\n<p>Quando sua av\u00f3 estava agonizando, Pier Giorgio, muito cansado, ainda n\u00e3o sabia que sofria da doen\u00e7a que tiraria sua vida em poucos dias, mas n\u00e3o reclamava.<br>Em 3 de julho, foi dado o diagn\u00f3stico: poliomielite em estado avan\u00e7ado. Sendo sexta-feira, dia de suas visitas aos pobres, pediu \u00e0 irm\u00e3 que entregasse um bilhete escrito com muita dificuldade, solicitando que o substitu\u00edssem junto aos pobres que deveria visitar.<\/p>\n\n\n\n<p>No dia 4 de julho de 1925, morreu paralisado pela poliomielite. Somente ap\u00f3s sua morte, sua fam\u00edlia tomou conhecimento de suas a\u00e7\u00f5es de caridade; mesmo seus amigos, fora do c\u00edrculo das Confer\u00eancias, desconheciam a importante atividade que ele realizava junto aos pobres. Durante suas ex\u00e9quias, milhares de pessoas, entre elas muitos pobres de Turim, acompanharam o trajeto at\u00e9 a igreja.<\/p>\n\n\n\n<p>Em 1983, durante a cria\u00e7\u00e3o das Jornadas Mundiais da Juventude, o Papa Jo\u00e3o Paulo II citou Pier Giorgio Frassati como modelo de santidade para a juventude.<\/p>\n\n\n\n<p>No dia 7 de setembro de 2025, durante a missa celebrada na Pra\u00e7a de S\u00e3o Pedro, em Roma, o Papa Le\u00e3o XIV declarou Pier Giorgio Frassati como santo.<\/p>\n\n\n\n<p>Durante a homilia, o Papa afirmou:<\/p>\n\n\n\n<p><em>\u201cPier Giorgio encontrou o Senhor atrav\u00e9s da escola e dos grupos eclesiais \u2013 a A\u00e7\u00e3o Cat\u00f3lica, as Confer\u00eancias Vicentinas, a FUCI, a Ordem Terceira Dominicana \u2013 e testemunhou-O com a sua alegria de viver e de ser crist\u00e3o na ora\u00e7\u00e3o, na amizade, na caridade. A tal ponto que, ao v\u00ea-lo circular pelas ruas de Turim com carrinhos cheios de ajuda para os pobres, os amigos o rebatizaram de \u2018Empresa de Transportes Frassati\u2019! Ainda hoje, a vida de Pier Giorgio representa uma luz para a espiritualidade leiga. Para ele, a f\u00e9 n\u00e3o era uma devo\u00e7\u00e3o privada: impulsionado pela for\u00e7a do Evangelho e pela perten\u00e7a a associa\u00e7\u00f5es eclesiais, comprometeu-se generosamente na sociedade, deu o seu contributo \u00e0 vida pol\u00edtica, dedicou-se com ardor ao servi\u00e7o dos pobres.\u201d<\/em><\/p>\n","protected":false},"featured_media":1105,"template":"","meta":{"_acf_changed":false,"_et_pb_use_builder":"","_et_pb_old_content":"","_et_gb_content_width":"","_links_to":"","_links_to_target":""},"origen":[],"class_list":["post-4107","familia","type-familia","status-publish","has-post-thumbnail","hentry"],"acf":[],"yoast_head":"<!-- This site is optimized with the Yoast SEO plugin v27.5 - https:\/\/yoast.com\/product\/yoast-seo-wordpress\/ -->\n<title>S\u00e3o Pier Giorgio Frassati - Filles de la Charit\u00e9<\/title>\n<meta name=\"robots\" content=\"index, follow, max-snippet:-1, max-image-preview:large, max-video-preview:-1\" \/>\n<link rel=\"canonical\" href=\"https:\/\/filles-de-la-charite.org\/pt-pt\/familia\/sao-pedro-jorge-frassati\/\" \/>\n<meta property=\"og:locale\" content=\"pt_PT\" \/>\n<meta property=\"og:type\" content=\"article\" \/>\n<meta property=\"og:title\" content=\"S\u00e3o Pier Giorgio Frassati - Filles de la Charit\u00e9\" \/>\n<meta property=\"og:description\" content=\"Pier Giorgio Frassati foi um jovem que ingressou na Sociedade de S\u00e3o Vicente de Paulo aos dezessete anos. Faleceu aos vinte e quatro, ao contrair poliomielite fulminante enquanto servia os pobres. 1901, 6 de abril Nascimento em Turim 1918 Membro das Confer\u00eancias de S\u00e3o Vicente de Paulo 1922 Renuncia ao sacerd\u00f3cio 1925 Engenheiro de minas [&hellip;]\" \/>\n<meta property=\"og:url\" content=\"https:\/\/filles-de-la-charite.org\/pt-pt\/familia\/sao-pedro-jorge-frassati\/\" \/>\n<meta property=\"og:site_name\" content=\"Filles de la Charit\u00e9\" \/>\n<meta property=\"article:modified_time\" content=\"2025-09-11T02:03:05+00:00\" \/>\n<meta property=\"og:image\" content=\"https:\/\/filles-de-la-charite.org\/wp-content\/uploads\/2023\/04\/Pier-Giorgio-Frassati-1.png\" \/>\n\t<meta property=\"og:image:width\" content=\"285\" \/>\n\t<meta property=\"og:image:height\" content=\"333\" \/>\n\t<meta property=\"og:image:type\" content=\"image\/png\" \/>\n<meta name=\"twitter:card\" content=\"summary_large_image\" \/>\n<meta name=\"twitter:label1\" content=\"Tempo estimado de leitura\" \/>\n\t<meta name=\"twitter:data1\" content=\"4 minutos\" \/>\n<script type=\"application\/ld+json\" class=\"yoast-schema-graph\">{\"@context\":\"https:\\\/\\\/schema.org\",\"@graph\":[{\"@type\":\"WebPage\",\"@id\":\"https:\\\/\\\/filles-de-la-charite.org\\\/pt-pt\\\/familia\\\/sao-pedro-jorge-frassati\\\/\",\"url\":\"https:\\\/\\\/filles-de-la-charite.org\\\/pt-pt\\\/familia\\\/sao-pedro-jorge-frassati\\\/\",\"name\":\"S\u00e3o Pier Giorgio Frassati - Filles de la Charit\u00e9\",\"isPartOf\":{\"@id\":\"https:\\\/\\\/filles-de-la-charite.org\\\/pt-pt\\\/#website\"},\"primaryImageOfPage\":{\"@id\":\"https:\\\/\\\/filles-de-la-charite.org\\\/pt-pt\\\/familia\\\/sao-pedro-jorge-frassati\\\/#primaryimage\"},\"image\":{\"@id\":\"https:\\\/\\\/filles-de-la-charite.org\\\/pt-pt\\\/familia\\\/sao-pedro-jorge-frassati\\\/#primaryimage\"},\"thumbnailUrl\":\"https:\\\/\\\/filles-de-la-charite.org\\\/wp-content\\\/uploads\\\/2023\\\/04\\\/Pier-Giorgio-Frassati-1.png\",\"datePublished\":\"2020-10-21T14:04:42+00:00\",\"dateModified\":\"2025-09-11T02:03:05+00:00\",\"breadcrumb\":{\"@id\":\"https:\\\/\\\/filles-de-la-charite.org\\\/pt-pt\\\/familia\\\/sao-pedro-jorge-frassati\\\/#breadcrumb\"},\"inLanguage\":\"pt-PT\",\"potentialAction\":[{\"@type\":\"ReadAction\",\"target\":[\"https:\\\/\\\/filles-de-la-charite.org\\\/pt-pt\\\/familia\\\/sao-pedro-jorge-frassati\\\/\"]}]},{\"@type\":\"ImageObject\",\"inLanguage\":\"pt-PT\",\"@id\":\"https:\\\/\\\/filles-de-la-charite.org\\\/pt-pt\\\/familia\\\/sao-pedro-jorge-frassati\\\/#primaryimage\",\"url\":\"https:\\\/\\\/filles-de-la-charite.org\\\/wp-content\\\/uploads\\\/2023\\\/04\\\/Pier-Giorgio-Frassati-1.png\",\"contentUrl\":\"https:\\\/\\\/filles-de-la-charite.org\\\/wp-content\\\/uploads\\\/2023\\\/04\\\/Pier-Giorgio-Frassati-1.png\",\"width\":285,\"height\":333},{\"@type\":\"BreadcrumbList\",\"@id\":\"https:\\\/\\\/filles-de-la-charite.org\\\/pt-pt\\\/familia\\\/sao-pedro-jorge-frassati\\\/#breadcrumb\",\"itemListElement\":[{\"@type\":\"ListItem\",\"position\":1,\"name\":\"A nossa fam\u00edlia\",\"item\":\"https:\\\/\\\/filles-de-la-charite.org\\\/pt-pt\\\/familia\\\/\"},{\"@type\":\"ListItem\",\"position\":2,\"name\":\"S\u00e3o Pier Giorgio Frassati\"}]},{\"@type\":\"WebSite\",\"@id\":\"https:\\\/\\\/filles-de-la-charite.org\\\/pt-pt\\\/#website\",\"url\":\"https:\\\/\\\/filles-de-la-charite.org\\\/pt-pt\\\/\",\"name\":\"Hijas de la Caridad\",\"description\":\"L\u2019amour de J\u00e9sus nous presse \u00e0 prendre soin des personnes les plus d\u00e9munies\",\"publisher\":{\"@id\":\"https:\\\/\\\/filles-de-la-charite.org\\\/pt-pt\\\/#organization\"},\"potentialAction\":[{\"@type\":\"SearchAction\",\"target\":{\"@type\":\"EntryPoint\",\"urlTemplate\":\"https:\\\/\\\/filles-de-la-charite.org\\\/pt-pt\\\/?s={search_term_string}\"},\"query-input\":{\"@type\":\"PropertyValueSpecification\",\"valueRequired\":true,\"valueName\":\"search_term_string\"}}],\"inLanguage\":\"pt-PT\"},{\"@type\":\"Organization\",\"@id\":\"https:\\\/\\\/filles-de-la-charite.org\\\/pt-pt\\\/#organization\",\"name\":\"Hijas de la Caridad\",\"url\":\"https:\\\/\\\/filles-de-la-charite.org\\\/pt-pt\\\/\",\"logo\":{\"@type\":\"ImageObject\",\"inLanguage\":\"pt-PT\",\"@id\":\"https:\\\/\\\/filles-de-la-charite.org\\\/pt-pt\\\/#\\\/schema\\\/logo\\\/image\\\/\",\"url\":\"https:\\\/\\\/filles-de-la-charite.org\\\/wp-content\\\/uploads\\\/2023\\\/03\\\/isotipo-Hijas-de-la-Caridad.png\",\"contentUrl\":\"https:\\\/\\\/filles-de-la-charite.org\\\/wp-content\\\/uploads\\\/2023\\\/03\\\/isotipo-Hijas-de-la-Caridad.png\",\"width\":1417,\"height\":1417,\"caption\":\"Hijas de la Caridad\"},\"image\":{\"@id\":\"https:\\\/\\\/filles-de-la-charite.org\\\/pt-pt\\\/#\\\/schema\\\/logo\\\/image\\\/\"}}]}<\/script>\n<!-- \/ Yoast SEO plugin. -->","yoast_head_json":{"title":"S\u00e3o Pier Giorgio Frassati - Filles de la Charit\u00e9","robots":{"index":"index","follow":"follow","max-snippet":"max-snippet:-1","max-image-preview":"max-image-preview:large","max-video-preview":"max-video-preview:-1"},"canonical":"https:\/\/filles-de-la-charite.org\/pt-pt\/familia\/sao-pedro-jorge-frassati\/","og_locale":"pt_PT","og_type":"article","og_title":"S\u00e3o Pier Giorgio Frassati - Filles de la Charit\u00e9","og_description":"Pier Giorgio Frassati foi um jovem que ingressou na Sociedade de S\u00e3o Vicente de Paulo aos dezessete anos. Faleceu aos vinte e quatro, ao contrair poliomielite fulminante enquanto servia os pobres. 1901, 6 de abril Nascimento em Turim 1918 Membro das Confer\u00eancias de S\u00e3o Vicente de Paulo 1922 Renuncia ao sacerd\u00f3cio 1925 Engenheiro de minas [&hellip;]","og_url":"https:\/\/filles-de-la-charite.org\/pt-pt\/familia\/sao-pedro-jorge-frassati\/","og_site_name":"Filles de la Charit\u00e9","article_modified_time":"2025-09-11T02:03:05+00:00","og_image":[{"width":285,"height":333,"url":"https:\/\/filles-de-la-charite.org\/wp-content\/uploads\/2023\/04\/Pier-Giorgio-Frassati-1.png","type":"image\/png"}],"twitter_card":"summary_large_image","twitter_misc":{"Tempo estimado de leitura":"4 minutos"},"schema":{"@context":"https:\/\/schema.org","@graph":[{"@type":"WebPage","@id":"https:\/\/filles-de-la-charite.org\/pt-pt\/familia\/sao-pedro-jorge-frassati\/","url":"https:\/\/filles-de-la-charite.org\/pt-pt\/familia\/sao-pedro-jorge-frassati\/","name":"S\u00e3o Pier Giorgio Frassati - Filles de la Charit\u00e9","isPartOf":{"@id":"https:\/\/filles-de-la-charite.org\/pt-pt\/#website"},"primaryImageOfPage":{"@id":"https:\/\/filles-de-la-charite.org\/pt-pt\/familia\/sao-pedro-jorge-frassati\/#primaryimage"},"image":{"@id":"https:\/\/filles-de-la-charite.org\/pt-pt\/familia\/sao-pedro-jorge-frassati\/#primaryimage"},"thumbnailUrl":"https:\/\/filles-de-la-charite.org\/wp-content\/uploads\/2023\/04\/Pier-Giorgio-Frassati-1.png","datePublished":"2020-10-21T14:04:42+00:00","dateModified":"2025-09-11T02:03:05+00:00","breadcrumb":{"@id":"https:\/\/filles-de-la-charite.org\/pt-pt\/familia\/sao-pedro-jorge-frassati\/#breadcrumb"},"inLanguage":"pt-PT","potentialAction":[{"@type":"ReadAction","target":["https:\/\/filles-de-la-charite.org\/pt-pt\/familia\/sao-pedro-jorge-frassati\/"]}]},{"@type":"ImageObject","inLanguage":"pt-PT","@id":"https:\/\/filles-de-la-charite.org\/pt-pt\/familia\/sao-pedro-jorge-frassati\/#primaryimage","url":"https:\/\/filles-de-la-charite.org\/wp-content\/uploads\/2023\/04\/Pier-Giorgio-Frassati-1.png","contentUrl":"https:\/\/filles-de-la-charite.org\/wp-content\/uploads\/2023\/04\/Pier-Giorgio-Frassati-1.png","width":285,"height":333},{"@type":"BreadcrumbList","@id":"https:\/\/filles-de-la-charite.org\/pt-pt\/familia\/sao-pedro-jorge-frassati\/#breadcrumb","itemListElement":[{"@type":"ListItem","position":1,"name":"A nossa fam\u00edlia","item":"https:\/\/filles-de-la-charite.org\/pt-pt\/familia\/"},{"@type":"ListItem","position":2,"name":"S\u00e3o Pier Giorgio Frassati"}]},{"@type":"WebSite","@id":"https:\/\/filles-de-la-charite.org\/pt-pt\/#website","url":"https:\/\/filles-de-la-charite.org\/pt-pt\/","name":"Hijas de la Caridad","description":"L\u2019amour de J\u00e9sus nous presse \u00e0 prendre soin des personnes les plus d\u00e9munies","publisher":{"@id":"https:\/\/filles-de-la-charite.org\/pt-pt\/#organization"},"potentialAction":[{"@type":"SearchAction","target":{"@type":"EntryPoint","urlTemplate":"https:\/\/filles-de-la-charite.org\/pt-pt\/?s={search_term_string}"},"query-input":{"@type":"PropertyValueSpecification","valueRequired":true,"valueName":"search_term_string"}}],"inLanguage":"pt-PT"},{"@type":"Organization","@id":"https:\/\/filles-de-la-charite.org\/pt-pt\/#organization","name":"Hijas de la Caridad","url":"https:\/\/filles-de-la-charite.org\/pt-pt\/","logo":{"@type":"ImageObject","inLanguage":"pt-PT","@id":"https:\/\/filles-de-la-charite.org\/pt-pt\/#\/schema\/logo\/image\/","url":"https:\/\/filles-de-la-charite.org\/wp-content\/uploads\/2023\/03\/isotipo-Hijas-de-la-Caridad.png","contentUrl":"https:\/\/filles-de-la-charite.org\/wp-content\/uploads\/2023\/03\/isotipo-Hijas-de-la-Caridad.png","width":1417,"height":1417,"caption":"Hijas de la Caridad"},"image":{"@id":"https:\/\/filles-de-la-charite.org\/pt-pt\/#\/schema\/logo\/image\/"}}]}},"_links":{"self":[{"href":"https:\/\/filles-de-la-charite.org\/pt-pt\/wp-json\/wp\/v2\/familia\/4107","targetHints":{"allow":["GET"]}}],"collection":[{"href":"https:\/\/filles-de-la-charite.org\/pt-pt\/wp-json\/wp\/v2\/familia"}],"about":[{"href":"https:\/\/filles-de-la-charite.org\/pt-pt\/wp-json\/wp\/v2\/types\/familia"}],"wp:featuredmedia":[{"embeddable":true,"href":"https:\/\/filles-de-la-charite.org\/pt-pt\/wp-json\/wp\/v2\/media\/1105"}],"wp:attachment":[{"href":"https:\/\/filles-de-la-charite.org\/pt-pt\/wp-json\/wp\/v2\/media?parent=4107"}],"wp:term":[{"taxonomy":"origen","embeddable":true,"href":"https:\/\/filles-de-la-charite.org\/pt-pt\/wp-json\/wp\/v2\/origen?post=4107"}],"curies":[{"name":"wp","href":"https:\/\/api.w.org\/{rel}","templated":true}]}}