{"id":4108,"date":"2020-10-30T12:00:15","date_gmt":"2020-10-30T11:00:15","guid":{"rendered":"https:\/\/hijascaridad.sjdigitaldemo.ovh\/familia\/testemunhas-firmes-e-corajosas-da-fe-espanha\/"},"modified":"2024-03-02T11:46:07","modified_gmt":"2024-03-02T10:46:07","slug":"testemunhas-firmes-e-corajosas-da-fe-espanha","status":"publish","type":"familia","link":"https:\/\/filles-de-la-charite.org\/pt-pt\/familia\/testemunhas-firmes-e-corajosas-da-fe-espanha\/","title":{"rendered":"Testemunhas firmes e corajosas da F\u00e9 \u2013 Espanha"},"content":{"rendered":"\n<figure class=\"wp-block-image alignleft size-large is-resized\"><a href=\"https:\/\/www.filles-de-la-charite.org\/wp-content\/uploads\/OLD\/2013\/08\/martires.jpg\" data-rel=\"lightbox-image-0\" data-rl_title=\"\" data-rl_caption=\"\" title=\"\"><img decoding=\"async\" src=\"https:\/\/filles-de-la-charite.org\/wp-content\/uploads\/2023\/04\/martires-2.jpg\" alt=\"martires\" style=\"width:241px;height:282px\"\/><\/a><\/figure>\n\n\n\n<p>As vinte e sete Filhas da Caridade m\u00e1rtires e a Filha de Maria que as acompanhou ao mart\u00edrio s\u00e3o um reflexo n\u00edtido da Luz do Cristo ressuscitado a quem seguiram com as demais testemunhas da F\u00e9, num total de 522 pessoas, entre elas o Padre Fortunato Velasco Tobar e treze companheiros, todos da Congrega\u00e7\u00e3o da Miss\u00e3o, que ser\u00e3o\u00a0beatificados em Tarragona\u00a0no dia 13 de outubro de 2013.<\/p>\n\n\n\n<p>Os m\u00e1rtires s\u00e3o lumin\u00e1rias da f\u00e9 porque deram a vida por se identificarem com Luz verdadeira que falou de si mesmo<em>: \u201cEu sou a luz do mundo; aquele que me segue n\u00e3o andar\u00e1 em trevas, mas ter\u00e1 a luz da vida\u201d (Jo 8, 12).<\/em><\/p>\n\n\n\n<p>Seguindo o autor sagrado do Apocalipse (7, 13-14), vou procurar responder a quatro perguntas importantes: Quem s\u00e3o? De onde v\u00eam? Como e por que morreram? Que desafios nos apresentam?<\/p>\n\n\n\n<figure class=\"wp-block-image alignright size-large\"><img decoding=\"async\" src=\"https:\/\/filles-de-la-charite.org\/wp-content\/uploads\/2023\/04\/martires_valencia-1.jpg\" alt=\"martires_valencia\"\/><\/figure>\n\n\n\n<p><strong>1\u00aa) Quem s\u00e3o as Filhas da Caridade beatificadas no Ano da F\u00e9?&nbsp;<\/strong><\/p>\n\n\n\n<p><strong><em>a)&nbsp;&nbsp;&nbsp;&nbsp;&nbsp;&nbsp;<\/em><\/strong><strong><em>S\u00e3o mulheres simples de sua \u00e9poca<\/em><\/strong><strong>&nbsp;<\/strong>por sua origem social, suas ra\u00edzes familiares, sua inser\u00e7\u00e3o no meio do povo e sua forma de viver a f\u00e9. Todas possu\u00edam uma cultura ampla e estavam preparadas para realizar diferentes servi\u00e7os e fazer cursos de especializa\u00e7\u00e3o. Em geral, eram mulheres alegres, comunicativas e cheias de esperan\u00e7a.<\/p>\n\n\n\n<p><strong><em>b)&nbsp;&nbsp;&nbsp;<\/em><\/strong><strong><em>S\u00e3o mulheres de f\u00e9 firme.&nbsp;<\/em><\/strong>O itiner\u00e1rio de f\u00e9 destas Irm\u00e3s nos revela pessoas sem estudos teol\u00f3gicos, mas com o cora\u00e7\u00e3o cheio de humildade e simplicidade. Receberam a f\u00e9 de sua fam\u00edlia e a cultivaram na escola, na catequese paroquial, na ora\u00e7\u00e3o pessoal e na visita di\u00e1ria ao Sant\u00edssimo. Com simplicidade, elas buscaram a orienta\u00e7\u00e3o para o futuro de sua vida \u00e0 luz da vontade de Deus para elas. Confessaram sua f\u00e9 com firmeza em meio \u00e0 persegui\u00e7\u00e3o.<\/p>\n\n\n\n<p><strong><em>c)&nbsp;&nbsp;&nbsp;&nbsp;<\/em><\/strong><strong><em>S\u00e3o mulheres de f\u00e9 cultivada&nbsp;<\/em><\/strong>atrav\u00e9s da ora\u00e7\u00e3o e do estudo. Desde a sua entrada na Companhia, cultivaram a f\u00e9 com simplicidade, responsabilidade pessoal e esmero. O programa do Semin\u00e1rio estava organizado para cultivar a f\u00e9: ora\u00e7\u00e3o, estudo do Evangelho, catecismo da Igreja, regras da Companhia, biografia dos Fundadores, etc.<\/p>\n\n\n\n<p><strong><em>d)&nbsp;&nbsp;&nbsp;<\/em><\/strong><strong><em>S\u00e3o Filhas da Caridade de f\u00e9 luminosa<\/em><\/strong>&nbsp;que irradia, se comunica e se expressa com alegria e naturalidade porque seus cora\u00e7\u00f5es tinham aderido a Jesus Cristo. Elas a irradiam em suas ora\u00e7\u00f5es espont\u00e2neas, em suas cartas \u00e0s fam\u00edlias e em sua miss\u00e3o de servi\u00e7o: cuidados, trabalho, ora\u00e7\u00e3o, rela\u00e7\u00f5es fraternas. Isso \u00e9 comprovado pelos testemunhos de quem as viu viver.<\/p>\n\n\n\n<p><strong><em>e) &nbsp;<\/em><\/strong><strong><em>S\u00e3o Filhas da Caridade de f\u00e9 provada.&nbsp;<\/em><\/strong>Se aprofundarmos suas vidas, encontraremos em todas a prova\u00e7\u00e3o da F\u00e9 que culminar\u00e1 no momento imediato ao mart\u00edrio. Sofreram ass\u00e9dio pessoal, insultos, cal\u00fanias, afrontas. Foram v\u00edtimas da&nbsp;<em>purifica\u00e7\u00e3o religiosa<\/em>&nbsp;cujo processo pretendia expulsar Deus das obras sociais, da sa\u00fade e da educa\u00e7\u00e3o.<\/p>\n\n\n\n<p><strong><em>f)&nbsp;&nbsp;&nbsp;&nbsp;&nbsp;<\/em><\/strong><strong><em>Algumas express\u00f5es de f\u00e9 provada.<\/em><\/strong>&nbsp;<em>\u201cPe\u00e7o a Deus que me d\u00ea for\u00e7as para cumprir o que Ele pede de mim e padecer quanto Ele queira at\u00e9 identificar-me com Ele. E, se agrada a Deus, n\u00e3o teria inconveniente em oferecer a minha vida.\u201d<\/em>&nbsp;(Irm\u00e3 Estefania Salda\u00f1a Mayoral)<\/p>\n\n\n\n<p><em>\u201c<\/em><em>Fiquei muito impressionada com a not\u00edcia\u2026 Quem iria supor que seria t\u00e3o rapidamente visitada pela doen\u00e7a de minha querida m\u00e3e!\u2026 N\u00e3o h\u00e1 outro rem\u00e9dio sen\u00e3o pedir paci\u00eancia ao Senhor, pois \u00e9 Ele que nos visita com estas prova\u00e7\u00f5es t\u00e3o duras, em nossa opini\u00e3o, mas que nos ser\u00e3o muito merit\u00f3rias\u2026\u201d&nbsp;<\/em>(Irm\u00e3 Mar\u00eda D\u00edaz Pardo)<\/p>\n\n\n\n<p><em>\u201cIrm\u00e3 Maria Asunci\u00f3n ia disposta ao mart\u00edrio e confessou isso publicamente sem se importar com as amea\u00e7as e zombarias dos milicianos. Ela nos animava a aceitar os sofrimentos olhando a cruz de Jesus Cristo. Tinha muito zelo em levar as almas a Deus.\u201d&nbsp;<\/em>(de uma companheira de Irm\u00e3 Mar\u00eda Asunci\u00f3n Mayoral)<\/p>\n\n\n\n<p><strong>2) De onde v\u00eam estas Testemunhas da F\u00e9?<\/strong><\/p>\n\n\n\n<p><strong><em>a)&nbsp;&nbsp;&nbsp;<\/em><\/strong><strong><em>V\u00eam de lugares geogr\u00e1ficos concretos:&nbsp;<\/em><\/strong>tr\u00eas procedem da Gal\u00edcia, tr\u00eas do Pa\u00eds Basco, outras tr\u00eas s\u00e3o de Navarra, duas s\u00e3o de Arag\u00e3o, sete de Castilla-L\u00e9on, tr\u00eas nasceram em Madri, uma \u00e9 origin\u00e1ria de Mancha, outra procede de Plasencia (C\u00e1ceres), duas de Val\u00eancia, outras duas de Andaluzia e uma das Can\u00e1rias.<\/p>\n\n\n\n<p><strong><em>b)&nbsp;&nbsp;&nbsp;<\/em><\/strong><strong><em>V\u00eam de um momento hist\u00f3rico conflitivo na Espanha:&nbsp;<\/em><\/strong>situa\u00e7\u00e3o de crise geral, desemprego, pobreza, condi\u00e7\u00f5es de trabalho desumanas na ind\u00fastria e na agricultura, analfabetismo e ignor\u00e2ncia cultural e religiosa, manifesta\u00e7\u00f5es nas ruas, greves, etc.<\/p>\n\n\n\n<p><strong><em>c)&nbsp;&nbsp;&nbsp;&nbsp;<\/em><\/strong><strong><em>V\u00eam de uma Igreja acusada de estar distante do povo:<\/em><\/strong>&nbsp;a Igreja era culpada pelos males sociais originados pela crise mundial de 1929 e de suas consequ\u00eancias; \u00e9 perseguida com f\u00faria e todas as institui\u00e7\u00f5es dedicadas \u00e0 educa\u00e7\u00e3o, \u00e0 sa\u00fade e aos servi\u00e7os sociais s\u00e3o submetidas \u00e0 purifica\u00e7\u00e3o religiosa. A partir do comunismo ateu se pretende fazer o nome de Deus desaparecer da sociedade.<\/p>\n\n\n\n<p><strong><em>d) V\u00eam do servi\u00e7o dos pobres realizado como miss\u00e3o:&nbsp;<\/em><\/strong>cinco eram Irm\u00e3s Serventes. Irm\u00e3 Asunci\u00f3n Mayoral no Asilo de cegos, em Madri; Irm\u00e3 Maria Dolores \u00darsula Caro na Casa de Miseric\u00f3rdia, em Albacete; Irm\u00e3 Martina V\u00e1zquez Gordo no Hospital e Escola, em Segorbe (Castell\u00f3n); Irm\u00e3 Josefa Laborra e Irm\u00e3 Carmen Rodr\u00edguez Barazal no Col\u00e9gio-Asilo, em B\u00e9tera (Val\u00eancia). Todas sustentaram a f\u00e9 da comunidade nos momentos de persegui\u00e7\u00e3o e se preocuparam em encontrar um sacerdote para celebrar clandestinamente a Eucaristia. Dezesseis eram educadoras, sete eram enfermeiras e cinco se dedicaram ao servi\u00e7o social.<\/p>\n\n\n\n<p><strong>3\u00aa) Como e por que estas Testemunhas da F\u00e9 morreram?&nbsp;<\/strong><\/p>\n\n\n\n<p><strong><em>a)&nbsp;&nbsp;&nbsp;&nbsp;&nbsp;&nbsp;<\/em><\/strong><strong><em>Morreram confessando sua identidade e dando testemunho de sua F\u00e9<\/em><\/strong><\/p>\n\n\n\n<p>Viveram e morreram confessando Jesus Cristo com coragem, perdoando os perseguidores e colocando sua vida nas m\u00e3os de Deus Pai. Deram testemunho de Cristo, de sua vida, de suas a\u00e7\u00f5es e do valor do seguimento dos seus ensinamentos preferiram morrer a renunciar \u00e0 sua f\u00e9 e \u00e0 sua voca\u00e7\u00e3o consagrada a Caridade. Irm\u00e3 Martina V\u00e1zquez Gordo, ao ser presa, intercedeu por suas Irm\u00e3s com as mesmas palavras de Jesus no Gets\u00eamani: \u201c<em>Se \u00e9, pois, a mim que buscais, deixai ir estas, podem ajud\u00e1-los nos hospitais\u201d<\/em>. E sua palavra foi ouvida.<\/p>\n\n\n\n<p><strong><em>b)&nbsp;&nbsp;&nbsp;&nbsp;&nbsp;&nbsp;<\/em><\/strong><strong><em>Morreram por serem seguidoras de Jesus Cristo&nbsp;<\/em><\/strong><\/p>\n\n\n\n<p>O \u00fanico crime cometido sobre o qual foram interrogadas e o qual confessaram, simplesmente, foi o de \u201cserem Filhas da Caridade\u201d. Morreram por serem Filhas da Caridade, somente por isso. Os perseguidores queriam apagar o nome de Deus das obras sociais, da educa\u00e7\u00e3o e da sa\u00fade. Elas, com seu mart\u00edrio, tornaram-no inesquec\u00edvel para sempre.<\/p>\n\n\n\n<p><strong>4\u00aa) Que desafios estas m\u00e1rtires nos apresentam?&nbsp;<\/strong>Enumeramos alguns.<\/p>\n\n\n\n<p>Os m\u00e1rtires da f\u00e9 do s\u00e9culo XX, na Espanha, e, em particular, nossas Irm\u00e3s, viveram sua f\u00e9 em meio a um forte laicismo, propaga\u00e7\u00e3o do comunismo ateu e hostilidade ambiental. Ao verem-se expulsas de suas comunidades e lugares de servi\u00e7o e miss\u00e3o, amea\u00e7adas e perseguidas, buscaram salvar sua vida e usaram os meios ao seu alcance. Mas a ast\u00facia do mal foi mais sagaz que sua boa vontade. E os perseguidores acabaram com elas. Atualmente, h\u00e1 circunst\u00e2ncias bastante semelhantes \u00e0s que elas viveram. Sua vida nos desafia e convida a construir a hist\u00f3ria do futuro:<\/p>\n\n\n\n<ul class=\"wp-block-list\">\n<li>Diante das propostas de superficialidade e comodidade da cultura do meio em que vivemos, elas nos&nbsp;<em>convidam a cultivar a f\u00e9, a sermos testemunhas firmes, a confess\u00e1-la com coragem e a viver o evangelho com radicalidade<\/em>, unindo de forma insepar\u00e1vel f\u00e9 e caridade.<\/li>\n\n\n\n<li>Frente ao ego\u00edsmo e mercantilismo da sociedade, nos&nbsp;<em>desafiam a viver a voca\u00e7\u00e3o em gratuidade evang\u00e9lica, a entregar o que somos e temos<\/em>&nbsp;com amor e liberdade para manifestar o amor de Jesus Cristo aos necessitados que nos rodeiam.<\/li>\n\n\n\n<li>Diante do eclipse de Deus e da falta de sentido de vida para muitas pessoas,&nbsp;<em>podemos impulsionar o compromisso evangelizador ao nosso redor&nbsp;<\/em>cuidando para que os marginalizados, empobrecidos e todas as pessoas que sofrem sejam o centro de nossa atividade pastoral.<\/li>\n\n\n\n<li>Frente \u00e0 falta de humanidade gerada pela globaliza\u00e7\u00e3o, o individualismo e a crise econ\u00f4mica e de valores,&nbsp;<em>podemos estar mais atentos aos necessitados, semear compreens\u00e3o e oferecer ajuda \u00e0s v\u00edtimas como testemunhas da caridade.<\/em><\/li>\n\n\n\n<li>Frente \u00e0 contra\u00e7\u00e3o e viol\u00eancia na sociedade&nbsp;<em>podemos ser, como elas, testemunhas de miseric\u00f3rdia, bondade, perd\u00e3o e reconcilia\u00e7\u00e3o<\/em>, tornando realidade as Bem-aventuran\u00e7as como caminho de seguimento de Jesus Cristo.<\/li>\n\n\n\n<li>Diante da ang\u00fastia e do medo de uma morte violenta pr\u00f3xima, elas confiaram em Deus, rezaram, aumentaram sua uni\u00e3o fraterna e celebraram a Eucaristia para se fortalecer, perdoar e enfrentar com f\u00e9 e serenidade a morte.&nbsp;<em>\u00c9 um programa de vida crist\u00e3 que est\u00e1 sempre em nossas m\u00e3os e, sobretudo, diante de qualquer situa\u00e7\u00e3o dif\u00edcil.<\/em><\/li>\n<\/ul>\n\n\n\n<p>As Irm\u00e3s m\u00e1rtires n\u00e3o improvisaram a fortaleza e a serenidade na hora final. Foi um dom do Esp\u00edrito Santo que pediram e acolheram; estavam habituadas a isso porque, como Filhas da Caridade, tinham sido peregrinas da f\u00e9, profetas da esperan\u00e7a e testemunhas da caridade. Assim viveram e assim morreram, deixando rastros para a hist\u00f3ria da Igreja e a constru\u00e7\u00e3o de um mundo mais humano e fraterno. Este \u00e9 seu melhor legado e sua melhor li\u00e7\u00e3o.<\/p>\n\n\n\n<p class=\"has-text-align-right\"><em>Irm\u00e3 Maria \u00c1ngeles Infante, FC<\/em><\/p>\n\n\n\n<figure class=\"wp-block-image aligncenter size-large\"><a href=\"https:\/\/www.filles-de-la-charite.org\/wp-content\/uploads\/OLD\/2013\/08\/vindc-martyrs.jpeg\" data-rel=\"lightbox-image-1\" data-rl_title=\"\" data-rl_caption=\"\" title=\"\"><img decoding=\"async\" src=\"https:\/\/filles-de-la-charite.org\/wp-content\/uploads\/2023\/04\/vindc-martyrs-2.jpeg\" alt=\"vindc martyrs\"\/><\/a><\/figure>\n","protected":false},"featured_media":1124,"template":"","meta":{"_acf_changed":false,"_links_to":"","_links_to_target":""},"origen":[],"class_list":["post-4108","familia","type-familia","status-publish","has-post-thumbnail","hentry"],"acf":[],"yoast_head":"<!-- This site is optimized with the Yoast SEO plugin v27.5 - https:\/\/yoast.com\/product\/yoast-seo-wordpress\/ -->\n<title>Testemunhas firmes e corajosas da F\u00e9 \u2013 Espanha - Filles de la Charit\u00e9<\/title>\n<meta name=\"robots\" content=\"index, follow, max-snippet:-1, max-image-preview:large, max-video-preview:-1\" \/>\n<link rel=\"canonical\" href=\"https:\/\/filles-de-la-charite.org\/pt-pt\/familia\/testemunhas-firmes-e-corajosas-da-fe-espanha\/\" \/>\n<meta property=\"og:locale\" content=\"pt_PT\" \/>\n<meta property=\"og:type\" content=\"article\" \/>\n<meta property=\"og:title\" content=\"Testemunhas firmes e corajosas da F\u00e9 \u2013 Espanha - Filles de la Charit\u00e9\" \/>\n<meta property=\"og:description\" content=\"As vinte e sete Filhas da Caridade m\u00e1rtires e a Filha de Maria que as acompanhou ao mart\u00edrio s\u00e3o um reflexo n\u00edtido da Luz do Cristo ressuscitado a quem seguiram com as demais testemunhas da F\u00e9, num total de 522 pessoas, entre elas o Padre Fortunato Velasco Tobar e treze companheiros, todos da Congrega\u00e7\u00e3o da [&hellip;]\" \/>\n<meta property=\"og:url\" content=\"https:\/\/filles-de-la-charite.org\/pt-pt\/familia\/testemunhas-firmes-e-corajosas-da-fe-espanha\/\" \/>\n<meta property=\"og:site_name\" content=\"Filles de la Charit\u00e9\" \/>\n<meta property=\"article:modified_time\" content=\"2024-03-02T10:46:07+00:00\" \/>\n<meta property=\"og:image\" content=\"https:\/\/filles-de-la-charite.org\/wp-content\/uploads\/2023\/04\/martires-2.jpg\" \/>\n\t<meta property=\"og:image:width\" content=\"481\" \/>\n\t<meta property=\"og:image:height\" content=\"563\" \/>\n\t<meta property=\"og:image:type\" content=\"image\/jpeg\" \/>\n<meta name=\"twitter:card\" content=\"summary_large_image\" \/>\n<meta name=\"twitter:label1\" content=\"Tempo estimado de leitura\" \/>\n\t<meta name=\"twitter:data1\" content=\"8 minutos\" \/>\n<script type=\"application\/ld+json\" class=\"yoast-schema-graph\">{\"@context\":\"https:\\\/\\\/schema.org\",\"@graph\":[{\"@type\":\"WebPage\",\"@id\":\"https:\\\/\\\/filles-de-la-charite.org\\\/pt-pt\\\/familia\\\/testemunhas-firmes-e-corajosas-da-fe-espanha\\\/\",\"url\":\"https:\\\/\\\/filles-de-la-charite.org\\\/pt-pt\\\/familia\\\/testemunhas-firmes-e-corajosas-da-fe-espanha\\\/\",\"name\":\"Testemunhas firmes e corajosas da F\u00e9 \u2013 Espanha - Filles de la Charit\u00e9\",\"isPartOf\":{\"@id\":\"https:\\\/\\\/filles-de-la-charite.org\\\/pt-pt\\\/#website\"},\"primaryImageOfPage\":{\"@id\":\"https:\\\/\\\/filles-de-la-charite.org\\\/pt-pt\\\/familia\\\/testemunhas-firmes-e-corajosas-da-fe-espanha\\\/#primaryimage\"},\"image\":{\"@id\":\"https:\\\/\\\/filles-de-la-charite.org\\\/pt-pt\\\/familia\\\/testemunhas-firmes-e-corajosas-da-fe-espanha\\\/#primaryimage\"},\"thumbnailUrl\":\"https:\\\/\\\/filles-de-la-charite.org\\\/wp-content\\\/uploads\\\/2023\\\/04\\\/martires-2.jpg\",\"datePublished\":\"2020-10-30T11:00:15+00:00\",\"dateModified\":\"2024-03-02T10:46:07+00:00\",\"breadcrumb\":{\"@id\":\"https:\\\/\\\/filles-de-la-charite.org\\\/pt-pt\\\/familia\\\/testemunhas-firmes-e-corajosas-da-fe-espanha\\\/#breadcrumb\"},\"inLanguage\":\"pt-PT\",\"potentialAction\":[{\"@type\":\"ReadAction\",\"target\":[\"https:\\\/\\\/filles-de-la-charite.org\\\/pt-pt\\\/familia\\\/testemunhas-firmes-e-corajosas-da-fe-espanha\\\/\"]}]},{\"@type\":\"ImageObject\",\"inLanguage\":\"pt-PT\",\"@id\":\"https:\\\/\\\/filles-de-la-charite.org\\\/pt-pt\\\/familia\\\/testemunhas-firmes-e-corajosas-da-fe-espanha\\\/#primaryimage\",\"url\":\"https:\\\/\\\/filles-de-la-charite.org\\\/wp-content\\\/uploads\\\/2023\\\/04\\\/martires-2.jpg\",\"contentUrl\":\"https:\\\/\\\/filles-de-la-charite.org\\\/wp-content\\\/uploads\\\/2023\\\/04\\\/martires-2.jpg\",\"width\":481,\"height\":563},{\"@type\":\"BreadcrumbList\",\"@id\":\"https:\\\/\\\/filles-de-la-charite.org\\\/pt-pt\\\/familia\\\/testemunhas-firmes-e-corajosas-da-fe-espanha\\\/#breadcrumb\",\"itemListElement\":[{\"@type\":\"ListItem\",\"position\":1,\"name\":\"A nossa fam\u00edlia\",\"item\":\"https:\\\/\\\/filles-de-la-charite.org\\\/pt-pt\\\/familia\\\/\"},{\"@type\":\"ListItem\",\"position\":2,\"name\":\"Testemunhas firmes e corajosas da F\u00e9 \u2013 Espanha\"}]},{\"@type\":\"WebSite\",\"@id\":\"https:\\\/\\\/filles-de-la-charite.org\\\/pt-pt\\\/#website\",\"url\":\"https:\\\/\\\/filles-de-la-charite.org\\\/pt-pt\\\/\",\"name\":\"Hijas de la Caridad\",\"description\":\"L\u2019amour de J\u00e9sus nous presse \u00e0 prendre soin des personnes les plus d\u00e9munies\",\"publisher\":{\"@id\":\"https:\\\/\\\/filles-de-la-charite.org\\\/pt-pt\\\/#organization\"},\"potentialAction\":[{\"@type\":\"SearchAction\",\"target\":{\"@type\":\"EntryPoint\",\"urlTemplate\":\"https:\\\/\\\/filles-de-la-charite.org\\\/pt-pt\\\/?s={search_term_string}\"},\"query-input\":{\"@type\":\"PropertyValueSpecification\",\"valueRequired\":true,\"valueName\":\"search_term_string\"}}],\"inLanguage\":\"pt-PT\"},{\"@type\":\"Organization\",\"@id\":\"https:\\\/\\\/filles-de-la-charite.org\\\/pt-pt\\\/#organization\",\"name\":\"Hijas de la Caridad\",\"url\":\"https:\\\/\\\/filles-de-la-charite.org\\\/pt-pt\\\/\",\"logo\":{\"@type\":\"ImageObject\",\"inLanguage\":\"pt-PT\",\"@id\":\"https:\\\/\\\/filles-de-la-charite.org\\\/pt-pt\\\/#\\\/schema\\\/logo\\\/image\\\/\",\"url\":\"https:\\\/\\\/filles-de-la-charite.org\\\/wp-content\\\/uploads\\\/2023\\\/03\\\/isotipo-Hijas-de-la-Caridad.png\",\"contentUrl\":\"https:\\\/\\\/filles-de-la-charite.org\\\/wp-content\\\/uploads\\\/2023\\\/03\\\/isotipo-Hijas-de-la-Caridad.png\",\"width\":1417,\"height\":1417,\"caption\":\"Hijas de la Caridad\"},\"image\":{\"@id\":\"https:\\\/\\\/filles-de-la-charite.org\\\/pt-pt\\\/#\\\/schema\\\/logo\\\/image\\\/\"}}]}<\/script>\n<!-- \/ Yoast SEO plugin. -->","yoast_head_json":{"title":"Testemunhas firmes e corajosas da F\u00e9 \u2013 Espanha - Filles de la Charit\u00e9","robots":{"index":"index","follow":"follow","max-snippet":"max-snippet:-1","max-image-preview":"max-image-preview:large","max-video-preview":"max-video-preview:-1"},"canonical":"https:\/\/filles-de-la-charite.org\/pt-pt\/familia\/testemunhas-firmes-e-corajosas-da-fe-espanha\/","og_locale":"pt_PT","og_type":"article","og_title":"Testemunhas firmes e corajosas da F\u00e9 \u2013 Espanha - Filles de la Charit\u00e9","og_description":"As vinte e sete Filhas da Caridade m\u00e1rtires e a Filha de Maria que as acompanhou ao mart\u00edrio s\u00e3o um reflexo n\u00edtido da Luz do Cristo ressuscitado a quem seguiram com as demais testemunhas da F\u00e9, num total de 522 pessoas, entre elas o Padre Fortunato Velasco Tobar e treze companheiros, todos da Congrega\u00e7\u00e3o da [&hellip;]","og_url":"https:\/\/filles-de-la-charite.org\/pt-pt\/familia\/testemunhas-firmes-e-corajosas-da-fe-espanha\/","og_site_name":"Filles de la Charit\u00e9","article_modified_time":"2024-03-02T10:46:07+00:00","og_image":[{"width":481,"height":563,"url":"https:\/\/filles-de-la-charite.org\/wp-content\/uploads\/2023\/04\/martires-2.jpg","type":"image\/jpeg"}],"twitter_card":"summary_large_image","twitter_misc":{"Tempo estimado de leitura":"8 minutos"},"schema":{"@context":"https:\/\/schema.org","@graph":[{"@type":"WebPage","@id":"https:\/\/filles-de-la-charite.org\/pt-pt\/familia\/testemunhas-firmes-e-corajosas-da-fe-espanha\/","url":"https:\/\/filles-de-la-charite.org\/pt-pt\/familia\/testemunhas-firmes-e-corajosas-da-fe-espanha\/","name":"Testemunhas firmes e corajosas da F\u00e9 \u2013 Espanha - Filles de la Charit\u00e9","isPartOf":{"@id":"https:\/\/filles-de-la-charite.org\/pt-pt\/#website"},"primaryImageOfPage":{"@id":"https:\/\/filles-de-la-charite.org\/pt-pt\/familia\/testemunhas-firmes-e-corajosas-da-fe-espanha\/#primaryimage"},"image":{"@id":"https:\/\/filles-de-la-charite.org\/pt-pt\/familia\/testemunhas-firmes-e-corajosas-da-fe-espanha\/#primaryimage"},"thumbnailUrl":"https:\/\/filles-de-la-charite.org\/wp-content\/uploads\/2023\/04\/martires-2.jpg","datePublished":"2020-10-30T11:00:15+00:00","dateModified":"2024-03-02T10:46:07+00:00","breadcrumb":{"@id":"https:\/\/filles-de-la-charite.org\/pt-pt\/familia\/testemunhas-firmes-e-corajosas-da-fe-espanha\/#breadcrumb"},"inLanguage":"pt-PT","potentialAction":[{"@type":"ReadAction","target":["https:\/\/filles-de-la-charite.org\/pt-pt\/familia\/testemunhas-firmes-e-corajosas-da-fe-espanha\/"]}]},{"@type":"ImageObject","inLanguage":"pt-PT","@id":"https:\/\/filles-de-la-charite.org\/pt-pt\/familia\/testemunhas-firmes-e-corajosas-da-fe-espanha\/#primaryimage","url":"https:\/\/filles-de-la-charite.org\/wp-content\/uploads\/2023\/04\/martires-2.jpg","contentUrl":"https:\/\/filles-de-la-charite.org\/wp-content\/uploads\/2023\/04\/martires-2.jpg","width":481,"height":563},{"@type":"BreadcrumbList","@id":"https:\/\/filles-de-la-charite.org\/pt-pt\/familia\/testemunhas-firmes-e-corajosas-da-fe-espanha\/#breadcrumb","itemListElement":[{"@type":"ListItem","position":1,"name":"A nossa fam\u00edlia","item":"https:\/\/filles-de-la-charite.org\/pt-pt\/familia\/"},{"@type":"ListItem","position":2,"name":"Testemunhas firmes e corajosas da F\u00e9 \u2013 Espanha"}]},{"@type":"WebSite","@id":"https:\/\/filles-de-la-charite.org\/pt-pt\/#website","url":"https:\/\/filles-de-la-charite.org\/pt-pt\/","name":"Hijas de la Caridad","description":"L\u2019amour de J\u00e9sus nous presse \u00e0 prendre soin des personnes les plus d\u00e9munies","publisher":{"@id":"https:\/\/filles-de-la-charite.org\/pt-pt\/#organization"},"potentialAction":[{"@type":"SearchAction","target":{"@type":"EntryPoint","urlTemplate":"https:\/\/filles-de-la-charite.org\/pt-pt\/?s={search_term_string}"},"query-input":{"@type":"PropertyValueSpecification","valueRequired":true,"valueName":"search_term_string"}}],"inLanguage":"pt-PT"},{"@type":"Organization","@id":"https:\/\/filles-de-la-charite.org\/pt-pt\/#organization","name":"Hijas de la Caridad","url":"https:\/\/filles-de-la-charite.org\/pt-pt\/","logo":{"@type":"ImageObject","inLanguage":"pt-PT","@id":"https:\/\/filles-de-la-charite.org\/pt-pt\/#\/schema\/logo\/image\/","url":"https:\/\/filles-de-la-charite.org\/wp-content\/uploads\/2023\/03\/isotipo-Hijas-de-la-Caridad.png","contentUrl":"https:\/\/filles-de-la-charite.org\/wp-content\/uploads\/2023\/03\/isotipo-Hijas-de-la-Caridad.png","width":1417,"height":1417,"caption":"Hijas de la Caridad"},"image":{"@id":"https:\/\/filles-de-la-charite.org\/pt-pt\/#\/schema\/logo\/image\/"}}]}},"_links":{"self":[{"href":"https:\/\/filles-de-la-charite.org\/pt-pt\/wp-json\/wp\/v2\/familia\/4108","targetHints":{"allow":["GET"]}}],"collection":[{"href":"https:\/\/filles-de-la-charite.org\/pt-pt\/wp-json\/wp\/v2\/familia"}],"about":[{"href":"https:\/\/filles-de-la-charite.org\/pt-pt\/wp-json\/wp\/v2\/types\/familia"}],"wp:featuredmedia":[{"embeddable":true,"href":"https:\/\/filles-de-la-charite.org\/pt-pt\/wp-json\/wp\/v2\/media\/1124"}],"wp:attachment":[{"href":"https:\/\/filles-de-la-charite.org\/pt-pt\/wp-json\/wp\/v2\/media?parent=4108"}],"wp:term":[{"taxonomy":"origen","embeddable":true,"href":"https:\/\/filles-de-la-charite.org\/pt-pt\/wp-json\/wp\/v2\/origen?post=4108"}],"curies":[{"name":"wp","href":"https:\/\/api.w.org\/{rel}","templated":true}]}}