{"id":4109,"date":"2020-10-30T11:44:48","date_gmt":"2020-10-30T10:44:48","guid":{"rendered":"https:\/\/hijascaridad.sjdigitaldemo.ovh\/familia\/as-irmas-martires-do-seculo-xx\/"},"modified":"2024-03-09T12:49:51","modified_gmt":"2024-03-09T11:49:51","slug":"as-irmas-martires-do-seculo-xx","status":"publish","type":"familia","link":"https:\/\/filles-de-la-charite.org\/pt-pt\/familia\/as-irmas-martires-do-seculo-xx\/","title":{"rendered":"Bem-Aventuradas M\u00e1rtires da f\u00e9 do s\u00e9culo XX, na Espanha"},"content":{"rendered":"\n<p>Na Espanha, entre 1936 e 1939, houve uma persegui\u00e7\u00e3o religiosa e um total de 7.937 cat\u00f3licos: 13 bispos, 5.255 padres e 2.669 religiosas foram assassinados.<br>Centenas destas pessoas j\u00e1 foram beatificadas, outras foram canonizadas.<br>No entanto, muitos ainda esperam a hora do reconhecimento oficial de seu mart\u00edrio.<br>No domingo, 13 de outubro de 2013, em Tarragona (Espanha), aconteceu a beatifica\u00e7\u00e3o de 522 espanh\u00f3is, testemunhas da f\u00e9, incluindo 27 Filhas da Caridade e uma Filha de Maria que foi beatificada com nossas Irm\u00e3s. <\/p>\n\n\n\n<figure class=\"wp-block-image aligncenter size-large is-resized is-style-default\"><a href=\"https:\/\/filles-de-la-charite.org\/wp-content\/uploads\/2023\/04\/martires_1-1.jpg\" data-rel=\"lightbox-image-0\" data-rl_title=\"\" data-rl_caption=\"\" title=\"\"><img decoding=\"async\" src=\"https:\/\/filles-de-la-charite.org\/wp-content\/uploads\/2023\/04\/martires_1-1.jpg\" alt=\"\" class=\"wp-image-49901\"\/><\/a><\/figure>\n\n\n\n<p>Todas consagraram suas vidas a Deus para o servi\u00e7o dos pobres, fi\u00e9is ao Evangelho e ao carisma da Companhia. Elas sabiam que a profecia de Jesus poderia ser cumprida:<\/p>\n\n\n\n<blockquote class=\"wp-block-quote is-layout-flow wp-block-quote-is-layout-flow\">\n<p>\u201cLembrai-vos da palavra que vos disse: \u201cO servo n\u00e3o \u00e9 maior do que o seu senhor. Se me perseguiram, tamb\u00e9m vos h\u00e3o de perseguir. Se guardaram a minha palavra, h\u00e3o de guardar tamb\u00e9m a vossa.\u201d<\/p>\n<cite>(Jo 15, 20)<\/cite><\/blockquote>\n\n\n\n<h2 class=\"wp-block-heading\">M\u00e1rtires da f\u00e9<strong><a href=\"https:\/\/www.filles-de-la-charite.org\/wp-content\/uploads\/OLD\/2012\/02\/martires_1.jpg\" data-rel=\"lightbox-image-1\" data-rl_title=\"\" data-rl_caption=\"\" title=\"\"><\/a><\/strong><\/h2>\n\n\n\n<p>Vendo a persegui\u00e7\u00e3o chegar, elas rezaram com f\u00e9 para pedir a for\u00e7a do Esp\u00edrito Santo. E todas se sentiram fortalecidas e alimentadas com a for\u00e7a da Eucaristia que as preparou para serem testemunhas da f\u00e9, da esperan\u00e7a e da caridade.<br>Seu crime foi serem Filhas da Caridade dedicadas a cuidar, curar, educar, acolher, guiar e fazer o bem como Jesus de Nazar\u00e9.<br>Elas n\u00e3o estavam envolvidas em nenhuma a\u00e7\u00e3o pol\u00edtica; foram perseguidas apenas por serem mulheres consagradas a Deus.<br>O sangue destas Irm\u00e3s foi semente de voca\u00e7\u00f5es nos trinta anos seguintes ao seu mart\u00edrio.<br>Esperamos que os conhecimentos destes testemunhos de f\u00e9, abram novos sulcos e fa\u00e7am germinar novas sementes de f\u00e9 e caridade. Trata-se de mudar o rumo do materialismo e da acomoda\u00e7\u00e3o por trilhas de f\u00e9 e alegria, no compromisso de \u201cdeixar tudo\u201d a fim de nos tornarmos ap\u00f3stolos da caridade.<\/p>\n\n\n\n<figure class=\"wp-block-image aligncenter size-large is-resized\"><a href=\"https:\/\/filles-de-la-charite.org\/wp-content\/uploads\/2023\/04\/martires-1-1.jpg\" data-rel=\"lightbox-image-2\" data-rl_title=\"\" data-rl_caption=\"\" title=\"\"><img decoding=\"async\" src=\"https:\/\/filles-de-la-charite.org\/wp-content\/uploads\/2023\/04\/martires-1-1.jpg\" alt=\"\" class=\"wp-image-49911\"\/><\/a><\/figure>\n\n\n\n<p><strong>Seus nomes, miss\u00e3o, locais e datas de mart\u00edrio:<\/strong><\/p>\n\n\n\n<ul class=\"wp-block-list\">\n<li>Leganes, Madrid, Col\u00e9gio da Imaculada (\u2d15 12 de agosto de 1936): Irm\u00e3 Melchora de la Adoracion Cortes Bueno, Irm\u00e3 Maria Severina Diaz-Pardo Gauna e Irm\u00e3 Estefania Saldana Mayoral.<\/li>\n\n\n\n<li>Hospital Psiqui\u00e1trico Santa Isabel:<br>Irm\u00e3 Maria Dolores Barroso Villasenor e Irm\u00e3 Maria Asuncion Mayoral Pena esta tinha se refugiado no hospital, mas veio do Lar para Cegos em Madrid.<\/li>\n\n\n\n<li>Hospital Anti-tuberculose El Neveral, Ja\u00e9n<br>Elas foram perseguidas e colocadas no \u201ctrem da norte\u201d, transportadas para Madrid e depois para Vallecas (\u2d15 12 de agosto de 1936): Irm\u00e3 Ramona Cao Fernandez e Irm\u00e3 Juana Perez Abascal.<\/li>\n\n\n\n<li>Asilo San Eugenio -Val\u00eancia<br>Refugiadas em Puzol, na casa da fam\u00edlia de uma delas, onde participaram da Eucaristia celebrada por um franciscano, tamb\u00e9m refugiado. Esta foi a causa de suas mortes (\u2d15 19 de agosto de 1936): Irm\u00e3 Maria Rosario Ciercoles Gascon, Irm\u00e3 Maria Luisa Bermudez Ruiz e Irm\u00e3 Micaela Hernan Martinez.<\/li>\n\n\n\n<li>Casa de Miseric\u00f3rdia &#8211; Albacete<br>Expulsas pelas autoridades e amea\u00e7adas de morte, elas encontraram ref\u00fagio em Madrid, na casa de um parente da Irm\u00e3 Servente. Tr\u00eas delas buscaram ajuda na fam\u00edlia de outra Irm\u00e3 em Vallecas. Elas n\u00e3o foram recebidas e sim brutalmente martirizadas (\u2d15 3 de setembro de 1936): Irm\u00e3 Dolores Ursula Caro Martin, Irm\u00e3 Andrea Calle Gonzalez e Irm\u00e3 Concepcion Perez Giral.<\/li>\n\n\n\n<li>Hospital e Escolas em Segorbe (Castellon)<br>Expulsas da Comunidade, as Irm\u00e3s se refugiaram na casa de uma antiga aluna. Irm\u00e3 Martina V\u00e1zquez, Superiora ali durante muitos anos, pediu, na hora da pris\u00e3o, que deixassem suas Irm\u00e3s livres e foi atendida. S\u00f3 ela foi martirizada.<br>(\u2d15 4 de outubro de 1936).<\/li>\n\n\n\n<li>Hospital Geral &#8211; Val\u00eancia<br>A Comunidade foi expulsa e dissolvida, e a Irm\u00e3 Josefa Martinez Perez refugiou-se na casa de sua fam\u00edlia em Alberic (Val\u00eancia). Sua fam\u00edlia havia sido perseguida e ela se ofereceu para morrer no lugar de sua irm\u00e3, uma vi\u00fava, porque seu marido j\u00e1 tinha sido morto e ela estava esperando um filho. Eles aceitaram sua oferta e ela morreu como m\u00e1rtir da f\u00e9 e da caridade. (\u2d15 14 de outubro de 1936).<\/li>\n\n\n\n<li>Casa de Benefic\u00eancia &#8211; Val\u00eancia<br>As Irm\u00e3s foram expulsas de casa. Algumas se refugiaram na casa da fam\u00edlia de uma delas, onde havia dois padres que tamb\u00e9m foram acolhidos nesta casa. Diariamente, eles celebravam a Eucaristia clandestinamente. Este foi o crime e a causa do mart\u00edrio, em Gilet (Val\u00eancia): Irm\u00e3 Joaquina Rey Aguirre e Irm\u00e3 Victoria Arregui Guinea (\u2d15 29 de outubro de 1936).<\/li>\n\n\n\n<li>Hospital e Maternidade Santa Cristina &#8211; Madrid<br>A Irm\u00e3 Modesta Moro Briz e a Irm\u00e3 Pilar Isabel Sanchez Suarez sofreram o mart\u00edrio. Elas se refugiaram em uma pens\u00e3o no centro de Madrid. Na festa de Todos os Santos, elas desejavam participar da Eucaristia. Ao sa\u00edrem para poder participar da Santa Missa foram detidas e condenadas \u00e0 morte por um Tribunal Popular (\u2d15 31 de outubro de 1936).<\/li>\n\n\n\n<li>Hospitais Atocha e Carabanchel &#8211; Madrid Irm\u00e3 Josefa Girones Arteta e Irm\u00e3 Lorenza Diaz Bolanos foram confrontadas com propostas imorais de seus perseguidores. Elas foram mortas por sua fidelidade \u00e0 f\u00e9 e \u00e0 voca\u00e7\u00e3o (\u2d15 22 de novembro de 1936 ou \u201cdata desconhecida\u201d).<\/li>\n\n\n\n<li>Col\u00e9gio El Carmen de Betera &#8211; Val\u00eancia<br>A Comunidade se refugiou em uma pens\u00e3o da juventude em Val\u00eancia. Dolores Broseta, Filha de Maria, levava-lhes todos os dias a comida preparada por antigas alunas.<br>Um dia, a mil\u00edcia que estava procurando as Irm\u00e3s, seguiu-a e as encontrou. Toda a Comunidade foi assassinada: Irm\u00e3 Josefa Laborra Goyeneche, Irm\u00e3 Carmen Rodriguez Barazal, Irm\u00e3 Estefania Irisarri Irigaray, Irm\u00e3 Maria Pilar Nalda Franco, Irm\u00e3 Isidora Izquierdo Garcia e Irm\u00e3 Dolores Broseta Bonet, Filha de Maria que lhes levava alimento (\u2d15 9 de dezembro de 1936).<\/li>\n\n\n\n<li>De Porto Rico a Madrid e de Madrid ao c\u00e9u:<br>Irm\u00e3 Gaudencia Benavides Herrero foi mission\u00e1ria em Porto Rico por muitos anos e tinha chegado \u00e0 Espanha para cuidar de uma doen\u00e7a card\u00edaca. Identificada como uma Irm\u00e3, foi presa e colocada em tr\u00eas pris\u00f5es diferentes, onde sofreu graves maus-tratos. Seu corpo estava coberto de v\u00e1rios ferimentos. Ela recusou os cuidados m\u00e9dicos necess\u00e1rios e morreu dando testemunho de Jesus Cristo e concedendo perd\u00e3o a seus carrascos (\u2d15 11 de fevereiro de 1937).<\/li>\n<\/ul>\n\n\n\n<p><\/p>\n\n\n\n<p>As nossas m\u00e1rtires morreram corajosamente confessando a sua f\u00e9 em Jesus Cristo. Perdoaram seus perseguidores e colocaram suas vidas nas m\u00e3os do Pai. Seguiram os ensinamentos de Cristo, que testemunharam nas suas vidas e a\u00e7\u00f5es. Preferiram morrer do que renunci\u00e1-Lo.<\/p>\n\n\n\n<p>Que possamos viver nossa f\u00e9 com a mesma aud\u00e1cia e coragem exemplar.<\/p>\n","protected":false},"featured_media":1130,"template":"","meta":{"_acf_changed":false,"_et_pb_use_builder":"","_et_pb_old_content":"","_et_gb_content_width":"","_links_to":"","_links_to_target":""},"origen":[],"class_list":["post-4109","familia","type-familia","status-publish","has-post-thumbnail","hentry"],"acf":[],"yoast_head":"<!-- This site is optimized with the Yoast SEO plugin v27.5 - https:\/\/yoast.com\/product\/yoast-seo-wordpress\/ -->\n<title>Bem-Aventuradas M\u00e1rtires da f\u00e9 do s\u00e9culo XX, na Espanha - Filles de la Charit\u00e9<\/title>\n<meta name=\"robots\" content=\"index, follow, max-snippet:-1, max-image-preview:large, max-video-preview:-1\" \/>\n<link rel=\"canonical\" href=\"https:\/\/filles-de-la-charite.org\/pt-pt\/familia\/as-irmas-martires-do-seculo-xx\/\" \/>\n<meta property=\"og:locale\" content=\"pt_PT\" \/>\n<meta property=\"og:type\" content=\"article\" \/>\n<meta property=\"og:title\" content=\"Bem-Aventuradas M\u00e1rtires da f\u00e9 do s\u00e9culo XX, na Espanha - Filles de la Charit\u00e9\" \/>\n<meta property=\"og:description\" content=\"Na Espanha, entre 1936 e 1939, houve uma persegui\u00e7\u00e3o religiosa e um total de 7.937 cat\u00f3licos: 13 bispos, 5.255 padres e 2.669 religiosas foram assassinados.Centenas destas pessoas j\u00e1 foram beatificadas, outras foram canonizadas.No entanto, muitos ainda esperam a hora do reconhecimento oficial de seu mart\u00edrio.No domingo, 13 de outubro de 2013, em Tarragona (Espanha), aconteceu [&hellip;]\" \/>\n<meta property=\"og:url\" content=\"https:\/\/filles-de-la-charite.org\/pt-pt\/familia\/as-irmas-martires-do-seculo-xx\/\" \/>\n<meta property=\"og:site_name\" content=\"Filles de la Charit\u00e9\" \/>\n<meta property=\"article:modified_time\" content=\"2024-03-09T11:49:51+00:00\" \/>\n<meta property=\"og:image\" content=\"https:\/\/filles-de-la-charite.org\/wp-content\/uploads\/2023\/04\/Soeurs-Martyres-du-20e-siecle-1.png\" \/>\n\t<meta property=\"og:image:width\" content=\"590\" \/>\n\t<meta property=\"og:image:height\" content=\"781\" \/>\n\t<meta property=\"og:image:type\" content=\"image\/png\" \/>\n<meta name=\"twitter:card\" content=\"summary_large_image\" \/>\n<meta name=\"twitter:label1\" content=\"Tempo estimado de leitura\" \/>\n\t<meta name=\"twitter:data1\" content=\"5 minutos\" \/>\n<script type=\"application\/ld+json\" class=\"yoast-schema-graph\">{\"@context\":\"https:\\\/\\\/schema.org\",\"@graph\":[{\"@type\":\"WebPage\",\"@id\":\"https:\\\/\\\/filles-de-la-charite.org\\\/pt-pt\\\/familia\\\/as-irmas-martires-do-seculo-xx\\\/\",\"url\":\"https:\\\/\\\/filles-de-la-charite.org\\\/pt-pt\\\/familia\\\/as-irmas-martires-do-seculo-xx\\\/\",\"name\":\"Bem-Aventuradas M\u00e1rtires da f\u00e9 do s\u00e9culo XX, na Espanha - Filles de la Charit\u00e9\",\"isPartOf\":{\"@id\":\"https:\\\/\\\/filles-de-la-charite.org\\\/pt-pt\\\/#website\"},\"primaryImageOfPage\":{\"@id\":\"https:\\\/\\\/filles-de-la-charite.org\\\/pt-pt\\\/familia\\\/as-irmas-martires-do-seculo-xx\\\/#primaryimage\"},\"image\":{\"@id\":\"https:\\\/\\\/filles-de-la-charite.org\\\/pt-pt\\\/familia\\\/as-irmas-martires-do-seculo-xx\\\/#primaryimage\"},\"thumbnailUrl\":\"https:\\\/\\\/filles-de-la-charite.org\\\/wp-content\\\/uploads\\\/2023\\\/04\\\/Soeurs-Martyres-du-20e-siecle-1.png\",\"datePublished\":\"2020-10-30T10:44:48+00:00\",\"dateModified\":\"2024-03-09T11:49:51+00:00\",\"breadcrumb\":{\"@id\":\"https:\\\/\\\/filles-de-la-charite.org\\\/pt-pt\\\/familia\\\/as-irmas-martires-do-seculo-xx\\\/#breadcrumb\"},\"inLanguage\":\"pt-PT\",\"potentialAction\":[{\"@type\":\"ReadAction\",\"target\":[\"https:\\\/\\\/filles-de-la-charite.org\\\/pt-pt\\\/familia\\\/as-irmas-martires-do-seculo-xx\\\/\"]}]},{\"@type\":\"ImageObject\",\"inLanguage\":\"pt-PT\",\"@id\":\"https:\\\/\\\/filles-de-la-charite.org\\\/pt-pt\\\/familia\\\/as-irmas-martires-do-seculo-xx\\\/#primaryimage\",\"url\":\"https:\\\/\\\/filles-de-la-charite.org\\\/wp-content\\\/uploads\\\/2023\\\/04\\\/Soeurs-Martyres-du-20e-siecle-1.png\",\"contentUrl\":\"https:\\\/\\\/filles-de-la-charite.org\\\/wp-content\\\/uploads\\\/2023\\\/04\\\/Soeurs-Martyres-du-20e-siecle-1.png\",\"width\":590,\"height\":781},{\"@type\":\"BreadcrumbList\",\"@id\":\"https:\\\/\\\/filles-de-la-charite.org\\\/pt-pt\\\/familia\\\/as-irmas-martires-do-seculo-xx\\\/#breadcrumb\",\"itemListElement\":[{\"@type\":\"ListItem\",\"position\":1,\"name\":\"A nossa fam\u00edlia\",\"item\":\"https:\\\/\\\/filles-de-la-charite.org\\\/pt-pt\\\/familia\\\/\"},{\"@type\":\"ListItem\",\"position\":2,\"name\":\"Bem-Aventuradas M\u00e1rtires da f\u00e9 do s\u00e9culo XX, na Espanha\"}]},{\"@type\":\"WebSite\",\"@id\":\"https:\\\/\\\/filles-de-la-charite.org\\\/pt-pt\\\/#website\",\"url\":\"https:\\\/\\\/filles-de-la-charite.org\\\/pt-pt\\\/\",\"name\":\"Hijas de la Caridad\",\"description\":\"L\u2019amour de J\u00e9sus nous presse \u00e0 prendre soin des personnes les plus d\u00e9munies\",\"publisher\":{\"@id\":\"https:\\\/\\\/filles-de-la-charite.org\\\/pt-pt\\\/#organization\"},\"potentialAction\":[{\"@type\":\"SearchAction\",\"target\":{\"@type\":\"EntryPoint\",\"urlTemplate\":\"https:\\\/\\\/filles-de-la-charite.org\\\/pt-pt\\\/?s={search_term_string}\"},\"query-input\":{\"@type\":\"PropertyValueSpecification\",\"valueRequired\":true,\"valueName\":\"search_term_string\"}}],\"inLanguage\":\"pt-PT\"},{\"@type\":\"Organization\",\"@id\":\"https:\\\/\\\/filles-de-la-charite.org\\\/pt-pt\\\/#organization\",\"name\":\"Hijas de la Caridad\",\"url\":\"https:\\\/\\\/filles-de-la-charite.org\\\/pt-pt\\\/\",\"logo\":{\"@type\":\"ImageObject\",\"inLanguage\":\"pt-PT\",\"@id\":\"https:\\\/\\\/filles-de-la-charite.org\\\/pt-pt\\\/#\\\/schema\\\/logo\\\/image\\\/\",\"url\":\"https:\\\/\\\/filles-de-la-charite.org\\\/wp-content\\\/uploads\\\/2023\\\/03\\\/isotipo-Hijas-de-la-Caridad.png\",\"contentUrl\":\"https:\\\/\\\/filles-de-la-charite.org\\\/wp-content\\\/uploads\\\/2023\\\/03\\\/isotipo-Hijas-de-la-Caridad.png\",\"width\":1417,\"height\":1417,\"caption\":\"Hijas de la Caridad\"},\"image\":{\"@id\":\"https:\\\/\\\/filles-de-la-charite.org\\\/pt-pt\\\/#\\\/schema\\\/logo\\\/image\\\/\"}}]}<\/script>\n<!-- \/ Yoast SEO plugin. -->","yoast_head_json":{"title":"Bem-Aventuradas M\u00e1rtires da f\u00e9 do s\u00e9culo XX, na Espanha - Filles de la Charit\u00e9","robots":{"index":"index","follow":"follow","max-snippet":"max-snippet:-1","max-image-preview":"max-image-preview:large","max-video-preview":"max-video-preview:-1"},"canonical":"https:\/\/filles-de-la-charite.org\/pt-pt\/familia\/as-irmas-martires-do-seculo-xx\/","og_locale":"pt_PT","og_type":"article","og_title":"Bem-Aventuradas M\u00e1rtires da f\u00e9 do s\u00e9culo XX, na Espanha - Filles de la Charit\u00e9","og_description":"Na Espanha, entre 1936 e 1939, houve uma persegui\u00e7\u00e3o religiosa e um total de 7.937 cat\u00f3licos: 13 bispos, 5.255 padres e 2.669 religiosas foram assassinados.Centenas destas pessoas j\u00e1 foram beatificadas, outras foram canonizadas.No entanto, muitos ainda esperam a hora do reconhecimento oficial de seu mart\u00edrio.No domingo, 13 de outubro de 2013, em Tarragona (Espanha), aconteceu [&hellip;]","og_url":"https:\/\/filles-de-la-charite.org\/pt-pt\/familia\/as-irmas-martires-do-seculo-xx\/","og_site_name":"Filles de la Charit\u00e9","article_modified_time":"2024-03-09T11:49:51+00:00","og_image":[{"width":590,"height":781,"url":"https:\/\/filles-de-la-charite.org\/wp-content\/uploads\/2023\/04\/Soeurs-Martyres-du-20e-siecle-1.png","type":"image\/png"}],"twitter_card":"summary_large_image","twitter_misc":{"Tempo estimado de leitura":"5 minutos"},"schema":{"@context":"https:\/\/schema.org","@graph":[{"@type":"WebPage","@id":"https:\/\/filles-de-la-charite.org\/pt-pt\/familia\/as-irmas-martires-do-seculo-xx\/","url":"https:\/\/filles-de-la-charite.org\/pt-pt\/familia\/as-irmas-martires-do-seculo-xx\/","name":"Bem-Aventuradas M\u00e1rtires da f\u00e9 do s\u00e9culo XX, na Espanha - Filles de la Charit\u00e9","isPartOf":{"@id":"https:\/\/filles-de-la-charite.org\/pt-pt\/#website"},"primaryImageOfPage":{"@id":"https:\/\/filles-de-la-charite.org\/pt-pt\/familia\/as-irmas-martires-do-seculo-xx\/#primaryimage"},"image":{"@id":"https:\/\/filles-de-la-charite.org\/pt-pt\/familia\/as-irmas-martires-do-seculo-xx\/#primaryimage"},"thumbnailUrl":"https:\/\/filles-de-la-charite.org\/wp-content\/uploads\/2023\/04\/Soeurs-Martyres-du-20e-siecle-1.png","datePublished":"2020-10-30T10:44:48+00:00","dateModified":"2024-03-09T11:49:51+00:00","breadcrumb":{"@id":"https:\/\/filles-de-la-charite.org\/pt-pt\/familia\/as-irmas-martires-do-seculo-xx\/#breadcrumb"},"inLanguage":"pt-PT","potentialAction":[{"@type":"ReadAction","target":["https:\/\/filles-de-la-charite.org\/pt-pt\/familia\/as-irmas-martires-do-seculo-xx\/"]}]},{"@type":"ImageObject","inLanguage":"pt-PT","@id":"https:\/\/filles-de-la-charite.org\/pt-pt\/familia\/as-irmas-martires-do-seculo-xx\/#primaryimage","url":"https:\/\/filles-de-la-charite.org\/wp-content\/uploads\/2023\/04\/Soeurs-Martyres-du-20e-siecle-1.png","contentUrl":"https:\/\/filles-de-la-charite.org\/wp-content\/uploads\/2023\/04\/Soeurs-Martyres-du-20e-siecle-1.png","width":590,"height":781},{"@type":"BreadcrumbList","@id":"https:\/\/filles-de-la-charite.org\/pt-pt\/familia\/as-irmas-martires-do-seculo-xx\/#breadcrumb","itemListElement":[{"@type":"ListItem","position":1,"name":"A nossa fam\u00edlia","item":"https:\/\/filles-de-la-charite.org\/pt-pt\/familia\/"},{"@type":"ListItem","position":2,"name":"Bem-Aventuradas M\u00e1rtires da f\u00e9 do s\u00e9culo XX, na Espanha"}]},{"@type":"WebSite","@id":"https:\/\/filles-de-la-charite.org\/pt-pt\/#website","url":"https:\/\/filles-de-la-charite.org\/pt-pt\/","name":"Hijas de la Caridad","description":"L\u2019amour de J\u00e9sus nous presse \u00e0 prendre soin des personnes les plus d\u00e9munies","publisher":{"@id":"https:\/\/filles-de-la-charite.org\/pt-pt\/#organization"},"potentialAction":[{"@type":"SearchAction","target":{"@type":"EntryPoint","urlTemplate":"https:\/\/filles-de-la-charite.org\/pt-pt\/?s={search_term_string}"},"query-input":{"@type":"PropertyValueSpecification","valueRequired":true,"valueName":"search_term_string"}}],"inLanguage":"pt-PT"},{"@type":"Organization","@id":"https:\/\/filles-de-la-charite.org\/pt-pt\/#organization","name":"Hijas de la Caridad","url":"https:\/\/filles-de-la-charite.org\/pt-pt\/","logo":{"@type":"ImageObject","inLanguage":"pt-PT","@id":"https:\/\/filles-de-la-charite.org\/pt-pt\/#\/schema\/logo\/image\/","url":"https:\/\/filles-de-la-charite.org\/wp-content\/uploads\/2023\/03\/isotipo-Hijas-de-la-Caridad.png","contentUrl":"https:\/\/filles-de-la-charite.org\/wp-content\/uploads\/2023\/03\/isotipo-Hijas-de-la-Caridad.png","width":1417,"height":1417,"caption":"Hijas de la Caridad"},"image":{"@id":"https:\/\/filles-de-la-charite.org\/pt-pt\/#\/schema\/logo\/image\/"}}]}},"_links":{"self":[{"href":"https:\/\/filles-de-la-charite.org\/pt-pt\/wp-json\/wp\/v2\/familia\/4109","targetHints":{"allow":["GET"]}}],"collection":[{"href":"https:\/\/filles-de-la-charite.org\/pt-pt\/wp-json\/wp\/v2\/familia"}],"about":[{"href":"https:\/\/filles-de-la-charite.org\/pt-pt\/wp-json\/wp\/v2\/types\/familia"}],"wp:featuredmedia":[{"embeddable":true,"href":"https:\/\/filles-de-la-charite.org\/pt-pt\/wp-json\/wp\/v2\/media\/1130"}],"wp:attachment":[{"href":"https:\/\/filles-de-la-charite.org\/pt-pt\/wp-json\/wp\/v2\/media?parent=4109"}],"wp:term":[{"taxonomy":"origen","embeddable":true,"href":"https:\/\/filles-de-la-charite.org\/pt-pt\/wp-json\/wp\/v2\/origen?post=4109"}],"curies":[{"name":"wp","href":"https:\/\/api.w.org\/{rel}","templated":true}]}}