{"id":3119,"date":"2023-04-27T08:58:35","date_gmt":"2023-04-27T06:58:35","guid":{"rendered":"https:\/\/hijascaridad.sjdigitaldemo.ovh\/canto-de-oracao\/"},"modified":"2024-05-19T18:52:48","modified_gmt":"2024-05-19T16:52:48","slug":"canto-de-oracao","status":"publish","type":"page","link":"https:\/\/filles-de-la-charite.org\/pt-pt\/vive\/canto-de-oracao\/","title":{"rendered":"Recanto de ora\u00e7\u00e3o"},"content":{"rendered":"<p><div class=\"et_d4_element et_pb_section et_pb_section_0 et_pb_section_parallax et_pb_with_background  et_pb_css_mix_blend_mode et_section_regular et_block_section\" >\n\t\t\t\t\n\t\t\t\t<span class=\"et_parallax_bg_wrap et-pb-parallax-wrapper\"><span\n\t\t\t\t\t\tclass=\"et_parallax_bg et_parallax_bg--et_pb_section_0\"\n\t\t\t\t\t\tstyle=\"background-image: url(https:\/\/filles-de-la-charite.org\/wp-content\/uploads\/2024\/05\/FxreQDcXgAEaPsH.jpeg);\"\n\t\t\t\t\t><\/span><span\n\t\t\t\t\t\tclass=\"et_parallax_gradient\"\n\t\t\t\t\t\tstyle=\"background-image: linear-gradient( , #ffffff 0%, rgba(249,249,249,0.5) 42% );\"\n\t\t\t\t\t><\/span><\/span>\n\t\t\t\t\n\t\t\t\t\n\t\t\t\t\n\t\t\t\t\n\t\t\t\t<div class=\"et_d4_element et_pb_row et_pb_row_0 et_pb_row_fullwidth et_pb_equal_columns et_pb_gutters1  et_pb_css_mix_blend_mode et_block_row\">\n\t\t\t\t<div class=\"et_d4_element et_pb_column_1_2 et_pb_column et_pb_column_0  et_pb_css_mix_blend_mode et_block_column et_pb_column_empty\">\n\t\t\t\t\n\t\t\t\t\n\t\t\t\t\n\t\t\t\t\n\t\t\t\t\n\t\t\t<\/div><div class=\"et_d4_element et_pb_column_1_2 et_pb_column et_pb_column_1  et_pb_css_mix_blend_mode et-last-child et_block_column\">\n\t\t\t\t\n\t\t\t\t\n\t\t\t\t\n\t\t\t\t\n\t\t\t\t<div class=\"et_pb_module et_d4_element et_pb_text et_pb_text_0 et_animated  et_pb_text_align_left et_pb_bg_layout_dark\">\n\t\t\t\t\n\t\t\t\t\n\t\t\t\t\n\t\t\t\t\n\t\t\t\t<div class=\"et_pb_text_inner\"><h2>Recanto da Ora\u00e7\u00e3o<\/h2>\n<div id=\"gtx-trans\" style=\"position: absolute; left: 24px; top: 52.9125px;\">\n<div class=\"gtx-trans-icon\"><\/div>\n<\/div><\/div>\n\t\t\t<\/div><div class=\"et_pb_module et_d4_element et_pb_divider et_pb_divider_0 et_animated et_pb_divider_position_center et_pb_space\"><div class=\"et_pb_divider_internal\"><\/div><\/div><div class=\"et_pb_module et_d4_element et_pb_text et_pb_text_1 et_animated  et_pb_text_align_left et_pb_bg_layout_dark\">\n\t\t\t\t\n\t\t\t\t\n\t\t\t\t\n\t\t\t\t\n\t\t\t\t<div class=\"et_pb_text_inner\"><p><em>Um encontro mensal com a espiritualidade vicentina<\/em><\/p><\/div>\n\t\t\t<\/div>\n\t\t\t<\/div>\n\t\t\t\t\n\t\t\t\t\n\t\t\t\t\n\t\t\t\t\n\t\t\t<\/div>\n\t\t\t\t\n\t\t\t\t\n\t\t\t<\/div><div class=\"et_d4_element et_pb_section et_pb_section_1 et_pb_with_background  et_pb_css_mix_blend_mode et_section_regular et_block_section\" >\n\t\t\t\t\n\t\t\t\t\n\t\t\t\t\n\t\t\t\t\n\t\t\t\t\n\t\t\t\t\n\t\t\t\t<div class=\"et_d4_element et_pb_row et_pb_row_1  et_pb_css_mix_blend_mode et_block_row\">\n\t\t\t\t<div class=\"et_d4_element et_pb_column_1_4 et_pb_column et_pb_column_2  et_pb_css_mix_blend_mode et_block_column et_pb_column_empty\">\n\t\t\t\t\n\t\t\t\t\n\t\t\t\t\n\t\t\t\t\n\t\t\t\t\n\t\t\t<\/div><div class=\"et_d4_element et_pb_column_1_2 et_pb_column et_pb_column_3  et_pb_css_mix_blend_mode et_block_column\">\n\t\t\t\t\n\t\t\t\t\n\t\t\t\t\n\t\t\t\t\n\t\t\t\t<div class=\"et_pb_module et_d4_element et_pb_text et_pb_text_2  et_pb_text_align_center et_pb_bg_layout_light\">\n\t\t\t\t\n\t\t\t\t\n\t\t\t\t\n\t\t\t\t\n\t\t\t\t<div class=\"et_pb_text_inner\"><p>A ajuda que levamos aos que mais precisam \u00e9 alimentada pelo sil\u00eancio e pela reflex\u00e3o, assim como Jesus, que frequentemente reservava tempo para rezar. Todos os meses, voc\u00eas s\u00e3o convidados a unir-se a n\u00f3s atrav\u00e9s de um v\u00eddeo que os ajudar\u00e1 a explorar e aprofundar a beleza de nossa espiritualidade vicentina.<\/p><\/div>\n\t\t\t<\/div>\n\t\t\t<\/div><div class=\"et_d4_element et_pb_column_1_4 et_pb_column et_pb_column_4  et_pb_css_mix_blend_mode et-last-child et_block_column et_pb_column_empty\">\n\t\t\t\t\n\t\t\t\t\n\t\t\t\t\n\t\t\t\t\n\t\t\t\t\n\t\t\t<\/div>\n\t\t\t\t\n\t\t\t\t\n\t\t\t\t\n\t\t\t\t\n\t\t\t<\/div>\n\t\t\t\t\n\t\t\t\t\n\t\t\t<\/div><div class=\"et_d4_element et_pb_section et_pb_section_2 et_pb_with_background  et_pb_css_mix_blend_mode et_section_regular et_block_section\" >\n\t\t\t\t\n\t\t\t\t\n\t\t\t\t\n\t\t\t\t\n\t\t\t\t\n\t\t\t\t\n\t\t\t\t<div class=\"et_d4_element et_pb_row et_pb_row_2  et_pb_css_mix_blend_mode et_block_row\">\n\t\t\t\t<div class=\"et_d4_element et_pb_column_4_4 et_pb_column et_pb_column_5  et_pb_css_mix_blend_mode et-last-child et_block_column\">\n\t\t\t\t\n\t\t\t\t\n\t\t\t\t\n\t\t\t\t\n\t\t\t\t<div class=\"et_pb_with_border et_pb_module et_d4_element brbl_post_grid brbl_post_grid_0\">\n\t\t\t\t\n\t\t\t\t\n\t\t\t\t\n\t\t\t\t\n\t\t\t\t\n\t\t\t\t\n\t\t\t\t<div class=\"et_pb_module_inner\">\n\t\t\t\t\t<div class=\"brbl-module brbl-post-grid equal-height-off brbl-postgrid-infinite\" data-options=\"{&quot;layout&quot;:&quot;layout4&quot;,&quot;blog_order&quot;:0,&quot;pagination_type&quot;:&quot;loadmore&quot;,&quot;loadmore_type&quot;:&quot;scroll&quot;}\" >\r\n                <div id=\"brbl-blog-wrapper\" class=\"brbl-blog brbl-blog-scroll-0\"><div class=\"brbl-blog-item  brbl-blog-item-layout4-0\">\r\n        <article class=\"brbl-post-card brbl-post-card-4\">\r\n\t\t\t<figure class=\"brbl-post-thumb\">\r\n\t\t\t\t<a href=\"https:\/\/filles-de-la-charite.org\/pt-pt\/rincon-oracion\/a-pascoa-se-vive\/\">\r\n\t\t\t\t\t<div class=\"brbl-overlay\" data-icon=\"\"><\/div>\r\n\t\t\t\t\t<img loading=\"lazy\" decoding=\"async\" width=\"1920\" height=\"1080\" src=\"https:\/\/filles-de-la-charite.org\/wp-content\/uploads\/2026\/03\/A-PASCOA-SE-VIVE_PT.png\" class=\"attachment-full size-full wp-post-image\" alt=\"\" srcset=\"https:\/\/filles-de-la-charite.org\/wp-content\/uploads\/2026\/03\/A-PASCOA-SE-VIVE_PT.png 1920w, https:\/\/filles-de-la-charite.org\/wp-content\/uploads\/2026\/03\/A-PASCOA-SE-VIVE_PT-1280x720.png 1280w, https:\/\/filles-de-la-charite.org\/wp-content\/uploads\/2026\/03\/A-PASCOA-SE-VIVE_PT-980x551.png 980w, https:\/\/filles-de-la-charite.org\/wp-content\/uploads\/2026\/03\/A-PASCOA-SE-VIVE_PT-480x270.png 480w\" sizes=\"(min-width: 0px) and (max-width: 480px) 480px, (min-width: 481px) and (max-width: 980px) 980px, (min-width: 981px) and (max-width: 1280px) 1280px, (min-width: 1281px) 1920px, 100vw\" \/>\r\n\t\t\t\t<\/a>\r\n\t\t\t\t\r\n\t\t\t<\/figure>\r\n\t\t\t<div class=\"brbl-author-avatar\"><img decoding=\"async\" src=\"https:\/\/secure.gravatar.com\/avatar\/5ecd41630a2a2ce1e2035d7d145b792e188d2d252bf54af8ec5336b476806f25?s=96&d=mm&r=g\"><\/div>\r\n            <div class=\"brbl-blog-content\">\r\n\t\t\t\t<h4 class=\"brbl-post-title\">\r\n                <a href=\"https:\/\/filles-de-la-charite.org\/pt-pt\/rincon-oracion\/a-pascoa-se-vive\/\">A P\u00c1SCOA SE VIVE<\/a>\r\n            <\/h4>\r\n\t\t\t\t\r\n                <div class=\"brbl-blog-meta\">\r\n                    \r\n                    \r\n                <\/div>\r\n            <\/div>\r\n        <\/article>\r\n    <\/div><div class=\"brbl-blog-item  brbl-blog-item-layout4-0\">\r\n        <article class=\"brbl-post-card brbl-post-card-4\">\r\n\t\t\t<figure class=\"brbl-post-thumb\">\r\n\t\t\t\t<a href=\"https:\/\/filles-de-la-charite.org\/pt-pt\/rincon-oracion\/o-sim-de-maria-na-vida-das-filhas-da-caridade\/\">\r\n\t\t\t\t\t<div class=\"brbl-overlay\" data-icon=\"\"><\/div>\r\n\t\t\t\t\t<img loading=\"lazy\" decoding=\"async\" width=\"1280\" height=\"720\" src=\"https:\/\/filles-de-la-charite.org\/wp-content\/uploads\/2026\/03\/PT.webp\" class=\"attachment-full size-full wp-post-image\" alt=\"\" srcset=\"https:\/\/filles-de-la-charite.org\/wp-content\/uploads\/2026\/03\/PT.webp 1280w, https:\/\/filles-de-la-charite.org\/wp-content\/uploads\/2026\/03\/PT-980x551.webp 980w, https:\/\/filles-de-la-charite.org\/wp-content\/uploads\/2026\/03\/PT-480x270.webp 480w\" sizes=\"(min-width: 0px) and (max-width: 480px) 480px, (min-width: 481px) and (max-width: 980px) 980px, (min-width: 981px) 1280px, 100vw\" \/>\r\n\t\t\t\t<\/a>\r\n\t\t\t\t\r\n\t\t\t<\/figure>\r\n\t\t\t<div class=\"brbl-author-avatar\"><img decoding=\"async\" src=\"https:\/\/secure.gravatar.com\/avatar\/5ecd41630a2a2ce1e2035d7d145b792e188d2d252bf54af8ec5336b476806f25?s=96&d=mm&r=g\"><\/div>\r\n            <div class=\"brbl-blog-content\">\r\n\t\t\t\t<h4 class=\"brbl-post-title\">\r\n                <a href=\"https:\/\/filles-de-la-charite.org\/pt-pt\/rincon-oracion\/o-sim-de-maria-na-vida-das-filhas-da-caridade\/\">O \u201cSim\u201d de Maria na vida das Filhas da Caridade<\/a>\r\n            <\/h4>\r\n\t\t\t\t\r\n                <div class=\"brbl-blog-meta\">\r\n                    \r\n                    \r\n                <\/div>\r\n            <\/div>\r\n        <\/article>\r\n    <\/div><div class=\"brbl-blog-item  brbl-blog-item-layout4-0\">\r\n        <article class=\"brbl-post-card brbl-post-card-4\">\r\n\t\t\t<figure class=\"brbl-post-thumb\">\r\n\t\t\t\t<a href=\"https:\/\/filles-de-la-charite.org\/pt-pt\/rincon-oracion\/converter-se-cada-vez-mais-em-artesas-de-paz-e-da-esperanca\/\">\r\n\t\t\t\t\t<div class=\"brbl-overlay\" data-icon=\"\"><\/div>\r\n\t\t\t\t\t<img loading=\"lazy\" decoding=\"async\" width=\"1280\" height=\"720\" src=\"https:\/\/filles-de-la-charite.org\/wp-content\/uploads\/2026\/02\/PT-PC-February.jpg\" class=\"attachment-full size-full wp-post-image\" alt=\"\" srcset=\"https:\/\/filles-de-la-charite.org\/wp-content\/uploads\/2026\/02\/PT-PC-February.jpg 1280w, https:\/\/filles-de-la-charite.org\/wp-content\/uploads\/2026\/02\/PT-PC-February-980x551.jpg 980w, https:\/\/filles-de-la-charite.org\/wp-content\/uploads\/2026\/02\/PT-PC-February-480x270.jpg 480w\" sizes=\"(min-width: 0px) and (max-width: 480px) 480px, (min-width: 481px) and (max-width: 980px) 980px, (min-width: 981px) 1280px, 100vw\" \/>\r\n\t\t\t\t<\/a>\r\n\t\t\t\t\r\n\t\t\t<\/figure>\r\n\t\t\t<div class=\"brbl-author-avatar\"><img decoding=\"async\" src=\"https:\/\/secure.gravatar.com\/avatar\/5ecd41630a2a2ce1e2035d7d145b792e188d2d252bf54af8ec5336b476806f25?s=96&d=mm&r=g\"><\/div>\r\n            <div class=\"brbl-blog-content\">\r\n\t\t\t\t<h4 class=\"brbl-post-title\">\r\n                <a href=\"https:\/\/filles-de-la-charite.org\/pt-pt\/rincon-oracion\/converter-se-cada-vez-mais-em-artesas-de-paz-e-da-esperanca\/\">Converter-se cada vez mais em artes\u00e3s de paz e da esperan\u00e7a<\/a>\r\n            <\/h4>\r\n\t\t\t\t\r\n                <div class=\"brbl-blog-meta\">\r\n                    \r\n                    \r\n                <\/div>\r\n            <\/div>\r\n        <\/article>\r\n    <\/div><div class=\"brbl-blog-item  brbl-blog-item-layout4-0\">\r\n        <article class=\"brbl-post-card brbl-post-card-4\">\r\n\t\t\t<figure class=\"brbl-post-thumb\">\r\n\t\t\t\t<a href=\"https:\/\/filles-de-la-charite.org\/pt-pt\/rincon-oracion\/a-paz-de-cristo-ressuscitado-para-sermos-atesas-da-paz-e-da-esperanca\/\">\r\n\t\t\t\t\t<div class=\"brbl-overlay\" data-icon=\"\"><\/div>\r\n\t\t\t\t\t<img loading=\"lazy\" decoding=\"async\" width=\"1920\" height=\"1080\" src=\"https:\/\/filles-de-la-charite.org\/wp-content\/uploads\/2026\/01\/PT_janeiro-2026.jpg\" class=\"attachment-full size-full wp-post-image\" alt=\"\" srcset=\"https:\/\/filles-de-la-charite.org\/wp-content\/uploads\/2026\/01\/PT_janeiro-2026.jpg 1920w, https:\/\/filles-de-la-charite.org\/wp-content\/uploads\/2026\/01\/PT_janeiro-2026-1280x720.jpg 1280w, https:\/\/filles-de-la-charite.org\/wp-content\/uploads\/2026\/01\/PT_janeiro-2026-980x551.jpg 980w, https:\/\/filles-de-la-charite.org\/wp-content\/uploads\/2026\/01\/PT_janeiro-2026-480x270.jpg 480w\" sizes=\"(min-width: 0px) and (max-width: 480px) 480px, (min-width: 481px) and (max-width: 980px) 980px, (min-width: 981px) and (max-width: 1280px) 1280px, (min-width: 1281px) 1920px, 100vw\" \/>\r\n\t\t\t\t<\/a>\r\n\t\t\t\t\r\n\t\t\t<\/figure>\r\n\t\t\t<div class=\"brbl-author-avatar\"><img decoding=\"async\" src=\"https:\/\/secure.gravatar.com\/avatar\/5ecd41630a2a2ce1e2035d7d145b792e188d2d252bf54af8ec5336b476806f25?s=96&d=mm&r=g\"><\/div>\r\n            <div class=\"brbl-blog-content\">\r\n\t\t\t\t<h4 class=\"brbl-post-title\">\r\n                <a href=\"https:\/\/filles-de-la-charite.org\/pt-pt\/rincon-oracion\/a-paz-de-cristo-ressuscitado-para-sermos-atesas-da-paz-e-da-esperanca\/\">A paz de Cristo ressuscitado para sermos ates\u00e3s da paz e da esperan\u00e7a<\/a>\r\n            <\/h4>\r\n\t\t\t\t\r\n                <div class=\"brbl-blog-meta\">\r\n                    \r\n                    \r\n                <\/div>\r\n            <\/div>\r\n        <\/article>\r\n    <\/div><div class=\"brbl-blog-item  brbl-blog-item-layout4-0\">\r\n        <article class=\"brbl-post-card brbl-post-card-4\">\r\n\t\t\t<figure class=\"brbl-post-thumb\">\r\n\t\t\t\t<a href=\"https:\/\/filles-de-la-charite.org\/pt-pt\/rincon-oracion\/advento-com-maria-levamos-a-paz-e-a-esperanca\/\">\r\n\t\t\t\t\t<div class=\"brbl-overlay\" data-icon=\"\"><\/div>\r\n\t\t\t\t\t<img loading=\"lazy\" decoding=\"async\" width=\"1280\" height=\"720\" src=\"https:\/\/filles-de-la-charite.org\/wp-content\/uploads\/2025\/12\/PT_ADVEN-1.jpg\" class=\"attachment-full size-full wp-post-image\" alt=\"\" srcset=\"https:\/\/filles-de-la-charite.org\/wp-content\/uploads\/2025\/12\/PT_ADVEN-1.jpg 1280w, https:\/\/filles-de-la-charite.org\/wp-content\/uploads\/2025\/12\/PT_ADVEN-1-980x551.jpg 980w, https:\/\/filles-de-la-charite.org\/wp-content\/uploads\/2025\/12\/PT_ADVEN-1-480x270.jpg 480w\" sizes=\"(min-width: 0px) and (max-width: 480px) 480px, (min-width: 481px) and (max-width: 980px) 980px, (min-width: 981px) 1280px, 100vw\" \/>\r\n\t\t\t\t<\/a>\r\n\t\t\t\t\r\n\t\t\t<\/figure>\r\n\t\t\t<div class=\"brbl-author-avatar\"><img decoding=\"async\" src=\"https:\/\/secure.gravatar.com\/avatar\/5ecd41630a2a2ce1e2035d7d145b792e188d2d252bf54af8ec5336b476806f25?s=96&d=mm&r=g\"><\/div>\r\n            <div class=\"brbl-blog-content\">\r\n\t\t\t\t<h4 class=\"brbl-post-title\">\r\n                <a href=\"https:\/\/filles-de-la-charite.org\/pt-pt\/rincon-oracion\/advento-com-maria-levamos-a-paz-e-a-esperanca\/\">ADVENTO com Maria, levamos a paz e a esperan\u00e7a<\/a>\r\n            <\/h4>\r\n\t\t\t\t\r\n                <div class=\"brbl-blog-meta\">\r\n                    \r\n                    \r\n                <\/div>\r\n            <\/div>\r\n        <\/article>\r\n    <\/div><div class=\"brbl-blog-item  brbl-blog-item-layout4-0\">\r\n        <article class=\"brbl-post-card brbl-post-card-4\">\r\n\t\t\t<figure class=\"brbl-post-thumb\">\r\n\t\t\t\t<a href=\"https:\/\/filles-de-la-charite.org\/pt-pt\/rincon-oracion\/filhas-da-caricade-com-a-irma-francoise-petit\/\">\r\n\t\t\t\t\t<div class=\"brbl-overlay\" data-icon=\"\"><\/div>\r\n\t\t\t\t\t<img loading=\"lazy\" decoding=\"async\" width=\"2048\" height=\"1211\" src=\"https:\/\/filles-de-la-charite.org\/wp-content\/uploads\/2025\/11\/PC-Yonide-.png\" class=\"attachment-full size-full wp-post-image\" alt=\"\" srcset=\"https:\/\/filles-de-la-charite.org\/wp-content\/uploads\/2025\/11\/PC-Yonide-.png 2048w, https:\/\/filles-de-la-charite.org\/wp-content\/uploads\/2025\/11\/PC-Yonide--1280x757.png 1280w, https:\/\/filles-de-la-charite.org\/wp-content\/uploads\/2025\/11\/PC-Yonide--980x579.png 980w, https:\/\/filles-de-la-charite.org\/wp-content\/uploads\/2025\/11\/PC-Yonide--480x284.png 480w\" sizes=\"(min-width: 0px) and (max-width: 480px) 480px, (min-width: 481px) and (max-width: 980px) 980px, (min-width: 981px) and (max-width: 1280px) 1280px, (min-width: 1281px) 2048px, 100vw\" \/>\r\n\t\t\t\t<\/a>\r\n\t\t\t\t\r\n\t\t\t<\/figure>\r\n\t\t\t<div class=\"brbl-author-avatar\"><img decoding=\"async\" src=\"https:\/\/secure.gravatar.com\/avatar\/5ecd41630a2a2ce1e2035d7d145b792e188d2d252bf54af8ec5336b476806f25?s=96&d=mm&r=g\"><\/div>\r\n            <div class=\"brbl-blog-content\">\r\n\t\t\t\t<h4 class=\"brbl-post-title\">\r\n                <a href=\"https:\/\/filles-de-la-charite.org\/pt-pt\/rincon-oracion\/filhas-da-caricade-com-a-irma-francoise-petit\/\">Filhas da Caricade com a Irm\u00e3 Fran\u00e7oise Petit<\/a>\r\n            <\/h4>\r\n\t\t\t\t\r\n                <div class=\"brbl-blog-meta\">\r\n                    \r\n                    \r\n                <\/div>\r\n            <\/div>\r\n        <\/article>\r\n    <\/div><div class=\"brbl-blog-item  brbl-blog-item-layout4-0\">\r\n        <article class=\"brbl-post-card brbl-post-card-4\">\r\n\t\t\t<figure class=\"brbl-post-thumb\">\r\n\t\t\t\t<a href=\"https:\/\/filles-de-la-charite.org\/pt-pt\/rincon-oracion\/artesas-de-paz-e-de-esperanca\/\">\r\n\t\t\t\t\t<div class=\"brbl-overlay\" data-icon=\"\"><\/div>\r\n\t\t\t\t\t<img loading=\"lazy\" decoding=\"async\" width=\"2560\" height=\"1440\" src=\"https:\/\/filles-de-la-charite.org\/wp-content\/uploads\/2025\/09\/Diapositiva5-1-scaled.jpg\" class=\"attachment-full size-full wp-post-image\" alt=\"\" srcset=\"https:\/\/filles-de-la-charite.org\/wp-content\/uploads\/2025\/09\/Diapositiva5-1-scaled.jpg 2560w, https:\/\/filles-de-la-charite.org\/wp-content\/uploads\/2025\/09\/Diapositiva5-1-1280x720.jpg 1280w, https:\/\/filles-de-la-charite.org\/wp-content\/uploads\/2025\/09\/Diapositiva5-1-980x551.jpg 980w, https:\/\/filles-de-la-charite.org\/wp-content\/uploads\/2025\/09\/Diapositiva5-1-480x270.jpg 480w\" sizes=\"(min-width: 0px) and (max-width: 480px) 480px, (min-width: 481px) and (max-width: 980px) 980px, (min-width: 981px) and (max-width: 1280px) 1280px, (min-width: 1281px) 2560px, 100vw\" \/>\r\n\t\t\t\t<\/a>\r\n\t\t\t\t\r\n\t\t\t<\/figure>\r\n\t\t\t<div class=\"brbl-author-avatar\"><img decoding=\"async\" src=\"https:\/\/secure.gravatar.com\/avatar\/d2c45b0fd6bf2d3e2670ab3d112257c24ac80fa960360bba1bdc0676485d1d09?s=96&d=mm&r=g\"><\/div>\r\n            <div class=\"brbl-blog-content\">\r\n\t\t\t\t<h4 class=\"brbl-post-title\">\r\n                <a href=\"https:\/\/filles-de-la-charite.org\/pt-pt\/rincon-oracion\/artesas-de-paz-e-de-esperanca\/\">ARTES\u00c3S DA PAZ E DA ESPERAN\u00c7A<\/a>\r\n            <\/h4>\r\n\t\t\t\t\r\n                <div class=\"brbl-blog-meta\">\r\n                    \r\n                    \r\n                <\/div>\r\n            <\/div>\r\n        <\/article>\r\n    <\/div><div class=\"brbl-blog-item  brbl-blog-item-layout4-0\">\r\n        <article class=\"brbl-post-card brbl-post-card-4\">\r\n\t\t\t<figure class=\"brbl-post-thumb\">\r\n\t\t\t\t<a href=\"https:\/\/filles-de-la-charite.org\/pt-pt\/rincon-oracion\/sao-vicente-de-paulo-peregrino-de-esperanca-pt\/\">\r\n\t\t\t\t\t<div class=\"brbl-overlay\" data-icon=\"\"><\/div>\r\n\t\t\t\t\t<img loading=\"lazy\" decoding=\"async\" width=\"1920\" height=\"1080\" src=\"https:\/\/filles-de-la-charite.org\/wp-content\/uploads\/2025\/09\/PT-vincent.jpg\" class=\"attachment-full size-full wp-post-image\" alt=\"\" srcset=\"https:\/\/filles-de-la-charite.org\/wp-content\/uploads\/2025\/09\/PT-vincent.jpg 1920w, https:\/\/filles-de-la-charite.org\/wp-content\/uploads\/2025\/09\/PT-vincent-1280x720.jpg 1280w, https:\/\/filles-de-la-charite.org\/wp-content\/uploads\/2025\/09\/PT-vincent-980x551.jpg 980w, https:\/\/filles-de-la-charite.org\/wp-content\/uploads\/2025\/09\/PT-vincent-480x270.jpg 480w\" sizes=\"(min-width: 0px) and (max-width: 480px) 480px, (min-width: 481px) and (max-width: 980px) 980px, (min-width: 981px) and (max-width: 1280px) 1280px, (min-width: 1281px) 1920px, 100vw\" \/>\r\n\t\t\t\t<\/a>\r\n\t\t\t\t\r\n\t\t\t<\/figure>\r\n\t\t\t<div class=\"brbl-author-avatar\"><img decoding=\"async\" src=\"https:\/\/secure.gravatar.com\/avatar\/5ecd41630a2a2ce1e2035d7d145b792e188d2d252bf54af8ec5336b476806f25?s=96&d=mm&r=g\"><\/div>\r\n            <div class=\"brbl-blog-content\">\r\n\t\t\t\t<h4 class=\"brbl-post-title\">\r\n                <a href=\"https:\/\/filles-de-la-charite.org\/pt-pt\/rincon-oracion\/sao-vicente-de-paulo-peregrino-de-esperanca-pt\/\">S\u00e3o Vicente de Paulo, Peregrino de Esperan\u00e7a PT<\/a>\r\n            <\/h4>\r\n\t\t\t\t\r\n                <div class=\"brbl-blog-meta\">\r\n                    \r\n                    \r\n                <\/div>\r\n            <\/div>\r\n        <\/article>\r\n    <\/div><div class=\"brbl-blog-item  brbl-blog-item-layout4-0\">\r\n        <article class=\"brbl-post-card brbl-post-card-4\">\r\n\t\t\t<figure class=\"brbl-post-thumb\">\r\n\t\t\t\t<a href=\"https:\/\/filles-de-la-charite.org\/pt-pt\/rincon-oracion\/maria-uma-mulher-unica-carta-de-15-de-agosto-de-2025-irma-francoise-petit-superiora-geral-pt\/\">\r\n\t\t\t\t\t<div class=\"brbl-overlay\" data-icon=\"\"><\/div>\r\n\t\t\t\t\t<img loading=\"lazy\" decoding=\"async\" width=\"1280\" height=\"720\" src=\"https:\/\/filles-de-la-charite.org\/wp-content\/uploads\/2025\/08\/PT-Maria-uma-mulher-unica.jpg\" class=\"attachment-full size-full wp-post-image\" alt=\"\" srcset=\"https:\/\/filles-de-la-charite.org\/wp-content\/uploads\/2025\/08\/PT-Maria-uma-mulher-unica.jpg 1280w, https:\/\/filles-de-la-charite.org\/wp-content\/uploads\/2025\/08\/PT-Maria-uma-mulher-unica-980x551.jpg 980w, https:\/\/filles-de-la-charite.org\/wp-content\/uploads\/2025\/08\/PT-Maria-uma-mulher-unica-480x270.jpg 480w\" sizes=\"(min-width: 0px) and (max-width: 480px) 480px, (min-width: 481px) and (max-width: 980px) 980px, (min-width: 981px) 1280px, 100vw\" \/>\r\n\t\t\t\t<\/a>\r\n\t\t\t\t\r\n\t\t\t<\/figure>\r\n\t\t\t<div class=\"brbl-author-avatar\"><img decoding=\"async\" src=\"https:\/\/secure.gravatar.com\/avatar\/d2c45b0fd6bf2d3e2670ab3d112257c24ac80fa960360bba1bdc0676485d1d09?s=96&d=mm&r=g\"><\/div>\r\n            <div class=\"brbl-blog-content\">\r\n\t\t\t\t<h4 class=\"brbl-post-title\">\r\n                <a href=\"https:\/\/filles-de-la-charite.org\/pt-pt\/rincon-oracion\/maria-uma-mulher-unica-carta-de-15-de-agosto-de-2025-irma-francoise-petit-superiora-geral-pt\/\">Maria, uma mulher \u00fanica, Carta de 15 de agosto de 2025, Irm\u00e3 Fran\u00e7oise Petit, Superiora geral PT<\/a>\r\n            <\/h4>\r\n\t\t\t\t\r\n                <div class=\"brbl-blog-meta\">\r\n                    \r\n                    \r\n                <\/div>\r\n            <\/div>\r\n        <\/article>\r\n    <\/div><div class=\"brbl-blog-item  brbl-blog-item-layout4-0\">\r\n        <article class=\"brbl-post-card brbl-post-card-4\">\r\n\t\t\t<figure class=\"brbl-post-thumb\">\r\n\t\t\t\t<a href=\"https:\/\/filles-de-la-charite.org\/pt-pt\/rincon-oracion\/eis-a-santissima-virgem-a-noite-entre-18-e-19-de-julho-de-1830\/\">\r\n\t\t\t\t\t<div class=\"brbl-overlay\" data-icon=\"\"><\/div>\r\n\t\t\t\t\t<img loading=\"lazy\" decoding=\"async\" width=\"1280\" height=\"720\" src=\"https:\/\/filles-de-la-charite.org\/wp-content\/uploads\/2025\/07\/PT-PC-July.jpg\" class=\"attachment-full size-full wp-post-image\" alt=\"\" srcset=\"https:\/\/filles-de-la-charite.org\/wp-content\/uploads\/2025\/07\/PT-PC-July.jpg 1280w, https:\/\/filles-de-la-charite.org\/wp-content\/uploads\/2025\/07\/PT-PC-July-980x551.jpg 980w, https:\/\/filles-de-la-charite.org\/wp-content\/uploads\/2025\/07\/PT-PC-July-480x270.jpg 480w\" sizes=\"(min-width: 0px) and (max-width: 480px) 480px, (min-width: 481px) and (max-width: 980px) 980px, (min-width: 981px) 1280px, 100vw\" \/>\r\n\t\t\t\t<\/a>\r\n\t\t\t\t\r\n\t\t\t<\/figure>\r\n\t\t\t<div class=\"brbl-author-avatar\"><img decoding=\"async\" src=\"https:\/\/secure.gravatar.com\/avatar\/5ecd41630a2a2ce1e2035d7d145b792e188d2d252bf54af8ec5336b476806f25?s=96&d=mm&r=g\"><\/div>\r\n            <div class=\"brbl-blog-content\">\r\n\t\t\t\t<h4 class=\"brbl-post-title\">\r\n                <a href=\"https:\/\/filles-de-la-charite.org\/pt-pt\/rincon-oracion\/eis-a-santissima-virgem-a-noite-entre-18-e-19-de-julho-de-1830\/\">Eis a Sant\u00edssima Virgem, A noite entre 18 e 19 de julho de 1830<\/a>\r\n            <\/h4>\r\n\t\t\t\t\r\n                <div class=\"brbl-blog-meta\">\r\n                    \r\n                    \r\n                <\/div>\r\n            <\/div>\r\n        <\/article>\r\n    <\/div><div class=\"brbl-blog-item  brbl-blog-item-layout4-0\">\r\n        <article class=\"brbl-post-card brbl-post-card-4\">\r\n\t\t\t<figure class=\"brbl-post-thumb\">\r\n\t\t\t\t<a href=\"https:\/\/filles-de-la-charite.org\/pt-pt\/rincon-oracion\/a-devocao-das-filhas-da-caridade-ao-sagrado-coracao-de-jesus\/\">\r\n\t\t\t\t\t<div class=\"brbl-overlay\" data-icon=\"\"><\/div>\r\n\t\t\t\t\t<img loading=\"lazy\" decoding=\"async\" width=\"1280\" height=\"720\" src=\"https:\/\/filles-de-la-charite.org\/wp-content\/uploads\/2025\/07\/PT-Thumbnail-June.jpg\" class=\"attachment-full size-full wp-post-image\" alt=\"\" srcset=\"https:\/\/filles-de-la-charite.org\/wp-content\/uploads\/2025\/07\/PT-Thumbnail-June.jpg 1280w, https:\/\/filles-de-la-charite.org\/wp-content\/uploads\/2025\/07\/PT-Thumbnail-June-980x551.jpg 980w, https:\/\/filles-de-la-charite.org\/wp-content\/uploads\/2025\/07\/PT-Thumbnail-June-480x270.jpg 480w\" sizes=\"(min-width: 0px) and (max-width: 480px) 480px, (min-width: 481px) and (max-width: 980px) 980px, (min-width: 981px) 1280px, 100vw\" \/>\r\n\t\t\t\t<\/a>\r\n\t\t\t\t\r\n\t\t\t<\/figure>\r\n\t\t\t<div class=\"brbl-author-avatar\"><img decoding=\"async\" src=\"https:\/\/secure.gravatar.com\/avatar\/5ecd41630a2a2ce1e2035d7d145b792e188d2d252bf54af8ec5336b476806f25?s=96&d=mm&r=g\"><\/div>\r\n            <div class=\"brbl-blog-content\">\r\n\t\t\t\t<h4 class=\"brbl-post-title\">\r\n                <a href=\"https:\/\/filles-de-la-charite.org\/pt-pt\/rincon-oracion\/a-devocao-das-filhas-da-caridade-ao-sagrado-coracao-de-jesus\/\">A devo\u00e7\u00e3o das Filhas da Caridade ao Sagrado Cora\u00e7\u00e3o de Jesus<\/a>\r\n            <\/h4>\r\n\t\t\t\t\r\n                <div class=\"brbl-blog-meta\">\r\n                    \r\n                    \r\n                <\/div>\r\n            <\/div>\r\n        <\/article>\r\n    <\/div><div class=\"brbl-blog-item  brbl-blog-item-layout4-0\">\r\n        <article class=\"brbl-post-card brbl-post-card-4\">\r\n\t\t\t<figure class=\"brbl-post-thumb\">\r\n\t\t\t\t<a href=\"https:\/\/filles-de-la-charite.org\/pt-pt\/rincon-oracion\/a-bem-aventurada-virgem-maria-mae-dos-peregrinos-da-esperanca\/\">\r\n\t\t\t\t\t<div class=\"brbl-overlay\" data-icon=\"\"><\/div>\r\n\t\t\t\t\t<img loading=\"lazy\" decoding=\"async\" width=\"1280\" height=\"720\" src=\"https:\/\/filles-de-la-charite.org\/wp-content\/uploads\/2025\/05\/PT-PC-Mei.jpg\" class=\"attachment-full size-full wp-post-image\" alt=\"\" srcset=\"https:\/\/filles-de-la-charite.org\/wp-content\/uploads\/2025\/05\/PT-PC-Mei.jpg 1280w, https:\/\/filles-de-la-charite.org\/wp-content\/uploads\/2025\/05\/PT-PC-Mei-980x551.jpg 980w, https:\/\/filles-de-la-charite.org\/wp-content\/uploads\/2025\/05\/PT-PC-Mei-480x270.jpg 480w\" sizes=\"(min-width: 0px) and (max-width: 480px) 480px, (min-width: 481px) and (max-width: 980px) 980px, (min-width: 981px) 1280px, 100vw\" \/>\r\n\t\t\t\t<\/a>\r\n\t\t\t\t\r\n\t\t\t<\/figure>\r\n\t\t\t<div class=\"brbl-author-avatar\"><img decoding=\"async\" src=\"https:\/\/secure.gravatar.com\/avatar\/5ecd41630a2a2ce1e2035d7d145b792e188d2d252bf54af8ec5336b476806f25?s=96&d=mm&r=g\"><\/div>\r\n            <div class=\"brbl-blog-content\">\r\n\t\t\t\t<h4 class=\"brbl-post-title\">\r\n                <a href=\"https:\/\/filles-de-la-charite.org\/pt-pt\/rincon-oracion\/a-bem-aventurada-virgem-maria-mae-dos-peregrinos-da-esperanca\/\">A Bem-aventurada Virgem Maria, M\u00e3e dos Peregrinos da Esperan\u00e7a<\/a>\r\n            <\/h4>\r\n\t\t\t\t\r\n                <div class=\"brbl-blog-meta\">\r\n                    \r\n                    \r\n                <\/div>\r\n            <\/div>\r\n        <\/article>\r\n    <\/div><\/div><nav class=\"brbl-pagination\" role=\"navigation\" aria-label=\"Pagination\"><div class=\"brbl-page-load-status brbl-page-load-status-0\" style=\"display: none;\">\r\n\t\t\t\t<div class=\"loader-ellips infinite-scroll-request\">\r\n\t\t\t\t\t<span class=\"loader-ellips__dot\"><\/span>\r\n\t\t\t\t\t<span class=\"loader-ellips__dot\"><\/span>\r\n\t\t\t\t\t<span class=\"loader-ellips__dot\"><\/span>\r\n\t\t\t\t\t<span class=\"loader-ellips__dot\"><\/span>\r\n\t\t\t\t<\/div>\r\n\t\t\t<\/div><div class=\"pagination clearfix\">\r\n\t<div class=\"alignleft\"><a href=\"https:\/\/filles-de-la-charite.org\/pt-pt\/wp-json\/wp\/v2\/pages\/3119\/page\/2\/\" >&laquo; Older Entries<\/a><\/div>\r\n\t<div class=\"alignright\"><\/div>\r\n<\/div><\/nav>\r\n            <\/div>\n\t\t\t\t<\/div>\n\t\t\t<\/div>\n\t\t\t<\/div>\n\t\t\t\t\n\t\t\t\t\n\t\t\t\t\n\t\t\t\t\n\t\t\t<\/div>\n\t\t\t\t\n\t\t\t\t\n\t\t\t<\/div><\/p>\n","protected":false},"excerpt":{"rendered":"","protected":false},"author":1,"featured_media":0,"parent":3133,"menu_order":0,"comment_status":"closed","ping_status":"closed","template":"","meta":{"_acf_changed":false,"_et_pb_use_builder":"on","_et_pb_old_content":"","_et_gb_content_width":"","footnotes":"","_links_to":"","_links_to_target":""},"class_list":["post-3119","page","type-page","status-publish","hentry"],"acf":[],"yoast_head":"<!-- This site is optimized with the Yoast SEO plugin v27.5 - https:\/\/yoast.com\/product\/yoast-seo-wordpress\/ -->\n<title>Recanto de ora\u00e7\u00e3o - Filles de la Charit\u00e9<\/title>\n<meta name=\"robots\" content=\"index, follow, max-snippet:-1, max-image-preview:large, max-video-preview:-1\" \/>\n<link rel=\"canonical\" href=\"https:\/\/filles-de-la-charite.org\/pt-pt\/vive\/canto-de-oracao\/\" \/>\n<meta property=\"og:locale\" content=\"pt_PT\" \/>\n<meta property=\"og:type\" content=\"article\" \/>\n<meta property=\"og:title\" content=\"Recanto de ora\u00e7\u00e3o - Filles de la Charit\u00e9\" \/>\n<meta property=\"og:url\" content=\"https:\/\/filles-de-la-charite.org\/pt-pt\/vive\/canto-de-oracao\/\" \/>\n<meta property=\"og:site_name\" content=\"Filles de la Charit\u00e9\" \/>\n<meta property=\"article:modified_time\" content=\"2024-05-19T16:52:48+00:00\" \/>\n<meta name=\"twitter:card\" content=\"summary_large_image\" \/>\n<meta name=\"twitter:label1\" content=\"Tempo estimado de leitura\" \/>\n\t<meta name=\"twitter:data1\" content=\"4 minutos\" \/>\n<script type=\"application\/ld+json\" class=\"yoast-schema-graph\">{\"@context\":\"https:\\\/\\\/schema.org\",\"@graph\":[{\"@type\":\"WebPage\",\"@id\":\"https:\\\/\\\/filles-de-la-charite.org\\\/pt-pt\\\/vive\\\/canto-de-oracao\\\/\",\"url\":\"https:\\\/\\\/filles-de-la-charite.org\\\/pt-pt\\\/vive\\\/canto-de-oracao\\\/\",\"name\":\"Recanto de ora\u00e7\u00e3o - Filles de la Charit\u00e9\",\"isPartOf\":{\"@id\":\"https:\\\/\\\/filles-de-la-charite.org\\\/pt-pt\\\/#website\"},\"datePublished\":\"2023-04-27T06:58:35+00:00\",\"dateModified\":\"2024-05-19T16:52:48+00:00\",\"breadcrumb\":{\"@id\":\"https:\\\/\\\/filles-de-la-charite.org\\\/pt-pt\\\/vive\\\/canto-de-oracao\\\/#breadcrumb\"},\"inLanguage\":\"pt-PT\",\"potentialAction\":[{\"@type\":\"ReadAction\",\"target\":[\"https:\\\/\\\/filles-de-la-charite.org\\\/pt-pt\\\/vive\\\/canto-de-oracao\\\/\"]}]},{\"@type\":\"BreadcrumbList\",\"@id\":\"https:\\\/\\\/filles-de-la-charite.org\\\/pt-pt\\\/vive\\\/canto-de-oracao\\\/#breadcrumb\",\"itemListElement\":[{\"@type\":\"ListItem\",\"position\":1,\"name\":\"Vive\",\"item\":\"https:\\\/\\\/filles-de-la-charite.org\\\/pt-pt\\\/vive\\\/\"},{\"@type\":\"ListItem\",\"position\":2,\"name\":\"Recanto de ora\u00e7\u00e3o\"}]},{\"@type\":\"WebSite\",\"@id\":\"https:\\\/\\\/filles-de-la-charite.org\\\/pt-pt\\\/#website\",\"url\":\"https:\\\/\\\/filles-de-la-charite.org\\\/pt-pt\\\/\",\"name\":\"Hijas de la Caridad\",\"description\":\"L\u2019amour de J\u00e9sus nous presse \u00e0 prendre soin des personnes les plus d\u00e9munies\",\"publisher\":{\"@id\":\"https:\\\/\\\/filles-de-la-charite.org\\\/pt-pt\\\/#organization\"},\"potentialAction\":[{\"@type\":\"SearchAction\",\"target\":{\"@type\":\"EntryPoint\",\"urlTemplate\":\"https:\\\/\\\/filles-de-la-charite.org\\\/pt-pt\\\/?s={search_term_string}\"},\"query-input\":{\"@type\":\"PropertyValueSpecification\",\"valueRequired\":true,\"valueName\":\"search_term_string\"}}],\"inLanguage\":\"pt-PT\"},{\"@type\":\"Organization\",\"@id\":\"https:\\\/\\\/filles-de-la-charite.org\\\/pt-pt\\\/#organization\",\"name\":\"Hijas de la Caridad\",\"url\":\"https:\\\/\\\/filles-de-la-charite.org\\\/pt-pt\\\/\",\"logo\":{\"@type\":\"ImageObject\",\"inLanguage\":\"pt-PT\",\"@id\":\"https:\\\/\\\/filles-de-la-charite.org\\\/pt-pt\\\/#\\\/schema\\\/logo\\\/image\\\/\",\"url\":\"https:\\\/\\\/filles-de-la-charite.org\\\/wp-content\\\/uploads\\\/2023\\\/03\\\/isotipo-Hijas-de-la-Caridad.png\",\"contentUrl\":\"https:\\\/\\\/filles-de-la-charite.org\\\/wp-content\\\/uploads\\\/2023\\\/03\\\/isotipo-Hijas-de-la-Caridad.png\",\"width\":1417,\"height\":1417,\"caption\":\"Hijas de la Caridad\"},\"image\":{\"@id\":\"https:\\\/\\\/filles-de-la-charite.org\\\/pt-pt\\\/#\\\/schema\\\/logo\\\/image\\\/\"}}]}<\/script>\n<!-- \/ Yoast SEO plugin. -->","yoast_head_json":{"title":"Recanto de ora\u00e7\u00e3o - Filles de la Charit\u00e9","robots":{"index":"index","follow":"follow","max-snippet":"max-snippet:-1","max-image-preview":"max-image-preview:large","max-video-preview":"max-video-preview:-1"},"canonical":"https:\/\/filles-de-la-charite.org\/pt-pt\/vive\/canto-de-oracao\/","og_locale":"pt_PT","og_type":"article","og_title":"Recanto de ora\u00e7\u00e3o - Filles de la Charit\u00e9","og_url":"https:\/\/filles-de-la-charite.org\/pt-pt\/vive\/canto-de-oracao\/","og_site_name":"Filles de la Charit\u00e9","article_modified_time":"2024-05-19T16:52:48+00:00","twitter_card":"summary_large_image","twitter_misc":{"Tempo estimado de leitura":"4 minutos"},"schema":{"@context":"https:\/\/schema.org","@graph":[{"@type":"WebPage","@id":"https:\/\/filles-de-la-charite.org\/pt-pt\/vive\/canto-de-oracao\/","url":"https:\/\/filles-de-la-charite.org\/pt-pt\/vive\/canto-de-oracao\/","name":"Recanto de ora\u00e7\u00e3o - Filles de la Charit\u00e9","isPartOf":{"@id":"https:\/\/filles-de-la-charite.org\/pt-pt\/#website"},"datePublished":"2023-04-27T06:58:35+00:00","dateModified":"2024-05-19T16:52:48+00:00","breadcrumb":{"@id":"https:\/\/filles-de-la-charite.org\/pt-pt\/vive\/canto-de-oracao\/#breadcrumb"},"inLanguage":"pt-PT","potentialAction":[{"@type":"ReadAction","target":["https:\/\/filles-de-la-charite.org\/pt-pt\/vive\/canto-de-oracao\/"]}]},{"@type":"BreadcrumbList","@id":"https:\/\/filles-de-la-charite.org\/pt-pt\/vive\/canto-de-oracao\/#breadcrumb","itemListElement":[{"@type":"ListItem","position":1,"name":"Vive","item":"https:\/\/filles-de-la-charite.org\/pt-pt\/vive\/"},{"@type":"ListItem","position":2,"name":"Recanto de ora\u00e7\u00e3o"}]},{"@type":"WebSite","@id":"https:\/\/filles-de-la-charite.org\/pt-pt\/#website","url":"https:\/\/filles-de-la-charite.org\/pt-pt\/","name":"Hijas de la Caridad","description":"L\u2019amour de J\u00e9sus nous presse \u00e0 prendre soin des personnes les plus d\u00e9munies","publisher":{"@id":"https:\/\/filles-de-la-charite.org\/pt-pt\/#organization"},"potentialAction":[{"@type":"SearchAction","target":{"@type":"EntryPoint","urlTemplate":"https:\/\/filles-de-la-charite.org\/pt-pt\/?s={search_term_string}"},"query-input":{"@type":"PropertyValueSpecification","valueRequired":true,"valueName":"search_term_string"}}],"inLanguage":"pt-PT"},{"@type":"Organization","@id":"https:\/\/filles-de-la-charite.org\/pt-pt\/#organization","name":"Hijas de la Caridad","url":"https:\/\/filles-de-la-charite.org\/pt-pt\/","logo":{"@type":"ImageObject","inLanguage":"pt-PT","@id":"https:\/\/filles-de-la-charite.org\/pt-pt\/#\/schema\/logo\/image\/","url":"https:\/\/filles-de-la-charite.org\/wp-content\/uploads\/2023\/03\/isotipo-Hijas-de-la-Caridad.png","contentUrl":"https:\/\/filles-de-la-charite.org\/wp-content\/uploads\/2023\/03\/isotipo-Hijas-de-la-Caridad.png","width":1417,"height":1417,"caption":"Hijas de la Caridad"},"image":{"@id":"https:\/\/filles-de-la-charite.org\/pt-pt\/#\/schema\/logo\/image\/"}}]}},"_links":{"self":[{"href":"https:\/\/filles-de-la-charite.org\/pt-pt\/wp-json\/wp\/v2\/pages\/3119","targetHints":{"allow":["GET"]}}],"collection":[{"href":"https:\/\/filles-de-la-charite.org\/pt-pt\/wp-json\/wp\/v2\/pages"}],"about":[{"href":"https:\/\/filles-de-la-charite.org\/pt-pt\/wp-json\/wp\/v2\/types\/page"}],"author":[{"embeddable":true,"href":"https:\/\/filles-de-la-charite.org\/pt-pt\/wp-json\/wp\/v2\/users\/1"}],"replies":[{"embeddable":true,"href":"https:\/\/filles-de-la-charite.org\/pt-pt\/wp-json\/wp\/v2\/comments?post=3119"}],"version-history":[{"count":25,"href":"https:\/\/filles-de-la-charite.org\/pt-pt\/wp-json\/wp\/v2\/pages\/3119\/revisions"}],"predecessor-version":[{"id":35757,"href":"https:\/\/filles-de-la-charite.org\/pt-pt\/wp-json\/wp\/v2\/pages\/3119\/revisions\/35757"}],"up":[{"embeddable":true,"href":"https:\/\/filles-de-la-charite.org\/pt-pt\/wp-json\/wp\/v2\/pages\/3133"}],"wp:attachment":[{"href":"https:\/\/filles-de-la-charite.org\/pt-pt\/wp-json\/wp\/v2\/media?parent=3119"}],"curies":[{"name":"wp","href":"https:\/\/api.w.org\/{rel}","templated":true}]}}