{"id":3124,"date":"2023-04-26T13:58:41","date_gmt":"2023-04-26T11:58:41","guid":{"rendered":"https:\/\/hijascaridad.sjdigitaldemo.ovh\/uma-vida-de-dedicacao\/"},"modified":"2024-05-19T17:41:42","modified_gmt":"2024-05-19T15:41:42","slug":"uma-vida-de-dedicacao","status":"publish","type":"page","link":"https:\/\/filles-de-la-charite.org\/pt-pt\/vive\/uma-vida-de-dedicacao\/","title":{"rendered":"Uma vida doada"},"content":{"rendered":"<p><div class=\"et_d4_element et_pb_section et_pb_section_0 et_pb_section_parallax et_pb_with_background  et_pb_css_mix_blend_mode et_section_regular et_block_section\" >\n\t\t\t\t\n\t\t\t\t<span class=\"et_parallax_bg_wrap et-pb-parallax-wrapper\"><span\n\t\t\t\t\t\tclass=\"et_parallax_bg et_parallax_bg--et_pb_section_0\"\n\t\t\t\t\t\tstyle=\"background-image: url(https:\/\/filles-de-la-charite.org\/wp-content\/uploads\/2023\/04\/VidaEntregada.jpeg);\"\n\t\t\t\t\t><\/span><span\n\t\t\t\t\t\tclass=\"et_parallax_gradient\"\n\t\t\t\t\t\tstyle=\"background-image: linear-gradient( , #ffffff 0%, rgba(249,249,249,0.5) 100% );\"\n\t\t\t\t\t><\/span><\/span>\n\t\t\t\t\n\t\t\t\t\n\t\t\t\t\n\t\t\t\t\n\t\t\t\t<div class=\"et_d4_element et_pb_row et_pb_row_0 et_pb_row_fullwidth et_pb_equal_columns et_pb_gutters1  et_pb_css_mix_blend_mode et_block_row\">\n\t\t\t\t<div class=\"et_d4_element et_pb_column_1_2 et_pb_column et_pb_column_0  et_pb_css_mix_blend_mode et_block_column et_pb_column_empty\">\n\t\t\t\t\n\t\t\t\t\n\t\t\t\t\n\t\t\t\t\n\t\t\t\t\n\t\t\t<\/div><div class=\"et_d4_element et_pb_column_1_2 et_pb_column et_pb_column_1  et_pb_css_mix_blend_mode et-last-child et_block_column\">\n\t\t\t\t\n\t\t\t\t\n\t\t\t\t\n\t\t\t\t\n\t\t\t\t<div class=\"et_pb_module et_d4_element et_pb_text et_pb_text_0 et_animated  et_pb_text_align_left et_pb_bg_layout_dark\">\n\t\t\t\t\n\t\t\t\t\n\t\t\t\t\n\t\t\t\t\n\t\t\t\t<div class=\"et_pb_text_inner\"><h2>Uma vida doada<\/h2><\/div>\n\t\t\t<\/div><div class=\"et_pb_module et_d4_element et_pb_divider et_pb_divider_0 et_animated et_pb_divider_position_center et_pb_space\"><div class=\"et_pb_divider_internal\"><\/div><\/div><div class=\"et_pb_module et_d4_element et_pb_text et_pb_text_1 et_animated  et_pb_text_align_left et_pb_bg_layout_dark\">\n\t\t\t\t\n\t\t\t\t\n\t\t\t\t\n\t\t\t\t\n\t\t\t\t<div class=\"et_pb_text_inner\"><p><i>Hist\u00f3rias de amor e servi\u00e7o de mulheres que deram a vida pelo Evangelho.<\/i><\/p><\/div>\n\t\t\t<\/div>\n\t\t\t<\/div>\n\t\t\t\t\n\t\t\t\t\n\t\t\t\t\n\t\t\t\t\n\t\t\t<\/div>\n\t\t\t\t\n\t\t\t\t\n\t\t\t<\/div><div class=\"et_d4_element et_pb_section et_pb_section_1 et_pb_with_background  et_pb_css_mix_blend_mode et_section_regular et_block_section\" >\n\t\t\t\t\n\t\t\t\t\n\t\t\t\t\n\t\t\t\t\n\t\t\t\t\n\t\t\t\t\n\t\t\t\t<div class=\"et_d4_element et_pb_row et_pb_row_1  et_pb_css_mix_blend_mode et_block_row\">\n\t\t\t\t<div class=\"et_d4_element et_pb_column_4_4 et_pb_column et_pb_column_2  et_pb_css_mix_blend_mode et-last-child et_block_column\">\n\t\t\t\t\n\t\t\t\t\n\t\t\t\t\n\t\t\t\t\n\t\t\t\t<div class=\"et_pb_with_border et_pb_module et_d4_element brbl_post_grid brbl_post_grid_0\">\n\t\t\t\t\n\t\t\t\t\n\t\t\t\t\n\t\t\t\t\n\t\t\t\t\n\t\t\t\t\n\t\t\t\t<div class=\"et_pb_module_inner\">\n\t\t\t\t\t<div class=\"brbl-module brbl-post-grid equal-height-off brbl-postgrid-infinite\" data-options=\"{&quot;layout&quot;:&quot;layout4&quot;,&quot;blog_order&quot;:0,&quot;pagination_type&quot;:&quot;loadmore&quot;,&quot;loadmore_type&quot;:&quot;scroll&quot;}\" >\r\n                <div id=\"brbl-blog-wrapper\" class=\"brbl-blog brbl-blog-scroll-0\"><div class=\"brbl-blog-item  brbl-blog-item-layout4-0\">\r\n        <article class=\"brbl-post-card brbl-post-card-4\">\r\n\t\t\t<figure class=\"brbl-post-thumb\">\r\n\t\t\t\t<a href=\"https:\/\/filles-de-la-charite.org\/pt-pt\/vida-entregada\/as-redes-de-caridade\/\">\r\n\t\t\t\t\t<div class=\"brbl-overlay\" data-icon=\"\"><\/div>\r\n\t\t\t\t\t<img loading=\"lazy\" decoding=\"async\" width=\"1920\" height=\"1080\" src=\"https:\/\/filles-de-la-charite.org\/wp-content\/uploads\/2026\/04\/vlcsnap-2026-04-23-21h14m36s559.png\" class=\"attachment-full size-full wp-post-image\" alt=\"\" srcset=\"https:\/\/filles-de-la-charite.org\/wp-content\/uploads\/2026\/04\/vlcsnap-2026-04-23-21h14m36s559.png 1920w, https:\/\/filles-de-la-charite.org\/wp-content\/uploads\/2026\/04\/vlcsnap-2026-04-23-21h14m36s559-1280x720.png 1280w, https:\/\/filles-de-la-charite.org\/wp-content\/uploads\/2026\/04\/vlcsnap-2026-04-23-21h14m36s559-980x551.png 980w, https:\/\/filles-de-la-charite.org\/wp-content\/uploads\/2026\/04\/vlcsnap-2026-04-23-21h14m36s559-480x270.png 480w\" sizes=\"(min-width: 0px) and (max-width: 480px) 480px, (min-width: 481px) and (max-width: 980px) 980px, (min-width: 981px) and (max-width: 1280px) 1280px, (min-width: 1281px) 1920px, 100vw\" \/>\r\n\t\t\t\t<\/a>\r\n\t\t\t\t\r\n\t\t\t<\/figure>\r\n\t\t\t<div class=\"brbl-author-avatar\"><img decoding=\"async\" src=\"https:\/\/secure.gravatar.com\/avatar\/54e7927e3ac11c7130b4e1e37d82f9a3bbe43932b9b83c9a58448ee2f2a8eec2?s=96&d=mm&r=g\"><\/div>\r\n            <div class=\"brbl-blog-content\">\r\n\t\t\t\t<h4 class=\"brbl-post-title\">\r\n                <a href=\"https:\/\/filles-de-la-charite.org\/pt-pt\/vida-entregada\/as-redes-de-caridade\/\">As redes de caridade<\/a>\r\n            <\/h4>\r\n\t\t\t\t\r\n                <div class=\"brbl-blog-meta\">\r\n                    \r\n                    \r\n                <\/div>\r\n            <\/div>\r\n        <\/article>\r\n    <\/div><div class=\"brbl-blog-item  brbl-blog-item-layout4-0\">\r\n        <article class=\"brbl-post-card brbl-post-card-4\">\r\n\t\t\t<figure class=\"brbl-post-thumb\">\r\n\t\t\t\t<a href=\"https:\/\/filles-de-la-charite.org\/pt-pt\/vida-entregada\/artesas-da-paz-e-da-esperanca-pe-jose-antonio-gonzalez\/\">\r\n\t\t\t\t\t<div class=\"brbl-overlay\" data-icon=\"\"><\/div>\r\n\t\t\t\t\t<img loading=\"lazy\" decoding=\"async\" width=\"1600\" height=\"900\" src=\"https:\/\/filles-de-la-charite.org\/wp-content\/uploads\/2026\/03\/WhatsApp-Image-2026-03-04-at-19.16.25.jpeg\" class=\"attachment-full size-full wp-post-image\" alt=\"\" srcset=\"https:\/\/filles-de-la-charite.org\/wp-content\/uploads\/2026\/03\/WhatsApp-Image-2026-03-04-at-19.16.25.jpeg 1600w, https:\/\/filles-de-la-charite.org\/wp-content\/uploads\/2026\/03\/WhatsApp-Image-2026-03-04-at-19.16.25-1280x720.jpeg 1280w, https:\/\/filles-de-la-charite.org\/wp-content\/uploads\/2026\/03\/WhatsApp-Image-2026-03-04-at-19.16.25-980x551.jpeg 980w, https:\/\/filles-de-la-charite.org\/wp-content\/uploads\/2026\/03\/WhatsApp-Image-2026-03-04-at-19.16.25-480x270.jpeg 480w\" sizes=\"(min-width: 0px) and (max-width: 480px) 480px, (min-width: 481px) and (max-width: 980px) 980px, (min-width: 981px) and (max-width: 1280px) 1280px, (min-width: 1281px) 1600px, 100vw\" \/>\r\n\t\t\t\t<\/a>\r\n\t\t\t\t\r\n\t\t\t<\/figure>\r\n\t\t\t<div class=\"brbl-author-avatar\"><img decoding=\"async\" src=\"https:\/\/secure.gravatar.com\/avatar\/d2c45b0fd6bf2d3e2670ab3d112257c24ac80fa960360bba1bdc0676485d1d09?s=96&d=mm&r=g\"><\/div>\r\n            <div class=\"brbl-blog-content\">\r\n\t\t\t\t<h4 class=\"brbl-post-title\">\r\n                <a href=\"https:\/\/filles-de-la-charite.org\/pt-pt\/vida-entregada\/artesas-da-paz-e-da-esperanca-pe-jose-antonio-gonzalez\/\">Artes\u00e3s da paz e da esperan\u00e7a &#8211; Pe Jos\u00e9 Antonio Gonz\u00e1lez, CM<\/a>\r\n            <\/h4>\r\n\t\t\t\t\r\n                <div class=\"brbl-blog-meta\">\r\n                    \r\n                    \r\n                <\/div>\r\n            <\/div>\r\n        <\/article>\r\n    <\/div><div class=\"brbl-blog-item  brbl-blog-item-layout4-0\">\r\n        <article class=\"brbl-post-card brbl-post-card-4\">\r\n\t\t\t<figure class=\"brbl-post-thumb\">\r\n\t\t\t\t<a href=\"https:\/\/filles-de-la-charite.org\/pt-pt\/vida-entregada\/ha-apenas-um-deus-e-rogamos-pela-paz\/\">\r\n\t\t\t\t\t<div class=\"brbl-overlay\" data-icon=\"\"><\/div>\r\n\t\t\t\t\t<img loading=\"lazy\" decoding=\"async\" width=\"1920\" height=\"1080\" src=\"https:\/\/filles-de-la-charite.org\/wp-content\/uploads\/2026\/01\/thumbnail-PT-2-1.jpg\" class=\"attachment-full size-full wp-post-image\" alt=\"\" srcset=\"https:\/\/filles-de-la-charite.org\/wp-content\/uploads\/2026\/01\/thumbnail-PT-2-1.jpg 1920w, https:\/\/filles-de-la-charite.org\/wp-content\/uploads\/2026\/01\/thumbnail-PT-2-1-1280x720.jpg 1280w, https:\/\/filles-de-la-charite.org\/wp-content\/uploads\/2026\/01\/thumbnail-PT-2-1-980x551.jpg 980w, https:\/\/filles-de-la-charite.org\/wp-content\/uploads\/2026\/01\/thumbnail-PT-2-1-480x270.jpg 480w\" sizes=\"(min-width: 0px) and (max-width: 480px) 480px, (min-width: 481px) and (max-width: 980px) 980px, (min-width: 981px) and (max-width: 1280px) 1280px, (min-width: 1281px) 1920px, 100vw\" \/>\r\n\t\t\t\t<\/a>\r\n\t\t\t\t\r\n\t\t\t<\/figure>\r\n\t\t\t<div class=\"brbl-author-avatar\"><img decoding=\"async\" src=\"https:\/\/secure.gravatar.com\/avatar\/54e7927e3ac11c7130b4e1e37d82f9a3bbe43932b9b83c9a58448ee2f2a8eec2?s=96&d=mm&r=g\"><\/div>\r\n            <div class=\"brbl-blog-content\">\r\n\t\t\t\t<h4 class=\"brbl-post-title\">\r\n                <a href=\"https:\/\/filles-de-la-charite.org\/pt-pt\/vida-entregada\/ha-apenas-um-deus-e-rogamos-pela-paz\/\">H\u00e1 apenas um Deus e, rogamos pela paz<\/a>\r\n            <\/h4>\r\n\t\t\t\t\r\n                <div class=\"brbl-blog-meta\">\r\n                    \r\n                    \r\n                <\/div>\r\n            <\/div>\r\n        <\/article>\r\n    <\/div><div class=\"brbl-blog-item  brbl-blog-item-layout4-0\">\r\n        <article class=\"brbl-post-card brbl-post-card-4\">\r\n\t\t\t<figure class=\"brbl-post-thumb\">\r\n\t\t\t\t<a href=\"https:\/\/filles-de-la-charite.org\/pt-pt\/vida-entregada\/fontes-de-esperanca\/\">\r\n\t\t\t\t\t<div class=\"brbl-overlay\" data-icon=\"\"><\/div>\r\n\t\t\t\t\t<img loading=\"lazy\" decoding=\"async\" width=\"1920\" height=\"1080\" src=\"https:\/\/filles-de-la-charite.org\/wp-content\/uploads\/2025\/11\/thumbnail.mp4_snapshot_00.32.738-PT-2.jpg\" class=\"attachment-full size-full wp-post-image\" alt=\"\" srcset=\"https:\/\/filles-de-la-charite.org\/wp-content\/uploads\/2025\/11\/thumbnail.mp4_snapshot_00.32.738-PT-2.jpg 1920w, https:\/\/filles-de-la-charite.org\/wp-content\/uploads\/2025\/11\/thumbnail.mp4_snapshot_00.32.738-PT-2-1280x720.jpg 1280w, https:\/\/filles-de-la-charite.org\/wp-content\/uploads\/2025\/11\/thumbnail.mp4_snapshot_00.32.738-PT-2-980x551.jpg 980w, https:\/\/filles-de-la-charite.org\/wp-content\/uploads\/2025\/11\/thumbnail.mp4_snapshot_00.32.738-PT-2-480x270.jpg 480w\" sizes=\"(min-width: 0px) and (max-width: 480px) 480px, (min-width: 481px) and (max-width: 980px) 980px, (min-width: 981px) and (max-width: 1280px) 1280px, (min-width: 1281px) 1920px, 100vw\" \/>\r\n\t\t\t\t<\/a>\r\n\t\t\t\t\r\n\t\t\t<\/figure>\r\n\t\t\t<div class=\"brbl-author-avatar\"><img decoding=\"async\" src=\"https:\/\/secure.gravatar.com\/avatar\/54e7927e3ac11c7130b4e1e37d82f9a3bbe43932b9b83c9a58448ee2f2a8eec2?s=96&d=mm&r=g\"><\/div>\r\n            <div class=\"brbl-blog-content\">\r\n\t\t\t\t<h4 class=\"brbl-post-title\">\r\n                <a href=\"https:\/\/filles-de-la-charite.org\/pt-pt\/vida-entregada\/fontes-de-esperanca\/\">Fontes de Esperan\u00e7a<\/a>\r\n            <\/h4>\r\n\t\t\t\t\r\n                <div class=\"brbl-blog-meta\">\r\n                    \r\n                    \r\n                <\/div>\r\n            <\/div>\r\n        <\/article>\r\n    <\/div><div class=\"brbl-blog-item  brbl-blog-item-layout4-0\">\r\n        <article class=\"brbl-post-card brbl-post-card-4\">\r\n\t\t\t<figure class=\"brbl-post-thumb\">\r\n\t\t\t\t<a href=\"https:\/\/filles-de-la-charite.org\/pt-pt\/vida-entregada\/peregrinos-de-esperanca-com-irma-francoise-petit\/\">\r\n\t\t\t\t\t<div class=\"brbl-overlay\" data-icon=\"\"><\/div>\r\n\t\t\t\t\t<img loading=\"lazy\" decoding=\"async\" width=\"1920\" height=\"1080\" src=\"https:\/\/filles-de-la-charite.org\/wp-content\/uploads\/2025\/08\/5-2.jpg\" class=\"attachment-full size-full wp-post-image\" alt=\"\" srcset=\"https:\/\/filles-de-la-charite.org\/wp-content\/uploads\/2025\/08\/5-2.jpg 1920w, https:\/\/filles-de-la-charite.org\/wp-content\/uploads\/2025\/08\/5-2-1280x720.jpg 1280w, https:\/\/filles-de-la-charite.org\/wp-content\/uploads\/2025\/08\/5-2-980x551.jpg 980w, https:\/\/filles-de-la-charite.org\/wp-content\/uploads\/2025\/08\/5-2-480x270.jpg 480w\" sizes=\"(min-width: 0px) and (max-width: 480px) 480px, (min-width: 481px) and (max-width: 980px) 980px, (min-width: 981px) and (max-width: 1280px) 1280px, (min-width: 1281px) 1920px, 100vw\" \/>\r\n\t\t\t\t<\/a>\r\n\t\t\t\t\r\n\t\t\t<\/figure>\r\n\t\t\t<div class=\"brbl-author-avatar\"><img decoding=\"async\" src=\"https:\/\/secure.gravatar.com\/avatar\/54e7927e3ac11c7130b4e1e37d82f9a3bbe43932b9b83c9a58448ee2f2a8eec2?s=96&d=mm&r=g\"><\/div>\r\n            <div class=\"brbl-blog-content\">\r\n\t\t\t\t<h4 class=\"brbl-post-title\">\r\n                <a href=\"https:\/\/filles-de-la-charite.org\/pt-pt\/vida-entregada\/peregrinos-de-esperanca-com-irma-francoise-petit\/\">Peregrinos de Esperan\u00e7a com Irm\u00e3 Fran\u00e7oise Petit<\/a>\r\n            <\/h4>\r\n\t\t\t\t\r\n                <div class=\"brbl-blog-meta\">\r\n                    \r\n                    \r\n                <\/div>\r\n            <\/div>\r\n        <\/article>\r\n    <\/div><div class=\"brbl-blog-item  brbl-blog-item-layout4-0\">\r\n        <article class=\"brbl-post-card brbl-post-card-4\">\r\n\t\t\t<figure class=\"brbl-post-thumb\">\r\n\t\t\t\t<a href=\"https:\/\/filles-de-la-charite.org\/pt-pt\/vida-entregada\/peregrinos-da-esperanca-com-o-beato-ghebra-michael\/\">\r\n\t\t\t\t\t<div class=\"brbl-overlay\" data-icon=\"\"><\/div>\r\n\t\t\t\t\t<img loading=\"lazy\" decoding=\"async\" width=\"1280\" height=\"720\" src=\"https:\/\/filles-de-la-charite.org\/wp-content\/uploads\/2025\/07\/PT-THUMBNAIL-GHEBRA-MIGUEL.jpg\" class=\"attachment-full size-full wp-post-image\" alt=\"\" srcset=\"https:\/\/filles-de-la-charite.org\/wp-content\/uploads\/2025\/07\/PT-THUMBNAIL-GHEBRA-MIGUEL.jpg 1280w, https:\/\/filles-de-la-charite.org\/wp-content\/uploads\/2025\/07\/PT-THUMBNAIL-GHEBRA-MIGUEL-980x551.jpg 980w, https:\/\/filles-de-la-charite.org\/wp-content\/uploads\/2025\/07\/PT-THUMBNAIL-GHEBRA-MIGUEL-480x270.jpg 480w\" sizes=\"(min-width: 0px) and (max-width: 480px) 480px, (min-width: 481px) and (max-width: 980px) 980px, (min-width: 981px) 1280px, 100vw\" \/>\r\n\t\t\t\t<\/a>\r\n\t\t\t\t\r\n\t\t\t<\/figure>\r\n\t\t\t<div class=\"brbl-author-avatar\"><img decoding=\"async\" src=\"https:\/\/secure.gravatar.com\/avatar\/54e7927e3ac11c7130b4e1e37d82f9a3bbe43932b9b83c9a58448ee2f2a8eec2?s=96&d=mm&r=g\"><\/div>\r\n            <div class=\"brbl-blog-content\">\r\n\t\t\t\t<h4 class=\"brbl-post-title\">\r\n                <a href=\"https:\/\/filles-de-la-charite.org\/pt-pt\/vida-entregada\/peregrinos-da-esperanca-com-o-beato-ghebra-michael\/\">Peregrinos de Esperan\u00e7a com o Beato GHEBRA Michael<\/a>\r\n            <\/h4>\r\n\t\t\t\t\r\n                <div class=\"brbl-blog-meta\">\r\n                    \r\n                    \r\n                <\/div>\r\n            <\/div>\r\n        <\/article>\r\n    <\/div><div class=\"brbl-blog-item  brbl-blog-item-layout4-0\">\r\n        <article class=\"brbl-post-card brbl-post-card-4\">\r\n\t\t\t<figure class=\"brbl-post-thumb\">\r\n\t\t\t\t<a href=\"https:\/\/filles-de-la-charite.org\/pt-pt\/vida-entregada\/peregrinos-da-esperanca-com-sao-vicente-de-paulo\/\">\r\n\t\t\t\t\t<div class=\"brbl-overlay\" data-icon=\"\"><\/div>\r\n\t\t\t\t\t<img loading=\"lazy\" decoding=\"async\" width=\"2560\" height=\"1440\" src=\"https:\/\/filles-de-la-charite.org\/wp-content\/uploads\/2025\/05\/Diapositiva51-scaled.jpg\" class=\"attachment-full size-full wp-post-image\" alt=\"\" srcset=\"https:\/\/filles-de-la-charite.org\/wp-content\/uploads\/2025\/05\/Diapositiva51-scaled.jpg 2560w, https:\/\/filles-de-la-charite.org\/wp-content\/uploads\/2025\/05\/Diapositiva51-1280x720.jpg 1280w, https:\/\/filles-de-la-charite.org\/wp-content\/uploads\/2025\/05\/Diapositiva51-980x551.jpg 980w, https:\/\/filles-de-la-charite.org\/wp-content\/uploads\/2025\/05\/Diapositiva51-480x270.jpg 480w\" sizes=\"(min-width: 0px) and (max-width: 480px) 480px, (min-width: 481px) and (max-width: 980px) 980px, (min-width: 981px) and (max-width: 1280px) 1280px, (min-width: 1281px) 2560px, 100vw\" \/>\r\n\t\t\t\t<\/a>\r\n\t\t\t\t\r\n\t\t\t<\/figure>\r\n\t\t\t<div class=\"brbl-author-avatar\"><img decoding=\"async\" src=\"https:\/\/secure.gravatar.com\/avatar\/54e7927e3ac11c7130b4e1e37d82f9a3bbe43932b9b83c9a58448ee2f2a8eec2?s=96&d=mm&r=g\"><\/div>\r\n            <div class=\"brbl-blog-content\">\r\n\t\t\t\t<h4 class=\"brbl-post-title\">\r\n                <a href=\"https:\/\/filles-de-la-charite.org\/pt-pt\/vida-entregada\/peregrinos-da-esperanca-com-sao-vicente-de-paulo\/\">PEREGRINOS DE ESPERAN\u00c7A COM S\u00c3O VICENTE DE PAULO<\/a>\r\n            <\/h4>\r\n\t\t\t\t\r\n                <div class=\"brbl-blog-meta\">\r\n                    \r\n                    \r\n                <\/div>\r\n            <\/div>\r\n        <\/article>\r\n    <\/div><div class=\"brbl-blog-item  brbl-blog-item-layout4-0\">\r\n        <article class=\"brbl-post-card brbl-post-card-4\">\r\n\t\t\t<figure class=\"brbl-post-thumb\">\r\n\t\t\t\t<a href=\"https:\/\/filles-de-la-charite.org\/pt-pt\/vida-entregada\/peregrinos-da-esperanca-com-a-bem-aventurada-giuseppina-nicoli\/\">\r\n\t\t\t\t\t<div class=\"brbl-overlay\" data-icon=\"\"><\/div>\r\n\t\t\t\t\t<img loading=\"lazy\" decoding=\"async\" width=\"2560\" height=\"1440\" src=\"https:\/\/filles-de-la-charite.org\/wp-content\/uploads\/2025\/04\/Diapositiva5-scaled.jpg\" class=\"attachment-full size-full wp-post-image\" alt=\"\" srcset=\"https:\/\/filles-de-la-charite.org\/wp-content\/uploads\/2025\/04\/Diapositiva5-scaled.jpg 2560w, https:\/\/filles-de-la-charite.org\/wp-content\/uploads\/2025\/04\/Diapositiva5-1280x720.jpg 1280w, https:\/\/filles-de-la-charite.org\/wp-content\/uploads\/2025\/04\/Diapositiva5-980x551.jpg 980w, https:\/\/filles-de-la-charite.org\/wp-content\/uploads\/2025\/04\/Diapositiva5-480x270.jpg 480w\" sizes=\"(min-width: 0px) and (max-width: 480px) 480px, (min-width: 481px) and (max-width: 980px) 980px, (min-width: 981px) and (max-width: 1280px) 1280px, (min-width: 1281px) 2560px, 100vw\" \/>\r\n\t\t\t\t<\/a>\r\n\t\t\t\t\r\n\t\t\t<\/figure>\r\n\t\t\t<div class=\"brbl-author-avatar\"><img decoding=\"async\" src=\"https:\/\/secure.gravatar.com\/avatar\/54e7927e3ac11c7130b4e1e37d82f9a3bbe43932b9b83c9a58448ee2f2a8eec2?s=96&d=mm&r=g\"><\/div>\r\n            <div class=\"brbl-blog-content\">\r\n\t\t\t\t<h4 class=\"brbl-post-title\">\r\n                <a href=\"https:\/\/filles-de-la-charite.org\/pt-pt\/vida-entregada\/peregrinos-da-esperanca-com-a-bem-aventurada-giuseppina-nicoli\/\">Peregrinos de Esperan\u00e7a com a Bem-aventurada Giuseppina NICOLI<\/a>\r\n            <\/h4>\r\n\t\t\t\t\r\n                <div class=\"brbl-blog-meta\">\r\n                    \r\n                    \r\n                <\/div>\r\n            <\/div>\r\n        <\/article>\r\n    <\/div><div class=\"brbl-blog-item  brbl-blog-item-layout4-0\">\r\n        <article class=\"brbl-post-card brbl-post-card-4\">\r\n\t\t\t<figure class=\"brbl-post-thumb\">\r\n\t\t\t\t<a href=\"https:\/\/filles-de-la-charite.org\/pt-pt\/vida-entregada\/peregrinos-da-esperanca-com-a-bem-aventurada-rosalie-rendu\/\">\r\n\t\t\t\t\t<div class=\"brbl-overlay\" data-icon=\"\"><\/div>\r\n\t\t\t\t\t<img loading=\"lazy\" decoding=\"async\" width=\"1280\" height=\"720\" src=\"https:\/\/filles-de-la-charite.org\/wp-content\/uploads\/2025\/02\/PT-THUMBNAIL-sRosalia-Rendu.jpg\" class=\"attachment-full size-full wp-post-image\" alt=\"\" srcset=\"https:\/\/filles-de-la-charite.org\/wp-content\/uploads\/2025\/02\/PT-THUMBNAIL-sRosalia-Rendu.jpg 1280w, https:\/\/filles-de-la-charite.org\/wp-content\/uploads\/2025\/02\/PT-THUMBNAIL-sRosalia-Rendu-980x551.jpg 980w, https:\/\/filles-de-la-charite.org\/wp-content\/uploads\/2025\/02\/PT-THUMBNAIL-sRosalia-Rendu-480x270.jpg 480w\" sizes=\"(min-width: 0px) and (max-width: 480px) 480px, (min-width: 481px) and (max-width: 980px) 980px, (min-width: 981px) 1280px, 100vw\" \/>\r\n\t\t\t\t<\/a>\r\n\t\t\t\t\r\n\t\t\t<\/figure>\r\n\t\t\t<div class=\"brbl-author-avatar\"><img decoding=\"async\" src=\"https:\/\/secure.gravatar.com\/avatar\/54e7927e3ac11c7130b4e1e37d82f9a3bbe43932b9b83c9a58448ee2f2a8eec2?s=96&d=mm&r=g\"><\/div>\r\n            <div class=\"brbl-blog-content\">\r\n\t\t\t\t<h4 class=\"brbl-post-title\">\r\n                <a href=\"https:\/\/filles-de-la-charite.org\/pt-pt\/vida-entregada\/peregrinos-da-esperanca-com-a-bem-aventurada-rosalie-rendu\/\">Peregrinos de Esperan\u00e7a com a Bem- aventurada Rosalie Rendu<\/a>\r\n            <\/h4>\r\n\t\t\t\t\r\n                <div class=\"brbl-blog-meta\">\r\n                    \r\n                    \r\n                <\/div>\r\n            <\/div>\r\n        <\/article>\r\n    <\/div><div class=\"brbl-blog-item  brbl-blog-item-layout4-0\">\r\n        <article class=\"brbl-post-card brbl-post-card-4\">\r\n\t\t\t<figure class=\"brbl-post-thumb\">\r\n\t\t\t\t<a href=\"https:\/\/filles-de-la-charite.org\/pt-pt\/vida-entregada\/peregrinos-da-esperanca-com-santa-elizabet-ann-seton\/\">\r\n\t\t\t\t\t<div class=\"brbl-overlay\" data-icon=\"\"><\/div>\r\n\t\t\t\t\t<img loading=\"lazy\" decoding=\"async\" width=\"2560\" height=\"1440\" src=\"https:\/\/filles-de-la-charite.org\/wp-content\/uploads\/2025\/01\/Diapositiva5-scaled.jpg\" class=\"attachment-full size-full wp-post-image\" alt=\"\" srcset=\"https:\/\/filles-de-la-charite.org\/wp-content\/uploads\/2025\/01\/Diapositiva5-scaled.jpg 2560w, https:\/\/filles-de-la-charite.org\/wp-content\/uploads\/2025\/01\/Diapositiva5-1280x720.jpg 1280w, https:\/\/filles-de-la-charite.org\/wp-content\/uploads\/2025\/01\/Diapositiva5-980x551.jpg 980w, https:\/\/filles-de-la-charite.org\/wp-content\/uploads\/2025\/01\/Diapositiva5-480x270.jpg 480w\" sizes=\"(min-width: 0px) and (max-width: 480px) 480px, (min-width: 481px) and (max-width: 980px) 980px, (min-width: 981px) and (max-width: 1280px) 1280px, (min-width: 1281px) 2560px, 100vw\" \/>\r\n\t\t\t\t<\/a>\r\n\t\t\t\t\r\n\t\t\t<\/figure>\r\n\t\t\t<div class=\"brbl-author-avatar\"><img decoding=\"async\" src=\"https:\/\/secure.gravatar.com\/avatar\/54e7927e3ac11c7130b4e1e37d82f9a3bbe43932b9b83c9a58448ee2f2a8eec2?s=96&d=mm&r=g\"><\/div>\r\n            <div class=\"brbl-blog-content\">\r\n\t\t\t\t<h4 class=\"brbl-post-title\">\r\n                <a href=\"https:\/\/filles-de-la-charite.org\/pt-pt\/vida-entregada\/peregrinos-da-esperanca-com-santa-elizabet-ann-seton\/\">Peregrinos de Esperan\u00e7a com Santa Elizabet Ann Seton<\/a>\r\n            <\/h4>\r\n\t\t\t\t\r\n                <div class=\"brbl-blog-meta\">\r\n                    \r\n                    \r\n                <\/div>\r\n            <\/div>\r\n        <\/article>\r\n    <\/div><div class=\"brbl-blog-item  brbl-blog-item-layout4-0\">\r\n        <article class=\"brbl-post-card brbl-post-card-4\">\r\n\t\t\t<figure class=\"brbl-post-thumb\">\r\n\t\t\t\t<a href=\"https:\/\/filles-de-la-charite.org\/pt-pt\/vida-entregada\/peregrinos-da-esperanca-com-a-familia-vicentina\/\">\r\n\t\t\t\t\t<div class=\"brbl-overlay\" data-icon=\"\"><\/div>\r\n\t\t\t\t\t<img loading=\"lazy\" decoding=\"async\" width=\"2560\" height=\"1440\" src=\"https:\/\/filles-de-la-charite.org\/wp-content\/uploads\/2024\/12\/Diapositiva5-scaled.jpg\" class=\"attachment-full size-full wp-post-image\" alt=\"\" srcset=\"https:\/\/filles-de-la-charite.org\/wp-content\/uploads\/2024\/12\/Diapositiva5-scaled.jpg 2560w, https:\/\/filles-de-la-charite.org\/wp-content\/uploads\/2024\/12\/Diapositiva5-1280x720.jpg 1280w, https:\/\/filles-de-la-charite.org\/wp-content\/uploads\/2024\/12\/Diapositiva5-980x551.jpg 980w, https:\/\/filles-de-la-charite.org\/wp-content\/uploads\/2024\/12\/Diapositiva5-480x270.jpg 480w\" sizes=\"(min-width: 0px) and (max-width: 480px) 480px, (min-width: 481px) and (max-width: 980px) 980px, (min-width: 981px) and (max-width: 1280px) 1280px, (min-width: 1281px) 2560px, 100vw\" \/>\r\n\t\t\t\t<\/a>\r\n\t\t\t\t\r\n\t\t\t<\/figure>\r\n\t\t\t<div class=\"brbl-author-avatar\"><img decoding=\"async\" src=\"https:\/\/secure.gravatar.com\/avatar\/54e7927e3ac11c7130b4e1e37d82f9a3bbe43932b9b83c9a58448ee2f2a8eec2?s=96&d=mm&r=g\"><\/div>\r\n            <div class=\"brbl-blog-content\">\r\n\t\t\t\t<h4 class=\"brbl-post-title\">\r\n                <a href=\"https:\/\/filles-de-la-charite.org\/pt-pt\/vida-entregada\/peregrinos-da-esperanca-com-a-familia-vicentina\/\">Peregrinos de Esperan\u00e7a com a Fam\u00edlia Vicentina<\/a>\r\n            <\/h4>\r\n\t\t\t\t\r\n                <div class=\"brbl-blog-meta\">\r\n                    \r\n                    \r\n                <\/div>\r\n            <\/div>\r\n        <\/article>\r\n    <\/div><div class=\"brbl-blog-item  brbl-blog-item-layout4-0\">\r\n        <article class=\"brbl-post-card brbl-post-card-4\">\r\n\t\t\t<figure class=\"brbl-post-thumb\">\r\n\t\t\t\t<a href=\"https:\/\/filles-de-la-charite.org\/pt-pt\/vida-entregada\/depaul-ucrania\/\">\r\n\t\t\t\t\t<div class=\"brbl-overlay\" data-icon=\"\"><\/div>\r\n\t\t\t\t\t<img loading=\"lazy\" decoding=\"async\" width=\"2560\" height=\"1440\" src=\"https:\/\/filles-de-la-charite.org\/wp-content\/uploads\/2024\/10\/thumbnail-1-scaled.jpg\" class=\"attachment-full size-full wp-post-image\" alt=\"\" srcset=\"https:\/\/filles-de-la-charite.org\/wp-content\/uploads\/2024\/10\/thumbnail-1-scaled.jpg 2560w, https:\/\/filles-de-la-charite.org\/wp-content\/uploads\/2024\/10\/thumbnail-1-1280x720.jpg 1280w, https:\/\/filles-de-la-charite.org\/wp-content\/uploads\/2024\/10\/thumbnail-1-980x551.jpg 980w, https:\/\/filles-de-la-charite.org\/wp-content\/uploads\/2024\/10\/thumbnail-1-480x270.jpg 480w\" sizes=\"(min-width: 0px) and (max-width: 480px) 480px, (min-width: 481px) and (max-width: 980px) 980px, (min-width: 981px) and (max-width: 1280px) 1280px, (min-width: 1281px) 2560px, 100vw\" \/>\r\n\t\t\t\t<\/a>\r\n\t\t\t\t\r\n\t\t\t<\/figure>\r\n\t\t\t<div class=\"brbl-author-avatar\"><img decoding=\"async\" src=\"https:\/\/secure.gravatar.com\/avatar\/d2c45b0fd6bf2d3e2670ab3d112257c24ac80fa960360bba1bdc0676485d1d09?s=96&d=mm&r=g\"><\/div>\r\n            <div class=\"brbl-blog-content\">\r\n\t\t\t\t<h4 class=\"brbl-post-title\">\r\n                <a href=\"https:\/\/filles-de-la-charite.org\/pt-pt\/vida-entregada\/depaul-ucrania\/\">DePaul Ucr\u00e2nia<\/a>\r\n            <\/h4>\r\n\t\t\t\t\r\n                <div class=\"brbl-blog-meta\">\r\n                    \r\n                    \r\n                <\/div>\r\n            <\/div>\r\n        <\/article>\r\n    <\/div><\/div><nav class=\"brbl-pagination\" role=\"navigation\" aria-label=\"Pagination\"><div class=\"brbl-page-load-status brbl-page-load-status-0\" style=\"display: none;\">\r\n\t\t\t\t<div class=\"loader-ellips infinite-scroll-request\">\r\n\t\t\t\t\t<span class=\"loader-ellips__dot\"><\/span>\r\n\t\t\t\t\t<span class=\"loader-ellips__dot\"><\/span>\r\n\t\t\t\t\t<span class=\"loader-ellips__dot\"><\/span>\r\n\t\t\t\t\t<span class=\"loader-ellips__dot\"><\/span>\r\n\t\t\t\t<\/div>\r\n\t\t\t<\/div><div class=\"pagination clearfix\">\r\n\t<div class=\"alignleft\"><a href=\"https:\/\/filles-de-la-charite.org\/pt-pt\/wp-json\/wp\/v2\/pages\/3124\/page\/2\/\" >&laquo; Older Entries<\/a><\/div>\r\n\t<div class=\"alignright\"><\/div>\r\n<\/div><\/nav>\r\n            <\/div>\n\t\t\t\t<\/div>\n\t\t\t<\/div>\n\t\t\t<\/div>\n\t\t\t\t\n\t\t\t\t\n\t\t\t\t\n\t\t\t\t\n\t\t\t<\/div>\n\t\t\t\t\n\t\t\t\t\n\t\t\t<\/div><\/p>\n","protected":false},"excerpt":{"rendered":"","protected":false},"author":1,"featured_media":0,"parent":3133,"menu_order":0,"comment_status":"closed","ping_status":"closed","template":"","meta":{"_acf_changed":false,"_et_pb_use_builder":"on","_et_pb_old_content":"","_et_gb_content_width":"","footnotes":"","_links_to":"","_links_to_target":""},"class_list":["post-3124","page","type-page","status-publish","hentry"],"acf":[],"yoast_head":"<!-- This site is optimized with the Yoast SEO plugin v27.5 - https:\/\/yoast.com\/product\/yoast-seo-wordpress\/ -->\n<title>Uma vida doada - Filles de la Charit\u00e9<\/title>\n<meta name=\"robots\" content=\"index, follow, max-snippet:-1, max-image-preview:large, max-video-preview:-1\" \/>\n<link rel=\"canonical\" href=\"https:\/\/filles-de-la-charite.org\/pt-pt\/vive\/uma-vida-de-dedicacao\/\" \/>\n<meta property=\"og:locale\" content=\"pt_PT\" \/>\n<meta property=\"og:type\" content=\"article\" \/>\n<meta property=\"og:title\" content=\"Uma vida doada - Filles de la Charit\u00e9\" \/>\n<meta property=\"og:url\" content=\"https:\/\/filles-de-la-charite.org\/pt-pt\/vive\/uma-vida-de-dedicacao\/\" \/>\n<meta property=\"og:site_name\" content=\"Filles de la Charit\u00e9\" \/>\n<meta property=\"article:modified_time\" content=\"2024-05-19T15:41:42+00:00\" \/>\n<meta name=\"twitter:card\" content=\"summary_large_image\" \/>\n<meta name=\"twitter:label1\" content=\"Tempo estimado de leitura\" \/>\n\t<meta name=\"twitter:data1\" content=\"3 minutos\" \/>\n<script type=\"application\/ld+json\" class=\"yoast-schema-graph\">{\"@context\":\"https:\\\/\\\/schema.org\",\"@graph\":[{\"@type\":\"WebPage\",\"@id\":\"https:\\\/\\\/filles-de-la-charite.org\\\/pt-pt\\\/vive\\\/uma-vida-de-dedicacao\\\/\",\"url\":\"https:\\\/\\\/filles-de-la-charite.org\\\/pt-pt\\\/vive\\\/uma-vida-de-dedicacao\\\/\",\"name\":\"Uma vida doada - Filles de la Charit\u00e9\",\"isPartOf\":{\"@id\":\"https:\\\/\\\/filles-de-la-charite.org\\\/pt-pt\\\/#website\"},\"datePublished\":\"2023-04-26T11:58:41+00:00\",\"dateModified\":\"2024-05-19T15:41:42+00:00\",\"breadcrumb\":{\"@id\":\"https:\\\/\\\/filles-de-la-charite.org\\\/pt-pt\\\/vive\\\/uma-vida-de-dedicacao\\\/#breadcrumb\"},\"inLanguage\":\"pt-PT\",\"potentialAction\":[{\"@type\":\"ReadAction\",\"target\":[\"https:\\\/\\\/filles-de-la-charite.org\\\/pt-pt\\\/vive\\\/uma-vida-de-dedicacao\\\/\"]}]},{\"@type\":\"BreadcrumbList\",\"@id\":\"https:\\\/\\\/filles-de-la-charite.org\\\/pt-pt\\\/vive\\\/uma-vida-de-dedicacao\\\/#breadcrumb\",\"itemListElement\":[{\"@type\":\"ListItem\",\"position\":1,\"name\":\"Vive\",\"item\":\"https:\\\/\\\/filles-de-la-charite.org\\\/pt-pt\\\/vive\\\/\"},{\"@type\":\"ListItem\",\"position\":2,\"name\":\"Uma vida doada\"}]},{\"@type\":\"WebSite\",\"@id\":\"https:\\\/\\\/filles-de-la-charite.org\\\/pt-pt\\\/#website\",\"url\":\"https:\\\/\\\/filles-de-la-charite.org\\\/pt-pt\\\/\",\"name\":\"Hijas de la Caridad\",\"description\":\"L\u2019amour de J\u00e9sus nous presse \u00e0 prendre soin des personnes les plus d\u00e9munies\",\"publisher\":{\"@id\":\"https:\\\/\\\/filles-de-la-charite.org\\\/pt-pt\\\/#organization\"},\"potentialAction\":[{\"@type\":\"SearchAction\",\"target\":{\"@type\":\"EntryPoint\",\"urlTemplate\":\"https:\\\/\\\/filles-de-la-charite.org\\\/pt-pt\\\/?s={search_term_string}\"},\"query-input\":{\"@type\":\"PropertyValueSpecification\",\"valueRequired\":true,\"valueName\":\"search_term_string\"}}],\"inLanguage\":\"pt-PT\"},{\"@type\":\"Organization\",\"@id\":\"https:\\\/\\\/filles-de-la-charite.org\\\/pt-pt\\\/#organization\",\"name\":\"Hijas de la Caridad\",\"url\":\"https:\\\/\\\/filles-de-la-charite.org\\\/pt-pt\\\/\",\"logo\":{\"@type\":\"ImageObject\",\"inLanguage\":\"pt-PT\",\"@id\":\"https:\\\/\\\/filles-de-la-charite.org\\\/pt-pt\\\/#\\\/schema\\\/logo\\\/image\\\/\",\"url\":\"https:\\\/\\\/filles-de-la-charite.org\\\/wp-content\\\/uploads\\\/2023\\\/03\\\/isotipo-Hijas-de-la-Caridad.png\",\"contentUrl\":\"https:\\\/\\\/filles-de-la-charite.org\\\/wp-content\\\/uploads\\\/2023\\\/03\\\/isotipo-Hijas-de-la-Caridad.png\",\"width\":1417,\"height\":1417,\"caption\":\"Hijas de la Caridad\"},\"image\":{\"@id\":\"https:\\\/\\\/filles-de-la-charite.org\\\/pt-pt\\\/#\\\/schema\\\/logo\\\/image\\\/\"}}]}<\/script>\n<!-- \/ Yoast SEO plugin. -->","yoast_head_json":{"title":"Uma vida doada - Filles de la Charit\u00e9","robots":{"index":"index","follow":"follow","max-snippet":"max-snippet:-1","max-image-preview":"max-image-preview:large","max-video-preview":"max-video-preview:-1"},"canonical":"https:\/\/filles-de-la-charite.org\/pt-pt\/vive\/uma-vida-de-dedicacao\/","og_locale":"pt_PT","og_type":"article","og_title":"Uma vida doada - Filles de la Charit\u00e9","og_url":"https:\/\/filles-de-la-charite.org\/pt-pt\/vive\/uma-vida-de-dedicacao\/","og_site_name":"Filles de la Charit\u00e9","article_modified_time":"2024-05-19T15:41:42+00:00","twitter_card":"summary_large_image","twitter_misc":{"Tempo estimado de leitura":"3 minutos"},"schema":{"@context":"https:\/\/schema.org","@graph":[{"@type":"WebPage","@id":"https:\/\/filles-de-la-charite.org\/pt-pt\/vive\/uma-vida-de-dedicacao\/","url":"https:\/\/filles-de-la-charite.org\/pt-pt\/vive\/uma-vida-de-dedicacao\/","name":"Uma vida doada - Filles de la Charit\u00e9","isPartOf":{"@id":"https:\/\/filles-de-la-charite.org\/pt-pt\/#website"},"datePublished":"2023-04-26T11:58:41+00:00","dateModified":"2024-05-19T15:41:42+00:00","breadcrumb":{"@id":"https:\/\/filles-de-la-charite.org\/pt-pt\/vive\/uma-vida-de-dedicacao\/#breadcrumb"},"inLanguage":"pt-PT","potentialAction":[{"@type":"ReadAction","target":["https:\/\/filles-de-la-charite.org\/pt-pt\/vive\/uma-vida-de-dedicacao\/"]}]},{"@type":"BreadcrumbList","@id":"https:\/\/filles-de-la-charite.org\/pt-pt\/vive\/uma-vida-de-dedicacao\/#breadcrumb","itemListElement":[{"@type":"ListItem","position":1,"name":"Vive","item":"https:\/\/filles-de-la-charite.org\/pt-pt\/vive\/"},{"@type":"ListItem","position":2,"name":"Uma vida doada"}]},{"@type":"WebSite","@id":"https:\/\/filles-de-la-charite.org\/pt-pt\/#website","url":"https:\/\/filles-de-la-charite.org\/pt-pt\/","name":"Hijas de la Caridad","description":"L\u2019amour de J\u00e9sus nous presse \u00e0 prendre soin des personnes les plus d\u00e9munies","publisher":{"@id":"https:\/\/filles-de-la-charite.org\/pt-pt\/#organization"},"potentialAction":[{"@type":"SearchAction","target":{"@type":"EntryPoint","urlTemplate":"https:\/\/filles-de-la-charite.org\/pt-pt\/?s={search_term_string}"},"query-input":{"@type":"PropertyValueSpecification","valueRequired":true,"valueName":"search_term_string"}}],"inLanguage":"pt-PT"},{"@type":"Organization","@id":"https:\/\/filles-de-la-charite.org\/pt-pt\/#organization","name":"Hijas de la Caridad","url":"https:\/\/filles-de-la-charite.org\/pt-pt\/","logo":{"@type":"ImageObject","inLanguage":"pt-PT","@id":"https:\/\/filles-de-la-charite.org\/pt-pt\/#\/schema\/logo\/image\/","url":"https:\/\/filles-de-la-charite.org\/wp-content\/uploads\/2023\/03\/isotipo-Hijas-de-la-Caridad.png","contentUrl":"https:\/\/filles-de-la-charite.org\/wp-content\/uploads\/2023\/03\/isotipo-Hijas-de-la-Caridad.png","width":1417,"height":1417,"caption":"Hijas de la Caridad"},"image":{"@id":"https:\/\/filles-de-la-charite.org\/pt-pt\/#\/schema\/logo\/image\/"}}]}},"_links":{"self":[{"href":"https:\/\/filles-de-la-charite.org\/pt-pt\/wp-json\/wp\/v2\/pages\/3124","targetHints":{"allow":["GET"]}}],"collection":[{"href":"https:\/\/filles-de-la-charite.org\/pt-pt\/wp-json\/wp\/v2\/pages"}],"about":[{"href":"https:\/\/filles-de-la-charite.org\/pt-pt\/wp-json\/wp\/v2\/types\/page"}],"author":[{"embeddable":true,"href":"https:\/\/filles-de-la-charite.org\/pt-pt\/wp-json\/wp\/v2\/users\/1"}],"replies":[{"embeddable":true,"href":"https:\/\/filles-de-la-charite.org\/pt-pt\/wp-json\/wp\/v2\/comments?post=3124"}],"version-history":[{"count":15,"href":"https:\/\/filles-de-la-charite.org\/pt-pt\/wp-json\/wp\/v2\/pages\/3124\/revisions"}],"predecessor-version":[{"id":35648,"href":"https:\/\/filles-de-la-charite.org\/pt-pt\/wp-json\/wp\/v2\/pages\/3124\/revisions\/35648"}],"up":[{"embeddable":true,"href":"https:\/\/filles-de-la-charite.org\/pt-pt\/wp-json\/wp\/v2\/pages\/3133"}],"wp:attachment":[{"href":"https:\/\/filles-de-la-charite.org\/pt-pt\/wp-json\/wp\/v2\/media?parent=3124"}],"curies":[{"name":"wp","href":"https:\/\/api.w.org\/{rel}","templated":true}]}}