{"id":3133,"date":"2023-04-26T13:28:18","date_gmt":"2023-04-26T11:28:18","guid":{"rendered":"https:\/\/hijascaridad.sjdigitaldemo.ovh\/vive\/"},"modified":"2024-09-16T00:23:17","modified_gmt":"2024-09-15T22:23:17","slug":"vive","status":"publish","type":"page","link":"https:\/\/filles-de-la-charite.org\/pt-pt\/vive\/","title":{"rendered":"Vive"},"content":{"rendered":"<p><div class=\"et_d4_element et_pb_section et_pb_section_0 et_pb_section_parallax et_pb_with_background  et_pb_css_mix_blend_mode et_section_regular et_block_section\" >\n\t\t\t\t\n\t\t\t\t<span class=\"et_parallax_bg_wrap et-pb-parallax-wrapper\"><span\n\t\t\t\t\t\tclass=\"et_parallax_bg et_parallax_bg--et_pb_section_0\"\n\t\t\t\t\t\tstyle=\"background-image: url(https:\/\/filles-de-la-charite.org\/wp-content\/uploads\/2024\/05\/a36c6e37-ed00-40de-ab90-22a2a6f15e21-copia.jpeg);\"\n\t\t\t\t\t><\/span><span\n\t\t\t\t\t\tclass=\"et_parallax_gradient\"\n\t\t\t\t\t\tstyle=\"background-image: linear-gradient( , #ffffff 0%, rgba(249,249,249,0.5) 100% );\"\n\t\t\t\t\t><\/span><\/span>\n\t\t\t\t\n\t\t\t\t\n\t\t\t\t\n\t\t\t\t\n\t\t\t\t<div class=\"et_d4_element et_pb_row et_pb_row_0 et_pb_row_fullwidth et_pb_equal_columns et_pb_gutters1  et_pb_css_mix_blend_mode et_block_row\">\n\t\t\t\t<div class=\"et_d4_element et_pb_column_1_2 et_pb_column et_pb_column_0  et_pb_css_mix_blend_mode et_block_column et_pb_column_empty\">\n\t\t\t\t\n\t\t\t\t\n\t\t\t\t\n\t\t\t\t\n\t\t\t\t\n\t\t\t<\/div><div class=\"et_d4_element et_pb_column_1_2 et_pb_column et_pb_column_1  et_pb_css_mix_blend_mode et-last-child et_block_column\">\n\t\t\t\t\n\t\t\t\t\n\t\t\t\t\n\t\t\t\t\n\t\t\t\t<div class=\"et_pb_module et_d4_element et_pb_text et_pb_text_0 et_animated  et_pb_text_align_left et_pb_bg_layout_dark\">\n\t\t\t\t\n\t\t\t\t\n\t\t\t\t\n\t\t\t\t\n\t\t\t\t<div class=\"et_pb_text_inner\"><h2>\u00a0Viva<\/h2>\n<div id=\"gtx-trans\" style=\"position: absolute; left: 9px; top: 52.9125px;\">\n<div class=\"gtx-trans-icon\"><\/div>\n<\/div><\/div>\n\t\t\t<\/div><div class=\"et_pb_module et_d4_element et_pb_divider et_pb_divider_0 et_animated et_pb_divider_position_center et_pb_space\"><div class=\"et_pb_divider_internal\"><\/div><\/div>\n\t\t\t<\/div>\n\t\t\t\t\n\t\t\t\t\n\t\t\t\t\n\t\t\t\t\n\t\t\t<\/div>\n\t\t\t\t\n\t\t\t\t\n\t\t\t<\/div><div class=\"et_d4_element et_pb_section et_pb_section_1  et_pb_css_mix_blend_mode et_section_regular et_block_section\" >\n\t\t\t\t\n\t\t\t\t\n\t\t\t\t\n\t\t\t\t\n\t\t\t\t\n\t\t\t\t\n\t\t\t\t<div class=\"et_d4_element et_pb_row et_pb_row_1 et_pb_equal_columns  et_pb_css_mix_blend_mode et_block_row\">\n\t\t\t\t<div class=\"et_d4_element et_pb_column_2_3 et_pb_column et_pb_column_2  et_pb_css_mix_blend_mode et_block_column\">\n\t\t\t\t\n\t\t\t\t\n\t\t\t\t\n\t\t\t\t\n\t\t\t\t<div class=\"et_pb_module et_d4_element et_pb_text et_pb_text_1 et_animated  et_pb_text_align_left et_pb_bg_layout_light\">\n\t\t\t\t\n\t\t\t\t\n\t\t\t\t\n\t\t\t\t\n\t\t\t\t<div class=\"et_pb_text_inner\"><h2>Uma vida doada<\/h2><\/div>\n\t\t\t<\/div>\n\t\t\t<\/div><div class=\"et_d4_element et_pb_column_1_3 et_pb_column et_pb_column_3  et_pb_css_mix_blend_mode et-last-child et_block_column\">\n\t\t\t\t\n\t\t\t\t\n\t\t\t\t\n\t\t\t\t\n\t\t\t\t<div class=\"et_pb_module et_d4_element et_pb_text et_pb_text_2 et_clickable  et_pb_text_align_right et_pb_bg_layout_light\">\n\t\t\t\t\n\t\t\t\t\n\t\t\t\t\n\t\t\t\t\n\t\t\t\t<div class=\"et_pb_text_inner\"><p>Ver mais<\/p><\/div>\n\t\t\t<\/div>\n\t\t\t<\/div>\n\t\t\t\t\n\t\t\t\t\n\t\t\t\t\n\t\t\t\t\n\t\t\t<\/div><div class=\"et_d4_element et_pb_row et_pb_row_2  et_pb_css_mix_blend_mode et_block_row\">\n\t\t\t\t<div class=\"et_d4_element et_pb_column_4_4 et_pb_column et_pb_column_4  et_pb_css_mix_blend_mode et-last-child et_block_column\">\n\t\t\t\t\n\t\t\t\t\n\t\t\t\t\n\t\t\t\t\n\t\t\t\t<div class=\"et_pb_module et_d4_element et_pb_divider et_pb_divider_1 et_animated et_pb_divider_position_center et_pb_space\"><div class=\"et_pb_divider_internal\"><\/div><\/div><div class=\"et_pb_with_border et_pb_module et_d4_element et_pb_blog_0  et_pb_css_mix_blend_mode et_pb_blog_grid_wrapper et_pb_bg_layout_light\">\n\t\t\t\t\t<div class=\"et_pb_blog_grid clearfix \">\n\t\t\t\t\t\n\t\t\t\t\t\n\t\t\t\t\t\n\t\t\t\t\t\n\t\t\t\t\t<div class=\"et_pb_ajax_pagination_container\">\n\t\t\t\t\t\t<div class=\"et_pb_salvattore_content\" data-columns>\n\t\t\t<article id=\"post-49656\" class=\"et_pb_post clearfix et_pb_blog_item_0_0 post-49656 vida-entregada type-vida-entregada status-publish has-post-thumbnail hentry\">\n\n\t\t\t\t<div class=\"et_pb_image_container\"><a href=\"https:\/\/filles-de-la-charite.org\/pt-pt\/vida-entregada\/as-redes-de-caridade\/\" class=\"entry-featured-image-url\"><img loading=\"lazy\" decoding=\"async\" src=\"https:\/\/filles-de-la-charite.org\/wp-content\/uploads\/2026\/04\/vlcsnap-2026-04-23-21h14m36s559-400x250.png\" alt=\"As redes de caridade\" class=\"\" srcset=\"https:\/\/filles-de-la-charite.org\/wp-content\/uploads\/2026\/04\/vlcsnap-2026-04-23-21h14m36s559.png 479w, https:\/\/filles-de-la-charite.org\/wp-content\/uploads\/2026\/04\/vlcsnap-2026-04-23-21h14m36s559-400x250.png 480w \" sizes=\"(max-width:479px) 479px, 100vw \"  width=\"400\" height=\"250\" \/><\/a><\/div>\n\t\t\t\t\t\t\t\t\t\t\t\t\t\t<h2 class=\"entry-title\">\n\t\t\t\t\t\t\t\t\t\t\t\t\t<a href=\"https:\/\/filles-de-la-charite.org\/pt-pt\/vida-entregada\/as-redes-de-caridade\/\">As redes de caridade<\/a>\n\t\t\t\t\t\t\t\t\t\t\t<\/h2>\n\t\t\t\t\n\t\t\t\t\t<div class=\"post-content\"><div class=\"post-content-inner et_multi_view_hidden\"><\/div><\/div>\t\t\t\n\t\t\t<\/article>\n\t\t\t\t\n\t\t\t<article id=\"post-49122\" class=\"et_pb_post clearfix et_pb_blog_item_0_1 post-49122 vida-entregada type-vida-entregada status-publish has-post-thumbnail hentry\">\n\n\t\t\t\t<div class=\"et_pb_image_container\"><a href=\"https:\/\/filles-de-la-charite.org\/pt-pt\/vida-entregada\/artesas-da-paz-e-da-esperanca-pe-jose-antonio-gonzalez\/\" class=\"entry-featured-image-url\"><img loading=\"lazy\" decoding=\"async\" src=\"https:\/\/filles-de-la-charite.org\/wp-content\/uploads\/2026\/03\/WhatsApp-Image-2026-03-04-at-19.16.25-400x250.jpeg\" alt=\"Artes\u00e3s da paz e da esperan\u00e7a &#8211; Pe Jos\u00e9 Antonio Gonz\u00e1lez, CM\" class=\"\" srcset=\"https:\/\/filles-de-la-charite.org\/wp-content\/uploads\/2026\/03\/WhatsApp-Image-2026-03-04-at-19.16.25.jpeg 479w, https:\/\/filles-de-la-charite.org\/wp-content\/uploads\/2026\/03\/WhatsApp-Image-2026-03-04-at-19.16.25-400x250.jpeg 480w \" sizes=\"(max-width:479px) 479px, 100vw \"  width=\"400\" height=\"250\" \/><\/a><\/div>\n\t\t\t\t\t\t\t\t\t\t\t\t\t\t<h2 class=\"entry-title\">\n\t\t\t\t\t\t\t\t\t\t\t\t\t<a href=\"https:\/\/filles-de-la-charite.org\/pt-pt\/vida-entregada\/artesas-da-paz-e-da-esperanca-pe-jose-antonio-gonzalez\/\">Artes\u00e3s da paz e da esperan\u00e7a &#8211; Pe Jos\u00e9 Antonio Gonz\u00e1lez, CM<\/a>\n\t\t\t\t\t\t\t\t\t\t\t<\/h2>\n\t\t\t\t\n\t\t\t\t\t<div class=\"post-content\"><div class=\"post-content-inner et_multi_view_hidden\"><p>Neste v\u00eddeo, o Pe. Jos\u00e9 Antonio Gonz\u00e1lez, CM, Diretor Geral da Companhia das Filhas da Caridade, oferece-nos uma reflex\u00e3o simples e profunda sobre o tema da pr\u00f3xima Assembleia Geral: \u201cArtes\u00e3s da paz e da esperan\u00e7a.\u201d A partir deste tema, ele nos convida a acolher tr\u00eas chamados essenciais para o nosso caminho: renovar a confian\u00e7a no [&hellip;]<\/p>\n<\/div><\/div>\t\t\t\n\t\t\t<\/article>\n\t\t\t\t\n\t\t\t<article id=\"post-48410\" class=\"et_pb_post clearfix et_pb_blog_item_0_2 post-48410 vida-entregada type-vida-entregada status-publish has-post-thumbnail hentry\">\n\n\t\t\t\t<div class=\"et_pb_image_container\"><a href=\"https:\/\/filles-de-la-charite.org\/pt-pt\/vida-entregada\/ha-apenas-um-deus-e-rogamos-pela-paz\/\" class=\"entry-featured-image-url\"><img loading=\"lazy\" decoding=\"async\" src=\"https:\/\/filles-de-la-charite.org\/wp-content\/uploads\/2026\/01\/thumbnail-PT-2-1-400x250.jpg\" alt=\"H\u00e1 apenas um Deus e, rogamos pela paz\" class=\"\" srcset=\"https:\/\/filles-de-la-charite.org\/wp-content\/uploads\/2026\/01\/thumbnail-PT-2-1.jpg 479w, https:\/\/filles-de-la-charite.org\/wp-content\/uploads\/2026\/01\/thumbnail-PT-2-1-400x250.jpg 480w \" sizes=\"(max-width:479px) 479px, 100vw \"  width=\"400\" height=\"250\" \/><\/a><\/div>\n\t\t\t\t\t\t\t\t\t\t\t\t\t\t<h2 class=\"entry-title\">\n\t\t\t\t\t\t\t\t\t\t\t\t\t<a href=\"https:\/\/filles-de-la-charite.org\/pt-pt\/vida-entregada\/ha-apenas-um-deus-e-rogamos-pela-paz\/\">H\u00e1 apenas um Deus e, rogamos pela paz<\/a>\n\t\t\t\t\t\t\t\t\t\t\t<\/h2>\n\t\t\t\t\n\t\t\t\t\t<div class=\"post-content\"><div class=\"post-content-inner et_multi_view_hidden\"><\/div><\/div>\t\t\t\n\t\t\t<\/article>\n\t\t\t\t<\/div>\n\t\t\t\t\t<\/div>\n\t\t\t\t\t<\/div> \n\t\t\t\t<\/div>\n\t\t\t<\/div>\n\t\t\t\t\n\t\t\t\t\n\t\t\t\t\n\t\t\t\t\n\t\t\t<\/div>\n\t\t\t\t\n\t\t\t\t\n\t\t\t<\/div><div class=\"et_d4_element et_pb_section et_pb_section_2 et_pb_with_background  et_pb_css_mix_blend_mode et_section_regular et_block_section\" >\n\t\t\t\t\n\t\t\t\t\n\t\t\t\t\n\t\t\t\t\n\t\t\t\t\n\t\t\t\t\n\t\t\t\t<div class=\"et_d4_element et_pb_row et_pb_row_3 et_pb_equal_columns  et_pb_css_mix_blend_mode et_block_row\">\n\t\t\t\t<div class=\"et_d4_element et_pb_column_2_3 et_pb_column et_pb_column_5  et_pb_css_mix_blend_mode et_block_column\">\n\t\t\t\t\n\t\t\t\t\n\t\t\t\t\n\t\t\t\t\n\t\t\t\t<div class=\"et_pb_module et_d4_element et_pb_text et_pb_text_3 et_animated  et_pb_text_align_left et_pb_bg_layout_light\">\n\t\t\t\t\n\t\t\t\t\n\t\t\t\t\n\t\t\t\t\n\t\t\t\t<div class=\"et_pb_text_inner\"><h2>Recanto de ora\u00e7\u00e3o<\/h2><\/div>\n\t\t\t<\/div>\n\t\t\t<\/div><div class=\"et_d4_element et_pb_column_1_3 et_pb_column et_pb_column_6  et_pb_css_mix_blend_mode et-last-child et_block_column\">\n\t\t\t\t\n\t\t\t\t\n\t\t\t\t\n\t\t\t\t\n\t\t\t\t<div class=\"et_pb_module et_d4_element et_pb_text et_pb_text_4 et_clickable  et_pb_text_align_right et_pb_bg_layout_light\">\n\t\t\t\t\n\t\t\t\t\n\t\t\t\t\n\t\t\t\t\n\t\t\t\t<div class=\"et_pb_text_inner\"><p>Ver mais<\/p><\/div>\n\t\t\t<\/div>\n\t\t\t<\/div>\n\t\t\t\t\n\t\t\t\t\n\t\t\t\t\n\t\t\t\t\n\t\t\t<\/div><div class=\"et_d4_element et_pb_row et_pb_row_4  et_pb_css_mix_blend_mode et_block_row\">\n\t\t\t\t<div class=\"et_d4_element et_pb_column_4_4 et_pb_column et_pb_column_7  et_pb_css_mix_blend_mode et-last-child et_block_column\">\n\t\t\t\t\n\t\t\t\t\n\t\t\t\t\n\t\t\t\t\n\t\t\t\t<div class=\"et_pb_module et_d4_element et_pb_divider et_pb_divider_2 et_animated et_pb_divider_position_center et_pb_space\"><div class=\"et_pb_divider_internal\"><\/div><\/div><div class=\"et_pb_with_border et_pb_module et_d4_element et_pb_blog_1  et_pb_css_mix_blend_mode et_pb_blog_grid_wrapper et_pb_bg_layout_light\">\n\t\t\t\t\t<div class=\"et_pb_blog_grid clearfix \">\n\t\t\t\t\t\n\t\t\t\t\t\n\t\t\t\t\t\n\t\t\t\t\t\n\t\t\t\t\t<div class=\"et_pb_ajax_pagination_container\">\n\t\t\t\t\t\t<div class=\"et_pb_salvattore_content\" data-columns>\n\t\t\t<article id=\"post-49242\" class=\"et_pb_post clearfix et_pb_blog_item_1_0 post-49242 rincon-oracion type-rincon-oracion status-publish has-post-thumbnail hentry\">\n\n\t\t\t\t<div class=\"et_pb_image_container\"><a href=\"https:\/\/filles-de-la-charite.org\/pt-pt\/rincon-oracion\/a-pascoa-se-vive\/\" class=\"entry-featured-image-url\"><img loading=\"lazy\" decoding=\"async\" src=\"https:\/\/filles-de-la-charite.org\/wp-content\/uploads\/2026\/03\/A-PASCOA-SE-VIVE_PT-400x250.png\" alt=\"A P\u00c1SCOA SE VIVE\" class=\"\" srcset=\"https:\/\/filles-de-la-charite.org\/wp-content\/uploads\/2026\/03\/A-PASCOA-SE-VIVE_PT.png 479w, https:\/\/filles-de-la-charite.org\/wp-content\/uploads\/2026\/03\/A-PASCOA-SE-VIVE_PT-400x250.png 480w \" sizes=\"(max-width:479px) 479px, 100vw \"  width=\"400\" height=\"250\" \/><\/a><\/div>\n\t\t\t\t\t\t\t\t\t\t\t\t\t\t<h2 class=\"entry-title\">\n\t\t\t\t\t\t\t\t\t\t\t\t\t<a href=\"https:\/\/filles-de-la-charite.org\/pt-pt\/rincon-oracion\/a-pascoa-se-vive\/\">A P\u00c1SCOA SE VIVE<\/a>\n\t\t\t\t\t\t\t\t\t\t\t<\/h2>\n\t\t\t\t\n\t\t\t\t\t<div class=\"post-content\"><div class=\"post-content-inner et_multi_view_hidden\"><p>Cristo ressuscitou. Esta \u00e9 a not\u00edcia que transformam o mundo. Em meio \u00e0s feridas abertas pela guerra, pelo medo e pela viol\u00eancia, quando a incerteza parece cobrir o horizonte, o tempo pascal nos recorda: a noite nunca \u00e9 eterna, e n\u00e3o possui a \u00faltima palavra. O amor, mais forte que a morte, floresce em vida [&hellip;]<\/p>\n<\/div><\/div>\t\t\t\n\t\t\t<\/article>\n\t\t\t\t\n\t\t\t<article id=\"post-49164\" class=\"et_pb_post clearfix et_pb_blog_item_1_1 post-49164 rincon-oracion type-rincon-oracion status-publish has-post-thumbnail hentry\">\n\n\t\t\t\t<div class=\"et_pb_image_container\"><a href=\"https:\/\/filles-de-la-charite.org\/pt-pt\/rincon-oracion\/o-sim-de-maria-na-vida-das-filhas-da-caridade\/\" class=\"entry-featured-image-url\"><img loading=\"lazy\" decoding=\"async\" src=\"https:\/\/filles-de-la-charite.org\/wp-content\/uploads\/2026\/03\/PT-400x250.webp\" alt=\"O \u201cSim\u201d de Maria na vida das Filhas da Caridade\" class=\"\" srcset=\"https:\/\/filles-de-la-charite.org\/wp-content\/uploads\/2026\/03\/PT.webp 479w, https:\/\/filles-de-la-charite.org\/wp-content\/uploads\/2026\/03\/PT-400x250.webp 480w \" sizes=\"(max-width:479px) 479px, 100vw \"  width=\"400\" height=\"250\" \/><\/a><\/div>\n\t\t\t\t\t\t\t\t\t\t\t\t\t\t<h2 class=\"entry-title\">\n\t\t\t\t\t\t\t\t\t\t\t\t\t<a href=\"https:\/\/filles-de-la-charite.org\/pt-pt\/rincon-oracion\/o-sim-de-maria-na-vida-das-filhas-da-caridade\/\">O \u201cSim\u201d de Maria na vida das Filhas da Caridade<\/a>\n\t\t\t\t\t\t\t\t\t\t\t<\/h2>\n\t\t\t\t\n\t\t\t\t\t<div class=\"post-content\"><div class=\"post-content-inner et_multi_view_hidden\"><p>No dia 25 de mar\u00e7o de 2026, Festa da Anuncia\u00e7\u00e3o, as Filhas da Caridade de S\u00e3o Vicente de Paulo renovam seus votos de castidade, pobreza, obedi\u00eancia e servi\u00e7o aos pobres. Inspiradas pelo \u201cSim\u201d de Maria, reafirmam sua miss\u00e3o de serem artes\u00e3s da paz e da esperan\u00e7a, vivendo a Caridade de Cristo no servi\u00e7o aos mais [&hellip;]<\/p>\n<\/div><\/div>\t\t\t\n\t\t\t<\/article>\n\t\t\t\t\n\t\t\t<article id=\"post-48842\" class=\"et_pb_post clearfix et_pb_blog_item_1_2 post-48842 rincon-oracion type-rincon-oracion status-publish has-post-thumbnail hentry\">\n\n\t\t\t\t<div class=\"et_pb_image_container\"><a href=\"https:\/\/filles-de-la-charite.org\/pt-pt\/rincon-oracion\/converter-se-cada-vez-mais-em-artesas-de-paz-e-da-esperanca\/\" class=\"entry-featured-image-url\"><img loading=\"lazy\" decoding=\"async\" src=\"https:\/\/filles-de-la-charite.org\/wp-content\/uploads\/2026\/02\/PT-PC-February-400x250.jpg\" alt=\"Converter-se cada vez mais em artes\u00e3s de paz e da esperan\u00e7a\" class=\"\" srcset=\"https:\/\/filles-de-la-charite.org\/wp-content\/uploads\/2026\/02\/PT-PC-February.jpg 479w, https:\/\/filles-de-la-charite.org\/wp-content\/uploads\/2026\/02\/PT-PC-February-400x250.jpg 480w \" sizes=\"(max-width:479px) 479px, 100vw \"  width=\"400\" height=\"250\" \/><\/a><\/div>\n\t\t\t\t\t\t\t\t\t\t\t\t\t\t<h2 class=\"entry-title\">\n\t\t\t\t\t\t\t\t\t\t\t\t\t<a href=\"https:\/\/filles-de-la-charite.org\/pt-pt\/rincon-oracion\/converter-se-cada-vez-mais-em-artesas-de-paz-e-da-esperanca\/\">Converter-se cada vez mais em artes\u00e3s de paz e da esperan\u00e7a<\/a>\n\t\t\t\t\t\t\t\t\t\t\t<\/h2>\n\t\t\t\t\n\t\t\t\t\t<div class=\"post-content\"><div class=\"post-content-inner et_multi_view_hidden\"><p>Com reconhecimento pelo dom da voca\u00e7\u00e3o, preparemos nosso cora\u00e7\u00e3o para dizer novamente \u201csim\u201d. Maria nos mostra o caminho: \u201cFazei tudo o que Ele vos disser\u201d (Jo 2, 5). Assim como os disc\u00edpulos, confiemos nela.<\/p>\n<\/div><\/div>\t\t\t\n\t\t\t<\/article>\n\t\t\t\t<\/div>\n\t\t\t\t\t<\/div>\n\t\t\t\t\t<\/div> \n\t\t\t\t<\/div>\n\t\t\t<\/div>\n\t\t\t\t\n\t\t\t\t\n\t\t\t\t\n\t\t\t\t\n\t\t\t<\/div>\n\t\t\t\t\n\t\t\t\t\n\t\t\t<\/div><\/p>\n","protected":false},"excerpt":{"rendered":"","protected":false},"author":1,"featured_media":0,"parent":0,"menu_order":0,"comment_status":"closed","ping_status":"closed","template":"","meta":{"_acf_changed":false,"_et_pb_use_builder":"on","_et_pb_old_content":"","_et_gb_content_width":"","footnotes":"","_links_to":"","_links_to_target":""},"class_list":["post-3133","page","type-page","status-publish","hentry"],"acf":[],"yoast_head":"<!-- This site is optimized with the Yoast SEO plugin v27.5 - https:\/\/yoast.com\/product\/yoast-seo-wordpress\/ -->\n<title>Vive - Filles de la Charit\u00e9<\/title>\n<meta name=\"robots\" content=\"index, follow, max-snippet:-1, max-image-preview:large, max-video-preview:-1\" \/>\n<link rel=\"canonical\" href=\"https:\/\/filles-de-la-charite.org\/pt-pt\/vive\/\" \/>\n<meta property=\"og:locale\" content=\"pt_PT\" \/>\n<meta property=\"og:type\" content=\"article\" \/>\n<meta property=\"og:title\" content=\"Vive - Filles de la Charit\u00e9\" \/>\n<meta property=\"og:url\" content=\"https:\/\/filles-de-la-charite.org\/pt-pt\/vive\/\" \/>\n<meta property=\"og:site_name\" content=\"Filles de la Charit\u00e9\" \/>\n<meta property=\"article:modified_time\" content=\"2024-09-15T22:23:17+00:00\" \/>\n<meta name=\"twitter:card\" content=\"summary_large_image\" \/>\n<meta name=\"twitter:label1\" content=\"Tempo estimado de leitura\" \/>\n\t<meta name=\"twitter:data1\" content=\"5 minutos\" \/>\n<script type=\"application\/ld+json\" class=\"yoast-schema-graph\">{\"@context\":\"https:\\\/\\\/schema.org\",\"@graph\":[{\"@type\":\"WebPage\",\"@id\":\"https:\\\/\\\/filles-de-la-charite.org\\\/pt-pt\\\/vive\\\/\",\"url\":\"https:\\\/\\\/filles-de-la-charite.org\\\/pt-pt\\\/vive\\\/\",\"name\":\"Vive - Filles de la Charit\u00e9\",\"isPartOf\":{\"@id\":\"https:\\\/\\\/filles-de-la-charite.org\\\/pt-pt\\\/#website\"},\"datePublished\":\"2023-04-26T11:28:18+00:00\",\"dateModified\":\"2024-09-15T22:23:17+00:00\",\"inLanguage\":\"pt-PT\",\"potentialAction\":[{\"@type\":\"ReadAction\",\"target\":[\"https:\\\/\\\/filles-de-la-charite.org\\\/pt-pt\\\/vive\\\/\"]}]},{\"@type\":\"WebSite\",\"@id\":\"https:\\\/\\\/filles-de-la-charite.org\\\/pt-pt\\\/#website\",\"url\":\"https:\\\/\\\/filles-de-la-charite.org\\\/pt-pt\\\/\",\"name\":\"Hijas de la Caridad\",\"description\":\"L\u2019amour de J\u00e9sus nous presse \u00e0 prendre soin des personnes les plus d\u00e9munies\",\"publisher\":{\"@id\":\"https:\\\/\\\/filles-de-la-charite.org\\\/pt-pt\\\/#organization\"},\"potentialAction\":[{\"@type\":\"SearchAction\",\"target\":{\"@type\":\"EntryPoint\",\"urlTemplate\":\"https:\\\/\\\/filles-de-la-charite.org\\\/pt-pt\\\/?s={search_term_string}\"},\"query-input\":{\"@type\":\"PropertyValueSpecification\",\"valueRequired\":true,\"valueName\":\"search_term_string\"}}],\"inLanguage\":\"pt-PT\"},{\"@type\":\"Organization\",\"@id\":\"https:\\\/\\\/filles-de-la-charite.org\\\/pt-pt\\\/#organization\",\"name\":\"Hijas de la Caridad\",\"url\":\"https:\\\/\\\/filles-de-la-charite.org\\\/pt-pt\\\/\",\"logo\":{\"@type\":\"ImageObject\",\"inLanguage\":\"pt-PT\",\"@id\":\"https:\\\/\\\/filles-de-la-charite.org\\\/pt-pt\\\/#\\\/schema\\\/logo\\\/image\\\/\",\"url\":\"https:\\\/\\\/filles-de-la-charite.org\\\/wp-content\\\/uploads\\\/2023\\\/03\\\/isotipo-Hijas-de-la-Caridad.png\",\"contentUrl\":\"https:\\\/\\\/filles-de-la-charite.org\\\/wp-content\\\/uploads\\\/2023\\\/03\\\/isotipo-Hijas-de-la-Caridad.png\",\"width\":1417,\"height\":1417,\"caption\":\"Hijas de la Caridad\"},\"image\":{\"@id\":\"https:\\\/\\\/filles-de-la-charite.org\\\/pt-pt\\\/#\\\/schema\\\/logo\\\/image\\\/\"}}]}<\/script>\n<!-- \/ Yoast SEO plugin. -->","yoast_head_json":{"title":"Vive - Filles de la Charit\u00e9","robots":{"index":"index","follow":"follow","max-snippet":"max-snippet:-1","max-image-preview":"max-image-preview:large","max-video-preview":"max-video-preview:-1"},"canonical":"https:\/\/filles-de-la-charite.org\/pt-pt\/vive\/","og_locale":"pt_PT","og_type":"article","og_title":"Vive - Filles de la Charit\u00e9","og_url":"https:\/\/filles-de-la-charite.org\/pt-pt\/vive\/","og_site_name":"Filles de la Charit\u00e9","article_modified_time":"2024-09-15T22:23:17+00:00","twitter_card":"summary_large_image","twitter_misc":{"Tempo estimado de leitura":"5 minutos"},"schema":{"@context":"https:\/\/schema.org","@graph":[{"@type":"WebPage","@id":"https:\/\/filles-de-la-charite.org\/pt-pt\/vive\/","url":"https:\/\/filles-de-la-charite.org\/pt-pt\/vive\/","name":"Vive - Filles de la Charit\u00e9","isPartOf":{"@id":"https:\/\/filles-de-la-charite.org\/pt-pt\/#website"},"datePublished":"2023-04-26T11:28:18+00:00","dateModified":"2024-09-15T22:23:17+00:00","inLanguage":"pt-PT","potentialAction":[{"@type":"ReadAction","target":["https:\/\/filles-de-la-charite.org\/pt-pt\/vive\/"]}]},{"@type":"WebSite","@id":"https:\/\/filles-de-la-charite.org\/pt-pt\/#website","url":"https:\/\/filles-de-la-charite.org\/pt-pt\/","name":"Hijas de la Caridad","description":"L\u2019amour de J\u00e9sus nous presse \u00e0 prendre soin des personnes les plus d\u00e9munies","publisher":{"@id":"https:\/\/filles-de-la-charite.org\/pt-pt\/#organization"},"potentialAction":[{"@type":"SearchAction","target":{"@type":"EntryPoint","urlTemplate":"https:\/\/filles-de-la-charite.org\/pt-pt\/?s={search_term_string}"},"query-input":{"@type":"PropertyValueSpecification","valueRequired":true,"valueName":"search_term_string"}}],"inLanguage":"pt-PT"},{"@type":"Organization","@id":"https:\/\/filles-de-la-charite.org\/pt-pt\/#organization","name":"Hijas de la Caridad","url":"https:\/\/filles-de-la-charite.org\/pt-pt\/","logo":{"@type":"ImageObject","inLanguage":"pt-PT","@id":"https:\/\/filles-de-la-charite.org\/pt-pt\/#\/schema\/logo\/image\/","url":"https:\/\/filles-de-la-charite.org\/wp-content\/uploads\/2023\/03\/isotipo-Hijas-de-la-Caridad.png","contentUrl":"https:\/\/filles-de-la-charite.org\/wp-content\/uploads\/2023\/03\/isotipo-Hijas-de-la-Caridad.png","width":1417,"height":1417,"caption":"Hijas de la Caridad"},"image":{"@id":"https:\/\/filles-de-la-charite.org\/pt-pt\/#\/schema\/logo\/image\/"}}]}},"_links":{"self":[{"href":"https:\/\/filles-de-la-charite.org\/pt-pt\/wp-json\/wp\/v2\/pages\/3133","targetHints":{"allow":["GET"]}}],"collection":[{"href":"https:\/\/filles-de-la-charite.org\/pt-pt\/wp-json\/wp\/v2\/pages"}],"about":[{"href":"https:\/\/filles-de-la-charite.org\/pt-pt\/wp-json\/wp\/v2\/types\/page"}],"author":[{"embeddable":true,"href":"https:\/\/filles-de-la-charite.org\/pt-pt\/wp-json\/wp\/v2\/users\/1"}],"replies":[{"embeddable":true,"href":"https:\/\/filles-de-la-charite.org\/pt-pt\/wp-json\/wp\/v2\/comments?post=3133"}],"version-history":[{"count":10,"href":"https:\/\/filles-de-la-charite.org\/pt-pt\/wp-json\/wp\/v2\/pages\/3133\/revisions"}],"predecessor-version":[{"id":39386,"href":"https:\/\/filles-de-la-charite.org\/pt-pt\/wp-json\/wp\/v2\/pages\/3133\/revisions\/39386"}],"wp:attachment":[{"href":"https:\/\/filles-de-la-charite.org\/pt-pt\/wp-json\/wp\/v2\/media?parent=3133"}],"curies":[{"name":"wp","href":"https:\/\/api.w.org\/{rel}","templated":true}]}}