{"id":3494,"date":"2023-03-21T14:03:14","date_gmt":"2023-03-21T13:03:14","guid":{"rendered":"https:\/\/hijascaridad.sjdigitaldemo.ovh\/noticias\/"},"modified":"2024-09-16T14:09:49","modified_gmt":"2024-09-16T12:09:49","slug":"noticias","status":"publish","type":"page","link":"https:\/\/filles-de-la-charite.org\/pt-pt\/noticias\/","title":{"rendered":"Not\u00edcias"},"content":{"rendered":"<p><div class=\"et_d4_element et_pb_section et_pb_section_0 et_pb_with_background  et_pb_css_mix_blend_mode et_section_regular et_block_section\" >\n\t\t\t\t\n\t\t\t\t\n\t\t\t\t\n\t\t\t\t\n\t\t\t\t\n\t\t\t\t\n\t\t\t\t<div class=\"et_d4_element et_pb_row et_pb_row_0  et_pb_css_mix_blend_mode et_block_row\">\n\t\t\t\t<div class=\"et_d4_element et_pb_column_4_4 et_pb_column et_pb_column_0  et_pb_css_mix_blend_mode et-last-child et_block_column\">\n\t\t\t\t\n\t\t\t\t\n\t\t\t\t\n\t\t\t\t\n\t\t\t\t<div class=\"et_pb_module et_d4_element et_pb_text et_pb_text_0 et_animated  et_pb_text_align_left et_pb_bg_layout_light\">\n\t\t\t\t\n\t\t\t\t\n\t\t\t\t\n\t\t\t\t\n\t\t\t\t<div class=\"et_pb_text_inner\"><h1>Not\u00edcias<\/h1>\n<div id=\"gtx-trans\" style=\"position: absolute; left: 97px; top: -0.5625px;\">\n<div class=\"gtx-trans-icon\"><\/div>\n<\/div><\/div>\n\t\t\t<\/div><div class=\"et_pb_module et_d4_element et_pb_divider et_pb_divider_0 et_animated et_pb_divider_position_center et_pb_space\"><div class=\"et_pb_divider_internal\"><\/div><\/div>\n\t\t\t<\/div>\n\t\t\t\t\n\t\t\t\t\n\t\t\t\t\n\t\t\t\t\n\t\t\t<\/div><div class=\"et_d4_element et_pb_row et_pb_row_1  et_pb_css_mix_blend_mode et_block_row\">\n\t\t\t\t<div class=\"et_d4_element et_pb_column_4_4 et_pb_column et_pb_column_1  et_pb_css_mix_blend_mode et-last-child et_block_column\">\n\t\t\t\t\n\t\t\t\t\n\t\t\t\t\n\t\t\t\t\n\t\t\t\t<div class=\"et_pb_with_border et_pb_module et_d4_element et_pb_blog_0 et_animated  et_pb_css_mix_blend_mode et_pb_blog_grid_wrapper et_pb_bg_layout_light\">\n\t\t\t\t\t<div class=\"et_pb_blog_grid clearfix \">\n\t\t\t\t\t\n\t\t\t\t\t\n\t\t\t\t\t\n\t\t\t\t\t\n\t\t\t\t\t<div class=\"et_pb_ajax_pagination_container\">\n\t\t\t\t\t\t<div class=\"et_pb_salvattore_content\" data-columns>\n\t\t\t<article id=\"post-49530\" class=\"et_pb_post clearfix et_pb_blog_item_0_0 post-49530 post type-post status-publish format-standard has-post-thumbnail hentry category-internacional-pt-pt\">\n\n\t\t\t\t<div class=\"et_pb_image_container\"><a href=\"https:\/\/filles-de-la-charite.org\/pt-pt\/decreto-sobre-la-heroicidad-de-las-virtudes-de-sor-samulowska\/\" class=\"entry-featured-image-url\"><img loading=\"lazy\" decoding=\"async\" src=\"https:\/\/filles-de-la-charite.org\/wp-content\/uploads\/2026\/04\/Diseno-sin-titulo-17-6-400x250.png\" alt=\"Decreto sobre as Virtudes Her\u00f3icas da Irm\u00e3 Samulowska\" class=\"\" srcset=\"https:\/\/filles-de-la-charite.org\/wp-content\/uploads\/2026\/04\/Diseno-sin-titulo-17-6.png 479w, https:\/\/filles-de-la-charite.org\/wp-content\/uploads\/2026\/04\/Diseno-sin-titulo-17-6-400x250.png 480w \" sizes=\"(max-width:479px) 479px, 100vw \"  width=\"400\" height=\"250\" \/><\/a><\/div>\n\t\t\t\t\t\t\t\t\t\t\t\t\t\t<h2 class=\"entry-title\">\n\t\t\t\t\t\t\t\t\t\t\t\t\t<a href=\"https:\/\/filles-de-la-charite.org\/pt-pt\/decreto-sobre-la-heroicidad-de-las-virtudes-de-sor-samulowska\/\">Decreto sobre as Virtudes Her\u00f3icas da Irm\u00e3 Samulowska<\/a>\n\t\t\t\t\t\t\t\t\t\t\t<\/h2>\n\t\t\t\t\n\t\t\t\t\t<p class=\"post-meta\"><span class=\"published\">Abr 12, 2026<\/span> | <a href=\"https:\/\/filles-de-la-charite.org\/pt-pt\/category\/internacional-pt-pt\/\" rel=\"tag\">Internacional<\/a><\/p><div class=\"post-content\"><div class=\"post-content-inner\"><p>Em 23 de mar\u00e7o de 2026, foi conclu\u00edda a etapa mais importante na causa da Serva de Deus, Irm\u00e3 Stanis\u0142awa Barbara Samulowska. Em reconhecimento \u00e0s virtudes que ela viveu de modo heroico, o Santo Padre Le\u00e3o XIV concedeu a permiss\u00e3o para chamar de VENER\u00c1VEL, Irm\u00e3 Barbara Stanis\u0142awa Samulowska, Filha da Caridade de S\u00e3o Vicente de [&hellip;]<\/p>\n<\/div><\/div>\t\t\t\n\t\t\t<\/article>\n\t\t\t\t\n\t\t\t<article id=\"post-49487\" class=\"et_pb_post clearfix et_pb_blog_item_0_1 post-49487 post type-post status-publish format-standard has-post-thumbnail hentry category-chelmno-poznan-polonia-pt-pt category-cracovia-pt-pt category-provincia-de-eslovaquia-pt-pt\">\n\n\t\t\t\t<div class=\"et_pb_image_container\"><a href=\"https:\/\/filles-de-la-charite.org\/pt-pt\/bajo-la-proteccion-del-sagrado-corazon\/\" class=\"entry-featured-image-url\"><img loading=\"lazy\" decoding=\"async\" src=\"https:\/\/filles-de-la-charite.org\/wp-content\/uploads\/2026\/04\/IMG-20250211-WA0026-6-400x250.jpg\" alt=\"Sob a prote\u00e7\u00e3o do Sagrado Cora\u00e7\u00e3o\" class=\"\" srcset=\"https:\/\/filles-de-la-charite.org\/wp-content\/uploads\/2026\/04\/IMG-20250211-WA0026-6.jpg 479w, https:\/\/filles-de-la-charite.org\/wp-content\/uploads\/2026\/04\/IMG-20250211-WA0026-6-400x250.jpg 480w \" sizes=\"(max-width:479px) 479px, 100vw \"  width=\"400\" height=\"250\" \/><\/a><\/div>\n\t\t\t\t\t\t\t\t\t\t\t\t\t\t<h2 class=\"entry-title\">\n\t\t\t\t\t\t\t\t\t\t\t\t\t<a href=\"https:\/\/filles-de-la-charite.org\/pt-pt\/bajo-la-proteccion-del-sagrado-corazon\/\">Sob a prote\u00e7\u00e3o do Sagrado Cora\u00e7\u00e3o<\/a>\n\t\t\t\t\t\t\t\t\t\t\t<\/h2>\n\t\t\t\t\n\t\t\t\t\t<p class=\"post-meta\"><span class=\"published\">Abr 10, 2026<\/span> | <a href=\"https:\/\/filles-de-la-charite.org\/pt-pt\/category\/chelmno-poznan-polonia-pt-pt\/\" rel=\"tag\">Chelmno-Poznan - Pol\u00f4nia<\/a>, <a href=\"https:\/\/filles-de-la-charite.org\/pt-pt\/category\/cracovia-pt-pt\/\" rel=\"tag\">Crac\u00f3via<\/a>, <a href=\"https:\/\/filles-de-la-charite.org\/pt-pt\/category\/provincia-de-eslovaquia-pt-pt\/\" rel=\"tag\">Prov\u00edncia da Eslov\u00e1quia<\/a><\/p><div class=\"post-content\"><div class=\"post-content-inner\"><p>Em 2026, a Igreja Cat\u00f3lica na Ucr\u00e2nia se re\u00fane em torno do mist\u00e9rio do Sagrado Cora\u00e7\u00e3o de Jesus para contemplar seu amor, reparar os pecados e implorar o dom da paz e da renova\u00e7\u00e3o espiritual de nossa p\u00e1tria. Cada par\u00f3quia recebeu uma imagem do Sagrado Cora\u00e7\u00e3o de Jesus, que as fam\u00edlias acolhem em seus lares [&hellip;]<\/p>\n<\/div><\/div>\t\t\t\n\t\t\t<\/article>\n\t\t\t\t\n\t\t\t<article id=\"post-49306\" class=\"et_pb_post clearfix et_pb_blog_item_0_2 post-49306 post type-post status-publish format-standard has-post-thumbnail hentry category-internacional-pt-pt\">\n\n\t\t\t\t<div class=\"et_pb_image_container\"><a href=\"https:\/\/filles-de-la-charite.org\/pt-pt\/comunicar-la-mision-en-el-continente-digital\/\" class=\"entry-featured-image-url\"><img loading=\"lazy\" decoding=\"async\" src=\"https:\/\/filles-de-la-charite.org\/wp-content\/uploads\/2026\/03\/athree23-study-3698155_1920-400x250.jpg\" alt=\"Comunicar a miss\u00e3o no continente digital\" class=\"\" srcset=\"https:\/\/filles-de-la-charite.org\/wp-content\/uploads\/2026\/03\/athree23-study-3698155_1920.jpg 479w, https:\/\/filles-de-la-charite.org\/wp-content\/uploads\/2026\/03\/athree23-study-3698155_1920-400x250.jpg 480w \" sizes=\"(max-width:479px) 479px, 100vw \"  width=\"400\" height=\"250\" \/><\/a><\/div>\n\t\t\t\t\t\t\t\t\t\t\t\t\t\t<h2 class=\"entry-title\">\n\t\t\t\t\t\t\t\t\t\t\t\t\t<a href=\"https:\/\/filles-de-la-charite.org\/pt-pt\/comunicar-la-mision-en-el-continente-digital\/\">Comunicar a miss\u00e3o no continente digital<\/a>\n\t\t\t\t\t\t\t\t\t\t\t<\/h2>\n\t\t\t\t\n\t\t\t\t\t<p class=\"post-meta\"><span class=\"published\">Mar 29, 2026<\/span> | <a href=\"https:\/\/filles-de-la-charite.org\/pt-pt\/category\/internacional-pt-pt\/\" rel=\"tag\">Internacional<\/a><\/p><div class=\"post-content\"><div class=\"post-content-inner\"><p>Entre os dias 7 de fevereiro e 30 de maio de 2026, a Companhia das Filhas da Caridade realiza um percurso formativo destinado \u00e0s Irm\u00e3s chamadas a assumir, em suas respectivas Prov\u00edncias, a miss\u00e3o de animar a presen\u00e7a da Companhia nas redes sociais. A iniciativa nasceu da consci\u00eancia de que o ambiente digital se tornou, [&hellip;]<\/p>\n<\/div><\/div>\t\t\t\n\t\t\t<\/article>\n\t\t\t\t\n\t\t\t<article id=\"post-49350\" class=\"et_pb_post clearfix et_pb_blog_item_0_3 post-49350 post type-post status-publish format-standard has-post-thumbnail hentry category-casa-mae-pt-pt category-internacional-pt-pt\">\n\n\t\t\t\t<div class=\"et_pb_image_container\"><a href=\"https:\/\/filles-de-la-charite.org\/pt-pt\/cien-anos-al-servicio-de-la-comunion-en-la-compania\/\" class=\"entry-featured-image-url\"><img loading=\"lazy\" decoding=\"async\" src=\"https:\/\/filles-de-la-charite.org\/wp-content\/uploads\/2026\/04\/thumbnail-1-400x250.png\" alt=\"Cem anos a servi\u00e7o da comunh\u00e3o na Companhia\" class=\"\" srcset=\"https:\/\/filles-de-la-charite.org\/wp-content\/uploads\/2026\/04\/thumbnail-1.png 479w, https:\/\/filles-de-la-charite.org\/wp-content\/uploads\/2026\/04\/thumbnail-1-400x250.png 480w \" sizes=\"(max-width:479px) 479px, 100vw \"  width=\"400\" height=\"250\" \/><\/a><\/div>\n\t\t\t\t\t\t\t\t\t\t\t\t\t\t<h2 class=\"entry-title\">\n\t\t\t\t\t\t\t\t\t\t\t\t\t<a href=\"https:\/\/filles-de-la-charite.org\/pt-pt\/cien-anos-al-servicio-de-la-comunion-en-la-compania\/\">Cem anos a servi\u00e7o da comunh\u00e3o na Companhia<\/a>\n\t\t\t\t\t\t\t\t\t\t\t<\/h2>\n\t\t\t\t\n\t\t\t\t\t<p class=\"post-meta\"><span class=\"published\">Mar 27, 2026<\/span> | <a href=\"https:\/\/filles-de-la-charite.org\/pt-pt\/category\/casa-mae-pt-pt\/\" rel=\"tag\">Casa-M\u00e3e<\/a>, <a href=\"https:\/\/filles-de-la-charite.org\/pt-pt\/category\/internacional-pt-pt\/\" rel=\"tag\">Internacional<\/a><\/p><div class=\"post-content\"><div class=\"post-content-inner\"><p>Em 2026, a Companhia das Filhas da Caridade agradece ao Senhor pelo centen\u00e1rio da publica\u00e7\u00e3o dos Ecos da Casa-M\u00e3e (que, em 1976, passou a se chamar Ecos da Companhia): uma publica\u00e7\u00e3o que acompanhou a vida de gera\u00e7\u00f5es de Irm\u00e3s em todo o mundo. Nascida em 1926, do desejo de aproximar a Casa-M\u00e3e das comunidades mais [&hellip;]<\/p>\n<\/div><\/div>\t\t\t\n\t\t\t<\/article>\n\t\t\t\t\n\t\t\t<article id=\"post-49381\" class=\"et_pb_post clearfix et_pb_blog_item_0_4 post-49381 post type-post status-publish format-standard has-post-thumbnail hentry category-casa-mae-pt-pt category-internacional-pt-pt\">\n\n\t\t\t\t<div class=\"et_pb_image_container\"><a href=\"https:\/\/filles-de-la-charite.org\/pt-pt\/message-of-father-tomaz-mavric-to-the-daughters-of-charity\/\" class=\"entry-featured-image-url\"><img loading=\"lazy\" decoding=\"async\" src=\"https:\/\/filles-de-la-charite.org\/wp-content\/uploads\/2026\/03\/WhatsApp-Image-2026-03-26-at-22.24.23-400x250.jpeg\" alt=\"Mensagem do Padre Toma\u017e Mavri\u010d, \u00e0s Filhas da Caridade de S\u00e3o Vicente de Paulo\" class=\"\" srcset=\"https:\/\/filles-de-la-charite.org\/wp-content\/uploads\/2026\/03\/WhatsApp-Image-2026-03-26-at-22.24.23.jpeg 479w, https:\/\/filles-de-la-charite.org\/wp-content\/uploads\/2026\/03\/WhatsApp-Image-2026-03-26-at-22.24.23-400x250.jpeg 480w \" sizes=\"(max-width:479px) 479px, 100vw \"  width=\"400\" height=\"250\" \/><\/a><\/div>\n\t\t\t\t\t\t\t\t\t\t\t\t\t\t<h2 class=\"entry-title\">\n\t\t\t\t\t\t\t\t\t\t\t\t\t<a href=\"https:\/\/filles-de-la-charite.org\/pt-pt\/message-of-father-tomaz-mavric-to-the-daughters-of-charity\/\">Mensagem do Padre Toma\u017e Mavri\u010d, \u00e0s Filhas da Caridade de S\u00e3o Vicente de Paulo<\/a>\n\t\t\t\t\t\t\t\t\t\t\t<\/h2>\n\t\t\t\t\n\t\t\t\t\t<p class=\"post-meta\"><span class=\"published\">Mar 26, 2026<\/span> | <a href=\"https:\/\/filles-de-la-charite.org\/pt-pt\/category\/casa-mae-pt-pt\/\" rel=\"tag\">Casa-M\u00e3e<\/a>, <a href=\"https:\/\/filles-de-la-charite.org\/pt-pt\/category\/internacional-pt-pt\/\" rel=\"tag\">Internacional<\/a><\/p><div class=\"post-content\"><div class=\"post-content-inner\"><p>No dia 25 de mar\u00e7o, Festa da Anuncia\u00e7\u00e3o, as Filhas da Caridade em todo o mundo renovam seus votos de castidade, pobreza, obedi\u00eancia e servi\u00e7o aos pobres. Neste ano, o Pe. Toma\u017e Mavri\u010d, Superior Geral, esteve presente na Casa M\u00e3e em Paris e presidiu a Santa Missa na Capela de Nossa Senhora da Medalha Milagrosa. [&hellip;]<\/p>\n<\/div><\/div>\t\t\t\n\t\t\t<\/article>\n\t\t\t\t\n\t\t\t<article id=\"post-48966\" class=\"et_pb_post clearfix et_pb_blog_item_0_5 post-48966 post type-post status-publish format-standard has-post-thumbnail hentry category-india-del-sur-pt-pt\">\n\n\t\t\t\t<div class=\"et_pb_image_container\"><a href=\"https:\/\/filles-de-la-charite.org\/pt-pt\/oasis-de-esperanza\/\" class=\"entry-featured-image-url\"><img loading=\"lazy\" decoding=\"async\" src=\"https:\/\/filles-de-la-charite.org\/wp-content\/uploads\/2026\/02\/Sr-Soniya-K-Chacko_page3_image3-400x250.jpg\" alt=\"O\u00e1sis de Esperan\u00e7a\" class=\"\" srcset=\"https:\/\/filles-de-la-charite.org\/wp-content\/uploads\/2026\/02\/Sr-Soniya-K-Chacko_page3_image3.jpg 479w, https:\/\/filles-de-la-charite.org\/wp-content\/uploads\/2026\/02\/Sr-Soniya-K-Chacko_page3_image3-400x250.jpg 480w \" sizes=\"(max-width:479px) 479px, 100vw \"  width=\"400\" height=\"250\" \/><\/a><\/div>\n\t\t\t\t\t\t\t\t\t\t\t\t\t\t<h2 class=\"entry-title\">\n\t\t\t\t\t\t\t\t\t\t\t\t\t<a href=\"https:\/\/filles-de-la-charite.org\/pt-pt\/oasis-de-esperanza\/\">O\u00e1sis de Esperan\u00e7a<\/a>\n\t\t\t\t\t\t\t\t\t\t\t<\/h2>\n\t\t\t\t\n\t\t\t\t\t<p class=\"post-meta\"><span class=\"published\">Fev 15, 2026<\/span> | <a href=\"https:\/\/filles-de-la-charite.org\/pt-pt\/category\/india-del-sur-pt-pt\/\" rel=\"tag\">\u00cdndia Sul<\/a><\/p><div class=\"post-content\"><div class=\"post-content-inner\"><p>Trinta anos de cuidado, coragem e compromisso no minist\u00e9rio de HIV\/AIDS no Lar S\u00e3o Vicente, Muringoor, Kerala H\u00e1 tr\u00eas d\u00e9cadas, o HIV\/AIDS era considerado uma doen\u00e7a terr\u00edvel. O grito silencioso daqueles que sofriam com ela n\u00e3o era ouvido por amigos nem por familiares. Esta \u00e9 a hist\u00f3ria dos Padres Vicentinos (VC) e das Irm\u00e3s, Filhas [&hellip;]<\/p>\n<\/div><\/div>\t\t\t\n\t\t\t<\/article>\n\t\t\t\t\n\t\t\t<article id=\"post-48910\" class=\"et_pb_post clearfix et_pb_blog_item_0_6 post-48910 post type-post status-publish format-standard has-post-thumbnail hentry category-peru\">\n\n\t\t\t\t<div class=\"et_pb_image_container\"><a href=\"https:\/\/filles-de-la-charite.org\/pt-pt\/esperanza-que-abraza-la-casa-de-acogida-sor-rosalia-rendu\/\" class=\"entry-featured-image-url\"><img loading=\"lazy\" decoding=\"async\" src=\"https:\/\/filles-de-la-charite.org\/wp-content\/uploads\/2026\/02\/WhatsApp-Image-2026-02-10-at-12.06.46-400x250.jpeg\" alt=\"A Esperan\u00e7a que abra\u00e7a\" class=\"\" srcset=\"https:\/\/filles-de-la-charite.org\/wp-content\/uploads\/2026\/02\/WhatsApp-Image-2026-02-10-at-12.06.46.jpeg 479w, https:\/\/filles-de-la-charite.org\/wp-content\/uploads\/2026\/02\/WhatsApp-Image-2026-02-10-at-12.06.46-400x250.jpeg 480w \" sizes=\"(max-width:479px) 479px, 100vw \"  width=\"400\" height=\"250\" \/><\/a><\/div>\n\t\t\t\t\t\t\t\t\t\t\t\t\t\t<h2 class=\"entry-title\">\n\t\t\t\t\t\t\t\t\t\t\t\t\t<a href=\"https:\/\/filles-de-la-charite.org\/pt-pt\/esperanza-que-abraza-la-casa-de-acogida-sor-rosalia-rendu\/\">A Esperan\u00e7a que abra\u00e7a<\/a>\n\t\t\t\t\t\t\t\t\t\t\t<\/h2>\n\t\t\t\t\n\t\t\t\t\t<p class=\"post-meta\"><span class=\"published\">Fev 12, 2026<\/span> | <a href=\"https:\/\/filles-de-la-charite.org\/pt-pt\/category\/peru\/\" rel=\"tag\">Peru<\/a><\/p><div class=\"post-content\"><div class=\"post-content-inner\"><p>Casa de Acolhimento Irm\u00e3 Ros\u00e1lia Rendu no Peru \u201cO tr\u00e1fico de seres humanos \u00e9 uma ferida no corpo da humanidade contempor\u00e2nea, uma chaga na carne de Cristo\u201d (Papa Francisco). Desde mar\u00e7o de 2023, ano jubilar dos 400 anos da Luz de Pentecostes, o Senhor nos colocou, de forma providencial, diante de um servi\u00e7o arriscado e [&hellip;]<\/p>\n<\/div><\/div>\t\t\t\n\t\t\t<\/article>\n\t\t\t\t\n\t\t\t<article id=\"post-48827\" class=\"et_pb_post clearfix et_pb_blog_item_0_7 post-48827 post type-post status-publish format-standard has-post-thumbnail hentry category-colombia\">\n\n\t\t\t\t<div class=\"et_pb_image_container\"><a href=\"https:\/\/filles-de-la-charite.org\/pt-pt\/una-mano-mas-es-una-victima-menos\/\" class=\"entry-featured-image-url\"><img loading=\"lazy\" decoding=\"async\" src=\"https:\/\/filles-de-la-charite.org\/wp-content\/uploads\/2026\/02\/WhatsApp-Image-2026-02-03-at-16.18.24-400x250.jpeg\" alt=\"Uma m\u00e3o a mais \u00e9 uma v\u00edtima a menos\" class=\"\" srcset=\"https:\/\/filles-de-la-charite.org\/wp-content\/uploads\/2026\/02\/WhatsApp-Image-2026-02-03-at-16.18.24.jpeg 479w, https:\/\/filles-de-la-charite.org\/wp-content\/uploads\/2026\/02\/WhatsApp-Image-2026-02-03-at-16.18.24-400x250.jpeg 480w \" sizes=\"(max-width:479px) 479px, 100vw \"  width=\"400\" height=\"250\" \/><\/a><\/div>\n\t\t\t\t\t\t\t\t\t\t\t\t\t\t<h2 class=\"entry-title\">\n\t\t\t\t\t\t\t\t\t\t\t\t\t<a href=\"https:\/\/filles-de-la-charite.org\/pt-pt\/una-mano-mas-es-una-victima-menos\/\">Uma m\u00e3o a mais \u00e9 uma v\u00edtima a menos<\/a>\n\t\t\t\t\t\t\t\t\t\t\t<\/h2>\n\t\t\t\t\n\t\t\t\t\t<p class=\"post-meta\"><span class=\"published\">Fev 10, 2026<\/span> | <a href=\"https:\/\/filles-de-la-charite.org\/pt-pt\/category\/colombia\/\" rel=\"tag\">Col\u00f4mbia<\/a><\/p><div class=\"post-content\"><div class=\"post-content-inner\"><p>O compromisso das Filhas da Caridade contra o tr\u00e1fico de pessoas na Col\u00f4mbia Nas escolas, nos bairros e nas comunidades educativas, as Filhas da Caridade de S\u00e3o Vicente de Paulo, na Col\u00f4mbia, continuam a tecer uma rede de cuidado e preven\u00e7\u00e3o contra o tr\u00e1fico de pessoas. Por meio da Rede Defensores da Vida, uma iniciativa [&hellip;]<\/p>\n<\/div><\/div>\t\t\t\n\t\t\t<\/article>\n\t\t\t\t\n\t\t\t<article id=\"post-48780\" class=\"et_pb_post clearfix et_pb_blog_item_0_8 post-48780 post type-post status-publish format-standard has-post-thumbnail hentry category-polonia\">\n\n\t\t\t\t<div class=\"et_pb_image_container\"><a href=\"https:\/\/filles-de-la-charite.org\/pt-pt\/si-nuestro-testimonio-ayuda-aunque-sea-a-una-sola-mujer-seremos-felices\/\" class=\"entry-featured-image-url\"><img loading=\"lazy\" decoding=\"async\" src=\"https:\/\/filles-de-la-charite.org\/wp-content\/uploads\/2026\/02\/WhatsApp-Image-2026-01-29-at-16.07.54-400x250.jpeg\" alt=\"Testemunhar para ajudar os outros\" class=\"\" srcset=\"https:\/\/filles-de-la-charite.org\/wp-content\/uploads\/2026\/02\/WhatsApp-Image-2026-01-29-at-16.07.54.jpeg 479w, https:\/\/filles-de-la-charite.org\/wp-content\/uploads\/2026\/02\/WhatsApp-Image-2026-01-29-at-16.07.54-400x250.jpeg 480w \" sizes=\"(max-width:479px) 479px, 100vw \"  width=\"400\" height=\"250\" \/><\/a><\/div>\n\t\t\t\t\t\t\t\t\t\t\t\t\t\t<h2 class=\"entry-title\">\n\t\t\t\t\t\t\t\t\t\t\t\t\t<a href=\"https:\/\/filles-de-la-charite.org\/pt-pt\/si-nuestro-testimonio-ayuda-aunque-sea-a-una-sola-mujer-seremos-felices\/\">Testemunhar para ajudar os outros<\/a>\n\t\t\t\t\t\t\t\t\t\t\t<\/h2>\n\t\t\t\t\n\t\t\t\t\t<p class=\"post-meta\"><span class=\"published\">Fev 8, 2026<\/span> | <a href=\"https:\/\/filles-de-la-charite.org\/pt-pt\/category\/polonia\/\" rel=\"tag\">Pol\u00f3nia<\/a><\/p><div class=\"post-content\"><div class=\"post-content-inner\"><p>Em comunh\u00e3o com o Dia Internacional de Ora\u00e7\u00e3o e Reflex\u00e3o sobre o Combate ao Tr\u00e1fico de Pessoas, decidi conversar com as mulheres atendidas pelo Centro Diurno para Mulheres em situa\u00e7\u00e3o de rua e em situa\u00e7\u00e3o de vulnerabilidade, administrado pela Funda\u00e7\u00e3o Mi\u0142osierdzie. O que encontrei foi surpreendente: uma resposta calorosa, cheia de entusiasmo e abertura. Elas [&hellip;]<\/p>\n<\/div><\/div>\t\t\t\n\t\t\t<\/article>\n\t\t\t\t<\/div><div><div class=\"pagination clearfix\">\n\t<div class=\"alignleft\"><a href=\"https:\/\/filles-de-la-charite.org\/pt-pt\/wp-json\/wp\/v2\/pages\/3494\/page\/2\/?et_blog\" >&laquo; Older Entries<\/a><\/div>\n\t<div class=\"alignright\"><\/div>\n<\/div><\/div><\/div>\n\t\t\t\t\t<\/div>\n\t\t\t\t\t \n\t\t\t\t<\/div>\n\t\t\t<\/div>\n\t\t\t\t\n\t\t\t\t\n\t\t\t\t\n\t\t\t\t\n\t\t\t<\/div>\n\t\t\t\t\n\t\t\t\t\n\t\t\t<\/div><div class=\"et_d4_element et_pb_section et_pb_section_1 et_pb_with_background  et_pb_css_mix_blend_mode et_section_regular et_block_section\" >\n\t\t\t\t\n\t\t\t\t\n\t\t\t\t\n\t\t\t\t\n\t\t\t\t\n\t\t\t\t\n\t\t\t\t<div class=\"et_d4_element et_pb_row et_pb_row_2  et_pb_css_mix_blend_mode et_block_row\">\n\t\t\t\t<div class=\"et_d4_element et_pb_column_4_4 et_pb_column et_pb_column_2  et_pb_css_mix_blend_mode et-last-child et_block_column\">\n\t\t\t\t\n\t\t\t\t\n\t\t\t\t\n\t\t\t\t\n\t\t\t\t<div class=\"et_pb_module et_d4_element et_pb_text et_pb_text_1 et_animated  et_pb_text_align_left et_pb_bg_layout_dark\">\n\t\t\t\t\n\t\t\t\t\n\t\t\t\t\n\t\t\t\t\n\t\t\t\t<div class=\"et_pb_text_inner\"><p>NEWSLETTER<\/p><\/div>\n\t\t\t<\/div><div class=\"et_pb_module et_d4_element et_pb_divider et_pb_divider_1 et_animated et_pb_divider_position_center et_pb_space\"><div class=\"et_pb_divider_internal\"><\/div><\/div><div class=\"et_pb_module et_d4_element et_pb_signup_0 et_animated et_hover_enabled et_pb_newsletter_layout_left_right et_pb_newsletter et_pb_subscribe clearfix  et_pb_text_align_left et_pb_bg_layout_dark et_pb_no_bg\">\n\t\t\t\t\n\t\t\t\t\n\t\t\t\t\n\t\t\t\t\n\t\t\t\t<div class=\"et_pb_newsletter_description\"><h2 class=\"et_pb_module_header\">Mantenha-te atualizado<\/h2><div>\n<p><span>Atrav\u00e9s deste Boletim, partilharemos consigo testemunhos de esperan\u00e7a, projectos em curso e not\u00edcias das nossas comunidades em todo o mundo. Ao registar-te, estar\u00e1s a fazer parte do nosso objectivo de trazer amor e compaix\u00e3o \u00e0queles que mais precisam. <\/span><\/p>\n<p><span>N\u00e3o hesite! regista-se e partilhe a nossa miss\u00e3o com os outros!<\/span><\/p>\n<\/div><\/div>\n\t\t\t\t\n\t\t\t\t<div class=\"et_pb_newsletter_form\">\n\t\t\t\t\t<form method=\"post\" class=\"et_pb_newsletter_custom_fields\">\n\t\t\t\t\t\t<div class=\"et_pb_newsletter_result et_pb_newsletter_error\"><\/div>\n\t\t\t\t\t\t<div class=\"et_pb_newsletter_result et_pb_newsletter_success\">\n\t\t\t\t\t\t\t<h2>Success!<\/h2>\n\t\t\t\t\t\t<\/div>\n\t\t\t\t\t\t<div class=\"et_pb_newsletter_fields\">\n\t\t\t\t\t\t\t\n\t\t\t\t\t<p class=\"et_pb_newsletter_field et_pb_contact_field_last et_pb_contact_field_last_tablet et_pb_contact_field_last_phone\">\n\t\t\t\t\t\t<label class=\"et_pb_contact_form_label\" for=\"et_pb_signup_firstname\" style=\"display: none;\">Name<\/label>\n\t\t\t\t\t\t<input id=\"et_pb_signup_firstname\" class=\"input\" type=\"text\" placeholder=\"Name\" name=\"et_pb_signup_firstname\">\n\t\t\t\t\t<\/p>\n\t\t\t\t\t\t\t\n\t\t\t\t\t\t\t\n\t\t\t\t\t<p class=\"et_pb_newsletter_field et_pb_contact_field_last et_pb_contact_field_last_tablet et_pb_contact_field_last_phone\">\n\t\t\t\t\t\t<label class=\"et_pb_contact_form_label\" for=\"et_pb_signup_email\" style=\"display: none;\">Email<\/label>\n\t\t\t\t\t\t<input id=\"et_pb_signup_email\" class=\"input\" type=\"text\" placeholder=\"Email\" name=\"et_pb_signup_email\">\n\t\t\t\t\t<\/p>\n\t\t\t\t\t\t\t<p class=\"et_pb_contact_field et_d4_element et_pb_signup_custom_field et_pb_signup_custom_field_0 et_pb_newsletter_field et_pb_contact_field_last\" data-id=\"6\" data-type=\"select\">\n\t\t\t\t\n\t\t\t\t\n\t\t\t\t\n\t\t\t\t\n\t\t\t\t<label for=\"et_pb_contact_6_0\" class=\"et_pb_contact_form_label\">Language<\/label>\n\t\t\t\t<select id=\"et_pb_contact_6_0\" class=\"et_pb_contact_select input\" name=\"et_pb_contact_6_0\" data-required_mark=\"required\" data-field_type=\"select\" data-original_id=\"6\">\n\t\t\t\t\t\t<option value=\"\">Language<\/option><option value=\"English [EN]\" data-id=\"0\">English [EN]<\/option><option value=\"Fran\u00e7ais [FR]\" data-id=\"1\">Fran\u00e7ais [FR]<\/option><option value=\"Espa\u00f1ol [ES]\" data-id=\"2\">Espa\u00f1ol [ES]<\/option><option value=\"Polski [PL]\" data-id=\"3\">Polski [PL]<\/option><option value=\"Portugu\u00eas [PT]\" data-id=\"4\">Portugu\u00eas [PT]<\/option><option value=\"Italiano [IT]\" data-id=\"5\">Italiano [IT]<\/option>\n\t\t\t\t\t<\/select>\n\t\t\t<\/p>\n\t\t\t\t\t\t\t\n\t\t\t\t\t<p class=\"et_pb_newsletter_button_wrap\">\n\t\t\t\t\t\t<a class=\"et_pb_newsletter_button et_pb_button\" href=\"#\" data-icon=\"$\">\n\t\t\t\t\t\t\t<span class=\"et_subscribe_loader\"><\/span>\n\t\t\t\t\t\t\t<span class=\"et_pb_newsletter_button_text\">SUBSCRIBE<\/span>\n\t\t\t\t\t\t<\/a>\n\t\t\t\t\t<\/p>\n\t\t\t\t\t\t\t\n\t\t\t\t\t\t<\/div>\n\t\t\t\t\t\t\n\t\t\t\t\t\t<input type=\"hidden\" value=\"mailchimp\" name=\"et_pb_signup_provider\" \/>\n\t\t\t\t\t\t<input type=\"hidden\" value=\"82d5ac37fd\" name=\"et_pb_signup_list_id\" \/>\n\t\t\t\t\t\t<input type=\"hidden\" value=\"MailChimp Web\" name=\"et_pb_signup_account_name\" \/>\n\t\t\t\t\t\t<input type=\"hidden\" value=\"true\" name=\"et_pb_signup_ip_address\" \/><input type=\"hidden\" value=\"a47fce43f5dcb96774a27155c5815f28\" name=\"et_pb_signup_checksum\" \/>\n\t\t\t\t\t<\/form>\n\t\t\t\t<\/div>\n\t\t\t<\/div>\n\t\t\t<\/div>\n\t\t\t\t\n\t\t\t\t\n\t\t\t\t\n\t\t\t\t\n\t\t\t<\/div>\n\t\t\t\t\n\t\t\t\t\n\t\t\t<\/div><\/p>\n","protected":false},"excerpt":{"rendered":"","protected":false},"author":1,"featured_media":0,"parent":0,"menu_order":0,"comment_status":"closed","ping_status":"closed","template":"","meta":{"_acf_changed":false,"_et_pb_use_builder":"on","_et_pb_old_content":"","_et_gb_content_width":"","footnotes":"","_links_to":"","_links_to_target":""},"class_list":["post-3494","page","type-page","status-publish","hentry"],"acf":[],"yoast_head":"<!-- This site is optimized with the Yoast SEO plugin v27.5 - https:\/\/yoast.com\/product\/yoast-seo-wordpress\/ -->\n<title>Not\u00edcias - Filles de la Charit\u00e9<\/title>\n<meta name=\"robots\" content=\"index, follow, max-snippet:-1, max-image-preview:large, max-video-preview:-1\" \/>\n<link rel=\"canonical\" href=\"https:\/\/filles-de-la-charite.org\/pt-pt\/noticias\/\" \/>\n<meta property=\"og:locale\" content=\"pt_PT\" \/>\n<meta property=\"og:type\" content=\"article\" \/>\n<meta property=\"og:title\" content=\"Not\u00edcias - Filles de la Charit\u00e9\" \/>\n<meta property=\"og:url\" content=\"https:\/\/filles-de-la-charite.org\/pt-pt\/noticias\/\" \/>\n<meta property=\"og:site_name\" content=\"Filles de la Charit\u00e9\" \/>\n<meta property=\"article:modified_time\" content=\"2024-09-16T12:09:49+00:00\" \/>\n<meta name=\"twitter:card\" content=\"summary_large_image\" \/>\n<meta name=\"twitter:label1\" content=\"Tempo estimado de leitura\" \/>\n\t<meta name=\"twitter:data1\" content=\"5 minutos\" \/>\n<script type=\"application\/ld+json\" class=\"yoast-schema-graph\">{\"@context\":\"https:\\\/\\\/schema.org\",\"@graph\":[{\"@type\":\"WebPage\",\"@id\":\"https:\\\/\\\/filles-de-la-charite.org\\\/pt-pt\\\/noticias\\\/\",\"url\":\"https:\\\/\\\/filles-de-la-charite.org\\\/pt-pt\\\/noticias\\\/\",\"name\":\"Not\u00edcias - Filles de la Charit\u00e9\",\"isPartOf\":{\"@id\":\"https:\\\/\\\/filles-de-la-charite.org\\\/pt-pt\\\/#website\"},\"datePublished\":\"2023-03-21T13:03:14+00:00\",\"dateModified\":\"2024-09-16T12:09:49+00:00\",\"inLanguage\":\"pt-PT\",\"potentialAction\":[{\"@type\":\"ReadAction\",\"target\":[\"https:\\\/\\\/filles-de-la-charite.org\\\/pt-pt\\\/noticias\\\/\"]}]},{\"@type\":\"WebSite\",\"@id\":\"https:\\\/\\\/filles-de-la-charite.org\\\/pt-pt\\\/#website\",\"url\":\"https:\\\/\\\/filles-de-la-charite.org\\\/pt-pt\\\/\",\"name\":\"Hijas de la Caridad\",\"description\":\"L\u2019amour de J\u00e9sus nous presse \u00e0 prendre soin des personnes les plus d\u00e9munies\",\"publisher\":{\"@id\":\"https:\\\/\\\/filles-de-la-charite.org\\\/pt-pt\\\/#organization\"},\"potentialAction\":[{\"@type\":\"SearchAction\",\"target\":{\"@type\":\"EntryPoint\",\"urlTemplate\":\"https:\\\/\\\/filles-de-la-charite.org\\\/pt-pt\\\/?s={search_term_string}\"},\"query-input\":{\"@type\":\"PropertyValueSpecification\",\"valueRequired\":true,\"valueName\":\"search_term_string\"}}],\"inLanguage\":\"pt-PT\"},{\"@type\":\"Organization\",\"@id\":\"https:\\\/\\\/filles-de-la-charite.org\\\/pt-pt\\\/#organization\",\"name\":\"Hijas de la Caridad\",\"url\":\"https:\\\/\\\/filles-de-la-charite.org\\\/pt-pt\\\/\",\"logo\":{\"@type\":\"ImageObject\",\"inLanguage\":\"pt-PT\",\"@id\":\"https:\\\/\\\/filles-de-la-charite.org\\\/pt-pt\\\/#\\\/schema\\\/logo\\\/image\\\/\",\"url\":\"https:\\\/\\\/filles-de-la-charite.org\\\/wp-content\\\/uploads\\\/2023\\\/03\\\/isotipo-Hijas-de-la-Caridad.png\",\"contentUrl\":\"https:\\\/\\\/filles-de-la-charite.org\\\/wp-content\\\/uploads\\\/2023\\\/03\\\/isotipo-Hijas-de-la-Caridad.png\",\"width\":1417,\"height\":1417,\"caption\":\"Hijas de la Caridad\"},\"image\":{\"@id\":\"https:\\\/\\\/filles-de-la-charite.org\\\/pt-pt\\\/#\\\/schema\\\/logo\\\/image\\\/\"}}]}<\/script>\n<!-- \/ Yoast SEO plugin. -->","yoast_head_json":{"title":"Not\u00edcias - Filles de la Charit\u00e9","robots":{"index":"index","follow":"follow","max-snippet":"max-snippet:-1","max-image-preview":"max-image-preview:large","max-video-preview":"max-video-preview:-1"},"canonical":"https:\/\/filles-de-la-charite.org\/pt-pt\/noticias\/","og_locale":"pt_PT","og_type":"article","og_title":"Not\u00edcias - Filles de la Charit\u00e9","og_url":"https:\/\/filles-de-la-charite.org\/pt-pt\/noticias\/","og_site_name":"Filles de la Charit\u00e9","article_modified_time":"2024-09-16T12:09:49+00:00","twitter_card":"summary_large_image","twitter_misc":{"Tempo estimado de leitura":"5 minutos"},"schema":{"@context":"https:\/\/schema.org","@graph":[{"@type":"WebPage","@id":"https:\/\/filles-de-la-charite.org\/pt-pt\/noticias\/","url":"https:\/\/filles-de-la-charite.org\/pt-pt\/noticias\/","name":"Not\u00edcias - Filles de la Charit\u00e9","isPartOf":{"@id":"https:\/\/filles-de-la-charite.org\/pt-pt\/#website"},"datePublished":"2023-03-21T13:03:14+00:00","dateModified":"2024-09-16T12:09:49+00:00","inLanguage":"pt-PT","potentialAction":[{"@type":"ReadAction","target":["https:\/\/filles-de-la-charite.org\/pt-pt\/noticias\/"]}]},{"@type":"WebSite","@id":"https:\/\/filles-de-la-charite.org\/pt-pt\/#website","url":"https:\/\/filles-de-la-charite.org\/pt-pt\/","name":"Hijas de la Caridad","description":"L\u2019amour de J\u00e9sus nous presse \u00e0 prendre soin des personnes les plus d\u00e9munies","publisher":{"@id":"https:\/\/filles-de-la-charite.org\/pt-pt\/#organization"},"potentialAction":[{"@type":"SearchAction","target":{"@type":"EntryPoint","urlTemplate":"https:\/\/filles-de-la-charite.org\/pt-pt\/?s={search_term_string}"},"query-input":{"@type":"PropertyValueSpecification","valueRequired":true,"valueName":"search_term_string"}}],"inLanguage":"pt-PT"},{"@type":"Organization","@id":"https:\/\/filles-de-la-charite.org\/pt-pt\/#organization","name":"Hijas de la Caridad","url":"https:\/\/filles-de-la-charite.org\/pt-pt\/","logo":{"@type":"ImageObject","inLanguage":"pt-PT","@id":"https:\/\/filles-de-la-charite.org\/pt-pt\/#\/schema\/logo\/image\/","url":"https:\/\/filles-de-la-charite.org\/wp-content\/uploads\/2023\/03\/isotipo-Hijas-de-la-Caridad.png","contentUrl":"https:\/\/filles-de-la-charite.org\/wp-content\/uploads\/2023\/03\/isotipo-Hijas-de-la-Caridad.png","width":1417,"height":1417,"caption":"Hijas de la Caridad"},"image":{"@id":"https:\/\/filles-de-la-charite.org\/pt-pt\/#\/schema\/logo\/image\/"}}]}},"_links":{"self":[{"href":"https:\/\/filles-de-la-charite.org\/pt-pt\/wp-json\/wp\/v2\/pages\/3494","targetHints":{"allow":["GET"]}}],"collection":[{"href":"https:\/\/filles-de-la-charite.org\/pt-pt\/wp-json\/wp\/v2\/pages"}],"about":[{"href":"https:\/\/filles-de-la-charite.org\/pt-pt\/wp-json\/wp\/v2\/types\/page"}],"author":[{"embeddable":true,"href":"https:\/\/filles-de-la-charite.org\/pt-pt\/wp-json\/wp\/v2\/users\/1"}],"replies":[{"embeddable":true,"href":"https:\/\/filles-de-la-charite.org\/pt-pt\/wp-json\/wp\/v2\/comments?post=3494"}],"version-history":[{"count":20,"href":"https:\/\/filles-de-la-charite.org\/pt-pt\/wp-json\/wp\/v2\/pages\/3494\/revisions"}],"predecessor-version":[{"id":39422,"href":"https:\/\/filles-de-la-charite.org\/pt-pt\/wp-json\/wp\/v2\/pages\/3494\/revisions\/39422"}],"wp:attachment":[{"href":"https:\/\/filles-de-la-charite.org\/pt-pt\/wp-json\/wp\/v2\/media?parent=3494"}],"curies":[{"name":"wp","href":"https:\/\/api.w.org\/{rel}","templated":true}]}}