{"id":35845,"date":"2024-05-20T07:58:05","date_gmt":"2024-05-20T05:58:05","guid":{"rendered":"https:\/\/hijascaridad.sjdigitaldemo.ovh\/politica-de-cookies\/"},"modified":"2024-09-16T19:01:03","modified_gmt":"2024-09-16T17:01:03","slug":"politica-de-cookies","status":"publish","type":"page","link":"https:\/\/filles-de-la-charite.org\/pt-pt\/politica-de-cookies\/","title":{"rendered":"Pol\u00edtica de cookies"},"content":{"rendered":"<div class=\"et_d4_element et_pb_section et_pb_section_0  et_pb_css_mix_blend_mode et_section_regular et_block_section\" >\n\t\t\t\t\n\t\t\t\t\n\t\t\t\t\n\t\t\t\t\n\t\t\t\t\n\t\t\t\t\n\t\t\t\t<div class=\"et_d4_element et_pb_row et_pb_row_0  et_pb_css_mix_blend_mode et_block_row\">\n\t\t\t\t\t\t\t\t<div class=\"et_d4_element et_pb_column_4_4 et_pb_column et_pb_column_0  et_pb_css_mix_blend_mode et-last-child et_block_column\">\n\t\t\t\t\n\t\t\t\t\n\t\t\t\t\n\t\t\t\t\n\t\t\t\t<div class=\"et_pb_module et_d4_element et_pb_text et_pb_text_0  et_pb_text_align_left et_pb_bg_layout_light\">\n\t\t\t\t\n\t\t\t\t\n\t\t\t\t\n\t\t\t\t\n\t\t\t\t<div class=\"et_pb_text_inner\"><p>Esta Pol\u00edtica de Cookies foi actualizada pela \u00faltima vez em 19 Agosto 2022 e aplica-se a cidad\u00e3os e residentes legais permanentes do Espa\u00e7o Econ\u00f3mico Europeu e Su\u00ed\u00e7a.<\/p>\n\n<h3 class=\"wp-block-heading\">1. Introdu\u00e7\u00e3o<\/h3>\n\n<p>Nosso website, <a href=\"https:\/\/www.filles-de-la-charite.org\/\">https:\/\/www.filles-de-la-charite.org<\/a> (doravante: \"o website\") utiliza cookies e outras tecnologias relacionadas (para simplificar, todas essas tecnologias que s\u00e3o referidas como \"cookies\"). Os cookies tamb\u00e9m s\u00e3o colocados por terceiros contratados por n\u00f3s. No documento abaixo, informamos sobre o uso de cookies em nosso website.<\/p>\n\n<h3 class=\"wp-block-heading\">2. O que s\u00e3o cookies?<\/h3>\n\n<p>Os cookies s\u00e3o pequenos ficheiros de texto que um site, quando visitado, coloca no computador do utilizador ou no seu dispositivo m\u00f3vel, atrav\u00e9s do navegador de internet. As informa\u00e7\u00f5es ali armazenadas podem ser enviadas de volta para nossos servidores ou para os servidores de terceiros em quest\u00e3o durante uma visita posterior.<\/p>\n\n<h3 class=\"wp-block-heading\">3. O que s\u00e3o os scripts?<\/h3>\n\n<p>Um script \u00e9 uma sequ\u00eancia de c\u00f3digos utilizados para que o nosso website funcione corretamente e de forma interactiva. Este c\u00f3digo \u00e9 executado no nosso servidor ou no seu dispositivo.<\/p>\n\n<h3 class=\"wp-block-heading\">4. O que \u00e9 uma Web Bug?<\/h3>\n\n<p>Uma tag invis\u00edvel (ou web beacon) \u00e9 uma pequena por\u00e7\u00e3o de texto ou imagem invis\u00edvel em um website, usado para rastrear o tr\u00e1fego em um website. Para fazer isso, v\u00e1rios dados sobre voc\u00ea s\u00e3o armazenados usando tags invis\u00edveis.<\/p>\n\n<h3 class=\"wp-block-heading\">5. Consentimento<\/h3>\n\n<p>Quando visitar o nosso s\u00edtio Web pela primeira vez, ser-lhe-\u00e1 apresentada uma janela pop-up com uma explica\u00e7\u00e3o sobre os cookies. Assim que clicar em \u201cGuardar prefer\u00eancias\u201d, autoriza-nos a utilizar as categorias de cookies e plugins que seleccionou na janela pop-up, tal como descrito na presente pol\u00edtica de cookies. Pode desativar a utiliza\u00e7\u00e3o de cookies atrav\u00e9s do seu browser, mas tenha em aten\u00e7\u00e3o que o nosso s\u00edtio Web pode deixar de funcionar corretamente.<\/p>\n\n<h3 class=\"wp-block-heading\">6. Cookies<\/h3>\n\n<h4 class=\"wp-block-heading\">5.1 Cookies t\u00e9cnicos ou funcionais<\/h4>\n\n<p>Alguns cookies garantem que certas partes do site funcionem corretamente e que suas prefer\u00eancias como usu\u00e1rio sejam levadas em conta. Ao colocar cookies funcionais, tornamos mais f\u00e1cil para voc\u00ea visitar nosso website. Isto significa que voc\u00ea n\u00e3o precisa inserir as mesmas informa\u00e7\u00f5es repetidamente ao visitar nosso website e, por exemplo, os itens permanecem num cesto at\u00e9 que tenha sido pago. Podemos colocar estes cookies sem o seu consentimento.<\/p>\n\n<h4 class=\"wp-block-heading\">5.2 Cookies anal\u00edticos<\/h4>\n\n<p>Usamos cookies anal\u00edticos para otimizar a experi\u00eancia do site para nossos usu\u00e1rios. Com estes cookies anal\u00edticos, obtemos informa\u00e7\u00f5es sobre o uso de nosso site. Pedimos sua permiss\u00e3o para inserir cookies anal\u00edticos.<\/p>\n\n<h4 class=\"wp-block-heading\">5.3 Cookies de marketing \/ rastreamento<\/h4>\n\n<p>Cookies de marketing \/ rastreamento s\u00e3o cookies ou qualquer outra forma de armazenamento local, usados para criar perfis de usu\u00e1rio para exibir publicidade ou para rastrear o usu\u00e1rio neste site ou em v\u00e1rios sites para fins de marketing semelhantes. Isto acontece com base num perfil que criamos com base no seu comportamento em <a href=\"https:\/\/www.filles-de-la-charite.org\/\">https:\/\/www.filles-de-la-charite.org. <\/a> Com estes cookies, o utilizador, enquanto visitante do s\u00edtio Web, \u00e9 associado a um ID \u00fanico, mas estes cookies n\u00e3o criam um perfil do seu comportamento e interesses para apresentar an\u00fancios personalizados.<\/p>\n\n<h4 class=\"wp-block-heading\">6.4 Bot\u00f5es das redes sociais<\/h4>\n\n<p>No nosso s\u00edtio Web, inclu\u00edmos bot\u00f5es do Facebook e do Twitter para promover s\u00edtios Web (por exemplo, \u201cgosto\u201d, \u201cpin\u201d) ou partilhar (por exemplo, \u201ctweet\u201d) em redes sociais como o Facebook e o Twitter. Estes bot\u00f5es funcionam utilizando peda\u00e7os de c\u00f3digo do Facebook e do Twitter. Este c\u00f3digo define cookies. Estes bot\u00f5es das redes sociais podem tamb\u00e9m armazenar e processar determinadas informa\u00e7\u00f5es, para que lhe seja apresentado um an\u00fancio personalizado.<\/p>\n\n<h3 class=\"wp-block-heading\">7. Cookies utilizados<\/h3>\n\n<p>Abaixo est\u00e3o os cookies espec\u00edficos que utilizamos no nosso s\u00edtio Web:<\/p>\n\n<figure class=\"wp-block-table\"><table><thead><tr><th>Nome do cookie<\/th><th>Tipo de cookie<\/th><th>Objetivo<\/th><th>Dura\u00e7\u00e3o<\/th><\/tr><\/thead><tbody><tr><td>_ga<\/td><td>An\u00e1lises (Google Analytics)<\/td><td>\u00c9 utilizado para distinguir os utilizadores.<\/td><td>2 anos<\/td><\/tr><tr><td>_gid<\/td><td>An\u00e1lises (Google Analytics)<\/td><td>\u00c9 utilizado para distinguir os utilizadores.<\/td><td>24 horas<\/td><\/tr><tr><td>_gat<\/td><td>An\u00e1lises (Google Analytics)<\/td><td>Utilizado para limitar a percentagem de pedidos.<\/td><td>1 minuto<\/td><\/tr><tr><td>wp-settings-{user}<\/td><td>Funcional (WordPress)<\/td><td>Utilizado para preservar a configura\u00e7\u00e3o wp-admin do utilizador.<\/td><td>1 ano<\/td><\/tr><tr><td>wp-settings-time-{user}<\/td><td>Funcional (WordPress)<\/td><td>Hora em que o wp-settings- foi configurado {user}.<\/td><td>1 ano<\/td><\/tr><tr><td>wordpress_logged_in_{hash}<\/td><td>Funcional (WordPress)<\/td><td>Indica quando iniciou sess\u00e3o e quem \u00e9 o utilizador.<\/td><td>Sess\u00e3o<\/td><\/tr><tr><td>wordpress_test_cookie<\/td><td>Funcional (WordPress)<\/td><td>Utilizado pelo WordPress para verificar se o seu browser tem os cookies activados.<\/td><td>Sess\u00e3o<\/td><\/tr><\/tbody><\/table><\/figure>\n\n<h3 class=\"wp-block-heading\">8. Os seus direitos relativamente aos dados pessoais<\/h3>\n\n<p>Voc\u00ea tem os seguintes direitos em rela\u00e7\u00e3o aos seus dados pessoais:<\/p>\n\n<ul class=\"wp-block-list\">\n<li>\u2022 Voc\u00ea tem o direito de saber por que os seus dados pessoais s\u00e3o necess\u00e1rios, o que acontecer\u00e1 com eles e por quanto tempo eles ser\u00e3o mantidos.<\/li>\n\n\n\n<li>\u2022 Direito de acesso: voc\u00ea tem o direito de acessar seus dados pessoais conhecidos por n\u00f3s.<\/li>\n\n\n\n<li>\u2022 Direito de retifica\u00e7\u00e3o: voc\u00ea tem o direito de, a qualquer momento, completar, corrigir, apagar ou bloquear seus dados pessoais.<\/li>\n\n\n\n<li>\u2022 Se voc\u00ea nos der seu consentimento para o processamento de seus dados, voc\u00ea tem o direito de revogar este consentimento e de ter seus dados pessoais apagados.<\/li>\n\n\n\n<li>\u2022 Direito de transferir seus dados: voc\u00ea tem o direito de solicitar todos os seus dados pessoais ao controlador de dados e de transferi-los na \u00edntegra para outro controlador de dados.<\/li>\n\n\n\n<li>\u2022 Direito de obje\u00e7\u00e3o: voc\u00ea tem o direito de obje\u00e7\u00e3o ao processamento de seus dados. Cumpriremos, a menos que haja raz\u00f5es para tal processamento.<\/li>\n<\/ul>\n\n<p>Para exercer estes direitos, por favor, entre em contato conosco. Favor consultar as informa\u00e7\u00f5es de contato na parte inferior desta pol\u00edtica de cookies. Se voc\u00ea tiver uma reclama\u00e7\u00e3o sobre a forma como processamos seus dados, gostar\u00edamos de ser informados, mas voc\u00ea tamb\u00e9m tem o direito de apresentar uma reclama\u00e7\u00e3o \u00e0 autoridade de controle (a autoridade de prote\u00e7\u00e3o de dados, como a AEPD).<\/p>\n\n<h3 class=\"wp-block-heading\">9. Ativar\/desativar e excluir cookies<\/h3>\n\n<p>Voc\u00ea pode usar seu navegador web para excluir cookies automaticamente ou manualmente. Voc\u00ea tamb\u00e9m pode especificar que certos cookies n\u00e3o podem ser colocados. Outra op\u00e7\u00e3o \u00e9 alterar as configura\u00e7\u00f5es de seu navegador web para que voc\u00ea receba uma mensagem cada vez que um cookie \u00e9 colocado. Para mais informa\u00e7\u00f5es sobre estas op\u00e7\u00f5es, consulte as instru\u00e7\u00f5es na se\u00e7\u00e3o Ajuda do seu navegador.<\/p>\n\n<p>Por favor tenha em conta que o nosso site pode n\u00e3o funcionar correctamente se todos os cookies forem desactivados. Se excluir os cookies do seu navegador, ser\u00e3o adicionados de novo ap\u00f3s o seu consentimento quando visitar o nosso site outra vez.<\/p>\n\n<h3 class=\"wp-block-heading\">10. Contato<\/h3>\n\n<p>Para perguntas e\/ou coment\u00e1rios sobre nossa pol\u00edtica de cookies e esta declara\u00e7\u00e3o, favor entrar em contato conosco usando as seguintes informa\u00e7\u00f5es de contato:<\/p>\n\n<p>Filhas da Caridade de S\u00e3o Vicente de Paulo<br\/><a href=\"https:\/\/www.filles-de-la-charite.org\/\">https:\/\/www.filles-de-la-charite.org<\/a><\/p>\n\n<p>Filhas da Caridade de S\u00e3o Vicente de Paulo<br\/>140 rue du Bac<br\/>75340 Paris Cedex 07<br\/>FRANCE<br\/>Fran\u00e7a<br\/>Web: <a href=\"https:\/\/www.filles-de-la-charite.org\">https:\/\/www.filles-de-la-charite.org<\/a><br\/>Endere\u00e7o eletr\u00f3nico: cfdlc1633@gmail.com<br\/><\/p>\n\n<p>Esta Pol\u00edtica de Cookies foi sincronizada com <a href=\"https:\/\/cookiedatabase.org\/\" target=\"_blank\" rel=\"noreferrer noopener\">cookiedatabase.org<\/a> em 9 Novembro 2021.<\/p><\/div>\n\t\t\t<\/div>\n\t\t\t<\/div>\t\t\t\n\t\t\t\t\n\t\t\t\t\n\t\t\t\t\n\t\t\t\t\n\t\t\t<\/div>\t\t\n\t\t\t\t\n\t\t\t\t\n\t\t\t<\/div>\n","protected":false},"excerpt":{"rendered":"","protected":false},"author":1,"featured_media":0,"parent":0,"menu_order":0,"comment_status":"closed","ping_status":"closed","template":"","meta":{"_acf_changed":false,"_et_pb_use_builder":"on","_et_pb_old_content":"","_et_gb_content_width":"","footnotes":"","_links_to":"","_links_to_target":""},"class_list":["post-35845","page","type-page","status-publish","hentry"],"acf":[],"yoast_head":"<!-- This site is optimized with the Yoast SEO plugin v27.5 - https:\/\/yoast.com\/product\/yoast-seo-wordpress\/ -->\n<title>Pol\u00edtica de cookies - Filles de la Charit\u00e9<\/title>\n<meta name=\"robots\" content=\"index, follow, max-snippet:-1, max-image-preview:large, max-video-preview:-1\" \/>\n<link rel=\"canonical\" href=\"https:\/\/filles-de-la-charite.org\/pt-pt\/politica-de-cookies\/\" \/>\n<meta property=\"og:locale\" content=\"pt_PT\" \/>\n<meta property=\"og:type\" content=\"article\" \/>\n<meta property=\"og:title\" content=\"Pol\u00edtica de cookies - Filles de la Charit\u00e9\" \/>\n<meta property=\"og:url\" content=\"https:\/\/filles-de-la-charite.org\/pt-pt\/politica-de-cookies\/\" \/>\n<meta property=\"og:site_name\" content=\"Filles de la Charit\u00e9\" \/>\n<meta property=\"article:modified_time\" content=\"2024-09-16T17:01:03+00:00\" \/>\n<meta name=\"twitter:card\" content=\"summary_large_image\" \/>\n<meta name=\"twitter:label1\" content=\"Tempo estimado de leitura\" \/>\n\t<meta name=\"twitter:data1\" content=\"6 minutos\" \/>\n<script type=\"application\/ld+json\" class=\"yoast-schema-graph\">{\"@context\":\"https:\\\/\\\/schema.org\",\"@graph\":[{\"@type\":\"WebPage\",\"@id\":\"https:\\\/\\\/filles-de-la-charite.org\\\/pt-pt\\\/politica-de-cookies\\\/\",\"url\":\"https:\\\/\\\/filles-de-la-charite.org\\\/pt-pt\\\/politica-de-cookies\\\/\",\"name\":\"Pol\u00edtica de cookies - Filles de la Charit\u00e9\",\"isPartOf\":{\"@id\":\"https:\\\/\\\/filles-de-la-charite.org\\\/pt-pt\\\/#website\"},\"datePublished\":\"2024-05-20T05:58:05+00:00\",\"dateModified\":\"2024-09-16T17:01:03+00:00\",\"inLanguage\":\"pt-PT\",\"potentialAction\":[{\"@type\":\"ReadAction\",\"target\":[\"https:\\\/\\\/filles-de-la-charite.org\\\/pt-pt\\\/politica-de-cookies\\\/\"]}]},{\"@type\":\"WebSite\",\"@id\":\"https:\\\/\\\/filles-de-la-charite.org\\\/pt-pt\\\/#website\",\"url\":\"https:\\\/\\\/filles-de-la-charite.org\\\/pt-pt\\\/\",\"name\":\"Hijas de la Caridad\",\"description\":\"L\u2019amour de J\u00e9sus nous presse \u00e0 prendre soin des personnes les plus d\u00e9munies\",\"publisher\":{\"@id\":\"https:\\\/\\\/filles-de-la-charite.org\\\/pt-pt\\\/#organization\"},\"potentialAction\":[{\"@type\":\"SearchAction\",\"target\":{\"@type\":\"EntryPoint\",\"urlTemplate\":\"https:\\\/\\\/filles-de-la-charite.org\\\/pt-pt\\\/?s={search_term_string}\"},\"query-input\":{\"@type\":\"PropertyValueSpecification\",\"valueRequired\":true,\"valueName\":\"search_term_string\"}}],\"inLanguage\":\"pt-PT\"},{\"@type\":\"Organization\",\"@id\":\"https:\\\/\\\/filles-de-la-charite.org\\\/pt-pt\\\/#organization\",\"name\":\"Hijas de la Caridad\",\"url\":\"https:\\\/\\\/filles-de-la-charite.org\\\/pt-pt\\\/\",\"logo\":{\"@type\":\"ImageObject\",\"inLanguage\":\"pt-PT\",\"@id\":\"https:\\\/\\\/filles-de-la-charite.org\\\/pt-pt\\\/#\\\/schema\\\/logo\\\/image\\\/\",\"url\":\"https:\\\/\\\/filles-de-la-charite.org\\\/wp-content\\\/uploads\\\/2023\\\/03\\\/isotipo-Hijas-de-la-Caridad.png\",\"contentUrl\":\"https:\\\/\\\/filles-de-la-charite.org\\\/wp-content\\\/uploads\\\/2023\\\/03\\\/isotipo-Hijas-de-la-Caridad.png\",\"width\":1417,\"height\":1417,\"caption\":\"Hijas de la Caridad\"},\"image\":{\"@id\":\"https:\\\/\\\/filles-de-la-charite.org\\\/pt-pt\\\/#\\\/schema\\\/logo\\\/image\\\/\"}}]}<\/script>\n<!-- \/ Yoast SEO plugin. -->","yoast_head_json":{"title":"Pol\u00edtica de cookies - Filles de la Charit\u00e9","robots":{"index":"index","follow":"follow","max-snippet":"max-snippet:-1","max-image-preview":"max-image-preview:large","max-video-preview":"max-video-preview:-1"},"canonical":"https:\/\/filles-de-la-charite.org\/pt-pt\/politica-de-cookies\/","og_locale":"pt_PT","og_type":"article","og_title":"Pol\u00edtica de cookies - Filles de la Charit\u00e9","og_url":"https:\/\/filles-de-la-charite.org\/pt-pt\/politica-de-cookies\/","og_site_name":"Filles de la Charit\u00e9","article_modified_time":"2024-09-16T17:01:03+00:00","twitter_card":"summary_large_image","twitter_misc":{"Tempo estimado de leitura":"6 minutos"},"schema":{"@context":"https:\/\/schema.org","@graph":[{"@type":"WebPage","@id":"https:\/\/filles-de-la-charite.org\/pt-pt\/politica-de-cookies\/","url":"https:\/\/filles-de-la-charite.org\/pt-pt\/politica-de-cookies\/","name":"Pol\u00edtica de cookies - Filles de la Charit\u00e9","isPartOf":{"@id":"https:\/\/filles-de-la-charite.org\/pt-pt\/#website"},"datePublished":"2024-05-20T05:58:05+00:00","dateModified":"2024-09-16T17:01:03+00:00","inLanguage":"pt-PT","potentialAction":[{"@type":"ReadAction","target":["https:\/\/filles-de-la-charite.org\/pt-pt\/politica-de-cookies\/"]}]},{"@type":"WebSite","@id":"https:\/\/filles-de-la-charite.org\/pt-pt\/#website","url":"https:\/\/filles-de-la-charite.org\/pt-pt\/","name":"Hijas de la Caridad","description":"L\u2019amour de J\u00e9sus nous presse \u00e0 prendre soin des personnes les plus d\u00e9munies","publisher":{"@id":"https:\/\/filles-de-la-charite.org\/pt-pt\/#organization"},"potentialAction":[{"@type":"SearchAction","target":{"@type":"EntryPoint","urlTemplate":"https:\/\/filles-de-la-charite.org\/pt-pt\/?s={search_term_string}"},"query-input":{"@type":"PropertyValueSpecification","valueRequired":true,"valueName":"search_term_string"}}],"inLanguage":"pt-PT"},{"@type":"Organization","@id":"https:\/\/filles-de-la-charite.org\/pt-pt\/#organization","name":"Hijas de la Caridad","url":"https:\/\/filles-de-la-charite.org\/pt-pt\/","logo":{"@type":"ImageObject","inLanguage":"pt-PT","@id":"https:\/\/filles-de-la-charite.org\/pt-pt\/#\/schema\/logo\/image\/","url":"https:\/\/filles-de-la-charite.org\/wp-content\/uploads\/2023\/03\/isotipo-Hijas-de-la-Caridad.png","contentUrl":"https:\/\/filles-de-la-charite.org\/wp-content\/uploads\/2023\/03\/isotipo-Hijas-de-la-Caridad.png","width":1417,"height":1417,"caption":"Hijas de la Caridad"},"image":{"@id":"https:\/\/filles-de-la-charite.org\/pt-pt\/#\/schema\/logo\/image\/"}}]}},"_links":{"self":[{"href":"https:\/\/filles-de-la-charite.org\/pt-pt\/wp-json\/wp\/v2\/pages\/35845","targetHints":{"allow":["GET"]}}],"collection":[{"href":"https:\/\/filles-de-la-charite.org\/pt-pt\/wp-json\/wp\/v2\/pages"}],"about":[{"href":"https:\/\/filles-de-la-charite.org\/pt-pt\/wp-json\/wp\/v2\/types\/page"}],"author":[{"embeddable":true,"href":"https:\/\/filles-de-la-charite.org\/pt-pt\/wp-json\/wp\/v2\/users\/1"}],"replies":[{"embeddable":true,"href":"https:\/\/filles-de-la-charite.org\/pt-pt\/wp-json\/wp\/v2\/comments?post=35845"}],"version-history":[{"count":6,"href":"https:\/\/filles-de-la-charite.org\/pt-pt\/wp-json\/wp\/v2\/pages\/35845\/revisions"}],"predecessor-version":[{"id":39425,"href":"https:\/\/filles-de-la-charite.org\/pt-pt\/wp-json\/wp\/v2\/pages\/35845\/revisions\/39425"}],"wp:attachment":[{"href":"https:\/\/filles-de-la-charite.org\/pt-pt\/wp-json\/wp\/v2\/media?parent=35845"}],"curies":[{"name":"wp","href":"https:\/\/api.w.org\/{rel}","templated":true}]}}