{"id":26153,"date":"2021-06-30T22:00:00","date_gmt":"2021-06-30T20:00:00","guid":{"rendered":"https:\/\/hijascaridad.sjdigitaldemo.ovh\/rincon-oracion\/os-presentes-do-ceu\/"},"modified":"2021-06-30T22:00:00","modified_gmt":"2021-06-30T20:00:00","slug":"os-presentes-do-ceu","status":"publish","type":"rincon-oracion","link":"https:\/\/filles-de-la-charite.org\/pt-pt\/rincon-oracion\/os-presentes-do-ceu\/","title":{"rendered":"Os presentes do c\u00e9u."},"content":{"rendered":"\n<h2 class=\"has-text-align-center wp-block-heading\">O Escapul\u00e1rio Verde.<\/h2>\n\n\n\n<p>Em minha opini\u00e3o, apesar das guerras e dos v\u00e1rios horrores que nos amea\u00e7am, vivemos o tempo mais feliz, porque \u00e9 o tempo da Sant\u00edssima Virgem Maria. Ela nunca esteve t\u00e3o perto de n\u00f3s. Temos in\u00fameros sinais que provam que ela deixou as alturas da Galileia celestial para nos oferecer uma nova Bel\u00e9m, reintegrando Cristo nos cora\u00e7\u00f5es humanos pobres. Com sua doce presen\u00e7a, ela n\u00e3o agraciou Portugal, It\u00e1lia, Alemanha, Pol\u00f4nia e Fran\u00e7a de uma forma especial? Por toda parte h\u00e1 testemunhas que nos asseguram sua presen\u00e7a com provas verdadeiramente miraculosas. Verdadeiramente, a M\u00e3e de Deus vive entre n\u00f3s. <\/p>\n\n\n\n<p>No entanto, h\u00e1 uma sombra nesta imagem...a sombra da besta. A serpente est\u00e1 se entrela\u00e7ando para semear a destrui\u00e7\u00e3o em todos os lugares. Possivelmente, sua presen\u00e7a nunca foi t\u00e3o sentida como hoje. Afinal, ela sabe melhor do que ningu\u00e9m que talvez em breve o tempo ser\u00e1 cumprido e ent\u00e3o seu poder ser\u00e1 limitado. Ela nunca esqueceu as palavras pronunciadas contra ela no para\u00edso na terra: .\"Porei inimizade entre ti e a mulher, entre a tua descend\u00eancia e a dela. Esta te ferir\u00e1 a cabe\u00e7a, e tu lhe ferir\u00e1s o calcanhar\u201d(G\u00eanesis 3:15)<\/p>\n\n\n\n<figure class=\"wp-block-embed-youtube wp-block-embed is-type-video is-provider-youtube wp-embed-aspect-16-9 wp-has-aspect-ratio\"><div class=\"wp-block-embed__wrapper\">\n<iframe loading=\"lazy\" title=\"PC Julho  2021 O Escapul\u00e1rio Verde PT\" width=\"1080\" height=\"608\" src=\"https:\/\/www.youtube.com\/embed\/MAN6E9HYR1I?feature=oembed\"  allow=\"accelerometer; autoplay; clipboard-write; encrypted-media; gyroscope; picture-in-picture; web-share\" referrerpolicy=\"strict-origin-when-cross-origin\" allowfullscreen><\/iframe>\n<\/div><\/figure>\n","protected":false},"featured_media":26154,"template":"","meta":{"_acf_changed":false,"_links_to":"","_links_to_target":""},"class_list":["post-26153","rincon-oracion","type-rincon-oracion","status-publish","has-post-thumbnail","hentry"],"acf":[],"yoast_head":"<!-- This site is optimized with the Yoast SEO plugin v27.5 - https:\/\/yoast.com\/product\/yoast-seo-wordpress\/ -->\n<title>Os presentes do c\u00e9u. - Filles de la Charit\u00e9<\/title>\n<meta name=\"robots\" content=\"index, follow, max-snippet:-1, max-image-preview:large, max-video-preview:-1\" \/>\n<link rel=\"canonical\" href=\"https:\/\/filles-de-la-charite.org\/pt-pt\/rincon-oracion\/os-presentes-do-ceu\/\" \/>\n<meta property=\"og:locale\" content=\"pt_PT\" \/>\n<meta property=\"og:type\" content=\"article\" \/>\n<meta property=\"og:title\" content=\"Os presentes do c\u00e9u. - Filles de la Charit\u00e9\" \/>\n<meta property=\"og:description\" content=\"O Escapul\u00e1rio Verde. Em minha opini\u00e3o, apesar das guerras e dos v\u00e1rios horrores que nos amea\u00e7am, vivemos o tempo mais feliz, porque \u00e9 o tempo da Sant\u00edssima Virgem Maria. Ela nunca esteve t\u00e3o perto de n\u00f3s. Temos in\u00fameros sinais que provam que ela deixou as alturas da Galileia celestial para nos oferecer uma nova Bel\u00e9m, [&hellip;]\" \/>\n<meta property=\"og:url\" content=\"https:\/\/filles-de-la-charite.org\/pt-pt\/rincon-oracion\/os-presentes-do-ceu\/\" \/>\n<meta property=\"og:site_name\" content=\"Filles de la Charit\u00e9\" \/>\n<meta property=\"og:image\" content=\"https:\/\/filles-de-la-charite.org\/wp-content\/uploads\/2023\/06\/PC-July-2021_O-Escapulario-Verde_PT-scaled-1.jpg\" \/>\n\t<meta property=\"og:image:width\" content=\"2560\" \/>\n\t<meta property=\"og:image:height\" content=\"1440\" \/>\n\t<meta property=\"og:image:type\" content=\"image\/jpeg\" \/>\n<meta name=\"twitter:card\" content=\"summary_large_image\" \/>\n<meta name=\"twitter:label1\" content=\"Tempo estimado de leitura\" \/>\n\t<meta name=\"twitter:data1\" content=\"1 minuto\" \/>\n<script type=\"application\/ld+json\" class=\"yoast-schema-graph\">{\"@context\":\"https:\\\/\\\/schema.org\",\"@graph\":[{\"@type\":\"WebPage\",\"@id\":\"https:\\\/\\\/filles-de-la-charite.org\\\/pt-pt\\\/rincon-oracion\\\/os-presentes-do-ceu\\\/\",\"url\":\"https:\\\/\\\/filles-de-la-charite.org\\\/pt-pt\\\/rincon-oracion\\\/os-presentes-do-ceu\\\/\",\"name\":\"Os presentes do c\u00e9u. - Filles de la Charit\u00e9\",\"isPartOf\":{\"@id\":\"https:\\\/\\\/filles-de-la-charite.org\\\/pt-pt\\\/#website\"},\"primaryImageOfPage\":{\"@id\":\"https:\\\/\\\/filles-de-la-charite.org\\\/pt-pt\\\/rincon-oracion\\\/os-presentes-do-ceu\\\/#primaryimage\"},\"image\":{\"@id\":\"https:\\\/\\\/filles-de-la-charite.org\\\/pt-pt\\\/rincon-oracion\\\/os-presentes-do-ceu\\\/#primaryimage\"},\"thumbnailUrl\":\"https:\\\/\\\/filles-de-la-charite.org\\\/wp-content\\\/uploads\\\/2023\\\/06\\\/PC-July-2021_O-Escapulario-Verde_PT-scaled-1.jpg\",\"datePublished\":\"2021-06-30T20:00:00+00:00\",\"inLanguage\":\"pt-PT\",\"potentialAction\":[{\"@type\":\"ReadAction\",\"target\":[\"https:\\\/\\\/filles-de-la-charite.org\\\/pt-pt\\\/rincon-oracion\\\/os-presentes-do-ceu\\\/\"]}]},{\"@type\":\"ImageObject\",\"inLanguage\":\"pt-PT\",\"@id\":\"https:\\\/\\\/filles-de-la-charite.org\\\/pt-pt\\\/rincon-oracion\\\/os-presentes-do-ceu\\\/#primaryimage\",\"url\":\"https:\\\/\\\/filles-de-la-charite.org\\\/wp-content\\\/uploads\\\/2023\\\/06\\\/PC-July-2021_O-Escapulario-Verde_PT-scaled-1.jpg\",\"contentUrl\":\"https:\\\/\\\/filles-de-la-charite.org\\\/wp-content\\\/uploads\\\/2023\\\/06\\\/PC-July-2021_O-Escapulario-Verde_PT-scaled-1.jpg\",\"width\":2560,\"height\":1440},{\"@type\":\"WebSite\",\"@id\":\"https:\\\/\\\/filles-de-la-charite.org\\\/pt-pt\\\/#website\",\"url\":\"https:\\\/\\\/filles-de-la-charite.org\\\/pt-pt\\\/\",\"name\":\"Hijas de la Caridad\",\"description\":\"L\u2019amour de J\u00e9sus nous presse \u00e0 prendre soin des personnes les plus d\u00e9munies\",\"publisher\":{\"@id\":\"https:\\\/\\\/filles-de-la-charite.org\\\/pt-pt\\\/#organization\"},\"potentialAction\":[{\"@type\":\"SearchAction\",\"target\":{\"@type\":\"EntryPoint\",\"urlTemplate\":\"https:\\\/\\\/filles-de-la-charite.org\\\/pt-pt\\\/?s={search_term_string}\"},\"query-input\":{\"@type\":\"PropertyValueSpecification\",\"valueRequired\":true,\"valueName\":\"search_term_string\"}}],\"inLanguage\":\"pt-PT\"},{\"@type\":\"Organization\",\"@id\":\"https:\\\/\\\/filles-de-la-charite.org\\\/pt-pt\\\/#organization\",\"name\":\"Hijas de la Caridad\",\"url\":\"https:\\\/\\\/filles-de-la-charite.org\\\/pt-pt\\\/\",\"logo\":{\"@type\":\"ImageObject\",\"inLanguage\":\"pt-PT\",\"@id\":\"https:\\\/\\\/filles-de-la-charite.org\\\/pt-pt\\\/#\\\/schema\\\/logo\\\/image\\\/\",\"url\":\"https:\\\/\\\/filles-de-la-charite.org\\\/wp-content\\\/uploads\\\/2023\\\/03\\\/isotipo-Hijas-de-la-Caridad.png\",\"contentUrl\":\"https:\\\/\\\/filles-de-la-charite.org\\\/wp-content\\\/uploads\\\/2023\\\/03\\\/isotipo-Hijas-de-la-Caridad.png\",\"width\":1417,\"height\":1417,\"caption\":\"Hijas de la Caridad\"},\"image\":{\"@id\":\"https:\\\/\\\/filles-de-la-charite.org\\\/pt-pt\\\/#\\\/schema\\\/logo\\\/image\\\/\"}}]}<\/script>\n<!-- \/ Yoast SEO plugin. -->","yoast_head_json":{"title":"Os presentes do c\u00e9u. - Filles de la Charit\u00e9","robots":{"index":"index","follow":"follow","max-snippet":"max-snippet:-1","max-image-preview":"max-image-preview:large","max-video-preview":"max-video-preview:-1"},"canonical":"https:\/\/filles-de-la-charite.org\/pt-pt\/rincon-oracion\/os-presentes-do-ceu\/","og_locale":"pt_PT","og_type":"article","og_title":"Os presentes do c\u00e9u. - Filles de la Charit\u00e9","og_description":"O Escapul\u00e1rio Verde. Em minha opini\u00e3o, apesar das guerras e dos v\u00e1rios horrores que nos amea\u00e7am, vivemos o tempo mais feliz, porque \u00e9 o tempo da Sant\u00edssima Virgem Maria. Ela nunca esteve t\u00e3o perto de n\u00f3s. Temos in\u00fameros sinais que provam que ela deixou as alturas da Galileia celestial para nos oferecer uma nova Bel\u00e9m, [&hellip;]","og_url":"https:\/\/filles-de-la-charite.org\/pt-pt\/rincon-oracion\/os-presentes-do-ceu\/","og_site_name":"Filles de la Charit\u00e9","og_image":[{"width":2560,"height":1440,"url":"https:\/\/filles-de-la-charite.org\/wp-content\/uploads\/2023\/06\/PC-July-2021_O-Escapulario-Verde_PT-scaled-1.jpg","type":"image\/jpeg"}],"twitter_card":"summary_large_image","twitter_misc":{"Tempo estimado de leitura":"1 minuto"},"schema":{"@context":"https:\/\/schema.org","@graph":[{"@type":"WebPage","@id":"https:\/\/filles-de-la-charite.org\/pt-pt\/rincon-oracion\/os-presentes-do-ceu\/","url":"https:\/\/filles-de-la-charite.org\/pt-pt\/rincon-oracion\/os-presentes-do-ceu\/","name":"Os presentes do c\u00e9u. - Filles de la Charit\u00e9","isPartOf":{"@id":"https:\/\/filles-de-la-charite.org\/pt-pt\/#website"},"primaryImageOfPage":{"@id":"https:\/\/filles-de-la-charite.org\/pt-pt\/rincon-oracion\/os-presentes-do-ceu\/#primaryimage"},"image":{"@id":"https:\/\/filles-de-la-charite.org\/pt-pt\/rincon-oracion\/os-presentes-do-ceu\/#primaryimage"},"thumbnailUrl":"https:\/\/filles-de-la-charite.org\/wp-content\/uploads\/2023\/06\/PC-July-2021_O-Escapulario-Verde_PT-scaled-1.jpg","datePublished":"2021-06-30T20:00:00+00:00","inLanguage":"pt-PT","potentialAction":[{"@type":"ReadAction","target":["https:\/\/filles-de-la-charite.org\/pt-pt\/rincon-oracion\/os-presentes-do-ceu\/"]}]},{"@type":"ImageObject","inLanguage":"pt-PT","@id":"https:\/\/filles-de-la-charite.org\/pt-pt\/rincon-oracion\/os-presentes-do-ceu\/#primaryimage","url":"https:\/\/filles-de-la-charite.org\/wp-content\/uploads\/2023\/06\/PC-July-2021_O-Escapulario-Verde_PT-scaled-1.jpg","contentUrl":"https:\/\/filles-de-la-charite.org\/wp-content\/uploads\/2023\/06\/PC-July-2021_O-Escapulario-Verde_PT-scaled-1.jpg","width":2560,"height":1440},{"@type":"WebSite","@id":"https:\/\/filles-de-la-charite.org\/pt-pt\/#website","url":"https:\/\/filles-de-la-charite.org\/pt-pt\/","name":"Hijas de la Caridad","description":"L\u2019amour de J\u00e9sus nous presse \u00e0 prendre soin des personnes les plus d\u00e9munies","publisher":{"@id":"https:\/\/filles-de-la-charite.org\/pt-pt\/#organization"},"potentialAction":[{"@type":"SearchAction","target":{"@type":"EntryPoint","urlTemplate":"https:\/\/filles-de-la-charite.org\/pt-pt\/?s={search_term_string}"},"query-input":{"@type":"PropertyValueSpecification","valueRequired":true,"valueName":"search_term_string"}}],"inLanguage":"pt-PT"},{"@type":"Organization","@id":"https:\/\/filles-de-la-charite.org\/pt-pt\/#organization","name":"Hijas de la Caridad","url":"https:\/\/filles-de-la-charite.org\/pt-pt\/","logo":{"@type":"ImageObject","inLanguage":"pt-PT","@id":"https:\/\/filles-de-la-charite.org\/pt-pt\/#\/schema\/logo\/image\/","url":"https:\/\/filles-de-la-charite.org\/wp-content\/uploads\/2023\/03\/isotipo-Hijas-de-la-Caridad.png","contentUrl":"https:\/\/filles-de-la-charite.org\/wp-content\/uploads\/2023\/03\/isotipo-Hijas-de-la-Caridad.png","width":1417,"height":1417,"caption":"Hijas de la Caridad"},"image":{"@id":"https:\/\/filles-de-la-charite.org\/pt-pt\/#\/schema\/logo\/image\/"}}]}},"_links":{"self":[{"href":"https:\/\/filles-de-la-charite.org\/pt-pt\/wp-json\/wp\/v2\/rincon-oracion\/26153","targetHints":{"allow":["GET"]}}],"collection":[{"href":"https:\/\/filles-de-la-charite.org\/pt-pt\/wp-json\/wp\/v2\/rincon-oracion"}],"about":[{"href":"https:\/\/filles-de-la-charite.org\/pt-pt\/wp-json\/wp\/v2\/types\/rincon-oracion"}],"wp:featuredmedia":[{"embeddable":true,"href":"https:\/\/filles-de-la-charite.org\/pt-pt\/wp-json\/wp\/v2\/media\/26154"}],"wp:attachment":[{"href":"https:\/\/filles-de-la-charite.org\/pt-pt\/wp-json\/wp\/v2\/media?parent=26153"}],"curies":[{"name":"wp","href":"https:\/\/api.w.org\/{rel}","templated":true}]}}