{"id":26233,"date":"2022-10-31T23:00:00","date_gmt":"2022-10-31T22:00:00","guid":{"rendered":"https:\/\/hijascaridad.sjdigitaldemo.ovh\/rincon-oracion\/contemplando-os-misterios-gloriosos-do-rosario\/"},"modified":"2022-10-31T23:00:00","modified_gmt":"2022-10-31T22:00:00","slug":"contemplando-os-misterios-gloriosos-do-rosario","status":"publish","type":"rincon-oracion","link":"https:\/\/filles-de-la-charite.org\/pt-pt\/rincon-oracion\/contemplando-os-misterios-gloriosos-do-rosario\/","title":{"rendered":"Contemplando os Mist\u00e9rios Gloriosos do Ros\u00e1rio"},"content":{"rendered":"\n<p><strong><em>\u2026Sob a protec\u00e7\u00e3o de Maria &#8230; <\/em><\/strong><\/p>\n\n\n\n<p>Os fundadores infundiram nas Filhas da Caridade o amor \u00e1 Virgem e a sua imita\u00e7\u00e3o. Nela convidam a contemplar: <\/p>\n\n\n\n<p>\u2022 A Imaculada totalmente aberta ao Esp\u00edrito, designada por S\u00e3o Vicente, depois que Jesus, como o exemplo perfeito dos que \u201cescutam a palavra e a guardam\u201d; <\/p>\n\n\n\n<p>\u2022 A serva humilde e Fiel dos des\u00edgnios do Pai, modelo dos cora\u00e7\u00f5es pobres, <\/p>\n\n\n\n<p>\u2022 A M\u00e3e de Deus, M\u00e3e de miseric\u00f3rdia e esperan\u00e7ados pequenos, intimamente unida a seu filho, a quem conduz os que n\u2019ela confiam; M\u00e3e da Igreja e \u00fanica M\u00e3e da Companhia, a quem Santa Lu\u00edsa confiou a Comunidade nascente, que ela desejava colocar para sempre sob a sua protec\u00e7\u00e3o.(C.15b)<\/p>\n\n\n\n<figure class=\"wp-block-embed is-type-video is-provider-youtube wp-block-embed-youtube wp-embed-aspect-16-9 wp-has-aspect-ratio\"><div class=\"wp-block-embed__wrapper\">\n<iframe loading=\"lazy\" title=\"Contemplando os Mist\u00e9rios Gloriosos do Ros\u00e1rio PT\" width=\"1080\" height=\"608\" src=\"https:\/\/www.youtube.com\/embed\/9INx63OI83c?feature=oembed\"  allow=\"accelerometer; autoplay; clipboard-write; encrypted-media; gyroscope; picture-in-picture; web-share\" referrerpolicy=\"strict-origin-when-cross-origin\" allowfullscreen><\/iframe>\n<\/div><\/figure>\n","protected":false},"featured_media":26234,"template":"","meta":{"_acf_changed":false,"_et_pb_use_builder":"","_et_pb_old_content":"","_et_gb_content_width":"","_links_to":"","_links_to_target":""},"class_list":["post-26233","rincon-oracion","type-rincon-oracion","status-publish","has-post-thumbnail","hentry"],"acf":[],"yoast_head":"<!-- This site is optimized with the Yoast SEO plugin v27.5 - https:\/\/yoast.com\/product\/yoast-seo-wordpress\/ -->\n<title>Contemplando os Mist\u00e9rios Gloriosos do Ros\u00e1rio - Filles de la Charit\u00e9<\/title>\n<meta name=\"robots\" content=\"index, follow, max-snippet:-1, max-image-preview:large, max-video-preview:-1\" \/>\n<link rel=\"canonical\" href=\"https:\/\/filles-de-la-charite.org\/pt-pt\/rincon-oracion\/contemplando-os-misterios-gloriosos-do-rosario\/\" \/>\n<meta property=\"og:locale\" content=\"pt_PT\" \/>\n<meta property=\"og:type\" content=\"article\" \/>\n<meta property=\"og:title\" content=\"Contemplando os Mist\u00e9rios Gloriosos do Ros\u00e1rio - Filles de la Charit\u00e9\" \/>\n<meta property=\"og:description\" content=\"\u2026Sob a protec\u00e7\u00e3o de Maria &#8230; Os fundadores infundiram nas Filhas da Caridade o amor \u00e1 Virgem e a sua imita\u00e7\u00e3o. Nela convidam a contemplar: \u2022 A Imaculada totalmente aberta ao Esp\u00edrito, designada por S\u00e3o Vicente, depois que Jesus, como o exemplo perfeito dos que \u201cescutam a palavra e a guardam\u201d; \u2022 A serva humilde [&hellip;]\" \/>\n<meta property=\"og:url\" content=\"https:\/\/filles-de-la-charite.org\/pt-pt\/rincon-oracion\/contemplando-os-misterios-gloriosos-do-rosario\/\" \/>\n<meta property=\"og:site_name\" content=\"Filles de la Charit\u00e9\" \/>\n<meta property=\"og:image\" content=\"https:\/\/filles-de-la-charite.org\/wp-content\/uploads\/2023\/06\/PT-scaled-2.jpg\" \/>\n\t<meta property=\"og:image:width\" content=\"2560\" \/>\n\t<meta property=\"og:image:height\" content=\"1440\" \/>\n\t<meta property=\"og:image:type\" content=\"image\/jpeg\" \/>\n<meta name=\"twitter:card\" content=\"summary_large_image\" \/>\n<meta name=\"twitter:label1\" content=\"Tempo estimado de leitura\" \/>\n\t<meta name=\"twitter:data1\" content=\"1 minuto\" \/>\n<script type=\"application\/ld+json\" class=\"yoast-schema-graph\">{\"@context\":\"https:\\\/\\\/schema.org\",\"@graph\":[{\"@type\":\"WebPage\",\"@id\":\"https:\\\/\\\/filles-de-la-charite.org\\\/pt-pt\\\/rincon-oracion\\\/contemplando-os-misterios-gloriosos-do-rosario\\\/\",\"url\":\"https:\\\/\\\/filles-de-la-charite.org\\\/pt-pt\\\/rincon-oracion\\\/contemplando-os-misterios-gloriosos-do-rosario\\\/\",\"name\":\"Contemplando os Mist\u00e9rios Gloriosos do Ros\u00e1rio - Filles de la Charit\u00e9\",\"isPartOf\":{\"@id\":\"https:\\\/\\\/filles-de-la-charite.org\\\/pt-pt\\\/#website\"},\"primaryImageOfPage\":{\"@id\":\"https:\\\/\\\/filles-de-la-charite.org\\\/pt-pt\\\/rincon-oracion\\\/contemplando-os-misterios-gloriosos-do-rosario\\\/#primaryimage\"},\"image\":{\"@id\":\"https:\\\/\\\/filles-de-la-charite.org\\\/pt-pt\\\/rincon-oracion\\\/contemplando-os-misterios-gloriosos-do-rosario\\\/#primaryimage\"},\"thumbnailUrl\":\"https:\\\/\\\/filles-de-la-charite.org\\\/wp-content\\\/uploads\\\/2023\\\/06\\\/PT-scaled-2.jpg\",\"datePublished\":\"2022-10-31T22:00:00+00:00\",\"inLanguage\":\"pt-PT\",\"potentialAction\":[{\"@type\":\"ReadAction\",\"target\":[\"https:\\\/\\\/filles-de-la-charite.org\\\/pt-pt\\\/rincon-oracion\\\/contemplando-os-misterios-gloriosos-do-rosario\\\/\"]}]},{\"@type\":\"ImageObject\",\"inLanguage\":\"pt-PT\",\"@id\":\"https:\\\/\\\/filles-de-la-charite.org\\\/pt-pt\\\/rincon-oracion\\\/contemplando-os-misterios-gloriosos-do-rosario\\\/#primaryimage\",\"url\":\"https:\\\/\\\/filles-de-la-charite.org\\\/wp-content\\\/uploads\\\/2023\\\/06\\\/PT-scaled-2.jpg\",\"contentUrl\":\"https:\\\/\\\/filles-de-la-charite.org\\\/wp-content\\\/uploads\\\/2023\\\/06\\\/PT-scaled-2.jpg\",\"width\":2560,\"height\":1440},{\"@type\":\"WebSite\",\"@id\":\"https:\\\/\\\/filles-de-la-charite.org\\\/pt-pt\\\/#website\",\"url\":\"https:\\\/\\\/filles-de-la-charite.org\\\/pt-pt\\\/\",\"name\":\"Hijas de la Caridad\",\"description\":\"L\u2019amour de J\u00e9sus nous presse \u00e0 prendre soin des personnes les plus d\u00e9munies\",\"publisher\":{\"@id\":\"https:\\\/\\\/filles-de-la-charite.org\\\/pt-pt\\\/#organization\"},\"potentialAction\":[{\"@type\":\"SearchAction\",\"target\":{\"@type\":\"EntryPoint\",\"urlTemplate\":\"https:\\\/\\\/filles-de-la-charite.org\\\/pt-pt\\\/?s={search_term_string}\"},\"query-input\":{\"@type\":\"PropertyValueSpecification\",\"valueRequired\":true,\"valueName\":\"search_term_string\"}}],\"inLanguage\":\"pt-PT\"},{\"@type\":\"Organization\",\"@id\":\"https:\\\/\\\/filles-de-la-charite.org\\\/pt-pt\\\/#organization\",\"name\":\"Hijas de la Caridad\",\"url\":\"https:\\\/\\\/filles-de-la-charite.org\\\/pt-pt\\\/\",\"logo\":{\"@type\":\"ImageObject\",\"inLanguage\":\"pt-PT\",\"@id\":\"https:\\\/\\\/filles-de-la-charite.org\\\/pt-pt\\\/#\\\/schema\\\/logo\\\/image\\\/\",\"url\":\"https:\\\/\\\/filles-de-la-charite.org\\\/wp-content\\\/uploads\\\/2023\\\/03\\\/isotipo-Hijas-de-la-Caridad.png\",\"contentUrl\":\"https:\\\/\\\/filles-de-la-charite.org\\\/wp-content\\\/uploads\\\/2023\\\/03\\\/isotipo-Hijas-de-la-Caridad.png\",\"width\":1417,\"height\":1417,\"caption\":\"Hijas de la Caridad\"},\"image\":{\"@id\":\"https:\\\/\\\/filles-de-la-charite.org\\\/pt-pt\\\/#\\\/schema\\\/logo\\\/image\\\/\"}}]}<\/script>\n<!-- \/ Yoast SEO plugin. -->","yoast_head_json":{"title":"Contemplando os Mist\u00e9rios Gloriosos do Ros\u00e1rio - Filles de la Charit\u00e9","robots":{"index":"index","follow":"follow","max-snippet":"max-snippet:-1","max-image-preview":"max-image-preview:large","max-video-preview":"max-video-preview:-1"},"canonical":"https:\/\/filles-de-la-charite.org\/pt-pt\/rincon-oracion\/contemplando-os-misterios-gloriosos-do-rosario\/","og_locale":"pt_PT","og_type":"article","og_title":"Contemplando os Mist\u00e9rios Gloriosos do Ros\u00e1rio - Filles de la Charit\u00e9","og_description":"\u2026Sob a protec\u00e7\u00e3o de Maria &#8230; Os fundadores infundiram nas Filhas da Caridade o amor \u00e1 Virgem e a sua imita\u00e7\u00e3o. Nela convidam a contemplar: \u2022 A Imaculada totalmente aberta ao Esp\u00edrito, designada por S\u00e3o Vicente, depois que Jesus, como o exemplo perfeito dos que \u201cescutam a palavra e a guardam\u201d; \u2022 A serva humilde [&hellip;]","og_url":"https:\/\/filles-de-la-charite.org\/pt-pt\/rincon-oracion\/contemplando-os-misterios-gloriosos-do-rosario\/","og_site_name":"Filles de la Charit\u00e9","og_image":[{"width":2560,"height":1440,"url":"https:\/\/filles-de-la-charite.org\/wp-content\/uploads\/2023\/06\/PT-scaled-2.jpg","type":"image\/jpeg"}],"twitter_card":"summary_large_image","twitter_misc":{"Tempo estimado de leitura":"1 minuto"},"schema":{"@context":"https:\/\/schema.org","@graph":[{"@type":"WebPage","@id":"https:\/\/filles-de-la-charite.org\/pt-pt\/rincon-oracion\/contemplando-os-misterios-gloriosos-do-rosario\/","url":"https:\/\/filles-de-la-charite.org\/pt-pt\/rincon-oracion\/contemplando-os-misterios-gloriosos-do-rosario\/","name":"Contemplando os Mist\u00e9rios Gloriosos do Ros\u00e1rio - Filles de la Charit\u00e9","isPartOf":{"@id":"https:\/\/filles-de-la-charite.org\/pt-pt\/#website"},"primaryImageOfPage":{"@id":"https:\/\/filles-de-la-charite.org\/pt-pt\/rincon-oracion\/contemplando-os-misterios-gloriosos-do-rosario\/#primaryimage"},"image":{"@id":"https:\/\/filles-de-la-charite.org\/pt-pt\/rincon-oracion\/contemplando-os-misterios-gloriosos-do-rosario\/#primaryimage"},"thumbnailUrl":"https:\/\/filles-de-la-charite.org\/wp-content\/uploads\/2023\/06\/PT-scaled-2.jpg","datePublished":"2022-10-31T22:00:00+00:00","inLanguage":"pt-PT","potentialAction":[{"@type":"ReadAction","target":["https:\/\/filles-de-la-charite.org\/pt-pt\/rincon-oracion\/contemplando-os-misterios-gloriosos-do-rosario\/"]}]},{"@type":"ImageObject","inLanguage":"pt-PT","@id":"https:\/\/filles-de-la-charite.org\/pt-pt\/rincon-oracion\/contemplando-os-misterios-gloriosos-do-rosario\/#primaryimage","url":"https:\/\/filles-de-la-charite.org\/wp-content\/uploads\/2023\/06\/PT-scaled-2.jpg","contentUrl":"https:\/\/filles-de-la-charite.org\/wp-content\/uploads\/2023\/06\/PT-scaled-2.jpg","width":2560,"height":1440},{"@type":"WebSite","@id":"https:\/\/filles-de-la-charite.org\/pt-pt\/#website","url":"https:\/\/filles-de-la-charite.org\/pt-pt\/","name":"Hijas de la Caridad","description":"L\u2019amour de J\u00e9sus nous presse \u00e0 prendre soin des personnes les plus d\u00e9munies","publisher":{"@id":"https:\/\/filles-de-la-charite.org\/pt-pt\/#organization"},"potentialAction":[{"@type":"SearchAction","target":{"@type":"EntryPoint","urlTemplate":"https:\/\/filles-de-la-charite.org\/pt-pt\/?s={search_term_string}"},"query-input":{"@type":"PropertyValueSpecification","valueRequired":true,"valueName":"search_term_string"}}],"inLanguage":"pt-PT"},{"@type":"Organization","@id":"https:\/\/filles-de-la-charite.org\/pt-pt\/#organization","name":"Hijas de la Caridad","url":"https:\/\/filles-de-la-charite.org\/pt-pt\/","logo":{"@type":"ImageObject","inLanguage":"pt-PT","@id":"https:\/\/filles-de-la-charite.org\/pt-pt\/#\/schema\/logo\/image\/","url":"https:\/\/filles-de-la-charite.org\/wp-content\/uploads\/2023\/03\/isotipo-Hijas-de-la-Caridad.png","contentUrl":"https:\/\/filles-de-la-charite.org\/wp-content\/uploads\/2023\/03\/isotipo-Hijas-de-la-Caridad.png","width":1417,"height":1417,"caption":"Hijas de la Caridad"},"image":{"@id":"https:\/\/filles-de-la-charite.org\/pt-pt\/#\/schema\/logo\/image\/"}}]}},"_links":{"self":[{"href":"https:\/\/filles-de-la-charite.org\/pt-pt\/wp-json\/wp\/v2\/rincon-oracion\/26233","targetHints":{"allow":["GET"]}}],"collection":[{"href":"https:\/\/filles-de-la-charite.org\/pt-pt\/wp-json\/wp\/v2\/rincon-oracion"}],"about":[{"href":"https:\/\/filles-de-la-charite.org\/pt-pt\/wp-json\/wp\/v2\/types\/rincon-oracion"}],"wp:featuredmedia":[{"embeddable":true,"href":"https:\/\/filles-de-la-charite.org\/pt-pt\/wp-json\/wp\/v2\/media\/26234"}],"wp:attachment":[{"href":"https:\/\/filles-de-la-charite.org\/pt-pt\/wp-json\/wp\/v2\/media?parent=26233"}],"curies":[{"name":"wp","href":"https:\/\/api.w.org\/{rel}","templated":true}]}}