{"id":42645,"date":"2025-04-15T00:00:00","date_gmt":"2025-04-14T22:00:00","guid":{"rendered":"https:\/\/filles-de-la-charite.org\/?post_type=rincon-oracion&#038;p=42645"},"modified":"2025-04-15T20:26:24","modified_gmt":"2025-04-15T18:26:24","slug":"revestidos-do-espirito-de-jesus-cristo","status":"publish","type":"rincon-oracion","link":"https:\/\/filles-de-la-charite.org\/pt-pt\/rincon-oracion\/revestidos-do-espirito-de-jesus-cristo\/","title":{"rendered":"Revestidos do Esp\u00edrito de Jesus Cristo"},"content":{"rendered":"\n<p>Com gratid\u00e3o e louvor ao Senhor, unimo-nos aos membros da Congrega\u00e7\u00e3o da Miss\u00e3o que celebram, com alegria, o IV Centen\u00e1rio da Funda\u00e7\u00e3o da Congrega\u00e7\u00e3o da Miss\u00e3o. Nessa caminhada de f\u00e9, eles se preparam atrav\u00e9s da ora\u00e7\u00e3o e do compromisso com a miss\u00e3o, a fim de revitalizar as tr\u00eas dimens\u00f5es da espiritualidade vicentina, conforme indicado pelo Superior Geral, Pe. Toma\u017e Mavri\u010d: \u201ca dimens\u00e3o prof\u00e9tica, que, pela gra\u00e7a do Esp\u00edrito de Deus que est\u00e1 \u2018acima de n\u00f3s\u2019, traz a escuta do clamor dos pobres e a disponibilidade para cuidar; a dimens\u00e3o sinodal, que supera o individualismo para trilhar caminhos e a\u00e7\u00f5es comunit\u00e1rias; e a dimens\u00e3o mission\u00e1ria, cuja autenticidade nasce de uma espiritualidade profunda, de intensa comunh\u00e3o, proximidade e amizade com Jesus\u201d. <\/p>\n\n\n\n<p>#jubileudaesperan\u00e7a #jubileu #voca\u00e7\u00e3o #miss\u00e3o #congrega\u00e7\u00e3odamiss\u00e3o #lazaristas #vidaconsagrada #hist\u00f3ria #profetismo #caridade<\/p>\n\n\n\n<figure class=\"wp-block-embed is-type-video is-provider-youtube wp-block-embed-youtube wp-embed-aspect-16-9 wp-has-aspect-ratio\"><div class=\"wp-block-embed__wrapper\">\n<iframe loading=\"lazy\" title=\"Abril 2025 -  Revestidos do Esp\u00edrito de Jesus Cristo PT\" width=\"1080\" height=\"608\" src=\"https:\/\/www.youtube.com\/embed\/iBFr3rq3IA4?feature=oembed\"  allow=\"accelerometer; autoplay; clipboard-write; encrypted-media; gyroscope; picture-in-picture; web-share\" referrerpolicy=\"strict-origin-when-cross-origin\" allowfullscreen><\/iframe>\n<\/div><\/figure>\n","protected":false},"featured_media":42646,"template":"","meta":{"_acf_changed":false,"_links_to":"","_links_to_target":""},"class_list":["post-42645","rincon-oracion","type-rincon-oracion","status-publish","has-post-thumbnail","hentry"],"acf":[],"yoast_head":"<!-- This site is optimized with the Yoast SEO plugin v27.5 - https:\/\/yoast.com\/product\/yoast-seo-wordpress\/ -->\n<title>Revestidos do Esp\u00edrito de Jesus Cristo - Filles de la Charit\u00e9<\/title>\n<meta name=\"robots\" content=\"index, follow, max-snippet:-1, max-image-preview:large, max-video-preview:-1\" \/>\n<link rel=\"canonical\" href=\"https:\/\/filles-de-la-charite.org\/pt-pt\/rincon-oracion\/revestidos-do-espirito-de-jesus-cristo\/\" \/>\n<meta property=\"og:locale\" content=\"pt_PT\" \/>\n<meta property=\"og:type\" content=\"article\" \/>\n<meta property=\"og:title\" content=\"Revestidos do Esp\u00edrito de Jesus Cristo - Filles de la Charit\u00e9\" \/>\n<meta property=\"og:description\" content=\"Com gratid\u00e3o e louvor ao Senhor, unimo-nos aos membros da Congrega\u00e7\u00e3o da Miss\u00e3o que celebram, com alegria, o IV Centen\u00e1rio da Funda\u00e7\u00e3o da Congrega\u00e7\u00e3o da Miss\u00e3o. Nessa caminhada de f\u00e9, eles se preparam atrav\u00e9s da ora\u00e7\u00e3o e do compromisso com a miss\u00e3o, a fim de revitalizar as tr\u00eas dimens\u00f5es da espiritualidade vicentina, conforme indicado pelo [&hellip;]\" \/>\n<meta property=\"og:url\" content=\"https:\/\/filles-de-la-charite.org\/pt-pt\/rincon-oracion\/revestidos-do-espirito-de-jesus-cristo\/\" \/>\n<meta property=\"og:site_name\" content=\"Filles de la Charit\u00e9\" \/>\n<meta property=\"article:modified_time\" content=\"2025-04-15T18:26:24+00:00\" \/>\n<meta property=\"og:image\" content=\"https:\/\/filles-de-la-charite.org\/wp-content\/uploads\/2025\/04\/PT-Cover.jpg\" \/>\n\t<meta property=\"og:image:width\" content=\"1280\" \/>\n\t<meta property=\"og:image:height\" content=\"720\" \/>\n\t<meta property=\"og:image:type\" content=\"image\/jpeg\" \/>\n<meta name=\"twitter:card\" content=\"summary_large_image\" \/>\n<meta name=\"twitter:label1\" content=\"Tempo estimado de leitura\" \/>\n\t<meta name=\"twitter:data1\" content=\"1 minuto\" \/>\n<script type=\"application\/ld+json\" class=\"yoast-schema-graph\">{\"@context\":\"https:\\\/\\\/schema.org\",\"@graph\":[{\"@type\":\"WebPage\",\"@id\":\"https:\\\/\\\/filles-de-la-charite.org\\\/pt-pt\\\/rincon-oracion\\\/revestidos-do-espirito-de-jesus-cristo\\\/\",\"url\":\"https:\\\/\\\/filles-de-la-charite.org\\\/pt-pt\\\/rincon-oracion\\\/revestidos-do-espirito-de-jesus-cristo\\\/\",\"name\":\"Revestidos do Esp\u00edrito de Jesus Cristo - Filles de la Charit\u00e9\",\"isPartOf\":{\"@id\":\"https:\\\/\\\/filles-de-la-charite.org\\\/pt-pt\\\/#website\"},\"primaryImageOfPage\":{\"@id\":\"https:\\\/\\\/filles-de-la-charite.org\\\/pt-pt\\\/rincon-oracion\\\/revestidos-do-espirito-de-jesus-cristo\\\/#primaryimage\"},\"image\":{\"@id\":\"https:\\\/\\\/filles-de-la-charite.org\\\/pt-pt\\\/rincon-oracion\\\/revestidos-do-espirito-de-jesus-cristo\\\/#primaryimage\"},\"thumbnailUrl\":\"https:\\\/\\\/filles-de-la-charite.org\\\/wp-content\\\/uploads\\\/2025\\\/04\\\/PT-Cover.jpg\",\"datePublished\":\"2025-04-14T22:00:00+00:00\",\"dateModified\":\"2025-04-15T18:26:24+00:00\",\"inLanguage\":\"pt-PT\",\"potentialAction\":[{\"@type\":\"ReadAction\",\"target\":[\"https:\\\/\\\/filles-de-la-charite.org\\\/pt-pt\\\/rincon-oracion\\\/revestidos-do-espirito-de-jesus-cristo\\\/\"]}]},{\"@type\":\"ImageObject\",\"inLanguage\":\"pt-PT\",\"@id\":\"https:\\\/\\\/filles-de-la-charite.org\\\/pt-pt\\\/rincon-oracion\\\/revestidos-do-espirito-de-jesus-cristo\\\/#primaryimage\",\"url\":\"https:\\\/\\\/filles-de-la-charite.org\\\/wp-content\\\/uploads\\\/2025\\\/04\\\/PT-Cover.jpg\",\"contentUrl\":\"https:\\\/\\\/filles-de-la-charite.org\\\/wp-content\\\/uploads\\\/2025\\\/04\\\/PT-Cover.jpg\",\"width\":1280,\"height\":720},{\"@type\":\"WebSite\",\"@id\":\"https:\\\/\\\/filles-de-la-charite.org\\\/pt-pt\\\/#website\",\"url\":\"https:\\\/\\\/filles-de-la-charite.org\\\/pt-pt\\\/\",\"name\":\"Hijas de la Caridad\",\"description\":\"L\u2019amour de J\u00e9sus nous presse \u00e0 prendre soin des personnes les plus d\u00e9munies\",\"publisher\":{\"@id\":\"https:\\\/\\\/filles-de-la-charite.org\\\/pt-pt\\\/#organization\"},\"potentialAction\":[{\"@type\":\"SearchAction\",\"target\":{\"@type\":\"EntryPoint\",\"urlTemplate\":\"https:\\\/\\\/filles-de-la-charite.org\\\/pt-pt\\\/?s={search_term_string}\"},\"query-input\":{\"@type\":\"PropertyValueSpecification\",\"valueRequired\":true,\"valueName\":\"search_term_string\"}}],\"inLanguage\":\"pt-PT\"},{\"@type\":\"Organization\",\"@id\":\"https:\\\/\\\/filles-de-la-charite.org\\\/pt-pt\\\/#organization\",\"name\":\"Hijas de la Caridad\",\"url\":\"https:\\\/\\\/filles-de-la-charite.org\\\/pt-pt\\\/\",\"logo\":{\"@type\":\"ImageObject\",\"inLanguage\":\"pt-PT\",\"@id\":\"https:\\\/\\\/filles-de-la-charite.org\\\/pt-pt\\\/#\\\/schema\\\/logo\\\/image\\\/\",\"url\":\"https:\\\/\\\/filles-de-la-charite.org\\\/wp-content\\\/uploads\\\/2023\\\/03\\\/isotipo-Hijas-de-la-Caridad.png\",\"contentUrl\":\"https:\\\/\\\/filles-de-la-charite.org\\\/wp-content\\\/uploads\\\/2023\\\/03\\\/isotipo-Hijas-de-la-Caridad.png\",\"width\":1417,\"height\":1417,\"caption\":\"Hijas de la Caridad\"},\"image\":{\"@id\":\"https:\\\/\\\/filles-de-la-charite.org\\\/pt-pt\\\/#\\\/schema\\\/logo\\\/image\\\/\"}}]}<\/script>\n<!-- \/ Yoast SEO plugin. -->","yoast_head_json":{"title":"Revestidos do Esp\u00edrito de Jesus Cristo - Filles de la Charit\u00e9","robots":{"index":"index","follow":"follow","max-snippet":"max-snippet:-1","max-image-preview":"max-image-preview:large","max-video-preview":"max-video-preview:-1"},"canonical":"https:\/\/filles-de-la-charite.org\/pt-pt\/rincon-oracion\/revestidos-do-espirito-de-jesus-cristo\/","og_locale":"pt_PT","og_type":"article","og_title":"Revestidos do Esp\u00edrito de Jesus Cristo - Filles de la Charit\u00e9","og_description":"Com gratid\u00e3o e louvor ao Senhor, unimo-nos aos membros da Congrega\u00e7\u00e3o da Miss\u00e3o que celebram, com alegria, o IV Centen\u00e1rio da Funda\u00e7\u00e3o da Congrega\u00e7\u00e3o da Miss\u00e3o. Nessa caminhada de f\u00e9, eles se preparam atrav\u00e9s da ora\u00e7\u00e3o e do compromisso com a miss\u00e3o, a fim de revitalizar as tr\u00eas dimens\u00f5es da espiritualidade vicentina, conforme indicado pelo [&hellip;]","og_url":"https:\/\/filles-de-la-charite.org\/pt-pt\/rincon-oracion\/revestidos-do-espirito-de-jesus-cristo\/","og_site_name":"Filles de la Charit\u00e9","article_modified_time":"2025-04-15T18:26:24+00:00","og_image":[{"width":1280,"height":720,"url":"https:\/\/filles-de-la-charite.org\/wp-content\/uploads\/2025\/04\/PT-Cover.jpg","type":"image\/jpeg"}],"twitter_card":"summary_large_image","twitter_misc":{"Tempo estimado de leitura":"1 minuto"},"schema":{"@context":"https:\/\/schema.org","@graph":[{"@type":"WebPage","@id":"https:\/\/filles-de-la-charite.org\/pt-pt\/rincon-oracion\/revestidos-do-espirito-de-jesus-cristo\/","url":"https:\/\/filles-de-la-charite.org\/pt-pt\/rincon-oracion\/revestidos-do-espirito-de-jesus-cristo\/","name":"Revestidos do Esp\u00edrito de Jesus Cristo - Filles de la Charit\u00e9","isPartOf":{"@id":"https:\/\/filles-de-la-charite.org\/pt-pt\/#website"},"primaryImageOfPage":{"@id":"https:\/\/filles-de-la-charite.org\/pt-pt\/rincon-oracion\/revestidos-do-espirito-de-jesus-cristo\/#primaryimage"},"image":{"@id":"https:\/\/filles-de-la-charite.org\/pt-pt\/rincon-oracion\/revestidos-do-espirito-de-jesus-cristo\/#primaryimage"},"thumbnailUrl":"https:\/\/filles-de-la-charite.org\/wp-content\/uploads\/2025\/04\/PT-Cover.jpg","datePublished":"2025-04-14T22:00:00+00:00","dateModified":"2025-04-15T18:26:24+00:00","inLanguage":"pt-PT","potentialAction":[{"@type":"ReadAction","target":["https:\/\/filles-de-la-charite.org\/pt-pt\/rincon-oracion\/revestidos-do-espirito-de-jesus-cristo\/"]}]},{"@type":"ImageObject","inLanguage":"pt-PT","@id":"https:\/\/filles-de-la-charite.org\/pt-pt\/rincon-oracion\/revestidos-do-espirito-de-jesus-cristo\/#primaryimage","url":"https:\/\/filles-de-la-charite.org\/wp-content\/uploads\/2025\/04\/PT-Cover.jpg","contentUrl":"https:\/\/filles-de-la-charite.org\/wp-content\/uploads\/2025\/04\/PT-Cover.jpg","width":1280,"height":720},{"@type":"WebSite","@id":"https:\/\/filles-de-la-charite.org\/pt-pt\/#website","url":"https:\/\/filles-de-la-charite.org\/pt-pt\/","name":"Hijas de la Caridad","description":"L\u2019amour de J\u00e9sus nous presse \u00e0 prendre soin des personnes les plus d\u00e9munies","publisher":{"@id":"https:\/\/filles-de-la-charite.org\/pt-pt\/#organization"},"potentialAction":[{"@type":"SearchAction","target":{"@type":"EntryPoint","urlTemplate":"https:\/\/filles-de-la-charite.org\/pt-pt\/?s={search_term_string}"},"query-input":{"@type":"PropertyValueSpecification","valueRequired":true,"valueName":"search_term_string"}}],"inLanguage":"pt-PT"},{"@type":"Organization","@id":"https:\/\/filles-de-la-charite.org\/pt-pt\/#organization","name":"Hijas de la Caridad","url":"https:\/\/filles-de-la-charite.org\/pt-pt\/","logo":{"@type":"ImageObject","inLanguage":"pt-PT","@id":"https:\/\/filles-de-la-charite.org\/pt-pt\/#\/schema\/logo\/image\/","url":"https:\/\/filles-de-la-charite.org\/wp-content\/uploads\/2023\/03\/isotipo-Hijas-de-la-Caridad.png","contentUrl":"https:\/\/filles-de-la-charite.org\/wp-content\/uploads\/2023\/03\/isotipo-Hijas-de-la-Caridad.png","width":1417,"height":1417,"caption":"Hijas de la Caridad"},"image":{"@id":"https:\/\/filles-de-la-charite.org\/pt-pt\/#\/schema\/logo\/image\/"}}]}},"_links":{"self":[{"href":"https:\/\/filles-de-la-charite.org\/pt-pt\/wp-json\/wp\/v2\/rincon-oracion\/42645","targetHints":{"allow":["GET"]}}],"collection":[{"href":"https:\/\/filles-de-la-charite.org\/pt-pt\/wp-json\/wp\/v2\/rincon-oracion"}],"about":[{"href":"https:\/\/filles-de-la-charite.org\/pt-pt\/wp-json\/wp\/v2\/types\/rincon-oracion"}],"wp:featuredmedia":[{"embeddable":true,"href":"https:\/\/filles-de-la-charite.org\/pt-pt\/wp-json\/wp\/v2\/media\/42646"}],"wp:attachment":[{"href":"https:\/\/filles-de-la-charite.org\/pt-pt\/wp-json\/wp\/v2\/media?parent=42645"}],"curies":[{"name":"wp","href":"https:\/\/api.w.org\/{rel}","templated":true}]}}