{"id":30531,"date":"2023-10-30T10:45:42","date_gmt":"2023-10-30T09:45:42","guid":{"rendered":"https:\/\/hijascaridad.sjdigitaldemo.ovh\/service\/sem-abrigo\/"},"modified":"2024-03-01T10:42:26","modified_gmt":"2024-03-01T09:42:26","slug":"sem-abrigo","status":"publish","type":"service","link":"https:\/\/filles-de-la-charite.org\/pt-pt\/service\/sem-abrigo\/","title":{"rendered":"Pessoas em situa\u00e7\u00e3o de rua"},"content":{"rendered":"\n<h4 class=\"wp-block-heading\">Todos os dias, por diversas raz\u00f5es, cada vez mais pessoas: homens, mulheres e crian\u00e7as vivem nas ruas. Esta situa\u00e7\u00e3o, sempre dolorosa, conduz a uma exist\u00eancia marcada pela solid\u00e3o, inseguran\u00e7a, viol\u00eancia e desespero.<\/h4>\n\n\n\n<p>De forma geral, a sociedade os exclui e raramente lhes d\u00e1 os meios para se reintegrarem e levarem uma vida digna.<\/p>\n\n\n\n<p>Oferecemos as pessoas em situa\u00e7\u00e3o de rua: respeito, amizade, compreens\u00e3o e benevol\u00eancia. Facilitamos o seu acesso aos servi\u00e7os necess\u00e1rios para se integrarem na sociedade:<\/p>\n\n\n\n<ul class=\"wp-block-list\">\n<li>abrigos noturnos<\/li>\n\n\n\n<li>cantinas<\/li>\n\n\n\n<li>centros de sa\u00fade<\/li>\n\n\n\n<li>programas de desintoxica\u00e7\u00e3o<\/li>\n\n\n\n<li>acesso aos servi\u00e7os, tanto p\u00fablicos como privados<\/li>\n\n\n\n<li>alojamento tempor\u00e1rio<\/li>\n\n\n\n<li>espa\u00e7os para depositar bagagens<\/li>\n\n\n\n<li>centros de alfabetiza\u00e7\u00e3o<\/li>\n\n\n\n<li>forma\u00e7\u00e3o para a autoestima<\/li>\n\n\n\n<li>aconselhamento jur\u00eddico<\/li>\n\n\n\n<li>endere\u00e7os para procurar um emprego<\/li>\n<\/ul>\n","protected":false},"featured_media":1959,"template":"","meta":{"_acf_changed":false,"_et_pb_use_builder":"","_et_pb_old_content":"","_et_gb_content_width":"","_links_to":"","_links_to_target":""},"class_list":["post-30531","service","type-service","status-publish","has-post-thumbnail","hentry"],"acf":[],"yoast_head":"<!-- This site is optimized with the Yoast SEO plugin v27.5 - https:\/\/yoast.com\/product\/yoast-seo-wordpress\/ -->\n<title>Pessoas em situa\u00e7\u00e3o de rua - Filles de la Charit\u00e9<\/title>\n<meta name=\"robots\" content=\"index, follow, max-snippet:-1, max-image-preview:large, max-video-preview:-1\" \/>\n<link rel=\"canonical\" href=\"https:\/\/filles-de-la-charite.org\/pt-pt\/service\/sem-abrigo\/\" \/>\n<meta property=\"og:locale\" content=\"pt_PT\" \/>\n<meta property=\"og:type\" content=\"article\" \/>\n<meta property=\"og:title\" content=\"Pessoas em situa\u00e7\u00e3o de rua - Filles de la Charit\u00e9\" \/>\n<meta property=\"og:description\" content=\"Todos os dias, por diversas raz\u00f5es, cada vez mais pessoas: homens, mulheres e crian\u00e7as vivem nas ruas. Esta situa\u00e7\u00e3o, sempre dolorosa, conduz a uma exist\u00eancia marcada pela solid\u00e3o, inseguran\u00e7a, viol\u00eancia e desespero. De forma geral, a sociedade os exclui e raramente lhes d\u00e1 os meios para se reintegrarem e levarem uma vida digna. Oferecemos as [&hellip;]\" \/>\n<meta property=\"og:url\" content=\"https:\/\/filles-de-la-charite.org\/pt-pt\/service\/sem-abrigo\/\" \/>\n<meta property=\"og:site_name\" content=\"Filles de la Charit\u00e9\" \/>\n<meta property=\"article:modified_time\" content=\"2024-03-01T09:42:26+00:00\" \/>\n<meta property=\"og:image\" content=\"https:\/\/filles-de-la-charite.org\/wp-content\/uploads\/2023\/04\/Projeto-Maria-Solidaria-Pessoas-em-situacao-de-rua-1.jpeg\" \/>\n\t<meta property=\"og:image:width\" content=\"1920\" \/>\n\t<meta property=\"og:image:height\" content=\"1500\" \/>\n\t<meta property=\"og:image:type\" content=\"image\/jpeg\" \/>\n<meta name=\"twitter:card\" content=\"summary_large_image\" \/>\n<meta name=\"twitter:label1\" content=\"Tempo estimado de leitura\" \/>\n\t<meta name=\"twitter:data1\" content=\"1 minuto\" \/>\n<script type=\"application\/ld+json\" class=\"yoast-schema-graph\">{\"@context\":\"https:\\\/\\\/schema.org\",\"@graph\":[{\"@type\":\"WebPage\",\"@id\":\"https:\\\/\\\/filles-de-la-charite.org\\\/pt-pt\\\/service\\\/sem-abrigo\\\/\",\"url\":\"https:\\\/\\\/filles-de-la-charite.org\\\/pt-pt\\\/service\\\/sem-abrigo\\\/\",\"name\":\"Pessoas em situa\u00e7\u00e3o de rua - Filles de la Charit\u00e9\",\"isPartOf\":{\"@id\":\"https:\\\/\\\/filles-de-la-charite.org\\\/pt-pt\\\/#website\"},\"primaryImageOfPage\":{\"@id\":\"https:\\\/\\\/filles-de-la-charite.org\\\/pt-pt\\\/service\\\/sem-abrigo\\\/#primaryimage\"},\"image\":{\"@id\":\"https:\\\/\\\/filles-de-la-charite.org\\\/pt-pt\\\/service\\\/sem-abrigo\\\/#primaryimage\"},\"thumbnailUrl\":\"https:\\\/\\\/filles-de-la-charite.org\\\/wp-content\\\/uploads\\\/2023\\\/04\\\/Projeto-Maria-Solidaria-Pessoas-em-situacao-de-rua-1.jpeg\",\"datePublished\":\"2023-10-30T09:45:42+00:00\",\"dateModified\":\"2024-03-01T09:42:26+00:00\",\"breadcrumb\":{\"@id\":\"https:\\\/\\\/filles-de-la-charite.org\\\/pt-pt\\\/service\\\/sem-abrigo\\\/#breadcrumb\"},\"inLanguage\":\"pt-PT\",\"potentialAction\":[{\"@type\":\"ReadAction\",\"target\":[\"https:\\\/\\\/filles-de-la-charite.org\\\/pt-pt\\\/service\\\/sem-abrigo\\\/\"]}]},{\"@type\":\"ImageObject\",\"inLanguage\":\"pt-PT\",\"@id\":\"https:\\\/\\\/filles-de-la-charite.org\\\/pt-pt\\\/service\\\/sem-abrigo\\\/#primaryimage\",\"url\":\"https:\\\/\\\/filles-de-la-charite.org\\\/wp-content\\\/uploads\\\/2023\\\/04\\\/Projeto-Maria-Solidaria-Pessoas-em-situacao-de-rua-1.jpeg\",\"contentUrl\":\"https:\\\/\\\/filles-de-la-charite.org\\\/wp-content\\\/uploads\\\/2023\\\/04\\\/Projeto-Maria-Solidaria-Pessoas-em-situacao-de-rua-1.jpeg\",\"width\":1920,\"height\":1500},{\"@type\":\"BreadcrumbList\",\"@id\":\"https:\\\/\\\/filles-de-la-charite.org\\\/pt-pt\\\/service\\\/sem-abrigo\\\/#breadcrumb\",\"itemListElement\":[{\"@type\":\"ListItem\",\"position\":1,\"name\":\"Services\",\"item\":\"https:\\\/\\\/filles-de-la-charite.org\\\/pt-pt\\\/service\\\/\"},{\"@type\":\"ListItem\",\"position\":2,\"name\":\"Pessoas em situa\u00e7\u00e3o de rua\"}]},{\"@type\":\"WebSite\",\"@id\":\"https:\\\/\\\/filles-de-la-charite.org\\\/pt-pt\\\/#website\",\"url\":\"https:\\\/\\\/filles-de-la-charite.org\\\/pt-pt\\\/\",\"name\":\"Hijas de la Caridad\",\"description\":\"L\u2019amour de J\u00e9sus nous presse \u00e0 prendre soin des personnes les plus d\u00e9munies\",\"publisher\":{\"@id\":\"https:\\\/\\\/filles-de-la-charite.org\\\/pt-pt\\\/#organization\"},\"potentialAction\":[{\"@type\":\"SearchAction\",\"target\":{\"@type\":\"EntryPoint\",\"urlTemplate\":\"https:\\\/\\\/filles-de-la-charite.org\\\/pt-pt\\\/?s={search_term_string}\"},\"query-input\":{\"@type\":\"PropertyValueSpecification\",\"valueRequired\":true,\"valueName\":\"search_term_string\"}}],\"inLanguage\":\"pt-PT\"},{\"@type\":\"Organization\",\"@id\":\"https:\\\/\\\/filles-de-la-charite.org\\\/pt-pt\\\/#organization\",\"name\":\"Hijas de la Caridad\",\"url\":\"https:\\\/\\\/filles-de-la-charite.org\\\/pt-pt\\\/\",\"logo\":{\"@type\":\"ImageObject\",\"inLanguage\":\"pt-PT\",\"@id\":\"https:\\\/\\\/filles-de-la-charite.org\\\/pt-pt\\\/#\\\/schema\\\/logo\\\/image\\\/\",\"url\":\"https:\\\/\\\/filles-de-la-charite.org\\\/wp-content\\\/uploads\\\/2023\\\/03\\\/isotipo-Hijas-de-la-Caridad.png\",\"contentUrl\":\"https:\\\/\\\/filles-de-la-charite.org\\\/wp-content\\\/uploads\\\/2023\\\/03\\\/isotipo-Hijas-de-la-Caridad.png\",\"width\":1417,\"height\":1417,\"caption\":\"Hijas de la Caridad\"},\"image\":{\"@id\":\"https:\\\/\\\/filles-de-la-charite.org\\\/pt-pt\\\/#\\\/schema\\\/logo\\\/image\\\/\"}}]}<\/script>\n<!-- \/ Yoast SEO plugin. -->","yoast_head_json":{"title":"Pessoas em situa\u00e7\u00e3o de rua - Filles de la Charit\u00e9","robots":{"index":"index","follow":"follow","max-snippet":"max-snippet:-1","max-image-preview":"max-image-preview:large","max-video-preview":"max-video-preview:-1"},"canonical":"https:\/\/filles-de-la-charite.org\/pt-pt\/service\/sem-abrigo\/","og_locale":"pt_PT","og_type":"article","og_title":"Pessoas em situa\u00e7\u00e3o de rua - Filles de la Charit\u00e9","og_description":"Todos os dias, por diversas raz\u00f5es, cada vez mais pessoas: homens, mulheres e crian\u00e7as vivem nas ruas. Esta situa\u00e7\u00e3o, sempre dolorosa, conduz a uma exist\u00eancia marcada pela solid\u00e3o, inseguran\u00e7a, viol\u00eancia e desespero. De forma geral, a sociedade os exclui e raramente lhes d\u00e1 os meios para se reintegrarem e levarem uma vida digna. Oferecemos as [&hellip;]","og_url":"https:\/\/filles-de-la-charite.org\/pt-pt\/service\/sem-abrigo\/","og_site_name":"Filles de la Charit\u00e9","article_modified_time":"2024-03-01T09:42:26+00:00","og_image":[{"width":1920,"height":1500,"url":"https:\/\/filles-de-la-charite.org\/wp-content\/uploads\/2023\/04\/Projeto-Maria-Solidaria-Pessoas-em-situacao-de-rua-1.jpeg","type":"image\/jpeg"}],"twitter_card":"summary_large_image","twitter_misc":{"Tempo estimado de leitura":"1 minuto"},"schema":{"@context":"https:\/\/schema.org","@graph":[{"@type":"WebPage","@id":"https:\/\/filles-de-la-charite.org\/pt-pt\/service\/sem-abrigo\/","url":"https:\/\/filles-de-la-charite.org\/pt-pt\/service\/sem-abrigo\/","name":"Pessoas em situa\u00e7\u00e3o de rua - Filles de la Charit\u00e9","isPartOf":{"@id":"https:\/\/filles-de-la-charite.org\/pt-pt\/#website"},"primaryImageOfPage":{"@id":"https:\/\/filles-de-la-charite.org\/pt-pt\/service\/sem-abrigo\/#primaryimage"},"image":{"@id":"https:\/\/filles-de-la-charite.org\/pt-pt\/service\/sem-abrigo\/#primaryimage"},"thumbnailUrl":"https:\/\/filles-de-la-charite.org\/wp-content\/uploads\/2023\/04\/Projeto-Maria-Solidaria-Pessoas-em-situacao-de-rua-1.jpeg","datePublished":"2023-10-30T09:45:42+00:00","dateModified":"2024-03-01T09:42:26+00:00","breadcrumb":{"@id":"https:\/\/filles-de-la-charite.org\/pt-pt\/service\/sem-abrigo\/#breadcrumb"},"inLanguage":"pt-PT","potentialAction":[{"@type":"ReadAction","target":["https:\/\/filles-de-la-charite.org\/pt-pt\/service\/sem-abrigo\/"]}]},{"@type":"ImageObject","inLanguage":"pt-PT","@id":"https:\/\/filles-de-la-charite.org\/pt-pt\/service\/sem-abrigo\/#primaryimage","url":"https:\/\/filles-de-la-charite.org\/wp-content\/uploads\/2023\/04\/Projeto-Maria-Solidaria-Pessoas-em-situacao-de-rua-1.jpeg","contentUrl":"https:\/\/filles-de-la-charite.org\/wp-content\/uploads\/2023\/04\/Projeto-Maria-Solidaria-Pessoas-em-situacao-de-rua-1.jpeg","width":1920,"height":1500},{"@type":"BreadcrumbList","@id":"https:\/\/filles-de-la-charite.org\/pt-pt\/service\/sem-abrigo\/#breadcrumb","itemListElement":[{"@type":"ListItem","position":1,"name":"Services","item":"https:\/\/filles-de-la-charite.org\/pt-pt\/service\/"},{"@type":"ListItem","position":2,"name":"Pessoas em situa\u00e7\u00e3o de rua"}]},{"@type":"WebSite","@id":"https:\/\/filles-de-la-charite.org\/pt-pt\/#website","url":"https:\/\/filles-de-la-charite.org\/pt-pt\/","name":"Hijas de la Caridad","description":"L\u2019amour de J\u00e9sus nous presse \u00e0 prendre soin des personnes les plus d\u00e9munies","publisher":{"@id":"https:\/\/filles-de-la-charite.org\/pt-pt\/#organization"},"potentialAction":[{"@type":"SearchAction","target":{"@type":"EntryPoint","urlTemplate":"https:\/\/filles-de-la-charite.org\/pt-pt\/?s={search_term_string}"},"query-input":{"@type":"PropertyValueSpecification","valueRequired":true,"valueName":"search_term_string"}}],"inLanguage":"pt-PT"},{"@type":"Organization","@id":"https:\/\/filles-de-la-charite.org\/pt-pt\/#organization","name":"Hijas de la Caridad","url":"https:\/\/filles-de-la-charite.org\/pt-pt\/","logo":{"@type":"ImageObject","inLanguage":"pt-PT","@id":"https:\/\/filles-de-la-charite.org\/pt-pt\/#\/schema\/logo\/image\/","url":"https:\/\/filles-de-la-charite.org\/wp-content\/uploads\/2023\/03\/isotipo-Hijas-de-la-Caridad.png","contentUrl":"https:\/\/filles-de-la-charite.org\/wp-content\/uploads\/2023\/03\/isotipo-Hijas-de-la-Caridad.png","width":1417,"height":1417,"caption":"Hijas de la Caridad"},"image":{"@id":"https:\/\/filles-de-la-charite.org\/pt-pt\/#\/schema\/logo\/image\/"}}]}},"_links":{"self":[{"href":"https:\/\/filles-de-la-charite.org\/pt-pt\/wp-json\/wp\/v2\/service\/30531","targetHints":{"allow":["GET"]}}],"collection":[{"href":"https:\/\/filles-de-la-charite.org\/pt-pt\/wp-json\/wp\/v2\/service"}],"about":[{"href":"https:\/\/filles-de-la-charite.org\/pt-pt\/wp-json\/wp\/v2\/types\/service"}],"wp:featuredmedia":[{"embeddable":true,"href":"https:\/\/filles-de-la-charite.org\/pt-pt\/wp-json\/wp\/v2\/media\/1959"}],"wp:attachment":[{"href":"https:\/\/filles-de-la-charite.org\/pt-pt\/wp-json\/wp\/v2\/media?parent=30531"}],"curies":[{"name":"wp","href":"https:\/\/api.w.org\/{rel}","templated":true}]}}