{"id":30612,"date":"2023-10-31T10:51:26","date_gmt":"2023-10-31T09:51:26","guid":{"rendered":"https:\/\/hijascaridad.sjdigitaldemo.ovh\/service\/educacao-e-juventude\/"},"modified":"2024-03-01T11:22:41","modified_gmt":"2024-03-01T10:22:41","slug":"educacao-e-juventude","status":"publish","type":"service","link":"https:\/\/filles-de-la-charite.org\/pt-pt\/service\/educacao-e-juventude\/","title":{"rendered":"Os Jovens"},"content":{"rendered":"\n<h4 class=\"wp-block-heading\">Santa Lu\u00edsa considerava a educa\u00e7\u00e3o como o meio de garantir a forma\u00e7\u00e3o e o desenvolvimento de crian\u00e7as e jovens. Ela pediu autoriza\u00e7\u00e3o para abrir pequenas escolas para acolher as jovens pobres que, deixadas \u00e0 pr\u00f3pria sorte, poderiam tornarem-se mendigas.<\/h4>\n\n\n\n<p>As Irm\u00e3s ofereciam as suas alunas uma educa\u00e7\u00e3o integral, pr\u00e1tica e concreta que lhes permitisse ganhar a vida honestamente e sustentar suas fam\u00edlias. Elas tamb\u00e9m lhes ensinavam o catecismo usando m\u00e9todos s\u00f3lidos e as educavam para viverem de acordo com o Evangelho.<\/p>\n\n\n\n<p>O mundo mudou e os jovens s\u00e3o, por vezes, desacreditados. No entanto, bem acompanhados, eles s\u00e3o generosos e entusiasmados, prontos a se comprometer e se tornar verdadeiros disc\u00edpulos de Jesus, com uma f\u00e9 ativa e uma caridade inventiva, especialmente em rela\u00e7\u00e3o aos pobres.<\/p>\n\n\n\n<p>Acompanhar os adolescentes e os jovens nas suas buscas e anseios \u00e9 um imperativo para n\u00f3s.<\/p>\n\n\n\n<p>Vamos ao encontro deles:<\/p>\n\n\n\n<ul class=\"wp-block-list\">\n<li>nas escolas, nos cursos t\u00e9cnicos e nas universidades<\/li>\n\n\n\n<li>nas atividades catequ\u00e9ticas e de pastoral da juventude<\/li>\n\n\n\n<li>nos diversos movimentos, particularmente os da Fam\u00edlia Vicentina:\n<ul class=\"wp-block-list\">\n<li>Juventude Mariana Vicentina (JMV)<\/li>\n\n\n\n<li>Leigos Mission\u00e1rios Vicentinos (MISEVI)<\/li>\n\n\n\n<li>Programas para jovens volunt\u00e1rios vicentinos<\/li>\n<\/ul>\n<\/li>\n\n\n\n<li>nas associa\u00e7\u00f5es especializadas de acompanhamento a menores infratores, meninos de rua, etc.<\/li>\n<\/ul>\n","protected":false},"featured_media":2114,"template":"","meta":{"_acf_changed":false,"_et_pb_use_builder":"","_et_pb_old_content":"","_et_gb_content_width":"","_links_to":"","_links_to_target":""},"class_list":["post-30612","service","type-service","status-publish","has-post-thumbnail","hentry"],"acf":[],"yoast_head":"<!-- This site is optimized with the Yoast SEO plugin v27.5 - https:\/\/yoast.com\/product\/yoast-seo-wordpress\/ -->\n<title>Os Jovens - Filles de la Charit\u00e9<\/title>\n<meta name=\"robots\" content=\"index, follow, max-snippet:-1, max-image-preview:large, max-video-preview:-1\" \/>\n<link rel=\"canonical\" href=\"https:\/\/filles-de-la-charite.org\/pt-pt\/service\/educacao-e-juventude\/\" \/>\n<meta property=\"og:locale\" content=\"pt_PT\" \/>\n<meta property=\"og:type\" content=\"article\" \/>\n<meta property=\"og:title\" content=\"Os Jovens - Filles de la Charit\u00e9\" \/>\n<meta property=\"og:description\" content=\"Santa Lu\u00edsa considerava a educa\u00e7\u00e3o como o meio de garantir a forma\u00e7\u00e3o e o desenvolvimento de crian\u00e7as e jovens. Ela pediu autoriza\u00e7\u00e3o para abrir pequenas escolas para acolher as jovens pobres que, deixadas \u00e0 pr\u00f3pria sorte, poderiam tornarem-se mendigas. As Irm\u00e3s ofereciam as suas alunas uma educa\u00e7\u00e3o integral, pr\u00e1tica e concreta que lhes permitisse ganhar [&hellip;]\" \/>\n<meta property=\"og:url\" content=\"https:\/\/filles-de-la-charite.org\/pt-pt\/service\/educacao-e-juventude\/\" \/>\n<meta property=\"og:site_name\" content=\"Filles de la Charit\u00e9\" \/>\n<meta property=\"article:modified_time\" content=\"2024-03-01T10:22:41+00:00\" \/>\n<meta property=\"og:image\" content=\"https:\/\/filles-de-la-charite.org\/wp-content\/uploads\/2023\/04\/Educacion.jpeg\" \/>\n\t<meta property=\"og:image:width\" content=\"1920\" \/>\n\t<meta property=\"og:image:height\" content=\"1624\" \/>\n\t<meta property=\"og:image:type\" content=\"image\/jpeg\" \/>\n<meta name=\"twitter:card\" content=\"summary_large_image\" \/>\n<meta name=\"twitter:label1\" content=\"Tempo estimado de leitura\" \/>\n\t<meta name=\"twitter:data1\" content=\"1 minuto\" \/>\n<script type=\"application\/ld+json\" class=\"yoast-schema-graph\">{\"@context\":\"https:\\\/\\\/schema.org\",\"@graph\":[{\"@type\":\"WebPage\",\"@id\":\"https:\\\/\\\/filles-de-la-charite.org\\\/pt-pt\\\/service\\\/educacao-e-juventude\\\/\",\"url\":\"https:\\\/\\\/filles-de-la-charite.org\\\/pt-pt\\\/service\\\/educacao-e-juventude\\\/\",\"name\":\"Os Jovens - Filles de la Charit\u00e9\",\"isPartOf\":{\"@id\":\"https:\\\/\\\/filles-de-la-charite.org\\\/pt-pt\\\/#website\"},\"primaryImageOfPage\":{\"@id\":\"https:\\\/\\\/filles-de-la-charite.org\\\/pt-pt\\\/service\\\/educacao-e-juventude\\\/#primaryimage\"},\"image\":{\"@id\":\"https:\\\/\\\/filles-de-la-charite.org\\\/pt-pt\\\/service\\\/educacao-e-juventude\\\/#primaryimage\"},\"thumbnailUrl\":\"https:\\\/\\\/filles-de-la-charite.org\\\/wp-content\\\/uploads\\\/2023\\\/04\\\/Educacion.jpeg\",\"datePublished\":\"2023-10-31T09:51:26+00:00\",\"dateModified\":\"2024-03-01T10:22:41+00:00\",\"breadcrumb\":{\"@id\":\"https:\\\/\\\/filles-de-la-charite.org\\\/pt-pt\\\/service\\\/educacao-e-juventude\\\/#breadcrumb\"},\"inLanguage\":\"pt-PT\",\"potentialAction\":[{\"@type\":\"ReadAction\",\"target\":[\"https:\\\/\\\/filles-de-la-charite.org\\\/pt-pt\\\/service\\\/educacao-e-juventude\\\/\"]}]},{\"@type\":\"ImageObject\",\"inLanguage\":\"pt-PT\",\"@id\":\"https:\\\/\\\/filles-de-la-charite.org\\\/pt-pt\\\/service\\\/educacao-e-juventude\\\/#primaryimage\",\"url\":\"https:\\\/\\\/filles-de-la-charite.org\\\/wp-content\\\/uploads\\\/2023\\\/04\\\/Educacion.jpeg\",\"contentUrl\":\"https:\\\/\\\/filles-de-la-charite.org\\\/wp-content\\\/uploads\\\/2023\\\/04\\\/Educacion.jpeg\",\"width\":1920,\"height\":1624},{\"@type\":\"BreadcrumbList\",\"@id\":\"https:\\\/\\\/filles-de-la-charite.org\\\/pt-pt\\\/service\\\/educacao-e-juventude\\\/#breadcrumb\",\"itemListElement\":[{\"@type\":\"ListItem\",\"position\":1,\"name\":\"Services\",\"item\":\"https:\\\/\\\/filles-de-la-charite.org\\\/pt-pt\\\/service\\\/\"},{\"@type\":\"ListItem\",\"position\":2,\"name\":\"Os Jovens\"}]},{\"@type\":\"WebSite\",\"@id\":\"https:\\\/\\\/filles-de-la-charite.org\\\/pt-pt\\\/#website\",\"url\":\"https:\\\/\\\/filles-de-la-charite.org\\\/pt-pt\\\/\",\"name\":\"Hijas de la Caridad\",\"description\":\"L\u2019amour de J\u00e9sus nous presse \u00e0 prendre soin des personnes les plus d\u00e9munies\",\"publisher\":{\"@id\":\"https:\\\/\\\/filles-de-la-charite.org\\\/pt-pt\\\/#organization\"},\"potentialAction\":[{\"@type\":\"SearchAction\",\"target\":{\"@type\":\"EntryPoint\",\"urlTemplate\":\"https:\\\/\\\/filles-de-la-charite.org\\\/pt-pt\\\/?s={search_term_string}\"},\"query-input\":{\"@type\":\"PropertyValueSpecification\",\"valueRequired\":true,\"valueName\":\"search_term_string\"}}],\"inLanguage\":\"pt-PT\"},{\"@type\":\"Organization\",\"@id\":\"https:\\\/\\\/filles-de-la-charite.org\\\/pt-pt\\\/#organization\",\"name\":\"Hijas de la Caridad\",\"url\":\"https:\\\/\\\/filles-de-la-charite.org\\\/pt-pt\\\/\",\"logo\":{\"@type\":\"ImageObject\",\"inLanguage\":\"pt-PT\",\"@id\":\"https:\\\/\\\/filles-de-la-charite.org\\\/pt-pt\\\/#\\\/schema\\\/logo\\\/image\\\/\",\"url\":\"https:\\\/\\\/filles-de-la-charite.org\\\/wp-content\\\/uploads\\\/2023\\\/03\\\/isotipo-Hijas-de-la-Caridad.png\",\"contentUrl\":\"https:\\\/\\\/filles-de-la-charite.org\\\/wp-content\\\/uploads\\\/2023\\\/03\\\/isotipo-Hijas-de-la-Caridad.png\",\"width\":1417,\"height\":1417,\"caption\":\"Hijas de la Caridad\"},\"image\":{\"@id\":\"https:\\\/\\\/filles-de-la-charite.org\\\/pt-pt\\\/#\\\/schema\\\/logo\\\/image\\\/\"}}]}<\/script>\n<!-- \/ Yoast SEO plugin. -->","yoast_head_json":{"title":"Os Jovens - Filles de la Charit\u00e9","robots":{"index":"index","follow":"follow","max-snippet":"max-snippet:-1","max-image-preview":"max-image-preview:large","max-video-preview":"max-video-preview:-1"},"canonical":"https:\/\/filles-de-la-charite.org\/pt-pt\/service\/educacao-e-juventude\/","og_locale":"pt_PT","og_type":"article","og_title":"Os Jovens - Filles de la Charit\u00e9","og_description":"Santa Lu\u00edsa considerava a educa\u00e7\u00e3o como o meio de garantir a forma\u00e7\u00e3o e o desenvolvimento de crian\u00e7as e jovens. Ela pediu autoriza\u00e7\u00e3o para abrir pequenas escolas para acolher as jovens pobres que, deixadas \u00e0 pr\u00f3pria sorte, poderiam tornarem-se mendigas. As Irm\u00e3s ofereciam as suas alunas uma educa\u00e7\u00e3o integral, pr\u00e1tica e concreta que lhes permitisse ganhar [&hellip;]","og_url":"https:\/\/filles-de-la-charite.org\/pt-pt\/service\/educacao-e-juventude\/","og_site_name":"Filles de la Charit\u00e9","article_modified_time":"2024-03-01T10:22:41+00:00","og_image":[{"width":1920,"height":1624,"url":"https:\/\/filles-de-la-charite.org\/wp-content\/uploads\/2023\/04\/Educacion.jpeg","type":"image\/jpeg"}],"twitter_card":"summary_large_image","twitter_misc":{"Tempo estimado de leitura":"1 minuto"},"schema":{"@context":"https:\/\/schema.org","@graph":[{"@type":"WebPage","@id":"https:\/\/filles-de-la-charite.org\/pt-pt\/service\/educacao-e-juventude\/","url":"https:\/\/filles-de-la-charite.org\/pt-pt\/service\/educacao-e-juventude\/","name":"Os Jovens - Filles de la Charit\u00e9","isPartOf":{"@id":"https:\/\/filles-de-la-charite.org\/pt-pt\/#website"},"primaryImageOfPage":{"@id":"https:\/\/filles-de-la-charite.org\/pt-pt\/service\/educacao-e-juventude\/#primaryimage"},"image":{"@id":"https:\/\/filles-de-la-charite.org\/pt-pt\/service\/educacao-e-juventude\/#primaryimage"},"thumbnailUrl":"https:\/\/filles-de-la-charite.org\/wp-content\/uploads\/2023\/04\/Educacion.jpeg","datePublished":"2023-10-31T09:51:26+00:00","dateModified":"2024-03-01T10:22:41+00:00","breadcrumb":{"@id":"https:\/\/filles-de-la-charite.org\/pt-pt\/service\/educacao-e-juventude\/#breadcrumb"},"inLanguage":"pt-PT","potentialAction":[{"@type":"ReadAction","target":["https:\/\/filles-de-la-charite.org\/pt-pt\/service\/educacao-e-juventude\/"]}]},{"@type":"ImageObject","inLanguage":"pt-PT","@id":"https:\/\/filles-de-la-charite.org\/pt-pt\/service\/educacao-e-juventude\/#primaryimage","url":"https:\/\/filles-de-la-charite.org\/wp-content\/uploads\/2023\/04\/Educacion.jpeg","contentUrl":"https:\/\/filles-de-la-charite.org\/wp-content\/uploads\/2023\/04\/Educacion.jpeg","width":1920,"height":1624},{"@type":"BreadcrumbList","@id":"https:\/\/filles-de-la-charite.org\/pt-pt\/service\/educacao-e-juventude\/#breadcrumb","itemListElement":[{"@type":"ListItem","position":1,"name":"Services","item":"https:\/\/filles-de-la-charite.org\/pt-pt\/service\/"},{"@type":"ListItem","position":2,"name":"Os Jovens"}]},{"@type":"WebSite","@id":"https:\/\/filles-de-la-charite.org\/pt-pt\/#website","url":"https:\/\/filles-de-la-charite.org\/pt-pt\/","name":"Hijas de la Caridad","description":"L\u2019amour de J\u00e9sus nous presse \u00e0 prendre soin des personnes les plus d\u00e9munies","publisher":{"@id":"https:\/\/filles-de-la-charite.org\/pt-pt\/#organization"},"potentialAction":[{"@type":"SearchAction","target":{"@type":"EntryPoint","urlTemplate":"https:\/\/filles-de-la-charite.org\/pt-pt\/?s={search_term_string}"},"query-input":{"@type":"PropertyValueSpecification","valueRequired":true,"valueName":"search_term_string"}}],"inLanguage":"pt-PT"},{"@type":"Organization","@id":"https:\/\/filles-de-la-charite.org\/pt-pt\/#organization","name":"Hijas de la Caridad","url":"https:\/\/filles-de-la-charite.org\/pt-pt\/","logo":{"@type":"ImageObject","inLanguage":"pt-PT","@id":"https:\/\/filles-de-la-charite.org\/pt-pt\/#\/schema\/logo\/image\/","url":"https:\/\/filles-de-la-charite.org\/wp-content\/uploads\/2023\/03\/isotipo-Hijas-de-la-Caridad.png","contentUrl":"https:\/\/filles-de-la-charite.org\/wp-content\/uploads\/2023\/03\/isotipo-Hijas-de-la-Caridad.png","width":1417,"height":1417,"caption":"Hijas de la Caridad"},"image":{"@id":"https:\/\/filles-de-la-charite.org\/pt-pt\/#\/schema\/logo\/image\/"}}]}},"_links":{"self":[{"href":"https:\/\/filles-de-la-charite.org\/pt-pt\/wp-json\/wp\/v2\/service\/30612","targetHints":{"allow":["GET"]}}],"collection":[{"href":"https:\/\/filles-de-la-charite.org\/pt-pt\/wp-json\/wp\/v2\/service"}],"about":[{"href":"https:\/\/filles-de-la-charite.org\/pt-pt\/wp-json\/wp\/v2\/types\/service"}],"wp:featuredmedia":[{"embeddable":true,"href":"https:\/\/filles-de-la-charite.org\/pt-pt\/wp-json\/wp\/v2\/media\/2114"}],"wp:attachment":[{"href":"https:\/\/filles-de-la-charite.org\/pt-pt\/wp-json\/wp\/v2\/media?parent=30612"}],"curies":[{"name":"wp","href":"https:\/\/api.w.org\/{rel}","templated":true}]}}