{"id":7425,"date":"2020-10-06T13:32:08","date_gmt":"2020-10-06T11:32:08","guid":{"rendered":"https:\/\/hijascaridad.sjdigitaldemo.ovh\/vida-entregada\/a-minha-vocacao-e-servir-com-alegria\/"},"modified":"2023-05-23T10:45:49","modified_gmt":"2023-05-23T08:45:49","slug":"a-minha-vocacao-e-servir-com-alegria","status":"publish","type":"vida-entregada","link":"https:\/\/filles-de-la-charite.org\/pt-pt\/vida-entregada\/a-minha-vocacao-e-servir-com-alegria\/","title":{"rendered":"A minha voca\u00e7\u00e3o \u00e9 servir com alegria"},"content":{"rendered":"\n<div class=\"wp-block-image\"><figure class=\"alignleft\"><img decoding=\"async\" src=\"https:\/\/www.filles-de-la-charite.org\/wp-content\/uploads\/OLD\/2016\/06\/1-1.jpg\" alt=\"\" class=\"wp-image-41160\"\/><\/figure><\/div>\n\n\n\n<p>Minha voca\u00e7\u00e3o nasceu desde a tenra idade, no seio de uma fam\u00edlia crist\u00e3, cat\u00f3lica, na pequena cidade de Catarina no interior do Cear\u00e1, Brasil. Gra\u00e7as a viv\u00eancia dos meus pais e ao testemunho fiel de minha Av\u00f3 materna, Maria Ezequiel Domingues (falecida), que nos afei\u00e7oamos \u00e0s coisas de Deus, principalmente a devo\u00e7\u00e3o a Nossa Senhora, a ora\u00e7\u00e3o do ter\u00e7o que v\u00edamos rezar todos os dias; a ora\u00e7\u00e3o antes e depois das refei\u00e7\u00f5es; bem como antes de dormir e ao levantar, o h\u00e1bito de tomar a b\u00ean\u00e7\u00e3o aos pais e aos idosos com todo respeito e obedi\u00eancia. Essas pr\u00e1ticas dos valores crist\u00e3os e a caridade aos necessitados que v\u00edamos habitualmente minha m\u00e3e fazer, agu\u00e7aram em mim, o gosto pela doa\u00e7\u00e3o aos irm\u00e3os.<\/p>\n\n\n\n<p>Ap\u00f3s minha primeira eucaristia, continuei os encontros de ora\u00e7\u00e3o e me tornei catequista. Sentia-me feliz, realizada nesta miss\u00e3o, sempre desejando avan\u00e7ar mais neste seguimento. Ap\u00f3s a crisma, senti claramente o chamado \u00e0 vida Consagrada e o Esp\u00edrito Santo me deu coragem de falar, de anunciar as maravilhas do Senhor com alegria e sem medo. O el\u00e3 mission\u00e1rio, o profetismo dos sacerdotes, a Igreja renovada, as pastorais vibrantes, jovens comprometidos, animados, fazendo o bem, era e continua sendo o sonho de Deus, pulsante em meu cora\u00e7\u00e3o, alimentando minha voca\u00e7\u00e3o.<\/p>\n\n\n\n<div class=\"wp-block-image\"><figure class=\"alignright\"><img decoding=\"async\" src=\"https:\/\/www.filles-de-la-charite.org\/wp-content\/uploads\/OLD\/2016\/06\/2-1.jpg\" alt=\"\" class=\"wp-image-41161\"\/><\/figure><\/div>\n\n\n\n<p>Como era comum nas cidades pequenas do Brasil, os jovens migrarem de sua terra para estudar e conseguir uma profiss\u00e3o em outros estados, tamb\u00e9m sa\u00ed de minha terra, para Recife, aonde minha Tia Irm\u00e3 Ester havia conseguido uma vaga para cursar o magist\u00e9rio juntamente com outras jovens internas), no Col\u00e9gio Maria Tereza, sob a dire\u00e7\u00e3o de Irm\u00e3 Irene Jacob e demais Filhas da Caridade, a quem sou reconhecida e grata por tudo que recebi e aprendi com as Irm\u00e3s. Foi neste espa\u00e7o de tempo, que procurei as Irm\u00e3s respons\u00e1veis pelo Servi\u00e7o de anima\u00e7\u00e3o vocacional e pude participar dos encontros e quando conclui o curso, logo fui admitida ao postulado no dia 11 de Fevereiro de 1988. Foi uma das maiores alegrias de minha vida. Irm\u00e3 Diva Pinto Freire, que me acolheu e sempre confiou em minha voca\u00e7\u00e3o, me apresentou \u00e0 Comunidade ainda hoje com 94 anos, est\u00e1 lucida e continua fazendo e ensinando trabalhos manuais as crian\u00e7as pobres a quem sempre serviu.<\/p>\n\n\n\n<p>Ingressei no Semin\u00e1rio no dia 16 de julho de 1989 dia de Nossa Senhora do Carmo. Logo mais nossa turma far\u00e1 31 anos de voca\u00e7\u00e3o. Minhas coirm\u00e3s de turma s\u00e3o: Irm\u00e3 Maria de Jesus Santiago, Irm\u00e3 Josefa Luiz Ribeiro e Irm\u00e3 Rita de C\u00e1ssia Cerqueira, sem esquecer nossa Bem-aventurada Lindalva Justo de Oliveira. (em processo de canoniza\u00e7\u00e3o) Com ela, tive o privil\u00e9gio do conv\u00edvio no Semin\u00e1rio tempo de profundo sil\u00eancio e ora\u00e7\u00e3o, em que Irm\u00e3 Lindalva se mostrava madura na f\u00e9, reflexiva, consciente de sua decis\u00e3o e comprometida com o servi\u00e7o. Ap\u00f3s o semin\u00e1rio fui enviada em miss\u00e3o para Salvador, Bahia. Minha comunidade, Instituto Nossa Senhora da Salette, onde passei 13 anos, permanece ainda hoje, como uma for\u00e7a na forma\u00e7\u00e3o permanente, sobretudo nos valores da vida fraterna, amizade, obedi\u00eancia aos superiores e a verdadeira alegria na miss\u00e3o, mesmo com dificuldades, por\u00e9m, com \u00e2nimo para prosseguir perseverando sem jamais se cansar. Continuo firme no processo de convers\u00e3o, confiando na bondade de Deus que n\u00e3o me deixa desfalecer na f\u00e9 nem desanimar no grande dom de minha voca\u00e7\u00e3o.<\/p>\n\n\n\n<div class=\"wp-block-image\"><figure class=\"alignleft\"><img decoding=\"async\" src=\"https:\/\/www.filles-de-la-charite.org\/wp-content\/uploads\/OLD\/2016\/06\/3.jpeg\" alt=\"\" class=\"wp-image-41162\"\/><\/figure><\/div>\n\n\n\n<p>A minha Comunidade (Escola S\u00e3o Jos\u00e9), \u00e9 localizada numa \u00e1rea portu\u00e1ria, aonde os pescadores retiram o sustento para sua sobreviv\u00eancia. H\u00e1 desemprego, fome e v\u00edcios de toda sorte. \u00c9 neste contexto de vulnerabilidade, que desenvolvo o trabalho diretamente com as crian\u00e7as e seus familiares na Evangeliza\u00e7\u00e3o, assist\u00eancia social, colaborando na forma\u00e7\u00e3o humana e crist\u00e3. Sou auxiliada por minhas Irm\u00e3s, os vicentinos e volunt\u00e1rios de nossa par\u00f3quia. Na Escola, atuo na coordena\u00e7\u00e3o pedag\u00f3gica, Pastoral escolar e Catequese de Primeira Eucaristia. Somos muito bem acolhidas nas par\u00f3quias, aceitas pelos leigos, e nosso trabalho \u00e9 confi\u00e1vel na Comunidade Educativa e no meio social que atuamos. Apesar das in\u00fameras dificuldades que enfrentamos, somos ainda, um sinal de Deus no meio deles, pois nossas Irm\u00e3s iniciaram um trabalho h\u00e1 mais de 80 anos que honram a dignidade das Filhas da Caridade neste local.<\/p>\n\n\n\n<p>Neste tempo de pandemia, com todos os desafios inerentes a esta crise mundial de sa\u00fade, estamos distribuindo semanalmente alimentos, frutas e verduras para muitas fam\u00edlias, bem como m\u00e1scaras e orientando-os para os devidos cuidados evitando, assim, a contamina\u00e7\u00e3o do covide19.<\/p>\n\n\n\n<p>Cada dia \u00e9 um novo desafio, mas Deus nos surpreende com sua infinita miseric\u00f3rdia, renovando nosso amor incondicional ao Seu servi\u00e7o.<\/p>\n\n\n\n<p>Quero agradecer profundamente a Nosso Senhor pela vida, miss\u00e3o e voca\u00e7\u00e3o.<\/p>\n\n\n\n<p><em>Irm\u00e3 Maria Dej\u00e2nia Domingues de Oliveira FC<\/em><\/p>\n","protected":false},"featured_media":1683,"template":"","meta":{"_acf_changed":false,"_links_to":"","_links_to_target":""},"class_list":["post-7425","vida-entregada","type-vida-entregada","status-publish","has-post-thumbnail","hentry"],"acf":[],"yoast_head":"<!-- This site is optimized with the Yoast SEO plugin v27.5 - https:\/\/yoast.com\/product\/yoast-seo-wordpress\/ -->\n<title>A minha voca\u00e7\u00e3o \u00e9 servir com alegria - Filles de la Charit\u00e9<\/title>\n<meta name=\"robots\" content=\"index, follow, max-snippet:-1, max-image-preview:large, max-video-preview:-1\" \/>\n<link rel=\"canonical\" href=\"https:\/\/filles-de-la-charite.org\/pt-pt\/vida-entregada\/a-minha-vocacao-e-servir-com-alegria\/\" \/>\n<meta property=\"og:locale\" content=\"pt_PT\" \/>\n<meta property=\"og:type\" content=\"article\" \/>\n<meta property=\"og:title\" content=\"A minha voca\u00e7\u00e3o \u00e9 servir com alegria - Filles de la Charit\u00e9\" \/>\n<meta property=\"og:description\" content=\"Minha voca\u00e7\u00e3o nasceu desde a tenra idade, no seio de uma fam\u00edlia crist\u00e3, cat\u00f3lica, na pequena cidade de Catarina no interior do Cear\u00e1, Brasil. Gra\u00e7as a viv\u00eancia dos meus pais e ao testemunho fiel de minha Av\u00f3 materna, Maria Ezequiel Domingues (falecida), que nos afei\u00e7oamos \u00e0s coisas de Deus, principalmente a devo\u00e7\u00e3o a Nossa Senhora, [&hellip;]\" \/>\n<meta property=\"og:url\" content=\"https:\/\/filles-de-la-charite.org\/pt-pt\/vida-entregada\/a-minha-vocacao-e-servir-com-alegria\/\" \/>\n<meta property=\"og:site_name\" content=\"Filles de la Charit\u00e9\" \/>\n<meta property=\"article:modified_time\" content=\"2023-05-23T08:45:49+00:00\" \/>\n<meta property=\"og:image\" content=\"https:\/\/filles-de-la-charite.org\/wp-content\/uploads\/2023\/04\/1-1.jpg\" \/>\n\t<meta property=\"og:image:width\" content=\"1105\" \/>\n\t<meta property=\"og:image:height\" content=\"1080\" \/>\n\t<meta property=\"og:image:type\" content=\"image\/jpeg\" \/>\n<meta name=\"twitter:card\" content=\"summary_large_image\" \/>\n<meta name=\"twitter:label1\" content=\"Tempo estimado de leitura\" \/>\n\t<meta name=\"twitter:data1\" content=\"4 minutos\" \/>\n<script type=\"application\/ld+json\" class=\"yoast-schema-graph\">{\"@context\":\"https:\\\/\\\/schema.org\",\"@graph\":[{\"@type\":\"WebPage\",\"@id\":\"https:\\\/\\\/filles-de-la-charite.org\\\/pt-pt\\\/vida-entregada\\\/a-minha-vocacao-e-servir-com-alegria\\\/\",\"url\":\"https:\\\/\\\/filles-de-la-charite.org\\\/pt-pt\\\/vida-entregada\\\/a-minha-vocacao-e-servir-com-alegria\\\/\",\"name\":\"A minha voca\u00e7\u00e3o \u00e9 servir com alegria - Filles de la Charit\u00e9\",\"isPartOf\":{\"@id\":\"https:\\\/\\\/filles-de-la-charite.org\\\/pt-pt\\\/#website\"},\"primaryImageOfPage\":{\"@id\":\"https:\\\/\\\/filles-de-la-charite.org\\\/pt-pt\\\/vida-entregada\\\/a-minha-vocacao-e-servir-com-alegria\\\/#primaryimage\"},\"image\":{\"@id\":\"https:\\\/\\\/filles-de-la-charite.org\\\/pt-pt\\\/vida-entregada\\\/a-minha-vocacao-e-servir-com-alegria\\\/#primaryimage\"},\"thumbnailUrl\":\"https:\\\/\\\/filles-de-la-charite.org\\\/wp-content\\\/uploads\\\/2023\\\/04\\\/1-1.jpg\",\"datePublished\":\"2020-10-06T11:32:08+00:00\",\"dateModified\":\"2023-05-23T08:45:49+00:00\",\"breadcrumb\":{\"@id\":\"https:\\\/\\\/filles-de-la-charite.org\\\/pt-pt\\\/vida-entregada\\\/a-minha-vocacao-e-servir-com-alegria\\\/#breadcrumb\"},\"inLanguage\":\"pt-PT\",\"potentialAction\":[{\"@type\":\"ReadAction\",\"target\":[\"https:\\\/\\\/filles-de-la-charite.org\\\/pt-pt\\\/vida-entregada\\\/a-minha-vocacao-e-servir-com-alegria\\\/\"]}]},{\"@type\":\"ImageObject\",\"inLanguage\":\"pt-PT\",\"@id\":\"https:\\\/\\\/filles-de-la-charite.org\\\/pt-pt\\\/vida-entregada\\\/a-minha-vocacao-e-servir-com-alegria\\\/#primaryimage\",\"url\":\"https:\\\/\\\/filles-de-la-charite.org\\\/wp-content\\\/uploads\\\/2023\\\/04\\\/1-1.jpg\",\"contentUrl\":\"https:\\\/\\\/filles-de-la-charite.org\\\/wp-content\\\/uploads\\\/2023\\\/04\\\/1-1.jpg\",\"width\":1105,\"height\":1080},{\"@type\":\"BreadcrumbList\",\"@id\":\"https:\\\/\\\/filles-de-la-charite.org\\\/pt-pt\\\/vida-entregada\\\/a-minha-vocacao-e-servir-com-alegria\\\/#breadcrumb\",\"itemListElement\":[{\"@type\":\"ListItem\",\"position\":1,\"name\":\"Given lifes\",\"item\":\"https:\\\/\\\/filles-de-la-charite.org\\\/pt-pt\\\/vida-entregada\\\/\"},{\"@type\":\"ListItem\",\"position\":2,\"name\":\"A minha voca\u00e7\u00e3o \u00e9 servir com alegria\"}]},{\"@type\":\"WebSite\",\"@id\":\"https:\\\/\\\/filles-de-la-charite.org\\\/pt-pt\\\/#website\",\"url\":\"https:\\\/\\\/filles-de-la-charite.org\\\/pt-pt\\\/\",\"name\":\"Hijas de la Caridad\",\"description\":\"L\u2019amour de J\u00e9sus nous presse \u00e0 prendre soin des personnes les plus d\u00e9munies\",\"publisher\":{\"@id\":\"https:\\\/\\\/filles-de-la-charite.org\\\/pt-pt\\\/#organization\"},\"potentialAction\":[{\"@type\":\"SearchAction\",\"target\":{\"@type\":\"EntryPoint\",\"urlTemplate\":\"https:\\\/\\\/filles-de-la-charite.org\\\/pt-pt\\\/?s={search_term_string}\"},\"query-input\":{\"@type\":\"PropertyValueSpecification\",\"valueRequired\":true,\"valueName\":\"search_term_string\"}}],\"inLanguage\":\"pt-PT\"},{\"@type\":\"Organization\",\"@id\":\"https:\\\/\\\/filles-de-la-charite.org\\\/pt-pt\\\/#organization\",\"name\":\"Hijas de la Caridad\",\"url\":\"https:\\\/\\\/filles-de-la-charite.org\\\/pt-pt\\\/\",\"logo\":{\"@type\":\"ImageObject\",\"inLanguage\":\"pt-PT\",\"@id\":\"https:\\\/\\\/filles-de-la-charite.org\\\/pt-pt\\\/#\\\/schema\\\/logo\\\/image\\\/\",\"url\":\"https:\\\/\\\/filles-de-la-charite.org\\\/wp-content\\\/uploads\\\/2023\\\/03\\\/isotipo-Hijas-de-la-Caridad.png\",\"contentUrl\":\"https:\\\/\\\/filles-de-la-charite.org\\\/wp-content\\\/uploads\\\/2023\\\/03\\\/isotipo-Hijas-de-la-Caridad.png\",\"width\":1417,\"height\":1417,\"caption\":\"Hijas de la Caridad\"},\"image\":{\"@id\":\"https:\\\/\\\/filles-de-la-charite.org\\\/pt-pt\\\/#\\\/schema\\\/logo\\\/image\\\/\"}}]}<\/script>\n<!-- \/ Yoast SEO plugin. -->","yoast_head_json":{"title":"A minha voca\u00e7\u00e3o \u00e9 servir com alegria - Filles de la Charit\u00e9","robots":{"index":"index","follow":"follow","max-snippet":"max-snippet:-1","max-image-preview":"max-image-preview:large","max-video-preview":"max-video-preview:-1"},"canonical":"https:\/\/filles-de-la-charite.org\/pt-pt\/vida-entregada\/a-minha-vocacao-e-servir-com-alegria\/","og_locale":"pt_PT","og_type":"article","og_title":"A minha voca\u00e7\u00e3o \u00e9 servir com alegria - Filles de la Charit\u00e9","og_description":"Minha voca\u00e7\u00e3o nasceu desde a tenra idade, no seio de uma fam\u00edlia crist\u00e3, cat\u00f3lica, na pequena cidade de Catarina no interior do Cear\u00e1, Brasil. Gra\u00e7as a viv\u00eancia dos meus pais e ao testemunho fiel de minha Av\u00f3 materna, Maria Ezequiel Domingues (falecida), que nos afei\u00e7oamos \u00e0s coisas de Deus, principalmente a devo\u00e7\u00e3o a Nossa Senhora, [&hellip;]","og_url":"https:\/\/filles-de-la-charite.org\/pt-pt\/vida-entregada\/a-minha-vocacao-e-servir-com-alegria\/","og_site_name":"Filles de la Charit\u00e9","article_modified_time":"2023-05-23T08:45:49+00:00","og_image":[{"width":1105,"height":1080,"url":"https:\/\/filles-de-la-charite.org\/wp-content\/uploads\/2023\/04\/1-1.jpg","type":"image\/jpeg"}],"twitter_card":"summary_large_image","twitter_misc":{"Tempo estimado de leitura":"4 minutos"},"schema":{"@context":"https:\/\/schema.org","@graph":[{"@type":"WebPage","@id":"https:\/\/filles-de-la-charite.org\/pt-pt\/vida-entregada\/a-minha-vocacao-e-servir-com-alegria\/","url":"https:\/\/filles-de-la-charite.org\/pt-pt\/vida-entregada\/a-minha-vocacao-e-servir-com-alegria\/","name":"A minha voca\u00e7\u00e3o \u00e9 servir com alegria - Filles de la Charit\u00e9","isPartOf":{"@id":"https:\/\/filles-de-la-charite.org\/pt-pt\/#website"},"primaryImageOfPage":{"@id":"https:\/\/filles-de-la-charite.org\/pt-pt\/vida-entregada\/a-minha-vocacao-e-servir-com-alegria\/#primaryimage"},"image":{"@id":"https:\/\/filles-de-la-charite.org\/pt-pt\/vida-entregada\/a-minha-vocacao-e-servir-com-alegria\/#primaryimage"},"thumbnailUrl":"https:\/\/filles-de-la-charite.org\/wp-content\/uploads\/2023\/04\/1-1.jpg","datePublished":"2020-10-06T11:32:08+00:00","dateModified":"2023-05-23T08:45:49+00:00","breadcrumb":{"@id":"https:\/\/filles-de-la-charite.org\/pt-pt\/vida-entregada\/a-minha-vocacao-e-servir-com-alegria\/#breadcrumb"},"inLanguage":"pt-PT","potentialAction":[{"@type":"ReadAction","target":["https:\/\/filles-de-la-charite.org\/pt-pt\/vida-entregada\/a-minha-vocacao-e-servir-com-alegria\/"]}]},{"@type":"ImageObject","inLanguage":"pt-PT","@id":"https:\/\/filles-de-la-charite.org\/pt-pt\/vida-entregada\/a-minha-vocacao-e-servir-com-alegria\/#primaryimage","url":"https:\/\/filles-de-la-charite.org\/wp-content\/uploads\/2023\/04\/1-1.jpg","contentUrl":"https:\/\/filles-de-la-charite.org\/wp-content\/uploads\/2023\/04\/1-1.jpg","width":1105,"height":1080},{"@type":"BreadcrumbList","@id":"https:\/\/filles-de-la-charite.org\/pt-pt\/vida-entregada\/a-minha-vocacao-e-servir-com-alegria\/#breadcrumb","itemListElement":[{"@type":"ListItem","position":1,"name":"Given lifes","item":"https:\/\/filles-de-la-charite.org\/pt-pt\/vida-entregada\/"},{"@type":"ListItem","position":2,"name":"A minha voca\u00e7\u00e3o \u00e9 servir com alegria"}]},{"@type":"WebSite","@id":"https:\/\/filles-de-la-charite.org\/pt-pt\/#website","url":"https:\/\/filles-de-la-charite.org\/pt-pt\/","name":"Hijas de la Caridad","description":"L\u2019amour de J\u00e9sus nous presse \u00e0 prendre soin des personnes les plus d\u00e9munies","publisher":{"@id":"https:\/\/filles-de-la-charite.org\/pt-pt\/#organization"},"potentialAction":[{"@type":"SearchAction","target":{"@type":"EntryPoint","urlTemplate":"https:\/\/filles-de-la-charite.org\/pt-pt\/?s={search_term_string}"},"query-input":{"@type":"PropertyValueSpecification","valueRequired":true,"valueName":"search_term_string"}}],"inLanguage":"pt-PT"},{"@type":"Organization","@id":"https:\/\/filles-de-la-charite.org\/pt-pt\/#organization","name":"Hijas de la Caridad","url":"https:\/\/filles-de-la-charite.org\/pt-pt\/","logo":{"@type":"ImageObject","inLanguage":"pt-PT","@id":"https:\/\/filles-de-la-charite.org\/pt-pt\/#\/schema\/logo\/image\/","url":"https:\/\/filles-de-la-charite.org\/wp-content\/uploads\/2023\/03\/isotipo-Hijas-de-la-Caridad.png","contentUrl":"https:\/\/filles-de-la-charite.org\/wp-content\/uploads\/2023\/03\/isotipo-Hijas-de-la-Caridad.png","width":1417,"height":1417,"caption":"Hijas de la Caridad"},"image":{"@id":"https:\/\/filles-de-la-charite.org\/pt-pt\/#\/schema\/logo\/image\/"}}]}},"_links":{"self":[{"href":"https:\/\/filles-de-la-charite.org\/pt-pt\/wp-json\/wp\/v2\/vida-entregada\/7425","targetHints":{"allow":["GET"]}}],"collection":[{"href":"https:\/\/filles-de-la-charite.org\/pt-pt\/wp-json\/wp\/v2\/vida-entregada"}],"about":[{"href":"https:\/\/filles-de-la-charite.org\/pt-pt\/wp-json\/wp\/v2\/types\/vida-entregada"}],"wp:featuredmedia":[{"embeddable":true,"href":"https:\/\/filles-de-la-charite.org\/pt-pt\/wp-json\/wp\/v2\/media\/1683"}],"wp:attachment":[{"href":"https:\/\/filles-de-la-charite.org\/pt-pt\/wp-json\/wp\/v2\/media?parent=7425"}],"curies":[{"name":"wp","href":"https:\/\/api.w.org\/{rel}","templated":true}]}}