{"id":7427,"date":"2020-10-06T14:08:33","date_gmt":"2020-10-06T12:08:33","guid":{"rendered":"https:\/\/hijascaridad.sjdigitaldemo.ovh\/vida-entregada\/toda-dada-a-deus-para-o-servico-dos-pobres\/"},"modified":"2023-05-23T10:47:52","modified_gmt":"2023-05-23T08:47:52","slug":"toda-dada-a-deus-para-o-servico-dos-pobres","status":"publish","type":"vida-entregada","link":"https:\/\/filles-de-la-charite.org\/pt-pt\/vida-entregada\/toda-dada-a-deus-para-o-servico-dos-pobres\/","title":{"rendered":"Toda Dada a Deus para o servi\u00e7o dos pobres"},"content":{"rendered":"\n<div class=\"wp-block-image is-style-default\"><figure class=\"alignleft size-full is-resized\"><img loading=\"lazy\" decoding=\"async\" src=\"https:\/\/filles-de-la-charite.org\/wp-content\/uploads\/2023\/04\/1-2.jpg\" alt=\"\" class=\"wp-image-56160\" width=\"350\" height=\"513\"\/><\/figure><\/div>\n\n\n\n<p>Ouvi o chamado muito cedo: o dia da minha primeira comunh\u00e3o. Eu tinha 7 anos de idade, e sentia que compartilharia minha vida somente com Cristo. Deus se manifestou atrav\u00e9s dos acontecimentos: minha vida em uma fam\u00edlia unida onde se viviam valores morais e religiosos, a guerra, a derrota, a ocupa\u00e7\u00e3o alem\u00e3 e a descoberta do horror dos campos nazistas... Como poderia n\u00e3o ser marcada por tanto sofrimento?<\/p>\n\n\n\n<p>Estudei enfermagem e entendi que, depois de todos estes sinais, Deus estava esperando minha resposta. Com a ajuda de um padre, decidi entrar para as Filhas da Caridade. Eu sabia que l\u00e1 eu poderia servir os pobres e viver l\u00e1 com Cristo. Depois de um tempo de forma\u00e7\u00e3o, comecei minha vida ativa.<\/p>\n\n\n\n<div class=\"wp-block-image\"><figure class=\"alignright\"><img decoding=\"async\" src=\"https:\/\/www.filles-de-la-charite.org\/wp-content\/uploads\/OLD\/2016\/06\/2-2.jpg\" alt=\"\" class=\"wp-image-41357\"\/><\/figure><\/div>\n\n\n\n<p>Na minha primeira casa, \u00e9ramos 12 irm\u00e3s. Mesmo que a vida comunit\u00e1ria n\u00e3o seja um rio longo e tranquilo, havia muita fraternidade entre n\u00f3s. O Amor de Deus e o Amor dos Pobres nos reuniram e alimentaram nosso tempo de ora\u00e7\u00e3o. Neste distrito de Paris, eu realmente encontrei a pobreza. Ainda vejo esta mulher em um pequeno quarto com tr\u00eas crian\u00e7as que tiveram que pendurar as cadeiras e dobrar a mesa \u00e0 noite a fim de colocar os colch\u00f5es no ch\u00e3o para dormir. Tamb\u00e9m n\u00e3o posso esquecer a pequena Dani\u00e8le, que foi hospitalizada ap\u00f3s ser envenenada por um fog\u00e3o a carv\u00e3o (causado por seu pai que a amava mas era ferozmente hostil \u00e0 sua aproxima\u00e7\u00e3o) durante o retiro da Primeira Comunh\u00e3o.<\/p>\n\n\n\n<p>Experimentei muitas mudan\u00e7as e em todos os lugares onde encontrei os Pobres. Deus me fez entender como melhorar esses encontros. Era necess\u00e1rio ir al\u00e9m da ajuda, servi\u00e7os e pequenas palavras reconfortantes, para ir mais longe, para ajudar os pobres a se encarregarem de si mesmos. Fui at\u00e9 suas casas, eles me receberam, a dist\u00e2ncia entre n\u00f3s diminuiu, uma certa simplicidade foi estabelecida, eles puderam falar sobre as coisas importantes de suas vidas.<\/p>\n\n\n\n<div class=\"wp-block-image\"><figure class=\"alignleft\"><img decoding=\"async\" src=\"https:\/\/www.filles-de-la-charite.org\/wp-content\/uploads\/OLD\/2016\/06\/3-1.jpg\" alt=\"\" class=\"wp-image-41358\"\/><\/figure><\/div>\n\n\n\n<p>Mais tarde, respondi a um apelo para ir ajudar no acampamento Sak\u00e9o na Tail\u00e2ndia, onde os Khmers Vermelhos haviam se refugiado. Uma noite, quando eu estava acordado, pude conversar com Ven que estava nos ajudando na tenda onde estavam os doentes. Ele havia partido com 18 membros de sua fam\u00edlia e chegado ao acampamento sozinho, todos os outros haviam morrido de fome, maus tratos e execu\u00e7\u00e3o, sendo o \u00faltimo deles sua esposa, perdido na floresta. Recebi esta confian\u00e7a como um verdadeiro presente e muitas vezes penso nisso, isso me ajuda em tempos dif\u00edceis. \u00c9ramos v\u00e1rias irm\u00e3s vindas de todas as partes do mundo. O que fizemos mais do que \"M\u00e9dicos Sem Fronteiras\", aos quais est\u00e1vamos ligados? Nada mais na superf\u00edcie, mas para n\u00f3s foi nossa perten\u00e7a a esse Deus a quem t\u00ednhamos dado nossas vidas que nos motivou.<\/p>\n\n\n\n<p>Mais tarde, fui missionado em uma comunidade em H.L.M. ligada \u00e0 \"S.A.P.P.E.L.\", uma associa\u00e7\u00e3o fundada para evangelizar o quarto mundo. Dentro desta estrutura, organizamos retiros para um pequeno grupo de pessoas em uma situa\u00e7\u00e3o prec\u00e1ria.<\/p>\n\n\n\n<div class=\"wp-block-image\"><figure class=\"aligncenter\"><img decoding=\"async\" src=\"https:\/\/www.filles-de-la-charite.org\/wp-content\/uploads\/OLD\/2016\/06\/4.jpg\" alt=\"\" class=\"wp-image-41359\"\/><\/figure><\/div>\n\n\n\n<p>Tinha sido lan\u00e7ado um apelo para ir brincar com crian\u00e7as de Kosovo que estavam muito perturbadas pelos massacres e que haviam vivido por v\u00e1rias semanas na neve da floresta. Aceitei porque, apesar de minha idade avan\u00e7ada, me sentia muito pr\u00f3ximo das crian\u00e7as e tinha mantido meu entusiasmo para brincar. Foi o jogo que serviu como uma linguagem e um rem\u00e9dio. Muito rapidamente, as gargalhadas se desataram quando as caixas foram derrubadas no jogo de \"chamboule-tout\" e muito rapidamente os pequenos cantaram \"savez-vous plantter les choux\" (can\u00e7\u00f5es folcl\u00f3ricas francesas).<\/p>\n\n\n\n<div class=\"wp-block-image\"><figure class=\"alignright\"><img decoding=\"async\" src=\"https:\/\/www.filles-de-la-charite.org\/wp-content\/uploads\/OLD\/2016\/06\/5-1.jpg\" alt=\"\" class=\"wp-image-41360\"\/><\/figure><\/div>\n\n\n\n<p>Em Ruanda, a Empresa me enviou a meu pedido. Seis anos neste pa\u00eds pequeno, muito pobre, mas bonito. Foi dito que \"Deus veio para descansar ali \u00e0 noite\". L\u00e1, eu era principalmente um motorista para conduzir os doentes \u00e0 noite e \u00e0s vezes at\u00e9 para trazer os mortos de volta para que essas pobres pessoas pudessem enterr\u00e1-los ao redor de suas casas, sendo o custo de permanecer no hospital muito caro para eles. Eles costumavam me chamar de \"umuk\u00e9curu\" (que significa \"a av\u00f3\", um t\u00edtulo de reconhecimento). Tive a alegria de ver florescer voca\u00e7\u00f5es entre as jovens mulheres ruandesas que hoje s\u00e3o irm\u00e3s corajosas, muito pr\u00f3ximas dos pobres e felizes, apesar dos terr\u00edveis massacres ocorridos alguns anos depois.<\/p>\n\n\n\n<div class=\"wp-block-image\"><figure class=\"aligncenter\"><img decoding=\"async\" src=\"https:\/\/www.filles-de-la-charite.org\/wp-content\/uploads\/OLD\/2016\/06\/6.jpeg\" alt=\"\" class=\"wp-image-41361\"\/><\/figure><\/div>\n\n\n\n<p>O \u00faltimo lugar que fui foi para a Associa\u00e7\u00e3o Cat\u00f3lica \"Depaul\" a servi\u00e7o do povo de rua. Eu era um simples volunt\u00e1rio entre os outros, fazendo tarefas muito humildes como lavanderia, chuveiros, servindo caf\u00e9 para homens e mulheres que viviam na rua. Tivemos uma rela\u00e7\u00e3o muito simples com eles. Eles eram \"nossos mestres\", fazendo o que nos pediam, \u00e0s vezes recebendo palavras duras ou dolorosas, mas tamb\u00e9m \u00e0s vezes amig\u00e1veis, mesmo manchados de delicadeza.<\/p>\n\n\n\n<div class=\"wp-block-image\"><figure class=\"alignleft\"><img decoding=\"async\" src=\"https:\/\/www.filles-de-la-charite.org\/wp-content\/uploads\/OLD\/2016\/06\/7.jpg\" alt=\"\" class=\"wp-image-41362\"\/><\/figure><\/div>\n\n\n\n<p>Estou na \u00faltima etapa de minha vida. A hora da reuni\u00e3o est\u00e1 se aproximando, inimagin\u00e1vel. \u00c9 claro que tenho alguma apreens\u00e3o, mas sei que Ele estar\u00e1 l\u00e1... O que posso dizer? Muito simplesmente: OBRIGADA por tanta felicidade, mesmo que tenha havido momentos dif\u00edceis, mesmo muito dif\u00edceis, com passagens vazias onde eu negligenciei Deus. Mas Ele estava sempre l\u00e1, esperando \"o retorno do filho pr\u00f3digo\".<\/p>\n\n\n\n<p><em>Irm\u00e3 Marie-Ren\u00e9e Leli\u00e8vre Prov\u00edncia de B\u00e9lgica-Fran\u00e7a-Su\u00ed\u00e7a<\/em><\/p>\n","protected":false},"featured_media":1710,"template":"","meta":{"_acf_changed":false,"_links_to":"","_links_to_target":""},"class_list":["post-7427","vida-entregada","type-vida-entregada","status-publish","has-post-thumbnail","hentry"],"acf":[],"yoast_head":"<!-- This site is optimized with the Yoast SEO plugin v27.5 - https:\/\/yoast.com\/product\/yoast-seo-wordpress\/ -->\n<title>Toda Dada a Deus para o servi\u00e7o dos pobres - Filles de la Charit\u00e9<\/title>\n<meta name=\"robots\" content=\"index, follow, max-snippet:-1, max-image-preview:large, max-video-preview:-1\" \/>\n<link rel=\"canonical\" href=\"https:\/\/filles-de-la-charite.org\/pt-pt\/vida-entregada\/toda-dada-a-deus-para-o-servico-dos-pobres\/\" \/>\n<meta property=\"og:locale\" content=\"pt_PT\" \/>\n<meta property=\"og:type\" content=\"article\" \/>\n<meta property=\"og:title\" content=\"Toda Dada a Deus para o servi\u00e7o dos pobres - Filles de la Charit\u00e9\" \/>\n<meta property=\"og:description\" content=\"Ouvi o chamado muito cedo: o dia da minha primeira comunh\u00e3o. Eu tinha 7 anos de idade, e sentia que compartilharia minha vida somente com Cristo. Deus se manifestou atrav\u00e9s dos acontecimentos: minha vida em uma fam\u00edlia unida onde se viviam valores morais e religiosos, a guerra, a derrota, a ocupa\u00e7\u00e3o alem\u00e3 e a descoberta [&hellip;]\" \/>\n<meta property=\"og:url\" content=\"https:\/\/filles-de-la-charite.org\/pt-pt\/vida-entregada\/toda-dada-a-deus-para-o-servico-dos-pobres\/\" \/>\n<meta property=\"og:site_name\" content=\"Filles de la Charit\u00e9\" \/>\n<meta property=\"article:modified_time\" content=\"2023-05-23T08:47:52+00:00\" \/>\n<meta property=\"og:image\" content=\"https:\/\/filles-de-la-charite.org\/wp-content\/uploads\/2023\/04\/1-2-e1605894436156.jpg\" \/>\n\t<meta property=\"og:image:width\" content=\"699\" \/>\n\t<meta property=\"og:image:height\" content=\"486\" \/>\n\t<meta property=\"og:image:type\" content=\"image\/jpeg\" \/>\n<meta name=\"twitter:card\" content=\"summary_large_image\" \/>\n<meta name=\"twitter:label1\" content=\"Tempo estimado de leitura\" \/>\n\t<meta name=\"twitter:data1\" content=\"5 minutos\" \/>\n<script type=\"application\/ld+json\" class=\"yoast-schema-graph\">{\"@context\":\"https:\\\/\\\/schema.org\",\"@graph\":[{\"@type\":\"WebPage\",\"@id\":\"https:\\\/\\\/filles-de-la-charite.org\\\/pt-pt\\\/vida-entregada\\\/toda-dada-a-deus-para-o-servico-dos-pobres\\\/\",\"url\":\"https:\\\/\\\/filles-de-la-charite.org\\\/pt-pt\\\/vida-entregada\\\/toda-dada-a-deus-para-o-servico-dos-pobres\\\/\",\"name\":\"Toda Dada a Deus para o servi\u00e7o dos pobres - Filles de la Charit\u00e9\",\"isPartOf\":{\"@id\":\"https:\\\/\\\/filles-de-la-charite.org\\\/pt-pt\\\/#website\"},\"primaryImageOfPage\":{\"@id\":\"https:\\\/\\\/filles-de-la-charite.org\\\/pt-pt\\\/vida-entregada\\\/toda-dada-a-deus-para-o-servico-dos-pobres\\\/#primaryimage\"},\"image\":{\"@id\":\"https:\\\/\\\/filles-de-la-charite.org\\\/pt-pt\\\/vida-entregada\\\/toda-dada-a-deus-para-o-servico-dos-pobres\\\/#primaryimage\"},\"thumbnailUrl\":\"https:\\\/\\\/filles-de-la-charite.org\\\/wp-content\\\/uploads\\\/2023\\\/04\\\/1-2-e1605894436156.jpg\",\"datePublished\":\"2020-10-06T12:08:33+00:00\",\"dateModified\":\"2023-05-23T08:47:52+00:00\",\"breadcrumb\":{\"@id\":\"https:\\\/\\\/filles-de-la-charite.org\\\/pt-pt\\\/vida-entregada\\\/toda-dada-a-deus-para-o-servico-dos-pobres\\\/#breadcrumb\"},\"inLanguage\":\"pt-PT\",\"potentialAction\":[{\"@type\":\"ReadAction\",\"target\":[\"https:\\\/\\\/filles-de-la-charite.org\\\/pt-pt\\\/vida-entregada\\\/toda-dada-a-deus-para-o-servico-dos-pobres\\\/\"]}]},{\"@type\":\"ImageObject\",\"inLanguage\":\"pt-PT\",\"@id\":\"https:\\\/\\\/filles-de-la-charite.org\\\/pt-pt\\\/vida-entregada\\\/toda-dada-a-deus-para-o-servico-dos-pobres\\\/#primaryimage\",\"url\":\"https:\\\/\\\/filles-de-la-charite.org\\\/wp-content\\\/uploads\\\/2023\\\/04\\\/1-2-e1605894436156.jpg\",\"contentUrl\":\"https:\\\/\\\/filles-de-la-charite.org\\\/wp-content\\\/uploads\\\/2023\\\/04\\\/1-2-e1605894436156.jpg\",\"width\":699,\"height\":486},{\"@type\":\"BreadcrumbList\",\"@id\":\"https:\\\/\\\/filles-de-la-charite.org\\\/pt-pt\\\/vida-entregada\\\/toda-dada-a-deus-para-o-servico-dos-pobres\\\/#breadcrumb\",\"itemListElement\":[{\"@type\":\"ListItem\",\"position\":1,\"name\":\"Given lifes\",\"item\":\"https:\\\/\\\/filles-de-la-charite.org\\\/pt-pt\\\/vida-entregada\\\/\"},{\"@type\":\"ListItem\",\"position\":2,\"name\":\"Toda Dada a Deus para o servi\u00e7o dos pobres\"}]},{\"@type\":\"WebSite\",\"@id\":\"https:\\\/\\\/filles-de-la-charite.org\\\/pt-pt\\\/#website\",\"url\":\"https:\\\/\\\/filles-de-la-charite.org\\\/pt-pt\\\/\",\"name\":\"Hijas de la Caridad\",\"description\":\"L\u2019amour de J\u00e9sus nous presse \u00e0 prendre soin des personnes les plus d\u00e9munies\",\"publisher\":{\"@id\":\"https:\\\/\\\/filles-de-la-charite.org\\\/pt-pt\\\/#organization\"},\"potentialAction\":[{\"@type\":\"SearchAction\",\"target\":{\"@type\":\"EntryPoint\",\"urlTemplate\":\"https:\\\/\\\/filles-de-la-charite.org\\\/pt-pt\\\/?s={search_term_string}\"},\"query-input\":{\"@type\":\"PropertyValueSpecification\",\"valueRequired\":true,\"valueName\":\"search_term_string\"}}],\"inLanguage\":\"pt-PT\"},{\"@type\":\"Organization\",\"@id\":\"https:\\\/\\\/filles-de-la-charite.org\\\/pt-pt\\\/#organization\",\"name\":\"Hijas de la Caridad\",\"url\":\"https:\\\/\\\/filles-de-la-charite.org\\\/pt-pt\\\/\",\"logo\":{\"@type\":\"ImageObject\",\"inLanguage\":\"pt-PT\",\"@id\":\"https:\\\/\\\/filles-de-la-charite.org\\\/pt-pt\\\/#\\\/schema\\\/logo\\\/image\\\/\",\"url\":\"https:\\\/\\\/filles-de-la-charite.org\\\/wp-content\\\/uploads\\\/2023\\\/03\\\/isotipo-Hijas-de-la-Caridad.png\",\"contentUrl\":\"https:\\\/\\\/filles-de-la-charite.org\\\/wp-content\\\/uploads\\\/2023\\\/03\\\/isotipo-Hijas-de-la-Caridad.png\",\"width\":1417,\"height\":1417,\"caption\":\"Hijas de la Caridad\"},\"image\":{\"@id\":\"https:\\\/\\\/filles-de-la-charite.org\\\/pt-pt\\\/#\\\/schema\\\/logo\\\/image\\\/\"}}]}<\/script>\n<!-- \/ Yoast SEO plugin. -->","yoast_head_json":{"title":"Toda Dada a Deus para o servi\u00e7o dos pobres - Filles de la Charit\u00e9","robots":{"index":"index","follow":"follow","max-snippet":"max-snippet:-1","max-image-preview":"max-image-preview:large","max-video-preview":"max-video-preview:-1"},"canonical":"https:\/\/filles-de-la-charite.org\/pt-pt\/vida-entregada\/toda-dada-a-deus-para-o-servico-dos-pobres\/","og_locale":"pt_PT","og_type":"article","og_title":"Toda Dada a Deus para o servi\u00e7o dos pobres - Filles de la Charit\u00e9","og_description":"Ouvi o chamado muito cedo: o dia da minha primeira comunh\u00e3o. Eu tinha 7 anos de idade, e sentia que compartilharia minha vida somente com Cristo. Deus se manifestou atrav\u00e9s dos acontecimentos: minha vida em uma fam\u00edlia unida onde se viviam valores morais e religiosos, a guerra, a derrota, a ocupa\u00e7\u00e3o alem\u00e3 e a descoberta [&hellip;]","og_url":"https:\/\/filles-de-la-charite.org\/pt-pt\/vida-entregada\/toda-dada-a-deus-para-o-servico-dos-pobres\/","og_site_name":"Filles de la Charit\u00e9","article_modified_time":"2023-05-23T08:47:52+00:00","og_image":[{"width":699,"height":486,"url":"https:\/\/filles-de-la-charite.org\/wp-content\/uploads\/2023\/04\/1-2-e1605894436156.jpg","type":"image\/jpeg"}],"twitter_card":"summary_large_image","twitter_misc":{"Tempo estimado de leitura":"5 minutos"},"schema":{"@context":"https:\/\/schema.org","@graph":[{"@type":"WebPage","@id":"https:\/\/filles-de-la-charite.org\/pt-pt\/vida-entregada\/toda-dada-a-deus-para-o-servico-dos-pobres\/","url":"https:\/\/filles-de-la-charite.org\/pt-pt\/vida-entregada\/toda-dada-a-deus-para-o-servico-dos-pobres\/","name":"Toda Dada a Deus para o servi\u00e7o dos pobres - Filles de la Charit\u00e9","isPartOf":{"@id":"https:\/\/filles-de-la-charite.org\/pt-pt\/#website"},"primaryImageOfPage":{"@id":"https:\/\/filles-de-la-charite.org\/pt-pt\/vida-entregada\/toda-dada-a-deus-para-o-servico-dos-pobres\/#primaryimage"},"image":{"@id":"https:\/\/filles-de-la-charite.org\/pt-pt\/vida-entregada\/toda-dada-a-deus-para-o-servico-dos-pobres\/#primaryimage"},"thumbnailUrl":"https:\/\/filles-de-la-charite.org\/wp-content\/uploads\/2023\/04\/1-2-e1605894436156.jpg","datePublished":"2020-10-06T12:08:33+00:00","dateModified":"2023-05-23T08:47:52+00:00","breadcrumb":{"@id":"https:\/\/filles-de-la-charite.org\/pt-pt\/vida-entregada\/toda-dada-a-deus-para-o-servico-dos-pobres\/#breadcrumb"},"inLanguage":"pt-PT","potentialAction":[{"@type":"ReadAction","target":["https:\/\/filles-de-la-charite.org\/pt-pt\/vida-entregada\/toda-dada-a-deus-para-o-servico-dos-pobres\/"]}]},{"@type":"ImageObject","inLanguage":"pt-PT","@id":"https:\/\/filles-de-la-charite.org\/pt-pt\/vida-entregada\/toda-dada-a-deus-para-o-servico-dos-pobres\/#primaryimage","url":"https:\/\/filles-de-la-charite.org\/wp-content\/uploads\/2023\/04\/1-2-e1605894436156.jpg","contentUrl":"https:\/\/filles-de-la-charite.org\/wp-content\/uploads\/2023\/04\/1-2-e1605894436156.jpg","width":699,"height":486},{"@type":"BreadcrumbList","@id":"https:\/\/filles-de-la-charite.org\/pt-pt\/vida-entregada\/toda-dada-a-deus-para-o-servico-dos-pobres\/#breadcrumb","itemListElement":[{"@type":"ListItem","position":1,"name":"Given lifes","item":"https:\/\/filles-de-la-charite.org\/pt-pt\/vida-entregada\/"},{"@type":"ListItem","position":2,"name":"Toda Dada a Deus para o servi\u00e7o dos pobres"}]},{"@type":"WebSite","@id":"https:\/\/filles-de-la-charite.org\/pt-pt\/#website","url":"https:\/\/filles-de-la-charite.org\/pt-pt\/","name":"Hijas de la Caridad","description":"L\u2019amour de J\u00e9sus nous presse \u00e0 prendre soin des personnes les plus d\u00e9munies","publisher":{"@id":"https:\/\/filles-de-la-charite.org\/pt-pt\/#organization"},"potentialAction":[{"@type":"SearchAction","target":{"@type":"EntryPoint","urlTemplate":"https:\/\/filles-de-la-charite.org\/pt-pt\/?s={search_term_string}"},"query-input":{"@type":"PropertyValueSpecification","valueRequired":true,"valueName":"search_term_string"}}],"inLanguage":"pt-PT"},{"@type":"Organization","@id":"https:\/\/filles-de-la-charite.org\/pt-pt\/#organization","name":"Hijas de la Caridad","url":"https:\/\/filles-de-la-charite.org\/pt-pt\/","logo":{"@type":"ImageObject","inLanguage":"pt-PT","@id":"https:\/\/filles-de-la-charite.org\/pt-pt\/#\/schema\/logo\/image\/","url":"https:\/\/filles-de-la-charite.org\/wp-content\/uploads\/2023\/03\/isotipo-Hijas-de-la-Caridad.png","contentUrl":"https:\/\/filles-de-la-charite.org\/wp-content\/uploads\/2023\/03\/isotipo-Hijas-de-la-Caridad.png","width":1417,"height":1417,"caption":"Hijas de la Caridad"},"image":{"@id":"https:\/\/filles-de-la-charite.org\/pt-pt\/#\/schema\/logo\/image\/"}}]}},"_links":{"self":[{"href":"https:\/\/filles-de-la-charite.org\/pt-pt\/wp-json\/wp\/v2\/vida-entregada\/7427","targetHints":{"allow":["GET"]}}],"collection":[{"href":"https:\/\/filles-de-la-charite.org\/pt-pt\/wp-json\/wp\/v2\/vida-entregada"}],"about":[{"href":"https:\/\/filles-de-la-charite.org\/pt-pt\/wp-json\/wp\/v2\/types\/vida-entregada"}],"wp:featuredmedia":[{"embeddable":true,"href":"https:\/\/filles-de-la-charite.org\/pt-pt\/wp-json\/wp\/v2\/media\/1710"}],"wp:attachment":[{"href":"https:\/\/filles-de-la-charite.org\/pt-pt\/wp-json\/wp\/v2\/media?parent=7427"}],"curies":[{"name":"wp","href":"https:\/\/api.w.org\/{rel}","templated":true}]}}